{"id":3285,"date":"2020-12-17T11:58:42","date_gmt":"2020-12-17T15:58:42","guid":{"rendered":"http:\/\/gavvi.monstruoestudio.com\/?page_id=3285"},"modified":"2021-02-21T00:25:14","modified_gmt":"2021-02-21T04:25:14","slug":"protocolo-sepmud","status":"publish","type":"page","link":"https:\/\/alvi.centrojuanaazurduy.org\/index.php\/protocolo-sepmud\/","title":{"rendered":"Protocolo SEPMUD"},"content":{"rendered":"\t\t<div data-elementor-type=\"wp-page\" data-elementor-id=\"3285\" class=\"elementor elementor-3285\" data-elementor-settings=\"[]\">\n\t\t\t\t\t\t<div class=\"elementor-inner\">\n\t\t\t\t\t\t\t<div class=\"elementor-section-wrap\">\n\t\t\t\t\t\t\t<section class=\"elementor-section elementor-top-section elementor-element elementor-element-3ca0a49 elementor-section-full_width elementor-section-height-default elementor-section-height-default\" data-id=\"3ca0a49\" data-element_type=\"section\" data-settings=\"{&quot;shape_divider_top&quot;:&quot;mountains&quot;}\">\n\t\t\t\t\t<div class=\"elementor-shape elementor-shape-top\" data-negative=\"false\">\n\t\t\t<svg xmlns=\"http:\/\/www.w3.org\/2000\/svg\" viewBox=\"0 0 1000 100\" preserveAspectRatio=\"none\">\n\t<path class=\"elementor-shape-fill\" opacity=\"0.33\" d=\"M473,67.3c-203.9,88.3-263.1-34-320.3,0C66,119.1,0,59.7,0,59.7V0h1000v59.7 c0,0-62.1,26.1-94.9,29.3c-32.8,3.3-62.8-12.3-75.8-22.1C806,49.6,745.3,8.7,694.9,4.7S492.4,59,473,67.3z\"\/>\n\t<path class=\"elementor-shape-fill\" opacity=\"0.66\" d=\"M734,67.3c-45.5,0-77.2-23.2-129.1-39.1c-28.6-8.7-150.3-10.1-254,39.1 s-91.7-34.4-149.2,0C115.7,118.3,0,39.8,0,39.8V0h1000v36.5c0,0-28.2-18.5-92.1-18.5C810.2,18.1,775.7,67.3,734,67.3z\"\/>\n\t<path class=\"elementor-shape-fill\" d=\"M766.1,28.9c-200-57.5-266,65.5-395.1,19.5C242,1.8,242,5.4,184.8,20.6C128,35.8,132.3,44.9,89.9,52.5C28.6,63.7,0,0,0,0 h1000c0,0-9.9,40.9-83.6,48.1S829.6,47,766.1,28.9z\"\/>\n<\/svg>\t\t<\/div>\n\t\t\t\t\t<div class=\"elementor-container elementor-column-gap-no\">\n\t\t\t\t\t\t\t<div class=\"elementor-row\">\n\t\t\t\t\t<div class=\"elementor-column elementor-col-100 elementor-top-column elementor-element elementor-element-e58315b\" data-id=\"e58315b\" data-element_type=\"column\">\n\t\t\t<div class=\"elementor-column-wrap elementor-element-populated\">\n\t\t\t\t\t\t\t<div class=\"elementor-widget-wrap\">\n\t\t\t\t\t\t<div class=\"elementor-element elementor-element-a187096 elementor--h-position-right elementor--v-position-middle elementor-arrows-position-inside elementor-pagination-position-inside elementor-widget elementor-widget-slides\" data-id=\"a187096\" data-element_type=\"widget\" data-settings=\"{&quot;navigation&quot;:&quot;both&quot;,&quot;autoplay&quot;:&quot;yes&quot;,&quot;pause_on_hover&quot;:&quot;yes&quot;,&quot;pause_on_interaction&quot;:&quot;yes&quot;,&quot;autoplay_speed&quot;:5000,&quot;infinite&quot;:&quot;yes&quot;,&quot;transition&quot;:&quot;slide&quot;,&quot;transition_speed&quot;:500}\" data-widget_type=\"slides.default\">\n\t\t\t\t<div class=\"elementor-widget-container\">\n\t\t\t\t\t<div class=\"elementor-swiper\">\n\t\t\t<div class=\"elementor-slides-wrapper elementor-main-swiper swiper-container\" dir=\"ltr\" data-animation=\"fadeInUp\">\n\t\t\t\t<div class=\"swiper-wrapper elementor-slides\">\n\t\t\t\t\t<div class=\"elementor-repeater-item-b953197 swiper-slide\"><div class=\"swiper-slide-bg elementor-ken-burns elementor-ken-burns--in\"><\/div><div class=\"elementor-background-overlay\"><\/div><div class=\"swiper-slide-inner\" ><div class=\"swiper-slide-contents\"><div class=\"elementor-slide-description\">Protocolo Interinstitucional para la Atenci\u00f3n y Protecci\u00f3n a Ni\u00f1as, Ni\u00f1os, Adolescentes y Mujeres V\u00edctimas de Violencia.<\/div><\/div><\/div><\/div>\t\t\t\t<\/div>\n\t\t\t\t\t\t\t<\/div>\n\t\t<\/div>\n\t\t\t\t<\/div>\n\t\t\t\t<\/div>\n\t\t\t\t\t\t<\/div>\n\t\t\t\t\t<\/div>\n\t\t<\/div>\n\t\t\t\t\t\t\t\t<\/div>\n\t\t\t\t\t<\/div>\n\t\t<\/section>\n\t\t\t\t<section class=\"elementor-section elementor-top-section elementor-element elementor-element-4248305 elementor-section-full_width elementor-section-height-default elementor-section-height-default\" data-id=\"4248305\" data-element_type=\"section\">\n\t\t\t\t\t\t<div class=\"elementor-container elementor-column-gap-wider\">\n\t\t\t\t\t\t\t<div class=\"elementor-row\">\n\t\t\t\t\t<div class=\"elementor-column elementor-col-33 elementor-top-column elementor-element elementor-element-849fa3f\" data-id=\"849fa3f\" data-element_type=\"column\">\n\t\t\t<div class=\"elementor-column-wrap elementor-element-populated\">\n\t\t\t\t\t\t\t<div class=\"elementor-widget-wrap\">\n\t\t\t\t\t\t<div class=\"elementor-element elementor-element-0f7d1de elementor-widget elementor-widget-spacer\" data-id=\"0f7d1de\" data-element_type=\"widget\" data-widget_type=\"spacer.default\">\n\t\t\t\t<div class=\"elementor-widget-container\">\n\t\t\t\t\t<div class=\"elementor-spacer\">\n\t\t\t<div class=\"elementor-spacer-inner\"><\/div>\n\t\t<\/div>\n\t\t\t\t<\/div>\n\t\t\t\t<\/div>\n\t\t\t\t<div class=\"elementor-element elementor-element-d4e1c0e elementor-toc--content-ellipsis elementor-hidden-phone elementor-widget elementor-widget-table-of-contents\" data-id=\"d4e1c0e\" data-element_type=\"widget\" data-settings=\"{&quot;exclude_headings_by_selector&quot;:[],&quot;marker_view&quot;:&quot;bullets&quot;,&quot;icon&quot;:{&quot;value&quot;:&quot;&quot;,&quot;library&quot;:&quot;&quot;},&quot;headings_by_tags&quot;:[&quot;h1&quot;,&quot;h2&quot;,&quot;h3&quot;,&quot;h4&quot;,&quot;h5&quot;,&quot;h6&quot;],&quot;sticky_on&quot;:[&quot;desktop&quot;,&quot;tablet&quot;],&quot;sticky_offset&quot;:50,&quot;sticky_parent&quot;:&quot;yes&quot;,&quot;sticky&quot;:&quot;top&quot;,&quot;hierarchical_view&quot;:&quot;yes&quot;,&quot;min_height&quot;:{&quot;unit&quot;:&quot;px&quot;,&quot;size&quot;:&quot;&quot;,&quot;sizes&quot;:[]},&quot;min_height_tablet&quot;:{&quot;unit&quot;:&quot;px&quot;,&quot;size&quot;:&quot;&quot;,&quot;sizes&quot;:[]},&quot;min_height_mobile&quot;:{&quot;unit&quot;:&quot;px&quot;,&quot;size&quot;:&quot;&quot;,&quot;sizes&quot;:[]},&quot;sticky_effects_offset&quot;:0}\" data-widget_type=\"table-of-contents.default\">\n\t\t\t\t<div class=\"elementor-widget-container\">\n\t\t\t\t\t<div class=\"elementor-toc__header\">\n\t\t\t<h4 class=\"elementor-toc__header-title\">Contenido<\/h4>\t\t\t\t\t<\/div>\n\t\t<div class=\"elementor-toc__body\">\n\t\t\t<div class=\"elementor-toc__spinner-container\">\n\t\t\t\t<i class=\"elementor-toc__spinner eicon-loading eicon-animation-spin\" aria-hidden=\"true\"><\/i>\n\t\t\t<\/div>\n\t\t<\/div>\n\t\t\t\t<\/div>\n\t\t\t\t<\/div>\n\t\t\t\t\t\t<\/div>\n\t\t\t\t\t<\/div>\n\t\t<\/div>\n\t\t\t\t<div class=\"elementor-column elementor-col-66 elementor-top-column elementor-element elementor-element-d18cea7\" data-id=\"d18cea7\" data-element_type=\"column\">\n\t\t\t<div class=\"elementor-column-wrap elementor-element-populated\">\n\t\t\t\t\t\t\t<div class=\"elementor-widget-wrap\">\n\t\t\t\t\t\t<div class=\"elementor-element elementor-element-e7b1da6 elementor-widget elementor-widget-spacer\" data-id=\"e7b1da6\" data-element_type=\"widget\" data-widget_type=\"spacer.default\">\n\t\t\t\t<div class=\"elementor-widget-container\">\n\t\t\t\t\t<div class=\"elementor-spacer\">\n\t\t\t<div class=\"elementor-spacer-inner\"><\/div>\n\t\t<\/div>\n\t\t\t\t<\/div>\n\t\t\t\t<\/div>\n\t\t\t\t<div class=\"elementor-element elementor-element-27f48ff elementor-widget elementor-widget-posts\" data-id=\"27f48ff\" data-element_type=\"widget\" data-settings=\"{&quot;full_content_row_gap&quot;:{&quot;unit&quot;:&quot;px&quot;,&quot;size&quot;:35,&quot;sizes&quot;:[]}}\" data-widget_type=\"posts.full_content\">\n\t\t\t\t<div class=\"elementor-widget-container\">\n\t\t\t\t\t<div class=\"elementor-posts-container elementor-posts elementor-posts--skin-full_content elementor-grid\">\n\t\t\t\t<article class=\"elementor-post elementor-grid-item post-2919 post type-post status-publish format-standard hentry category-protocolo-sepmud\">\n\t\t\t\t<div class=\"elementor-post__text\">\n\t\t<div class=\"elementor-post__content\"><style>.elementor-2919 .elementor-element.elementor-element-0572eb9 .elementor-heading-title{color:#31B7BC;font-family:\"Viga\", Sans-serif;font-size:35px;font-weight:600;}.elementor-2919 .elementor-element.elementor-element-0572eb9 > .elementor-widget-container{margin:0% 5% 0% 0%;}.elementor-2919 .elementor-element.elementor-element-0fa7a8e .elementor-text-editor{text-align:justify;}.elementor-2919 .elementor-element.elementor-element-0fa7a8e{font-family:\"Ubuntu\", Sans-serif;font-weight:400;}.elementor-2919 .elementor-element.elementor-element-0fa7a8e > .elementor-widget-container{margin:0% 5% 0% 5%;}<\/style>\n<div data-elementor-type=\"wp-post\" data-elementor-id=\"2919\" class=\"elementor elementor-2919\" data-elementor-settings=\"[]\">\n<div class=\"elementor-inner\">\n<div class=\"elementor-section-wrap\">\n<section class=\"elementor-section elementor-top-section elementor-element elementor-element-4e631fb elementor-section-boxed elementor-section-height-default elementor-section-height-default\" data-id=\"4e631fb\" data-element_type=\"section\">\n<div class=\"elementor-container elementor-column-gap-default\">\n<div class=\"elementor-row\">\n<div class=\"elementor-column elementor-col-100 elementor-top-column elementor-element elementor-element-a22f2fc\" data-id=\"a22f2fc\" data-element_type=\"column\">\n<div class=\"elementor-column-wrap elementor-element-populated\">\n<div class=\"elementor-widget-wrap\">\n<div class=\"elementor-element elementor-element-0572eb9 elementor-widget elementor-widget-theme-post-title elementor-page-title elementor-widget-heading\" data-id=\"0572eb9\" data-element_type=\"widget\" data-widget_type=\"theme-post-title.default\">\n<div class=\"elementor-widget-container\">\n<h1 class=\"elementor-heading-title elementor-size-default\">PRESENTACI\u00d3N<\/h1>\n<\/div>\n<\/div>\n<\/div>\n<\/div>\n<\/div>\n<\/div>\n<\/div>\n<\/section>\n<section class=\"elementor-section elementor-top-section elementor-element elementor-element-3ab8fd0 elementor-section-boxed elementor-section-height-default elementor-section-height-default\" data-id=\"3ab8fd0\" data-element_type=\"section\">\n<div class=\"elementor-container elementor-column-gap-default\">\n<div class=\"elementor-row\">\n<div class=\"elementor-column elementor-col-100 elementor-top-column elementor-element elementor-element-c800cbe\" data-id=\"c800cbe\" data-element_type=\"column\">\n<div class=\"elementor-column-wrap elementor-element-populated\">\n<div class=\"elementor-widget-wrap\">\n<div class=\"elementor-element elementor-element-0fa7a8e elementor-widget elementor-widget-text-editor\" data-id=\"0fa7a8e\" data-element_type=\"widget\" data-widget_type=\"text-editor.default\">\n<div class=\"elementor-widget-container\">\n<div class=\"elementor-text-editor elementor-clearfix\">\n<div title=\"Page 5\">\n<div>\n<div>\n<div>\n<div title=\"Page 17\">\n<div>\n<div>\n<p>El Estado Plurinacional de Bolivia, a partir de la promulgacio\u0301n de la Constitucio\u0301n Poli\u0301tica del Estado, asume el compromiso firme de efectivizar el derecho de nin\u0303as, nin\u0303os, adolescentes y mujeres a una vida libre de violencia y el deber de adoptar&nbsp;<span style=\"font-size: 15px; color: var( --e-global-color-text );\">las medidas necesarias para prevenir, eliminar y sancionar la violencia de ge\u0301nero y generacional, asi\u0301 como toda accio\u0301n u omisio\u0301n que tenga por objeto degradar la condicio\u0301n humana, causar muerte, dolor y sufrimiento f\u00edsico, sexual o psicolo\u0301gico, tanto en el a\u0301mbito pu\u0301blico como privado.<\/span><\/p>\n<p>En consecuencia, el Ministerio de Justicia y Transparencia Institucional, en su calidad&nbsp;<span style=\"font-size: 15px; color: var( --e-global-color-text );\">de ente rector y miembro de la Comisi\u00f3n de Seguimiento a las Conclusiones de la&nbsp;<\/span><span style=\"font-size: 15px; color: var( --e-global-color-text );\">Cumbre de Justicia (Ley No. 898), en el marco de la implementaci\u00f3n de la Ley No.&nbsp;<\/span><span style=\"font-size: 15px; color: var( --e-global-color-text );\">1173 de Abreviaci\u00f3n Procesal Penal y Fortalecimiento de la Lucha Integral contra&nbsp;<\/span><span style=\"font-size: 15px; color: var( --e-global-color-text );\">la Violencia hacia ni\u00f1as, ni\u00f1os, adolescentes y mujeres, determin\u00f3 la importancia&nbsp;<\/span><span style=\"font-size: 15px; color: var( --e-global-color-text );\">de concluir con un protocolo de actuaci\u00f3n que incluya los nuevos mecanismos y&nbsp;<\/span><span style=\"font-size: 15px; color: var( --e-global-color-text );\">procedimientos que refuerzan el compromiso de garantizar el derecho de la ni\u00f1ez y&nbsp;<\/span><span style=\"font-size: 15px; color: var( --e-global-color-text );\">de las mujeres a vivir libres de violencia y la intolerancia a este fen\u00f3meno.<\/span><\/p>\n<p><span style=\"font-size: 15px; color: var( --e-global-color-text );\">En ese sentido, tengo a bien presentar el \u201cProtocolo Interinstitucional de Atenci\u00f3n&nbsp;<\/span><span style=\"font-size: 15px; color: var( --e-global-color-text );\">y Protecci\u00f3n a Ni\u00f1as, Ni\u00f1os, Adolescentes y Mujeres V\u00edctimas de Violencia\u201d que&nbsp;<\/span><span style=\"font-size: 15px; color: var( --e-global-color-text );\">estandariza de forma vinculante los procedimientos y actuaciones de todas las&nbsp;<\/span><span style=\"font-size: 15px; color: var( --e-global-color-text );\">instituciones que son parte de la ruta de atenci\u00f3n, protecci\u00f3n, sanci\u00f3n y reparaci\u00f3n&nbsp;<\/span><span style=\"font-size: 15px; color: var( --e-global-color-text );\">por hechos de violencia.<\/span><\/p>\n<p><span style=\"font-size: 15px; color: var( --e-global-color-text );\">Este documento fue construido con un enfoque multidisciplinario, con la&nbsp;<\/span><span style=\"font-size: 15px; color: var( --e-global-color-text );\">participaci\u00f3n y desde la experiencia de m\u00e1s de 25 instituciones p\u00fablicas del nivel&nbsp;<\/span><span style=\"font-size: 15px; color: var( --e-global-color-text );\">central, departamental y municipal, articuladas por el Servicio Plurinacional de la&nbsp;<\/span><span style=\"font-size: 15px; color: var( --e-global-color-text );\">Mujer y de la Despatriarcalizaci\u00f3n \u201cAna Mar\u00eda Romero\u201d y el Comit\u00e9 de G\u00e9nero del&nbsp;<\/span><span style=\"font-size: 15px; color: var( --e-global-color-text );\">\u00d3rgano Judicial, a partir de un evento nacional realizado en la ciudad de Sucre y&nbsp;<\/span><span style=\"font-size: 15px; color: var( --e-global-color-text );\">posteriores reuniones t\u00e9cnicas de revisi\u00f3n.<\/span><\/p>\n<p><span style=\"font-size: 15px; color: var( --e-global-color-text );\">El Protocolo busca garantizar el acceso de ni\u00f1as, ni\u00f1os, adolescentes y mujeres&nbsp;<\/span><span style=\"font-size: 15px; color: var( --e-global-color-text );\">a una justicia sin discriminaci\u00f3n en todo el territorio nacional y responde a las&nbsp;<\/span>disposiciones de la Convenci\u00f3n sobre los Derechos del Ni\u00f1o, la Convenci\u00f3n sobre&nbsp;<span style=\"font-size: 15px; color: var( --e-global-color-text );\">la Eliminaci\u00f3n de todas las Formas de Discriminaci\u00f3n contra la Mujer (CEDAW) y la&nbsp;<\/span><span style=\"font-size: 15px; color: var( --e-global-color-text );\">Convenci\u00f3n Interamericana para Prevenir, Sancionar y Erradicar la Violencia contra&nbsp;<\/span><span style=\"font-size: 15px; color: var( --e-global-color-text );\">la Mujer de Bel\u00e9m Do Par\u00e1 y otros importantes instrumentos de derechos humanos&nbsp;<\/span><span style=\"font-size: 15px; color: var( --e-global-color-text );\">y decisiones de los sistemas de justicia internacionales y regionales, referentes a:<\/span><\/p>\n<ul>\n<li>Establecer procedimientos legales justos y eficaces, sin discriminaci\u00f3n para&nbsp;<span style=\"font-size: 15px; color: var( --e-global-color-text );\">ni\u00f1as, ni\u00f1os, adolescentes y mujeres que hayan sido sometidas a violencia,&nbsp;<\/span><span style=\"font-size: 15px; color: var( --e-global-color-text );\">que incluyan, entre otros, medidas de protecci\u00f3n, un juicio oportuno y el&nbsp;<\/span><span style=\"font-size: 15px; color: var( --e-global-color-text );\">acceso efectivo a tales procedimientos.<\/span><\/li>\n<li><span style=\"font-size: 15px; color: var( --e-global-color-text );\">Ejercer la debida diligencia para prevenir, investigar, sancionar y reparar de&nbsp;<\/span><span style=\"font-size: 15px; color: var( --e-global-color-text );\">forma integral todos los delitos cometidos contra ni\u00f1as, ni\u00f1os, adolescentes&nbsp;<\/span><span style=\"font-size: 15px; color: var( --e-global-color-text );\">y mujeres.<\/span><\/li>\n<li><span style=\"font-size: 15px; color: var( --e-global-color-text );\">Aplicar los principios de prioridad absoluta e inter\u00e9s superior de la ni\u00f1a,&nbsp;<\/span><span style=\"font-size: 15px; color: var( --e-global-color-text );\">ni\u00f1o y adolescente en todo procedimiento y determinaci\u00f3n que se tome&nbsp;<\/span><span style=\"font-size: 15px; color: var( --e-global-color-text );\">durante el proceso penal y en los servicios de atenci\u00f3n.<\/span><\/li>\n<li><span style=\"font-size: 15px; color: var( --e-global-color-text );\">U<\/span><span style=\"font-size: 15px; color: var( --e-global-color-text );\">tilizar criterios con perspectiva de g\u00e9nero para evitar la estigmatizaci\u00f3n&nbsp;<\/span><span style=\"font-size: 15px; color: var( --e-global-color-text );\">durante todas las actuaciones judiciales, incluida la victimizaci\u00f3n secundaria&nbsp;<\/span><span style=\"font-size: 15px; color: var( --e-global-color-text );\">en casos de violencia, durante el interrogatorio, la reuni\u00f3n de pruebas y&nbsp;<\/span><span style=\"font-size: 15px; color: var( --e-global-color-text );\">otros procedimientos relacionados con la investigaci\u00f3n.<\/span><\/li>\n<li><span style=\"font-size: 15px; color: var( --e-global-color-text );\">Adoptar medidas para garantizar que las v\u00edctimas no se vean sometidas a&nbsp;<\/span><span style=\"font-size: 15px; color: var( --e-global-color-text );\">demoras indebidas en sus solicitudes de protecci\u00f3n.<\/span><\/li>\n<li><span style=\"font-size: 15px; color: var( --e-global-color-text );\">Prestar mecanismos de protecci\u00f3n accesibles, adecuados e inmediatos para&nbsp;<\/span><span style=\"font-size: 15px; color: var( --e-global-color-text );\">evitar una posible violencia o m\u00e1s actos de la misma, sin la condici\u00f3n previa&nbsp;<\/span><span style=\"font-size: 15px; color: var( --e-global-color-text );\">de que las v\u00edctimas y supervivientes inicien acciones legales.<\/span><\/li>\n<li><span style=\"font-size: 15px; color: var( --e-global-color-text );\">Erradicar los sesgos de g\u00e9nero en la aplicaci\u00f3n de la justicia para evitar que&nbsp;<\/span><span style=\"font-size: 15px; color: var( --e-global-color-text );\">ellos pueden pesar&nbsp;<\/span>al momento de adoptar decisiones discriminatorias hacia las mujeres.<\/li>\n<\/ul>\n<div>\n<div>Asimismo, incorpora las medidas introducidas por la Ley No. 1173 de Abreviaci\u00f3n&nbsp;<span style=\"font-size: 15px; color: var( --e-global-color-text );\">Procesal Penal y de Fortalecimiento de la Lucha Integral contra la Violencia a ni\u00f1as,&nbsp;<\/span><span style=\"font-size: 15px; color: var( --e-global-color-text );\">ni\u00f1os, adolescentes y mujeres, respecto a:<\/span><\/div>\n<ul>\n<li><span style=\"font-size: 15px; color: var( --e-global-color-text );\">La desformalizaci\u00f3n de la presentaci\u00f3n de la denuncia, lo cual implica que en&nbsp;<\/span><span style=\"font-size: 15px; color: var( --e-global-color-text );\">delitos de violencia contra ni\u00f1as, ni\u00f1os, adolescentes y mujeres la denuncia&nbsp;<\/span><span style=\"font-size: 15px; color: var( --e-global-color-text );\">deber\u00e1 ser recibida sin mayores exigencias formales.<\/span><\/li>\n<li><span style=\"font-size: 15px; color: var( --e-global-color-text );\">El acceso a la justicia de ni\u00f1as, ni\u00f1os o adolescentes, v\u00edctimas de violencia&nbsp;<\/span><span style=\"font-size: 15px; color: var( --e-global-color-text );\">sexual, estableciendo que, en estos casos, el inicio del t\u00e9rmino de la&nbsp;<\/span><span style=\"font-size: 15px; color: var( --e-global-color-text );\">prescripci\u00f3n reci\u00e9n correr\u00e1 a partir de cuatro (4) a\u00f1os despu\u00e9s de que la&nbsp;<\/span><span style=\"font-size: 15px; color: var( --e-global-color-text );\">v\u00edctima haya alcanzado la mayor\u00eda de edad.<\/span><\/li>\n<li>La naturaleza de las medidas de protecci\u00f3n a favor de ni\u00f1as, ni\u00f1os, adolescentes y mujeres, determin\u00e1ndose que no solo jueces y fiscales pueden imponerlas, sino tambi\u00e9n en caso de urgencia, ante una situaci\u00f3n de riesgo o cuando las circunstancias del caso exijan una inmediata protecci\u00f3n, las mismas podr\u00e1n ser impuestas por cualquier servidora o servidor p\u00fablico vinculado a la atenci\u00f3n de la ni\u00f1ez o de las mujeres.<\/li>\n<li>El incumplimiento de las medidas de protecci\u00f3n tendr\u00e1 como consecuencia la determinaci\u00f3n de medidas espec\u00edficas, incluso la detenci\u00f3n preventiva.<\/li>\n<li>Se refuerza la prohibici\u00f3n de revictimizaci\u00f3n estableci\u00e9ndose que los testimonios o declaraciones de la v\u00edctima sean por una sola vez y con car\u00e1cter privado, con auxilio de familiares y peritos especializados.<\/li>\n<li>Se determina que cualquier profesional de salud perteneciente a instituci\u00f3n p\u00fablica o de seguridad social a corto plazo que efect\u00fae el primer reconocimiento de una v\u00edctima de violencia emitir\u00e1 un certificado m\u00e9dico, sin necesidad de ser homologado por otra instancia. Asimismo, estos centros de salud ante un hecho de violencia sexual contra una ni\u00f1a, ni\u00f1o, adolescente o mujer, en cumplimiento a reglas de cadena de custodia, podr\u00e1n colectar evidencias sin necesidad de requerimiento fiscal a los fines de la investigaci\u00f3n.<\/li>\n<li>Se incorpora la audiencia de resoluci\u00f3n integral en instancia penal, a fin de evitar procesos revictimizantes, dando la posibilidad a quien es v\u00edctima de violencia de resolver en la misma v\u00eda penal, el divorcio, la asistencia familiar, la guarda o la custodia.&nbsp;<\/li>\n<li>Se refuerza la participaci\u00f3n de la sociedad civil, que podr\u00e1 participar del proceso en apoyo a la v\u00edctima cuando esta as\u00ed lo decida como una instancia coadyuvante.<\/li>\n<\/ul>\n<div>\n<div>De esta manera, el Protocolo se constituye en una valiosa herramienta, cuyo&nbsp;<span style=\"font-size: 15px; color: var( --e-global-color-text );\">principal objetivo es que todas las instituciones brinden una atenci\u00f3n adecuada,&nbsp;<\/span><span style=\"font-size: 15px; color: var( --e-global-color-text );\">inmediata, oportuna, con calidad, calidez y sobre todo no revictimizante en favor de&nbsp;<\/span><span style=\"font-size: 15px; color: var( --e-global-color-text );\">la ni\u00f1ez y las mujeres en Bolivia<\/span><\/div>\n<div><span style=\"font-size: 15px; color: var( --e-global-color-text );\">&nbsp;<\/span><\/div>\n<div><span style=\"font-size: 15px; color: var( --e-global-color-text );\">&nbsp;<\/span><\/div>\n<div>\n<div style=\"text-align: center;\">\u00c1lvaro Coimbra Cornejo<\/div>\n<div style=\"text-align: center;\"><strong>Ministro de Justicia y Transparencia Institucional<\/strong><\/div>\n<\/div>\n<\/div>\n<\/div>\n<\/div>\n<\/div>\n<\/div>\n<\/div>\n<\/div>\n<\/div>\n<\/div>\n<\/div><\/div>\n<\/div>\n<\/div>\n<\/div>\n<\/div>\n<\/div>\n<\/div>\n<\/section><\/div>\n<\/div>\n<\/div>\n<\/div>\t\t<\/div>\n\t\t\t\t<\/article>\n\t\t\t\t<article class=\"elementor-post elementor-grid-item post-2924 post type-post status-publish format-standard hentry category-protocolo-sepmud\">\n\t\t\t\t<div class=\"elementor-post__text\">\n\t\t<div class=\"elementor-post__content\"><style>.elementor-2924 .elementor-element.elementor-element-098b35d .elementor-heading-title{color:#31B7BC;font-family:\"Viga\", Sans-serif;font-size:35px;font-weight:600;}.elementor-2924 .elementor-element.elementor-element-098b35d > .elementor-widget-container{margin:0% 5% 0% 0%;}.elementor-2924 .elementor-element.elementor-element-68657f5 .elementor-text-editor{text-align:justify;}.elementor-2924 .elementor-element.elementor-element-68657f5{font-family:\"Ubuntu\", Sans-serif;font-weight:400;}.elementor-2924 .elementor-element.elementor-element-68657f5 > .elementor-widget-container{margin:0% 5% 0% 5%;}<\/style>\n<div data-elementor-type=\"wp-post\" data-elementor-id=\"2924\" class=\"elementor elementor-2924\" data-elementor-settings=\"[]\">\n<div class=\"elementor-inner\">\n<div class=\"elementor-section-wrap\">\n<section class=\"elementor-section elementor-top-section elementor-element elementor-element-c909a0a elementor-section-boxed elementor-section-height-default elementor-section-height-default\" data-id=\"c909a0a\" data-element_type=\"section\">\n<div class=\"elementor-container elementor-column-gap-default\">\n<div class=\"elementor-row\">\n<div class=\"elementor-column elementor-col-100 elementor-top-column elementor-element elementor-element-fe108ae\" data-id=\"fe108ae\" data-element_type=\"column\">\n<div class=\"elementor-column-wrap elementor-element-populated\">\n<div class=\"elementor-widget-wrap\">\n<div class=\"elementor-element elementor-element-098b35d elementor-widget elementor-widget-theme-post-title elementor-page-title elementor-widget-heading\" data-id=\"098b35d\" data-element_type=\"widget\" data-widget_type=\"theme-post-title.default\">\n<div class=\"elementor-widget-container\">\n<h1 class=\"elementor-heading-title elementor-size-default\">EL PRESENTE DOCUMENTO FUE ELABORADO CON LA PARTICIPACI\u00d3N DE LAS SIGUIENTES INSTITUCIONES:<\/h1>\n<\/div>\n<\/div>\n<\/div>\n<\/div>\n<\/div>\n<\/div>\n<\/div>\n<\/section>\n<section class=\"elementor-section elementor-top-section elementor-element elementor-element-8f95dd4 elementor-section-boxed elementor-section-height-default elementor-section-height-default\" data-id=\"8f95dd4\" data-element_type=\"section\">\n<div class=\"elementor-container elementor-column-gap-default\">\n<div class=\"elementor-row\">\n<div class=\"elementor-column elementor-col-100 elementor-top-column elementor-element elementor-element-5a2c501\" data-id=\"5a2c501\" data-element_type=\"column\">\n<div class=\"elementor-column-wrap elementor-element-populated\">\n<div class=\"elementor-widget-wrap\">\n<div class=\"elementor-element elementor-element-68657f5 elementor-widget elementor-widget-text-editor\" data-id=\"68657f5\" data-element_type=\"widget\" data-widget_type=\"text-editor.default\">\n<div class=\"elementor-widget-container\">\n<div class=\"elementor-text-editor elementor-clearfix\">\n<div class=\"page\" title=\"Page 20\">\n<div class=\"layoutArea\">\n<div class=\"column\">\n<ul>\n<li><span style=\"color: var( --e-global-color-text ); font-size: 15px;\">Consejo de la Magistratura.<\/span><\/li>\n<li><span style=\"color: var( --e-global-color-text ); font-size: 15px;\">Comite\u0301 de Ge\u0301nero del O\u0301rgano Judicial.<\/span><\/li>\n<li><span style=\"color: var( --e-global-color-text ); font-size: 15px;\">Defensori\u0301as de la Nin\u0303ez y de la Adolescencia (DNA) de los Gobiernos&nbsp;Auto\u0301nomos&nbsp;Municipales de El Alto, Cochabamba, Sucre, Tarija y La Paz.<\/span><\/li>\n<li><span style=\"color: var( --e-global-color-text ); font-size: 15px;\">Direcci\u00f3n General de la Ni\u00f1ez y Personas Adultas Mayores del Ministerio de Justicia y Transparencia Institucional.<\/span><\/li>\n<li><span style=\"font-size: 15px; color: var( --e-global-color-text );\">Direcci\u00f3n General de Prevenci\u00f3n y Eliminaci\u00f3n de toda forma de Violencia en raz\u00f3n de G\u00e9nero y Generacional del Ministerio de Justicia y Transparencia Institucional.<\/span><\/li>\n<li>Fuerza Especial de Lucha contra la Violencia (FELCV).<\/li>\n<li>Instituto de Investigaciones Forenses (IDIF).<\/li>\n<li>Instituto de Investigaciones T\u00e9cnico Cient\u00edficas (ITTCUP).<\/li>\n<li>Ministerio de Educaci\u00f3n.<\/li>\n<li>Ministerio de Justicia y Transparencia Institucional.<\/li>\n<li>Ministerio de Salud.<\/li>\n<li>Ministerio P\u00fablico.<\/li>\n<li>Viceministerio de Igualdad de Oportunidades.<\/li>\n<li>Servicio Plurinacional de Asistencia a V\u00edctimas (SEPDAVI).<\/li>\n<li>Servicio Plurinacional de la Mujer y de la Despatriarcalizaci\u00f3n \u201cAna Mar\u00eda Romero\u201d (SEPMUD).<\/li>\n<li>Servicios de Gesti\u00f3n Social (SEDEGES) de los Gobiernos Aut\u00f3nomos Departamentales de Cochabamba, Chuquisaca y Tarija.<\/li>\n<li>Servicios de Salud (SEDES) de los Gobiernos Aut\u00f3nomos Departamentales de Cochabamba, Chuquisaca y Tarija.<\/li>\n<li>Servicios Integrados de Justicia Plurinacional (SIJPLU)<\/li>\n<li>Servicios Municipales Legales Integrales (SLIMS) de los Gobiernos Aut\u00f3nomos Municipales de El Alto, Cochabamba, Sucre y Tarija.<\/li>\n<li>Tribunal Agroambiental.<\/li>\n<li>Tribunal Constitucional Plurinacional.<\/li>\n<li>Tribunal Supremo de Justicia.<\/li>\n<\/ul>\n<\/div>\n<\/div>\n<\/div>\n<\/div><\/div>\n<\/div>\n<\/div>\n<\/div>\n<\/div>\n<\/div>\n<\/div>\n<\/section><\/div>\n<\/div>\n<\/div>\n<\/div>\t\t<\/div>\n\t\t\t\t<\/article>\n\t\t\t\t<article class=\"elementor-post elementor-grid-item post-3204 post type-post status-publish format-standard hentry category-protocolo-sepmud\">\n\t\t\t\t<div class=\"elementor-post__text\">\n\t\t<div class=\"elementor-post__content\"><style>.elementor-3204 .elementor-element.elementor-element-f77f1d4 .elementor-heading-title{color:#31B7BC;font-family:\"Viga\", Sans-serif;font-size:35px;font-weight:600;}.elementor-3204 .elementor-element.elementor-element-f77f1d4 > .elementor-widget-container{margin:0% 5% 0% 0%;}.elementor-3204 .elementor-element.elementor-element-fa667e2 .elementor-text-editor{text-align:justify;}.elementor-3204 .elementor-element.elementor-element-fa667e2{font-family:\"Ubuntu\", Sans-serif;font-weight:400;}.elementor-3204 .elementor-element.elementor-element-fa667e2 > .elementor-widget-container{margin:0% 5% 0% 5%;}<\/style>\n<div data-elementor-type=\"wp-post\" data-elementor-id=\"3204\" class=\"elementor elementor-3204\" data-elementor-settings=\"[]\">\n<div class=\"elementor-inner\">\n<div class=\"elementor-section-wrap\">\n<section class=\"elementor-section elementor-top-section elementor-element elementor-element-e3abac4 elementor-section-boxed elementor-section-height-default elementor-section-height-default\" data-id=\"e3abac4\" data-element_type=\"section\">\n<div class=\"elementor-container elementor-column-gap-default\">\n<div class=\"elementor-row\">\n<div class=\"elementor-column elementor-col-100 elementor-top-column elementor-element elementor-element-b2082ba\" data-id=\"b2082ba\" data-element_type=\"column\">\n<div class=\"elementor-column-wrap elementor-element-populated\">\n<div class=\"elementor-widget-wrap\">\n<div class=\"elementor-element elementor-element-f77f1d4 elementor-widget elementor-widget-theme-post-title elementor-page-title elementor-widget-heading\" data-id=\"f77f1d4\" data-element_type=\"widget\" data-widget_type=\"theme-post-title.default\">\n<div class=\"elementor-widget-container\">\n<h1 class=\"elementor-heading-title elementor-size-default\">AGRADECIMIENTO<\/h1>\n<\/div>\n<\/div>\n<\/div>\n<\/div>\n<\/div>\n<\/div>\n<\/div>\n<\/section>\n<section class=\"elementor-section elementor-top-section elementor-element elementor-element-385f24e elementor-section-boxed elementor-section-height-default elementor-section-height-default\" data-id=\"385f24e\" data-element_type=\"section\">\n<div class=\"elementor-container elementor-column-gap-default\">\n<div class=\"elementor-row\">\n<div class=\"elementor-column elementor-col-100 elementor-top-column elementor-element elementor-element-d3c7707\" data-id=\"d3c7707\" data-element_type=\"column\">\n<div class=\"elementor-column-wrap elementor-element-populated\">\n<div class=\"elementor-widget-wrap\">\n<div class=\"elementor-element elementor-element-fa667e2 elementor-widget elementor-widget-text-editor\" data-id=\"fa667e2\" data-element_type=\"widget\" data-widget_type=\"text-editor.default\">\n<div class=\"elementor-widget-container\">\n<div class=\"elementor-text-editor elementor-clearfix\">\n<div class=\"page\" title=\"Page 20\">\n<div class=\"layoutArea\">\n<div class=\"column\">\n<p><span style=\"font-size: 15px; color: var( --e-global-color-text );\">El Ministerio de Justicia y Transparencia Institucional agradece a todas las instancias&nbsp;<\/span><span style=\"font-size: 15px; color: var( --e-global-color-text );\">que participaron en la elaboraci\u00f3n e impresi\u00f3n del presente documento.<\/span><\/p>\n<p><span style=\"font-size: 15px; color: var( --e-global-color-text );\">El \u201cProtocolo Interinstitucional para la Atenci\u00f3n y Protecci\u00f3n de Ni\u00f1as, Ni\u00f1os,&nbsp;<\/span><span style=\"font-size: 15px; color: var( --e-global-color-text );\">Adolescentes y Mujeres, V\u00edctimas de Violencia\u201d fue elaborado sobre la base del&nbsp;<\/span><span style=\"font-size: 15px; color: var( --e-global-color-text );\">\u201cProtocolo y Ruta Cr\u00edtica Interinstitucionales para la Atenci\u00f3n y Protecci\u00f3n a&nbsp;<\/span><span style=\"font-size: 15px; color: var( --e-global-color-text );\">V\u00edctimas, en el marco de la Ley No. 348: Ley Integral para Garantizar a las Mujeres&nbsp;<\/span><span style=\"font-size: 15px; color: var( --e-global-color-text );\">una Vida Libre de Violencia\u201d, aprobado en la gesti\u00f3n 2014 por el Ministerio de&nbsp;<\/span><span style=\"font-size: 15px; color: var( --e-global-color-text );\">Justicia y Transparencia Institucional como Ente Rector y por la Fiscal\u00eda General del&nbsp;<\/span><span style=\"font-size: 15px; color: var( --e-global-color-text );\">Estado y recoge las incorporaciones de la Ley No. 1173 de 03 de mayo de 2019, Ley&nbsp;<\/span><span style=\"font-size: 15px; color: var( --e-global-color-text );\">de Abreviaci\u00f3n Procesal y Fortalecimiento de la Lucha Integral contra la Violencia&nbsp;<\/span><span style=\"font-size: 15px; color: var( --e-global-color-text );\">a Ni\u00f1as, Ni\u00f1os, Adolescentes y Mujeres y la Ley modificatoria No. 1226 de 23 de&nbsp;<\/span><span style=\"font-size: 15px; color: var( --e-global-color-text );\">septiembre de 2019.<\/span><\/p>\n<p><span style=\"font-size: 15px; color: var( --e-global-color-text );\">Este documento fue construido y consensuado en la gesti\u00f3n 2019 por todas las&nbsp;<\/span><span style=\"font-size: 15px; color: var( --e-global-color-text );\">instancias que componen la ruta de atenci\u00f3n, protecci\u00f3n, sanci\u00f3n y reparaci\u00f3n&nbsp;<\/span><span style=\"font-size: 15px; color: var( --e-global-color-text );\">a v\u00edctimas de violencia, articuladas por el Ministerio de Justicia y Transparencia&nbsp;<\/span><span style=\"font-size: 15px; color: var( --e-global-color-text );\">Institucional a trav\u00e9s del Servicio Plurinacional de la Mujer y de la Despatriarcalizaci\u00f3n&nbsp;<\/span><span style=\"font-size: 15px; color: var( --e-global-color-text );\">\u201cAna Maria Romero\u201d.<\/span><\/p>\n<p><span style=\"font-size: 15px; color: var( --e-global-color-text );\">El proceso de elaboraci\u00f3n del protocolo cont\u00f3 con el apoyo de la Cooperaci\u00f3n para&nbsp;<\/span><span style=\"font-size: 15px; color: var( --e-global-color-text );\">el desarrollo de la Embajada de Suiza en Bolivia, ONU Mujeres y la asistencia t\u00e9cnica&nbsp;<\/span><span style=\"font-size: 15px; color: var( --e-global-color-text );\">de la Comunidad de Derechos Humanos.<\/span><\/p>\n<\/div>\n<\/div>\n<\/div>\n<\/div><\/div>\n<\/div>\n<\/div>\n<\/div>\n<\/div>\n<\/div>\n<\/div>\n<\/section><\/div>\n<\/div>\n<\/div>\n<\/div>\t\t<\/div>\n\t\t\t\t<\/article>\n\t\t\t\t<article class=\"elementor-post elementor-grid-item post-3214 post type-post status-publish format-standard hentry category-protocolo-sepmud\">\n\t\t\t\t<div class=\"elementor-post__text\">\n\t\t<div class=\"elementor-post__content\"><style>.elementor-3214 .elementor-element.elementor-element-382839b .elementor-heading-title{color:#31B7BC;font-family:\"Viga\", Sans-serif;font-size:35px;font-weight:600;}.elementor-3214 .elementor-element.elementor-element-382839b > .elementor-widget-container{margin:0% 5% 0% 0%;}.elementor-3214 .elementor-element.elementor-element-957f997 .elementor-text-editor{text-align:justify;}.elementor-3214 .elementor-element.elementor-element-957f997{font-family:\"Ubuntu\", Sans-serif;font-weight:400;}.elementor-3214 .elementor-element.elementor-element-957f997 > .elementor-widget-container{margin:0% 5% 0% 5%;}<\/style>\n<div data-elementor-type=\"wp-post\" data-elementor-id=\"3214\" class=\"elementor elementor-3214\" data-elementor-settings=\"[]\">\n<div class=\"elementor-inner\">\n<div class=\"elementor-section-wrap\">\n<section class=\"elementor-section elementor-top-section elementor-element elementor-element-4c40555 elementor-section-boxed elementor-section-height-default elementor-section-height-default\" data-id=\"4c40555\" data-element_type=\"section\">\n<div class=\"elementor-container elementor-column-gap-default\">\n<div class=\"elementor-row\">\n<div class=\"elementor-column elementor-col-100 elementor-top-column elementor-element elementor-element-ab82799\" data-id=\"ab82799\" data-element_type=\"column\">\n<div class=\"elementor-column-wrap elementor-element-populated\">\n<div class=\"elementor-widget-wrap\">\n<div class=\"elementor-element elementor-element-382839b elementor-widget elementor-widget-theme-post-title elementor-page-title elementor-widget-heading\" data-id=\"382839b\" data-element_type=\"widget\" data-widget_type=\"theme-post-title.default\">\n<div class=\"elementor-widget-container\">\n<h1 class=\"elementor-heading-title elementor-size-default\">ANEXOS<\/h1>\n<\/div>\n<\/div>\n<\/div>\n<\/div>\n<\/div>\n<\/div>\n<\/div>\n<\/section>\n<section class=\"elementor-section elementor-top-section elementor-element elementor-element-19614d0 elementor-section-boxed elementor-section-height-default elementor-section-height-default\" data-id=\"19614d0\" data-element_type=\"section\">\n<div class=\"elementor-container elementor-column-gap-default\">\n<div class=\"elementor-row\">\n<div class=\"elementor-column elementor-col-100 elementor-top-column elementor-element elementor-element-3654411\" data-id=\"3654411\" data-element_type=\"column\">\n<div class=\"elementor-column-wrap elementor-element-populated\">\n<div class=\"elementor-widget-wrap\">\n<div class=\"elementor-element elementor-element-957f997 elementor-widget elementor-widget-text-editor\" data-id=\"957f997\" data-element_type=\"widget\" data-widget_type=\"text-editor.default\">\n<div class=\"elementor-widget-container\">\n<div class=\"elementor-text-editor elementor-clearfix\">\n<div class=\"page\" title=\"Page 20\">\n<div class=\"layoutArea\">\n<div class=\"column\">\n<p style=\"padding-left: 80px;\"><strong>Anexo 1:<\/strong> Formulario \u00danico de Denuncia.<br \/><strong>Anexo 2:<\/strong> Formulario de Valoraci\u00f3n de Riesgo en Relaciones de Pareja.<br \/><strong>Anexo 3:<\/strong> Constancia de Disposici\u00f3n y Notificaci\u00f3n de Medidas de Protecci\u00f3n para Ni\u00f1as, Ni\u00f1os, Adolescentes &#8211; Urgentes.<br \/><strong>Anexo 4:<\/strong> Constancia de Disposici\u00f3n y Notificaci\u00f3n de Medidas de Protecci\u00f3n para Mujeres &#8211; Urgentes.<br \/><strong>Anexo 5:<\/strong> Constancia de Disposici\u00f3n y Notificaci\u00f3n de Medidas de Protecci\u00f3n para Mujeres v\u00edctimas de Violencia Pol\u00edtica &#8211; Urgentes.<br \/><b>Anexo 6:<\/b> Informe de Intervenci\u00f3n en Crisis.<br \/><b>Anexo 7:<\/b> T\u00e9cnicas para Caracterizar a v\u00edctimas y\/o testigos.<br \/><b>Anexo 8:<\/b> Lista de Herramientas Institucionales de Atenci\u00f3n Espec\u00edficas.<\/p>\n<\/div>\n<\/div>\n<\/div>\n<\/div><\/div>\n<\/div>\n<\/div>\n<\/div>\n<\/div>\n<\/div>\n<\/div>\n<\/section><\/div>\n<\/div>\n<\/div>\n<\/div>\t\t<\/div>\n\t\t\t\t<\/article>\n\t\t\t\t<article class=\"elementor-post elementor-grid-item post-3222 post type-post status-publish format-standard hentry category-protocolo-sepmud\">\n\t\t\t\t<div class=\"elementor-post__text\">\n\t\t<div class=\"elementor-post__content\"><style>.elementor-3222 .elementor-element.elementor-element-947e120 .elementor-heading-title{color:#31B7BC;font-family:\"Viga\", Sans-serif;font-size:35px;font-weight:600;}.elementor-3222 .elementor-element.elementor-element-947e120 > .elementor-widget-container{margin:0% 5% 0% 0%;}.elementor-3222 .elementor-element.elementor-element-1cb5686 .elementor-text-editor{text-align:justify;}.elementor-3222 .elementor-element.elementor-element-1cb5686{font-family:\"Ubuntu\", Sans-serif;font-weight:400;}.elementor-3222 .elementor-element.elementor-element-1cb5686 > .elementor-widget-container{margin:0% 5% 0% 5%;}<\/style>\n<div data-elementor-type=\"wp-post\" data-elementor-id=\"3222\" class=\"elementor elementor-3222\" data-elementor-settings=\"[]\">\n<div class=\"elementor-inner\">\n<div class=\"elementor-section-wrap\">\n<section class=\"elementor-section elementor-top-section elementor-element elementor-element-caa9688 elementor-section-boxed elementor-section-height-default elementor-section-height-default\" data-id=\"caa9688\" data-element_type=\"section\">\n<div class=\"elementor-container elementor-column-gap-default\">\n<div class=\"elementor-row\">\n<div class=\"elementor-column elementor-col-100 elementor-top-column elementor-element elementor-element-5974e99\" data-id=\"5974e99\" data-element_type=\"column\">\n<div class=\"elementor-column-wrap elementor-element-populated\">\n<div class=\"elementor-widget-wrap\">\n<div class=\"elementor-element elementor-element-947e120 elementor-widget elementor-widget-theme-post-title elementor-page-title elementor-widget-heading\" data-id=\"947e120\" data-element_type=\"widget\" data-widget_type=\"theme-post-title.default\">\n<div class=\"elementor-widget-container\">\n<h1 class=\"elementor-heading-title elementor-size-default\">SIGLAS Y ACR\u00d3NIMOS<\/h1>\n<\/div>\n<\/div>\n<\/div>\n<\/div>\n<\/div>\n<\/div>\n<\/div>\n<\/section>\n<section class=\"elementor-section elementor-top-section elementor-element elementor-element-43f636f elementor-section-boxed elementor-section-height-default elementor-section-height-default\" data-id=\"43f636f\" data-element_type=\"section\">\n<div class=\"elementor-container elementor-column-gap-default\">\n<div class=\"elementor-row\">\n<div class=\"elementor-column elementor-col-100 elementor-top-column elementor-element elementor-element-69d2750\" data-id=\"69d2750\" data-element_type=\"column\">\n<div class=\"elementor-column-wrap elementor-element-populated\">\n<div class=\"elementor-widget-wrap\">\n<div class=\"elementor-element elementor-element-1cb5686 elementor-widget elementor-widget-text-editor\" data-id=\"1cb5686\" data-element_type=\"widget\" data-widget_type=\"text-editor.default\">\n<div class=\"elementor-widget-container\">\n<div class=\"elementor-text-editor elementor-clearfix\">\n<div title=\"Page 20\">\n<div>\n<div>\n<p><b>CEPAT<\/b>&nbsp; &nbsp; &nbsp; &nbsp; &nbsp; &nbsp; &nbsp; &nbsp; &nbsp; &nbsp; &nbsp; &nbsp; &nbsp; Centro Especializado de Prevenci\u00f3n y Atenci\u00f3n Terap\u00e9utica.<\/p>\n<p><b>CIDH<span style=\"font-size: 15px; font-style: normal; color: var( --e-global-color-text );\">&nbsp; <\/span><\/b><span style=\"font-size: 15px; font-style: normal; font-weight: 400; color: var( --e-global-color-text );\">&nbsp; &nbsp; &nbsp; &nbsp; &nbsp; &nbsp; &nbsp; &nbsp; &nbsp; &nbsp; &nbsp; &nbsp; &nbsp; &nbsp;<\/span><span style=\"font-size: 15px; color: var( --e-global-color-text );\">Comisi\u00f3n Interamericana de Derechos Humanos.<\/span><\/p>\n<p><b><span style=\"font-size: 15px; color: var( --e-global-color-text );\">CODEPEDIS<\/span><span style=\"font-size: 15px; font-style: normal; color: var( --e-global-color-text );\">&nbsp; &nbsp;<\/span><\/b><span style=\"font-size: 15px; font-style: normal; font-weight: 400; color: var( --e-global-color-text );\">&nbsp; &nbsp; &nbsp; &nbsp; &nbsp; &nbsp; <\/span><span style=\"color: var( --e-global-color-text ); font-size: 15px;\">Comit\u00e9 Departamental de la Persona con Discapacidad.<\/span><\/p>\n<p><b>Corte IDH<\/b><span style=\"font-size: 15px; font-style: normal; font-weight: 400; color: var( --e-global-color-text );\">&nbsp; &nbsp; &nbsp; &nbsp; &nbsp; &nbsp; &nbsp; &nbsp; &nbsp; &nbsp;<\/span><span style=\"font-size: 15px; color: var( --e-global-color-text );\">Corte Interamericana de Derechos Humanos.<\/span><\/p>\n<p><b>FELCV<\/b><span style=\"font-size: 15px; font-style: normal; font-weight: 400; color: var( --e-global-color-text );\">&nbsp; &nbsp; &nbsp; &nbsp; &nbsp; &nbsp; &nbsp; &nbsp; &nbsp; &nbsp; &nbsp; &nbsp; &nbsp; <\/span><span style=\"font-size: 15px; color: var( --e-global-color-text );\">Fuerza Especial de Lucha contra la Violencia \u201cGenoveva R\u00edos\u201d.<\/span><\/p>\n<p><b>IDH<span style=\"font-size: 15px; font-style: normal; color: var( --e-global-color-text );\">&nbsp; <\/span><\/b><span style=\"font-size: 15px; font-style: normal; font-weight: 400; color: var( --e-global-color-text );\">&nbsp; &nbsp; &nbsp; &nbsp; &nbsp; &nbsp; &nbsp; &nbsp; &nbsp; &nbsp; &nbsp; &nbsp; &nbsp; &nbsp; &nbsp;<\/span><span style=\"font-size: 15px; color: var( --e-global-color-text );\">Impuesto Directo a los Hidrocarburos.<\/span><\/p>\n<p><b>IDIF<\/b><span style=\"font-size: 15px; font-style: normal; font-weight: 400; color: var( --e-global-color-text );\">&nbsp; &nbsp; &nbsp; &nbsp; &nbsp; &nbsp; &nbsp; &nbsp; &nbsp; &nbsp; &nbsp; &nbsp; &nbsp; &nbsp; &nbsp; &nbsp;<\/span><span style=\"font-size: 15px; color: var( --e-global-color-text );\">Instituto de Investigaciones Forenses.<\/span><\/p>\n<p><b>ILE<span style=\"font-size: 15px; font-style: normal; color: var( --e-global-color-text );\">&nbsp; <\/span><\/b><span style=\"font-size: 15px; font-style: normal; font-weight: 400; color: var( --e-global-color-text );\">&nbsp; &nbsp; &nbsp; &nbsp; &nbsp; &nbsp; &nbsp; &nbsp; &nbsp; &nbsp; &nbsp; &nbsp; &nbsp; &nbsp; &nbsp; &nbsp;<\/span><span style=\"font-size: 15px; color: var( --e-global-color-text );\">Intervenci\u00f3n Legal del Embarazo.<\/span><\/p>\n<p><b>INE<span style=\"font-size: 15px; font-style: normal; color: var( --e-global-color-text );\">&nbsp; &nbsp; &nbsp; &nbsp; &nbsp; &nbsp; &nbsp; &nbsp; &nbsp; &nbsp; &nbsp; &nbsp; &nbsp; &nbsp; &nbsp; &nbsp;<\/span><\/b><span style=\"font-size: 15px; color: var( --e-global-color-text );\">Instituto Nacional de Estad\u00edstica.<\/span><\/p>\n<p><b>ITS<span style=\"font-size: 15px; font-style: normal; color: var( --e-global-color-text );\">&nbsp; &nbsp; &nbsp; &nbsp; &nbsp; &nbsp; &nbsp; &nbsp; &nbsp; &nbsp; &nbsp; &nbsp; &nbsp; &nbsp; &nbsp; &nbsp;<\/span><\/b><span style=\"font-size: 15px; color: var( --e-global-color-text );\">Infecci\u00f3n de Transmisi\u00f3n Sexual.<\/span><\/p>\n<p><b>LGBTIQ+<span style=\"font-size: 15px; font-style: normal; color: var( --e-global-color-text );\">&nbsp; &nbsp; &nbsp; &nbsp; &nbsp; &nbsp; &nbsp; &nbsp; &nbsp; &nbsp; <\/span><\/b><span style=\"font-size: 15px; color: var( --e-global-color-text );\">Lesbianas, gays, bisexuales, transg\u00e9nero, intersexuales, queer.<\/span><\/p>\n<p><b>NNA<span style=\"font-size: 15px; font-style: normal; color: var( --e-global-color-text );\">&nbsp; &nbsp; &nbsp; &nbsp; &nbsp; &nbsp; &nbsp; &nbsp; &nbsp; &nbsp; &nbsp; &nbsp; &nbsp; &nbsp; <\/span><\/b><span style=\"font-size: 15px; color: var( --e-global-color-text );\">Ni\u00f1a, Ni\u00f1o y Adolescente.<\/span><\/p>\n<p><b>OEA&nbsp;<span style=\"font-size: 15px; font-style: normal; color: var( --e-global-color-text );\">&nbsp; &nbsp; &nbsp; &nbsp; &nbsp; &nbsp; &nbsp; &nbsp;<\/span><span style=\"font-size: 15px; font-style: normal; color: var( --e-global-color-text );\">&nbsp; &nbsp; &nbsp; &nbsp; &nbsp; &nbsp; <\/span><\/b><span style=\"color: var( --e-global-color-text ); font-size: 15px;\">Organizaci\u00f3n de los Estados Americanos.<\/span><\/p>\n<p><b>ONG&nbsp;<span style=\"font-size: 15px; font-style: normal; color: var( --e-global-color-text );\">&nbsp; &nbsp; &nbsp; &nbsp; &nbsp; &nbsp; &nbsp; &nbsp;<\/span><span style=\"font-size: 15px; font-style: normal; color: var( --e-global-color-text );\">&nbsp; &nbsp; &nbsp; <\/span><\/b><span style=\"font-size: 15px; font-style: normal; font-weight: 400; color: var( --e-global-color-text );\">&nbsp; &nbsp; &nbsp; <\/span><span style=\"color: var( --e-global-color-text ); font-size: 15px;\">Organizaci\u00f3n No Gubernamental.<\/span><\/p>\n<p><b>ONU&nbsp;<span style=\"font-size: 15px; font-style: normal; color: var( --e-global-color-text );\">&nbsp; &nbsp; &nbsp; &nbsp; &nbsp; &nbsp; &nbsp; &nbsp;<\/span><span style=\"font-size: 15px; font-style: normal; color: var( --e-global-color-text );\">&nbsp; &nbsp; &nbsp; &nbsp; &nbsp; &nbsp; <\/span><\/b><span style=\"color: var( --e-global-color-text ); font-size: 15px;\">Organizaci\u00f3n de las Naciones Unidas.<\/span><\/p>\n<p><b>ONU&nbsp;<\/b><span style=\"font-size: 15px; font-style: normal; font-weight: 400; color: var( --e-global-color-text );\">&nbsp; &nbsp; &nbsp; &nbsp; &nbsp; &nbsp; &nbsp; &nbsp;<\/span><span style=\"font-size: 15px; font-style: normal; font-weight: 400; color: var( --e-global-color-text );\">&nbsp; &nbsp; &nbsp; &nbsp; &nbsp; &nbsp; &nbsp;<\/span><span style=\"color: var( --e-global-color-text ); font-size: 15px;\">Mujeres Entidad de la ONU para la Igualdad de G\u00e9nero y el&nbsp;<\/span><span style=\"font-size: 15px; color: var( --e-global-color-text );\">Empoderamiento de la Mujer.<\/span><\/p>\n<p><b>RUV&nbsp;<\/b><span style=\"font-size: 15px; font-style: normal; font-weight: 400; color: var( --e-global-color-text );\">&nbsp; &nbsp; &nbsp; &nbsp; &nbsp; &nbsp; &nbsp; &nbsp;<\/span><span style=\"font-size: 15px; font-style: normal; font-weight: 400; color: var( --e-global-color-text );\">&nbsp; &nbsp; &nbsp; &nbsp; &nbsp; &nbsp; &nbsp; <\/span><span style=\"color: var( --e-global-color-text ); font-size: 15px;\">Registro \u00danico de Violencia.<\/span><\/p>\n<p><b>SAFCI<\/b><span style=\"font-size: 15px; font-style: normal; font-weight: 400; color: var( --e-global-color-text );\">&nbsp; &nbsp; &nbsp; &nbsp; &nbsp; &nbsp; &nbsp; &nbsp;<\/span><span style=\"font-size: 15px; font-style: normal; font-weight: 400; color: var( --e-global-color-text );\">&nbsp; &nbsp; &nbsp; &nbsp; &nbsp; &nbsp; <\/span><span style=\"color: var( --e-global-color-text ); font-size: 15px;\">Salud Familiar, Comunitaria e Intercultural.<\/span><\/p>\n<p><b>SEPDAVI<\/b><span style=\"font-size: 15px; font-style: normal; font-weight: 400; color: var( --e-global-color-text );\">&nbsp; &nbsp; &nbsp; &nbsp; &nbsp; &nbsp; &nbsp; &nbsp;<\/span><span style=\"font-size: 15px; font-style: normal; font-weight: 400; color: var( --e-global-color-text );\">&nbsp; &nbsp; &nbsp; <\/span><span style=\"color: var( --e-global-color-text ); font-size: 15px;\">Servicio Plurinacional de Asistencia a la V\u00edctima.<\/span><\/p>\n<p><b>SEPMUD<\/b><span style=\"font-size: 15px; font-style: normal; font-weight: 400; color: var( --e-global-color-text );\">&nbsp; &nbsp; &nbsp; &nbsp; &nbsp; &nbsp; &nbsp; &nbsp;<\/span><span style=\"font-size: 15px; font-style: normal; font-weight: 400; color: var( --e-global-color-text );\">&nbsp; &nbsp; &nbsp; <\/span><span style=\"color: var( --e-global-color-text ); font-size: 15px;\">Servicio Plurinacional de la Mujer y de la Despatriarcalizaci\u00f3n&nbsp;<\/span><span style=\"font-size: 15px; color: var( --e-global-color-text );\">\u201cAna Mar\u00eda Romero\u201d.<\/span><\/p>\n<p><b>SIDH<\/b><span style=\"font-size: 15px; font-style: normal; font-weight: 400; color: var( --e-global-color-text );\">&nbsp; &nbsp; &nbsp; &nbsp; &nbsp; &nbsp; &nbsp; &nbsp;<\/span><span style=\"font-size: 15px; font-style: normal; font-weight: 400; color: var( --e-global-color-text );\">&nbsp; &nbsp; &nbsp; &nbsp; &nbsp; &nbsp; &nbsp; <\/span><span style=\"color: var( --e-global-color-text ); font-size: 15px;\">Sistema Interamericano de Derechos Humanos.<\/span><\/p>\n<p><b>SIJPLU<\/b><span style=\"font-size: 15px; font-style: normal; font-weight: 400; color: var( --e-global-color-text );\">&nbsp; &nbsp; &nbsp; &nbsp; &nbsp; &nbsp; &nbsp; &nbsp;<\/span><span style=\"font-size: 15px; font-style: normal; font-weight: 400; color: var( --e-global-color-text );\">&nbsp; &nbsp; &nbsp; &nbsp; &nbsp; <\/span><span style=\"color: var( --e-global-color-text ); font-size: 15px;\">Servicios Integrales de Justicia Plurinacional.<\/span><\/p>\n<p><b>SINNA<span style=\"font-size: 15px; font-style: normal; color: var( --e-global-color-text );\">&nbsp; &nbsp; &nbsp; &nbsp; &nbsp; &nbsp; &nbsp; &nbsp;<\/span><span style=\"font-size: 15px; font-style: normal; color: var( --e-global-color-text );\">&nbsp; &nbsp; &nbsp; &nbsp; &nbsp; <\/span><\/b><span style=\"color: var( --e-global-color-text ); font-size: 15px;\">Sistema de Informaci\u00f3n de Ni\u00f1a, Ni\u00f1o y Adolescente.<\/span><\/p>\n<p><b>SLIM<\/b><span style=\"font-size: 15px; font-style: normal; font-weight: 400; color: var( --e-global-color-text );\">&nbsp; &nbsp; &nbsp; &nbsp; &nbsp; &nbsp; &nbsp; &nbsp;<\/span><span style=\"font-size: 15px; font-style: normal; font-weight: 400; color: var( --e-global-color-text );\">&nbsp; &nbsp; &nbsp; &nbsp; &nbsp; &nbsp; &nbsp; <\/span><span style=\"color: var( --e-global-color-text ); font-size: 15px;\">Servicios Legales Integrales Municipales.<\/span><\/p>\n<p><b>UMADIS<\/b><span style=\"font-size: 15px; font-style: normal; font-weight: 400; color: var( --e-global-color-text );\">&nbsp; &nbsp; &nbsp; &nbsp; &nbsp; &nbsp; &nbsp; &nbsp;<\/span><span style=\"font-size: 15px; font-style: normal; font-weight: 400; color: var( --e-global-color-text );\">&nbsp; &nbsp; &nbsp; &nbsp;<\/span><span style=\"color: var( --e-global-color-text ); font-size: 15px;\">Unidad de Atenci\u00f3n a las Personas con Discapacidad.<\/span><\/p>\n<p><b>UNICEF<\/b><span style=\"font-size: 15px; font-style: normal; font-weight: 400; color: var( --e-global-color-text );\">&nbsp; &nbsp; &nbsp; &nbsp; &nbsp; &nbsp; &nbsp; &nbsp;<\/span><span style=\"font-size: 15px; font-style: normal; font-weight: 400; color: var( --e-global-color-text );\">&nbsp; &nbsp; &nbsp; &nbsp; <\/span><span style=\"color: var( --e-global-color-text ); font-size: 15px;\">Fondo de las Naciones Unidas para la Infancia.<\/span><\/p>\n<p><b>VIH<\/b><span style=\"font-size: 15px; font-style: normal; font-weight: 400; color: var( --e-global-color-text );\">&nbsp; &nbsp; &nbsp; &nbsp; &nbsp; &nbsp; &nbsp; &nbsp;<\/span><span style=\"font-size: 15px; font-style: normal; font-weight: 400; color: var( --e-global-color-text );\">&nbsp; &nbsp; &nbsp; &nbsp; &nbsp; &nbsp; &nbsp; &nbsp; <\/span><span style=\"color: var( --e-global-color-text ); font-size: 15px;\">Virus de Inmunodeficiencia Humana.<\/span><\/p>\n<p><b>VIO<\/b><span style=\"font-size: 15px; font-style: normal; font-weight: 400; color: var( --e-global-color-text );\">&nbsp; &nbsp; &nbsp; &nbsp; &nbsp; &nbsp; &nbsp; &nbsp;<\/span><span style=\"font-size: 15px; font-style: normal; font-weight: 400; color: var( --e-global-color-text );\">&nbsp; &nbsp; &nbsp; &nbsp; &nbsp; &nbsp; &nbsp; &nbsp; <\/span><span style=\"color: var( --e-global-color-text ); font-size: 15px;\">Viceministerio de Igualdad de Oportunidades.<\/span><\/p>\n<\/div>\n<\/div>\n<\/div>\n<\/div><\/div>\n<\/div>\n<\/div>\n<\/div>\n<\/div>\n<\/div>\n<\/div>\n<\/section><\/div>\n<\/div>\n<\/div>\n<\/div>\t\t<\/div>\n\t\t\t\t<\/article>\n\t\t\t\t<article class=\"elementor-post elementor-grid-item post-3227 post type-post status-publish format-standard hentry category-protocolo-sepmud\">\n\t\t\t\t<div class=\"elementor-post__text\">\n\t\t<div class=\"elementor-post__content\"><style>.elementor-3227 .elementor-element.elementor-element-a9a4ac5 .elementor-heading-title{color:#31B7BC;font-family:\"Viga\", Sans-serif;font-size:35px;font-weight:600;}.elementor-3227 .elementor-element.elementor-element-a9a4ac5 > .elementor-widget-container{margin:0% 5% 0% 0%;}.elementor-3227 .elementor-element.elementor-element-b2fb256 .elementor-text-editor{text-align:justify;}.elementor-3227 .elementor-element.elementor-element-b2fb256{font-family:\"Ubuntu\", Sans-serif;font-weight:400;}.elementor-3227 .elementor-element.elementor-element-b2fb256 > .elementor-widget-container{margin:0% 5% 0% 5%;}<\/style>\n<div data-elementor-type=\"wp-post\" data-elementor-id=\"3227\" class=\"elementor elementor-3227\" data-elementor-settings=\"[]\">\n<div class=\"elementor-inner\">\n<div class=\"elementor-section-wrap\">\n<section class=\"elementor-section elementor-top-section elementor-element elementor-element-a534fc3 elementor-section-boxed elementor-section-height-default elementor-section-height-default\" data-id=\"a534fc3\" data-element_type=\"section\">\n<div class=\"elementor-container elementor-column-gap-default\">\n<div class=\"elementor-row\">\n<div class=\"elementor-column elementor-col-100 elementor-top-column elementor-element elementor-element-20b3821\" data-id=\"20b3821\" data-element_type=\"column\">\n<div class=\"elementor-column-wrap elementor-element-populated\">\n<div class=\"elementor-widget-wrap\">\n<div class=\"elementor-element elementor-element-a9a4ac5 elementor-widget elementor-widget-theme-post-title elementor-page-title elementor-widget-heading\" data-id=\"a9a4ac5\" data-element_type=\"widget\" data-widget_type=\"theme-post-title.default\">\n<div class=\"elementor-widget-container\">\n<h1 class=\"elementor-heading-title elementor-size-default\">INTRODUCCI\u00d3N<\/h1>\n<\/div>\n<\/div>\n<\/div>\n<\/div>\n<\/div>\n<\/div>\n<\/div>\n<\/section>\n<section class=\"elementor-section elementor-top-section elementor-element elementor-element-5cd2d41 elementor-section-boxed elementor-section-height-default elementor-section-height-default\" data-id=\"5cd2d41\" data-element_type=\"section\">\n<div class=\"elementor-container elementor-column-gap-default\">\n<div class=\"elementor-row\">\n<div class=\"elementor-column elementor-col-100 elementor-top-column elementor-element elementor-element-596573f\" data-id=\"596573f\" data-element_type=\"column\">\n<div class=\"elementor-column-wrap elementor-element-populated\">\n<div class=\"elementor-widget-wrap\">\n<div class=\"elementor-element elementor-element-b2fb256 elementor-widget elementor-widget-text-editor\" data-id=\"b2fb256\" data-element_type=\"widget\" data-widget_type=\"text-editor.default\">\n<div class=\"elementor-widget-container\">\n<div class=\"elementor-text-editor elementor-clearfix\">\n<p>El Estado Plurinacional de Bolivia a partir de la promulgaci\u00f3n de la Constituci\u00f3n Pol\u00edtica del Estado no solo reconoce a favor de las y los bolivianos un amplio cat\u00e1logo de derechos humanos, sino que tambi\u00e9n ha asumido como pol\u00edtica de Estado garantizar el ejercicio pleno de estos derechos, especialmente, el derecho fundamental de la ni\u00f1ez y de las mujeres a vivir libres de violencia.<\/p>\n<p>A partir de la Constituci\u00f3n Pol\u00edtica del Estado, se han promulgado leyes que otorgan un marco de protecci\u00f3n a este derecho fundamental, entre las m\u00e1s significativas se encuentran la Ley No. 548 \u201cC\u00f3digo Ni\u00f1a, Ni\u00f1o y Adolescente\u201d, la Ley No. 243 \u201cLey\u201d y la Ley No. 348 \u201cLey Integral para Garantizar a las Mujeres una Vida Libre de Violencia\u201d, las cuales plantean un enfoque integral de atenci\u00f3n y protecci\u00f3n a favor de ni\u00f1as, ni\u00f1os, adolescentes y mujeres que implica la participaci\u00f3n de todas las instituciones que son parte de la cadena de atenci\u00f3n, protecci\u00f3n, sanci\u00f3n y reparaci\u00f3n de hechos de violencia,<br \/>asimismo, demandan una institucionalidad que brinde soporte y materialice la vigencia de estos derechos, en el marco de una atenci\u00f3n integral.<\/p>\n<p>En el marco de esta pol\u00edtica de Estado, mediante Decreto Supremo No. 3774 de 16 de enero de 2019 se ha conformado el Gabinete Especial de Lucha contra la Violencia hacia la Mujer y la Ni\u00f1ez y se cre\u00f3 el Servicio Plurinacional de la Mujer y de la Despatriarcalizaci\u00f3n \u201cAna Mar\u00eda Romero\u201d como Secretaria T\u00e9cnica de este Gabinete y como una instancia de monitoreo, seguimiento y evaluaci\u00f3n de pol\u00edticas p\u00fablicas en favor de los derechos de las mujeres.<\/p>\n<p>Con el fin de fortalecer estos avances, el 3 de mayo de 2019 se ha promulgado la Ley No. 1173 \u201cLey de Abreviaci\u00f3n Procesal Penal y de Fortalecimiento de la Lucha Integral contra la Violencia a Ni\u00f1as, Ni\u00f1os, Adolescentes y Mujeres\u201d, la cual plantea institutos procesales y medidas espec\u00edficas que coadyuvan sobre todo al acceso a la justicia a ni\u00f1as, ni\u00f1os, adolescentes y mujeres, v\u00edctimas de violencia.<\/p>\n<p>El Ministerio de Justicia y Transparencia Institucional en su calidad de ente rector y cabeza de la Comisi\u00f3n de Seguimiento a las Conclusiones de la Cumbre en el marco de la Ley No. 898 a trav\u00e9s del Servicio Plurinacional de la Mujer y de la Despatriarcalizaci\u00f3n en coordinaci\u00f3n con el Comit\u00e9 de G\u00e9nero del \u00d3rgano Judicial, en el af\u00e1n de ratificar su premisa de procurar a la ni\u00f1ez y las mujeres el ejercicio pleno de su derecho a vivir libres de violencia, en el marco de la implementaci\u00f3n de la Ley No. 1173 y la necesidad de adecuar los protocolos existentes a esta disposici\u00f3n legal, ha articulado con m\u00e1s de 25 instituciones p\u00fablicas que hacen a la cadena de atenci\u00f3n, protecci\u00f3n, sanci\u00f3n y reparaci\u00f3n de hechos de violencia contra ni\u00f1as, ni\u00f1os, adolescentes y mujeres, la construcci\u00f3n de manera conjunta del \u201cProtocolo Interinstitucional de Atenci\u00f3n y Protecci\u00f3n a Ni\u00f1as, Ni\u00f1os, Adolescentes y Mujeres V\u00edctimas de Violencia\u201d el cual fue elaborado con base en el \u201cProtocolo y Ruta Cr\u00edtica Interinstitucional para la Atenci\u00f3n y Protecci\u00f3n a V\u00edctimas, en el marco de la Ley No. 348\u201d aprobado por el Ministerio de Justicia y Transparencia Institucional y el Ministerio P\u00fablico.<\/p>\n<p>El \u201cProtocolo Interinstitucional de Atenci\u00f3n y Protecci\u00f3n a Ni\u00f1as, Ni\u00f1os, Adolescentes y Mujeres V\u00edctimas de Violencia\u201d estandariza de forma vinculante los procedimientos y actuaciones a fin de brindar una atenci\u00f3n adecuada, inmediata, oportuna, con calidad y calidez, sin discriminaci\u00f3n y sobre todo no revictimizante a ni\u00f1as, ni\u00f1os, adolescentes y mujeres que acuden al Estado en busca de justicia. El Protocolo ha sido estructurado en tres partes.<\/p>\n<p>Una primera parte delimita su objeto, alcance, justificaci\u00f3n, enfoques y principios rectores as\u00ed como sus destinatarios; identifica la normativa tanto nacional como internacional (instrumentos internacionales) vinculada al marco de protecci\u00f3n de derechos humanos y derechos humanos espec\u00edficos de ni\u00f1as, ni\u00f1os, adolescentes y mujeres; finalmente identifica los principales referentes de jurisprudencia con relaci\u00f3n a la protecci\u00f3n de los derechos humanos espec\u00edficos de ni\u00f1as, ni\u00f1os,<br \/>adolescentes y mujeres, v\u00edctimas de violencia.<\/p>\n<p>Una segunda parte refiere el marco legal y competencial de las instituciones intervinientes: Defensor\u00edas de la Ni\u00f1ez y de la Adolescencia (DNA) de los Gobiernos Aut\u00f3nomos Municipales; Servicios Municipales Legales Integrales (SLIMS) de los Gobiernos Aut\u00f3nomos Municipales; Servicios de Gesti\u00f3n Social (SEDEGES) de los Gobiernos Aut\u00f3nomos Departamentales; Servicios de Salud (SEDES) de los Gobiernos Aut\u00f3nomos Departamentales; Servicio Plurinacional de Asistencia a V\u00edctimas (SEPDAVI); Servicios Integrados de Justicia Plurinacional (SIJPLU); Fuerza Especial de Lucha contra la Violencia (FELCV); Instituto de Investigaciones Forenses (IDIF); Instituto de Investigaciones T\u00e9cnico Cient\u00edficas (ITTCUP); Ministerio P\u00fablico; \u00d3rgano Judicial; Ministerio de Educaci\u00f3n; Ministerio de Salud y Ministerio de Justicia y Transparencia Institucional.<\/p>\n<p>La tercera parte detalla el procedimiento de atenci\u00f3n, protecci\u00f3n y reparaci\u00f3n a v\u00edctimas de violencia y define las acciones que debe realizar cada una de las instituciones que intervienen en la ruta cr\u00edtica de un hecho de violencia, tanto en el \u00e1mbito administrativo como en el judicial. Asimismo, se vincula y refiere a otros protocolos y herramientas espec\u00edficas que est\u00e1n siendo adecuados para contar con un cuerpo normativo arm\u00f3nico. Finalmente, tambi\u00e9n se incorpora la interoperabilidad para agilizar actuaciones espec\u00edficas como la recepci\u00f3n de la denuncia, emisi\u00f3n de certificados, llenado de formularios, entre otros.<\/p>\n<p>Finalmente, el Protocolo Interinstitucional contiene en sus anexos instrumentos que coadyuvar\u00e1n a la labor de cada una de las instituciones intervinientes como ser: Formulario \u00danico de Denuncia; Formulario de Valoraci\u00f3n de Riesgo en Relaciones de Pareja; Constancia de Disposici\u00f3n y Notificaci\u00f3n de Medidas de Protecci\u00f3n para Ni\u00f1as, Ni\u00f1os, Adolescentes \u2013 Urgentes; Constancia de Disposici\u00f3n y Notificaci\u00f3n de Medidas de Protecci\u00f3n para Mujeres \u2013 Urgentes; Constancia de Disposici\u00f3n<br \/>y Notificaci\u00f3n de Medidas de Protecci\u00f3n para Mujeres V\u00edctimas de Violencia \u2013 Urgentes; Informe de Intervenci\u00f3n en Crisis; Caracterizaci\u00f3n de la V\u00edctima y Lista de Herramientas Institucionales de Atenci\u00f3n Espec\u00edficas.<\/p>\n\n<\/div><\/div>\n<\/div>\n<\/div>\n<\/div>\n<\/div>\n<\/div>\n<\/div>\n<\/section><\/div>\n<\/div>\n<\/div>\n<\/div>\t\t<\/div>\n\t\t\t\t<\/article>\n\t\t\t\t<article class=\"elementor-post elementor-grid-item post-3297 post type-post status-publish format-standard hentry category-protocolo-sepmud\">\n\t\t\t\t<div class=\"elementor-post__text\">\n\t\t<div class=\"elementor-post__content\"><style>.elementor-3297 .elementor-element.elementor-element-bd95b24 .elementor-heading-title{color:#31B7BC;font-family:\"Viga\", Sans-serif;font-size:35px;font-weight:600;}.elementor-3297 .elementor-element.elementor-element-bd95b24 > .elementor-widget-container{margin:0% 5% 0% 0%;}.elementor-3297 .elementor-element.elementor-element-90d669b .elementor-heading-title{color:#31B7BC;font-family:\"Viga\", Sans-serif;font-size:35px;font-weight:600;text-shadow:0px 0px 0px rgba(0,0,0,0.3);}.elementor-3297 .elementor-element.elementor-element-b6c08ad .elementor-heading-title{color:#31B7BC;font-family:\"Viga\", Sans-serif;font-size:25px;font-weight:600;}.elementor-3297 .elementor-element.elementor-element-b6c08ad > .elementor-widget-container{margin:0% 5% 0% 5%;}.elementor-3297 .elementor-element.elementor-element-b696ca1 .elementor-text-editor{text-align:justify;}.elementor-3297 .elementor-element.elementor-element-b696ca1{font-family:\"Ubuntu\", Sans-serif;font-weight:400;}.elementor-3297 .elementor-element.elementor-element-b696ca1 > .elementor-widget-container{margin:0% 5% 0% 5%;}.elementor-3297 .elementor-element.elementor-element-c4bd708 .elementor-heading-title{color:#31B7BC;font-family:\"Viga\", Sans-serif;font-size:25px;font-weight:600;}.elementor-3297 .elementor-element.elementor-element-c4bd708 > .elementor-widget-container{margin:0% 5% 0% 5%;}.elementor-3297 .elementor-element.elementor-element-469d6a7 .elementor-text-editor{text-align:justify;}.elementor-3297 .elementor-element.elementor-element-469d6a7{font-family:\"Ubuntu\", Sans-serif;font-weight:400;}.elementor-3297 .elementor-element.elementor-element-469d6a7 > .elementor-widget-container{margin:0% 5% 0% 5%;}.elementor-3297 .elementor-element.elementor-element-d1fcfa2:not(.elementor-motion-effects-element-type-background), .elementor-3297 .elementor-element.elementor-element-d1fcfa2 > .elementor-motion-effects-container > .elementor-motion-effects-layer{background-color:#31B7BC;}.elementor-3297 .elementor-element.elementor-element-d1fcfa2{transition:background 0.3s, border 0.3s, border-radius 0.3s, box-shadow 0.3s;}.elementor-3297 .elementor-element.elementor-element-d1fcfa2 > .elementor-background-overlay{transition:background 0.3s, border-radius 0.3s, opacity 0.3s;}.elementor-3297 .elementor-element.elementor-element-cb62a85 .elementor-text-editor{text-align:justify;}.elementor-3297 .elementor-element.elementor-element-cb62a85{color:#FFFFFF;font-family:\"Ubuntu\", Sans-serif;font-weight:400;}.elementor-3297 .elementor-element.elementor-element-cb62a85 > .elementor-widget-container{margin:0% 5% 0% 5%;}.elementor-3297 .elementor-element.elementor-element-4c972ef .elementor-text-editor{text-align:justify;}.elementor-3297 .elementor-element.elementor-element-4c972ef{font-family:\"Ubuntu\", Sans-serif;font-weight:400;}.elementor-3297 .elementor-element.elementor-element-4c972ef > .elementor-widget-container{margin:0% 5% 0% 5%;}.elementor-3297 .elementor-element.elementor-element-dc83b9f .elementor-heading-title{color:#31B7BC;font-family:\"Viga\", Sans-serif;font-size:25px;font-weight:600;}.elementor-3297 .elementor-element.elementor-element-dc83b9f > .elementor-widget-container{margin:0% 5% 0% 5%;}.elementor-3297 .elementor-element.elementor-element-8763ef7 .elementor-text-editor{text-align:justify;}.elementor-3297 .elementor-element.elementor-element-8763ef7{font-family:\"Ubuntu\", Sans-serif;font-weight:400;}.elementor-3297 .elementor-element.elementor-element-8763ef7 > .elementor-widget-container{margin:0% 5% 0% 5%;}.elementor-3297 .elementor-element.elementor-element-e647401 .elementor-text-editor{text-align:justify;}.elementor-3297 .elementor-element.elementor-element-e647401{font-family:\"Ubuntu\", Sans-serif;font-weight:400;}.elementor-3297 .elementor-element.elementor-element-e647401 > .elementor-widget-container{margin:0% 5% 0% 5%;}.elementor-3297 .elementor-element.elementor-element-f6b3107 .elementor-text-editor{text-align:justify;}.elementor-3297 .elementor-element.elementor-element-f6b3107{font-family:\"Ubuntu\", Sans-serif;font-weight:400;}.elementor-3297 .elementor-element.elementor-element-f6b3107 > .elementor-widget-container{margin:0% 5% 0% 5%;}.elementor-3297 .elementor-element.elementor-element-dbd18dd .elementor-heading-title{color:#31B7BC;font-family:\"Viga\", Sans-serif;font-size:25px;font-weight:600;}.elementor-3297 .elementor-element.elementor-element-dbd18dd > .elementor-widget-container{margin:0% 5% 0% 5%;}.elementor-3297 .elementor-element.elementor-element-7d858a3 .elementor-text-editor{text-align:justify;}.elementor-3297 .elementor-element.elementor-element-7d858a3{font-family:\"Ubuntu\", Sans-serif;font-weight:400;}.elementor-3297 .elementor-element.elementor-element-7d858a3 > .elementor-widget-container{margin:0% 5% 0% 5%;}.elementor-3297 .elementor-element.elementor-element-8e5f8ac .elementor-heading-title{color:#31B7BC;font-family:\"Viga\", Sans-serif;font-size:25px;font-weight:600;}.elementor-3297 .elementor-element.elementor-element-8e5f8ac > .elementor-widget-container{margin:0% 5% 0% 5%;}.elementor-3297 .elementor-element.elementor-element-7c22652 .elementor-text-editor{text-align:justify;}.elementor-3297 .elementor-element.elementor-element-7c22652{font-family:\"Ubuntu\", Sans-serif;font-weight:400;}.elementor-3297 .elementor-element.elementor-element-7c22652 > .elementor-widget-container{margin:0% 5% 0% 5%;}.elementor-3297 .elementor-element.elementor-element-c626983 .elementor-heading-title{color:#31B7BC;font-family:\"Viga\", Sans-serif;font-size:25px;font-weight:600;}.elementor-3297 .elementor-element.elementor-element-c626983 > .elementor-widget-container{margin:0% 5% 0% 5%;}.elementor-3297 .elementor-element.elementor-element-c19ceb2 .elementor-text-editor{text-align:justify;}.elementor-3297 .elementor-element.elementor-element-c19ceb2{font-family:\"Ubuntu\", Sans-serif;font-weight:400;}.elementor-3297 .elementor-element.elementor-element-c19ceb2 > .elementor-widget-container{margin:0% 5% 0% 5%;}.elementor-3297 .elementor-element.elementor-element-c0f44ca .elementor-text-editor{text-align:justify;}.elementor-3297 .elementor-element.elementor-element-c0f44ca{font-family:\"Ubuntu\", Sans-serif;font-weight:400;}.elementor-3297 .elementor-element.elementor-element-c0f44ca > .elementor-widget-container{margin:0% 5% 0% 5%;}.elementor-3297 .elementor-element.elementor-element-2139599 .elementor-heading-title{color:#31B7BC;font-family:\"Viga\", Sans-serif;font-size:25px;font-weight:600;}.elementor-3297 .elementor-element.elementor-element-2139599 > .elementor-widget-container{margin:0% 5% 0% 5%;}.elementor-3297 .elementor-element.elementor-element-1871e44 .elementor-text-editor{text-align:justify;}.elementor-3297 .elementor-element.elementor-element-1871e44{font-family:\"Ubuntu\", Sans-serif;font-weight:400;}.elementor-3297 .elementor-element.elementor-element-1871e44 > .elementor-widget-container{margin:0% 5% 0% 5%;}<\/style>\n<div data-elementor-type=\"wp-post\" data-elementor-id=\"3297\" class=\"elementor elementor-3297\" data-elementor-settings=\"[]\">\n<div class=\"elementor-inner\">\n<div class=\"elementor-section-wrap\">\n<section class=\"elementor-section elementor-top-section elementor-element elementor-element-777fa43 elementor-section-boxed elementor-section-height-default elementor-section-height-default\" data-id=\"777fa43\" data-element_type=\"section\">\n<div class=\"elementor-container elementor-column-gap-default\">\n<div class=\"elementor-row\">\n<div class=\"elementor-column elementor-col-100 elementor-top-column elementor-element elementor-element-ed30fba\" data-id=\"ed30fba\" data-element_type=\"column\">\n<div class=\"elementor-column-wrap elementor-element-populated\">\n<div class=\"elementor-widget-wrap\">\n<div class=\"elementor-element elementor-element-bd95b24 elementor-widget elementor-widget-theme-post-title elementor-page-title elementor-widget-heading\" data-id=\"bd95b24\" data-element_type=\"widget\" data-widget_type=\"theme-post-title.default\">\n<div class=\"elementor-widget-container\">\n<h1 class=\"elementor-heading-title elementor-size-default\">PRIMERA PARTE &#8211; ASPECTOS GENERALES<\/h1>\n<\/div>\n<\/div>\n<\/div>\n<\/div>\n<\/div>\n<\/div>\n<\/div>\n<\/section>\n<section class=\"elementor-section elementor-top-section elementor-element elementor-element-0c77dd2 elementor-section-boxed elementor-section-height-default elementor-section-height-default\" data-id=\"0c77dd2\" data-element_type=\"section\">\n<div class=\"elementor-container elementor-column-gap-default\">\n<div class=\"elementor-row\">\n<div class=\"elementor-column elementor-col-100 elementor-top-column elementor-element elementor-element-43f2e08\" data-id=\"43f2e08\" data-element_type=\"column\">\n<div class=\"elementor-column-wrap elementor-element-populated\">\n<div class=\"elementor-widget-wrap\">\n<div class=\"elementor-element elementor-element-90d669b elementor-widget elementor-widget-heading\" data-id=\"90d669b\" data-element_type=\"widget\" data-widget_type=\"heading.default\">\n<div class=\"elementor-widget-container\">\n<h1 class=\"elementor-heading-title elementor-size-default\">1. OBJETO Y ALCANCE<\/h1>\n<\/div>\n<\/div>\n<\/div>\n<\/div>\n<\/div>\n<\/div>\n<\/div>\n<\/section>\n<section class=\"elementor-section elementor-top-section elementor-element elementor-element-68b397e elementor-section-boxed elementor-section-height-default elementor-section-height-default\" data-id=\"68b397e\" data-element_type=\"section\">\n<div class=\"elementor-container elementor-column-gap-default\">\n<div class=\"elementor-row\">\n<div class=\"elementor-column elementor-col-100 elementor-top-column elementor-element elementor-element-b6684a3\" data-id=\"b6684a3\" data-element_type=\"column\">\n<div class=\"elementor-column-wrap elementor-element-populated\">\n<div class=\"elementor-widget-wrap\">\n<div class=\"elementor-element elementor-element-b6c08ad elementor-widget elementor-widget-heading\" data-id=\"b6c08ad\" data-element_type=\"widget\" data-widget_type=\"heading.default\">\n<div class=\"elementor-widget-container\">\n<h2 class=\"elementor-heading-title elementor-size-default\">1.1 JUSTIFICACI\u00d3N<\/h2>\n<\/div>\n<\/div>\n<\/div>\n<\/div>\n<\/div>\n<\/div>\n<\/div>\n<\/section>\n<section class=\"elementor-section elementor-top-section elementor-element elementor-element-3bc16a5 elementor-section-boxed elementor-section-height-default elementor-section-height-default\" data-id=\"3bc16a5\" data-element_type=\"section\">\n<div class=\"elementor-container elementor-column-gap-default\">\n<div class=\"elementor-row\">\n<div class=\"elementor-column elementor-col-100 elementor-top-column elementor-element elementor-element-856d7ed\" data-id=\"856d7ed\" data-element_type=\"column\">\n<div class=\"elementor-column-wrap elementor-element-populated\">\n<div class=\"elementor-widget-wrap\">\n<div class=\"elementor-element elementor-element-b696ca1 elementor-widget elementor-widget-text-editor\" data-id=\"b696ca1\" data-element_type=\"widget\" data-widget_type=\"text-editor.default\">\n<div class=\"elementor-widget-container\">\n<div class=\"elementor-text-editor elementor-clearfix\">\n<p>Para efectos del presente instrumento de alcance y aplicabilidad interinstitucional, es importante hacer referencia a la incidencia y gravedad del problema de la violencia hacia ni\u00f1as, ni\u00f1os, adolescentes y mujeres en el pa\u00eds.<\/p>\n<p>Un importante avance fue la promulgaci\u00f3n del C\u00f3digo Ni\u00f1a, Ni\u00f1o y Adolescente, precedentemente se dictaron algunas otras leyes que buscaron prevenir y proteger a las v\u00edctimas de violencia. A pesar de contar con esta normativa y protocolos para luchar contra la violencia, las cifras revelan que el 83% de los ni\u00f1os, ni\u00f1as y adolescentes es castigado f\u00edsica y psicol\u00f3gicamente; tres de cada diez ni\u00f1os son v\u00edctimas de maltrato psicol\u00f3gico, seis de cada diez de maltrato f\u00edsico y cuatro de violencia sexual (UNICEF, 2016).<\/p>\n<p>En Bolivia nueve de cada diez ni\u00f1os o ni\u00f1as sufren de alg\u00fan tipo de violencia, ya sea f\u00edsica, psicol\u00f3gica y sexual. De los casos de violencia sexual, el 41% corresponde a v\u00edctimas menores de 10 a\u00f1os, un 29% a v\u00edctimas menores de 15 a\u00f1os y un 19% de v\u00edctimas menores a 18 a\u00f1os. Del total, un 89% son v\u00edctimas mujeres y un 11% hombres (Defensor\u00eda del Pueblo, 2014). De acuerdo a la FELCV, en el primer semestre de 2017 se reportaron 304 agresiones sexuales contra ni\u00f1as, ni\u00f1os y adolescentes<br \/>en Bolivia, mientras que, en 2018, durante el mismo per\u00edodo, ocurrieron 435, es decir el porcentaje subi\u00f3 en 28%. Al concluir el a\u00f1o 2018 la FELCV registr\u00f3 996 denuncias por violaci\u00f3n a infantes, ni\u00f1as, ni\u00f1os y adolescentes y 725 denuncias por estupro, entre cuatro y cinco casos diarios<a title=\"Comunidad de Derechos Humanos, Sistema de Monitoreo de Progresos en Derechos Humanos, en base a datos de la FELCV.\"><sup>1<\/sup><\/a>.<\/p>\n<p>Respecto a la violencia contra las mujeres es necesario recordar algunos datos que muestran la situaci\u00f3n previa a la promulgaci\u00f3n de la Ley No. 348. De acuerdo a datos del INE 2010, en el segundo semestre de 2009, 13.000 mujeres denunciaron en 98 oficinas de Servicios Integrales Municipales haber sufrido violencia, 2.169 por mes, 87 por d\u00eda, 11 cada hora, y esta no es la dimensi\u00f3n real de la violencia en Bolivia, puesto que estos datos solo representan los casos de mujeres que lograron denunciar. (INE, 2010).<\/p>\n<p>El Informe Defensorial realizado el a\u00f1o 2012, identificaba como un factor negativo para la efectiva atenci\u00f3n y protecci\u00f3n a las v\u00edctimas de violencia: \u201cLa escasa coordinaci\u00f3n interinstitucional existente entre las instituciones estatales responsables de la atenci\u00f3n a mujeres que se encuentran en situaci\u00f3n de violencia.\u00a0<span style=\"font-size: 15px; color: var( --e-global-color-text );\">Por tanto, es preciso establecer nexos de coordinaci\u00f3n entre el Ministerio P\u00fablico con dichas instituciones p\u00fablicas y privadas, aportando de este modo a la reducci\u00f3n de la impunidad y la revictimizaci\u00f3n\u201d.<\/span><\/p>\n<p><span style=\"font-size: 15px; color: var( --e-global-color-text );\">El alto \u00edndice de violencia contra las mujeres en raz\u00f3n de g\u00e9nero y la poca o <\/span><span style=\"font-size: 15px; color: var( --e-global-color-text );\">ninguna respuesta por parte del sistema de justicia impuls\u00f3 a las organizaciones\u00a0<\/span><span style=\"font-size: 15px; color: var( --e-global-color-text );\">de mujeres a demandar al Estado boliviano la necesidad de implementar una Ley\u00a0<\/span><span style=\"font-size: 15px; color: var( --e-global-color-text );\">integral de la que deriven pol\u00edticas efectivas para erradicar la violencia contra la\u00a0<\/span><span style=\"font-size: 15px; color: var( --e-global-color-text );\">mujer y eliminar la impunidad de delitos de los que son v\u00edctimas, mayormente\u00a0<\/span><span style=\"font-size: 15px; color: var( --e-global-color-text );\">mujeres, quienes por el estado patriarcal, los estereotipos y roles de g\u00e9nero social y\u00a0<\/span><span style=\"font-size: 15px; color: var( --e-global-color-text );\">culturalmente construidos, la falta de recursos y dependencia econ\u00f3mica, el temor\u00a0<\/span><span style=\"font-size: 15px; color: var( --e-global-color-text );\">a ser estigmatizada y la presi\u00f3n familiar, no denuncian, callan y soportan los hechos\u00a0<\/span><span style=\"font-size: 15px; color: var( --e-global-color-text );\">violentos perpetrados en contra de ellas. (Defensor del Pueblo, 2012).<\/span><\/p>\n<p><span style=\"font-size: 15px; color: var( --e-global-color-text );\">Consecuencia de ello fue promulgada la Ley No. 348, \u201cLey Integral para Garantizar\u00a0<\/span><span style=\"font-size: 15px; color: var( --e-global-color-text );\">a las Mujeres una Vida Libre de Violencia\u201d, misma que se funda en el\u00a0<\/span><span style=\"font-size: 15px; color: var( --e-global-color-text );\">mandato constitucional del art\u00edculo 15 y en los Instrumentos, Tratados y Convenios\u00a0<\/span><span style=\"font-size: 15px; color: var( --e-global-color-text );\">Internacionales de Derechos Humanos ratificados por Bolivia, que garantizan a\u00a0<\/span><span style=\"font-size: 15px; color: var( --e-global-color-text );\">todas las personas en situaci\u00f3n de vulnerabilidad, en particular a las mujeres, el\u00a0<\/span><span style=\"font-size: 15px; color: var( --e-global-color-text );\">derecho a no sufrir violencia f\u00edsica, sexual y\/o psicol\u00f3gica tanto en la familia como\u00a0<\/span><span style=\"font-size: 15px; color: var( --e-global-color-text );\">en la sociedad.<\/span><\/p>\n<p><span style=\"font-size: 15px; color: var( --e-global-color-text );\">No obstante, este importante avance normativo que permiti\u00f3 visibilizar la violencia\u00a0<\/span><span style=\"font-size: 15px; color: var( --e-global-color-text );\">contra las mujeres (de todas las edades) en todas sus formas, la prevalencia de\u00a0<\/span><span style=\"font-size: 15px; color: var( --e-global-color-text );\">los hechos de violencia contin\u00faa siendo muy alta. Seg\u00fan datos de la Encuesta de\u00a0<\/span><span style=\"font-size: 15px; color: var( --e-global-color-text );\">Prevalencia y Caracter\u00edsticas de la Violencia contra las Mujeres (EPCVcM), en el\u00a0<\/span><span style=\"font-size: 15px; color: var( --e-global-color-text );\">\u00e1mbito privado 393.370 mujeres vivieron alg\u00fan episodio de violencia por parte de\u00a0<\/span><span style=\"font-size: 15px; color: var( --e-global-color-text );\">su enamorado, novio, o ex pareja, que representa 51,9% de un total de 757.408 mujeres solteras de 15 a\u00f1os o m\u00e1s edad a nivel nacional. El tipo de violencia m\u00e1s com\u00fan es la psicol\u00f3gica, donde el agresor controla a su pareja en su forma de vestir, en sus amistades y horarios, entre otros, este alcanza a 46,5% de las mujeres solteras; 21,2% sufri\u00f3 violencia sexual; 16,8%, violencia f\u00edsica y 12,2%, violencia econ\u00f3mica, todas estas agresiones fueron cometidas por su enamorado o ex enamorado. (INE y Ministerio de Justicia y Transparencia Institucional, 2016).<\/span><\/p>\n<p><span style=\"font-size: 15px; color: var( --e-global-color-text );\">En el periodo 2015 \u2013 2018 (marzo) del total de procesos registrados (113.269) en el marco de la Ley No. 348, el 64% ha concluido, sin embargo, solo el 1,62% de las causas cerradas obtuvieron una sentencia condenatoria luego de un juicio ordinario (representa el 1,13% del total de casos). El 3,3% la obtuvo mediante un proceso abreviado, alcanzando entre ambas el 4,92% (Defensor\u00eda del Pueblo, 2019), estos datos muestran el elevado patr\u00f3n de impunidad existente en el pa\u00eds, aproximadamente, solo cinco de cada 100 causas por delitos de violencia concluyeron con una sentencia condenatoria en el periodo indicado.<\/span><\/p>\n<p><span style=\"font-size: 15px; color: var( --e-global-color-text );\">En contrapartida, los rechazos del Ministerio P\u00fablico representan el 84,96% de las causas cerradas. Si a ello se suman las salidas alternativas de la conciliaci\u00f3n y la suspensi\u00f3n condicional del proceso (0,21%), los criterios de oportunidad reglada (5,34%) y los sobreseimientos (4,54%), es posible afirmar que al menos el 95,05% de las causas por delitos de violencia se cerraron sin una sanci\u00f3n. (ONU Mujeres, 2019).<\/span><\/p>\n<p><span style=\"font-size: 15px; color: var( --e-global-color-text );\">Las medidas de protecci\u00f3n previstas en la Ley No. 348 han enfrentado dificultades en su aplicaci\u00f3n que responde a vac\u00edos normativos, falta de valoraci\u00f3n de riesgos para las v\u00edctimas, demora en su disposici\u00f3n y homologaci\u00f3n judicial, as\u00ed como falta de seguimiento y acciones efectivas ante su incumplimiento. (Alianza Libres sin Violencia, 2018).<\/span><\/p>\n<p><span style=\"font-size: 15px; color: var( --e-global-color-text );\">Con el prop\u00f3sito de dar respuesta a estas falencias el 08 de mayo de 2019 se promulg\u00f3 la Ley No. 1173, que busca el fortalecimiento de los mecanismos de respuesta para las ni\u00f1as, ni\u00f1os, adolescentes y mujeres v\u00edctimas de violencia, aspecto que demanda la unificaci\u00f3n de criterios de atenci\u00f3n y la adopci\u00f3n transversal de la visi\u00f3n sensibilizadora y no revictimizante de la norma para lo que es indispensable adoptar un protocolo interinstitucional.<\/span><\/p>\n<p><span style=\"font-size: 15px; color: var( --e-global-color-text );\">\u00a0<\/span><\/p>\n<p>\u00a0<\/p>\n<\/div><\/div>\n<\/div>\n<\/div>\n<\/div>\n<\/div>\n<\/div>\n<\/div>\n<\/section>\n<section class=\"elementor-section elementor-top-section elementor-element elementor-element-9c516c4 elementor-section-boxed elementor-section-height-default elementor-section-height-default\" data-id=\"9c516c4\" data-element_type=\"section\">\n<div class=\"elementor-container elementor-column-gap-default\">\n<div class=\"elementor-row\">\n<div class=\"elementor-column elementor-col-100 elementor-top-column elementor-element elementor-element-1cc7921\" data-id=\"1cc7921\" data-element_type=\"column\">\n<div class=\"elementor-column-wrap elementor-element-populated\">\n<div class=\"elementor-widget-wrap\">\n<div class=\"elementor-element elementor-element-c4bd708 elementor-widget elementor-widget-heading\" data-id=\"c4bd708\" data-element_type=\"widget\" data-widget_type=\"heading.default\">\n<div class=\"elementor-widget-container\">\n<h2 class=\"elementor-heading-title elementor-size-default\">1.2 OBJETIVO<\/h2>\n<\/div>\n<\/div>\n<\/div>\n<\/div>\n<\/div>\n<\/div>\n<\/div>\n<\/section>\n<section class=\"elementor-section elementor-top-section elementor-element elementor-element-7302d99 elementor-section-boxed elementor-section-height-default elementor-section-height-default\" data-id=\"7302d99\" data-element_type=\"section\">\n<div class=\"elementor-container elementor-column-gap-default\">\n<div class=\"elementor-row\">\n<div class=\"elementor-column elementor-col-100 elementor-top-column elementor-element elementor-element-0ec4690\" data-id=\"0ec4690\" data-element_type=\"column\">\n<div class=\"elementor-column-wrap elementor-element-populated\">\n<div class=\"elementor-widget-wrap\">\n<div class=\"elementor-element elementor-element-469d6a7 elementor-widget elementor-widget-text-editor\" data-id=\"469d6a7\" data-element_type=\"widget\" data-widget_type=\"text-editor.default\">\n<div class=\"elementor-widget-container\">\n<div class=\"elementor-text-editor elementor-clearfix\">\n<p>El objetivo del presente Protocolo Interinstitucional es:<\/p>\n<\/div><\/div>\n<\/div>\n<\/div>\n<\/div>\n<\/div>\n<\/div>\n<\/div>\n<\/section>\n<section class=\"elementor-section elementor-top-section elementor-element elementor-element-d1fcfa2 elementor-section-boxed elementor-section-height-default elementor-section-height-default\" data-id=\"d1fcfa2\" data-element_type=\"section\" data-settings=\"{&quot;background_background&quot;:&quot;classic&quot;}\">\n<div class=\"elementor-container elementor-column-gap-default\">\n<div class=\"elementor-row\">\n<div class=\"elementor-column elementor-col-100 elementor-top-column elementor-element elementor-element-3397baf\" data-id=\"3397baf\" data-element_type=\"column\">\n<div class=\"elementor-column-wrap elementor-element-populated\">\n<div class=\"elementor-widget-wrap\">\n<div class=\"elementor-element elementor-element-cb62a85 elementor-widget elementor-widget-text-editor\" data-id=\"cb62a85\" data-element_type=\"widget\" data-widget_type=\"text-editor.default\">\n<div class=\"elementor-widget-container\">\n<div class=\"elementor-text-editor elementor-clearfix\">\n<div class=\"page\" title=\"Page 15\">\n<div class=\"section\">\n<div class=\"layoutArea\">\n<div class=\"column\">\n<div class=\"page\" title=\"Page 24\">\n<div class=\"section\">\n<div class=\"layoutArea\">\n<div class=\"column\">\n<div class=\"page\" title=\"Page 24\">\n<div class=\"section\">\n<div class=\"layoutArea\">\n<div class=\"column\">\n<p>\u201cEstandarizar los procedimientos y actuaciones a seguir por cada servicio profesional competente, para brindar una respuesta adecuada, inmediata y no revictimizante a las necesidades y requerimientos de las v\u00edctimas de delitos vinculados a las distintas formas de violencia contra ni\u00f1as, ni\u00f1os, adolescentes y mujeres, en el marco de la articulaci\u00f3n y coordinaci\u00f3n interinstitucionales y de sus respectivas funciones y atribuciones en materia de prevenci\u00f3n, atenci\u00f3n integral, protecci\u00f3n, sanci\u00f3n y reparaci\u00f3n de los hechos de violencia\u201d.<\/p>\n<\/div>\n<\/div>\n<\/div>\n<\/div>\n<\/div>\n<\/div>\n<\/div>\n<\/div>\n<\/div>\n<\/div>\n<\/div>\n<\/div>\n<\/div><\/div>\n<\/div>\n<\/div>\n<\/div>\n<\/div>\n<\/div>\n<\/div>\n<\/section>\n<section class=\"elementor-section elementor-top-section elementor-element elementor-element-de3910e elementor-section-boxed elementor-section-height-default elementor-section-height-default\" data-id=\"de3910e\" data-element_type=\"section\">\n<div class=\"elementor-container elementor-column-gap-default\">\n<div class=\"elementor-row\">\n<div class=\"elementor-column elementor-col-100 elementor-top-column elementor-element elementor-element-eae618a\" data-id=\"eae618a\" data-element_type=\"column\">\n<div class=\"elementor-column-wrap elementor-element-populated\">\n<div class=\"elementor-widget-wrap\">\n<div class=\"elementor-element elementor-element-4c972ef elementor-widget elementor-widget-text-editor\" data-id=\"4c972ef\" data-element_type=\"widget\" data-widget_type=\"text-editor.default\">\n<div class=\"elementor-widget-container\">\n<div class=\"elementor-text-editor elementor-clearfix\">\n<p>Su adopci\u00f3n no excluye otros instrumentos espec\u00edficos a ser adoptados o actualizados por las instituciones destinatarias conforme dispone la Ley No. 1173, siendo necesaria su compatibilizaci\u00f3n de manera que sean complementarios.<\/p>\n<\/div><\/div>\n<\/div>\n<\/div>\n<\/div>\n<\/div>\n<\/div>\n<\/div>\n<\/section>\n<section class=\"elementor-section elementor-top-section elementor-element elementor-element-d2b580c elementor-section-boxed elementor-section-height-default elementor-section-height-default\" data-id=\"d2b580c\" data-element_type=\"section\">\n<div class=\"elementor-container elementor-column-gap-default\">\n<div class=\"elementor-row\">\n<div class=\"elementor-column elementor-col-100 elementor-top-column elementor-element elementor-element-f52b5bb\" data-id=\"f52b5bb\" data-element_type=\"column\">\n<div class=\"elementor-column-wrap elementor-element-populated\">\n<div class=\"elementor-widget-wrap\">\n<div class=\"elementor-element elementor-element-dc83b9f elementor-widget elementor-widget-heading\" data-id=\"dc83b9f\" data-element_type=\"widget\" data-widget_type=\"heading.default\">\n<div class=\"elementor-widget-container\">\n<h2 class=\"elementor-heading-title elementor-size-default\">1.3 \u00c1MBITO DE APLICACI\u00d3N<\/h2>\n<\/div>\n<\/div>\n<\/div>\n<\/div>\n<\/div>\n<\/div>\n<\/div>\n<\/section>\n<section class=\"elementor-section elementor-top-section elementor-element elementor-element-f67ceed elementor-section-boxed elementor-section-height-default elementor-section-height-default\" data-id=\"f67ceed\" data-element_type=\"section\">\n<div class=\"elementor-container elementor-column-gap-default\">\n<div class=\"elementor-row\">\n<div class=\"elementor-column elementor-col-100 elementor-top-column elementor-element elementor-element-cad308f\" data-id=\"cad308f\" data-element_type=\"column\">\n<div class=\"elementor-column-wrap elementor-element-populated\">\n<div class=\"elementor-widget-wrap\">\n<div class=\"elementor-element elementor-element-8763ef7 elementor-widget elementor-widget-text-editor\" data-id=\"8763ef7\" data-element_type=\"widget\" data-widget_type=\"text-editor.default\">\n<div class=\"elementor-widget-container\">\n<div class=\"elementor-text-editor elementor-clearfix\">\n<p>El \u00e1mbito de protecci\u00f3n para la aplicaci\u00f3n de este protocolo comprende a:<\/p>\n<\/div><\/div>\n<\/div>\n<\/div>\n<\/div>\n<\/div>\n<\/div>\n<\/div>\n<\/section>\n<section class=\"elementor-section elementor-top-section elementor-element elementor-element-dfea1fa elementor-section-boxed elementor-section-height-default elementor-section-height-default\" data-id=\"dfea1fa\" data-element_type=\"section\">\n<div class=\"elementor-container elementor-column-gap-default\">\n<div class=\"elementor-row\">\n<div class=\"elementor-column elementor-col-100 elementor-top-column elementor-element elementor-element-37d9aec\" data-id=\"37d9aec\" data-element_type=\"column\">\n<div class=\"elementor-column-wrap elementor-element-populated\">\n<div class=\"elementor-widget-wrap\">\n<div class=\"elementor-element elementor-element-e647401 elementor-widget elementor-widget-text-editor\" data-id=\"e647401\" data-element_type=\"widget\" data-widget_type=\"text-editor.default\">\n<div class=\"elementor-widget-container\">\n<div class=\"elementor-text-editor elementor-clearfix\">\n<table cellspacing=\"0\" cellpadding=\"0\">\n<tbody>\n<tr>\n<td valign=\"top\">\n<p><span style=\"color: #676767; font-family: Ubuntu; font-size: small;\"><b>Ni\u00f1as, ni\u00f1os y adolescentes<\/b><\/span><\/p>\n<\/td>\n<td valign=\"top\">\n<p><span style=\"color: #676767; font-family: Ubuntu; font-size: small;\">Sin ning\u00fan tipo de discriminaci\u00f3n, que sean v\u00edctimas de delitos vinculados a las distintas formas de violencia que atenten contra sus derechos a la vida o integridad f\u00edsica, psicol\u00f3gica o sexual, cometidos por miembros de su entorno familiar o por cualquier otra persona conocida o desconocida, incluidos ni\u00f1as, ni\u00f1os y adolescentes que participen en un proceso penal por delitos de violencia en calidad de testigos. <\/span><\/p>\n<\/td>\n<\/tr>\n<tr>\n<td valign=\"top\">\n<p><span style=\"color: #676767; font-family: Ubuntu; font-size: small;\"><b>Mujeres, biol\u00f3gicas o con identidad de g\u00e9nero femenina <\/b><\/span><\/p>\n<\/td>\n<td valign=\"top\">\n<p><span style=\"color: #676767; font-family: Ubuntu; font-size: small;\">En relaci\u00f3n a los actos de violencia f\u00edsica, psicol\u00f3gica, sexual o econ\u00f3mico \u2013 patrimonial u otros previstos en la legislaci\u00f3n, que constituyan delitos y sean cometidos por la pareja, ex pareja o en el marco de cualquier otra relaci\u00f3n de intimidad, familiar o interpersonal, en cualquier \u00e1mbito privado o p\u00fablico, incluidos aquellos actos cometidos por desconocidos en contra de mujeres basados en su pertenencia al sexo o g\u00e9nero femenino incluso sin necesidad de que exista una relaci\u00f3n previa con la v\u00edctima de ninguna naturaleza. <\/span><\/p>\n<\/td>\n<\/tr>\n<\/tbody>\n<\/table>\n<\/div><\/div>\n<\/div>\n<\/div>\n<\/div>\n<\/div>\n<\/div>\n<\/div>\n<\/section>\n<section class=\"elementor-section elementor-top-section elementor-element elementor-element-ec6a654 elementor-section-boxed elementor-section-height-default elementor-section-height-default\" data-id=\"ec6a654\" data-element_type=\"section\">\n<div class=\"elementor-container elementor-column-gap-default\">\n<div class=\"elementor-row\">\n<div class=\"elementor-column elementor-col-100 elementor-top-column elementor-element elementor-element-24e332c\" data-id=\"24e332c\" data-element_type=\"column\">\n<div class=\"elementor-column-wrap elementor-element-populated\">\n<div class=\"elementor-widget-wrap\">\n<div class=\"elementor-element elementor-element-f6b3107 elementor-widget elementor-widget-text-editor\" data-id=\"f6b3107\" data-element_type=\"widget\" data-widget_type=\"text-editor.default\">\n<div class=\"elementor-widget-container\">\n<div class=\"elementor-text-editor elementor-clearfix\">\n<p>La protecci\u00f3n y el auxilio a la v\u00edctima es extensible a las hijas, hijos y otras personas dependientes de la mujer.<\/p>\n<\/div><\/div>\n<\/div>\n<\/div>\n<\/div>\n<\/div>\n<\/div>\n<\/div>\n<\/section>\n<section class=\"elementor-section elementor-top-section elementor-element elementor-element-8435072 elementor-section-boxed elementor-section-height-default elementor-section-height-default\" data-id=\"8435072\" data-element_type=\"section\">\n<div class=\"elementor-container elementor-column-gap-default\">\n<div class=\"elementor-row\">\n<div class=\"elementor-column elementor-col-100 elementor-top-column elementor-element elementor-element-b599f0b\" data-id=\"b599f0b\" data-element_type=\"column\">\n<div class=\"elementor-column-wrap elementor-element-populated\">\n<div class=\"elementor-widget-wrap\">\n<div class=\"elementor-element elementor-element-dbd18dd elementor-widget elementor-widget-heading\" data-id=\"dbd18dd\" data-element_type=\"widget\" data-widget_type=\"heading.default\">\n<div class=\"elementor-widget-container\">\n<h2 class=\"elementor-heading-title elementor-size-default\">1.4 FINALIDADES<\/h2>\n<\/div>\n<\/div>\n<\/div>\n<\/div>\n<\/div>\n<\/div>\n<\/div>\n<\/section>\n<section class=\"elementor-section elementor-top-section elementor-element elementor-element-c0d84a9 elementor-section-boxed elementor-section-height-default elementor-section-height-default\" data-id=\"c0d84a9\" data-element_type=\"section\">\n<div class=\"elementor-container elementor-column-gap-default\">\n<div class=\"elementor-row\">\n<div class=\"elementor-column elementor-col-100 elementor-top-column elementor-element elementor-element-a3212e3\" data-id=\"a3212e3\" data-element_type=\"column\">\n<div class=\"elementor-column-wrap elementor-element-populated\">\n<div class=\"elementor-widget-wrap\">\n<div class=\"elementor-element elementor-element-7d858a3 elementor-widget elementor-widget-text-editor\" data-id=\"7d858a3\" data-element_type=\"widget\" data-widget_type=\"text-editor.default\">\n<div class=\"elementor-widget-container\">\n<div class=\"elementor-text-editor elementor-clearfix\">\n<table cellspacing=\"0\" cellpadding=\"0\">\n<tbody>\n<tr>\n<td valign=\"top\">\n<p><span style=\"color: #676767; font-family: Ubuntu; font-size: small;\">Generar mecanismos de coordinaci\u00f3n y comunicaci\u00f3n interinstitucionales que permitan brindar servicios complementarios de asistencia y evitar la duplicidad de esfuerzos, proporcionando una respuesta institucional integral, oportuna y especializada de atenci\u00f3n a las v\u00edctimas de violencia. <\/span><\/p>\n<\/td>\n<\/tr>\n<tr>\n<td valign=\"top\">\n<p><span style=\"color: #676767; font-family: Ubuntu; font-size: small;\">Aplicar de manera articulada y coordinada las directrices del presente Protocolo en las diferentes instituciones responsables de brindar prevenci\u00f3n, atenci\u00f3n integral, protecci\u00f3n y reparaci\u00f3n a las v\u00edctimas de delitos previstos en el marco de la normativa. <\/span><\/p>\n<\/td>\n<\/tr>\n<tr>\n<td valign=\"top\">\n<p><span style=\"color: #676767; font-family: Ubuntu; font-size: small;\">Respetar la dignidad de las ni\u00f1as, ni\u00f1os, adolescentes y mujeres garantizando el ejercicio de sus derechos mediante actuaciones con sensibilidad, eficacia y eficiencia en la prevenci\u00f3n, atenci\u00f3n integral, protecci\u00f3n, sanci\u00f3n y reparaci\u00f3n. <\/span><\/p>\n<\/td>\n<\/tr>\n<tr>\n<td valign=\"top\">\n<p><span style=\"color: #676767; font-family: Ubuntu; font-size: small;\">Lograr una efectiva articulaci\u00f3n de funciones para mejorar la capacidad y tiempos de respuesta de las diferentes instituciones para la atenci\u00f3n integral a las v\u00edctimas. <\/span><\/p>\n<\/td>\n<\/tr>\n<tr>\n<td valign=\"top\">\n<p><span style=\"color: #676767; font-family: Ubuntu; font-size: small;\">Evitar la revictimizaci\u00f3n mediante actos o procedimientos repetitivos e innecesarios que puedan producir un sufrimiento a\u00f1adido a la v\u00edctima por parte de instituciones y profesionales encargados de prestar atenci\u00f3n y protecci\u00f3n a la v\u00edctima. <\/span><\/p>\n<\/td>\n<\/tr>\n<tr>\n<td valign=\"top\">\n<p><span style=\"color: #676767; font-family: Ubuntu; font-size: small;\">Desarrollar una investigaci\u00f3n penal estrat\u00e9gica e inteligente que permita reducir la impunidad de los hechos de violencia, la que deber\u00e1 ser apoyada por todas las instituciones en el marco de sus funciones y atribuciones. <\/span><\/p>\n<\/td>\n<\/tr>\n<tr>\n<td valign=\"top\">\n<p><span style=\"color: #676767; font-family: Ubuntu; font-size: small;\">Lograr una efectiva articulaci\u00f3n de funciones para mejorar la capacidad y tiempos de respuesta de las diferentes instituciones para la atenci\u00f3n integral a las v\u00edctimas. <\/span><\/p>\n<\/td>\n<\/tr>\n<tr>\n<td valign=\"top\">\n<p><span style=\"color: #676767; font-family: Ubuntu; font-size: small;\">Garantizar el acceso gratuito a la justicia, la diligencia debida en los procesos de investigaci\u00f3n, la persecuci\u00f3n penal y sanci\u00f3n, la recuperaci\u00f3n f\u00edsica y emocional, el resarcimiento de da\u00f1os que ocasiona los actos de violencia y la restituci\u00f3n de derechos, en los casos que corresponda <\/span><\/p>\n<\/td>\n<\/tr>\n<tr>\n<td valign=\"top\">\n<p><span style=\"color: #676767; font-family: Ubuntu; font-size: small;\">Eliminar pr\u00e1cticas institucionales de discriminaci\u00f3n de g\u00e9nero y generacional o por cualquier situaci\u00f3n o circunstancia personal de la v\u00edctima, en los procedimientos y decisiones que se tomen en todos los procesos por hechos de violencia. <\/span><\/p>\n<\/td>\n<\/tr>\n<\/tbody>\n<\/table>\n<\/div><\/div>\n<\/div>\n<\/div>\n<\/div>\n<\/div>\n<\/div>\n<\/div>\n<\/section>\n<section class=\"elementor-section elementor-top-section elementor-element elementor-element-0766c36 elementor-section-boxed elementor-section-height-default elementor-section-height-default\" data-id=\"0766c36\" data-element_type=\"section\">\n<div class=\"elementor-container elementor-column-gap-default\">\n<div class=\"elementor-row\">\n<div class=\"elementor-column elementor-col-100 elementor-top-column elementor-element elementor-element-e98767f\" data-id=\"e98767f\" data-element_type=\"column\">\n<div class=\"elementor-column-wrap elementor-element-populated\">\n<div class=\"elementor-widget-wrap\">\n<div class=\"elementor-element elementor-element-8e5f8ac elementor-widget elementor-widget-heading\" data-id=\"8e5f8ac\" data-element_type=\"widget\" data-widget_type=\"heading.default\">\n<div class=\"elementor-widget-container\">\n<h2 class=\"elementor-heading-title elementor-size-default\">1.5 PRINCIPIOS RECTORES<\/h2>\n<\/div>\n<\/div>\n<\/div>\n<\/div>\n<\/div>\n<\/div>\n<\/div>\n<\/section>\n<section class=\"elementor-section elementor-top-section elementor-element elementor-element-0c148d5 elementor-section-boxed elementor-section-height-default elementor-section-height-default\" data-id=\"0c148d5\" data-element_type=\"section\">\n<div class=\"elementor-container elementor-column-gap-default\">\n<div class=\"elementor-row\">\n<div class=\"elementor-column elementor-col-100 elementor-top-column elementor-element elementor-element-e7c2b18\" data-id=\"e7c2b18\" data-element_type=\"column\">\n<div class=\"elementor-column-wrap elementor-element-populated\">\n<div class=\"elementor-widget-wrap\">\n<div class=\"elementor-element elementor-element-7c22652 elementor-widget elementor-widget-text-editor\" data-id=\"7c22652\" data-element_type=\"widget\" data-widget_type=\"text-editor.default\">\n<div class=\"elementor-widget-container\">\n<div class=\"elementor-text-editor elementor-clearfix\">\n<ul>\n<li>Con el fin de asegurar el acceso a la justicia a ni\u00f1as, ni\u00f1os, adolescentes y mujeres v\u00edctimas y testigos de delitos de violencia, las instituciones responsables de la atenci\u00f3n y protecci\u00f3n deben respetar los siguientes principios:<\/li>\n<li><b>Inter\u00e9s superior de la ni\u00f1a, ni\u00f1o y adolescente.<\/b> Toda ni\u00f1a, ni\u00f1o y adolescente tiene derecho a que se consideren prioritarios sus intereses fundamentales y ellos sean ponderados por encima de cualquier otro. Este principio se traduce en la garant\u00eda que tienen de gozar de una protecci\u00f3n especial e integral que los reconozca efectivamente como sujetos de derechos; e impone la obligaci\u00f3n de prevenir la amenaza o vulneraci\u00f3n de sus derechos. Esto incluye el derecho a la protecci\u00f3n y a la opini\u00f3n para desarrollarse en forma arm\u00f3nica. Cuando se trate de tomar decisiones que afecten los derechos de las ni\u00f1as, ni\u00f1os y adolescentes o incluir la participaci\u00f3n de \u00e9stos, se debe aplicar el mejor inter\u00e9s para ellos.<\/li>\n<li><b>Ejercicio progresivo de derechos. <\/b>Se garantiza a las ni\u00f1as, ni\u00f1os y adolescentes, el ejercicio personal de sus derechos, de manera progresiva y conforme a su capacidad evolutiva.<\/li>\n<li><b>Prioridad absoluta.<\/b> Las ni\u00f1as, ni\u00f1os y adolescentes ser\u00e1n objeto de preferente atenci\u00f3n y protecci\u00f3n, en la prestaci\u00f3n de auxilio y atenci\u00f3n en situaciones de vulnerabilidad y en la protecci\u00f3n y socorro en cualquier circunstancia, oblig\u00e1ndose todos los corresponsables al cumplimiento efectivo de los derechos y garant\u00edas de las ni\u00f1as, ni\u00f1os y adolescentes.<\/li>\n<li><b>Especialidad.<\/b> Las y los servidores p\u00fablicos que tengan competencias para conocer hechos de violencia contra ni\u00f1as, ni\u00f1os y adolescente deben contar con los conocimientos necesarios y espec\u00edficos.<\/li>\n<li><b>Atenci\u00f3n prioritaria y diferenciada.<\/b> Las v\u00edctimas deben recibir atenci\u00f3n, asistencia y protecci\u00f3n prioritarias, por parte de instituciones p\u00fablicas y privadas, resguardando su integridad y salud f\u00edsica, as\u00ed como psicol\u00f3gica, adoptando medidas apropiadas para responder a sus necesidades particulares. Asimismo, deber\u00e1n proveer a la v\u00edctima y\/o familiares o tutores informaci\u00f3n respecto al derecho a interponer la denuncia, solicitar medidas de protecci\u00f3n, seguridad oportuna y una recuperaci\u00f3n integral.<\/li>\n<li><b>Igualdad sustantiva.<\/b> Las personas somos iguales ante la Ley por la que se reconoce que cada persona es titular de derechos fundamentales, la igualdad sustantiva alude al ejercicio pleno de esos derechos y a la capacidad de hacerlos efectivos en la vida cotidiana y en espec\u00edfico en el acceso a la justicia.<\/li>\n<li><b>No discriminaci\u00f3n. <\/b>V\u00edctimas, testigos y sus familiares tienen derecho a un trato equitativo y justo, sin que las categor\u00edas de origen, etnia, color, sexo, orientaci\u00f3n sexual e identidad de g\u00e9nero, idioma, religi\u00f3n, opini\u00f3n pol\u00edtica, posici\u00f3n econ\u00f3mica, nacionalidad, impedimentos f\u00edsicos o cualquier otra condici\u00f3n que sea utilizada para menoscabar o anular el reconocimiento, goce o ejercicio de derechos.<\/li>\n<li><strong>Debida diligencia.<\/strong> Es deber del Estado proceder con la debida diligencia a fin de prevenir, investigar y, conforme a la legislaci\u00f3n nacional, castigar todo acto de violencia contra la mujer, ya se trate de actos perpetrados por el Estado o por particulares. Una vez que las autoridades estatales tengan conocimiento del hecho, deben iniciar de oficio y sin dilaci\u00f3n, una investigaci\u00f3n seria, imparcial, efectiva y con perspectiva de g\u00e9nero hasta la determinaci\u00f3n de la verdad.<\/li>\n<li><b>Respeto.<\/b> En todas las etapas del proceso se respetar\u00e1 su condici\u00f3n de v\u00edctima y por ning\u00fan motivo se mostrar\u00e1 una conducta prejuiciosa y\/o irrespetuosa hacia su cultura, familia, identidad de g\u00e9nero, creencias religiosas, situaci\u00f3n econ\u00f3mica, actividad laboral o cualquier otra situaci\u00f3n vinculada a los hechos denunciados.<\/li>\n<li><b>Calidad y calidez.<\/b> Las mujeres, ni\u00f1os, ni\u00f1as y adolescentes, u otras personas que han sido v\u00edctimas de delitos o testigos de hechos delictivos, deben recibir protecci\u00f3n y un trato justo cuando tengan que relatar los hechos.<\/li>\n<li><b>Justicia despatriarcalizadora.<\/b> Implica transformar la forma de impartir justicia de manera que las actuaciones y decisiones judiciales respondan a criterios de equidad, igualdad y no discriminaci\u00f3n, de manera que la aplicaci\u00f3n de la ley no perpet\u00fae la subordinaci\u00f3n, opresi\u00f3n y dominaci\u00f3n de las mujeres.<\/li>\n<li><b>Oficiosidad reforzada.<\/b> El Estado est\u00e1 obligado, una vez que toma conocimiento del delito de violencia, iniciar de oficio una investigaci\u00f3n seria y efectiva de los hechos. En este sentido la investigaci\u00f3n debe ser realizada por todos los medios legales disponibles y orientada a la determinaci\u00f3n de la verdad y a la persecuci\u00f3n, captura, enjuiciamiento y eventual castigo de todos los responsables de los hechos.<\/li>\n<li><b>Gratuidad.<\/b> El acceso a la administraci\u00f3n de justicia es gratuito, sin costo alguno para las v\u00edctimas de violencia; siendo \u00e9sta la condici\u00f3n para hacer realidad el acceso a la justicia en condiciones de igualdad. La situaci\u00f3n econ\u00f3mica de las partes, no puede colocar a una de ellas en situaci\u00f3n de privilegio frente a la otra, ni propiciar la discriminaci\u00f3n.\u00a0<\/li>\n<li><b>Consentimiento informado.<\/b> La v\u00edctima tiene derecho a dar su consentimiento informado sobre su participaci\u00f3n en ex\u00e1menes, pericias, entrevistas, audiencias y todo tipo de procedimiento, as\u00ed como en las medidas de asistencia que se le recomienden. Tiene derecho a que se le expliquen sus alcances, efectos y contar con la presencia de una persona de su confianza durante su realizaci\u00f3n.<\/li>\n<li><b>Credibilidad.<\/b> Las y los servicios de atenci\u00f3n a la v\u00edctima, en especial al momento de la recepci\u00f3n de la denuncia, dar\u00e1n cr\u00e9dito a la palabra de la v\u00edctima en el marco del debido proceso, a fin de iniciar las acciones legales pertinentes y dar inicio a una investigaci\u00f3n seria y efectiva que permita confirmar la veracidad de los hechos e identificar a los responsables de los mismos.<\/li>\n<li><b>Valor reforzado del testimonio de la v\u00edctima.<\/b> Implica dar credibilidad a la declaraci\u00f3n de la v\u00edctima, la que constituye una prueba fundamental que al contrastarla con otras pruebas es necesario liberarse de los prejuicios de c\u00f3mo deber\u00edan haber actuado las v\u00edctimas (estereotipo de la v\u00edctima ideal); entender la din\u00e1mica misma de la violencia; las relaciones de poder que pueden existir entre la v\u00edctima y el agresor; y no prejuzgar sobre la forma de vida de la v\u00edctima o sobre sus actos anteriores o posteriores a los hechos ya que no son ellos los investigados ni juzgados.<\/li>\n<li><b>Participaci\u00f3n efectiva.<\/b> Comprende el acceso equitativo y efectivo de la v\u00edctima a la justicia y una reparaci\u00f3n adecuada, efectiva y pronta por el da\u00f1o sufrido. El proceso debe desarrollarse garantizando tambi\u00e9n el respeto y la participaci\u00f3n de los familiares o personas que conviven con la v\u00edctima en su condici\u00f3n de v\u00edctimas indirectas.<\/li>\n<li><b>Laicidad.\u00a0<\/b>Cobra especial relevancia en la interpretaci\u00f3n y aplicaci\u00f3n de la Ley puesto que obliga a cambios en la cultura judicial desde el punto de vista de los roles de hombres y mujeres en la sociedad, por lo que es obligaci\u00f3n de los\/as servidores\/as superar los criterios religiosos o la invocaci\u00f3n de costumbres o tradiciones culturales para justificar la violencia e interpretar las Leyes. Este principio en la administraci\u00f3n de justicia, refuerza la separaci\u00f3n del poder pol\u00edtico del poder religioso, y garantiza la independencia judicial, con la pretensi\u00f3n de evitar que servidores\/as judiciales, puedan interponer sus convicciones morales y religiosas personales en el desempe\u00f1o de su labor.<\/li>\n<li><b>Potenciamiento de la autonom\u00eda de la mujer. <\/b>El empoderamiento de las mujeres es un fin en s\u00ed mismo en todas las actuaciones en materia de violencia contra la mujer permite que las mujeres adquieran herramientas psicosociales para afrontar los conflictos de manera m\u00e1s adecuada, que recompongan su autoestima despu\u00e9s de los procesos de degradaci\u00f3n personal a los que han estado sometidas y que dispongan de recursos profesionales productivos y ayudas sociales que posibiliten iniciar una vida aut\u00f3noma, sola o en compa\u00f1\u00eda de sus hijos e hijas.<\/li>\n<li><b>Equidad de g\u00e9nero.<\/b> Implica garantizar que las v\u00edctima accedan en condiciones de igualdad a la justicia, que supone reconocer que la violencia en raz\u00f3n de g\u00e9nero se produce en un contexto de desigualdad y relaciones de poder ante el que los sevicios de atenci\u00f3n y judiciales tiene un rol transformador aplicando el derecho al caso concreto con una perspectiva de g\u00e9nero.<\/li>\n<\/ul>\n<\/div><\/div>\n<\/div>\n<\/div>\n<\/div>\n<\/div>\n<\/div>\n<\/div>\n<\/section>\n<section class=\"elementor-section elementor-top-section elementor-element elementor-element-4610fd8 elementor-section-boxed elementor-section-height-default elementor-section-height-default\" data-id=\"4610fd8\" data-element_type=\"section\">\n<div class=\"elementor-container elementor-column-gap-default\">\n<div class=\"elementor-row\">\n<div class=\"elementor-column elementor-col-100 elementor-top-column elementor-element elementor-element-9b9a1fa\" data-id=\"9b9a1fa\" data-element_type=\"column\">\n<div class=\"elementor-column-wrap elementor-element-populated\">\n<div class=\"elementor-widget-wrap\">\n<div class=\"elementor-element elementor-element-c626983 elementor-widget elementor-widget-heading\" data-id=\"c626983\" data-element_type=\"widget\" data-widget_type=\"heading.default\">\n<div class=\"elementor-widget-container\">\n<h2 class=\"elementor-heading-title elementor-size-default\">1.6 ENFOQUES<\/h2>\n<\/div>\n<\/div>\n<\/div>\n<\/div>\n<\/div>\n<\/div>\n<\/div>\n<\/section>\n<section class=\"elementor-section elementor-top-section elementor-element elementor-element-7f99d6d elementor-section-boxed elementor-section-height-default elementor-section-height-default\" data-id=\"7f99d6d\" data-element_type=\"section\">\n<div class=\"elementor-container elementor-column-gap-default\">\n<div class=\"elementor-row\">\n<div class=\"elementor-column elementor-col-100 elementor-top-column elementor-element elementor-element-2fe14c6\" data-id=\"2fe14c6\" data-element_type=\"column\">\n<div class=\"elementor-column-wrap elementor-element-populated\">\n<div class=\"elementor-widget-wrap\">\n<div class=\"elementor-element elementor-element-c19ceb2 elementor-widget elementor-widget-text-editor\" data-id=\"c19ceb2\" data-element_type=\"widget\" data-widget_type=\"text-editor.default\">\n<div class=\"elementor-widget-container\">\n<div class=\"elementor-text-editor elementor-clearfix\">\n<table cellspacing=\"0\" cellpadding=\"0\">\n<tbody>\n<tr>\n<td valign=\"top\">\n<p><span style=\"color: #676767; font-family: Ubuntu; font-size: small;\"><b>Sensible no revictimizante <\/b><\/span><\/p>\n<\/td>\n<td valign=\"top\">\n<p><span style=\"color: #676767; font-family: Ubuntu; font-size: small;\">Implica comprender la gravedad del problema en todas sus manifestaciones, causas, desarrollo y efectos en la v\u00edctima y su entorno para brindarle una respuesta adecuada, prioritaria, integral y efectiva. La no revictimizaci\u00f3n debe estar orientada a brindar un trato digno a la v\u00edctima, precautelar su integridad, evitando la confrontaci\u00f3n directa con el agresor, as\u00ed como entrevistas, interrogatorios, ex\u00e1menes y actuados repetitivos e innecesarios, conductas prejuiciosas y otras actitudes que generen en la v\u00edctima un da\u00f1o o un perjuicio adicional a los da\u00f1os derivados del momento de la comisi\u00f3n del delito. <\/span><\/p>\n<\/td>\n<\/tr>\n<tr>\n<td valign=\"top\">\n<p><span style=\"color: #676767; font-family: Ubuntu; font-size: small;\"><b>Derechos Humanos <\/b><\/span><\/p>\n<\/td>\n<td valign=\"top\">\n<p><span style=\"color: #676767; font-family: Ubuntu; font-size: small;\">Desarrolla la capacidad de los garantes de derechos para cumplir con sus obligaciones; por otro lado, alienta a los titulares de derechos a reivindicarlos. Comprende la obligaci\u00f3n de hacer accesibles los recursos judiciales: sencillos, r\u00e1pidos, id\u00f3neos e imparciales, de manera no discriminatoria, para investigar, sancionar y reparar estos actos y evitar la impunidad. Se centra en los grupos de poblaci\u00f3n que son objeto de una mayor marginaci\u00f3n, exclusi\u00f3n y discriminaci\u00f3n. Este enfoque requiere un an\u00e1lisis de las normas de g\u00e9nero, de las diferentes formas de discriminaci\u00f3n y de los desequilibrios de poder a fin de garantizar que las intervenciones lleguen a la poblaci\u00f3n m\u00e1s vulnerable. Debe aplicar los est\u00e1ndares de derechos humanos y basarse en el respeto a la dignidad de la persona. <\/span><\/p>\n<\/td>\n<\/tr>\n<tr>\n<td valign=\"top\">\n<p><span style=\"color: #676767; font-family: Ubuntu; font-size: small;\"><b>Generacional <\/b><\/span><\/p>\n<\/td>\n<td valign=\"top\">\n<p><span style=\"color: #676767; font-family: Ubuntu; font-size: small;\">Parte del reconocimiento de que ni\u00f1as, ni\u00f1os y adolescentes tienen necesidades diferenciadas de las personas adultas, por lo que las intervenciones con v\u00edctimas de violencia requieren aplicar estrategias que contemplen la edad de la v\u00edctima, para dar una atenci\u00f3n integral considerando las particularidades seg\u00fan momento de desarrollo y ciclo vital de las personas. Para ello, hay que considerar la intervenci\u00f3n desde espacios propios, separados de los espacios para adultos, atendiendo su inter\u00e9s superior y sus derechos como v\u00edctimas, incluido el respeto a su opini\u00f3n y sus decisiones en todo procedimiento que les afecte de acuerdo a su entendimiento y madurez bajo el principio de autonom\u00eda progresiva. <\/span><\/p>\n<\/td>\n<\/tr>\n<\/tbody>\n<\/table>\n<\/div><\/div>\n<\/div>\n<\/div>\n<\/div>\n<\/div>\n<\/div>\n<\/div>\n<\/section>\n<section class=\"elementor-section elementor-top-section elementor-element elementor-element-2912e8d elementor-section-boxed elementor-section-height-default elementor-section-height-default\" data-id=\"2912e8d\" data-element_type=\"section\">\n<div class=\"elementor-container elementor-column-gap-default\">\n<div class=\"elementor-row\">\n<div class=\"elementor-column elementor-col-100 elementor-top-column elementor-element elementor-element-2b03947\" data-id=\"2b03947\" data-element_type=\"column\">\n<div class=\"elementor-column-wrap elementor-element-populated\">\n<div class=\"elementor-widget-wrap\">\n<div class=\"elementor-element elementor-element-c0f44ca elementor-widget elementor-widget-text-editor\" data-id=\"c0f44ca\" data-element_type=\"widget\" data-widget_type=\"text-editor.default\">\n<div class=\"elementor-widget-container\">\n<div class=\"elementor-text-editor elementor-clearfix\">\n<table cellspacing=\"0\" cellpadding=\"0\">\n<tbody>\n<tr>\n<td valign=\"top\">\n<p><span style=\"color: #676767; font-family: Ubuntu; font-size: small;\">Es una forma de observar la realidad con base en las variables de sexo y g\u00e9nero y sus manifestaciones en contextos hist\u00f3ricamente determinados. Aplicar el enfoque de g\u00e9nero, permite identificar y distinguir las relaciones de poder y desigualdad entre hombres y mujeres, que impiden el ejercicio de los mismos derechos en igualdad de condiciones. Por ello, considerar diferencialmente la situaci\u00f3n de mujeres y hombres, en los casos de violencia, constituye una herramienta indispensable para asegurar una respuesta adecuada as\u00ed como actuar y decidir libre de estereotipos y prejuicios de g\u00e9nero. <\/span><\/p>\n<\/td>\n<td valign=\"top\">\n<p><span style=\"color: #676767; font-family: Ubuntu; font-size: small;\">G\u00e9nero<\/span><\/p>\n<\/td>\n<\/tr>\n<tr>\n<td valign=\"top\">\n<p><span style=\"color: #676767; font-family: Ubuntu; font-size: small;\">Se basa en el reconocimiento de los derechos de todos los pueblos y etnias a ser respetados y valorados en sus tradiciones, estilos de vida y culturas diferentes. Para las actuaciones institucionales significa que hay que ofrecer atenci\u00f3n a las v\u00edctimas tomando en consideraci\u00f3n sus identidades, expresiones y necesidades, utilizando su propio idioma, comprendiendo sus costumbres y descartando prejuicios y mitos que expresen xenofobia o racismo. <\/span><\/p>\n<\/td>\n<td valign=\"top\">\n<p><span style=\"color: #676767; font-family: Ubuntu; font-size: small;\">Interculturalidad<\/span><\/p>\n<\/td>\n<\/tr>\n<tr>\n<td valign=\"top\">\n<p><span style=\"color: #676767; font-family: Ubuntu; font-size: small;\">Permite identificar las variadas identidades que confluyen en una misma persona y que permite exponer los diferentes tipos de discriminaci\u00f3n y desventaja que se dan como consecuencia de la combinaci\u00f3n de tales identidades. <\/span><\/p>\n<\/td>\n<td valign=\"top\">\n<p><span style=\"color: #676767; font-family: Ubuntu; font-size: small;\">Interseccional<\/span><\/p>\n<\/td>\n<\/tr>\n<\/tbody>\n<\/table>\n<\/div><\/div>\n<\/div>\n<\/div>\n<\/div>\n<\/div>\n<\/div>\n<\/div>\n<\/section>\n<section class=\"elementor-section elementor-top-section elementor-element elementor-element-ae32641 elementor-section-boxed elementor-section-height-default elementor-section-height-default\" data-id=\"ae32641\" data-element_type=\"section\">\n<div class=\"elementor-container elementor-column-gap-default\">\n<div class=\"elementor-row\">\n<div class=\"elementor-column elementor-col-100 elementor-top-column elementor-element elementor-element-417bdd1\" data-id=\"417bdd1\" data-element_type=\"column\">\n<div class=\"elementor-column-wrap elementor-element-populated\">\n<div class=\"elementor-widget-wrap\">\n<div class=\"elementor-element elementor-element-2139599 elementor-widget elementor-widget-heading\" data-id=\"2139599\" data-element_type=\"widget\" data-widget_type=\"heading.default\">\n<div class=\"elementor-widget-container\">\n<h2 class=\"elementor-heading-title elementor-size-default\">1.7 INSTITUCIONES DESTINATARIAS<\/h2>\n<\/div>\n<\/div>\n<\/div>\n<\/div>\n<\/div>\n<\/div>\n<\/div>\n<\/section>\n<section class=\"elementor-section elementor-top-section elementor-element elementor-element-e9bba81 elementor-section-boxed elementor-section-height-default elementor-section-height-default\" data-id=\"e9bba81\" data-element_type=\"section\">\n<div class=\"elementor-container elementor-column-gap-default\">\n<div class=\"elementor-row\">\n<div class=\"elementor-column elementor-col-100 elementor-top-column elementor-element elementor-element-d75e21f\" data-id=\"d75e21f\" data-element_type=\"column\">\n<div class=\"elementor-column-wrap elementor-element-populated\">\n<div class=\"elementor-widget-wrap\">\n<div class=\"elementor-element elementor-element-1871e44 elementor-widget elementor-widget-text-editor\" data-id=\"1871e44\" data-element_type=\"widget\" data-widget_type=\"text-editor.default\">\n<div class=\"elementor-widget-container\">\n<div class=\"elementor-text-editor elementor-clearfix\">\n<p>Las y los destinatarios de este Protocolo son: servidores y servidoras p\u00fablicas, personal de instituciones privadas y organizaciones no gubernamentales que tengan participaci\u00f3n en cualquier etapa de la Ruta Cr\u00edtica, sea de mecanismos de atenci\u00f3n, asistencia, protecci\u00f3n, sanci\u00f3n y reparaci\u00f3n. Este Protocolo se constituye en una herramienta para el seguimiento y monitoreo al cumplimiento de las funciones de estos mecanismos por parte de las instancias competentes.<\/p>\n<p>Entre \u00e9stos se tiene a los siguientes:<\/p>\n<ul>\n<li>Ministerio P\u00fablico.<\/li>\n<li>Polic\u00eda Boliviana.<\/li>\n<li>Gobiernos Aut\u00f3nomos Municipales.<\/li>\n<\/ul>\n<p style=\"padding-left: 80px;\">\u00bb\u00bb Servicios Legales Integrales Municipales.<\/p>\n<p style=\"padding-left: 80px;\">\u00bb\u00bb Defensor\u00edas de la Ni\u00f1ez y Adolescencia.<\/p>\n<p style=\"padding-left: 80px;\">\u00bb\u00bb Casas de Acogida y Refugio Temporal.<\/p>\n<ul>\n<li><span style=\"color: var( --e-global-color-text ); font-size: 15px;\">Ministerio de Justicia y Transparencia Institucional.<\/span><\/li>\n<\/ul>\n<p style=\"padding-left: 80px;\">\u00bb\u00bb Viceministerio de Igualdad de Oportunidades (VIO).<\/p>\n<p style=\"padding-left: 80px;\">\u00bb\u00bb Direcci\u00f3n General de Prevenci\u00f3n y Eliminaci\u00f3n de toda Forma de&nbsp;<span style=\"font-size: 15px; color: var( --e-global-color-text );\">Violencia en Raz\u00f3n de G\u00e9nero y Generacional.<\/span><\/p>\n<p style=\"padding-left: 80px;\">\u00bb\u00bb Servicios Integrados de Justicia Plurinacional (SIJPLU).<\/p>\n<p style=\"padding-left: 80px;\">\u00bb\u00bb Servicio de Asistencia Plurinacional de Asistencia a la V\u00edctima (SEPDAVI).<\/p>\n<p style=\"padding-left: 80px;\">\u00bb\u00bb Mecanismo de Prevenci\u00f3n y Atenci\u00f3n Inmediata de Defensa de los&nbsp;<span style=\"font-size: 15px; color: var( --e-global-color-text );\">Derechos de las Mujeres en Situaci\u00f3n de Acoso y\/o Violencia Pol\u00edtica.<\/span><\/p>\n<p style=\"padding-left: 80px;\">\u00bb\u00bb Sistema Integral Plurinacional de Prevenci\u00f3n, Atenci\u00f3n, Sanci\u00f3n&nbsp;<span style=\"font-size: 15px; color: var( --e-global-color-text );\">y Erradicaci\u00f3n de la Violencia en Raz\u00f3n de G\u00e9nero (SIPPASE-VRG)&nbsp;<\/span><span style=\"font-size: 15px; color: var( --e-global-color-text );\">dependiente de la Direcci\u00f3n General de Prevenci\u00f3n y Eliminaci\u00f3n de&nbsp;<\/span><span style=\"font-size: 15px; color: var( --e-global-color-text );\">toda Forma de Violencia en Raz\u00f3n de G\u00e9nero y Generacional.<\/span><\/p>\n<ul>\n<li>Gobierno Aut\u00f3nomo Departamental \u2013 Instancia T\u00e9cnica Departamental <span style=\"font-size: 15px; color: var( --e-global-color-text );\">(SEDEGES\/SEDEPOS), Centros Especializados de Prevenci\u00f3n y Atenci\u00f3n&nbsp;<\/span><span style=\"font-size: 15px; color: var( --e-global-color-text );\">Terap\u00e9utica (CEPAT), Centros de Acogida.<\/span><\/li>\n<li>Ministerio de Educaci\u00f3n.<\/li>\n<\/ul>\n<p style=\"padding-left: 80px;\">\u00bb\u00bb Direcciones Departamentales, Distritales y de Unidades Educativas, centros de Educaci\u00f3n Alternativa, Educaci\u00f3n Superior.<\/p>\n<p style=\"padding-left: 80px;\">\u00bb\u00bb Abogadas\/os defensoras\/as de Direcciones Departamentales de Educaci\u00f3n.<\/p>\n<ul>\n<li>Ministerio de Salud \u2013 Sistema de Salud P\u00fablico, Seguro Social a Corto Plazo y Privado.<\/li>\n<li>Ministerio de Trabajo, Empleo y Previsi\u00f3n Social &#8211; Inspector\u00edas de Trabajo.<\/li>\n<li>\u00d3rgano Judicial<a class=\"tooltips\" title=\"Contempla a los juzgados y tribunales en sede penal, as\u00ed como a otros de las distintas materias cuando tengan conocimiento de la existencia de un hecho de violencia contra ni\u00f1as, ni\u00f1os, adolescentes o mujeres, a fin de disponer las medidas de protecci\u00f3n que correspondan y formular la correspondiente denuncia al Ministerio P\u00fablico.\"><sup>2<\/sup><\/a>.<\/li>\n<li>\u00d3rgano Electoral.<\/li>\n<li>Defensor\u00eda del Pueblo.<\/li>\n<li>Servicio Plurinacional de la Mujer y de la Despatriarcalizaci\u00f3n \u201cAna Mar\u00eda Romero\u201d.<\/li>\n<li>Organizaciones No Gubernamentales ONGs, promotoras comunitarias y otras instituciones de la sociedad civil que brindan atenci\u00f3n y apoyo a v\u00edctimas de violencia.<\/li>\n<\/ul>\n<\/div><\/div>\n<\/div>\n<\/div>\n<\/div>\n<\/div>\n<\/div>\n<\/div>\n<\/section><\/div>\n<\/div>\n<\/div>\n<\/div>\t\t<\/div>\n\t\t\t\t<\/article>\n\t\t\t\t<article class=\"elementor-post elementor-grid-item post-3317 post type-post status-publish format-standard hentry category-protocolo-sepmud\">\n\t\t\t\t<div class=\"elementor-post__text\">\n\t\t<div class=\"elementor-post__content\"><style>.elementor-3317 .elementor-element.elementor-element-c29e87f .elementor-heading-title{color:#31B7BC;font-family:\"Viga\", Sans-serif;font-size:35px;font-weight:600;}.elementor-3317 .elementor-element.elementor-element-c29e87f > .elementor-widget-container{margin:0% 5% 0% 0%;}.elementor-3317 .elementor-element.elementor-element-e55133c .elementor-heading-title{color:#31B7BC;font-family:\"Viga\", Sans-serif;font-size:25px;font-weight:600;}.elementor-3317 .elementor-element.elementor-element-e55133c > .elementor-widget-container{margin:0% 5% 0% 5%;}.elementor-3317 .elementor-element.elementor-element-d011acf .elementor-text-editor{text-align:justify;}.elementor-3317 .elementor-element.elementor-element-d011acf{font-family:\"Ubuntu\", Sans-serif;font-weight:400;}.elementor-3317 .elementor-element.elementor-element-d011acf > .elementor-widget-container{margin:0% 5% 0% 5%;}.elementor-3317 .elementor-element.elementor-element-69c0282 .elementor-text-editor{text-align:justify;}.elementor-3317 .elementor-element.elementor-element-69c0282{font-family:\"Ubuntu\", Sans-serif;font-weight:400;}.elementor-3317 .elementor-element.elementor-element-69c0282 > .elementor-widget-container{margin:0% 5% 0% 5%;}.elementor-3317 .elementor-element.elementor-element-ea8ab12 .elementor-text-editor{text-align:justify;}.elementor-3317 .elementor-element.elementor-element-ea8ab12{font-family:\"Ubuntu\", Sans-serif;font-weight:400;}.elementor-3317 .elementor-element.elementor-element-ea8ab12 > .elementor-widget-container{margin:0% 5% 0% 5%;}.elementor-3317 .elementor-element.elementor-element-116e61f .elementor-text-editor{text-align:justify;}.elementor-3317 .elementor-element.elementor-element-116e61f{font-family:\"Ubuntu\", Sans-serif;font-weight:400;}.elementor-3317 .elementor-element.elementor-element-116e61f > .elementor-widget-container{margin:0% 5% 0% 5%;}.elementor-3317 .elementor-element.elementor-element-46dc144 .elementor-text-editor{text-align:justify;}.elementor-3317 .elementor-element.elementor-element-46dc144{font-family:\"Ubuntu\", Sans-serif;font-weight:400;}.elementor-3317 .elementor-element.elementor-element-46dc144 > .elementor-widget-container{margin:0% 5% 0% 5%;}.elementor-3317 .elementor-element.elementor-element-9d4fa75 .elementor-text-editor{text-align:justify;}.elementor-3317 .elementor-element.elementor-element-9d4fa75{font-family:\"Ubuntu\", Sans-serif;font-weight:400;}.elementor-3317 .elementor-element.elementor-element-9d4fa75 > .elementor-widget-container{margin:0% 5% 0% 5%;}.elementor-3317 .elementor-element.elementor-element-23ebb1a .elementor-text-editor{text-align:justify;}.elementor-3317 .elementor-element.elementor-element-23ebb1a{font-family:\"Ubuntu\", Sans-serif;font-weight:400;}.elementor-3317 .elementor-element.elementor-element-23ebb1a > .elementor-widget-container{margin:0% 5% 0% 5%;}.elementor-3317 .elementor-element.elementor-element-0f22570 .elementor-text-editor{text-align:justify;}.elementor-3317 .elementor-element.elementor-element-0f22570{font-family:\"Ubuntu\", Sans-serif;font-weight:400;}.elementor-3317 .elementor-element.elementor-element-0f22570 > .elementor-widget-container{margin:0% 5% 0% 5%;}.elementor-3317 .elementor-element.elementor-element-8f9051e .elementor-text-editor{text-align:justify;}.elementor-3317 .elementor-element.elementor-element-8f9051e{font-family:\"Ubuntu\", Sans-serif;font-weight:400;}.elementor-3317 .elementor-element.elementor-element-8f9051e > .elementor-widget-container{margin:0% 5% 0% 5%;}.elementor-3317 .elementor-element.elementor-element-02db589 .elementor-text-editor{text-align:justify;}.elementor-3317 .elementor-element.elementor-element-02db589{font-family:\"Ubuntu\", Sans-serif;font-weight:400;}.elementor-3317 .elementor-element.elementor-element-02db589 > .elementor-widget-container{margin:0% 5% 0% 5%;}.elementor-3317 .elementor-element.elementor-element-53e1e8b .elementor-text-editor{text-align:justify;}.elementor-3317 .elementor-element.elementor-element-53e1e8b{font-family:\"Ubuntu\", Sans-serif;font-weight:400;}.elementor-3317 .elementor-element.elementor-element-53e1e8b > .elementor-widget-container{margin:0% 5% 0% 5%;}.elementor-3317 .elementor-element.elementor-element-beb6fdb .elementor-text-editor{text-align:justify;}.elementor-3317 .elementor-element.elementor-element-beb6fdb{font-family:\"Ubuntu\", Sans-serif;font-weight:400;}.elementor-3317 .elementor-element.elementor-element-beb6fdb > .elementor-widget-container{margin:0% 5% 0% 5%;}.elementor-3317 .elementor-element.elementor-element-6681c88 .elementor-text-editor{text-align:justify;}.elementor-3317 .elementor-element.elementor-element-6681c88{font-family:\"Ubuntu\", Sans-serif;font-weight:400;}.elementor-3317 .elementor-element.elementor-element-6681c88 > .elementor-widget-container{margin:0% 5% 0% 5%;}.elementor-3317 .elementor-element.elementor-element-cee9ee9 .elementor-text-editor{text-align:justify;}.elementor-3317 .elementor-element.elementor-element-cee9ee9{font-family:\"Ubuntu\", Sans-serif;font-weight:400;}.elementor-3317 .elementor-element.elementor-element-cee9ee9 > .elementor-widget-container{margin:0% 5% 0% 5%;}.elementor-3317 .elementor-element.elementor-element-ac43f75 .elementor-text-editor{text-align:justify;}.elementor-3317 .elementor-element.elementor-element-ac43f75{font-family:\"Ubuntu\", Sans-serif;font-weight:400;}.elementor-3317 .elementor-element.elementor-element-ac43f75 > .elementor-widget-container{margin:0% 5% 0% 5%;}.elementor-3317 .elementor-element.elementor-element-e745486 .elementor-text-editor{text-align:justify;}.elementor-3317 .elementor-element.elementor-element-e745486{font-family:\"Ubuntu\", Sans-serif;font-weight:400;}.elementor-3317 .elementor-element.elementor-element-e745486 > .elementor-widget-container{margin:0% 5% 0% 5%;}.elementor-3317 .elementor-element.elementor-element-52a842d .elementor-text-editor{text-align:justify;}.elementor-3317 .elementor-element.elementor-element-52a842d{font-family:\"Ubuntu\", Sans-serif;font-weight:400;}.elementor-3317 .elementor-element.elementor-element-52a842d > .elementor-widget-container{margin:0% 5% 0% 5%;}.elementor-3317 .elementor-element.elementor-element-0535a84 .elementor-text-editor{text-align:justify;}.elementor-3317 .elementor-element.elementor-element-0535a84{font-family:\"Ubuntu\", Sans-serif;font-weight:400;}.elementor-3317 .elementor-element.elementor-element-0535a84 > .elementor-widget-container{margin:0% 5% 0% 5%;}.elementor-3317 .elementor-element.elementor-element-27ac560 .elementor-text-editor{text-align:justify;}.elementor-3317 .elementor-element.elementor-element-27ac560{font-family:\"Ubuntu\", Sans-serif;font-weight:400;}.elementor-3317 .elementor-element.elementor-element-27ac560 > .elementor-widget-container{margin:0% 5% 0% 5%;}.elementor-3317 .elementor-element.elementor-element-ab78838 .elementor-text-editor{text-align:justify;}.elementor-3317 .elementor-element.elementor-element-ab78838{font-family:\"Ubuntu\", Sans-serif;font-weight:400;}.elementor-3317 .elementor-element.elementor-element-ab78838 > .elementor-widget-container{margin:0% 5% 0% 5%;}.elementor-3317 .elementor-element.elementor-element-3fad841 .elementor-text-editor{text-align:justify;}.elementor-3317 .elementor-element.elementor-element-3fad841{font-family:\"Ubuntu\", Sans-serif;font-weight:400;}.elementor-3317 .elementor-element.elementor-element-3fad841 > .elementor-widget-container{margin:0% 5% 0% 5%;}.elementor-3317 .elementor-element.elementor-element-2a67465 .elementor-heading-title{color:#31B7BC;font-family:\"Viga\", Sans-serif;font-size:25px;font-weight:600;}.elementor-3317 .elementor-element.elementor-element-2a67465 > .elementor-widget-container{margin:0% 5% 0% 5%;}.elementor-3317 .elementor-element.elementor-element-3da9493 .elementor-text-editor{text-align:justify;}.elementor-3317 .elementor-element.elementor-element-3da9493{font-family:\"Ubuntu\", Sans-serif;font-weight:400;}.elementor-3317 .elementor-element.elementor-element-3da9493 > .elementor-widget-container{margin:0% 5% 0% 5%;}.elementor-3317 .elementor-element.elementor-element-3d6dbe8 .elementor-text-editor{text-align:justify;}.elementor-3317 .elementor-element.elementor-element-3d6dbe8{font-family:\"Ubuntu\", Sans-serif;font-weight:400;}.elementor-3317 .elementor-element.elementor-element-3d6dbe8 > .elementor-widget-container{margin:0% 5% 0% 5%;}.elementor-3317 .elementor-element.elementor-element-a8d04e3 .elementor-text-editor{text-align:justify;}.elementor-3317 .elementor-element.elementor-element-a8d04e3{font-family:\"Ubuntu\", Sans-serif;font-weight:400;}.elementor-3317 .elementor-element.elementor-element-a8d04e3 > .elementor-widget-container{margin:0% 5% 0% 5%;}.elementor-3317 .elementor-element.elementor-element-054ca18 .elementor-text-editor{text-align:justify;}.elementor-3317 .elementor-element.elementor-element-054ca18{font-family:\"Ubuntu\", Sans-serif;font-weight:400;}.elementor-3317 .elementor-element.elementor-element-054ca18 > .elementor-widget-container{margin:0% 5% 0% 5%;}.elementor-3317 .elementor-element.elementor-element-275efe6 .elementor-text-editor{text-align:justify;}.elementor-3317 .elementor-element.elementor-element-275efe6{font-family:\"Ubuntu\", Sans-serif;font-weight:400;}.elementor-3317 .elementor-element.elementor-element-275efe6 > .elementor-widget-container{margin:0% 5% 0% 5%;}.elementor-3317 .elementor-element.elementor-element-041b6a0 .elementor-text-editor{text-align:justify;}.elementor-3317 .elementor-element.elementor-element-041b6a0{font-family:\"Ubuntu\", Sans-serif;font-weight:400;}.elementor-3317 .elementor-element.elementor-element-041b6a0 > .elementor-widget-container{margin:0% 5% 0% 5%;}.elementor-3317 .elementor-element.elementor-element-c873121 .elementor-text-editor{text-align:justify;}.elementor-3317 .elementor-element.elementor-element-c873121{font-family:\"Ubuntu\", Sans-serif;font-weight:400;}.elementor-3317 .elementor-element.elementor-element-c873121 > .elementor-widget-container{margin:0% 5% 0% 5%;}.elementor-3317 .elementor-element.elementor-element-89b8719 .elementor-text-editor{text-align:justify;}.elementor-3317 .elementor-element.elementor-element-89b8719{font-family:\"Ubuntu\", Sans-serif;font-weight:400;}.elementor-3317 .elementor-element.elementor-element-89b8719 > .elementor-widget-container{margin:0% 5% 0% 5%;}.elementor-3317 .elementor-element.elementor-element-d32d671 .elementor-text-editor{text-align:justify;}.elementor-3317 .elementor-element.elementor-element-d32d671{font-family:\"Ubuntu\", Sans-serif;font-weight:400;}.elementor-3317 .elementor-element.elementor-element-d32d671 > .elementor-widget-container{margin:0% 5% 0% 5%;}.elementor-3317 .elementor-element.elementor-element-dbc8a3c .elementor-text-editor{text-align:justify;}.elementor-3317 .elementor-element.elementor-element-dbc8a3c{font-family:\"Ubuntu\", Sans-serif;font-weight:400;}.elementor-3317 .elementor-element.elementor-element-dbc8a3c > .elementor-widget-container{margin:0% 5% 0% 5%;}.elementor-3317 .elementor-element.elementor-element-dbf168c .elementor-text-editor{text-align:justify;}.elementor-3317 .elementor-element.elementor-element-dbf168c{font-family:\"Ubuntu\", Sans-serif;font-weight:400;}.elementor-3317 .elementor-element.elementor-element-dbf168c > .elementor-widget-container{margin:0% 5% 0% 5%;}.elementor-3317 .elementor-element.elementor-element-9a89e51 .elementor-text-editor{text-align:justify;}.elementor-3317 .elementor-element.elementor-element-9a89e51{font-family:\"Ubuntu\", Sans-serif;font-weight:400;}.elementor-3317 .elementor-element.elementor-element-9a89e51 > .elementor-widget-container{margin:0% 5% 0% 5%;}.elementor-3317 .elementor-element.elementor-element-bb815a2 .elementor-text-editor{text-align:justify;}.elementor-3317 .elementor-element.elementor-element-bb815a2{font-family:\"Ubuntu\", Sans-serif;font-weight:400;}.elementor-3317 .elementor-element.elementor-element-bb815a2 > .elementor-widget-container{margin:0% 5% 0% 5%;}.elementor-3317 .elementor-element.elementor-element-870a9ff .elementor-text-editor{text-align:justify;}.elementor-3317 .elementor-element.elementor-element-870a9ff{font-family:\"Ubuntu\", Sans-serif;font-weight:400;}.elementor-3317 .elementor-element.elementor-element-870a9ff > .elementor-widget-container{margin:0% 5% 0% 5%;}.elementor-3317 .elementor-element.elementor-element-44114f7 .elementor-text-editor{text-align:justify;}.elementor-3317 .elementor-element.elementor-element-44114f7{font-family:\"Ubuntu\", Sans-serif;font-weight:400;}.elementor-3317 .elementor-element.elementor-element-44114f7 > .elementor-widget-container{margin:0% 5% 0% 5%;}.elementor-3317 .elementor-element.elementor-element-ea65a54 .elementor-text-editor{text-align:justify;}.elementor-3317 .elementor-element.elementor-element-ea65a54{font-family:\"Ubuntu\", Sans-serif;font-weight:400;}.elementor-3317 .elementor-element.elementor-element-ea65a54 > .elementor-widget-container{margin:0% 5% 0% 5%;}.elementor-3317 .elementor-element.elementor-element-bdcc9c5 .elementor-text-editor{text-align:justify;}.elementor-3317 .elementor-element.elementor-element-bdcc9c5{font-family:\"Ubuntu\", Sans-serif;font-weight:400;}.elementor-3317 .elementor-element.elementor-element-bdcc9c5 > .elementor-widget-container{margin:0% 5% 0% 5%;}.elementor-3317 .elementor-element.elementor-element-457fdf5 .elementor-text-editor{text-align:justify;}.elementor-3317 .elementor-element.elementor-element-457fdf5{font-family:\"Ubuntu\", Sans-serif;font-weight:400;}.elementor-3317 .elementor-element.elementor-element-457fdf5 > .elementor-widget-container{margin:0% 5% 0% 5%;}.elementor-3317 .elementor-element.elementor-element-0c3f0a5 .elementor-text-editor{text-align:justify;}.elementor-3317 .elementor-element.elementor-element-0c3f0a5{font-family:\"Ubuntu\", Sans-serif;font-weight:400;}.elementor-3317 .elementor-element.elementor-element-0c3f0a5 > .elementor-widget-container{margin:0% 5% 0% 5%;}.elementor-3317 .elementor-element.elementor-element-f95704d .elementor-text-editor{text-align:justify;}.elementor-3317 .elementor-element.elementor-element-f95704d{font-family:\"Ubuntu\", Sans-serif;font-weight:400;}.elementor-3317 .elementor-element.elementor-element-f95704d > .elementor-widget-container{margin:0% 5% 0% 5%;}.elementor-3317 .elementor-element.elementor-element-bd2aa3d .elementor-text-editor{text-align:justify;}.elementor-3317 .elementor-element.elementor-element-bd2aa3d{font-family:\"Ubuntu\", Sans-serif;font-weight:400;}.elementor-3317 .elementor-element.elementor-element-bd2aa3d > .elementor-widget-container{margin:0% 5% 0% 5%;}.elementor-3317 .elementor-element.elementor-element-ce7f0ea .elementor-text-editor{text-align:justify;}.elementor-3317 .elementor-element.elementor-element-ce7f0ea{font-family:\"Ubuntu\", Sans-serif;font-weight:400;}.elementor-3317 .elementor-element.elementor-element-ce7f0ea > .elementor-widget-container{margin:0% 5% 0% 5%;}.elementor-3317 .elementor-element.elementor-element-7b9747b .elementor-text-editor{text-align:justify;}.elementor-3317 .elementor-element.elementor-element-7b9747b{font-family:\"Ubuntu\", Sans-serif;font-weight:400;}.elementor-3317 .elementor-element.elementor-element-7b9747b > .elementor-widget-container{margin:0% 5% 0% 5%;}.elementor-3317 .elementor-element.elementor-element-e8a715c .elementor-text-editor{text-align:justify;}.elementor-3317 .elementor-element.elementor-element-e8a715c{font-family:\"Ubuntu\", Sans-serif;font-weight:400;}.elementor-3317 .elementor-element.elementor-element-e8a715c > .elementor-widget-container{margin:0% 5% 0% 5%;}.elementor-3317 .elementor-element.elementor-element-7f2e1dd .elementor-text-editor{text-align:justify;}.elementor-3317 .elementor-element.elementor-element-7f2e1dd{font-family:\"Ubuntu\", Sans-serif;font-weight:400;}.elementor-3317 .elementor-element.elementor-element-7f2e1dd > .elementor-widget-container{margin:0% 5% 0% 5%;}.elementor-3317 .elementor-element.elementor-element-18707a5 .elementor-text-editor{text-align:justify;}.elementor-3317 .elementor-element.elementor-element-18707a5{font-family:\"Ubuntu\", Sans-serif;font-weight:400;}.elementor-3317 .elementor-element.elementor-element-18707a5 > .elementor-widget-container{margin:0% 5% 0% 5%;}.elementor-3317 .elementor-element.elementor-element-31364e7 .elementor-text-editor{text-align:justify;}.elementor-3317 .elementor-element.elementor-element-31364e7{font-family:\"Ubuntu\", Sans-serif;font-weight:400;}.elementor-3317 .elementor-element.elementor-element-31364e7 > .elementor-widget-container{margin:0% 5% 0% 5%;}.elementor-3317 .elementor-element.elementor-element-161f490 .elementor-text-editor{text-align:justify;}.elementor-3317 .elementor-element.elementor-element-161f490{font-family:\"Ubuntu\", Sans-serif;font-weight:400;}.elementor-3317 .elementor-element.elementor-element-161f490 > .elementor-widget-container{margin:0% 5% 0% 5%;}.elementor-3317 .elementor-element.elementor-element-5122f52 .elementor-text-editor{text-align:justify;}.elementor-3317 .elementor-element.elementor-element-5122f52{font-family:\"Ubuntu\", Sans-serif;font-weight:400;}.elementor-3317 .elementor-element.elementor-element-5122f52 > .elementor-widget-container{margin:0% 5% 0% 5%;}.elementor-3317 .elementor-element.elementor-element-9c262b7 .elementor-text-editor{text-align:justify;}.elementor-3317 .elementor-element.elementor-element-9c262b7{font-family:\"Ubuntu\", Sans-serif;font-weight:400;}.elementor-3317 .elementor-element.elementor-element-9c262b7 > .elementor-widget-container{margin:0% 5% 0% 5%;}.elementor-3317 .elementor-element.elementor-element-d2e0f2a .elementor-text-editor{text-align:justify;}.elementor-3317 .elementor-element.elementor-element-d2e0f2a{font-family:\"Ubuntu\", Sans-serif;font-weight:400;}.elementor-3317 .elementor-element.elementor-element-d2e0f2a > .elementor-widget-container{margin:0% 5% 0% 5%;}.elementor-3317 .elementor-element.elementor-element-47a8f05 .elementor-text-editor{text-align:justify;}.elementor-3317 .elementor-element.elementor-element-47a8f05{font-family:\"Ubuntu\", Sans-serif;font-weight:400;}.elementor-3317 .elementor-element.elementor-element-47a8f05 > .elementor-widget-container{margin:0% 5% 0% 5%;}.elementor-3317 .elementor-element.elementor-element-2a9b284 .elementor-text-editor{text-align:justify;}.elementor-3317 .elementor-element.elementor-element-2a9b284{font-family:\"Ubuntu\", Sans-serif;font-weight:400;}.elementor-3317 .elementor-element.elementor-element-2a9b284 > .elementor-widget-container{margin:0% 5% 0% 5%;}.elementor-3317 .elementor-element.elementor-element-6f3078a .elementor-text-editor{text-align:justify;}.elementor-3317 .elementor-element.elementor-element-6f3078a{font-family:\"Ubuntu\", Sans-serif;font-weight:400;}.elementor-3317 .elementor-element.elementor-element-6f3078a > .elementor-widget-container{margin:0% 5% 0% 5%;}.elementor-3317 .elementor-element.elementor-element-b058a4f .elementor-text-editor{text-align:justify;}.elementor-3317 .elementor-element.elementor-element-b058a4f{font-family:\"Ubuntu\", Sans-serif;font-weight:400;}.elementor-3317 .elementor-element.elementor-element-b058a4f > .elementor-widget-container{margin:0% 5% 0% 5%;}.elementor-3317 .elementor-element.elementor-element-8812728 .elementor-text-editor{text-align:justify;}.elementor-3317 .elementor-element.elementor-element-8812728{font-family:\"Ubuntu\", Sans-serif;font-weight:400;}.elementor-3317 .elementor-element.elementor-element-8812728 > .elementor-widget-container{margin:0% 5% 0% 5%;}.elementor-3317 .elementor-element.elementor-element-0ceded4 .elementor-text-editor{text-align:justify;}.elementor-3317 .elementor-element.elementor-element-0ceded4{font-family:\"Ubuntu\", Sans-serif;font-weight:400;}.elementor-3317 .elementor-element.elementor-element-0ceded4 > .elementor-widget-container{margin:0% 5% 0% 5%;}<\/style>\n<div data-elementor-type=\"wp-post\" data-elementor-id=\"3317\" class=\"elementor elementor-3317\" data-elementor-settings=\"[]\">\n<div class=\"elementor-inner\">\n<div class=\"elementor-section-wrap\">\n<section class=\"elementor-section elementor-top-section elementor-element elementor-element-7ab8211 elementor-section-boxed elementor-section-height-default elementor-section-height-default\" data-id=\"7ab8211\" data-element_type=\"section\">\n<div class=\"elementor-container elementor-column-gap-default\">\n<div class=\"elementor-row\">\n<div class=\"elementor-column elementor-col-100 elementor-top-column elementor-element elementor-element-4131b41\" data-id=\"4131b41\" data-element_type=\"column\">\n<div class=\"elementor-column-wrap elementor-element-populated\">\n<div class=\"elementor-widget-wrap\">\n<div class=\"elementor-element elementor-element-c29e87f elementor-widget elementor-widget-theme-post-title elementor-page-title elementor-widget-heading\" data-id=\"c29e87f\" data-element_type=\"widget\" data-widget_type=\"theme-post-title.default\">\n<div class=\"elementor-widget-container\">\n<h1 class=\"elementor-heading-title elementor-size-default\">2. MARCO NORMATIVO<\/h1>\n<\/div>\n<\/div>\n<\/div>\n<\/div>\n<\/div>\n<\/div>\n<\/div>\n<\/section>\n<section class=\"elementor-section elementor-top-section elementor-element elementor-element-fedfce5 elementor-section-boxed elementor-section-height-default elementor-section-height-default\" data-id=\"fedfce5\" data-element_type=\"section\">\n<div class=\"elementor-container elementor-column-gap-default\">\n<div class=\"elementor-row\">\n<div class=\"elementor-column elementor-col-100 elementor-top-column elementor-element elementor-element-f8e1b31\" data-id=\"f8e1b31\" data-element_type=\"column\">\n<div class=\"elementor-column-wrap elementor-element-populated\">\n<div class=\"elementor-widget-wrap\">\n<div class=\"elementor-element elementor-element-e55133c elementor-widget elementor-widget-heading\" data-id=\"e55133c\" data-element_type=\"widget\" data-widget_type=\"heading.default\">\n<div class=\"elementor-widget-container\">\n<h2 class=\"elementor-heading-title elementor-size-default\">2.1 MARCO NORMATIVO INTERNACIONAL<\/h2>\n<\/div>\n<\/div>\n<\/div>\n<\/div>\n<\/div>\n<\/div>\n<\/div>\n<\/section>\n<section class=\"elementor-section elementor-top-section elementor-element elementor-element-13ff4e4 elementor-section-boxed elementor-section-height-default elementor-section-height-default\" data-id=\"13ff4e4\" data-element_type=\"section\">\n<div class=\"elementor-container elementor-column-gap-default\">\n<div class=\"elementor-row\">\n<div class=\"elementor-column elementor-col-100 elementor-top-column elementor-element elementor-element-bd6e44f\" data-id=\"bd6e44f\" data-element_type=\"column\">\n<div class=\"elementor-column-wrap elementor-element-populated\">\n<div class=\"elementor-widget-wrap\">\n<div class=\"elementor-element elementor-element-d011acf elementor-widget elementor-widget-text-editor\" data-id=\"d011acf\" data-element_type=\"widget\" data-widget_type=\"text-editor.default\">\n<div class=\"elementor-widget-container\">\n<div class=\"elementor-text-editor elementor-clearfix\">\n<div class=\"page\" title=\"Page 15\">\n<div class=\"section\">\n<div class=\"layoutArea\">\n<div class=\"column\">\n<div class=\"page\" title=\"Page 24\">\n<div class=\"section\">\n<div class=\"layoutArea\">\n<div class=\"column\">\n<div class=\"page\" title=\"Page 24\">\n<div class=\"section\">\n<div class=\"layoutArea\">\n<div class=\"column\">\n<div class=\"page\" title=\"Page 24\">\n<div class=\"section\">\n<div class=\"layoutArea\">\n<div class=\"column\">\n<p><strong>Est\u00e1ndares internacionales de derechos humanos<\/strong><br \/>Los est\u00e1ndares internacionales son el conjunto de disposiciones provenientes de instrumentos internacionales de distinta naturaleza, fuente y nivel de obligatoriedad, dentro de los cuales se encuentran tratados internacionales de derechos humanos, declaraciones, reglas m\u00ednimas, principios, directrices, observaciones registradas por \u00f3rganos de tratados, recomendaciones de Relatores, Representantes Especiales y otros mandatos de protecci\u00f3n, jurisprudencia de \u00f3rganos jurisdiccionales y cuasi jurisdiccionales de los Sistemas Universal de la Organizaci\u00f3n de Naciones Unidas (ONU) y el Sistema Regional de Protecci\u00f3n de los Derechos Humanos de la Organizaci\u00f3n de Estados Americanos (OEA), que tienen por objeto la determinaci\u00f3n, interpretaci\u00f3n y\/o aplicaci\u00f3n de las obligaciones internacionales del Estado en materia de derechos humanos.<\/p>\n<\/div>\n<\/div>\n<\/div>\n<\/div>\n<\/div>\n<\/div>\n<\/div>\n<\/div>\n<\/div>\n<\/div>\n<\/div>\n<\/div>\n<\/div>\n<\/div>\n<\/div>\n<\/div>\n<\/div><\/div>\n<\/div>\n<\/div>\n<\/div>\n<\/div>\n<\/div>\n<\/div>\n<\/section>\n<section class=\"elementor-section elementor-top-section elementor-element elementor-element-76fdbf8 elementor-section-boxed elementor-section-height-default elementor-section-height-default\" data-id=\"76fdbf8\" data-element_type=\"section\">\n<div class=\"elementor-container elementor-column-gap-default\">\n<div class=\"elementor-row\">\n<div class=\"elementor-column elementor-col-100 elementor-top-column elementor-element elementor-element-09b976a\" data-id=\"09b976a\" data-element_type=\"column\">\n<div class=\"elementor-column-wrap elementor-element-populated\">\n<div class=\"elementor-widget-wrap\">\n<div class=\"elementor-element elementor-element-69c0282 elementor-widget elementor-widget-text-editor\" data-id=\"69c0282\" data-element_type=\"widget\" data-widget_type=\"text-editor.default\">\n<div class=\"elementor-widget-container\">\n<div class=\"elementor-text-editor elementor-clearfix\">\n<div class=\"page\" title=\"Page 64\">\n<table>\n<tbody>\n<tr>\n<td>\n<div class=\"layoutArea\">\n<div class=\"column\">\n<p style=\"text-align: center;\"><strong><span style=\"color: #43358b;\">\u00bfPOR QU\u00c9 SON IMPORTANTES LOS INSTRUMENTOS INTERNACIONALES DE<br \/>DERECHOS HUMANOS?<\/span><\/strong><\/p>\n<\/div>\n<\/div>\n<\/td>\n<\/tr>\n<tr>\n<td>\n<p style=\"text-align: center;\">El derecho internacional de los derechos humanos establece las obligaciones de los Estados de respetar, proteger y realizar los derechos humanos.<br \/>La aplicaci\u00f3n y cumplimiento de los instrumentos internacionales de los derechos humanos, compete a toda servidora y servidor p\u00fablico, porque sus disposiciones son de aplicaci\u00f3n obligatoria.<\/p>\n<\/td>\n<\/tr>\n<\/tbody>\n<\/table>\n<\/div>\n<\/div><\/div>\n<\/div>\n<\/div>\n<\/div>\n<\/div>\n<\/div>\n<\/div>\n<\/section>\n<section class=\"elementor-section elementor-top-section elementor-element elementor-element-7153c26 elementor-section-boxed elementor-section-height-default elementor-section-height-default\" data-id=\"7153c26\" data-element_type=\"section\">\n<div class=\"elementor-container elementor-column-gap-default\">\n<div class=\"elementor-row\">\n<div class=\"elementor-column elementor-col-100 elementor-top-column elementor-element elementor-element-0d8d145\" data-id=\"0d8d145\" data-element_type=\"column\">\n<div class=\"elementor-column-wrap elementor-element-populated\">\n<div class=\"elementor-widget-wrap\">\n<div class=\"elementor-element elementor-element-ea8ab12 elementor-widget elementor-widget-text-editor\" data-id=\"ea8ab12\" data-element_type=\"widget\" data-widget_type=\"text-editor.default\">\n<div class=\"elementor-widget-container\">\n<div class=\"elementor-text-editor elementor-clearfix\">\n<div class=\"page\" title=\"Page 15\">\n<div class=\"section\">\n<div class=\"layoutArea\">\n<div class=\"column\">\n<div class=\"page\" title=\"Page 24\">\n<div class=\"section\">\n<div class=\"layoutArea\">\n<div class=\"column\">\n<div class=\"page\" title=\"Page 24\">\n<div class=\"section\">\n<div class=\"layoutArea\">\n<div class=\"column\">\n<div class=\"page\" title=\"Page 24\">\n<div class=\"section\">\n<div class=\"layoutArea\">\n<div class=\"column\">\n<p>La Constituci\u00f3n Pol\u00edtica del Estado (CPE) dispone en el art\u00edculo 13. IV que: \u201c<b>Los tratados y convenios internacionales<\/b> ratificados por la Asamblea Legislativa Plurinacional, que reconocen los derechos humanos y que proh\u00edben su limitaci\u00f3n en los Estados de Excepci\u00f3n <b>prevalecen en el orden interno<\/b>. Los derechos y deberes consagrados en esta Constituci\u00f3n se interpretar\u00e1n de conformidad con los Tratados Internacionales de Derechos Humanos ratificados por Bolivia\u201d.<\/p>\n<p>Por otra parte, el art\u00edculo 410. II se\u00f1ala: \u201cLa Constituci\u00f3n es la norma suprema del ordenamiento jur\u00eddico boliviano y goza de primac\u00eda frente a cualquier otra disposici\u00f3n normativa. <b>El bloque de constitucionalidad est\u00e1 integrado por los<\/b>\u00a0<strong>Tratados y Convenios Internacionales en materia de Derechos Humanos<\/strong> y las normas de Derecho Comunitario, ratificados por el pa\u00eds. (\u2026)\u201d.<\/p>\n<p>El bloque de constitucionalidad es un conjunto normativo que contiene disposiciones, principios o valores materialmente constitucionales, aunque est\u00e9n fuera del texto de la Constituci\u00f3n. Consiste en asumir que existe un conjunto de normas que, sin estar consagradas expresamente en la Constituci\u00f3n son consideradas con rango constitucional y por lo tanto gozan de supremac\u00eda constitucional, lo que significa que deben ser aplicadas preferentemente por todas las personas, autoridades, jueces, juezas y tribunales, cobrando mayor relevancia en la labor jurisdiccional.<\/p>\n<p>A partir del bloque de constitucionalidad, es posible la interpretaci\u00f3n de la propia CPE, aplicando los criterios de interpretaci\u00f3n de los derechos humanos, as\u00ed como de las disposiciones legales, las cuales deben ser conformes no solo con la<br \/>Constituci\u00f3n, sino a las normas contenidas en otros instrumentos que se integran a la Ley Fundamental, con la finalidad de proteger los derechos que formalmente no se encuentran previstos en ella.<\/p>\n<p>As\u00ed tambi\u00e9n, el art\u00edculo 256 establece: \u201cLos tratados e instrumentos internacionales en materia de derechos humanos que hayan sido firmados, ratificados o a los que se hubiera adherido el Estado, que declaren derechos m\u00e1s favorables a los contenidos en la Constituci\u00f3n, se aplicar\u00e1n de manera preferente sobre \u00e9sta\u201d. Es decir que los tratados pueden ser aplicados incluso por encima de la CPE cuando brinden un mayor reconocimiento y una protecci\u00f3n m\u00e1s amplia de derechos que la que \u00e9sta ofrece. En consecuencia la norma aplicable ser\u00e1 la m\u00e1s favorable para la persona.<\/p>\n<p>De acuerdo a la interpretaci\u00f3n del Tribunal Constitucional Plurinacional, el bloque de constitucionalidad est\u00e1 conformado no solamente por la Constituci\u00f3n como texto escrito; sino tambi\u00e9n por los tratados internacionales referentes a Derechos Humanos incluidas las decisiones, directrices y est\u00e1ndares que emanen tanto del Sistema Universal como Interamericano de Protecci\u00f3n de Derechos Humanos (SCP 110\/2010-R) debiendo aplicarse a los casos concretos el est\u00e1ndar constitucional m\u00e1s alto (SCP 2233\/2013).<\/p>\n<p>Por otra parte, las directrices, principios y reglas del sistema interamericano y universal de protecci\u00f3n a derechos, son criterios interpretativos que deber\u00e1n ser utilizados en el \u00e1mbito interno para la interpretaci\u00f3n de derechos (SCP 0061 \/ 2010-R).<\/p>\n<\/div>\n<\/div>\n<\/div>\n<\/div>\n<\/div>\n<\/div>\n<\/div>\n<\/div>\n<\/div>\n<\/div>\n<\/div>\n<\/div>\n<\/div>\n<\/div>\n<\/div>\n<\/div>\n<\/div><\/div>\n<\/div>\n<\/div>\n<\/div>\n<\/div>\n<\/div>\n<\/div>\n<\/section>\n<section class=\"elementor-section elementor-top-section elementor-element elementor-element-9717644 elementor-section-boxed elementor-section-height-default elementor-section-height-default\" data-id=\"9717644\" data-element_type=\"section\">\n<div class=\"elementor-container elementor-column-gap-default\">\n<div class=\"elementor-row\">\n<div class=\"elementor-column elementor-col-100 elementor-top-column elementor-element elementor-element-7dd6884\" data-id=\"7dd6884\" data-element_type=\"column\">\n<div class=\"elementor-column-wrap elementor-element-populated\">\n<div class=\"elementor-widget-wrap\">\n<div class=\"elementor-element elementor-element-116e61f elementor-widget elementor-widget-text-editor\" data-id=\"116e61f\" data-element_type=\"widget\" data-widget_type=\"text-editor.default\">\n<div class=\"elementor-widget-container\">\n<div class=\"elementor-text-editor elementor-clearfix\">\n<div title=\"Page 15\">\n<div>\n<div>\n<div>\n<div title=\"Page 24\">\n<div>\n<div>\n<div>\n<p><span style=\"color: #43358b;\"><b>Principales instrumentos internacionales generales de protecci\u00f3n de\u00a0<\/b><\/span><b style=\"font-style: inherit; color: #43358b;\">los derechos humanos frente a la violencia<\/b><\/p>\n<\/div>\n<\/div>\n<\/div>\n<\/div>\n<\/div>\n<\/div>\n<\/div>\n<\/div>\n<\/div><\/div>\n<\/div>\n<\/div>\n<\/div>\n<\/div>\n<\/div>\n<\/div>\n<\/section>\n<section class=\"elementor-section elementor-top-section elementor-element elementor-element-fac6925 elementor-section-boxed elementor-section-height-default elementor-section-height-default\" data-id=\"fac6925\" data-element_type=\"section\">\n<div class=\"elementor-container elementor-column-gap-default\">\n<div class=\"elementor-row\">\n<div class=\"elementor-column elementor-col-100 elementor-top-column elementor-element elementor-element-9fc2754\" data-id=\"9fc2754\" data-element_type=\"column\">\n<div class=\"elementor-column-wrap elementor-element-populated\">\n<div class=\"elementor-widget-wrap\">\n<div class=\"elementor-element elementor-element-46dc144 elementor-widget elementor-widget-text-editor\" data-id=\"46dc144\" data-element_type=\"widget\" data-widget_type=\"text-editor.default\">\n<div class=\"elementor-widget-container\">\n<div class=\"elementor-text-editor elementor-clearfix\">\n<div class=\"page\" title=\"Page 15\">\n<div class=\"section\">\n<div class=\"layoutArea\">\n<div class=\"column\">\n<div class=\"page\" title=\"Page 24\">\n<div class=\"section\">\n<div class=\"layoutArea\">\n<div class=\"column\">\n<p>Los principales instrumentos internacionales vinculados a la defensa de los derechos de todas las personas frente a la violencia, sin distinci\u00f3n de edad, sexo, cultura u otra situaci\u00f3n, y su derecho a acceder a la justicia son:<\/p>\n<ul>\n<li><strong>Declaraci\u00f3n Universal de los Derechos Humanos (1948)<a class=\"tooltips\" title=\"Disponible en: https:\/\/www.ohchr.org\/EN\/UDHR\/Documents\/UDHR_Translations\/spn.pdf\"><sup>3<\/sup><\/a><\/strong><\/li>\n<\/ul>\n<p>Aprobada mediante Resoluci\u00f3n No. 217 A (III), de 10 de diciembre de 1948. Es el primer instrumento de reconocimiento de los derechos humanos, en el que se \u201cconsidera que la libertad, la justicia y la paz en el mundo tienen por base el reconocimiento de la dignidad intr\u00ednseca y de los derechos iguales e inalienables de todos los miembros de la familia humana\u201d, lo cual tiene profunda relaci\u00f3n con la atenci\u00f3n a las v\u00edctimas de violencia de cualquier tipo. Algunos de los derechos que reconoce son el derecho a la vida, a la libertad y a la seguridad (Art.3), derecho a igual protecci\u00f3n de la Ley (Art. 7) y el derecho a un recurso efectivo ante los tribunales nacionales competentes, que la ampare contra actos que violen sus derechos fundamentales reconocidos por la constituci\u00f3n o por la Ley (Art. 8).<\/p>\n<ul>\n<li><strong>Pacto Internacional de Derechos Civiles y Pol\u00edticos (1966)<a class=\"tooltips\" title=\"Disponible en: https:\/\/www.ohchr.org\/SP\/ProfessionalInterest\/Pages\/CCPR.aspx\"><sup>4<\/sup><\/a><\/strong><\/li>\n<\/ul>\n<p>Adoptado por la Asamblea General de las Naciones Unidas el 16 de diciembre de 1966 y ratificado por Bolivia mediante Ley No. 2119 de 11 de septiembre de 2000. En virtud del art\u00edculo 2, los Estados partes en el Pacto asumen la obligaci\u00f3n, respecto de toda persona en su territorio o bajo su jurisdicci\u00f3n, de respetar y garantizar los derechos humanos reconocidos. Esto implica que deben abstenerse de violar estos derechos (\u201crespetar\u201d), pero tambi\u00e9n adoptar medidas positivas para que los derechos sean efectivos (\u201cgarantizar\u201d). De acuerdo con el art\u00edculo 14, deben poner a disposici\u00f3n de toda persona v\u00edctima de una violaci\u00f3n de sus derechos un recurso imparcial y efectivo para su defensa. Entre los derechos reconocidos est\u00e1n el derecho a la vida (Art. 6), la libertad (Art. 9) y seguridad (Art. 9).<\/p>\n<ul>\n<li><b>Pacto Internacional de Derechos Econ\u00f3micos, Sociales y Culturales (1966)<a class=\"tooltips\" title=\"Disponible en: https:\/\/www.ohchr.org\/SP\/ProfessionalInterest\/Pages\/CESCR.aspx\"><sup>5<\/sup><\/a><\/b><\/li>\n<\/ul>\n<p>Adoptado por la Asamblea General en su Resoluci\u00f3n 2200 A (XXI) de 16 de diciembre de 1966 y ratificado por el Estado Boliviano mediante Ley No. 2119 de 11 de septiembre de 2000, el cual en su art\u00edculo 3, establece que los Estados Partes del Pacto deben asegurar igualmente a hombres y mujeres el gozar de todos los derechos econ\u00f3micos, sociales y culturales enunciados en el Pacto, los cuales podr\u00e1n verse afectados por actos de violencia que vulneren los derechos al trabajo, la salud y la educaci\u00f3n.<\/p>\n<ul>\n<li><strong>Convenci\u00f3n Americana sobre Derechos Humanos \u201cPacto de San Jos\u00e9 de Costa Rica\u201d (1969)<a class=\"tooltips\" title=\"Disponible en: http:\/\/www.oas.org\/dil\/esp\/tratados_B-32_Convencion_Americana_sobre_ Derechos_Humanos.htm\"><sup>6<\/sup><\/a><\/strong><\/li>\n<\/ul>\n<p>Adoptada en San Jos\u00e9 de Costa Rica el 22 de noviembre de 1969, vigente a\u00a0partir de 18 de julio de 1978 y ratificada por el Estado boliviano mediante Ley No. 1430 de 11 de febrero de 1993. Este instrumento establece en su\u00a0art\u00edculo 1. (Obligaci\u00f3n de Respetar los Derechos) Los Estados partes en esta Convenci\u00f3n se comprometen a respetar los derechos y libertades reconocidos en ella y a garantizar su libre y pleno ejercicio a toda persona que est\u00e9 sujeta a su jurisdicci\u00f3n, sin discriminaci\u00f3n alguna por motivos de (\u2026), sexo, (\u2026) o cualquier otra condici\u00f3n social. Asimismo, establece los siguientes derechos y garant\u00edas: derecho a la integridad personal (Art. 5), prohibici\u00f3n de esclavitud, servidumbre y trata de mujeres (Art.6), garant\u00edas judiciales (Art. 8), protecci\u00f3n de la honra y dignidad (Art. 11) y protecci\u00f3n judicial (Art. 25).<\/p>\n<ul>\n<li><strong>Declaraci\u00f3n y Programa de Acci\u00f3n de Viena (1993)<a class=\"tooltips\" title=\"Disponible en: https:\/\/www.ohchr.org\/EN\/ProfessionalInterest\/Pages\/Vienna.aspx\"><sup>7<\/sup><\/a><\/strong><\/li>\n<\/ul>\n<p>Adoptada por la Conferencia Mundial de Derechos Humanos el 25 de junio de 1993 realizada en la ciudad austriaca de Viena. En este documento se distingue, por primera vez, que \u201clos derechos humanos de la mujer y de la ni\u00f1a son parte inalienable, integrante e indivisible de los derechos humanos universales\u201d, hasta ese momento, se utilizaba el t\u00e9rmino gen\u00e9rico \u201clos derechos del hombre\u201d. El art\u00edculo 18 de esta Declaraci\u00f3n, establece que la erradicaci\u00f3n de todas las formas de discriminaci\u00f3n basadas en el sexo son objetivos prioritarios de la comunidad internacional. La violencia y todas las formas de acoso y explotaci\u00f3n sexual, en particular las derivadas de prejuicios culturales y de la trata internacional de personas son incompatibles con la dignidad y la val\u00eda de la persona humana y deben ser eliminadas. Esto puede lograrse con medidas legislativas y con actividades nacionales y cooperaci\u00f3n internacional en esferas tales como el desarrollo econ\u00f3mico y social, la educaci\u00f3n, la atenci\u00f3n a la maternidad y a la salud y el apoyo social.<\/p>\n<ul>\n<li><b>Estatuto de Roma (1998)<a class=\"tooltips\" title=\"Disponible en: https:\/\/www.ohchr.org\/SP\/ProfessionalInterest\/Pages\/InternationalCriminalCourt.aspx\"><sup>8<\/sup><\/a><\/b><\/li>\n<\/ul>\n<p>Ratificado por Bolivia por Ley No. 2398 de 24 de mayo de 2002. Crea la Corte Penal Internacional cuya competencia abarca los cr\u00edmenes m\u00e1s graves de trascendencia por la comunidad internacional en su conjunto, entre ellos los cr\u00edmenes de lesa humanidad referidos a actos que se comentan como parte de un ataque generalizado o sistem\u00e1tico contra una poblaci\u00f3n civil y con conocimiento de dicho ataque. En el art\u00edculo 7\u00ba en su inciso g) contempla como cr\u00edmenes de lesa humanidad entre otros a la violaci\u00f3n, esclavitud sexual, prostituci\u00f3n forzada, embarazo forzado, esterilizaci\u00f3n forzada o cualquier otra forma de violencia sexual de gravedad comparable: El inciso k) Otros actos inhumanos de car\u00e1cter similar que causen intencionalmente grandes sufrimientos o atenten gravemente contra la integridad f\u00edsica o la salud f\u00edsica o mental.<\/p>\n<ul>\n<li><strong>Declaraci\u00f3n sobre Orientaci\u00f3n Sexual e Identidad de G\u00e9nero de la ONU\u00a0<\/strong><strong>(2008)<a class=\"tooltips\" title=\"Disponible en: https:\/\/www.uv.mx\/uge\/files\/2014\/05\/Declaracion-Sobre-Ortientacion-Sexual-e- Identidad-de-G\u00e9nero-de-las-Naciones-Unidas.pdf\"><sup>9<\/sup><\/a><\/strong><\/li>\n<\/ul>\n<p>La declaraci\u00f3n presentada a la Asamblea General de la ONU el 18 de diciembre de 2008 condena la violencia, el acoso, la discriminaci\u00f3n, la exclusi\u00f3n, la estigmatizaci\u00f3n y el prejuicio basado en la orientaci\u00f3n sexual y la identidad de g\u00e9nero. Tambi\u00e9n condena los asesinatos y ejecuciones, las torturas, los arrestos arbitrarios y la privaci\u00f3n de derechos econ\u00f3micos, sociales y culturales por estos motivos.<\/p>\n<\/div>\n<\/div>\n<\/div>\n<\/div>\n<\/div>\n<\/div>\n<\/div>\n<\/div>\n<\/div><\/div>\n<\/div>\n<\/div>\n<\/div>\n<\/div>\n<\/div>\n<\/div>\n<\/section>\n<section class=\"elementor-section elementor-top-section elementor-element elementor-element-08ea68a elementor-section-boxed elementor-section-height-default elementor-section-height-default\" data-id=\"08ea68a\" data-element_type=\"section\">\n<div class=\"elementor-container elementor-column-gap-default\">\n<div class=\"elementor-row\">\n<div class=\"elementor-column elementor-col-100 elementor-top-column elementor-element elementor-element-3d071c7\" data-id=\"3d071c7\" data-element_type=\"column\">\n<div class=\"elementor-column-wrap elementor-element-populated\">\n<div class=\"elementor-widget-wrap\">\n<div class=\"elementor-element elementor-element-9d4fa75 elementor-widget elementor-widget-text-editor\" data-id=\"9d4fa75\" data-element_type=\"widget\" data-widget_type=\"text-editor.default\">\n<div class=\"elementor-widget-container\">\n<div class=\"elementor-text-editor elementor-clearfix\">\n<div title=\"Page 15\">\n<div>\n<div>\n<div>\n<div title=\"Page 24\">\n<div>\n<div>\n<div>\n<p><span style=\"color: #43358b;\"><b>Instrumentos internacionales espec\u00edficos de protecci\u00f3n de los derechos de mujeres frente a la violencia<\/b><\/span><\/p>\n<\/div>\n<\/div>\n<\/div>\n<\/div>\n<\/div>\n<\/div>\n<\/div>\n<\/div>\n<\/div><\/div>\n<\/div>\n<\/div>\n<\/div>\n<\/div>\n<\/div>\n<\/div>\n<\/section>\n<section class=\"elementor-section elementor-top-section elementor-element elementor-element-c5a2301 elementor-section-boxed elementor-section-height-default elementor-section-height-default\" data-id=\"c5a2301\" data-element_type=\"section\">\n<div class=\"elementor-container elementor-column-gap-default\">\n<div class=\"elementor-row\">\n<div class=\"elementor-column elementor-col-100 elementor-top-column elementor-element elementor-element-3423282\" data-id=\"3423282\" data-element_type=\"column\">\n<div class=\"elementor-column-wrap elementor-element-populated\">\n<div class=\"elementor-widget-wrap\">\n<div class=\"elementor-element elementor-element-23ebb1a elementor-widget elementor-widget-text-editor\" data-id=\"23ebb1a\" data-element_type=\"widget\" data-widget_type=\"text-editor.default\">\n<div class=\"elementor-widget-container\">\n<div class=\"elementor-text-editor elementor-clearfix\">\n<div title=\"Page 15\">\n<div>\n<div>\n<div>\n<div title=\"Page 24\">\n<div>\n<div>\n<div>\n<ul>\n<li>La prevenci\u00f3n, asistencia, protecci\u00f3n, sanci\u00f3n y erradicaci\u00f3n de la violencia contra la mujer se encuentran amparadas en los siguientes instrumentos internacionales:<\/li>\n<li><strong>Convenci\u00f3n de los Derechos Pol\u00edticos de la Mujer (1952)<a title=\"Disponible en: https:\/\/www.acnur.org\/fileadmin\/Documentos\/BDL\/2001\/0019. pdf?file=fileadmin\/Doc\"><sup>10<\/sup><\/a><\/strong><\/li>\n<\/ul>\n<p>Aprobada por la Asamblea General de la ONU durante el plenario general No 409, el 20 de diciembre de 1952, y fue adoptada el 31 de marzo de 1953. El prop\u00f3sito de la Convenci\u00f3n es codificar un est\u00e1ndar b\u00e1sico internacional para los derechos pol\u00edticos de las mujeres. El pre\u00e1mbulo de la Convenci\u00f3n reitera los principios establecidos en el art\u00edculo 21 de la Declaraci\u00f3n Universal de Derechos Humanos, donde se establece que todas las personas poseen el derecho de participar en el gobierno de su pa\u00eds, y de ser designadas en cargos p\u00fablicos. La Convenci\u00f3n fue la primera legislaci\u00f3n internacional en proteger el estatus de igualdad de la mujer para ejercer derechos pol\u00edticos.<\/p>\n<ul>\n<li><strong>Declaraci\u00f3n sobre la Eliminaci\u00f3n de la Discriminaci\u00f3n contra la Mujer (1967)<a title=\"Disponible en: https:\/\/www.ohchr.org\/sp\/professionalinterest\/pages\/violenceagainstwomen.aspx\"><sup>11<\/sup><\/a><\/strong><\/li>\n<\/ul>\n<p>Adoptada por la Asamblea General de la ONU el 7 de noviembre de 1967. Establece en el art\u00edculo 1 que: \u201cLa discriminaci\u00f3n contra la mujer, por cuanto niega o limita su igualdad de derechos con el hombre, es fundamentalmente injusta y constituye una ofensa a la dignidad humana\u201d. Es por ello que, deben adoptarse \u201ctodas las medidas apropiadas a fin de abolir las leyes, costumbres, reglamentos y pr\u00e1cticas existentes que constituyan una discriminaci\u00f3n en contra de la mujer\u201d. Esta declaraci\u00f3n fue un importante precursor de la Convenci\u00f3n jur\u00eddicamente vinculante llamada \u201cConvenci\u00f3n sobre la Eliminaci\u00f3n de todas formas de Discriminaci\u00f3n contra la Mujer\u201d.<\/p>\n<ul>\n<li><strong>Convenci\u00f3n sobre la Eliminaci\u00f3n de todas las Formas de Discriminaci\u00f3n\u00a0<\/strong><strong>contra la Mujer-CEDAW (1979)<a title=\"Disponible en: https:\/\/www.ohchr.org\/sp\/professionalinterest\/pages\/cedaw.aspx\"><sup>12<\/sup><\/a><\/strong><\/li>\n<\/ul>\n<p>Aprobada por la Asamblea General de la ONU el 18 de diciembre de 1979 y ratificada por el Estado boliviano por Ley No. 1100 de 15 septiembre de 1989, \u201cLey de Aprobaci\u00f3n de la Convenci\u00f3n Sobre la Eliminaci\u00f3n de todas las Formas de Discriminaci\u00f3n Contra La Mujer\u201d, la cual se\u00f1ala que \u201cla discriminaci\u00f3n contra la mujer es la distinci\u00f3n, exclusi\u00f3n o restricci\u00f3n<br \/>basada en el sexo, que tenga por objeto o por resultado menoscabar o anular el reconocimiento, goce o ejercicio de sus derechos humanos, independientemente de su estado civil, sobre la base de la igualdad del hombre y la mujer, y las libertades fundamentales en las esferas pol\u00edtica, econ\u00f3mica, social, cultural y civil\u201d. La Convenci\u00f3n compromete a los Estados<br \/>a adoptar medidas para eliminar la violencia contra la mujer. Bolivia ratific\u00f3 tambi\u00e9n el Protocolo Facultativo de la CEDAW por Ley No. 2103 de 20 de junio de 2000, que reafirma los compromisos asumidos para asegurar a las mujeres el disfrute pleno de todos sus derechos humanos.<\/p>\n<ul>\n<li><strong>Recomendaci\u00f3n General No. 35 sobre la Violencia por Raz\u00f3n de G\u00e9nero contra la Mujer, por la que se actualiza la Recomendaci\u00f3n General No. 19<a title=\"Disponible en: https:\/\/www.acnur.org\/fileadmin\/Documentos\/BDL\/2017\/11405.pdf\"><sup>13<\/sup><\/a><\/strong><\/li>\n<\/ul>\n<p>Aprobada por el Comit\u00e9 el 26 de julio de 2017. Se\u00f1ala que el concepto de \u201cviolencia contra la mujer\u201d, tal como se define en la recomendaci\u00f3n general n\u00fam. 19 y en otros instrumentos y documentos internacionales, hace hincapi\u00e9 en el hecho de que dicha violencia est\u00e1 basada en el g\u00e9nero. En consecuencia, en esta recomendaci\u00f3n, la expresi\u00f3n \u201cviolencia por raz\u00f3n de g\u00e9nero contra la mujer\u201d se utiliza como un t\u00e9rmino m\u00e1s preciso que pone de manifiesto las causas y los efectos relacionados con el g\u00e9nero de la violencia. La expresi\u00f3n refuerza a\u00fan m\u00e1s la noci\u00f3n de la violencia como problema social m\u00e1s que individual, que exige respuestas integrales, m\u00e1s all\u00e1 de aquellas relativas a sucesos concretos, autores, v\u00edctimas y supervivientes. El Comit\u00e9 considera que la violencia por raz\u00f3n de g\u00e9nero contra la mujer es uno de los medios sociales, pol\u00edticos y econ\u00f3micos fundamentales a trav\u00e9s de los cuales se perpet\u00faa la posici\u00f3n subordinada de la mujer con respecto al hombre y sus papeles estereotipados. En toda su labor, el Comit\u00e9 ha dejado claro que esa violencia constituye un grave obst\u00e1culo para el logro de la igualdad sustantiva entre mujeres y hombres y para el disfrute por parte de la mujer de sus derechos humanos y libertades fundamentales, consagrados en la Convenci\u00f3n.<\/p>\n<p>La violencia por raz\u00f3n de g\u00e9nero afecta a las mujeres a lo largo de todo su ciclo de vida y, en consecuencia, incluye a las ni\u00f1as. Dicha violencia adopta m\u00faltiples formas, a saber: actos u omisiones destinados a causar o provocar la muerte o un da\u00f1o o sufrimiento f\u00edsico, sexual, psicol\u00f3gico o econ\u00f3mico para las mujeres, amenazas de tales actos, acoso, coacci\u00f3n y privaci\u00f3n arbitraria de la libertad. La violencia por raz\u00f3n de g\u00e9nero contra la mujer se ve afectada y a menudo agravada por factores culturales, econ\u00f3micos, ideol\u00f3gicos, tecnol\u00f3gicos, pol\u00edticos, religiosos, sociales y ambientales.<\/p>\n<p>Recomienda que los Estados deben aprobar y aplicar medidas eficaces para proteger y ayudar a las mujeres denunciantes y a los testigos de la violencia por raz\u00f3n de g\u00e9nero antes, durante y despu\u00e9s de las acciones judiciales, con el fin de garantizar el acceso efectivo de las v\u00edctimas a las cortes y los tribunales y que las autoridades respondan adecuadamente a todos los casos de violencia por raz\u00f3n de g\u00e9nero contra la mujer, en particular mediante la aplicaci\u00f3n del derecho penal; velar porque la violencia por raz\u00f3n de g\u00e9nero contra la mujer no se remita obligatoriamente a ning\u00fan tipo de procedimiento alternativo de arreglo de controversias, como la mediaci\u00f3n y la conciliaci\u00f3n y proporcionar reparaciones efectivas a las v\u00edctimas y supervivientes de la violencia por raz\u00f3n de g\u00e9nero contra la mujer.<\/p>\n<ul>\n<li><strong>Declaraci\u00f3n sobre la Eliminaci\u00f3n de la Violencia contra la Mujer (1993)<a title=\"Disponible en: https:\/\/www.ohchr.org\/sp\/professionalinterest\/pages\/violenceagainstwomen. aspx\"><sup>14<\/sup><\/a><\/strong><\/li>\n<\/ul>\n<p>Emitida por la Asamblea General de la ONU en 1993. Define a la violencia contra las mujeres a \u201ctodo acto de violencia basado en la pertenencia al sexo femenino que tenga o pueda tener como resultado un da\u00f1o o sufrimiento f\u00edsico, sexual o sicol\u00f3gico para la mujer, as\u00ed como las amenazas de tales actos, la coacci\u00f3n o la privaci\u00f3n arbitraria de la libertad, tanto si se producen en la vida p\u00fablica como en la vida privada\u201d.<\/p>\n<ul>\n<li><strong>Convenci\u00f3n Interamericana para Prevenir, Sancionar y Erradicar la\u00a0<\/strong><strong>Violencia contra las Mujeres, Convenci\u00f3n de \u201cBel\u00e9m do Par\u00e1\u201d (1994)<a title=\"Disponible en: http:\/\/www.oas.org\/juridico\/spanish\/tratados\/a-61.html\"><sup>15<\/sup><\/a><\/strong><\/li>\n<\/ul>\n<p>Adoptada por la Asamblea General de la Organizaci\u00f3n de los Estados Americanos en su vig\u00e9simo cuarto periodo ordinario de sesiones del 9 de junio de 1994 y ratificada por el Estado Boliviano mediante Ley No. 1599 de 18 de agosto de 1994.<\/p>\n<p>Establece por primera vez el derecho de las mujeres a vivir una vida libre y destaca a la violencia como una violaci\u00f3n de los derechos humanos y de las libertades fundamentales, una ofensa la dignidad humana y una manifestaci\u00f3n de las relaciones de poder hist\u00f3ricamente desiguales entre mujeres y hombres. Propone el desarrollo de mecanismos de protecci\u00f3n y defensa de los derechos de las mujeres como fundamentales para luchar contra el fen\u00f3meno de la violencia contra su integridad f\u00edsica, sexual y psicol\u00f3gica, tanto en el \u00e1mbito p\u00fablico como en el privado, y su reivindicaci\u00f3n dentro de la sociedad.<\/p>\n<p>Este tratado interamericano de derechos humanos ha dado pauta para la adopci\u00f3n de leyes y pol\u00edticas sobre prevenci\u00f3n, erradicaci\u00f3n y sanci\u00f3n de la violencia contra las mujeres en los Estados Parte de la Convenci\u00f3n.\u00a0<span style=\"font-size: 15px; color: var( --e-global-color-text );\">Define a la violencia contra la mujer como \u201ccualquier acci\u00f3n o conducta basada en su g\u00e9nero, que cause muerte, da\u00f1o o sufrimiento f\u00edsico, sexual o psicol\u00f3gico a la mujer, tanto en el \u00e1mbito p\u00fablico como en el privado\u201d.\u00a0<\/span><span style=\"font-size: 15px; color: var( --e-global-color-text );\">Incluye la violencia f\u00edsica, sexual y psicol\u00f3gica que se produce dentro de la\u00a0<\/span><span style=\"font-size: 15px; color: var( --e-global-color-text );\">familia o unidad dom\u00e9stica o en cualquier otra relaci\u00f3n interpersonal; la\u00a0<\/span><span style=\"font-size: 15px; color: var( --e-global-color-text );\">que tenga lugar en la comunidad y sea perpetrada por cualquier persona y\u00a0<\/span><span style=\"font-size: 15px; color: var( --e-global-color-text );\">la violencia perpetrada o tolerada por el Estado o sus agentes, donde quiera\u00a0<\/span><span style=\"font-size: 15px; color: var( --e-global-color-text );\">que ocurra.<\/span><\/p>\n<p><span style=\"font-size: 15px; color: var( --e-global-color-text );\">La Convenci\u00f3n de Bel\u00e9m do Par\u00e1 establece los compromisos que asume el\u00a0<\/span><span style=\"font-size: 15px; color: var( --e-global-color-text );\">Estado sobre el acceso a la justicia para las mujeres, el deber de respeto a\u00a0<\/span><span style=\"font-size: 15px; color: var( --e-global-color-text );\">sus derechos a la vida, a la integridad f\u00edsica, psicol\u00f3gica y moral; a la libertad\u00a0<\/span><span style=\"font-size: 15px; color: var( --e-global-color-text );\">y a la seguridad personal, el derecho de igualdad y protecci\u00f3n ante la Ley,\u00a0<\/span><span style=\"font-size: 15px; color: var( --e-global-color-text );\">a un recurso sencillo y r\u00e1pido en los tribunales competentes y que se la\u00a0<\/span><span style=\"font-size: 15px; color: var( --e-global-color-text );\">proteja ante actos que violen sus derechos.<\/span><\/p>\n<ul>\n<li><strong>Declaraci\u00f3n y Plataforma de Acci\u00f3n de Beijing (1995)<a title=\"Disponible en: http:\/\/www.unwomen.org\/es\/digital-library\/publications\/2015\/01\/beijingdeclaration\"><sup>16<\/sup><\/a><\/strong><\/li>\n<\/ul>\n<p>Aprobadas en la Cuarta Conferencia Mundial sobre la Mujer, Beijing, del 4 a 15 de septiembre de 1995. La Plataforma de Acci\u00f3n contempla 12 \u00e1mbitos cr\u00edticos que constituyen obst\u00e1culos para el adelanto de la mujer: la pobreza; la educaci\u00f3n y la capacitaci\u00f3n; la salud; la violencia contra la mujer; los conflictos armados; la econom\u00eda; el ejercicio del poder y la adopci\u00f3n de decisiones; los mecanismos institucionales para el adelanto de la mujer; los derechos humanos; los medios de difusi\u00f3n; el medio ambiente; y la ni\u00f1a. Para cada esfera de especial preocupaci\u00f3n se identificaron objetivos estrat\u00e9gicos, adem\u00e1s de una serie detallada de medidas relacionadas que los gobiernos y otras partes interesadas deben llevar a cabo a nivel nacional, regional e internacional.<\/p>\n<p>Entre sus objetivos estrat\u00e9gicos en materia de violencia establece el adoptar medidas integradas para prevenir y eliminar la violencia contra la mujer; estudiar las causas y las consecuencias de la violencia contra la mujer y la eficacia de las medidas de prevenci\u00f3n y eliminar la trata de mujeres y prestar asistencia a las v\u00edctimas de la violencia derivada de la prostituci\u00f3n y la trata de mujeres.<\/p>\n<ul>\n<li><b>Protocolo Facultativo de la Convenci\u00f3n sobre la Eliminaci\u00f3n de Todas Formas de Discriminaci\u00f3n Contra la Mujer (1999)<a title=\"Disponible en: https:\/\/www.ohchr.org\/SP\/ProfessionalInterest\/Pages\/OPCEDAW.aspx\"><sup>17<\/sup><\/a><\/b><\/li>\n<\/ul>\n<p>Adoptado por la Asamblea General en su Resoluci\u00f3n A\/54\/4 del 6 de octubre de 1999 y ratificado por el Estado boliviano mediante Ley No. 2103 de 20 de junio de 2000, el cual en su art\u00edculo 1 establece que todo Estado Parte en el presente Protocolo reconoce la competencia del Comit\u00e9 para la Eliminaci\u00f3n de la Discriminaci\u00f3n contra la Mujer, para recibir y considerar las comunicaciones presentadas por personas o grupos de personas que se hallen bajo la jurisdicci\u00f3n de un Estado Parte y que aleguen ser v\u00edctimas de una violaci\u00f3n por parte de este Estado de cualquiera de los derechos enunciados en la Convenci\u00f3n, o en nombre de esas personas o grupos de personas.<\/p>\n<ul>\n<li><strong>Reglas de Bangkok para el tratamiento de las reclusas y medidas no privativas de libertad para las mujeres delincuentes (2011)<a title=\"Disponible en: https:\/\/www.unodc.org\/documents\/justice-and-prison-reform\/Bangkok_Rules_ ESP_24032015.pdf\"><sup>18<\/sup><\/a>.<\/strong><\/li>\n<\/ul>\n<p>Sancionadas por la Asamblea General de las Naciones Unidas el 21 de diciembre de 2010, comprende 70 reglas que tienen como objetivo instar a que responsables de pol\u00edticas, legisladores, operadores del sistema de justicia penal y personal penitenciario, elaboren sugerencias para mejorar las condiciones y atiendan las necesidades de las mujeres privadas de libertad.<\/p>\n<p>Las reglas de Bangkok parten de la premisa que varones y mujeres no deben recibir un \u201cTrato igualitario\u201d sino por el contrario, debe asegurarse un \u201cTrato Diferente\u201d, bajo leyes y pol\u00edticas sensibles al g\u00e9nero de las personas.<\/p>\n<ul>\n<li><b>Recomendaci\u00f3n General No. 33 del Comit\u00e9 para la Eliminaci\u00f3n de la Discriminaci\u00f3n Contra la Mujer (2015)<a title=\"Disponible en: https:\/\/tbinternet.ohchr.org\/_layouts\/15\/treatybodyexternal\/Download.aspx? symbolno=CEDAW\/C\/GC\/33&amp;Lang=en\"><sup>19<\/sup><\/a><\/b><\/li>\n<\/ul>\n<p>Aprobada por el Comit\u00e9 en el 61\u00ba periodo de sesiones el 3 de agosto de 2015. En ella se reconoce que el derecho de acceso de las mujeres a la justicia es esencial para la realizaci\u00f3n de todos los derechos protegidos en virtud de la Convenci\u00f3n sobre la Eliminaci\u00f3n de Todas las Formas de Discriminaci\u00f3n contra la Mujer. Se la considera un elemento fundamental del estado de derecho y la buena gobernanza, junto con la independencia, la imparcialidad, la integridad y la credibilidad de la judicatura, la lucha contra la impunidad y la corrupci\u00f3n, y la participaci\u00f3n en pie de igualdad de la mujer en la judicatura y otros mecanismos de aplicaci\u00f3n de la Ley. El derecho de acceso a la justicia es pluridimensional. Abarca la justiciabilidad, la disponibilidad, el acceso, la buena calidad, el suministro de recursos jur\u00eddicos para las v\u00edctimas y la rendici\u00f3n de cuentas de los sistemas de justicia.<\/p>\n<p><b><i>Instrumentos internacionales de protecci\u00f3n de los derechos de ni\u00f1as, ni\u00f1os y adolescentes frente a la violencia.<\/i><\/b><\/p>\n<p>Los siguientes instrumentos garantizan la efectividad de los derechos fundamentales de ni\u00f1os, ni\u00f1as adolescentes y la protecci\u00f3n y asistencia de \u00e9stos contra la violencia:<\/p>\n<ul>\n<li><b>Convenci\u00f3n Internacional sobre los Derechos del Ni\u00f1o (1989)<a title=\"Disponible en: https:\/\/www.ohchr.org\/SP\/ProfessionalInterest\/Pages\/CRC.aspx\"><sup>20<\/sup><\/a><\/b><\/li>\n<\/ul>\n<p>Adoptada por la Asamblea General de Naciones Unidas el 20 de noviembre de 1989 y ratificada por el Estado boliviano mediante Ley No. 1152 de 14 mayo 1999; en el art\u00edculo 3 se introduce el principio del inter\u00e9s superior del ni\u00f1o, al se\u00f1alar que: \u201cEn todas las medidas concernientes a los ni\u00f1os que tomen las instituciones p\u00fablicas o privadas de bienestar social, los tribunales, las autoridades administrativas o los \u00f3rganos, una consideraci\u00f3n primordial a que se atender\u00e1 ser\u00e1 el inter\u00e9s superior del ni\u00f1o\u201d. Asimismo, respecto al tema de la violencia sexual, la Convenci\u00f3n se\u00f1ala, en su art\u00edculo 19, que: \u201clos Estados partes deben adoptar medidas legislativas, administrativas, sociales y educativas para proteger al ni\u00f1o contra toda forma de perjuicio o abuso sexual, y que estas medidas deben contemplar mecanismos eficaces para la atenci\u00f3n y tratamiento de estos casos\u201d.<\/p>\n<p>El p\u00e1rrafo segundo de este art\u00edculo se\u00f1ala lo siguiente: \u201cEsas medidas de protecci\u00f3n deber\u00edan comprender, seg\u00fan corresponda, procedimientos eficaces para el establecimiento de programas sociales, con el objeto de proporcionar la asistencia necesaria al ni\u00f1o y a quienes cuidan de \u00e9l, as\u00ed como para otras formas de prevenci\u00f3n y para la identificaci\u00f3n, notificaci\u00f3n, remisi\u00f3n a una instituci\u00f3n, investigaci\u00f3n, tratamiento y observaci\u00f3n ulterior de los casos antes descritos de malos tratos al ni\u00f1o y, seg\u00fan corresponda, la intervenci\u00f3n judicial\u201d. De la misma forma los art\u00edculos 34, 36 y 39 establecen una protecci\u00f3n especial que debe otorgar a ni\u00f1as, ni\u00f1os y adolescentes v\u00edctimas de violencia sexual.<\/p>\n<ul>\n<li><b>Directrices sobre la Justicia en Asuntos Concernientes a los Ni\u00f1os V\u00edctimas y Testigos de Delitos (2005)<a title=\"Disponible en: https:\/\/www.un.org\/es\/events\/childrenday\/pdf\/E2005_20.pdf\"><sup>21<\/sup><\/a><\/b><\/li>\n<\/ul>\n<p>Aprobadas el 22 de julio de 2005 por el Consejo Econ\u00f3mico y Social de la ONU. Estas directrices fueron adoptadas para que las ni\u00f1as y ni\u00f1os que fueron damnificados o presenciaron un delito cometido contra otra persona gocen de protecci\u00f3n y de un trato justo cuando cuenten lo ocurrido ante un tribunal. Adopta como uno de sus principios el inter\u00e9s superior del ni\u00f1o.<\/p>\n<p>Toda ni\u00f1a y ni\u00f1o tiene derecho a un trato digno y comprensivo, los ni\u00f1os v\u00edctimas y testigos de delitos deber\u00e1n ser tratados con tacto y sensibilidad a lo largo de todo el proceso de justicia, tomando en consideraci\u00f3n su situaci\u00f3n personal y necesidades inmediatas, su edad, sexo, impedimentos f\u00edsicos y nivel de madurez y respetando plenamente su integridad f\u00edsica, mental y moral; al derecho a la protecci\u00f3n ante la discriminaci\u00f3n y a ser informados desde el primer contacto con el sistema de justicia; a recibir una ayuda especial y con profesionales especializados por la forma en que han sido agredidos; a la plena participaci\u00f3n en el proceso de justicia a menos que ello no sea su inter\u00e9s superior; a ser o\u00eddo, expresar opiniones y preocupaciones; a ser protegido de sufrimientos durante el proceso de justicia; derecho a la seguridad y recibir protecci\u00f3n contra cualquier peligro antes, durante y despu\u00e9s del proceso de justicia; a la reparaci\u00f3n recibiendo preparaci\u00f3n para poder recuperarse de los da\u00f1os que se les ha ocasionado y a medidas preventivas, especiales, para asegurarse de que los ni\u00f1os v\u00edctimas y testigos reciban protecci\u00f3n para que nadie vuelva a hacerles da\u00f1o.<\/p>\n<p>Estas directrices tambi\u00e9n se dirigen a las medidas que deben tomar las y los profesionales a momento de: idear formas de ayudar a los\/as ni\u00f1os\/as a fin de que les resulte m\u00e1s f\u00e1cil prestar testimonio o declarar; permanecer con los ni\u00f1os en todas las etapas del proceso de justicia, prest\u00e1ndoles apoyo y asistencia; asegurarse de que la participaci\u00f3n de un ni\u00f1o en las vistas o juicios se planifique con antelaci\u00f3n a fin de que \u00e9ste tenga tiempo para prepararse. A lo largo de todo el proceso, las y los profesionales que presten asistencia a los\/as ni\u00f1os\/as y con quienes \u00e9stos est\u00e9n en contacto, deben ser los mismos y deben adoptar medidas para asegurarse que el ni\u00f1o est\u00e1 a salvo y comunicar los peligros que se corren, si una ni\u00f1a o ni\u00f1o v\u00edctima o testigo de un delito, corre riesgo de intimidaci\u00f3n, amenazas o da\u00f1os.<\/p>\n<p>Es posible que quien tenga que indemnizar a la v\u00edctima sea el agresor, sin embargo, este instrumento tambi\u00e9n prev\u00e9 que, los gobiernos desarrollen programas de ayuda a las v\u00edctimas de delitos.<\/p>\n<p><b><i>Instrumentos internacionales espec\u00edficos de protecci\u00f3n de los derechos de las v\u00edctimas<\/i><\/b><\/p>\n<p>Los derechos, garant\u00edas y protecci\u00f3n de personas v\u00edctimas de delitos o que se\u00a0 encuentren en situaci\u00f3n de violencia, se hallan amparados bajo Tratados, Acuerdos y Convenciones Internacionales ratificados por Bolivia, mismos que son:<\/p>\n<ul>\n<li><b>Declaraci\u00f3n sobre los Principios Fundamentales de Justicia para V\u00edctimas de Delitos y Abuso de Poder (1985)<a title=\"Disponible en: https:\/\/www.ohchr.org\/SP\/ProfessionalInterest\/Pages\/VictimsOfCrimeAndAbuseOfPower. aspx\"><sup>22<\/sup><\/a><\/b><\/li>\n<\/ul>\n<p>Adoptado por la Asamblea General de la Organizaci\u00f3n de las Naciones Unidas, en su Resoluci\u00f3n No. 40\/34 del 29 de noviembre de 1985, misma que contiene principios b\u00e1sicos sobre el concepto de v\u00edctimas, el acceso a la justicia, el trato justo, asistencia material, m\u00e9dica, psicol\u00f3gica y social que sea necesaria, al resarcimiento, indemnizaci\u00f3n y su asistencia.<\/p>\n<ul>\n<li><b>Principios de Yogyakarta (2006)<a title=\"Disponible en: http:\/\/www.observatoriolgbt.org.bo\/index.php\/normativa\"><sup>23<\/sup><\/a><\/b><\/li>\n<\/ul>\n<p>Los Principios de Yogyakarta trabajados por expertos\/as internacionales fueron presentados, como una carta global para los derechos LGBT, el 26 de marzo de 2007 ante el Consejo de Derechos Humanos de las Naciones Unidas. La carta contiene una serie de principios (29) sobre c\u00f3mo se aplican los est\u00e1ndares y legislaci\u00f3n internacionales de derechos humanos a las cuestiones de orientaci\u00f3n sexual e identidad de g\u00e9nero, hacen referencia al respeto de los derechos humanos y c\u00f3mo estos se aplican sin discriminaci\u00f3n ni distinci\u00f3n alguna a la poblaci\u00f3n con diversa orientaci\u00f3n sexual e identidad de g\u00e9nero, considerando el alto grado de discriminaci\u00f3n y vulneraci\u00f3n que atraviesa esta poblaci\u00f3n.<\/p>\n<p>Establecen que toda persona, con independencia de su orientaci\u00f3n sexual o identidad de g\u00e9nero, tiene derecho a la seguridad personal y a la protecci\u00f3n del Estado frente a todo acto de violencia o da\u00f1o corporal que sea cometido por funcionarios p\u00fablicos o por cualquier individuo o grupo, debiendo asegurar que la perpetraci\u00f3n de tal violencia sea investigada vigorosamente y, en aquellos casos en que se encuentren pruebas apropiadas, se presenten cargos legales contra las personas responsables, se las lleve a juicio y se las castigue debidamente, y que a las v\u00edctimas se les brinden recursos y resarcimientos apropiados, incluyendo compensaci\u00f3n.<\/p>\n<ul>\n<li><b>Reglas de Brasilia sobre Acceso a la Justicia de las Personas en Condici\u00f3n de Vulnerabilidad (2008)<a class=\"tooltips\" title=\"Disponible en: https:\/\/www.acnur.org\/fileadmin\/Documentos\/BDL\/2009\/7037.pdf\"><sup>24<\/sup><\/a><\/b><\/li>\n<\/ul>\n<p>Aprobadas por la Cumbre Judicial Iberoamericana en su XIV Edici\u00f3n realizada del 4 a 6 de marzo de 2008, las y los beneficiarios de estas reglas son las personas en situaci\u00f3n de vulnerabilidad, entendidas \u00e9stas como aquellas que \u201cpor su raz\u00f3n de edad, g\u00e9nero, estado f\u00edsico o mental, o por circunstancias sociales, econ\u00f3micas, \u00e9tnicas y\/o culturales, encuentran especiales dificultades para ejercitar con plenitud, ante el sistema de justicia, los derechos reconocidos por el ordenamiento jur\u00eddico\u201d.<\/p>\n<ul>\n<li><b>Gu\u00edas de Santiago sobre Protecci\u00f3n de V\u00edctimas y Testigos (2008)<a class=\"tooltips\" title=\"Disponible en: https:\/\/www.mpfn.gob.pe\/Docs\/ucavit\/files\/guias_de_santiago_v\u00edctimas_y_ testigos.pdf\"><sup>25<\/sup><\/a><\/b><\/li>\n<\/ul>\n<p>Instrumento aprobado en la XVI Asamblea General Ordinaria de la Asociaci\u00f3n Ibero Americana de Ministerios P\u00fablicos (AIAMP) realizada el 9 y 10 de julio de 2008, sugiere que los Ministerios P\u00fablicos, seg\u00fan su propio marco legislativo sustantivo y procesal, as\u00ed como, el \u00e1mbito de las funciones que institucionalmente se les encomiendan, deben promover la creaci\u00f3n de mecanismos de atenci\u00f3n a las v\u00edctimas.<\/p>\n<ul>\n<li><b>Observaci\u00f3n General No.13 Derecho del Ni\u00f1o a no ser Objeto de Ninguna Forma de Violencia (2011)<a class=\"tooltips\" title=\"Disponible en: https:\/\/www2.ohchr.org\/english\/bodies\/crc\/docs\/CRC.C.GC.13_sp.doc\"><sup>26<\/sup><\/a><\/b><\/li>\n<\/ul>\n<p>Aprobada por el Comit\u00e9 de los Derechos del Ni\u00f1o el 18 de abril de 2011. En esta Observaci\u00f3n General se aborda el art\u00edculo 19 de la Convenci\u00f3n sobre los Derechos del Ni\u00f1o, debido a la alarmante magnitud e intensidad de la violencia ejercida contra las y los ni\u00f1os (menores de 18 a\u00f1os). Se considera preciso reforzar y ampliar masivamente las medidas destinadas a acabar con la violencia, para poner fin de manera efectiva, a esas pr\u00e1cticas que dificultan el desarrollo de las y los ni\u00f1os y la posible adopci\u00f3n por las sociedades de medios pac\u00edficos de soluci\u00f3n de conflictos.<\/p>\n<p>Establece que la violencia contra las y los ni\u00f1os jam\u00e1s es justificable; que la atenci\u00f3n y protecci\u00f3n debe basarse en adoptar un paradigma basado en el respeto y la promoci\u00f3n de su dignidad humana y su integridad f\u00edsica y psicol\u00f3gica como titular de derechos; que en todos los procesos de toma de decisiones debe respetarse sistem\u00e1ticamente el derecho de la ni\u00f1a y el ni\u00f1o a ser escuchado y a que sus opiniones se tengan debidamente en cuenta, y su habilitaci\u00f3n y participaci\u00f3n deben ser elementos b\u00e1sicos de las estrategias y programas de atenci\u00f3n y protecci\u00f3n del ni\u00f1o; que debe respetarse el derecho del ni\u00f1o a que, en todas las cuestiones que le conciernan o afecten, se atienda a su inter\u00e9s superior como consideraci\u00f3n primordial, especialmente cuando sea v\u00edctima de actos de violencia, as\u00ed como en todas las medidas de prevenci\u00f3n.<\/p>\n<p>Puntualiza que tanto los ni\u00f1os como las ni\u00f1as corren el riesgo de sufrir todas las formas de violencia, pero la violencia suele tener un componente de g\u00e9nero. Por ejemplo, las ni\u00f1as pueden sufrir m\u00e1s violencia sexual en el hogar que los ni\u00f1os, mientras que es m\u00e1s probable que estos sufran la violencia en el sistema de justicia penal.\u00a0<\/p>\n<ul>\n<li><b>Principios y Directrices de las Naciones Unidas sobre el Acceso a la Asistencia Jur\u00eddica en los Sistemas de Justicia Penal<\/b><\/li>\n<\/ul>\n<p>Adoptados por la Asamblea General de la ONU el 20 de noviembre de 2012. Se\u00f1ala que la asistencia jur\u00eddica es un elemento esencial de un sistema de justicia penal justo, humano y eficiente que se base en la primac\u00eda del derecho. La asistencia jur\u00eddica es el fundamento para el disfrute de otros derechos, como el derecho a un juicio justo y es una condici\u00f3n previa para el ejercicio de esos derechos, as\u00ed como una salvaguardia importante que asegura la equidad fundamental y la confianza p\u00fablica en el proceso de justicia penal. Establece que un sistema de asistencia jur\u00eddica eficaz puede reducir la reincidencia y el riesgo de una nueva victimizaci\u00f3n.<\/p>\n<p>Tambi\u00e9n puede proteger y salvaguardar los derechos de las v\u00edctimas y los testigos en el proceso de justicia penal a quienes debe brindarse asistencia jur\u00eddica sin ning\u00fan tipo de discriminaci\u00f3n y establecer medidas de reparaci\u00f3n en caso de neg\u00e1rseles esta asistencia. Se deben adoptar medidas especiales para asegurar un acceso real a la asistencia jur\u00eddica a las mujeres, los ni\u00f1os y los grupos con necesidades especiales, tales como las personas de edad, las minor\u00edas, las personas con discapacidad, las personas con enfermedades mentales, las personas que viven con el VIH, personas que viven en zonas rurales, alejadas y social y econ\u00f3micamente desfavorecidas, entre otros.<\/p>\n<\/div>\n<\/div>\n<\/div>\n<\/div>\n<\/div>\n<\/div>\n<\/div>\n<\/div>\n<\/div><\/div>\n<\/div>\n<\/div>\n<\/div>\n<\/div>\n<\/div>\n<\/div>\n<\/section>\n<section class=\"elementor-section elementor-top-section elementor-element elementor-element-fad0f0b elementor-section-boxed elementor-section-height-default elementor-section-height-default\" data-id=\"fad0f0b\" data-element_type=\"section\">\n<div class=\"elementor-container elementor-column-gap-default\">\n<div class=\"elementor-row\">\n<div class=\"elementor-column elementor-col-100 elementor-top-column elementor-element elementor-element-724f6d6\" data-id=\"724f6d6\" data-element_type=\"column\">\n<div class=\"elementor-column-wrap elementor-element-populated\">\n<div class=\"elementor-widget-wrap\">\n<div class=\"elementor-element elementor-element-0f22570 elementor-widget elementor-widget-text-editor\" data-id=\"0f22570\" data-element_type=\"widget\" data-widget_type=\"text-editor.default\">\n<div class=\"elementor-widget-container\">\n<div class=\"elementor-text-editor elementor-clearfix\">\n<div title=\"Page 15\">\n<div>\n<div>\n<div>\n<div title=\"Page 24\">\n<div>\n<div>\n<div>\n<p><span style=\"color: #43358b;\"><b>Jurisprudencia de la Corte Interamericana de Derechos Humanos (Corte IDH) y la Comisi\u00f3n Interamericana de Derechos Humanos (CIDH)<\/b><\/span><\/p>\n<\/div>\n<\/div>\n<\/div>\n<\/div>\n<\/div>\n<\/div>\n<\/div>\n<\/div>\n<\/div><\/div>\n<\/div>\n<\/div>\n<\/div>\n<\/div>\n<\/div>\n<\/div>\n<\/section>\n<section class=\"elementor-section elementor-top-section elementor-element elementor-element-f15d399 elementor-section-boxed elementor-section-height-default elementor-section-height-default\" data-id=\"f15d399\" data-element_type=\"section\">\n<div class=\"elementor-container elementor-column-gap-default\">\n<div class=\"elementor-row\">\n<div class=\"elementor-column elementor-col-100 elementor-top-column elementor-element elementor-element-8fe9089\" data-id=\"8fe9089\" data-element_type=\"column\">\n<div class=\"elementor-column-wrap elementor-element-populated\">\n<div class=\"elementor-widget-wrap\">\n<div class=\"elementor-element elementor-element-8f9051e elementor-widget elementor-widget-text-editor\" data-id=\"8f9051e\" data-element_type=\"widget\" data-widget_type=\"text-editor.default\">\n<div class=\"elementor-widget-container\">\n<div class=\"elementor-text-editor elementor-clearfix\">\n<div title=\"Page 15\">\n<div>\n<div>\n<div>\n<div title=\"Page 24\">\n<div>\n<div>\n<div>\n<p>Los principales referentes de jurisprudencia con relaci\u00f3n a la protecci\u00f3n de los Derechos Humanos de las mujeres, son:<\/p>\n<p><b>Est\u00e1ndares internacionales sobre consentimiento informado<\/b><\/p>\n<ul>\n<li><b>Caso IV Vs. Bolivia<a class=\"tooltips\" title=\"http:\/\/www.corteidh.or.cr\/docs\/casos\/articulos\/seriec_329_esp.pdf\"><sup>27<\/sup><\/a><\/b><\/li>\n<\/ul>\n<p style=\"padding-left: 80px;\">El Caso I.V. Vs. Bolivia se refiere a la violaci\u00f3n de derechos humanos de la se\u00f1ora I.V. por la intervenci\u00f3n quir\u00fargica a la que fue sometida en un hospital p\u00fablico el 01 de julio de 2000. Esta intervenci\u00f3n, consisti\u00f3 en una ligadura de las trompas de falopio, que fue efectuada sin que se tratara de una situaci\u00f3n de emergencia y sin el consentimiento informado de la se\u00f1ora I.V., quien sufri\u00f3 la p\u00e9rdida permanente y forzada de su funci\u00f3n reproductora, y habiendo iniciado las acciones administrativas y luego penales contra el responsable no logr\u00f3 una decisi\u00f3n judicial oportuna.<\/p>\n<p style=\"padding-left: 80px;\">La Corte IDH determin\u00f3 en su sentencia que el Estado boliviano era responsable por la violaci\u00f3n de los derechos a la integridad personal, a la libertad personal, a la dignidad, a la vida privada y familiar, de acceso a la informaci\u00f3n, a fundar una familia, a las garant\u00edas judiciales y protecci\u00f3n judicial reconocidos en la Convenci\u00f3n Americana sobre Derechos Humanos; as\u00ed como por no cumplir con sus obligaciones de acceso a la justicia contendidas en la Convenci\u00f3n de Bel\u00e9m do Par\u00e1, en perjuicio de la se\u00f1ora I.V.<\/p>\n<p style=\"padding-left: 80px;\">La Corte afirm\u00f3 que el consentimiento informado del paciente es una condici\u00f3n sine qua non para la pr\u00e1ctica m\u00e9dica, la cual se basa en el respeto a su autonom\u00eda y su libertad para tomar sus propias decisiones de acuerdo a su plan de existencia. En otras palabras, el consentimiento informado asegura el efecto \u00fatil de la norma que reconoce la autonom\u00eda como elemento indisoluble de la dignidad de la persona. En este marco, la Corte hizo referencia a la especial relaci\u00f3n entre el m\u00e9dico y el paciente, la cual est\u00e1 caracterizada por la asimetr\u00eda en el ejercicio del poder que el m\u00e9dico asume en raz\u00f3n de su conocimiento profesional especializado y del control de la informaci\u00f3n que conserva. Esta relaci\u00f3n de poder se encuentra gobernada por ciertos principios de la \u00e9tica m\u00e9dica, principalmente los principios de autonom\u00eda del paciente, beneficencia, no maleficencia y justicia.<\/p>\n<p><b>Acuerdos sobre especializaci\u00f3n en violencia de g\u00e9nero<\/b><\/p>\n<ul>\n<li><strong>\u00a0Soluci\u00f3n Amistosa MZ Bolivia<a class=\"tooltips\" title=\"Disponible en: https:\/\/www.oas.org\/es\/cidh\/decisiones\/2014\/BOSA12350ES.pdf\"><sup>28<\/sup><\/a><\/strong><\/li>\n<\/ul>\n<p>Se origina entre la deficiente protecci\u00f3n a la v\u00edctima de violencia sexual identificada como MZ, quien dada la respuesta ineficaz del sistema boliviano dentro del proceso penal seguido contra su agresor, denuncia a Bolivia ante la Comisi\u00f3n Interamericana de Derechos Humanos de la Organizaci\u00f3n de Estados Americanos, en raz\u00f3n de la poca efectividad, los altos niveles de revictimizaci\u00f3n a los que fue sometida, y sobre todo por la falta de mecanismos especializados que faciliten a las v\u00edctimas de violencia sexual el acceso a la justicia.<\/p>\n<p>El 11 de marzo de 2008, la CIDH y el Estado boliviano suscribieron un Acuerdo de Soluci\u00f3n Amistosa, en el cual Bolivia reconoce su responsabilidad por la ineficaz acci\u00f3n judicial, asumiendo compromisos puntuales que benefician a las mujeres bolivianas entre ellas: capacitaci\u00f3n de por lo menos el 15% del tiempo total de sus programas pedag\u00f3gicos dirigidos a jueces\/juezas est\u00e9 dedicado la promoci\u00f3n y protecci\u00f3n de los derechos humanos con enfoque de g\u00e9nero; publicidad la hojas de vida de candidaturas para fiscales y jueces en su p\u00e1ginas web; imprimir manuales y otros documentos sobre el tratamiento a v\u00edctimas de violencia sexual, como una campa\u00f1a de concienciaci\u00f3n de los derechos de las mujeres y de vigencia de los derechos de las mujeres y de vigencia de los tratados internacionales; crear una unidad especializada para la atenci\u00f3n a v\u00edctimas de violencia sexual, como tambi\u00e9n para la investigaci\u00f3n y el ejercicio de la acci\u00f3n penal p\u00fablica respecto a esos delitos; tambi\u00e9n una unidad especial para desarrollar los estudios cient\u00edficot\u00e9cnicos requeridos para la investigaci\u00f3n de los delitos a la libertad sexual.<\/p>\n<p><b>Est\u00e1ndares sobre la debida diligencia en la investigaci\u00f3n<\/b><\/p>\n<ul>\n<li><b>Caso Gonz\u00e1les Vs. M\u00e9xico<a class=\"tooltips\" title=\"http:\/\/www.corteidh.or.cr\/docs\/casos\/articulos\/seriec_205_esp.pdf\"><sup>29<\/sup><\/a><\/b><\/li>\n<\/ul>\n<p>Dentro de este caso m\u00e1s conocido como \u201cCampo Algodonero\u201d, la Corte IDH encontr\u00f3 al Estado mexicano responsable de varias violaciones a la Convenci\u00f3n Americana sobre Derechos Humanos y la Convenci\u00f3n de Bel\u00e9m do Par\u00e1, en perjuicio de tres v\u00edctimas y sus familiares. Concretamente, la Corte IDH hall\u00f3 violaciones al deber general de garantizar los derechos humanos de las tres v\u00edctimas al no actuar con la debida diligencia requerida para proteger sus derechos a la vida, a la integridad personal, su libertad personal y su derecho a vivir libres de violencia, e investigar de forma adecuada y efectiva las desapariciones y homicidios.<\/p>\n<p>A\u00a0partir de esta jurisprudencia se ha sentado las directrices b\u00e1sicas para la aplicaci\u00f3n del Principio de la Debida Diligencia en la investigaci\u00f3n efectiva de los casos de violencia contra la mujer, entendi\u00e9ndose que es deber del Estado la investigaci\u00f3n efectiva bajo una perspectiva de g\u00e9nero; debiendo remover todos los obst\u00e1culos, mecanismos de hecho y de derecho que mantienen la impunidad para lo cual deben utilizar todas las medidas a su alcance para diligenciar el proceso; asimismo, entre las directrices se tiene el deber de otorgar garant\u00edas de seguridad suficientes a v\u00edctimas, testigos y a familiares de las v\u00edctimas. El deber del Estado de actuar con la DEBIDA DILIGENCIA requiere de la actuaci\u00f3n pronta e inmediata de las autoridades policiales, fiscales y judiciales cuando el Estado tiene conocimiento de un contexto en el que las mujeres est\u00e1n siendo abusadas y violentadas. Por ello, es necesario que en aplicaci\u00f3n del Principio de la Debida Diligencia m\u00ednimamente se observe:<\/p>\n<ol>\n<li style=\"list-style-type: none;\">\n<ol>\n<li>La declaraci\u00f3n de la v\u00edctima se realice en un ambiente c\u00f3modo y seguro, que le brinde privacidad y confianza.<\/li>\n<li>La declaraci\u00f3n de la v\u00edctima se registre de forma tal que se evite o limite la necesidad de su repetici\u00f3n.<\/li>\n<li>Se brinde atenci\u00f3n m\u00e9dica, sanitaria y psicol\u00f3gica a la v\u00edctima, tanto de emergencia como de forma continuada, si as\u00ed se requiere, mediante un protocolo de atenci\u00f3n cuyo objetivo sea reducir las consecuencias de la violaci\u00f3n.<\/li>\n<li>Se realice inmediatamente un examen m\u00e9dico y psicol\u00f3gico completo y detallado por personal id\u00f3neo y capacitado, en lo posible del sexo que la v\u00edctima indique, ofreci\u00e9ndole que sea acompa\u00f1ada por alguien de su confianza, si as\u00ed lo desea.<\/li>\n<li>El deber de investigar es una obligaci\u00f3n de medio y no de resultado, que debe ser asumida por el Estado como un deber jur\u00eddico propio y no como una simple formalidad condenada de antemano a ser infructuosa.<\/li>\n<li>La obligaci\u00f3n del Estado de investigar debe cumplirse diligentemente para evitar la impunidad y que este tipo de hechos vuelvan a repetirse. En este sentido, la Corte recuerda que la impunidad fomenta la repetici\u00f3n de las violaciones de derechos humanos.<\/li>\n<li>Una vez que las autoridades estatales tengan conocimiento del hecho, deben iniciar de oficio y sin dilaci\u00f3n, una investigaci\u00f3n seria, imparcial y efectiva por todos los medios legales disponibles y orientada a la determinaci\u00f3n de la verdad y a la persecuci\u00f3n, captura, enjuiciamiento y eventual castigo de todos los autores de los hechos, especialmente cuando est\u00e1n o puedan estar involucrados agentes estatales.<\/li>\n<li>Se documenten y coordinen los actos investigativos y se maneje diligentemente la prueba, tomando muestras suficientes, realizando estudios para determinar la posible autor\u00eda del hecho, asegurando otras pruebas como la ropa de la v\u00edctima, investigando de forma inmediata el lugar, los hechos y garantizando la correcta cadena de custodia; y finalmente.<\/li>\n<li>Se brinde acceso a asistencia jur\u00eddica gratuita a la v\u00edctima durante todas las etapas del proceso. (sic.)<\/li>\n<\/ol>\n<\/li>\n<\/ol>\n<\/div>\n<\/div>\n<\/div>\n<\/div>\n<\/div>\n<\/div>\n<\/div>\n<\/div>\n<\/div><\/div>\n<\/div>\n<\/div>\n<\/div>\n<\/div>\n<\/div>\n<\/div>\n<\/section>\n<section class=\"elementor-section elementor-top-section elementor-element elementor-element-f33f5eb elementor-section-boxed elementor-section-height-default elementor-section-height-default\" data-id=\"f33f5eb\" data-element_type=\"section\">\n<div class=\"elementor-container elementor-column-gap-default\">\n<div class=\"elementor-row\">\n<div class=\"elementor-column elementor-col-100 elementor-top-column elementor-element elementor-element-ba78ade\" data-id=\"ba78ade\" data-element_type=\"column\">\n<div class=\"elementor-column-wrap elementor-element-populated\">\n<div class=\"elementor-widget-wrap\">\n<div class=\"elementor-element elementor-element-02db589 elementor-widget elementor-widget-text-editor\" data-id=\"02db589\" data-element_type=\"widget\" data-widget_type=\"text-editor.default\">\n<div class=\"elementor-widget-container\">\n<div class=\"elementor-text-editor elementor-clearfix\">\n<div class=\"page\" title=\"Page 15\">\n<div class=\"section\">\n<div class=\"layoutArea\">\n<div class=\"column\">\n<div class=\"page\" title=\"Page 24\">\n<div class=\"section\">\n<div class=\"layoutArea\">\n<div class=\"column\">\n<ul>\n<li><b>Caso Vel\u00e1zquez Paiz y otros vs. Guatemala<a class=\"tooltips\" title=\"Disponible en: https:\/\/www.corteidh.or.cr\/docs\/casos\/articulos\/seriec_307_esp.pdf\"><sup>30<\/sup><\/a><\/b><\/li>\n<\/ul>\n<p>La investigaci\u00f3n penal ante la desaparici\u00f3n de Claudina Vel\u00e1squez, no inici\u00f3 a partir de las denuncias sino a partir del hallazgo de su cuerpo sin vida. Posteriormente, se produjeron diversas irregularidades en la investigaci\u00f3n a partir del hallazgo del cuerpo de la v\u00edctima y posteriores actuaciones de los funcionarios estatales, a saber: i) falta de un registro policial sobre el hallazgo del cuerpo; ii) falta de investigaci\u00f3n de los indicios de manipulaci\u00f3n del cad\u00e1ver; iii) incorrecto manejo de la escena del crimen; iv) irregularidades en la documentaci\u00f3n y preservaci\u00f3n de la evidencia; v) falta de recaudaci\u00f3n y preservaci\u00f3n de evidencia; vi) irregularidades respecto a la pr\u00e1ctica de la necropsia y su documentaci\u00f3n; vii) irregularidades y falta de determinaci\u00f3n de la hora de la muerte; viii) referencia a la v\u00edctima como \u201cXX\u201d en informes de investigaci\u00f3n elaborados con posterioridad a su identificaci\u00f3n, e ix) irregularidades en el reconocimiento m\u00e9dico forense y su informe respectivo. Al respecto, la Corte IDH estableci\u00f3 que las falencias de las primeras diligencias de la investigaci\u00f3n dif\u00edcilmente pod\u00edan ser subsanadas por las tard\u00edas e insuficientes diligencias probatorias que el Estado trat\u00f3 de impulsar y, adem\u00e1s, la p\u00e9rdida de evidencia devino en irreparable. En raz\u00f3n de todo lo anterior, la Corte estableci\u00f3 que se afect\u00f3 la debida diligencia y rigor en la investigaci\u00f3n.<\/p>\n<p>La Corte IDH ha establecido que en casos de sospecha de homicidio por raz\u00f3n de g\u00e9nero, la obligaci\u00f3n estatal de investigar con la debida diligencia incluye el deber de ordenar de oficio los ex\u00e1menes y pericias correspondientes tendientes a verificar si el homicidio tuvo un m\u00f3vil sexual o si se produjo alg\u00fan tipo de violencia sexual. En este sentido, la investigaci\u00f3n sobre un supuesto homicidio por raz\u00f3n de g\u00e9nero no debe limitarse a la muerte de la v\u00edctima, sino que debe abarcar otras afectaciones espec\u00edficas contra la integridad personal, tales como torturas y actos de violencia sexual.<\/p>\n<p>En una investigaci\u00f3n penal por violencia sexual es necesario que se documenten y coordinen los actos investigativos y se maneje diligentemente la prueba, tomando muestras suficientes, realizando estudios para determinar la posible autor\u00eda del hecho, asegurando otras pruebas como la ropa de la v\u00edctima, la investigaci\u00f3n inmediata del lugar de los hechos y garantizando la correcta cadena de custodia.<\/p>\n<\/div>\n<\/div>\n<\/div>\n<\/div>\n<\/div>\n<\/div>\n<\/div>\n<\/div>\n<\/div><\/div>\n<\/div>\n<\/div>\n<\/div>\n<\/div>\n<\/div>\n<\/div>\n<\/section>\n<section class=\"elementor-section elementor-top-section elementor-element elementor-element-4d3540a elementor-section-boxed elementor-section-height-default elementor-section-height-default\" data-id=\"4d3540a\" data-element_type=\"section\">\n<div class=\"elementor-container elementor-column-gap-default\">\n<div class=\"elementor-row\">\n<div class=\"elementor-column elementor-col-100 elementor-top-column elementor-element elementor-element-4284142\" data-id=\"4284142\" data-element_type=\"column\">\n<div class=\"elementor-column-wrap elementor-element-populated\">\n<div class=\"elementor-widget-wrap\">\n<div class=\"elementor-element elementor-element-53e1e8b elementor-widget elementor-widget-text-editor\" data-id=\"53e1e8b\" data-element_type=\"widget\" data-widget_type=\"text-editor.default\">\n<div class=\"elementor-widget-container\">\n<div class=\"elementor-text-editor elementor-clearfix\">\n<div class=\"page\" title=\"Page 15\">\n<div class=\"section\">\n<div class=\"layoutArea\">\n<div class=\"column\">\n<div class=\"page\" title=\"Page 24\">\n<div class=\"section\">\n<div class=\"layoutArea\">\n<div class=\"column\">\n<ul>\n<li><b>Caso Fern\u00e1ndez Ortega y otros vs. M\u00e9xico<a class=\"tooltips\" title=\"Disponible en: http:\/\/corteidh.or.cr\/docs\/casos\/articulos\/seriec_224_esp.pdf\"><sup>31<\/sup><\/a>.<\/b><\/li>\n<\/ul>\n<p>El caso se refiere a la responsabilidad internacional del Estado por la violaci\u00f3n sexual cometida en perjuicio de In\u00e9s Fern\u00e1ndez Ortega por parte de agentes militares, as\u00ed como por la falta de investigaci\u00f3n y sanci\u00f3n de los responsables. Para la Corte IDH el sufrimiento padecido por la se\u00f1ora Fern\u00e1ndez Ortega, al ser obligada a mantener un acto sexual contra su voluntad, hecho adem\u00e1s que fue observado por otras dos personas, es de la mayor intensidad.<\/p>\n<p>La Corte IDH consider\u00f3 probadas, entre otras, varias omisiones y fallas en la investigaci\u00f3n entre ellas el que inicialmente el Ministerio P\u00fablico no quiso recibir su denuncia, no se le provey\u00f3 un\/a int\u00e9rprete afectando la calidad de su declaraci\u00f3n la que no se realiz\u00f3 en condiciones m\u00ednimas de privacidad, no se realiz\u00f3 la diligencia de investigaci\u00f3n sobre la escena del crimen inmediatamente y recolecci\u00f3n de elementos como sus prendas de vestir, no se provey\u00f3 a la v\u00edctima de atenci\u00f3n m\u00e9dica y psicol\u00f3gica adecuada, y no se protegi\u00f3 la prueba pericial.<\/p>\n<p>Establece que \u201cen una investigaci\u00f3n penal por violencia sexual es necesario que: i) la declaraci\u00f3n de la v\u00edctima se realice en un ambiente c\u00f3modo y seguro, que le brinde privacidad y confianza; ii) la declaraci\u00f3n de la v\u00edctima se registre de forma tal que se evite o limite la necesidad de su repetici\u00f3n; iii) se brinde atenci\u00f3n m\u00e9dica, sanitaria y psicol\u00f3gica a la v\u00edctima, tanto de emergencia como de forma continuada si as\u00ed se requiere, mediante un protocolo de atenci\u00f3n cuyo objetivo sea reducir las consecuencias de la violaci\u00f3n; iv) se realice inmediatamente un examen m\u00e9dico y psicol\u00f3gico completo y detallado por personal id\u00f3neo y capacitado, en lo posible del sexo que la v\u00edctima indique, ofreci\u00e9ndole que sea acompa\u00f1ada por alguien de su confianza si as\u00ed lo desea; v) se documenten y coordinen los actos investigativos y se maneje diligentemente la prueba, tomando muestras suficientes, realizando estudios para determinar la posible autor\u00eda del hecho, asegurando otras pruebas como la ropa de la v\u00edctima, investigando de forma inmediata el lugar de los hechos y garantizando la correcta cadena de custodia, y vi) se brinde acceso a asistencia jur\u00eddica gratuita a la v\u00edctima durante todas las etapas del proceso\u201d.<\/p>\n<\/div>\n<\/div>\n<\/div>\n<\/div>\n<\/div>\n<\/div>\n<\/div>\n<\/div>\n<\/div><\/div>\n<\/div>\n<\/div>\n<\/div>\n<\/div>\n<\/div>\n<\/div>\n<\/section>\n<section class=\"elementor-section elementor-top-section elementor-element elementor-element-785aadd elementor-section-boxed elementor-section-height-default elementor-section-height-default\" data-id=\"785aadd\" data-element_type=\"section\">\n<div class=\"elementor-container elementor-column-gap-default\">\n<div class=\"elementor-row\">\n<div class=\"elementor-column elementor-col-100 elementor-top-column elementor-element elementor-element-1eb4c6b\" data-id=\"1eb4c6b\" data-element_type=\"column\">\n<div class=\"elementor-column-wrap elementor-element-populated\">\n<div class=\"elementor-widget-wrap\">\n<div class=\"elementor-element elementor-element-beb6fdb elementor-widget elementor-widget-text-editor\" data-id=\"beb6fdb\" data-element_type=\"widget\" data-widget_type=\"text-editor.default\">\n<div class=\"elementor-widget-container\">\n<div class=\"elementor-text-editor elementor-clearfix\">\n<div class=\"page\" title=\"Page 15\">\n<div class=\"section\">\n<div class=\"layoutArea\">\n<div class=\"column\">\n<div class=\"page\" title=\"Page 24\">\n<div class=\"section\">\n<div class=\"layoutArea\">\n<div class=\"column\">\n<p><b>Est\u00e1ndares sobre el valor reforzado de la declaraci\u00f3n de la v\u00edctima<\/b><\/p>\n<ul>\n<li><b>Caso Rosendo Cant\u00fa y otra Vs. M\u00e9xico<a class=\"tooltips\" title=\"Disponible en: http:\/\/www.corteidh.or.cr\/docs\/casos\/articulos\/seriec_216_esp.pdf\"><sup>32<\/sup><\/a>.<\/b><\/li>\n<\/ul>\n<p>La se\u00f1ora Rosendo Cant\u00fa, mujer ind\u00edgena perteneciente a la comunidad ind\u00edgena Me\u00b4phaa, originaria de la comunidad de Caxitepec, estado de Guerrero (17 a\u00f1os de edad), junto con su hija Yenys Bernadino Rosendo, fue v\u00edctima de violaci\u00f3n sexual e interrogaciones con golpes violentos por parte de agentes militares. Atraves\u00f3 por muchas dificultades en busca de justicia, en primera instancia las autoridades se rehusaron a recibir su denuncia, no se le prest\u00f3 atenci\u00f3n m\u00e9dica para resguardar sus pruebas, ni tratamientos fisiol\u00f3gicos y psicol\u00f3gicos, por si fuera poco, la causa pas\u00f3 del fuero civil al militar y se puso en duda su declaraci\u00f3n.<\/p>\n<p>La Corte IDH reconoci\u00f3 que la violaci\u00f3n sexual es una experiencia sumamente traum\u00e1tica que tiene severas consecuencias y causa gran da\u00f1o f\u00edsico y psicol\u00f3gico que deja a la v\u00edctima \u201chumillada f\u00edsica y emocionalmente\u201d.<\/p>\n<p>Con relaci\u00f3n a las pruebas, la Corte se\u00f1ala que es evidente que la violaci\u00f3n sexual es un tipo particular de agresi\u00f3n que, en general, se caracteriza por producirse en ausencia de otras personas m\u00e1s all\u00e1 de la v\u00edctima y el agresor o los agresores. Dada la naturaleza de esta forma de violencia, no se puede esperar la existencia de pruebas gr\u00e1ficas o documentales y, por ello, la declaraci\u00f3n de la v\u00edctima constituye una prueba fundamental sobre el hecho. Tambi\u00e9n se establece que el Estado debe prestar especial atenci\u00f3n a las necesidades y a los derechos de los\/as ni\u00f1os\/as, en consideraci\u00f3n a su condici\u00f3n particular de vulnerabilidad. Indica tambi\u00e9n que para garantizar el acceso a la justicia de los miembros de comunidades ind\u00edgenas, \u201ces indispensable que los Estados otorguen una protecci\u00f3n efectiva que tome en cuenta sus particularidades propias, sus caracter\u00edsticas econ\u00f3micas y sociales, as\u00ed como su situaci\u00f3n de especial vulnerabilidad, su derecho consuetudinario, valores, usos y costumbres\u201d.<\/p>\n<p>La obligaci\u00f3n de proteger el inter\u00e9s superior de los ni\u00f1os y ni\u00f1as durante cualquier procedimiento en el cual est\u00e9n involucrados puede implicar, lo siguiente:<\/p>\n<p style=\"padding-left: 80px;\">\u201ci) suministrar la informaci\u00f3n e implementar los procedimientos adecuados adapt\u00e1ndolos a sus necesidades particulares, garantizando que cuenten con asistencia letrada y de otra \u00edndole en todo momento, de acuerdo con sus necesidades;<\/p>\n<p style=\"padding-left: 80px;\">ii) asegurar especialmente en casos en los cuales ni\u00f1os o ni\u00f1as hayan sido v\u00edctimas de delitos como abusos sexuales u otras formas de maltrato, su derecho a ser escuchados se ejerza garantizando su plena protecci\u00f3n, vigilando que el personal est\u00e9 capacitado para atenderlos y que las salas de entrevistas representen un entorno seguro y no intimidatorio, hostil, insensible o inadecuado, y<\/p>\n<p style=\"padding-left: 80px;\">iii) procurar que los ni\u00f1os y ni\u00f1as no sean interrogados en m\u00e1s\u00a0ocasiones que las necesarias para evitar, en la medida de lo posible, la revictimizaci\u00f3n o un impacto traum\u00e1tico en el ni\u00f1o\u201d.<\/p>\n<\/div>\n<\/div>\n<\/div>\n<\/div>\n<\/div>\n<\/div>\n<\/div>\n<\/div>\n<\/div><\/div>\n<\/div>\n<\/div>\n<\/div>\n<\/div>\n<\/div>\n<\/div>\n<\/section>\n<section class=\"elementor-section elementor-top-section elementor-element elementor-element-2f6c250 elementor-section-boxed elementor-section-height-default elementor-section-height-default\" data-id=\"2f6c250\" data-element_type=\"section\">\n<div class=\"elementor-container elementor-column-gap-default\">\n<div class=\"elementor-row\">\n<div class=\"elementor-column elementor-col-100 elementor-top-column elementor-element elementor-element-0f5ae39\" data-id=\"0f5ae39\" data-element_type=\"column\">\n<div class=\"elementor-column-wrap elementor-element-populated\">\n<div class=\"elementor-widget-wrap\">\n<div class=\"elementor-element elementor-element-6681c88 elementor-widget elementor-widget-text-editor\" data-id=\"6681c88\" data-element_type=\"widget\" data-widget_type=\"text-editor.default\">\n<div class=\"elementor-widget-container\">\n<div class=\"elementor-text-editor elementor-clearfix\">\n<div class=\"page\" title=\"Page 15\">\n<div class=\"section\">\n<div class=\"layoutArea\">\n<div class=\"column\">\n<div class=\"page\" title=\"Page 24\">\n<div class=\"section\">\n<div class=\"layoutArea\">\n<div class=\"column\">\n<p><b>Est\u00e1ndares sobre sobre reparaci\u00f3n integral<\/b><\/p>\n<ul>\n<li><b>Caso Gonz\u00e1lez y otras vs. M\u00e9xico (Campo Algodonero)<\/b><\/li>\n<\/ul>\n<p>La Corte IDH en esta sentencia recuerda que el concepto de \u2018reparaci\u00f3n integral\u2018 (restitutio in integrum) implica el restablecimiento de la situaci\u00f3n anterior y la eliminaci\u00f3n de los efectos que la violaci\u00f3n produjo, as\u00ed como una indemnizaci\u00f3n como compensaci\u00f3n por los da\u00f1os causados. Sin embargo, teniendo en cuenta la situaci\u00f3n de discriminaci\u00f3n estructural en la que se enmarcan los hechos ocurridos en el presente caso y que fue reconocida por el Estado [\u2026], las reparaciones deben tener una vocaci\u00f3n transformadora de dicha situaci\u00f3n, de tal forma que las mismas tengan un efecto no solo restitutivo sino tambi\u00e9n correctivo. En este sentido, no es admisible una restituci\u00f3n a la misma situaci\u00f3n estructural de violencia y discriminaci\u00f3n. Del mismo modo, la Corte recuerda que la naturaleza y monto de la reparaci\u00f3n ordenada dependen del da\u00f1o ocasionado en los planos tanto material como inmaterial. Las reparaciones no pueden implicar ni enriquecimiento ni empobrecimiento para la v\u00edctima o sus familiares, y deben guardar relaci\u00f3n directa con las violaciones declaradas. Una o m\u00e1s<br \/>medidas pueden reparar un da\u00f1o espec\u00edfico sin que \u00e9stas se consideren una doble reparaci\u00f3n.<\/p>\n<\/div>\n<\/div>\n<\/div>\n<\/div>\n<\/div>\n<\/div>\n<\/div>\n<\/div>\n<\/div><\/div>\n<\/div>\n<\/div>\n<\/div>\n<\/div>\n<\/div>\n<\/div>\n<\/section>\n<section class=\"elementor-section elementor-top-section elementor-element elementor-element-b43ee69 elementor-section-boxed elementor-section-height-default elementor-section-height-default\" data-id=\"b43ee69\" data-element_type=\"section\">\n<div class=\"elementor-container elementor-column-gap-default\">\n<div class=\"elementor-row\">\n<div class=\"elementor-column elementor-col-100 elementor-top-column elementor-element elementor-element-310b094\" data-id=\"310b094\" data-element_type=\"column\">\n<div class=\"elementor-column-wrap elementor-element-populated\">\n<div class=\"elementor-widget-wrap\">\n<div class=\"elementor-element elementor-element-cee9ee9 elementor-widget elementor-widget-text-editor\" data-id=\"cee9ee9\" data-element_type=\"widget\" data-widget_type=\"text-editor.default\">\n<div class=\"elementor-widget-container\">\n<div class=\"elementor-text-editor elementor-clearfix\">\n<div title=\"Page 15\">\n<div>\n<div>\n<div>\n<div title=\"Page 24\">\n<div>\n<div>\n<div>\n<p><span style=\"color: #43358b;\"><b>Jurisprudencia de \u00f3rganos de supervisi\u00f3n de los tratados de Naciones Unidas<\/b><\/span><\/p>\n<\/div>\n<\/div>\n<\/div>\n<\/div>\n<\/div>\n<\/div>\n<\/div>\n<\/div>\n<\/div><\/div>\n<\/div>\n<\/div>\n<\/div>\n<\/div>\n<\/div>\n<\/div>\n<\/section>\n<section class=\"elementor-section elementor-top-section elementor-element elementor-element-1a2a6cd elementor-section-boxed elementor-section-height-default elementor-section-height-default\" data-id=\"1a2a6cd\" data-element_type=\"section\">\n<div class=\"elementor-container elementor-column-gap-default\">\n<div class=\"elementor-row\">\n<div class=\"elementor-column elementor-col-100 elementor-top-column elementor-element elementor-element-1e23bc2\" data-id=\"1e23bc2\" data-element_type=\"column\">\n<div class=\"elementor-column-wrap elementor-element-populated\">\n<div class=\"elementor-widget-wrap\">\n<div class=\"elementor-element elementor-element-ac43f75 elementor-widget elementor-widget-text-editor\" data-id=\"ac43f75\" data-element_type=\"widget\" data-widget_type=\"text-editor.default\">\n<div class=\"elementor-widget-container\">\n<div class=\"elementor-text-editor elementor-clearfix\">\n<div class=\"page\" title=\"Page 15\">\n<div class=\"section\">\n<div class=\"layoutArea\">\n<div class=\"column\">\n<div class=\"page\" title=\"Page 24\">\n<div class=\"section\">\n<div class=\"layoutArea\">\n<div class=\"column\">\n<p><b>Est\u00e1ndares sobre la no revictimizaci\u00f3n, la protecci\u00f3n reforzada a ni\u00f1as, ni\u00f1os y adolescentes y el principio de autonom\u00eda progresiva<\/b><\/p>\n<p><b>Caso V.R.P., V.P.C. y otros Vs. Nicaragua<a class=\"tooltips\" title=\"Disponible en: http:\/\/www.corteidh.or.cr\/docs\/casos\/articulos\/seriec_350_esp.pdf\"><sup>33<\/sup><\/a><\/b><\/p>\n<p>El caso se relaciona con la violaci\u00f3n sexual contra la ni\u00f1a V.R.P, ejercida por su padre. Este hecho le ocasion\u00f3 severas secuelas f\u00edsicas y ps\u00edquicas. VPC, madre de la ni\u00f1a, denunci\u00f3 el delito en noviembre de 2001. A partir de esto se inici\u00f3 un proceso penal. La ni\u00f1a particip\u00f3 de distintas medidas de prueba; entre ellas, la recreaci\u00f3n de los hechos y evaluaciones m\u00e9dicas. Uno de estos ex\u00e1menes fue programado en presencia de muchas personas y debi\u00f3 ser suspendido por la resistencia de la ni\u00f1a a ser revisada debido al comportamiento del m\u00e9dico interviniente. VRP no recibi\u00f3 asistencia psicol\u00f3gica durante el tr\u00e1mite de la causa. En el marco del juicio \u2013resuelto por aplicaci\u00f3n del sistema de jurados\u2013 se sucedieron distintas irregularidades. Finalmente, el imputado fue declarado inocente. VPC present\u00f3 impugnaciones y quejas sobre las deficiencias del proceso y denunci\u00f3 episodios de amenazas e intimidaciones. Sin embargo, sus reclamos solo resultaron en demandas promovidas en su contra. La Corte IDH concluy\u00f3 que Nicaragua era responsable por la violaci\u00f3n de los derechos de V. R.P entre ellos el derecho de acceso a la justicia.<\/p>\n<p>En este caso la Corte IDH estableci\u00f3 que las medidas especiales de protecci\u00f3n que el Estado debe adoptar se basan en el hecho de que las ni\u00f1as, ni\u00f1os y adolescentes se consideran m\u00e1s vulnerables a violaciones de derechos humanos, lo que adem\u00e1s estar\u00e1 determinado por distintos factores, como la edad, las condiciones particulares de cada uno, su grado de desarrollo y madurez y que en el caso de las ni\u00f1as, dicha vulnerabilidad a violaciones de derechos humanos puede verse enmarcada y potenciada, debido a factores de discriminaci\u00f3n hist\u00f3rica que han contribuido a que las mujeres y ni\u00f1as sufran mayores \u00edndices de violencia sexual, especialmente en la esfera familiar.<\/p>\n<p>Subray\u00f3 que la actuaci\u00f3n estatal deber\u00e1 estar encaminada a la protecci\u00f3n reforzada de los derechos de ni\u00f1as, ni\u00f1os y adolescentes, a trav\u00e9s de la actuaci\u00f3n multidisciplinaria y coordinada de las agencias estatales de protecci\u00f3n y apoyo psicosocial, investigaci\u00f3n y juzgamiento, entre ellas el Ministerio P\u00fablico, las autoridades judiciales, los profesionales de salud, los servicios sociales y legales, la polic\u00eda nacional, entre otros, desde que el Estado conozca la violaci\u00f3n de sus derechos y de forma ininterrumpida, hasta que esos servicios dejen de ser necesarios, a fin de evitar que su participaci\u00f3n en el proceso penal les cause nuevos perjuicios y traumas adicionales, revictimiz\u00e1ndolos.<\/p>\n<p>La Corte IDH tambi\u00e9n determin\u00f3 que la debida diligencia reforzada implica la adopci\u00f3n de medidas especiales y el desarrollo de un proceso adaptado a las ni\u00f1as, ni\u00f1os y adolescentes con miras a evitar su revictimizaci\u00f3n, y desarroll\u00f3, entre otros, los siguientes criterios:<\/p>\n<p style=\"padding-left: 80px;\">\u201ci) el derecho a la informaci\u00f3n relativa al procedimiento, as\u00ed como los servicios de asistencia jur\u00eddica, de salud y dem\u00e1s medidas de protecci\u00f3n disponibles;<\/p>\n<p style=\"padding-left: 80px;\">ii) la asistencia letrada, gratuita y proporcionada por el Estado, de un abogado especializado en ni\u00f1ez y adolescencia, con facultades de constituirse en calidad de parte procesal, oponerse a medidas judiciales, interponer recursos y realizar todo otro acto procesal tendiente a defender sus derechos en el proceso;<\/p>\n<p style=\"padding-left: 80px;\">iii) el derecho a ser o\u00eddo, con las debidas garant\u00edas y dentro de un plazo razonable, que conlleva un criterio reforzado de celeridad;<\/p>\n<p style=\"padding-left: 80px;\">iv) el derecho de la ni\u00f1a, ni\u00f1o o adolescente v\u00edctima a participar en el proceso penal, en funci\u00f3n de su edad y madurez, y siempre que no implique un perjuicio en su bienestar biopsico-social. Para ello, deben realizarse las diligencias estrictamente necesarias y evitarse la presencia e interacci\u00f3n de las ni\u00f1as, ni\u00f1os y adolescentes con su agresor;<\/p>\n<p style=\"padding-left: 80px;\">v) generar las condiciones adecuadas para que las ni\u00f1as, ni\u00f1os y adolescentes puedan participar de forma efectiva en el proceso penal mediante las protecciones especiales y el acompa\u00f1amiento especializado;<\/p>\n<p style=\"padding-left: 80px;\">vi) la entrevista deber\u00e1 llevarse a cabo por un psic\u00f3logo especializado o un profesional de disciplinas afines debidamente capacitado en la toma de este tipo de declaraciones de ni\u00f1as, ni\u00f1os y adolescentes. La Corte resalt\u00f3 que varios pa\u00edses han adoptado, como una buena pr\u00e1ctica, el uso de dispositivos especiales como la C\u00e1mara de Gesell o Circuitos Cerrados de Televisi\u00f3n (CCTV) que habilitan a las autoridades y las partes a seguir el desarrollo de la declaraci\u00f3n de la ni\u00f1a, ni\u00f1o o adolescente desde el exterior, a fin de minimizar cualquier efecto revictimizante;<\/p>\n<p style=\"padding-left: 80px;\">vii) las salas de entrevistas otorgar\u00e1n un entorno seguro y no intimidatorio, hostil, insensible o inadecuado, que les brinde privacidad y confianza;<\/p>\n<p style=\"padding-left: 80px;\">viii) el personal del servicio de justicia que intervenga deber\u00e1 estar capacitado en la tem\u00e1tica, y<\/p>\n<p style=\"padding-left: 80px;\">ix) deber\u00e1 brindar asistencia inmediata y profesional, tanto m\u00e9dica como psicol\u00f3gica y\/o psiqui\u00e1trica, a cargo de un profesional espec\u00edficamente capacitado en la atenci\u00f3n de v\u00edctimas de este tipo de delitos y con perspectiva de g\u00e9nero\u201d.<\/p>\n<p>Recuerda que los Estados tienen el deber de facilitar la posibilidad de que una ni\u00f1a, ni\u00f1o o adolescente v\u00edctima participe en todas y cada una de las diferentes etapas del proceso, evitar en todo momento la revictimizaci\u00f3n, brindar asistencia inmediata y profesional, tanto m\u00e9dica como psicol\u00f3gica y\/o psiqui\u00e1trica, asegurar el acompa\u00f1amiento por personal especializado, evitar sean sometidos a m\u00e1s de una evaluaci\u00f3n f\u00edsica -un peritaje ginecol\u00f3gico debe ser debidamente motivado- y contar con el consentimiento informado de la v\u00edctima, debiendo dar celeridad reforzada al proceso.<\/p>\n<p>La Corte considera que \u201cuna interpretaci\u00f3n arm\u00f3nica e integral del derecho a ser o\u00eddo de ni\u00f1as, ni\u00f1os y adolescentes, junto con el principio de autonom\u00eda progresiva, conlleva a garantizar la asistencia jur\u00eddica de las ni\u00f1as, ni\u00f1os y adolescentes v\u00edctimas en los procesos penales. En este sentido, el acceso a la justicia no solo implica habilitar los mecanismos necesarios para que las ni\u00f1as, ni\u00f1os y adolescentes puedan denunciar, sino que incluye la posibilidad de que participen activamente en los procesos judiciales, con voz propia y asistencia letrada, en defensa de sus derechos, seg\u00fan la edad y grado de madurez. Para sortear los obst\u00e1culos en el acceso a la justicia, la asistencia letrada de un abogado especializado en ni\u00f1ez y adolescencia, con facultades de constituirse en calidad de parte procesal, oponerse a medidas judiciales, interponer recursos y realizar todo otro acto procesal tendiente a defender sus derechos en el proceso, debe ser gratuita y proporcionada por el Estado, independientemente de los recursos econ\u00f3micos de sus progenitores y de las opiniones de \u00e9stos \u00faltimos\u201d.<\/p>\n<\/div>\n<\/div>\n<\/div>\n<\/div>\n<\/div>\n<\/div>\n<\/div>\n<\/div>\n<\/div><\/div>\n<\/div>\n<\/div>\n<\/div>\n<\/div>\n<\/div>\n<\/div>\n<\/section>\n<section class=\"elementor-section elementor-top-section elementor-element elementor-element-742e6e4 elementor-section-boxed elementor-section-height-default elementor-section-height-default\" data-id=\"742e6e4\" data-element_type=\"section\">\n<div class=\"elementor-container elementor-column-gap-default\">\n<div class=\"elementor-row\">\n<div class=\"elementor-column elementor-col-100 elementor-top-column elementor-element elementor-element-a46603f\" data-id=\"a46603f\" data-element_type=\"column\">\n<div class=\"elementor-column-wrap elementor-element-populated\">\n<div class=\"elementor-widget-wrap\">\n<div class=\"elementor-element elementor-element-e745486 elementor-widget elementor-widget-text-editor\" data-id=\"e745486\" data-element_type=\"widget\" data-widget_type=\"text-editor.default\">\n<div class=\"elementor-widget-container\">\n<div class=\"elementor-text-editor elementor-clearfix\">\n<p><strong>Est\u00e1ndares sobre protecci\u00f3n reforzada a la mujer y los\/as hijos\/as<\/strong><\/p>\n<ul>\n<li><strong>Caso Jessica Lenahan (Gonzales) y otros Vs. Estados Unidos<a class=\"tooltips\" title=\"Disponible en:https:\/\/www.oas.org\/es\/cidh\/decisiones\/2011\/USPU12626ES.doc\"><sup>34<\/sup><\/a>.<\/strong><\/li>\n<\/ul>\n<p>En este caso la Comisi\u00f3n Interamericana de Derechos Humanos (CIDH) consider\u00f3 que el Estado no actu\u00f3 con la debida diligencia. Jessica Lenahan, una mujer de origen ind\u00edgena e hispano, se separ\u00f3 de su esposo Sim\u00f3n Gonz\u00e1lez ante los constantes actos de violencia en su contra, no obstante, al seguir las agresiones, los ingresos forzados al domicilio y otros actos que la pon\u00edan en una situaci\u00f3n de riesgo, solicit\u00f3 y obtuvo una orden de protecci\u00f3n para ella y sus hijas, medidas que su esposo no cumpli\u00f3 y pese a informar a la polic\u00eda, no se tom\u00f3 ninguna acci\u00f3n al respecto. Consigui\u00f3 tambi\u00e9n una restricci\u00f3n de contacto de Gonz\u00e1lez con sus hijas, sin embargo, una noche secuestr\u00f3 a las ni\u00f1as y pese a reiteradas llamadas a la Polic\u00eda, esta ignor\u00f3 la situaci\u00f3n. Diez horas despu\u00e9s, Sim\u00f3n Gonzales estacion\u00f3 su auto frente a la estaci\u00f3n de polic\u00eda y empez\u00f3 a disparar contra el edificio. La polic\u00eda respondi\u00f3 los disparos y dio muerte a Sim\u00f3n Gonzales. Posteriormente, hallaron los cuerpos de las ni\u00f1as en la parte trasera de la camioneta de Sim\u00f3n Gonzales, aparentemente asesinadas a tiros sin determinaci\u00f3n clara de la autor\u00eda.<\/p>\n<p>La CIDH se\u00f1al\u00f3 que los Estados deben tener en cuenta que la violencia dom\u00e9stica es un problema que afecta desproporcionadamente a las mujeres, al ser ellas las v\u00edctimas m\u00e1s frecuentes. Las ni\u00f1as y los ni\u00f1os tambi\u00e9n son con frecuencia testigos, v\u00edctimas y ampliamente perjudicados por el fen\u00f3meno. Las \u00f3rdenes de protecci\u00f3n son vitales para garantizar la obligaci\u00f3n de la debida diligencia en los casos de violencia dom\u00e9stica y que a menudo son el \u00fanico recurso del cual disponen las mujeres v\u00edctimas y sus hijos e hijas para protegerse de un da\u00f1o inminente. Sin embargo, solo son efectivas si son implementadas con diligencia, por tanto, requiere que las autoridades encargadas de recibir las denuncias de personas desaparecidas tengan la capacidad de entender la gravedad del fen\u00f3meno de la violencia perpetrada contra ellas y de actuar de inmediato.<\/p>\n<p>Se\u00f1ala que existe un amplio reconocimiento internacional del v\u00ednculo estrecho entre la violencia dom\u00e9stica y la violencia fatal contra las ni\u00f1as y ni\u00f1os perpetrada por los padres, debiendo estar la polic\u00eda capacitada al respecto. La CIDH observ\u00f3 que, cuando un Estado otorga una orden de protecci\u00f3n, ello tiene implicaciones de seguridad para la mujer que solicit\u00f3 dicha orden, para sus hijos e hijas, y sus familiares. Las \u00f3rdenes de protecci\u00f3n pueden agravar el problema de la violencia derivada de la separaci\u00f3n, dando lugar a represalias del agresor contra la mujer y sus hijos e hijas, problema que incrementa la necesidad de que las v\u00edctimas reciban protecci\u00f3n legal del Estado, luego que se imparte una orden de este tipo. La falla del Estado de actuar con debida diligencia para proteger a las mujeres de la violencia constituye una forma de discriminaci\u00f3n, y una negaci\u00f3n de su derecho a la igual protecci\u00f3n de la ley.<\/p>\n<\/div><\/div>\n<\/div>\n<\/div>\n<\/div>\n<\/div>\n<\/div>\n<\/div>\n<\/section>\n<section class=\"elementor-section elementor-top-section elementor-element elementor-element-1d73fc8 elementor-section-boxed elementor-section-height-default elementor-section-height-default\" data-id=\"1d73fc8\" data-element_type=\"section\">\n<div class=\"elementor-container elementor-column-gap-default\">\n<div class=\"elementor-row\">\n<div class=\"elementor-column elementor-col-100 elementor-top-column elementor-element elementor-element-237ba90\" data-id=\"237ba90\" data-element_type=\"column\">\n<div class=\"elementor-column-wrap elementor-element-populated\">\n<div class=\"elementor-widget-wrap\">\n<div class=\"elementor-element elementor-element-52a842d elementor-widget elementor-widget-text-editor\" data-id=\"52a842d\" data-element_type=\"widget\" data-widget_type=\"text-editor.default\">\n<div class=\"elementor-widget-container\">\n<div class=\"elementor-text-editor elementor-clearfix\">\n<p><strong>Est\u00e1ndares sobre estereotipos de g\u00e9nero<\/strong><\/p>\n<ul>\n<li><strong>Atala Riffo y Ni\u00f1as vs. Chile<a class=\"tooltips\" title=\"Disponible en: https:\/\/corteidh.or.cr\/docs\/casos\/articulos\/seriec_239_esp.pdf\"><sup>35<\/sup><\/a><\/strong><\/li>\n<\/ul>\n<p>La Corte IDH con esta sentencia resolvi\u00f3 el primer caso sobre discriminaci\u00f3n por motivos de orientaci\u00f3n sexual. Los hechos tienen como protagonista a la jueza chilena Karen \u00c1tala, quien opt\u00f3 por dar fin a su matrimonio y de mutuo acuerdo qued\u00f3 a cargo de sus tres hijas, decidiendo luego iniciar una vida en compa\u00f1\u00eda de su pareja del mismo sexo que se fue a vivir con ellas. El padre de las ni\u00f1as demand\u00f3 su custodia, por considerar que la orientaci\u00f3n sexual de su madre y la vida que llevaba pon\u00edan en peligro su desarrollo emocional y f\u00edsico, la que le fue concedida argumentando que las ni\u00f1as ten\u00edan derecho a vivir en una familia estructurada \u201cnormalmente\u201d y apreciada en el medio social, seg\u00fan el modelo tradicional.<\/p>\n<p>La Corte IDH precis\u00f3 que para determinar aspectos sobre el inter\u00e9s superior del ni\u00f1o en los casos de custodia debe partirse de la evaluaci\u00f3n de los comportamientos parentales concretos, no siendo admisibles las consideraciones basadas en estereotipos por la orientaci\u00f3n sexual o el\u00a0impacto que estos presuntamente puedan tener en las ni\u00f1as y los ni\u00f1os concluyendo que la decisi\u00f3n de la Corte Suprema se bas\u00f3 en argumentos abstractos, estereotipados y discriminatorios por lo que el Estado incumpli\u00f3 sus obligaciones de respetar y garantizar los derechos de la jueza \u00c1tala y vulner\u00f3 su derecho de igualdad ante la ley.<\/p>\n<\/div><\/div>\n<\/div>\n<\/div>\n<\/div>\n<\/div>\n<\/div>\n<\/div>\n<\/section>\n<section class=\"elementor-section elementor-top-section elementor-element elementor-element-b77c2cc elementor-section-boxed elementor-section-height-default elementor-section-height-default\" data-id=\"b77c2cc\" data-element_type=\"section\">\n<div class=\"elementor-container elementor-column-gap-default\">\n<div class=\"elementor-row\">\n<div class=\"elementor-column elementor-col-100 elementor-top-column elementor-element elementor-element-9166614\" data-id=\"9166614\" data-element_type=\"column\">\n<div class=\"elementor-column-wrap elementor-element-populated\">\n<div class=\"elementor-widget-wrap\">\n<div class=\"elementor-element elementor-element-0535a84 elementor-widget elementor-widget-text-editor\" data-id=\"0535a84\" data-element_type=\"widget\" data-widget_type=\"text-editor.default\">\n<div class=\"elementor-widget-container\">\n<div class=\"elementor-text-editor elementor-clearfix\">\n<div title=\"Page 15\">\n<div>\n<div>\n<div>\n<div title=\"Page 24\">\n<div>\n<div>\n<div>\n<p><span style=\"color: #43358b;\"><b>Jurisprudencia de \u00f3rganos de los tratados de las Naciones Unidas sobre la protecci\u00f3n a v\u00edctimas de violencia\u00a0<\/b><\/span><\/p>\n<\/div>\n<\/div>\n<\/div>\n<\/div>\n<\/div>\n<\/div>\n<\/div>\n<\/div>\n<\/div><\/div>\n<\/div>\n<\/div>\n<\/div>\n<\/div>\n<\/div>\n<\/div>\n<\/section>\n<section class=\"elementor-section elementor-top-section elementor-element elementor-element-c15437e elementor-section-boxed elementor-section-height-default elementor-section-height-default\" data-id=\"c15437e\" data-element_type=\"section\">\n<div class=\"elementor-container elementor-column-gap-default\">\n<div class=\"elementor-row\">\n<div class=\"elementor-column elementor-col-100 elementor-top-column elementor-element elementor-element-e0c0a3b\" data-id=\"e0c0a3b\" data-element_type=\"column\">\n<div class=\"elementor-column-wrap elementor-element-populated\">\n<div class=\"elementor-widget-wrap\">\n<div class=\"elementor-element elementor-element-27ac560 elementor-widget elementor-widget-text-editor\" data-id=\"27ac560\" data-element_type=\"widget\" data-widget_type=\"text-editor.default\">\n<div class=\"elementor-widget-container\">\n<div class=\"elementor-text-editor elementor-clearfix\">\n<p><b>Est\u00e1ndares sobre protecci\u00f3n reforzada<\/b><\/p>\n<ul>\n<li><strong>Caso \u015eahide Goekce (fallecida) vs. Austria<a class=\"tooltips\" title=\"Disponible en: https:\/\/archivos.juridicas.unam.mx\/www\/bjv\/libros\/11\/5212\/27.pdf\"><sup>36<\/sup><\/a><\/strong><\/li>\n<\/ul>\n<p>En este caso conocido por el Comit\u00e9 para la Eliminaci\u00f3n de la Discriminaci\u00f3n contra la Mujer, \u015eahide Goekce fue v\u00edctima de violencia por parte de su esposo Mustafa Goekce, quien en un par de oportunidades intent\u00f3 estrangularla y reiteradamente la amenaz\u00f3 de muerte, ante lo que ella logr\u00f3 varias \u00f3rdenes de protecci\u00f3n en un periodo de tres a\u00f1os, sin que en ning\u00fan caso fuese sancionado; la primera vez porque \u015eahide no autoriz\u00f3 las acciones en contra de su esposo, y las siguientes porque las autoridades consideraron que las lesiones eran leves y a su criterio no exist\u00edan motivos suficientes, sin valorar las se\u00f1ales del intento de estrangulamiento y que en una ocasi\u00f3n la propia polic\u00eda inform\u00f3 a la fiscal\u00eda sobre un hecho flagrante. Ante el conocimiento de nuevas amenazas e informaci\u00f3n de que el agresor\u00a0 ten\u00eda un arma de fuego, pese a la prohibici\u00f3n de tenencia, la polic\u00eda no hizo nada. El 7 de diciembre de 2002, Mustafa Goekce dispar\u00f3 contra \u015eahide Goekce con una pistola en su domicilio delante de sus dos hijas. La polic\u00eda no acudi\u00f3 a la casa de la v\u00edctima pese a la llamada de auxilio antes del asesinato.<\/p>\n<p>El Comit\u00e9 consider\u00f3 que, dada esta combinaci\u00f3n de factores, la polic\u00eda sab\u00eda o deb\u00eda haber sabido que \u015eahide Goekce corr\u00eda peligro grave; deb\u00eda haber tratado su \u00faltima llamada como una emergencia, en particular en raz\u00f3n de que Mustafa Goekce hab\u00eda demostrado que ten\u00eda posibilidades de ser un delincuente muy peligroso y violento. El Comit\u00e9 consider\u00f3 que, teniendo en cuenta los numerosos antecedentes de disturbios y golpes anteriores, por no responder inmediatamente a la llamada, la polic\u00eda es responsable de no haber actuado con la diligencia debida para proteger a \u015eahide Goekce.<\/p>\n<p>Se\u00f1al\u00f3 que aunque el Estado Parte sostiene con raz\u00f3n que es necesario en cada caso determinar si la detenci\u00f3n constituir\u00eda una injerencia desproporcionada en los derechos b\u00e1sicos y las libertades fundamentales de un autor de actos de violencia dom\u00e9stica, como el derecho a la libertad de circulaci\u00f3n y a un juicio imparcial, los derechos del agresor no pueden estar por encima de los derechos humanos de las mujeres a la vida y a la integridad f\u00edsica y mental. En el presente caso, el Comit\u00e9 consider\u00f3 que el comportamiento (amenazas, intimidaci\u00f3n y golpes) de Mustafa Goekce transpon\u00eda un alto umbral de violencia del cual ten\u00eda conciencia el Fiscal y que, en consecuencia, el Fiscal no deb\u00eda haber denegado las solicitudes de la polic\u00eda de detener a Mustafa Goekce.<\/p>\n<ul>\n<li><b>Fatma Yildirim (fallecida) vs. Austria<a class=\"tooltips\" title=\"Disponible en: https:\/\/www.cejil.org\/sites\/default\/files\/legacy_files\/VII.%20Comit%C3%A9%20 para%20la%20Eliminaci%C3%B3n%20de%20la%20Discriminaci%C3%B3n%20contra%20la%20 Mujer_0.pdf\"><sup>37<\/sup><\/a><\/b><\/li>\n<\/ul>\n<p>En este caso el Comit\u00e9 para la Eliminaci\u00f3n de la Discriminaci\u00f3n contra la Mujer se\u00f1al\u00f3 que la innegable secuencia de acontecimientos que culminaron en el apu\u00f1alamiento mortal de Fatma Yildirim, en particular los esfuerzos continuos realizados por Irfan Yildirim, su agresor, para ponerse en contacto con ella y amenazarla de muerte por tel\u00e9fono y en persona, pese a una medida cautelar que le prohib\u00eda regresar a la vivienda de la pareja, sus inmediaciones y el lugar de trabajo de Fatma, as\u00ed como ponerse en contacto con ella, y las intervenciones peri\u00f3dicas de la polic\u00eda, revelaban una situaci\u00f3n extremadamente peligrosa para Fatma Yildirim de la que las autoridades austr\u00edacas ten\u00edan conocimiento o deber\u00edan haberlo tenido; teniendo en cuenta esa situaci\u00f3n, raz\u00f3n por la que el Fiscal no tendr\u00eda que haber negado los pedidos de la polic\u00eda de arrestar a Irfan Yildirim y ubicarlo en un lugar de detenci\u00f3n.<\/p>\n<p>El Comit\u00e9 consider\u00f3 que el no haber detenido a Irfan Yildirim representa una violaci\u00f3n de la obligaci\u00f3n del Estado Parte de proceder con la debida diligencia para proteger a Fatma Yildirim. Si bien el Estado Parte sostuvo que, en ese momento, una orden de arresto parec\u00eda, desproporcionadamente invasiva, el Comit\u00e9 opin\u00f3, que los derechos del autor del delito no pueden dejar sin efecto los derechos humanos a la vida y a la integridad f\u00edsica y mental de la mujer.<\/p>\n<\/div><\/div>\n<\/div>\n<\/div>\n<\/div>\n<\/div>\n<\/div>\n<\/div>\n<\/section>\n<section class=\"elementor-section elementor-top-section elementor-element elementor-element-d434b1d elementor-section-boxed elementor-section-height-default elementor-section-height-default\" data-id=\"d434b1d\" data-element_type=\"section\">\n<div class=\"elementor-container elementor-column-gap-default\">\n<div class=\"elementor-row\">\n<div class=\"elementor-column elementor-col-100 elementor-top-column elementor-element elementor-element-beea809\" data-id=\"beea809\" data-element_type=\"column\">\n<div class=\"elementor-column-wrap elementor-element-populated\">\n<div class=\"elementor-widget-wrap\">\n<div class=\"elementor-element elementor-element-ab78838 elementor-widget elementor-widget-text-editor\" data-id=\"ab78838\" data-element_type=\"widget\" data-widget_type=\"text-editor.default\">\n<div class=\"elementor-widget-container\">\n<div class=\"elementor-text-editor elementor-clearfix\">\n<p><b>Est\u00e1ndares sobre estereotipos de g\u00e9nero<\/b><\/p>\n<ul>\n<li><b>Caso V.K. vs. Bulgaria<\/b><\/li>\n<\/ul>\n<p>V.K, una mujer nacional b\u00falgara, v\u00edctima de continuas y diferentes formas de violencia dom\u00e9stica por parte de su marido F.K., solicit\u00f3 una orden de protecci\u00f3n permanente contra su marido. Los tribunales b\u00falgaros negaron la solicitud argumentando que V.K no pudo probar que ella o sus hijos corr\u00edan un riesgo inminente de sufrir da\u00f1os contra su vida o salud. En este caso el Comit\u00e9 para la Eliminaci\u00f3n de la Discriminaci\u00f3n Contra la Mujer responsabiliz\u00f3 al Estado de Bulgaria por violar la CEDAW enviando con ello un mensaje a los Estados Parte de que deben rendir cuentas por la estereotipaci\u00f3n judicial que viole la CEDAW. Subray\u00f3 que la \u201cestereotipaci\u00f3n afecta el derecho de las mujeres a un juicio justo y que el poder judicial debe tener cuidado de no crear est\u00e1ndares inflexibles que se basen en nociones preconcebidas de lo que constituye violencia dom\u00e9stica o por raz\u00f3n de g\u00e9nero\u201d. Al respecto, el Comit\u00e9 destaca que los estereotipos afectan el derecho de la mujer a un proceso judicial imparcial y en sus recomendaciones, inst\u00f3 a que se brinde capacitaci\u00f3n obligatoria a los jueces sobre la Ley de Protecci\u00f3n contra la Violencia Dom\u00e9stica, incluyendo la \u201cdefinici\u00f3n de violencia dom\u00e9stica y sobre estereotipos de g\u00e9nero\u201d.<\/p>\n<\/div><\/div>\n<\/div>\n<\/div>\n<\/div>\n<\/div>\n<\/div>\n<\/div>\n<\/section>\n<section class=\"elementor-section elementor-top-section elementor-element elementor-element-c0c9fd6 elementor-section-boxed elementor-section-height-default elementor-section-height-default\" data-id=\"c0c9fd6\" data-element_type=\"section\">\n<div class=\"elementor-container elementor-column-gap-default\">\n<div class=\"elementor-row\">\n<div class=\"elementor-column elementor-col-100 elementor-top-column elementor-element elementor-element-f195f24\" data-id=\"f195f24\" data-element_type=\"column\">\n<div class=\"elementor-column-wrap elementor-element-populated\">\n<div class=\"elementor-widget-wrap\">\n<div class=\"elementor-element elementor-element-3fad841 elementor-widget elementor-widget-text-editor\" data-id=\"3fad841\" data-element_type=\"widget\" data-widget_type=\"text-editor.default\">\n<div class=\"elementor-widget-container\">\n<div class=\"elementor-text-editor elementor-clearfix\">\n<p><b>Est\u00e1ndares sobre la salud reproductiva de v\u00edctimas de violaci\u00f3n<\/b><\/p>\n<ul>\n<li><b>Caso L.C. Vs. Per\u00fa.<\/b><\/li>\n<\/ul>\n<p>En 2005, el Comit\u00e9 de Derechos Humanos de la ONU (el Comit\u00e9) se pronunci\u00f3 a favor de K.L., una joven de 17 a\u00f1os que fue obligada a llevar a t\u00e9rmino un embarazo con una malformaci\u00f3n fetal que era incompatible con la vida. En esa oportunidad el Comit\u00e9 estableci\u00f3 que la negaci\u00f3n del acceso al aborto legal violaba el derecho de K.L. a una vida libre de torturas, tratos crueles, inhumanos y degradantes. A su vez, el Comit\u00e9 recomend\u00f3 al Estado peruano adoptar las medidas que fuesen necesarias para evitar que se repitieran casos semejantes.<\/p>\n<p>El dictamen del Comit\u00e9 para la Eliminaci\u00f3n de la Discriminaci\u00f3n contra la Mujer en el caso L.C. Vs. Per\u00fa se traduce en el reconocimiento de los derechos reproductivos de las mujeres. La decisi\u00f3n desarrolla un precedente determinante ya que:<\/p>\n<p style=\"padding-left: 40px;\">1) Estableci\u00f3 que la prohibici\u00f3n o limitaci\u00f3n de los servicios de salud reproductiva est\u00e1n \u00edntimamente relacionados con la visi\u00f3n estereotipada de la funci\u00f3n reproductiva de la mujer. El Comit\u00e9 reconoci\u00f3 que el estereotipo que recae sobre la funci\u00f3n reproductiva de las mujeres, afecta y sobrepone negativamente los derechos del feto por encima de los derechos de la mujer.<\/p>\n<p style=\"padding-left: 40px;\">2) Reconoci\u00f3 el deber que tienen los Estados de adoptar todas las medidas necesarias para garantizar que en los casos en que el aborto es legal, se garantice tales servicios.<\/p>\n<p style=\"padding-left: 40px;\">3) Reconoci\u00f3 que el aborto terap\u00e9utico debe incluir una interpretaci\u00f3n amplia, en la que se incluya un componente exclusivo de salud mental;<\/p>\n<p style=\"padding-left: 40px;\">4) Reconoci\u00f3 la necesidad de despenalizar el aborto en los casos de violencia sexual, con base en el argumento que limitar el aborto en estos casos, refuerza el estereotipo de g\u00e9nero seg\u00fan el cual las mujeres\u00a0son reconocidas como objetos sexuales y veh\u00edculos de reproducci\u00f3n a los cuales no se les reconoce de manera efectiva sus derechos.<\/p>\n<p style=\"padding-left: 40px;\">5) Reconoci\u00f3 la obligaci\u00f3n de los Estados de garantizar el acceso a la salud de las mujeres sin ning\u00fan tipo de discriminaci\u00f3n con la finalidad de asegurar el acceso en condiciones de igualdad entre hombres y mujeres.<\/p>\n<p style=\"padding-left: 40px;\">6) Reconoci\u00f3 la obligaci\u00f3n de protecci\u00f3n reforzada que recae sobre las ni\u00f1as, adolescentes y mujeres mayores, v\u00edctimas de violencia sexual.<\/p>\n<p style=\"padding-left: 40px;\"><strong>iv) Caso L.N.P. Vs. Argentina<\/strong><\/p>\n<p>El Comit\u00e9 de Derechos Humanos se pronunci\u00f3 frente a este caso, en el cual, la v\u00edctima de violaci\u00f3n aleg\u00f3 haber sufrido discriminaciones basadas en su condici\u00f3n de ni\u00f1a e ind\u00edgena, tanto durante el juicio como en sede policial y durante el examen m\u00e9dico a que fue sometida, siendo que el personal de la comisar\u00eda de polic\u00eda la mantuvo en espera durante varias horas, llorando y con restos de sangre en el vestido, y no se le tom\u00f3 denuncia alguna, limit\u00e1ndose finalmente a remitirla al puesto m\u00e9dico local. Una vez en el puesto m\u00e9dico, fue sometida a pruebas vejatorias, innecesarias para determinar la naturaleza de la agresi\u00f3n recibida, y tendientes a determinar su virginidad siendo que ella fue v\u00edctima de sexo oral y anal. A su vez, el tribunal que conoci\u00f3 del caso se bas\u00f3 en criterios discriminatorios y vejatorios, cuales son \u201cla presencia de una desfloraci\u00f3n de larga data\u201d de la v\u00edctima para concluir que no qued\u00f3 demostrada la falta de consentimiento de \u00e9sta al acto sexual.<\/p>\n<p>La v\u00edctima sostuvo asimismo que se interrog\u00f3 a todos los testigos sobre si ella era prostituta. El Comit\u00e9 consider\u00f3 que todas las afirmaciones anteriores denotaron un tratamiento discriminatorio por las autoridades policiales, sanitarias y judiciales, tendientes a cuestionar la moral de la v\u00edctima. El Comit\u00e9 observ\u00f3, en particular, que la sentencia penal centra su an\u00e1lisis del caso en la vida sexual de la autora y en determinar si era o no \u201cprostituta\u201d. Asimismo, toma la falta de virginidad de la v\u00edctima como elemento principal para determinar su consentimiento al acto sexual. Con base a los hechos no refutados que tiene ante s\u00ed, el Comit\u00e9 concluye que los hechos ante s\u00ed ponen de manifiesto la existencia de discriminaci\u00f3n basada en la condici\u00f3n<br \/>de ni\u00f1a y la etnicidad de la v\u00edctima, en violaci\u00f3n del art\u00edculo 26 del Pacto.<\/p>\n<\/div><\/div>\n<\/div>\n<\/div>\n<\/div>\n<\/div>\n<\/div>\n<\/div>\n<\/section>\n<section class=\"elementor-section elementor-top-section elementor-element elementor-element-14d6fad elementor-section-boxed elementor-section-height-default elementor-section-height-default\" data-id=\"14d6fad\" data-element_type=\"section\">\n<div class=\"elementor-container elementor-column-gap-default\">\n<div class=\"elementor-row\">\n<div class=\"elementor-column elementor-col-100 elementor-top-column elementor-element elementor-element-121bb63\" data-id=\"121bb63\" data-element_type=\"column\">\n<div class=\"elementor-column-wrap elementor-element-populated\">\n<div class=\"elementor-widget-wrap\">\n<div class=\"elementor-element elementor-element-2a67465 elementor-widget elementor-widget-heading\" data-id=\"2a67465\" data-element_type=\"widget\" data-widget_type=\"heading.default\">\n<div class=\"elementor-widget-container\">\n<h2 class=\"elementor-heading-title elementor-size-default\">2.2 MARCO NORMATIVO NACIONAL<\/h2>\n<\/div>\n<\/div>\n<\/div>\n<\/div>\n<\/div>\n<\/div>\n<\/div>\n<\/section>\n<section class=\"elementor-section elementor-top-section elementor-element elementor-element-8ef5788 elementor-section-boxed elementor-section-height-default elementor-section-height-default\" data-id=\"8ef5788\" data-element_type=\"section\">\n<div class=\"elementor-container elementor-column-gap-default\">\n<div class=\"elementor-row\">\n<div class=\"elementor-column elementor-col-100 elementor-top-column elementor-element elementor-element-2a7f208\" data-id=\"2a7f208\" data-element_type=\"column\">\n<div class=\"elementor-column-wrap elementor-element-populated\">\n<div class=\"elementor-widget-wrap\">\n<div class=\"elementor-element elementor-element-3da9493 elementor-widget elementor-widget-text-editor\" data-id=\"3da9493\" data-element_type=\"widget\" data-widget_type=\"text-editor.default\">\n<div class=\"elementor-widget-container\">\n<div class=\"elementor-text-editor elementor-clearfix\">\n<p><b>LEGISLACI\u00d3N<\/b><\/p>\n<p>El Estado Plurinacional de Bolivia ha adoptado medidas legislativas, fortaleciendo la protecci\u00f3n de los derechos de mujeres, ni\u00f1as, ni\u00f1os y adolescentes, que se reflejan en su norma suprema y la legislaci\u00f3n vigente, entre las que se mencionan:<\/p>\n<ul>\n<li><b>Constituci\u00f3n Pol\u00edtica del Estado<\/b><\/li>\n<\/ul>\n<p style=\"padding-left: 80px;\">Reconoce y garantiza los derechos fundamentales en el art\u00edculo 15, respecto a la dignidad humana y se\u00f1ala que \u201ctoda persona, en particular las mujeres, tienen derecho a no sufrir violencia f\u00edsica, sexual o psicol\u00f3gica, tanto en la familia como en la sociedad. El Estado adoptar\u00e1 las medidas necesarias para prevenir, eliminar y sancionar la violencia de g\u00e9nero y generacional, as\u00ed como toda acci\u00f3n u omisi\u00f3n que tenga por objeto degradar la condici\u00f3n humana, causar muerte, dolor y sufrimiento f\u00edsico, sexual o psicol\u00f3gico, tanto en el \u00e1mbito p\u00fablico como privado\u201d.<\/p>\n<p style=\"padding-left: 80px;\">Como se observa, ahora las mujeres cuentan con derechos fundamentales expl\u00edcitos como los que protegen sus decisiones acerca de su fecundidad y sexualidad. La discriminaci\u00f3n relacionada con el sexo en cualquier campo, tal como el pol\u00edtico, econ\u00f3mico, social, educativo, cultural o civil, constituye un impedimento al reconocimiento, goce y ejercicio de los derechos humanos y de las libertades fundamentales de la mujer. Una meta importante es la interconexi\u00f3n de derechos individuales espec\u00edficos, con el derecho general a la salud, a la salud sexual y salud reproductiva.<\/p>\n<p style=\"padding-left: 80px;\">El art\u00edculo 60 establece que \u201ces deber del Estado, la sociedad y la familia garantizar la prioridad del inter\u00e9s superior de la ni\u00f1a, ni\u00f1o y adolescente, que comprende la preeminencia de sus derechos, la primac\u00eda en recibir protecci\u00f3n y socorro en cualquier circunstancia, la prioridad en la atenci\u00f3n de los servicios p\u00fablicos y privados, y el acceso a una administraci\u00f3n de justicia pronta, oportuna y con asistencia de personal especializado\u201d; concordante con el art\u00edculo 61, \u201cse proh\u00edbe y sanciona toda forma de violencia contra las ni\u00f1as, ni\u00f1os y adolescentes, tanto en la familia como en la sociedad\u201d. Consiguientemente, en concordancia con el art\u00edculo 66 constitucional, prescribe que se garantiza a las mujeres y a los hombres el ejercicio de sus derechos sexuales y sus derechos reproductivos.<\/p>\n<p>\u00a0<\/p>\n<\/div><\/div>\n<\/div>\n<\/div>\n<\/div>\n<\/div>\n<\/div>\n<\/div>\n<\/section>\n<section class=\"elementor-section elementor-top-section elementor-element elementor-element-da4bd72 elementor-section-boxed elementor-section-height-default elementor-section-height-default\" data-id=\"da4bd72\" data-element_type=\"section\">\n<div class=\"elementor-container elementor-column-gap-default\">\n<div class=\"elementor-row\">\n<div class=\"elementor-column elementor-col-100 elementor-top-column elementor-element elementor-element-a4cc62e\" data-id=\"a4cc62e\" data-element_type=\"column\">\n<div class=\"elementor-column-wrap elementor-element-populated\">\n<div class=\"elementor-widget-wrap\">\n<div class=\"elementor-element elementor-element-3d6dbe8 elementor-widget elementor-widget-text-editor\" data-id=\"3d6dbe8\" data-element_type=\"widget\" data-widget_type=\"text-editor.default\">\n<div class=\"elementor-widget-container\">\n<div class=\"elementor-text-editor elementor-clearfix\">\n<ul>\n<li><b>C\u00f3digo Penal, de 10 de marzo de 1997, Ley No. 1768<\/b><\/li>\n<\/ul>\n<p>Es la normativa a trav\u00e9s de la cual se describen los hechos que constituyen delitos y establece las sanciones correspondientes a cada uno de ellos.<\/p>\n<p>La Ley No. 348 modifica el C\u00f3digo Penal, creando nuevos tipos penales, modificando y derogando otros delitos relativos al ejercicio de diversas formas de violencia:<\/p>\n<p><b>Nuevos tipos penales:<\/b><br \/>Feminicidio, (Art. 252 bis), Esterilizaci\u00f3n Forzada (Art. 271 bis.), Violencia Familiar o Dom\u00e9stica (Art. 272 bis), Actos Sexuales Abusivos (Art. 312 bis.), Padecimientos Sexuales (Art. 312 ter.), Acoso Sexual (Art. 312 quater.), Violencia Econ\u00f3mica (Art. 250 bis), Violencia Patrimonial (Art. 250 ter.), Sustracci\u00f3n de Utilidades de Actividades Econ\u00f3micas Familiares (Art. 250 quater.).<\/p>\n<p><b>Tipos penales modificados:<\/b><br \/>Lesiones Grav\u00edsimas (Art. 270); Lesiones Graves y Leves (Art. 271); Violaci\u00f3n (Art. 308); Violaci\u00f3n de Infante, Ni\u00f1a, Ni\u00f1o o Adolescente (Art. 308 bis.); Agravante (Art. 310); Abuso Sexual (Art. 312); Rapto (Art. 313); Homicidio \u2013 Suicidio (Art. 256); Homicidio por Emoci\u00f3n Violenta (Art. 254); Substracci\u00f3n de un Menor o Incapaz (Art. 246).<\/p>\n<p><b>Tipos penales derogados:<\/b><br \/>Violaci\u00f3n en Estado de Inconsciencia (Art. 308 ter.), Rapto Impropio (Art. 314), Rapto con Mira Profesional (Art. 315).<\/p>\n<p><b>Otras leyes que crean y modifican tipos penales:<\/b><br \/>La Ley No. 054 de 08 de noviembre de 2010, Ley de Protecci\u00f3n Legal de Ni\u00f1as, Ni\u00f1os y Adolescentes modifica diferentes tipos penales, agravando las penas, cuando resultaren v\u00edctimas ni\u00f1os, ni\u00f1as y adolescentes, varios de ellos fueron posteriormente modificados por la Ley No. 348, Ley No.263 y Ley No. 1173 a excepci\u00f3n de los delitos de Homicidio en Ri\u00f1a a Consecuencia de Agresi\u00f3n (Art. 259); Lesi\u00f3n Seguida de Muerte (Art. 273); Lesiones Culposas (Art. 274); Abandono de Ni\u00f1as o Ni\u00f1os (Art. 278) y Abandono por Causa de Honor (Art. 279).<\/p>\n<p>La Ley No. 243 de 28 de mayo de 2012, Ley Contra el Acoso y Violencia Pol\u00edtica hacia las Mujeres, tambi\u00e9n crea tipos penales que constituyen hechos de violencia: Acoso Pol\u00edtico contra Mujeres (Art. 148 bis.) y Violencia Pol\u00edtica contra Mujeres (Art. 148 ter.).<\/p>\n<p>La Ley No. 548 de 17 de julio de 2014, C\u00f3digo Ni\u00f1a, Ni\u00f1o y Adolescente modifica el delito de Infanticidio (Art. 258).<\/p>\n<p>La Ley No. 1173 de 08 de mayo de 2019, modifica las agravantes del delito de Violaci\u00f3n, Abuso Sexual y Violaci\u00f3n Infante, Ni\u00f1a, Ni\u00f1o y Adolescente (Art. 310) y el delito de Homicidio (Art. 251).<\/p>\n<ul>\n<li><b>C\u00f3digo de Procedimiento Penal, de 25 de marzo de 1999, Ley No. 1970<\/b><\/li>\n<\/ul>\n<p style=\"padding-left: 80px;\">El C\u00f3digo de Procedimiento Penal (CPP) es el instrumento normativo a trav\u00e9s del cual se establecen las garant\u00edas, principios y actuaciones procesales que forman parte del proceso penal.<\/p>\n<p style=\"padding-left: 80px;\">Tanto la Ley No. 548 como la Ley No. 348 establecen principios procesales especiales en aras de garantizar el acceso a la justicia a ni\u00f1as, ni\u00f1os, adolescentes y mujeres en situaci\u00f3n de violencia.<\/p>\n<ul>\n<li><b>Ley del \u00d3rgano Judicial, de 24 de junio de 2010, Ley No. 025<a class=\"tooltips\" title=\"Disponible en: http:\/\/www.gacetaoficialdebolivia.gob.bo\/normas\/listadonor\/10\/page:20\"><sup>38<\/sup><\/a><\/b><\/li>\n<\/ul>\n<p style=\"padding-left: 80px;\">El objeto de esta Ley es regular la estructura, organizaci\u00f3n y funcionamiento del \u00d3rgano Judicial. Entre los principios que sustentan el \u00d3rgano Judicial est\u00e1n la plurinacionalidad, la independencia, la imparcialidad, la seguridad Jur\u00eddica, la publicidad, la idoneidad, la celeridad, la gratuidad, el pluralismo jur\u00eddico, la interculturalidad, la armon\u00eda social, el respeto a los derechos y la cultura de la paz. La Ley No. 348 modifica la Ley No. 025 estableciendo la creaci\u00f3n y competencias de los Juzgados de Instrucci\u00f3n y de Sentencia en Materia Contra la Violencia Hacia las Mujeres y los Tribunales de Sentencia\u00a0<span style=\"font-size: 15px; color: var( --e-global-color-text );\">en Materia Contra la Violencia Hacia las Mujeres.<\/span><\/p>\n<ul>\n<li><b>Ley Contra el Racismo y Toda Forma de Discriminaci\u00f3n, de 8 de octubre de\u00a02010, Ley No. 045<a class=\"tooltips\" title=\"Disponible en: http:\/\/www.noracismo.gob.bo\/archivos-pdf\/LEY_%20045_CONTRA_EL_ RACISMO_Y_TODA_FORMA_DE_DISCRIMINACION.pdf\"><sup>39<\/sup><\/a><\/b><\/li>\n<\/ul>\n<p style=\"padding-left: 80px;\">Esta Ley tiene por objeto establecer mecanismos y procedimientos para la prevenci\u00f3n y sanci\u00f3n de actos de racismo y toda forma de discriminaci\u00f3n en el marco de la Constituci\u00f3n Pol\u00edtica del Estado y Tratados Internacionales de Derechos Humanos. Establece sanciones por actos de racismo y discriminaci\u00f3n tanto por la v\u00eda administrativa como por la v\u00eda penal.<\/p>\n<ul>\n<li><b>Ley Marco de Autonom\u00edas y Descentralizaci\u00f3n \u201cAndr\u00e9s Ib\u00e1\u00f1ez\u201d, de 19 de julio de 2010, Ley No. 031<a class=\"tooltips\" title=\"Disponible en: http:\/\/www.gacetaoficialdebolivia.gob.bo\/normas\/listadonor\/10\/page:20\"><sup>40<\/sup><\/a><\/b><\/li>\n<\/ul>\n<p style=\"padding-left: 80px;\">Entre sus principios, establece la igualdad y equidad de g\u00e9nero garantizando el ejercicio pleno de las libertades y los derechos de mujeres y hombres, en el marco de las entidades territoriales aut\u00f3nomas.<\/p>\n<p style=\"padding-left: 80px;\">Se reconoce la equidad de g\u00e9nero en la conformaci\u00f3n de los gobiernos de las entidades territoriales aut\u00f3nomas. Se dispone que, en el sistema de planificaci\u00f3n integral del Estado, se contemplen contenidos para dise\u00f1ar las estrategias m\u00e1s apropiadas para alcanzar los objetivos del desarrollo con equidad social y de g\u00e9nero e igualdad de oportunidades. Se plantean, como objetivos de las regiones, promover un desarrollo con equidad en la distribuci\u00f3n territorial de los recursos, un r\u00e9gimen de igualdad de g\u00e9nero, generacional y de personas en situaci\u00f3n de discapacidad en los Estatutos Departamentales y en las Cartas Org\u00e1nicas Municipales.<\/p>\n<ul>\n<li><b>Ley de Protecci\u00f3n Legal de Ni\u00f1as, Ni\u00f1os y Adolescentes, de 08 de noviembre de 2010, Ley No. 054<a class=\"tooltips\" title=\"Disponible en: http:\/\/www.gacetaoficialdebolivia.gob.bo\/normas\/listadonor\/10\/page:19\"><sup>41<\/sup><\/a><\/b><\/li>\n<\/ul>\n<p style=\"padding-left: 80px;\">Tiene como fundamento los art\u00edculos 60 y 61 de la CPE, en cuanto a la\u00a0funci\u00f3n primordial de proteger a la ni\u00f1ez y la adolescencia. El objeto de la Ley es \u201cproteger la vida, la integridad f\u00edsica, psicol\u00f3gica y sexual, la salud y seguridad de todas las ni\u00f1as, ni\u00f1os y adolescentes\u201d.<\/p>\n<ul>\n<li><b>Ley de Educaci\u00f3n Avelino Si\u00f1ani &#8211; Elizardo P\u00e9rez, de 20 de diciembre de 2010, Ley No. 070<a class=\"tooltips\" title=\"Disponible en: http:\/\/www.gacetaoficialdebolivia.gob.bo\/normas\/listadonor\/10\/page:19\"><sup>42<\/sup><\/a><\/b><\/li>\n<\/ul>\n<p style=\"padding-left: 80px;\">La educaci\u00f3n asume y promueve principios \u00e9tico-morales bajo el sustento de valores de equidad social y de g\u00e9nero. Entre los fines y objetivos de la educaci\u00f3n, se entiende que \u00e9sta promover\u00e1 una sociedad despatriarcalizada, cimentada en la equidad de g\u00e9nero, la no diferencia de roles, la no violencia y la vigencia plena de los derechos humanos. Se incluye la formaci\u00f3n de mujeres y hombres con identidad y conciencia de la diversidad sociocultural y ling\u00fc\u00edstica. Entre los objetivos de la educaci\u00f3n est\u00e1n el regular, complementar y articular la educaci\u00f3n human\u00edstica con la formaci\u00f3n hist\u00f3rica, c\u00edvica, derechos humanos, equidad de g\u00e9nero, derechos de la Madre Tierra y educaci\u00f3n en seguridad ciudadana.<\/p>\n<p style=\"padding-left: 80px;\">La educaci\u00f3n es considerada promotora de la convivencia pac\u00edfica, contribuye a erradicar toda forma de violencia en el \u00e1mbito educativo, al\u00a0desarrollo de una sociedad sustentada en la cultura de paz, al buen trato y respeto a los derechos humanos individuales y colectivos de las personas y de los pueblos.<\/p>\n<\/div><\/div>\n<\/div>\n<\/div>\n<\/div>\n<\/div>\n<\/div>\n<\/div>\n<\/section>\n<section class=\"elementor-section elementor-top-section elementor-element elementor-element-5cc38df elementor-section-boxed elementor-section-height-default elementor-section-height-default\" data-id=\"5cc38df\" data-element_type=\"section\">\n<div class=\"elementor-container elementor-column-gap-default\">\n<div class=\"elementor-row\">\n<div class=\"elementor-column elementor-col-100 elementor-top-column elementor-element elementor-element-eb1ce87\" data-id=\"eb1ce87\" data-element_type=\"column\">\n<div class=\"elementor-column-wrap elementor-element-populated\">\n<div class=\"elementor-widget-wrap\">\n<div class=\"elementor-element elementor-element-a8d04e3 elementor-widget elementor-widget-text-editor\" data-id=\"a8d04e3\" data-element_type=\"widget\" data-widget_type=\"text-editor.default\">\n<div class=\"elementor-widget-container\">\n<div class=\"elementor-text-editor elementor-clearfix\">\n<ul>\n<li><b>Ley de Deslinde Jurisdiccional, de 29 de diciembre de 2010, Ley No. 073<a class=\"tooltips\" title=\"Disponible en: http:\/\/www.gacetaoficialdebolivia.gob.bo\/normas\/listadonor\/10\/page:19\"><sup>43<\/sup><\/a><\/b><\/li>\n<\/ul>\n<p style=\"padding-left: 80px;\">La Ley No. 073 tiene por objeto regular los \u00e1mbitos de vigencia, entre la jurisdicci\u00f3n ind\u00edgena originaria campesina y las otras jurisdicciones reconocidas constitucionalmente; as\u00ed como determinar los mecanismos de coordinaci\u00f3n y cooperaci\u00f3n entre estas jurisdicciones, en el marco del pluralismo jur\u00eddico.<\/p>\n<p style=\"padding-left: 80px;\">Esta Ley determina que la jurisdicci\u00f3n ind\u00edgena originaria campesina NO SE APLICAR\u00c1 a las siguientes materias: En materia penal, los delitos contra el derecho internacional, los delitos por cr\u00edmenes de lesa humanidad (\u2026\u2026). LOS DELITOS COMETIDOS EN CONTRA LA INTEGRIDAD CORPORAL DE NI\u00d1OS, NI\u00d1AS Y ADOLESCENTES, LOS DELITOS DE VIOLACI\u00d3N, ASESINATO U HOMICIDIO.<\/p>\n<p style=\"padding-left: 80px;\">Complementariamente, la Ley No. 348 en su art\u00edculo 41 par\u00e1grafo II determina que todos los casos de violencia sexual, feminicidio y delitos an\u00e1logos deber\u00e1n ser derivados a la justicia ordinaria.<\/p>\n<p style=\"padding-left: 80px;\">El C\u00f3digo Ni\u00f1a, Ni\u00f1o y Adolescente en el art\u00edculo 147 par\u00e1grafo II y III establece que la violencia contra NNA ser\u00e1 sancionada por la Jueza o el Juez Penal cuando est\u00e9 tipificada como delito; y que las otras formas de violencia que, no est\u00e9n tipificadas como delito, constituyen infracciones y ser\u00e1n sancionadas por la Jueza o Juez P\u00fablico de la Ni\u00f1ez y Adolescencia, tomando en cuenta la gravedad del hecho y la sana cr\u00edtica del\/la juzgador\/a. La Ley No. 243 contra el Acoso y Violencia Pol\u00edtica hacia las Mujeres establece las v\u00edas de denuncia de estos hechos y acciones legales posibles, ninguna de ellas contempla la justicia ind\u00edgena originaria campesina por lo que en conocimiento de estos hechos deben ser puestos en conocimiento de la jurisdicci\u00f3n ordinaria.<\/p>\n<p style=\"padding-left: 80px;\">En consecuencia, todos los hechos sucedidos en un territorio ind\u00edgena originario campesino que impliquen violaci\u00f3n, asesinato y que vulneren la integridad de ni\u00f1as, ni\u00f1os, adolescentes y mujeres deben ser remitidos de manera inmediata a la jurisdicci\u00f3n ordinaria; en raz\u00f3n de que constituye una grave violaci\u00f3n a los Derechos Humanos.<\/p>\n<\/div><\/div>\n<\/div>\n<\/div>\n<\/div>\n<\/div>\n<\/div>\n<\/div>\n<\/section>\n<section class=\"elementor-section elementor-top-section elementor-element elementor-element-e103513 elementor-section-boxed elementor-section-height-default elementor-section-height-default\" data-id=\"e103513\" data-element_type=\"section\">\n<div class=\"elementor-container elementor-column-gap-default\">\n<div class=\"elementor-row\">\n<div class=\"elementor-column elementor-col-100 elementor-top-column elementor-element elementor-element-2111c53\" data-id=\"2111c53\" data-element_type=\"column\">\n<div class=\"elementor-column-wrap elementor-element-populated\">\n<div class=\"elementor-widget-wrap\">\n<div class=\"elementor-element elementor-element-054ca18 elementor-widget elementor-widget-text-editor\" data-id=\"054ca18\" data-element_type=\"widget\" data-widget_type=\"text-editor.default\">\n<div class=\"elementor-widget-container\">\n<div class=\"elementor-text-editor elementor-clearfix\">\n<ul>\n<li><strong>Ley Org\u00e1nica del Ministerio P\u00fablico de 11 de Julio de 2012, Ley No. 260<a class=\"tooltips\" title=\"Disponible en: http:\/\/www.gacetaoficialdebolivia.gob.bo\/normas\/listadonor\/10\/page:17\"><sup>44<\/sup><\/a><\/strong><\/li>\n<\/ul>\n<p style=\"padding-left: 80px;\">La Ley No. 260 tiene por objeto regular la organizaci\u00f3n, atribuciones y funcionamiento del Ministerio P\u00fablico. De acuerdo al art\u00edculo 3, el Ministerio P\u00fablico \u201ctiene por finalidad defender la legalidad y los intereses generales de la sociedad, ejercer la acci\u00f3n penal p\u00fablica en interponer otras acciones, en el marco establecido por la Constituci\u00f3n Pol\u00edtica del Estado, los Tratados y Convenciones Internacionales en materia de Derechos Humanos y las Leyes\u201d.<\/p>\n<p style=\"padding-left: 80px;\">El art\u00edculo 11 establece que el \u201cMinisterio P\u00fablico, en coordinaci\u00f3n con la Polic\u00eda Boliviana, \u00d3rganos del Estado e instituciones p\u00fablicas, proteger\u00e1 a las personas que por colaborar con la administraci\u00f3n de justicia corran peligro de sufrir alg\u00fan da\u00f1o. A tal efecto, dispondr\u00e1 de programas permanentes de protecci\u00f3n a testigos, denunciantes, peritos, v\u00edctimas y a sus propias servidoras o servidores. Esta protecci\u00f3n se brindar\u00e1, en especial, cuando se trate de delitos vinculados al crimen organizado, corrupci\u00f3n, narcotr\u00e1fico, en contra de ni\u00f1os, ni\u00f1as, adolescentes y mujeres, trata y tr\u00e1fico de personas y\/o violaci\u00f3n de derechos fundamentales\u201d.<\/p>\n<\/div><\/div>\n<\/div>\n<\/div>\n<\/div>\n<\/div>\n<\/div>\n<\/div>\n<\/section>\n<section class=\"elementor-section elementor-top-section elementor-element elementor-element-a7f153a elementor-section-boxed elementor-section-height-default elementor-section-height-default\" data-id=\"a7f153a\" data-element_type=\"section\">\n<div class=\"elementor-container elementor-column-gap-default\">\n<div class=\"elementor-row\">\n<div class=\"elementor-column elementor-col-100 elementor-top-column elementor-element elementor-element-b77af7c\" data-id=\"b77af7c\" data-element_type=\"column\">\n<div class=\"elementor-column-wrap elementor-element-populated\">\n<div class=\"elementor-widget-wrap\">\n<div class=\"elementor-element elementor-element-275efe6 elementor-widget elementor-widget-text-editor\" data-id=\"275efe6\" data-element_type=\"widget\" data-widget_type=\"text-editor.default\">\n<div class=\"elementor-widget-container\">\n<div class=\"elementor-text-editor elementor-clearfix\">\n<ul>\n<li><strong>Ley Contra el Acoso y Violencia Pol\u00edtica Hacia las Mujeres, de 28 de mayo de 2012, Ley No. 243<a class=\"tooltips\" title=\"Disponible en: http:\/\/www.gacetaoficialdebolivia.gob.bo\/normas\/listadonor\/10\/page:17\"><sup>45<\/sup><\/a><\/strong><\/li>\n<\/ul>\n<p style=\"padding-left: 80px;\">La Ley No. 243 tiene por objeto establecer mecanismos de prevenci\u00f3n, atenci\u00f3n, sanci\u00f3n contra actos individuales o colectivos de acoso y\/o violencia pol\u00edtica contra las mujeres, para garantizar el ejercicio pleno de sus derechos pol\u00edticos. Define esas conductas, establece faltas por la v\u00eda administrativa y tipifica los delitos de acoso y violencia pol\u00edtica contra las mujeres.<\/p>\n<\/div><\/div>\n<\/div>\n<\/div>\n<\/div>\n<\/div>\n<\/div>\n<\/div>\n<\/section>\n<section class=\"elementor-section elementor-top-section elementor-element elementor-element-fc77a80 elementor-section-boxed elementor-section-height-default elementor-section-height-default\" data-id=\"fc77a80\" data-element_type=\"section\">\n<div class=\"elementor-container elementor-column-gap-default\">\n<div class=\"elementor-row\">\n<div class=\"elementor-column elementor-col-100 elementor-top-column elementor-element elementor-element-fbb6102\" data-id=\"fbb6102\" data-element_type=\"column\">\n<div class=\"elementor-column-wrap elementor-element-populated\">\n<div class=\"elementor-widget-wrap\">\n<div class=\"elementor-element elementor-element-041b6a0 elementor-widget elementor-widget-text-editor\" data-id=\"041b6a0\" data-element_type=\"widget\" data-widget_type=\"text-editor.default\">\n<div class=\"elementor-widget-container\">\n<div class=\"elementor-text-editor elementor-clearfix\">\n<ul>\n<li><strong>Ley del Sistema Nacional de Seguridad Ciudadana \u201cPara una Vida Segura\u201d, de 31 de julio de 2012, Ley No. 26446<\/strong><\/li>\n<\/ul>\n<p style=\"padding-left: 80px;\">Tiene por objeto garantizar la seguridad ciudadana, promoviendo la paz y la tranquilidad social en el \u00e1mbito p\u00fablico y privado, procurando una mejor calidad de vida, con el prop\u00f3sito de alcanzar el Vivir Bien.<\/p>\n<p style=\"padding-left: 80px;\">Esta norma establece que las pol\u00edticas, planes, programas y proyectos de seguridad ciudadana deber\u00e1n contemplar el enfoque de g\u00e9nero y generacional y las necesidades espec\u00edficas de protecci\u00f3n de mujeres, ni\u00f1os, ni\u00f1as, adolescentes y adultos mayores. Dispone tambi\u00e9n que la Polic\u00eda Boliviana, en forma conjunta con el Ministerio P\u00fablico y con las Brigadas de Protecci\u00f3n a la Familia (hoy Fuerza Especial de Lucha Contra la Violencia), realizar\u00e1n de forma permanente, patrullajes de seguridad ciudadana, para fortalecer las acciones de protecci\u00f3n a las mujeres y la familia.<\/p>\n<\/div><\/div>\n<\/div>\n<\/div>\n<\/div>\n<\/div>\n<\/div>\n<\/div>\n<\/section>\n<section class=\"elementor-section elementor-top-section elementor-element elementor-element-e25f589 elementor-section-boxed elementor-section-height-default elementor-section-height-default\" data-id=\"e25f589\" data-element_type=\"section\">\n<div class=\"elementor-container elementor-column-gap-default\">\n<div class=\"elementor-row\">\n<div class=\"elementor-column elementor-col-100 elementor-top-column elementor-element elementor-element-2237608\" data-id=\"2237608\" data-element_type=\"column\">\n<div class=\"elementor-column-wrap elementor-element-populated\">\n<div class=\"elementor-widget-wrap\">\n<div class=\"elementor-element elementor-element-c873121 elementor-widget elementor-widget-text-editor\" data-id=\"c873121\" data-element_type=\"widget\" data-widget_type=\"text-editor.default\">\n<div class=\"elementor-widget-container\">\n<div class=\"elementor-text-editor elementor-clearfix\">\n<ul>\n<li><strong>Ley del Sistema Nacional de Seguridad Ciudadana \u201cPara una Vida Segura\u201d, de 31 de julio de 2012, Ley No. 264<a class=\"tooltips\" title=\"Disponible en: http:\/\/www.gacetaoficialdebolivia.gob.bo\/normas\/listadonor\/10\/page:16\"><sup>46<\/sup><\/a><\/strong><\/li>\n<\/ul>\n<p style=\"padding-left: 80px;\">Tiene por objeto garantizar la seguridad ciudadana, promoviendo la paz y la tranquilidad social en el \u00e1mbito p\u00fablico y privado, procurando una mejor calidad de vida, con el prop\u00f3sito de alcanzar el Vivir Bien.<\/p>\n<p style=\"padding-left: 80px;\">Esta norma establece que las pol\u00edticas, planes, programas y proyectos de seguridad ciudadana deber\u00e1n contemplar el enfoque de g\u00e9nero y generacional y las necesidades espec\u00edficas de protecci\u00f3n de mujeres, ni\u00f1os, ni\u00f1as, adolescentes y adultos mayores. Dispone tambi\u00e9n que la Polic\u00eda Boliviana, en forma conjunta con el Ministerio P\u00fablico y con las Brigadas de Protecci\u00f3n a la Familia (hoy Fuerza Especial de Lucha Contra la Violencia), realizar\u00e1n de forma permanente, patrullajes de seguridad ciudadana, para fortalecer las acciones de protecci\u00f3n a las mujeres y la familia.<\/p>\n<\/div><\/div>\n<\/div>\n<\/div>\n<\/div>\n<\/div>\n<\/div>\n<\/div>\n<\/section>\n<section class=\"elementor-section elementor-top-section elementor-element elementor-element-637f371 elementor-section-boxed elementor-section-height-default elementor-section-height-default\" data-id=\"637f371\" data-element_type=\"section\">\n<div class=\"elementor-container elementor-column-gap-default\">\n<div class=\"elementor-row\">\n<div class=\"elementor-column elementor-col-100 elementor-top-column elementor-element elementor-element-27864ec\" data-id=\"27864ec\" data-element_type=\"column\">\n<div class=\"elementor-column-wrap elementor-element-populated\">\n<div class=\"elementor-widget-wrap\">\n<div class=\"elementor-element elementor-element-89b8719 elementor-widget elementor-widget-text-editor\" data-id=\"89b8719\" data-element_type=\"widget\" data-widget_type=\"text-editor.default\">\n<div class=\"elementor-widget-container\">\n<div class=\"elementor-text-editor elementor-clearfix\">\n<ul>\n<li><b>Ley Integral Contra la Trata y Tr\u00e1fico de Personas, de 31 de julio de 2012, Ley No. 263<a class=\"tooltips\" title=\"Disponible en: http:\/\/www.gacetaoficialdebolivia.gob.bo\/normas\/listadonor\/10\/page:16\"><sup>47<\/sup><\/a><\/b><\/li>\n<\/ul>\n<p style=\"padding-left: 80px;\">Tiene por objeto combatir la trata y tr\u00e1fico de personas y delitos conexos, garantizar los derechos fundamentales de las v\u00edctimas a trav\u00e9s de la consolidaci\u00f3n de medidas y mecanismos de prevenci\u00f3n, protecci\u00f3n, atenci\u00f3n, persecuci\u00f3n y sanci\u00f3n penal de estos delitos. Adem\u00e1s de las medidas dispuestas en la presente Ley, las mujeres, ni\u00f1os, ni\u00f1as y adolescentes v\u00edctimas o testigos, recibir\u00e1n cuidados y atenci\u00f3n especializados, adecuados e individualizados.<\/p>\n<p style=\"padding-left: 80px;\">La atenci\u00f3n y protecci\u00f3n a v\u00edctimas de delitos de trata y tr\u00e1fico de personas, debe realizarse de acuerdo al \u201cPROTOCOLO \u00daNICO DE ATENCI\u00d3N ESPECIALIZADA A V\u00cdCTIMAS DE TRATA Y TR\u00c1FICO DE PERSONAS Y RUTA DE INTERVENCI\u00d3N\u201d aprobado en el marco de la Ley No. 263.<\/p>\n<\/div><\/div>\n<\/div>\n<\/div>\n<\/div>\n<\/div>\n<\/div>\n<\/div>\n<\/section>\n<section class=\"elementor-section elementor-top-section elementor-element elementor-element-c9c42e2 elementor-section-boxed elementor-section-height-default elementor-section-height-default\" data-id=\"c9c42e2\" data-element_type=\"section\">\n<div class=\"elementor-container elementor-column-gap-default\">\n<div class=\"elementor-row\">\n<div class=\"elementor-column elementor-col-100 elementor-top-column elementor-element elementor-element-9698e18\" data-id=\"9698e18\" data-element_type=\"column\">\n<div class=\"elementor-column-wrap elementor-element-populated\">\n<div class=\"elementor-widget-wrap\">\n<div class=\"elementor-element elementor-element-d32d671 elementor-widget elementor-widget-text-editor\" data-id=\"d32d671\" data-element_type=\"widget\" data-widget_type=\"text-editor.default\">\n<div class=\"elementor-widget-container\">\n<div class=\"elementor-text-editor elementor-clearfix\">\n<ul>\n<li><b>Ley Integral para Garantizar a las Mujeres una Vida Libre de Violencia, de 09 de marzo de 2013, Ley No. 348<a class=\"tooltips\" title=\"Disponible en: https:\/\/www.comunicacion.gob.bo\/sites\/default\/files\/dale_vida_a_tus_derechos\/\narchivos\/LEY%20348%20ACTUALIZACION%202018%20WEB.pdf\"><sup>48<\/sup><\/a><\/b><\/li>\n<\/ul>\n<p style=\"padding-left: 80px;\">Su objeto es establecer mecanismos, medidas y pol\u00edticas integrales de prevenci\u00f3n, atenci\u00f3n, protecci\u00f3n y reparaci\u00f3n a las mujeres en situaci\u00f3n de violencia, as\u00ed como de persecuci\u00f3n y sanci\u00f3n a los agresores, con el fin de garantizar a las mujeres una vida digna y el ejercicio pleno de sus derechos para Vivir Bien.<\/p>\n<p style=\"padding-left: 80px;\">Se\u00f1ala que el Estado Plurinacional de Bolivia \u201casume como prioridad la erradicaci\u00f3n de la violencia contra las mujeres, por ser una de las formas m\u00e1s extremas de discriminaci\u00f3n en raz\u00f3n de g\u00e9nero\u201d y establece que el Ministerio de Justicia y Transparencia Institucional, en el marco de sus competencias y atribuciones, es el Ente Rector responsable de coordinaci\u00f3n, articulaci\u00f3n y vigilancia de la aplicaci\u00f3n efectiva y cumplimiento de la presente Ley. Se reconocen 16 tipos de violencia, crea varios tipos penales y modifica otros.<\/p>\n<p style=\"padding-left: 80px;\">Crea el Sistema Integral Plurinacional de Prevenci\u00f3n, Atenci\u00f3n, Sanci\u00f3n y Erradicaci\u00f3n de la Violencia por Raz\u00f3n de G\u00e9nero (SIPPASE-VRG) como el mecanismo que permitir\u00e1 coordinar el trabajo de las diferentes instancias para erradicar y sancionar la violencia en raz\u00f3n de g\u00e9nero.<\/p>\n<\/div><\/div>\n<\/div>\n<\/div>\n<\/div>\n<\/div>\n<\/div>\n<\/div>\n<\/section>\n<section class=\"elementor-section elementor-top-section elementor-element elementor-element-0865cf8 elementor-section-boxed elementor-section-height-default elementor-section-height-default\" data-id=\"0865cf8\" data-element_type=\"section\">\n<div class=\"elementor-container elementor-column-gap-default\">\n<div class=\"elementor-row\">\n<div class=\"elementor-column elementor-col-100 elementor-top-column elementor-element elementor-element-35d9fc4\" data-id=\"35d9fc4\" data-element_type=\"column\">\n<div class=\"elementor-column-wrap elementor-element-populated\">\n<div class=\"elementor-widget-wrap\">\n<div class=\"elementor-element elementor-element-dbc8a3c elementor-widget elementor-widget-text-editor\" data-id=\"dbc8a3c\" data-element_type=\"widget\" data-widget_type=\"text-editor.default\">\n<div class=\"elementor-widget-container\">\n<div class=\"elementor-text-editor elementor-clearfix\">\n<ul>\n<li><b>C\u00f3digo Ni\u00f1a, Ni\u00f1o y Adolescente, de 17 de julio de 2014, Ley No. 548<a class=\"tooltips\" title=\"Disponible en: http:\/\/www.gacetaoficialdebolivia.gob.bo\/edicions\/view\/664NEC\"><sup>49<\/sup><\/a><\/b><\/li>\n<\/ul>\n<p style=\"padding-left: 80px;\">Garantiza a la ni\u00f1a, ni\u00f1o y adolescente (NNA) el ejercicio pleno y efectivo de sus derechos. El Estado asume esta garant\u00eda como funci\u00f3n primordial y en consecuencia establece el principio del inter\u00e9s superior de la NNA, entendido \u00e9ste como: \u201cToda situaci\u00f3n que favorezca el desarrollo integral de la ni\u00f1a, ni\u00f1o y adolescente en el goce de sus derechos y garant\u00edas. Para determinar el inter\u00e9s superior de las ni\u00f1as, ni\u00f1os y adolescentes en una situaci\u00f3n concreta, se debe apreciar su opini\u00f3n y de la madre, padre o ambos padres, guardadora o guardador, tutora o tutor; la necesidad de equilibrio entre sus derechos, garant\u00edas y deberes; su condici\u00f3n espec\u00edfica como persona en desarrollo, la necesidad de equilibrio y sus derechos y garant\u00edas, y los derechos de las dem\u00e1s personas\u201d.<\/p>\n<p style=\"padding-left: 80px;\">Se establece que NNA tienen derecho a la integridad personal: f\u00edsica, psicol\u00f3gica y sexual, por lo tanto, no pueden ser sometidos a torturas ni otras penas o tratos crueles inhumanos. El Estado en todos sus niveles tiene la obligaci\u00f3n de proteger a todas las NNA contra cualquier forma de explotaci\u00f3n, maltrato, abuso o negligencia que afecten su integridad personal (Art. 145).<\/p>\n<p style=\"padding-left: 80px;\">Especialmente en temas de violencia sexual, se determina que las juezas y los jueces en materia penal y el Ministerio P\u00fablico, que conozcan e investiguen delitos contra libertad sexual, cometidos contra ni\u00f1as, ni\u00f1os y adolescentes, tienen la obligaci\u00f3n de priorizarlos y agilizarlos conforme a ley, hasta su conclusi\u00f3n, bajo responsabilidad (Art. 149).<\/p>\n<p style=\"padding-left: 80px;\">La protecci\u00f3n a la vida y a la integridad f\u00edsica y psicol\u00f3gica de los miembros de la comunidad educativa, implica la prevenci\u00f3n, atenci\u00f3n y sanci\u00f3n de la violencia ejercida en el Sistema Educativo del Estado Plurinacional de Bolivia, con la finalidad de consolidar la convivencia pac\u00edfica y arm\u00f3nica, la cultura de paz, tolerancia y justicia, en el marco del Vivir Bien, el buen trato, la solidaridad, el respeto, la intraculturalidad, la interculturalidad y la no discriminaci\u00f3n entre sus miembros (Art. 250).<\/p>\n<p style=\"padding-left: 80px;\">El Sistema Educativo Plurinacional garantiza a la ni\u00f1a, ni\u00f1o o adolescente: Educaci\u00f3n sin violencia en contra de cualquier integrante de la comunidad educativa, preservando su integridad f\u00edsica, psicol\u00f3gica, sexual y\/o moral, promoviendo una convivencia pac\u00edfica, con igualdad y equidad de g\u00e9nero y generacional (Art. 116).<\/p>\n<\/div><\/div>\n<\/div>\n<\/div>\n<\/div>\n<\/div>\n<\/div>\n<\/div>\n<\/section>\n<section class=\"elementor-section elementor-top-section elementor-element elementor-element-2f1453d elementor-section-boxed elementor-section-height-default elementor-section-height-default\" data-id=\"2f1453d\" data-element_type=\"section\">\n<div class=\"elementor-container elementor-column-gap-default\">\n<div class=\"elementor-row\">\n<div class=\"elementor-column elementor-col-100 elementor-top-column elementor-element elementor-element-93dbddd\" data-id=\"93dbddd\" data-element_type=\"column\">\n<div class=\"elementor-column-wrap elementor-element-populated\">\n<div class=\"elementor-widget-wrap\">\n<div class=\"elementor-element elementor-element-dbf168c elementor-widget elementor-widget-text-editor\" data-id=\"dbf168c\" data-element_type=\"widget\" data-widget_type=\"text-editor.default\">\n<div class=\"elementor-widget-container\">\n<div class=\"elementor-text-editor elementor-clearfix\">\n<ul>\n<li><strong>Ley de Identidad de G\u00e9nero, de 21 de Mayo de 2016, Ley No. 807<a class=\"tooltips\" title=\"Disponible en: http:\/\/www.gacetaoficialdebolivia.gob.bo\/edicions\/view\/861NEC\"><sup>50<\/sup><\/a><\/strong><\/li>\n<\/ul>\n<p style=\"padding-left: 80px;\">Tiene por objeto establecer el procedimiento para el cambio de nombre propio, dato de sexo e imagen de personas transexuales y transg\u00e9nero en toda documentaci\u00f3n p\u00fablica y privada vinculada a su identidad, permiti\u00e9ndoles ejercer de forma plena el derecho a la identidad de g\u00e9nero. Define la identidad de g\u00e9nero como la vivencia individual del g\u00e9nero tal como cada persona la siente, la vive y la ejerce ante la sociedad, la cual puede corresponder o no al sexo asignado al momento del nacimiento. Incluye la vivencia personal del cuerpo que puede implicar la modificaci\u00f3n de la apariencia corporal libremente elegida, por medios m\u00e9dicos, quir\u00fargicos o de otra \u00edndole. Establece como distinci\u00f3n entre personas transexuales y transg\u00e9nero el haber optado por una intervenci\u00f3n m\u00e9dica en el primer caso mientras que las segundas no han recurrido a una intervenci\u00f3n m\u00e9dica de modificaci\u00f3n corporal.<\/p>\n<\/div><\/div>\n<\/div>\n<\/div>\n<\/div>\n<\/div>\n<\/div>\n<\/div>\n<\/section>\n<section class=\"elementor-section elementor-top-section elementor-element elementor-element-c40d169 elementor-section-boxed elementor-section-height-default elementor-section-height-default\" data-id=\"c40d169\" data-element_type=\"section\">\n<div class=\"elementor-container elementor-column-gap-default\">\n<div class=\"elementor-row\">\n<div class=\"elementor-column elementor-col-100 elementor-top-column elementor-element elementor-element-d4a8f51\" data-id=\"d4a8f51\" data-element_type=\"column\">\n<div class=\"elementor-column-wrap elementor-element-populated\">\n<div class=\"elementor-widget-wrap\">\n<div class=\"elementor-element elementor-element-9a89e51 elementor-widget elementor-widget-text-editor\" data-id=\"9a89e51\" data-element_type=\"widget\" data-widget_type=\"text-editor.default\">\n<div class=\"elementor-widget-container\">\n<div class=\"elementor-text-editor elementor-clearfix\">\n<ul>\n<li><strong>Ley de Organizaciones Pol\u00edticas, de 1 de septiembre de 2018, Ley No. 1096<a class=\"tooltips\" title=\"Disponible en: https:\/\/www.oep.org.bo\/wp-content\/uploads\/2018\/09\/Ley_1096_Organizaciones_ Politicas.pdf\"><sup>51<\/sup><\/a><\/strong><\/li>\n<\/ul>\n<p style=\"padding-left: 80px;\">Regula la constituci\u00f3n, funcionamiento y democracia interna de las organizaciones pol\u00edticas, como parte del sistema de representaci\u00f3n pol\u00edtica y de la democracia intercultural y paritaria en el Estado Plurinacional de Bolivia. Establece la importancia de instaurar R\u00e9gimen de Despatriarcalizaci\u00f3n en los estatutos y normativa de las organizaciones pol\u00edticas que establecer\u00e1 acciones sobre prevenci\u00f3n y procedimientos, instancias competentes, sanciones y medidas de restituci\u00f3n de derechos en casos de acoso y violencia pol\u00edtica; acciones afirmativas en la conformaci\u00f3n de la estructura partidaria y los correspondientes mecanismos de seguimiento de las mismas; acciones para promover la igualdad de g\u00e9nero; mecanismos procedimiento o reglamentos internos para dar seguimiento a denuncias de acoso y violencia pol\u00edtica; y planes y programas para promover la paridad la igualdad de g\u00e9nero entre la militancia.<\/p>\n<\/div><\/div>\n<\/div>\n<\/div>\n<\/div>\n<\/div>\n<\/div>\n<\/div>\n<\/section>\n<section class=\"elementor-section elementor-top-section elementor-element elementor-element-34e66d6 elementor-section-boxed elementor-section-height-default elementor-section-height-default\" data-id=\"34e66d6\" data-element_type=\"section\">\n<div class=\"elementor-container elementor-column-gap-default\">\n<div class=\"elementor-row\">\n<div class=\"elementor-column elementor-col-100 elementor-top-column elementor-element elementor-element-9c66a5e\" data-id=\"9c66a5e\" data-element_type=\"column\">\n<div class=\"elementor-column-wrap elementor-element-populated\">\n<div class=\"elementor-widget-wrap\">\n<div class=\"elementor-element elementor-element-bb815a2 elementor-widget elementor-widget-text-editor\" data-id=\"bb815a2\" data-element_type=\"widget\" data-widget_type=\"text-editor.default\">\n<div class=\"elementor-widget-container\">\n<div class=\"elementor-text-editor elementor-clearfix\">\n<ul>\n<li><strong>Ley No. 1152 de 20 de febrero de 2019, Ley modificatoria a la Ley No. 475, de 30 de diciembre de 2013, de prestaciones de servicios de salud integral\u00a0<\/strong><strong>del Estado Plurinacional de Bolivia, modificada por Ley No. 1069, de 28 de\u00a0<\/strong><strong>mayo de 2018<\/strong><\/li>\n<\/ul>\n<p style=\"padding-left: 80px;\">Tiene por objeto modificar la Ley No. 475 de 30 de diciembre de 2013, de Prestaciones de Servicios de Salud Integral del Estado Plurinacional de Bolivia, modificada por Ley No. 1069 de 28 de mayo de 2018, para ampliar la poblaci\u00f3n beneficiaria que no se encuentra cubierta por la Seguridad Social de Corto Plazo, con atenci\u00f3n gratuita de salud, en avance hacia un Sistema \u00danico de Salud, Universal y Gratuito.<\/p>\n<\/div><\/div>\n<\/div>\n<\/div>\n<\/div>\n<\/div>\n<\/div>\n<\/div>\n<\/section>\n<section class=\"elementor-section elementor-top-section elementor-element elementor-element-e31b7ef elementor-section-boxed elementor-section-height-default elementor-section-height-default\" data-id=\"e31b7ef\" data-element_type=\"section\">\n<div class=\"elementor-container elementor-column-gap-default\">\n<div class=\"elementor-row\">\n<div class=\"elementor-column elementor-col-100 elementor-top-column elementor-element elementor-element-9f119cb\" data-id=\"9f119cb\" data-element_type=\"column\">\n<div class=\"elementor-column-wrap elementor-element-populated\">\n<div class=\"elementor-widget-wrap\">\n<div class=\"elementor-element elementor-element-870a9ff elementor-widget elementor-widget-text-editor\" data-id=\"870a9ff\" data-element_type=\"widget\" data-widget_type=\"text-editor.default\">\n<div class=\"elementor-widget-container\">\n<div class=\"elementor-text-editor elementor-clearfix\">\n<ul>\n<li><strong>Ley de Abreviaci\u00f3n Procesal Penal y de Fortalecimiento de la Lucha Integral contra la Violencia a Ni\u00f1a, Ni\u00f1os, Adolescentes y Mujeres, de 08 de mayo de 2019, Ley No. 1173<a class=\"tooltips\" title=\"Disponible en: file:\/\/\/C:\/Users\/Usuario\/Downloads\/sample%20(1).pdf\"><sup>52<\/sup><\/a><\/strong><\/li>\n<\/ul>\n<p style=\"padding-left: 80px;\">Tiene por objeto procurar la pronta y oportuna resoluci\u00f3n de los conflictos penales, adoptando al efecto, medidas indispensables para profundizar la oralidad, fortalecer la lucha contra la violencia a ni\u00f1as, ni\u00f1os, adolescentes y mujeres, evitar el retardo procesal y el abuso de la detenci\u00f3n preventiva y posibilitar la efectiva tutela judicial de las v\u00edctimas, mediante la modificaci\u00f3n de la Ley No. 1970 de 25 de marzo de 1999, \u201cC\u00f3digo de Procedimiento Penal\u201d, y disposiciones conexas. La Ley No. 1173 ha sido modificada mediante Ley No. 1226 de 18 de septiembre de 2019.<\/p>\n<\/div><\/div>\n<\/div>\n<\/div>\n<\/div>\n<\/div>\n<\/div>\n<\/div>\n<\/section>\n<section class=\"elementor-section elementor-top-section elementor-element elementor-element-815d97b elementor-section-boxed elementor-section-height-default elementor-section-height-default\" data-id=\"815d97b\" data-element_type=\"section\">\n<div class=\"elementor-container elementor-column-gap-default\">\n<div class=\"elementor-row\">\n<div class=\"elementor-column elementor-col-100 elementor-top-column elementor-element elementor-element-798810d\" data-id=\"798810d\" data-element_type=\"column\">\n<div class=\"elementor-column-wrap elementor-element-populated\">\n<div class=\"elementor-widget-wrap\">\n<div class=\"elementor-element elementor-element-44114f7 elementor-widget elementor-widget-text-editor\" data-id=\"44114f7\" data-element_type=\"widget\" data-widget_type=\"text-editor.default\">\n<div class=\"elementor-widget-container\">\n<div class=\"elementor-text-editor elementor-clearfix\">\n<ul>\n<li><strong>Ley de Abreviaci\u00f3n Procesal Penal y de Fortalecimiento de la Lucha Integral contra la Violencia a Ni\u00f1a, Ni\u00f1os, Adolescentes y Mujeres, de 08 de mayo de 2019, Ley No. 1173<a class=\"tooltips\" title=\"Disponible en: file:\/\/\/C:\/Users\/Usuario\/Downloads\/sample%20(1).pdf\"><sup>52<\/sup><\/a><\/strong><\/li>\n<\/ul>\n<p style=\"padding-left: 80px;\">Tiene por objeto procurar la pronta y oportuna resoluci\u00f3n de los conflictos penales, adoptando al efecto, medidas indispensables para profundizar la oralidad, fortalecer la lucha contra la violencia a ni\u00f1as, ni\u00f1os, adolescentes y mujeres, evitar el retardo procesal y el abuso de la detenci\u00f3n preventiva y posibilitar la efectiva tutela judicial de las v\u00edctimas, mediante la modificaci\u00f3n de la Ley No. 1970 de 25 de marzo de 1999, \u201cC\u00f3digo de Procedimiento Penal\u201d, y disposiciones conexas. La Ley No. 1173 ha sido modificada mediante Ley No. 1226 de 18 de septiembre de 2019.<\/p>\n<\/div><\/div>\n<\/div>\n<\/div>\n<\/div>\n<\/div>\n<\/div>\n<\/div>\n<\/section>\n<section class=\"elementor-section elementor-top-section elementor-element elementor-element-2e7c30c elementor-section-boxed elementor-section-height-default elementor-section-height-default\" data-id=\"2e7c30c\" data-element_type=\"section\">\n<div class=\"elementor-container elementor-column-gap-default\">\n<div class=\"elementor-row\">\n<div class=\"elementor-column elementor-col-100 elementor-top-column elementor-element elementor-element-6581188\" data-id=\"6581188\" data-element_type=\"column\">\n<div class=\"elementor-column-wrap elementor-element-populated\">\n<div class=\"elementor-widget-wrap\">\n<div class=\"elementor-element elementor-element-ea65a54 elementor-widget elementor-widget-text-editor\" data-id=\"ea65a54\" data-element_type=\"widget\" data-widget_type=\"text-editor.default\">\n<div class=\"elementor-widget-container\">\n<div class=\"elementor-text-editor elementor-clearfix\">\n<ul>\n<li><b>Decreto Supremo No. 1302, de 1 de agosto de 2012<a class=\"tooltips\" title=\"Disponible en: http:\/\/www.gacetaoficialdebolivia.gob.bo\/normas\/busquedag1?data%5BGobierno%\n5D%5Bid_gobierno%5D=93&#038;data%5BTipoNorma%5D%5Bid_tipo_norma%5D=2&#038;q=1302&#038;s=0\"><sup>53<\/sup><\/a><\/b><\/li>\n<\/ul>\n<p style=\"padding-left: 80px;\">Tiene por objeto establecer mecanismos que coadyuven a la erradicaci\u00f3n de la violencia, maltrato y abuso que atente contra la vida e integridad f\u00edsica, psicol\u00f3gica y\/o sexual de ni\u00f1as, ni\u00f1os y adolescentes estudiantes, en el \u00e1mbito educativo. Establece el deber de denunciar y coadyuvar en la acci\u00f3n penal correspondiente hasta su conclusi\u00f3n, ante el Ministerio P\u00fablico de su jurisdicci\u00f3n o autoridad competente, en contra de directores, docentes o administrativos del Sistema Educativo Plurinacional, que hubiesen sido sindicados de la comisi\u00f3n de delitos que atenten contra la vida, la integridad f\u00edsica, psicol\u00f3gica y\/o sexual de las ni\u00f1as, ni\u00f1os y adolescentes estudiantes.<\/p>\n<\/div><\/div>\n<\/div>\n<\/div>\n<\/div>\n<\/div>\n<\/div>\n<\/div>\n<\/section>\n<section class=\"elementor-section elementor-top-section elementor-element elementor-element-e4c6397 elementor-section-boxed elementor-section-height-default elementor-section-height-default\" data-id=\"e4c6397\" data-element_type=\"section\">\n<div class=\"elementor-container elementor-column-gap-default\">\n<div class=\"elementor-row\">\n<div class=\"elementor-column elementor-col-100 elementor-top-column elementor-element elementor-element-7661366\" data-id=\"7661366\" data-element_type=\"column\">\n<div class=\"elementor-column-wrap elementor-element-populated\">\n<div class=\"elementor-widget-wrap\">\n<div class=\"elementor-element elementor-element-bdcc9c5 elementor-widget elementor-widget-text-editor\" data-id=\"bdcc9c5\" data-element_type=\"widget\" data-widget_type=\"text-editor.default\">\n<div class=\"elementor-widget-container\">\n<div class=\"elementor-text-editor elementor-clearfix\">\n<ul>\n<li><b>Decreto Supremo No. 2145 de 14 de octubre de 2014<\/b><\/li>\n<\/ul>\n<p style=\"padding-left: 80px;\"><span style=\"font-size: 15px; color: var( --e-global-color-text );\">Este Decreto Supremo tiene por objeto reglamentar la Ley No. 348, de 9\u00a0<\/span><span style=\"font-size: 15px; color: var( --e-global-color-text );\">de marzo de 2013, Integral para Garantizar a las Mujeres una Vida Libre de\u00a0<\/span><span style=\"font-size: 15px; color: var( --e-global-color-text );\">Violencia, estableciendo mecanismos de prevenci\u00f3n, atenci\u00f3n, protecci\u00f3n,\u00a0<\/span><span style=\"font-size: 15px; color: var( --e-global-color-text );\">reparaci\u00f3n y recursos para su implementaci\u00f3n. Establece porcentajes\u00a0<\/span><span style=\"font-size: 15px; color: var( --e-global-color-text );\">m\u00ednimos del Impuesto a los Hidrocarburos que los Gobiernos Municipales\u00a0<\/span><span style=\"font-size: 15px; color: var( --e-global-color-text );\">y Departamentales deben utilizar para fortalecer la FELCV, SLIMs y Casas\u00a0<\/span><span style=\"font-size: 15px; color: var( --e-global-color-text );\">de Acogida y Refugio Temporal. Tambi\u00e9n dispone lineamientos para una\u00a0<\/span><span style=\"font-size: 15px; color: var( --e-global-color-text );\">atenci\u00f3n de calidez a las v\u00edctimas, el deber de brindarles informaci\u00f3n, evitar\u00a0<\/span><span style=\"font-size: 15px; color: var( --e-global-color-text );\">la revictimizaci\u00f3n en los ex\u00e1menes m\u00e9dicos y de dar seguimiento policial a\u00a0<\/span><span style=\"font-size: 15px; color: var( --e-global-color-text );\">su situaci\u00f3n luego de la denuncia.<\/span><\/p>\n<p style=\"padding-left: 80px;\"><span style=\"font-size: 15px; color: var( --e-global-color-text );\">Dispone que todas las instituciones p\u00fablicas y privadas que reciban\u00a0<\/span><span style=\"font-size: 15px; color: var( --e-global-color-text );\">denuncias por faltas y contravenciones de violencia contra las mujeres\u00a0<\/span><span style=\"font-size: 15px; color: var( --e-global-color-text );\">reportar\u00e1n al Sistema Integral Plurinacional de Prevenci\u00f3n, Atenci\u00f3n,\u00a0<\/span><span style=\"font-size: 15px; color: var( --e-global-color-text );\">Sanci\u00f3n y Erradicaci\u00f3n de la Violencia en raz\u00f3n de G\u00e9nero \u2013 SIPPASE.<\/span><\/p>\n<\/div><\/div>\n<\/div>\n<\/div>\n<\/div>\n<\/div>\n<\/div>\n<\/div>\n<\/section>\n<section class=\"elementor-section elementor-top-section elementor-element elementor-element-b4c1414 elementor-section-boxed elementor-section-height-default elementor-section-height-default\" data-id=\"b4c1414\" data-element_type=\"section\">\n<div class=\"elementor-container elementor-column-gap-default\">\n<div class=\"elementor-row\">\n<div class=\"elementor-column elementor-col-100 elementor-top-column elementor-element elementor-element-5820449\" data-id=\"5820449\" data-element_type=\"column\">\n<div class=\"elementor-column-wrap elementor-element-populated\">\n<div class=\"elementor-widget-wrap\">\n<div class=\"elementor-element elementor-element-457fdf5 elementor-widget elementor-widget-text-editor\" data-id=\"457fdf5\" data-element_type=\"widget\" data-widget_type=\"text-editor.default\">\n<div class=\"elementor-widget-container\">\n<div class=\"elementor-text-editor elementor-clearfix\">\n<ul>\n<li><strong>Decreto Supremo No. 2377, de 27 de mayo de 2015, Reglamento al C\u00f3digo Ni\u00f1a, Ni\u00f1o y Adolescente<\/strong><\/li>\n<\/ul>\n<p style=\"padding-left: 80px;\">El decreto describe la progresividad en el ejercicio de derechos y deberes al se\u00f1alar que las ni\u00f1as, ni\u00f1os y adolescentes ejercer\u00e1n sus derechos con plenitud y cumplir\u00e1n con los deberes emergentes en la familia, la sociedad y en el Estado de acuerdo al proceso de su desarrollo, correspondiendo al Estado asignar los recursos suficientes para garantizar el ejercicio paulatino de los mismos. Establece mecanismos de articulaci\u00f3n de planes y pol\u00edticas en los diferentes niveles del Estado y de implementaci\u00f3n de medios de protecci\u00f3n. Establece los deberes de brindar apoyo a la estabilidad emocional de esta poblaci\u00f3n, la referencia de casos de violencia en el \u00e1mbito educativo y de salud y la priorizaci\u00f3n en la investigaci\u00f3n de delitos.<\/p>\n<\/div><\/div>\n<\/div>\n<\/div>\n<\/div>\n<\/div>\n<\/div>\n<\/div>\n<\/section>\n<section class=\"elementor-section elementor-top-section elementor-element elementor-element-5115066 elementor-section-boxed elementor-section-height-default elementor-section-height-default\" data-id=\"5115066\" data-element_type=\"section\">\n<div class=\"elementor-container elementor-column-gap-default\">\n<div class=\"elementor-row\">\n<div class=\"elementor-column elementor-col-100 elementor-top-column elementor-element elementor-element-7134820\" data-id=\"7134820\" data-element_type=\"column\">\n<div class=\"elementor-column-wrap elementor-element-populated\">\n<div class=\"elementor-widget-wrap\">\n<div class=\"elementor-element elementor-element-0c3f0a5 elementor-widget elementor-widget-text-editor\" data-id=\"0c3f0a5\" data-element_type=\"widget\" data-widget_type=\"text-editor.default\">\n<div class=\"elementor-widget-container\">\n<div class=\"elementor-text-editor elementor-clearfix\">\n<ul>\n<li><strong>Decreto Supremo No. 2610 de 25 de noviembre de 2015<\/strong><\/li>\n<\/ul>\n<p style=\"padding-left: 80px;\">El Decreto Supremo tiene por objeto modificar y complementar el Decreto Supremo No. 2145, de 14 de octubre de 2014, Reglamento de la Ley No. 348, de 9 de marzo de 2013, \u201cLey Integral para Garantizar a las Mujeres una Vida Libre de Violencia\u201d.<\/p>\n<\/div><\/div>\n<\/div>\n<\/div>\n<\/div>\n<\/div>\n<\/div>\n<\/div>\n<\/section>\n<section class=\"elementor-section elementor-top-section elementor-element elementor-element-d3e8a1c elementor-section-boxed elementor-section-height-default elementor-section-height-default\" data-id=\"d3e8a1c\" data-element_type=\"section\">\n<div class=\"elementor-container elementor-column-gap-default\">\n<div class=\"elementor-row\">\n<div class=\"elementor-column elementor-col-100 elementor-top-column elementor-element elementor-element-47e9595\" data-id=\"47e9595\" data-element_type=\"column\">\n<div class=\"elementor-column-wrap elementor-element-populated\">\n<div class=\"elementor-widget-wrap\">\n<div class=\"elementor-element elementor-element-f95704d elementor-widget elementor-widget-text-editor\" data-id=\"f95704d\" data-element_type=\"widget\" data-widget_type=\"text-editor.default\">\n<div class=\"elementor-widget-container\">\n<div class=\"elementor-text-editor elementor-clearfix\">\n<ul>\n<li><strong>Decreto Supremo No. 2935 de 5 de octubre de 2016, Reglamento de la Ley No. 243<\/strong><\/li>\n<\/ul>\n<p style=\"padding-left: 80px;\">Tiene el objetivo de establecer estrategias, mecanismos y procedimientos para la implementaci\u00f3n de la Ley No. 243. Incluye importantes definiciones sobre las mujeres sujetas de protecci\u00f3n y las acciones contempladas en los tipos penales de acoso y violencia pol\u00edtica hacia las mujeres. Tambi\u00e9n establece el procedimiento a aplicarse trat\u00e1ndose de autoridades electas que son parte de \u00f3rganos deliberativos.<\/p>\n<\/div><\/div>\n<\/div>\n<\/div>\n<\/div>\n<\/div>\n<\/div>\n<\/div>\n<\/section>\n<section class=\"elementor-section elementor-top-section elementor-element elementor-element-bedf90c elementor-section-boxed elementor-section-height-default elementor-section-height-default\" data-id=\"bedf90c\" data-element_type=\"section\">\n<div class=\"elementor-container elementor-column-gap-default\">\n<div class=\"elementor-row\">\n<div class=\"elementor-column elementor-col-100 elementor-top-column elementor-element elementor-element-ef56e9f\" data-id=\"ef56e9f\" data-element_type=\"column\">\n<div class=\"elementor-column-wrap elementor-element-populated\">\n<div class=\"elementor-widget-wrap\">\n<div class=\"elementor-element elementor-element-bd2aa3d elementor-widget elementor-widget-text-editor\" data-id=\"bd2aa3d\" data-element_type=\"widget\" data-widget_type=\"text-editor.default\">\n<div class=\"elementor-widget-container\">\n<div class=\"elementor-text-editor elementor-clearfix\">\n<ul>\n<li><strong>Resoluci\u00f3n 158\/2017 del \u00d3rgano Electoral Plurinacional que aprueba el Reglamento de renuncias y denuncias por acoso y violencia pol\u00edtica del 3 de mayo de 2017<\/strong><\/li>\n<\/ul>\n<p style=\"padding-left: 80px;\">Su objeto es establecer procedimientos para la recepci\u00f3n de renuncias de mujeres candidatas, electas, designadas o en ejercicio de funciones pol\u00edtico p\u00fablicas y denuncias por acoso y violencia pol\u00edtica en el marco de la Ley No. 243 debiendo derivarse al Ministerio P\u00fablico.<\/p>\n<\/div><\/div>\n<\/div>\n<\/div>\n<\/div>\n<\/div>\n<\/div>\n<\/div>\n<\/section>\n<section class=\"elementor-section elementor-top-section elementor-element elementor-element-1cdb42e elementor-section-boxed elementor-section-height-default elementor-section-height-default\" data-id=\"1cdb42e\" data-element_type=\"section\">\n<div class=\"elementor-container elementor-column-gap-default\">\n<div class=\"elementor-row\">\n<div class=\"elementor-column elementor-col-100 elementor-top-column elementor-element elementor-element-802dca9\" data-id=\"802dca9\" data-element_type=\"column\">\n<div class=\"elementor-column-wrap elementor-element-populated\">\n<div class=\"elementor-widget-wrap\">\n<div class=\"elementor-element elementor-element-ce7f0ea elementor-widget elementor-widget-text-editor\" data-id=\"ce7f0ea\" data-element_type=\"widget\" data-widget_type=\"text-editor.default\">\n<div class=\"elementor-widget-container\">\n<div class=\"elementor-text-editor elementor-clearfix\">\n<ul>\n<li><strong>Decreto Supremo No. 3106 de 8 de marzo de 2017<\/strong><\/li>\n<\/ul>\n<p style=\"padding-left: 80px;\">Tiene por objeto establecer atribuciones a los Ministerios del \u00d3rgano\u00a0Ejecutivo del nivel nacional del Estado para la implementaci\u00f3n de la Pol\u00edtica P\u00fablica Integral para una Vida Digna de las Mujeres Bolivianas y se desarrolla en el marco de la Constituci\u00f3n Pol\u00edtica del Estado, la Ley No. 348 Integral Para Garantizar a las Mujeres una Vida Libre de Violencia, Ley No. 243 Contra el Acoso y Violencia Pol\u00edtica hacia las Mujeres, Ley No. 548 C\u00f3digo Ni\u00f1a, Ni\u00f1o y Adolescente, Ley No. 264 del Sistema Nacional de Seguridad Ciudadana \u201cPara una Vida Segura\u201d, Ley No. 070 de la Educaci\u00f3n \u201cAvelino Si\u00f1ani &#8211; Elizardo P\u00e9rez\u201d, Ley No. 026 del R\u00e9gimen Electoral, Ley No. 263 Ley Integral contra la Trata y Tr\u00e1fico de Personas, Ley No. 603 C\u00f3digo de las Familias y del Proceso Familiar.\u00a0<\/p>\n<\/div><\/div>\n<\/div>\n<\/div>\n<\/div>\n<\/div>\n<\/div>\n<\/div>\n<\/section>\n<section class=\"elementor-section elementor-top-section elementor-element elementor-element-33261f8 elementor-section-boxed elementor-section-height-default elementor-section-height-default\" data-id=\"33261f8\" data-element_type=\"section\">\n<div class=\"elementor-container elementor-column-gap-default\">\n<div class=\"elementor-row\">\n<div class=\"elementor-column elementor-col-100 elementor-top-column elementor-element elementor-element-95b0693\" data-id=\"95b0693\" data-element_type=\"column\">\n<div class=\"elementor-column-wrap elementor-element-populated\">\n<div class=\"elementor-widget-wrap\">\n<div class=\"elementor-element elementor-element-7b9747b elementor-widget elementor-widget-text-editor\" data-id=\"7b9747b\" data-element_type=\"widget\" data-widget_type=\"text-editor.default\">\n<div class=\"elementor-widget-container\">\n<div class=\"elementor-text-editor elementor-clearfix\">\n<ul>\n<li><strong>Decreto Supremo No. 3774 de 16 de enero de 2019<\/strong><\/li>\n<\/ul>\n<p style=\"padding-left: 80px;\">Tiene por objeto crear el Servicio Plurinacional de la Mujer y de la Despatriarcalizaci\u00f3n \u201cAna Mar\u00eda Romero\u201d y conformar el Gabinete Especial de Lucha contra la Violencia hacia la Mujer y la Ni\u00f1ez. Esta instancia tiene por finalidad realizar seguimiento, monitoreo y evaluar el cumplimiento de las pol\u00edticas p\u00fablicas hacia la despatriarcalizaci\u00f3n a favor del ejercicio efectivo de los derechos de las mujeres; promover la erradicaci\u00f3n de todo tipo de violencia y formas de discriminaci\u00f3n contra la mujer.<\/p>\n<ul>\n<li><strong>Decreto Supremo No. 3834 de 13 de marzo de 2019 del \u201cSistema de Registro<\/strong><br \/><strong>y Alerta Inmediata \u2018Adela Zamudio\u2019 de la Fuerza Especial de Lucha Contra la<\/strong><br \/><strong>Violencia \u2013 FELCV<\/strong><\/li>\n<\/ul>\n<p style=\"padding-left: 80px;\">Crea el Sistema de Registro y Alerta Inmediata \u201cAdela Zamudio\u201d de la Fuerza Especial de Lucha Contra la Violencia \u2013 FELCV, promueve la especializaci\u00f3n y estabilidad del personal, el modelo integral de atenci\u00f3n en las Estaciones Policiales Integrales y Direcciones Departamentales de la FELCV concentrando servicios policiales y no policiales y las oficinas mancomunadas de la FELCV a trav\u00e9s de inversiones concurrentes.<\/p>\n<ul>\n<li><strong>Decreto Supremo No. 4012 de 14 de agosto de 2019<\/strong><\/li>\n<\/ul>\n<p style=\"padding-left: 80px;\">Tiene por objeto modificar el Art\u00edculo 13 del Decreto Supremo No. 2145 de 14 de octubre de 2014, que a la vez fue modificado por el Decreto Supremo 2610 de 25 de noviembre de 2015.<\/p>\n<p style=\"padding-left: 80px;\">Se dispone que los Gobiernos Aut\u00f3nomos Departamentales utilizar\u00e1n al\u00a0menos el 15% del total de sus recursos del IDH de Seguridad Ciudadana en actividades de prevenci\u00f3n de violencia contra ni\u00f1as, ni\u00f1os, adolescentes y mujeres, construcci\u00f3n de casas de acogida y refugios temporales y su mantenimiento y atenci\u00f3n.<\/p>\n<p style=\"padding-left: 80px;\">Asimismo, los gobiernos aut\u00f3nomos de municipios y de autonom\u00edas ind\u00edgena originario campesinas con menos a 15.000 habitantes, e igual o mayor a 15.000 habitantes, utilizar\u00e1n al menos el 15% y 20%, respectivamente, del total de sus recursos de IDH, para actividades de prevenci\u00f3n de violencia contra ni\u00f1as, ni\u00f1os, adolescentes y mujeres, financiamiento de infraestructura, equipamiento, provisi\u00f3n de personal y gastos de funcionamiento de los SLIMs.<\/p>\n<p style=\"padding-left: 80px;\">Finalmente, se destinar\u00e1 como m\u00ednimo el 10% de recursos de seguridad ciudadana para el fortalecimiento de la FELCV.<\/p>\n<\/div><\/div>\n<\/div>\n<\/div>\n<\/div>\n<\/div>\n<\/div>\n<\/div>\n<\/section>\n<section class=\"elementor-section elementor-top-section elementor-element elementor-element-0441996 elementor-section-boxed elementor-section-height-default elementor-section-height-default\" data-id=\"0441996\" data-element_type=\"section\">\n<div class=\"elementor-container elementor-column-gap-default\">\n<div class=\"elementor-row\">\n<div class=\"elementor-column elementor-col-100 elementor-top-column elementor-element elementor-element-0e504f8\" data-id=\"0e504f8\" data-element_type=\"column\">\n<div class=\"elementor-column-wrap elementor-element-populated\">\n<div class=\"elementor-widget-wrap\">\n<div class=\"elementor-element elementor-element-e8a715c elementor-widget elementor-widget-text-editor\" data-id=\"e8a715c\" data-element_type=\"widget\" data-widget_type=\"text-editor.default\">\n<div class=\"elementor-widget-container\">\n<div class=\"elementor-text-editor elementor-clearfix\">\n<div title=\"Page 15\">\n<div>\n<div>\n<div>\n<div title=\"Page 24\">\n<div>\n<div>\n<div>\n<p><span style=\"color: #43358b;\"><b>JURISPRUDENCIA NACIONAL<\/b><\/span><\/p>\n<\/div>\n<\/div>\n<\/div>\n<\/div>\n<\/div>\n<\/div>\n<\/div>\n<\/div>\n<\/div><\/div>\n<\/div>\n<\/div>\n<\/div>\n<\/div>\n<\/div>\n<\/div>\n<\/section>\n<section class=\"elementor-section elementor-top-section elementor-element elementor-element-e4d65af elementor-section-boxed elementor-section-height-default elementor-section-height-default\" data-id=\"e4d65af\" data-element_type=\"section\">\n<div class=\"elementor-container elementor-column-gap-default\">\n<div class=\"elementor-row\">\n<div class=\"elementor-column elementor-col-100 elementor-top-column elementor-element elementor-element-75dfa5c\" data-id=\"75dfa5c\" data-element_type=\"column\">\n<div class=\"elementor-column-wrap elementor-element-populated\">\n<div class=\"elementor-widget-wrap\">\n<div class=\"elementor-element elementor-element-7f2e1dd elementor-widget elementor-widget-text-editor\" data-id=\"7f2e1dd\" data-element_type=\"widget\" data-widget_type=\"text-editor.default\">\n<div class=\"elementor-widget-container\">\n<div class=\"elementor-text-editor elementor-clearfix\">\n<p>A continuaci\u00f3n, algunos de los fallos m\u00e1s relevantes del Tribunal Constitucional Plurinacional, sobre aspectos abordados en este protocolo.<\/p>\n<p><b>Igualdad sustantiva<\/b><\/p>\n<p style=\"padding-left: 80px;\"><b>Sentencia Constitucional 0993\/2010-R de 23 de agosto de 2010<a class=\"tooltips\" title=\"Disponible en: file:\/\/\/E:\/OTROS\/SERVER%20DATA\/Descargas\/SENTENCIAS0993_2010-R.pdf\"><sup>54<\/sup><\/a>,<\/b> sobre las brechas entre la igualdad formal y la igualdad efectiva y la necesidad de adoptar medidas especiales a favor de las mujeres.<\/p>\n<p style=\"padding-left: 80px;\">\u201c(\u2026) se debe entender que una cosa es la igualdad supuesta que existe en los textos, tales como el reconocimiento de la igualdad entre hombres y mujeres en el texto constitucional; sin embargo, de esa igualdad formal, existe una igualdad material, que no es efectiva, porque las mujeres, los ancianos, y los ni\u00f1os o ni\u00f1as, se encuentran materialmente en desventaja dentro de nuestra realidad social. As\u00ed pues, diremos que se entiende a la discriminaci\u00f3n positiva, como el conjunto de normas pol\u00edticas, sociales o econ\u00f3micas que se insertan dentro del ordenamiento jur\u00eddico, para as\u00ed, tratar de reparar injusticias, que son producto de la misma sociedad y de su naturaleza. De esta forma se trata de encontrar un equilibrio mediante un marco legislativo; esto significa \u201ctratar con desigualdad, en favor de un grupo que se encuentra en desventaja y por tanto en una situaci\u00f3n desigual y desfavorable\u201d.<\/p>\n<\/div><\/div>\n<\/div>\n<\/div>\n<\/div>\n<\/div>\n<\/div>\n<\/div>\n<\/section>\n<section class=\"elementor-section elementor-top-section elementor-element elementor-element-62565dd elementor-section-boxed elementor-section-height-default elementor-section-height-default\" data-id=\"62565dd\" data-element_type=\"section\">\n<div class=\"elementor-container elementor-column-gap-default\">\n<div class=\"elementor-row\">\n<div class=\"elementor-column elementor-col-100 elementor-top-column elementor-element elementor-element-57fe3d5\" data-id=\"57fe3d5\" data-element_type=\"column\">\n<div class=\"elementor-column-wrap elementor-element-populated\">\n<div class=\"elementor-widget-wrap\">\n<div class=\"elementor-element elementor-element-18707a5 elementor-widget elementor-widget-text-editor\" data-id=\"18707a5\" data-element_type=\"widget\" data-widget_type=\"text-editor.default\">\n<div class=\"elementor-widget-container\">\n<div class=\"elementor-text-editor elementor-clearfix\">\n<p><b>SCP 0385\/2018-S2 de 25 de julio de 2018<a class=\"tooltips\" title=\"Disponible en: file:\/\/\/C:\/Users\/Usuario\/Downloads\/SENTENCIA0385_2018-S2.pdf\"><sup>55<\/sup><\/a>,<\/b> introduce el enfoque interseccional como herramienta para analizar la discriminaci\u00f3n y violencia hacia las mujeres, comprendiendo sus desigualdades y necesidades en casos concretos:<\/p>\n<p style=\"padding-left: 40px;\">\u201cEl enfoque interseccional se constituye en una herramienta \u00fatil para analizar las vulneraciones a los derechos, en especial a la igualdad, cuando se presentan m\u00faltiples factores de discriminaci\u00f3n, que se entrecruzan e influyen en el ejercicio y goce de los derechos de las personas. A partir de ello, es posible tener una mirada plural de la discriminaci\u00f3n y violencia hacia diversas categor\u00edas biol\u00f3gicas, sociales y culturales, como el sexo, el g\u00e9nero, la clase, la discapacidad, la orientaci\u00f3n sexual, la religi\u00f3n, la edad, la nacionalidad y otros ejes de identidad, que se interaccionan en m\u00faltiples y a menudo simult\u00e1neos niveles de discriminaci\u00f3n y violencia, comprendiendo las desigualdades y necesidades de esta poblaci\u00f3n en los casos concretos, las cuales pueden estar atravesadas por diversas identidades u otros factores que las coloquen en situaciones mayores de subordinaci\u00f3n, violencia o discriminaci\u00f3n (\u2026)<\/p>\n<p style=\"padding-left: 40px;\">En ese sentido, corresponde se\u00f1alar que el Estado, conforme qued\u00f3 establecido en el referido Fundamento Jur\u00eddico III.3., tiene la obligaci\u00f3n de dar diligencia estricta a denuncias de violencia hacia las mujeres, lo que supone que las autoridades de la Polic\u00eda Boliviana, del Ministerio P\u00fablico y del \u00d3rgano Judicial, entre otros, tienen que actuar de manera inmediata, para esclarecer los hechos de violencia en raz\u00f3n de g\u00e9nero; deber que es reforzado, trat\u00e1ndose de personas con discapacidad; por ello, las y los funcionarios policiales, tienen la obligaci\u00f3n de actuar de manera inmediata en los casos de violencia hacia las mujeres con discapacidad, en el marco de los principios de atenci\u00f3n diferenciada13; seg\u00fan el cual, las mujeres deben recibir la atenci\u00f3n que sus necesidades y circunstancias espec\u00edficas demanden, con criterios diferenciales que aseguren el pleno ejercicio de sus derechos\u201d.<\/p>\n<\/div><\/div>\n<\/div>\n<\/div>\n<\/div>\n<\/div>\n<\/div>\n<\/div>\n<\/section>\n<section class=\"elementor-section elementor-top-section elementor-element elementor-element-c323d76 elementor-section-boxed elementor-section-height-default elementor-section-height-default\" data-id=\"c323d76\" data-element_type=\"section\">\n<div class=\"elementor-container elementor-column-gap-default\">\n<div class=\"elementor-row\">\n<div class=\"elementor-column elementor-col-100 elementor-top-column elementor-element elementor-element-c9dd4b0\" data-id=\"c9dd4b0\" data-element_type=\"column\">\n<div class=\"elementor-column-wrap elementor-element-populated\">\n<div class=\"elementor-widget-wrap\">\n<div class=\"elementor-element elementor-element-31364e7 elementor-widget elementor-widget-text-editor\" data-id=\"31364e7\" data-element_type=\"widget\" data-widget_type=\"text-editor.default\">\n<div class=\"elementor-widget-container\">\n<div class=\"elementor-text-editor elementor-clearfix\">\n<p><b>Protecci\u00f3n reforzada<\/b><\/p>\n<p><b>Sentencia Constitucional 1015\/2004 R de 02 de julio de 2004<a class=\"tooltips\" title=\"Disponible en: file:\/\/\/E:\/OTROS\/SERVER%20DATA\/Descargas\/SENTENCIAS1015_2004-R.pdf\"><sup>56<\/sup><\/a><\/b>, sobre protecci\u00f3n especial para las v\u00edctimas de agresiones sexuales.<\/p>\n<p style=\"padding-left: 40px;\">\u201cEl derecho a la dignidad humana y a la protecci\u00f3n de la honra, el derecho de no ser objeto de injerencia abusivas en la vida privada, el derecho a la integridad f\u00edsica, psicol\u00f3gica y moral; y el derecho a la protecci\u00f3n especial de la ni\u00f1ez, todos consagrados en la Convenci\u00f3n Americana en los art\u00edculos 5, 11 y 19. Es absolutamente razonable que la normativa nacional e internacional permita una protecci\u00f3n especial para las v\u00edctimas de agresiones sexuales pues la violaci\u00f3n es un crimen tan horrendo y grave como el asesinato, siendo sus consecuencias distintas a las de los otros cr\u00edmenes\u201d.<\/p>\n<\/div><\/div>\n<\/div>\n<\/div>\n<\/div>\n<\/div>\n<\/div>\n<\/div>\n<\/section>\n<section class=\"elementor-section elementor-top-section elementor-element elementor-element-aff7014 elementor-section-boxed elementor-section-height-default elementor-section-height-default\" data-id=\"aff7014\" data-element_type=\"section\">\n<div class=\"elementor-container elementor-column-gap-default\">\n<div class=\"elementor-row\">\n<div class=\"elementor-column elementor-col-100 elementor-top-column elementor-element elementor-element-3e3de55\" data-id=\"3e3de55\" data-element_type=\"column\">\n<div class=\"elementor-column-wrap elementor-element-populated\">\n<div class=\"elementor-widget-wrap\">\n<div class=\"elementor-element elementor-element-161f490 elementor-widget elementor-widget-text-editor\" data-id=\"161f490\" data-element_type=\"widget\" data-widget_type=\"text-editor.default\">\n<div class=\"elementor-widget-container\">\n<div class=\"elementor-text-editor elementor-clearfix\">\n<p><b>Sentencia Constitucional 033\/2013 de 4 de enero de 2013<a class=\"tooltips\" title=\"Disponible en: file:\/\/\/E:\/OTROS\/SERVER%20DATA\/Descargas\/SENTENCIA0033_2013.pdf\"><sup>57<\/sup><\/a><\/b>, sobre el deber de disponer medidas para proteger a las v\u00edctimas de violencia.<\/p>\n<p>En este caso la accionante manifest\u00f3 que pese a iniciar un proceso penal fue constantemente amenazada y agredida por la persona con quien mantuvo una relaci\u00f3n sentimental, solicitando a la fiscal medidas protectivas a su favor sin que exista al menos una resoluci\u00f3n debidamente fundamentada que resuelva dicha solicitud, ante lo que el Tribunal Constitucional, razon\u00f3 en el siguiente sentido:<\/p>\n<p style=\"padding-left: 40px;\">\u201cToda decisi\u00f3n administrativa, legislativa o judicial siempre deber\u00e1 compulsar dos principios esenciales, que son: i) el principio de primac\u00eda de protecci\u00f3n del derecho a la vida; y, ii) El principio de duda favorable de la protecci\u00f3n exhaustiva del derecho a la vida (\u2026)<\/p>\n<p style=\"padding-left: 40px;\">Sobre qu\u00e9 es lo que se protege en relaci\u00f3n al derecho a la vida, se le ha asignado tres concepciones distintas, que son: a) El derecho a permanecer con vida, interdicci\u00f3n de muerte arbitraria (obligaciones positivas y negativas del Estado); b) El derecho a vivir con dignidad o vivir bien (suma qama\u00f1a) (Obligaciones positivas del Estado); y, c) el derecho asistencial a recibir todo lo indispensablemente necesario para subsistir con dignidad (obligaciones positivas del Estado) (\u2026)<\/p>\n<p style=\"padding-left: 40px;\">De la generalidad conceptual desarrollada y en el marco de la tercera concepci\u00f3n glosada, las autoridades del Estado al resolver solicitudes en las que se encuentre en peligro el derecho a la vida, deben ser resueltas sobre la base de una exhaustividad anal\u00edtica &#8211; valorativa en miras a considerar que sobre cualquier otro aspecto prima la protecci\u00f3n de la vida del ser humano debi\u00e9ndose tener presente que dicha protecci\u00f3n no se agota con el compromiso de velar por la mera subsistencia de la persona, sino que involucra a todos los componentes imprescindibles para permitir el goce efectivo de una vida digna (\u2026)<\/p>\n<p style=\"padding-left: 40px;\">No resulta exigible a la accionante solicite garant\u00edas ante la polic\u00eda o inicie un nuevo proceso penal pues se entiende que un proceso penal debe ser suficiente para resguardar los derechos de las presuntas v\u00edctimas mientras el mismo se desarrolla, lo contrario har\u00eda del proceso una instancia de revictimizaci\u00f3n.<\/p>\n<p style=\"padding-left: 40px;\">(\u2026) si se considera que los delitos progresivos se componen de diferentes conductas que deben analizarse en su integridad, otro razonamiento provocar\u00eda el absurdo que por ejemplo en los delitos continuados el cajero que se lleve todos los d\u00edas un centavo de su trabajo deba ser juzgado por cada centavo lo que contrariar\u00eda el principio de celeridad, la unidad de la investigaci\u00f3n e impedir\u00eda el acceso a la justicia de la v\u00edctima al verse imposibilitada de efectuar el seguimiento a diversos casos que por su naturaleza merecen una sola investigaci\u00f3n. Por otra parte, debe recordarse que, el deber de los fiscales de otorgar protecci\u00f3n a las presuntas v\u00edctimas de un delito no es potestativo sino se desprende de la gravedad y circunstancias del propio caso, ello porque por la naturaleza de la noble labor que aceptaron desempe\u00f1ar se encuentran en posici\u00f3n de garantes respecto a las v\u00edctimas, por ello mismo, la adopci\u00f3n de medidas preventivas y de protecci\u00f3n, deben ser de oficio, en este sentido, la falta de adopci\u00f3n de medidas preventivas y de celeridad en la investigaci\u00f3n de casos de violencia en raz\u00f3n de g\u00e9nero no solo puede pesar en el \u00e9xito de la investigaci\u00f3n sino provoca desconfianza y descr\u00e9dito en la justicia, pudiendo incluso significar un mensaje inequ\u00edvoco a los agresores de continuar la escalada de violencia, (\u2026)\u201d.<\/p>\n<\/div><\/div>\n<\/div>\n<\/div>\n<\/div>\n<\/div>\n<\/div>\n<\/div>\n<\/section>\n<section class=\"elementor-section elementor-top-section elementor-element elementor-element-214c50d elementor-section-boxed elementor-section-height-default elementor-section-height-default\" data-id=\"214c50d\" data-element_type=\"section\">\n<div class=\"elementor-container elementor-column-gap-default\">\n<div class=\"elementor-row\">\n<div class=\"elementor-column elementor-col-100 elementor-top-column elementor-element elementor-element-e51d453\" data-id=\"e51d453\" data-element_type=\"column\">\n<div class=\"elementor-column-wrap elementor-element-populated\">\n<div class=\"elementor-widget-wrap\">\n<div class=\"elementor-element elementor-element-5122f52 elementor-widget elementor-widget-text-editor\" data-id=\"5122f52\" data-element_type=\"widget\" data-widget_type=\"text-editor.default\">\n<div class=\"elementor-widget-container\">\n<div class=\"elementor-text-editor elementor-clearfix\">\n<p><b>Sentencia Constitucional 0725\/2018-S2 de 31 octubre de 2018<a class=\"tooltips\" title=\"Disponible en: file:\/\/\/E:\/OTROS\/SERVER%20DATA\/Descargas\/SENTENCIA0725_2018-S2.pdf\"><sup>58<\/sup><\/a><\/b>, sobre la vulneraci\u00f3n de derechos por parte de jueces, fiscales y polic\u00edas al concurrir en conductas revictimizantes y que pusieron en peligro la vida e integridad f\u00edsica de la v\u00edctima.<\/p>\n<p>La v\u00edctima fue agredida en su domicilio por parte de sus hijastros, quienes trataron de hacerla desocupar de manera violenta el domicilio donde resid\u00eda con sus dos hijas menores de edad, no obstante, fue arrestada por m\u00e1s de 8 horas en la misma celda con sus supuestos agresores, adem\u00e1s el fiscal dispuso medidas de protecci\u00f3n a favor de sus agresores, siendo ella la v\u00edctima, para finalmente oblig\u00e1ndola a aceptar desocupar el domicilio , ante lo que el TCP afirm\u00f3 que:<\/p>\n<p style=\"padding-left: 40px;\">\u201cEn el marco de la Ley No. 348, las instituciones p\u00fablicas responsables de la atenci\u00f3n, investigaci\u00f3n y sanci\u00f3n de los delitos cometidos contra las mujeres, entre ellas la Polic\u00eda Boliviana, deben aplicar medidas de protecci\u00f3n a objeto de salvaguardar la vida, la integridad f\u00edsica de las mujeres en situaci\u00f3n de violencia y los de sus dependientes (Fundamento Jur\u00eddico III.2); en ese marco, es importante manifestarnos en tenor al arresto que se realiz\u00f3 a la accionante con sus agresores en la misma celda, actos realizados por el Sargento S.B.T.Q., que incumpli\u00f3 su deber como polic\u00eda al no resguardar a la persona que fue v\u00edctima de violencia, y siendo que la instituci\u00f3n a la que pertenece, tiene que brindar apoyo a las mujeres en situaci\u00f3n de violencia, trato digno y respetuoso acorde a la situaci\u00f3n, debiendo facilitar al m\u00e1ximo las gestiones en consecuci\u00f3n a la no revictimizaci\u00f3n, por lo que, su accionar se constituye en un acto vulneratorio al no observar las condiciones en la cual se encontraba la peticionante de tutela. Bajo la misma l\u00ednea, el segundo razonamiento est\u00e1 relacionado a la inexistencia de motivaci\u00f3n de la Resoluci\u00f3n emitida (medidas de protecci\u00f3n) por el representante del Ministerio P\u00fablico, en tenor del art\u00edculo 73 del CPP, que establece que toda actuaci\u00f3n de los Fiscales debe estar debidamente fundamentada y espec\u00edfica, m\u00e1xima incumplida por el demandado; en tercer punto, que ante las inobservancias de los fines regulados por la Ley No. 348 y la fundamentaci\u00f3n y motivaci\u00f3n que toda actuaci\u00f3n llevada a cabo por representantes del Ministerio P\u00fablico debe contener, gener\u00f3 en la accionante y sus hijas menores, un riesgo de su vida e integridad f\u00edsica, al dejarla desamparadas sin vivienda y con\u00a0sus enseres en plena calle a horas de la madrugada, constituy\u00e9ndose en arbitrariedad la actuaci\u00f3n descrita realizada por el Fiscal de Materia demandado, mismas que no pueden pasar inadvertidas por la jurisdicci\u00f3n constitucional, a pesar de constar desestimaci\u00f3n del proceso que dio origen a la presente acci\u00f3n tutelar (Conclusi\u00f3n II. 8)\u201d.<\/p>\n<\/div><\/div>\n<\/div>\n<\/div>\n<\/div>\n<\/div>\n<\/div>\n<\/div>\n<\/section>\n<section class=\"elementor-section elementor-top-section elementor-element elementor-element-3e2b280 elementor-section-boxed elementor-section-height-default elementor-section-height-default\" data-id=\"3e2b280\" data-element_type=\"section\">\n<div class=\"elementor-container elementor-column-gap-default\">\n<div class=\"elementor-row\">\n<div class=\"elementor-column elementor-col-100 elementor-top-column elementor-element elementor-element-1c1b8c9\" data-id=\"1c1b8c9\" data-element_type=\"column\">\n<div class=\"elementor-column-wrap elementor-element-populated\">\n<div class=\"elementor-widget-wrap\">\n<div class=\"elementor-element elementor-element-9c262b7 elementor-widget elementor-widget-text-editor\" data-id=\"9c262b7\" data-element_type=\"widget\" data-widget_type=\"text-editor.default\">\n<div class=\"elementor-widget-container\">\n<div class=\"elementor-text-editor elementor-clearfix\">\n<p><b>Sentencia Constitucional 0394\/2018-S2 de 3 de agosto de 2018<a class=\"tooltips\" title=\"Disponible en: file:\/\/\/E:\/OTROS\/SERVER%20DATA\/Descargas\/SENTENCIA0394_2018-S2.pdf\"><sup>59<\/sup><\/a><\/b>, determina la inaplicabilidad de las garant\u00edas personales en casos de violencia debiendo en su lugar disponerse medidas de protecci\u00f3n y la necesidad de valorar el peligro en el que se encuentra la v\u00edctima y su situaci\u00f3n de vulnerabilidad a efecto de determinar riesgos procesales.<\/p>\n<p style=\"padding-left: 40px;\">\u201cConsiguientemente, a partir de todo lo explicado, en el marco de las medidas de protecci\u00f3n exigidas al Estado boliviano, por las normas nacionales e internacionales, las autoridades fiscales y judiciales, deben considerar que:<\/p>\n<p style=\"padding-left: 40px;\">a) En los casos de violencia contra las mujeres, para evaluar el peligro de fuga contenido en el art. 234.10 del CPP, deber\u00e1 considerarse la situaci\u00f3n de vulnerabilidad o de desventaja en la que se encuentren la v\u00edctima o denunciante respecto al imputado; as\u00ed como las caracter\u00edsticas del delito, cuya autor\u00eda se atribuye al mismo; y, la conducta exteriorizada por \u00e9ste contra las v\u00edctimas, antes y con posterioridad a la comisi\u00f3n del delito, para determinar si dicha conducta puso y pone en evidente riesgo de vulneraci\u00f3n, los derechos tanto de la v\u00edctima como del denunciante;<\/p>\n<p style=\"padding-left: 40px;\">b) De manera espec\u00edfica, trat\u00e1ndose del delito de trata de personas, deber\u00e1 considerarse la especial situaci\u00f3n de vulnerabilidad de las v\u00edctimas que sufrieron enga\u00f1o, fraude, violencia, amenaza, intimidaci\u00f3n, coerci\u00f3n, abuso de autoridad, o en general, ejercicio de poder sobre ellas; y,<\/p>\n<p style=\"padding-left: 40px;\">c) En casos de violencia contra las mujeres, la solicitud de garant\u00edas personales o garant\u00edas mutuas por parte del imputado, como medida destinada a desvirtuar el peligro de fuga previsto en el art. 234.10 del CPP, se constituye en una medida revictimizadora, que desnaturaliza la protecci\u00f3n que el 14 Ibid., p. 89 22 Estado debe brindar a las v\u00edctimas; pues, en todo caso, es ella y no el imputado, la que tiene el derecho, en el marco del art. 35 de la Ley No. 348, de exigir las medidas de protecci\u00f3n que garanticen sus derechos\u201d.<\/p>\n<\/div><\/div>\n<\/div>\n<\/div>\n<\/div>\n<\/div>\n<\/div>\n<\/div>\n<\/section>\n<section class=\"elementor-section elementor-top-section elementor-element elementor-element-6d1860d elementor-section-boxed elementor-section-height-default elementor-section-height-default\" data-id=\"6d1860d\" data-element_type=\"section\">\n<div class=\"elementor-container elementor-column-gap-default\">\n<div class=\"elementor-row\">\n<div class=\"elementor-column elementor-col-100 elementor-top-column elementor-element elementor-element-e8f57a7\" data-id=\"e8f57a7\" data-element_type=\"column\">\n<div class=\"elementor-column-wrap elementor-element-populated\">\n<div class=\"elementor-widget-wrap\">\n<div class=\"elementor-element elementor-element-d2e0f2a elementor-widget elementor-widget-text-editor\" data-id=\"d2e0f2a\" data-element_type=\"widget\" data-widget_type=\"text-editor.default\">\n<div class=\"elementor-widget-container\">\n<div class=\"elementor-text-editor elementor-clearfix\">\n<p><b>SCP 0130\/2018-S2 de 16 de abril de 2018<a title=\"Disponible en: file:\/\/\/C:\/Users\/Usuario\/Downloads\/SENTENCIA0130_2018-S2.pdf\"><sup>60<\/sup><\/a>,<\/b> sobre el rescate de ni\u00f1as, ni\u00f1os y adolescentes posibles v\u00edctimas de violencia sexual y aprehensi\u00f3n del presunto autor, el Tribunal se pronunci\u00f3 se\u00f1alando que:<\/p>\n<p>\u201cPor otra parte, en cuanto a la necesidad de la aprehensi\u00f3n, cabe se\u00f1alar, que si bien esa medida es extrema, porque supone la restricci\u00f3n del derecho a la libertad del impetrante de tutela; empero, dadas las circunstancias del caso, la desprotecci\u00f3n de la v\u00edctima, que vive en el mismo domicilio que el supuesto agresor y existiendo pedido de auxilio efectuado por ella, es evidente que no hay otra medida menos gravosa; por ello, la aprehensi\u00f3n result\u00f3 oportuna y disponible en ese momento, para garantizar la protecci\u00f3n de la menor de edad.<\/p>\n<p>(\u2026) Consiguientemente, en los casos como el presente, en los que exista una solicitud de ayuda formulada por la v\u00edctima o denuncia fehaciente de violencia sexual o f\u00edsica contra ni\u00f1as, ni\u00f1os y adolescentes, es posible que los funcionarios de la Polic\u00eda Boliviana, actuando de manera conjunta con la Defensor\u00eda de la Ni\u00f1ez y Adolescencia, efect\u00faen su inmediato rescate de la ni\u00f1a, ni\u00f1o o adolescente en situaci\u00f3n de violencia, as\u00ed como la aprehensi\u00f3n del presunto autor, cuando dicha\u00a0medida sea fundamental para garantizar los derechos de aqu\u00e9llos, con la \u00fanica finalidad de ponerlos a disposici\u00f3n de la autoridad competente, conforme a las garant\u00edas dispuestas por el C\u00f3digo de Procedimiento Penal\u201d.<\/p>\n<\/div><\/div>\n<\/div>\n<\/div>\n<\/div>\n<\/div>\n<\/div>\n<\/div>\n<\/section>\n<section class=\"elementor-section elementor-top-section elementor-element elementor-element-bf6fa78 elementor-section-boxed elementor-section-height-default elementor-section-height-default\" data-id=\"bf6fa78\" data-element_type=\"section\">\n<div class=\"elementor-container elementor-column-gap-default\">\n<div class=\"elementor-row\">\n<div class=\"elementor-column elementor-col-100 elementor-top-column elementor-element elementor-element-d316a62\" data-id=\"d316a62\" data-element_type=\"column\">\n<div class=\"elementor-column-wrap elementor-element-populated\">\n<div class=\"elementor-widget-wrap\">\n<div class=\"elementor-element elementor-element-47a8f05 elementor-widget elementor-widget-text-editor\" data-id=\"47a8f05\" data-element_type=\"widget\" data-widget_type=\"text-editor.default\">\n<div class=\"elementor-widget-container\">\n<div class=\"elementor-text-editor elementor-clearfix\">\n<p><b>Reparaci\u00f3n integral<\/b><\/p>\n<p><b>Sentencia Constitucional 0019\/2018-S2 de 28 de febrero de 2018<a class=\"tooltips\" title=\"Disponible en: file:\/\/\/E:\/OTROS\/SERVER%20DATA\/Descargas\/SENTENCIA0019_2018-S2.pdf\"><sup>61<\/sup><\/a>,\u00a0<\/b>sobre la reparaci\u00f3n integral para las v\u00edctimas de violencia, se establece un\u00a0importante precedente en el caso de violencia sexual contra una ni\u00f1a, a quien despu\u00e9s de una evaluaci\u00f3n psicol\u00f3gica, se determina la necesidad de apoyo terap\u00e9utico en un centro especializado, siendo que ella deb\u00eda trasladarse del \u00e1rea rural a la ciudad, se pidi\u00f3 su cambio de unidad educativa que fue negado, ante lo cual el TCP se\u00f1al\u00f3 que:<\/p>\n<p style=\"padding-left: 40px;\">\u201cSin embargo, a partir de la concepci\u00f3n de un nuevo modelo de Estado desde la promulgaci\u00f3n de la Constituci\u00f3n Pol\u00edtica del Estado el 2009, el derecho a la reparaci\u00f3n, visto a trav\u00e9s del principio\/valor suma qama\u00f1a -vivir bien-, debe propender a mitigar no solo los da\u00f1os patrimoniales, sino y principalmente los da\u00f1os extrapatrimoniales (\u2026).<\/p>\n<p style=\"padding-left: 40px;\">A partir de lo anterior, la Corte IDH fue delineando una l\u00ednea jurisprudencial en la que desarroll\u00f3 medidas de reparaci\u00f3n con car\u00e1cter integral y no \u00fanicamente patrimonial. As\u00ed, podemos citar que estas medidas incluyen la restituci\u00f3n, indemnizaciones econ\u00f3micas por da\u00f1os patrimoniales y extrapatrimoniales, rehabilitaci\u00f3n, satisfacci\u00f3n y garant\u00edas de no repetici\u00f3n.<\/p>\n<p style=\"padding-left: 40px;\">Las medidas de reparaci\u00f3n anotadas deben ser aplicadas por todos los Estados partes de la Convenci\u00f3n Americana sobre Derechos Humanos, en el marco del control de convencionalidad (\u2026).<\/p>\n<p style=\"padding-left: 40px;\">Ahora bien, a partir de una interpretaci\u00f3n desde y conforme a la Constituci\u00f3n y al bloque de constitucionalidad -Arts. 13 y 256 de la CPE, que como vimos se fundan en el inter\u00e9s superior de la ni\u00f1a, ni\u00f1o y adolescente, en el principio de protecci\u00f3n especial y reforzada de las ni\u00f1as y adolescente v\u00edctimas de violencia sexual; la medida de protecci\u00f3n que otorga esta disposici\u00f3n legal, relativa al traspaso inmediato de una unidad educativa a otra, se torna m\u00e1s urgente cuando la persona involucrada en una situaci\u00f3n de violencia, resulta ser la propia v\u00edctima; es decir, cuando a la situaci\u00f3n de vulnerabilidad en la que se halla por su calidad de ni\u00f1a y adolescente, se adiciona el hecho de haber sido la v\u00edctima de un hecho de violencia, en el caso que se analiza de tipo sexual.<\/p>\n<p style=\"padding-left: 40px;\">De modo tal, que dicho precepto no resulta restrictivo \u00fanicamente a los hijos e hijas de las mujeres en situaci\u00f3n de violencia, ya que de asumir esta posici\u00f3n resultar\u00eda una interpretaci\u00f3n menos favorable, aislada a las disposiciones desarrolladas y ajena a la voluntad del legislador, m\u00e1s a\u00fan si responde al ejercicio de los derechos de la propia v\u00edctima de violencia\u201d.<\/p>\n<\/div><\/div>\n<\/div>\n<\/div>\n<\/div>\n<\/div>\n<\/div>\n<\/div>\n<\/section>\n<section class=\"elementor-section elementor-top-section elementor-element elementor-element-d0fb607 elementor-section-boxed elementor-section-height-default elementor-section-height-default\" data-id=\"d0fb607\" data-element_type=\"section\">\n<div class=\"elementor-container elementor-column-gap-default\">\n<div class=\"elementor-row\">\n<div class=\"elementor-column elementor-col-100 elementor-top-column elementor-element elementor-element-dc43d0b\" data-id=\"dc43d0b\" data-element_type=\"column\">\n<div class=\"elementor-column-wrap elementor-element-populated\">\n<div class=\"elementor-widget-wrap\">\n<div class=\"elementor-element elementor-element-2a9b284 elementor-widget elementor-widget-text-editor\" data-id=\"2a9b284\" data-element_type=\"widget\" data-widget_type=\"text-editor.default\">\n<div class=\"elementor-widget-container\">\n<div class=\"elementor-text-editor elementor-clearfix\">\n<p><b>Interrupci\u00f3n legal del embarazo<\/b><\/p>\n<p><b>Sentencia Constitucional 206\/2014 de 05 de febrero de 2014<a class=\"tooltips\" title=\"Disponible en: file:\/\/\/E:\/OTROS\/SERVER%20DATA\/Descargas\/SENTENCIA0206_2014.pdf\"><sup>62<\/sup><\/a><\/b>, en la que se elimina el requisito de autorizaci\u00f3n judicial para el aborto legal y se garantiza su acceso en los casos previstos en el C\u00f3digo Penal.<\/p>\n<p style=\"padding-left: 40px;\">\u201cEl Estado parte debe garantizar que las mujeres v\u00edctimas de una violaci\u00f3n que decidan interrumpir voluntariamente su embarazo tengan acceso a servicios de aborto seguros y eliminar cualquier impedimento innecesario a los mismos\u201d.<\/p>\n<p style=\"padding-left: 40px;\">\u201cEn virtud a lo expuesto, se considera que la frase \u00b4siempre que la acci\u00f3n penal hubiere sido iniciada\u00b4 del primer p\u00e1rrafo del art\u00edculo 266 del CP, as\u00ed como la frase \u00b4autorizaci\u00f3n judicial en su caso\u00b4 contenidas en el \u00faltimo p\u00e1rrafo de la citada norma, constituyen disposiciones incompatibles con los derechos a la integridad f\u00edsica, psicol\u00f3gica y sexual, a no ser torturada, ni sufrir tratos crueles, inhumanos, degradantes o humillantes, a la salud f\u00edsica y a la dignidad en sus componentes al libre desarrollo de la personalidad y autonom\u00eda de las mujeres, consagrados en los Arts. 15, 18 y 22 de la CPE\u201d.<\/p>\n<p style=\"padding-left: 40px;\">\u201cAl respecto, se deja claramente establecido adem\u00e1s, que a efectos de la vigencia y eficacia de esta previsi\u00f3n normativa desde y conforme a la Norma Suprema, la misma deber\u00e1 ser interpretada en sentido de que no ser\u00e1 exigible la presentaci\u00f3n de una querella, ni la existencia de imputaci\u00f3n y acusaci\u00f3n formal y menos sentencia. Ser\u00e1 suficiente que la mujer que acuda a un centro p\u00fablico o privado de salud a efecto de practicarse un aborto -por ser la gestaci\u00f3n producto de la comisi\u00f3n de un delito-, comunique esa situaci\u00f3n a la autoridad competente p\u00fablica y de ese modo el m\u00e9dico profesional que realizar\u00e1 el aborto tendr\u00e1 constancia expresa que justificar\u00e1 la realizaci\u00f3n del aborto\u201d.<\/p>\n<\/div><\/div>\n<\/div>\n<\/div>\n<\/div>\n<\/div>\n<\/div>\n<\/div>\n<\/section>\n<section class=\"elementor-section elementor-top-section elementor-element elementor-element-d8ebc40 elementor-section-boxed elementor-section-height-default elementor-section-height-default\" data-id=\"d8ebc40\" data-element_type=\"section\">\n<div class=\"elementor-container elementor-column-gap-default\">\n<div class=\"elementor-row\">\n<div class=\"elementor-column elementor-col-100 elementor-top-column elementor-element elementor-element-e1ac363\" data-id=\"e1ac363\" data-element_type=\"column\">\n<div class=\"elementor-column-wrap elementor-element-populated\">\n<div class=\"elementor-widget-wrap\">\n<div class=\"elementor-element elementor-element-6f3078a elementor-widget elementor-widget-text-editor\" data-id=\"6f3078a\" data-element_type=\"widget\" data-widget_type=\"text-editor.default\">\n<div class=\"elementor-widget-container\">\n<div class=\"elementor-text-editor elementor-clearfix\">\n<p><b>Inaplicabilidad de la suspensi\u00f3n condicional de la pena y el perd\u00f3n judicial de la pena<\/b><\/p>\n<p><b>Sentencia Constitucional 0721\/2018-S2 de 31 de octubre de 2018<a class=\"tooltips\" title=\"Disponible en: file:\/\/\/E:\/OTROS\/SERVER%20DATA\/Descargas\/SENTENCIA0721_2018-S2.pdf\"><sup>63<\/sup><\/a>,\u00a0<\/b>determina la inaplicabilidad de la suspensi\u00f3n condicional de la pena y el perd\u00f3n judicial de la pena en casos de violencia contra las mujeres.<\/p>\n<p style=\"padding-left: 40px;\">\u201cConforme a lo anotado, la Ley No. 348, en el marco de las normas internacionales sobre Derechos Humanos, hace especial \u00e9nfasis en la persecuci\u00f3n y sanci\u00f3n de los agresores, no previendo, por lo mismo, la posibilidad de otorgar al agresor la suspensi\u00f3n condicional de la pena; m\u00e1s bien, establece la posibilidad de la aplicaci\u00f3n de sanciones alternativas a la privaci\u00f3n de libertad, entre otros casos, cuando la pena impuesta no sea mayor a tres a\u00f1os, en cuyo caso, el juez podr\u00e1 aplicar las sanciones alternativas descritas en los art\u00edculos 77 al 82 de la referida Ley; debiendo la autoridad judicial, aplicar un plan de conducta al condenado, de conformidad a lo previsto por el art\u00edculo 82 de la misma norma\u201d.<\/p>\n<p style=\"padding-left: 40px;\">\u201cEsta disposici\u00f3n legal, establece mecanismos, medidas y pol\u00edticas integrales de prevenci\u00f3n, atenci\u00f3n, protecci\u00f3n, reparaci\u00f3n a las mujeres en situaci\u00f3n de violencia, as\u00ed como la persecuci\u00f3n y sanci\u00f3n a los agresores, con el fin de garantizar a las mismas una vida digna y el ejercicio pleno de sus derechos para vivir bien; mandato que se dota de contenido, cuando nos remitimos a los distintos instrumentos internacionales, por los cuales se impone el deber de evitar la impunidad, a trav\u00e9s del ejercicio de dos funciones que ata\u00f1an a la administraci\u00f3n de justicia: a) Esclarecer los hechos; y, b) Sancionar a los culpables; porque solo de ese modo, se desalientan futuras violaciones a los derechos de<br \/>las mujeres.<\/p>\n<p style=\"padding-left: 40px;\">As\u00ed, la obligaci\u00f3n de sancionar a los culpables debe ser cumplida indefectiblemente, no existiendo posibilidad de perdonar el cumplimiento de la pena o suspender de modo condicional su cumplimiento; pues lo contrario, implicar\u00eda incumplir con las obligaciones internacionales del Estado; m\u00e1s a\u00fan, cuando al nivel interno existe una\u00a0norma que expresamente prev\u00e9 la aplicaci\u00f3n de sanciones alternativas a la privaci\u00f3n de libertad cuando la pena impuesta no sea mayor a tres a\u00f1os; sanciones que de acuerdo a la Ley No. 348, deben ir acompa\u00f1adas de las medidas de seguridad necesarias para proteger a la mujer que se encuentra en situaci\u00f3n de violencia, a sus hijas e hijos o su n\u00facleo familiar; medida que cumple con el objeto y la finalidad de la Ley No. 348, que es erradicar la violencia y no permitir la impunidad\u201d.<\/p>\n<\/div><\/div>\n<\/div>\n<\/div>\n<\/div>\n<\/div>\n<\/div>\n<\/div>\n<\/section>\n<section class=\"elementor-section elementor-top-section elementor-element elementor-element-79cbe44 elementor-section-boxed elementor-section-height-default elementor-section-height-default\" data-id=\"79cbe44\" data-element_type=\"section\">\n<div class=\"elementor-container elementor-column-gap-default\">\n<div class=\"elementor-row\">\n<div class=\"elementor-column elementor-col-100 elementor-top-column elementor-element elementor-element-ae8e97c\" data-id=\"ae8e97c\" data-element_type=\"column\">\n<div class=\"elementor-column-wrap\">\n<div class=\"elementor-widget-wrap\">\n\t\t\t\t\t\t\t\t<\/div>\n<\/div>\n<\/div>\n<\/div>\n<\/div>\n<\/section>\n<section class=\"elementor-section elementor-top-section elementor-element elementor-element-4bb86a5 elementor-section-boxed elementor-section-height-default elementor-section-height-default\" data-id=\"4bb86a5\" data-element_type=\"section\">\n<div class=\"elementor-container elementor-column-gap-default\">\n<div class=\"elementor-row\">\n<div class=\"elementor-column elementor-col-100 elementor-top-column elementor-element elementor-element-85c511e\" data-id=\"85c511e\" data-element_type=\"column\">\n<div class=\"elementor-column-wrap elementor-element-populated\">\n<div class=\"elementor-widget-wrap\">\n<div class=\"elementor-element elementor-element-b058a4f elementor-widget elementor-widget-text-editor\" data-id=\"b058a4f\" data-element_type=\"widget\" data-widget_type=\"text-editor.default\">\n<div class=\"elementor-widget-container\">\n<div class=\"elementor-text-editor elementor-clearfix\">\n<p><b>Protecci\u00f3n contra la violencia pol\u00edtica<\/b><\/p>\n<p><b>\u2022 Sentencia Constitucional 0876\/2004-R de 8 de junio de 2004<a class=\"tooltips\" title=\"Disponible en: file:\/\/\/E:\/OTROS\/SERVER%20DATA\/Descargas\/SENTENCIAS0876_2004-R.pdf\"><sup>64<\/sup><\/a>,<\/b> sobre la violencia pol\u00edtica contra las mujeres y la necesidad de que autoridades municipales presenten renuncia de manera personal, a efecto de dar seguridad jur\u00eddica al acto y evitar que la misma sea fraguada por terceros.<\/p>\n<p style=\"padding-left: 40px;\">\u201cIII.1. Al efecto cabe se\u00f1alar que al resolver casos an\u00e1logos, este Tribunal ha establecido jurisprudencia en sentido de que la renuncia al cargo de Alcalde debe ser presentada de manera personal, as\u00ed en la SC 748\/2003 de 4 de junio, ha expresado lo siguiente \u2019(\u2026) para que una renuncia pueda tener validez jur\u00eddica, se requiere que la misma sea presentada por el renunciante; pues, es una exigencia elemental de tr\u00e1fico jur\u00eddico, que quien tenga que presentar una demanda, recurso o recibir una correspondencia, abordar un avi\u00f3n u otro medio de transporte, debe de identificarse previamente. Si se le diera validez jur\u00eddica a una renuncia, sin que el titular del cargo la presente personalmente, repercutir\u00eda negativamente en el sentimiento de seguridad jur\u00eddica ciudadana; por cuanto se prestar\u00eda a que terceros interesados puedan fraguar una renuncia, o que quien, cursando la misma, pueda negarla. Actos tan trascendentales como la entrega de una renuncia, para tener validez deben ser realizados por el titular del cargo, personalmente, identific\u00e1ndose con la c\u00e9dula de identidad, que es el documento insoslayable en todos los actos jur\u00eddicos\u2019.<\/p>\n<\/div><\/div>\n<\/div>\n<\/div>\n<\/div>\n<\/div>\n<\/div>\n<\/div>\n<\/section>\n<section class=\"elementor-section elementor-top-section elementor-element elementor-element-c607178 elementor-section-boxed elementor-section-height-default elementor-section-height-default\" data-id=\"c607178\" data-element_type=\"section\">\n<div class=\"elementor-container elementor-column-gap-default\">\n<div class=\"elementor-row\">\n<div class=\"elementor-column elementor-col-100 elementor-top-column elementor-element elementor-element-0d03c26\" data-id=\"0d03c26\" data-element_type=\"column\">\n<div class=\"elementor-column-wrap elementor-element-populated\">\n<div class=\"elementor-widget-wrap\">\n<div class=\"elementor-element elementor-element-8812728 elementor-widget elementor-widget-text-editor\" data-id=\"8812728\" data-element_type=\"widget\" data-widget_type=\"text-editor.default\">\n<div class=\"elementor-widget-container\">\n<div class=\"elementor-text-editor elementor-clearfix\"><b>\u2022 Sentencia Constitucional 1356\/2012 de 19 de septiembre de 2012<a class=\"tooltips\" title=\"Disponible en: file:\/\/\/E:\/OTROS\/SERVER%20DATA\/Descargas\/SENTENCIAS1356_2012.pdf\"><sup>65<\/sup><\/a>,\u00a0<\/b>establece que una vez que una autoridad ha sido electa tiene derecho a ejercer la funci\u00f3n p\u00fablica sin impedimentos.\n<p style=\"padding-left: 40px;\">\u201cDe la revisi\u00f3n y estudio de los antecedentes, se tiene que el derecho a ejercer la funci\u00f3n p\u00fablica se encuentra \u00edntimamente ligado al derecho a la ciudadan\u00eda previsto en el art\u00edculo 144 de la CPE, disposici\u00f3n que establece dos elementos constitutivos de la ciudadan\u00eda: el primero, el derecho de concurrir como elector o como elegible a la formaci\u00f3n, y el segundo, el derecho al ejercicio de funciones en los \u00f3rganos del poder p\u00fablico (SC 0980\/2010-R de 17 de agosto); de modo que, el segundo elemento emana del primero y que una vez elegido el ciudadano o la ciudadana en un cargo, tiene el derecho de ejercer materialmente el mismo, impedir el desempe\u00f1o de dicho cargo para el cual ha sido electo, afecta gravemente el derecho a ejercer la funci\u00f3n p\u00fablica\u201d.<\/p>\n<\/div><\/div>\n<\/div>\n<\/div>\n<\/div>\n<\/div>\n<\/div>\n<\/div>\n<\/section>\n<section class=\"elementor-section elementor-top-section elementor-element elementor-element-fa3d936 elementor-section-boxed elementor-section-height-default elementor-section-height-default\" data-id=\"fa3d936\" data-element_type=\"section\">\n<div class=\"elementor-container elementor-column-gap-default\">\n<div class=\"elementor-row\">\n<div class=\"elementor-column elementor-col-100 elementor-top-column elementor-element elementor-element-532756d\" data-id=\"532756d\" data-element_type=\"column\">\n<div class=\"elementor-column-wrap elementor-element-populated\">\n<div class=\"elementor-widget-wrap\">\n<div class=\"elementor-element elementor-element-0ceded4 elementor-widget elementor-widget-text-editor\" data-id=\"0ceded4\" data-element_type=\"widget\" data-widget_type=\"text-editor.default\">\n<div class=\"elementor-widget-container\">\n<div class=\"elementor-text-editor elementor-clearfix\">\n<p><b>\u2022 Sentencia Constitucional 0149\/2014-S3 de 20 de noviembre de 2014<a class=\"tooltips\" title=\"Disponible en: file:\/\/\/E:\/OTROS\/SERVER%20DATA\/Descargas\/SENTENCIA0149_2014-S3.pdf\"><sup>66<\/sup><\/a>,&nbsp;<\/b>reconoce que la renuncia forzada de mujeres autoridades no solo vulnera sus derechos, sino tambi\u00e9n de los derechos de las y los electores.<\/p>\n<p>\u201cDe donde resulta que los Concejales demandados del municipio de Tarvita al haber aceptado la supuesta \u201crenuncia irrevocable\u201d de la ahora accionante al cargo de Concejal titular d\u00e1ndole validez constitucional y jur\u00eddica, que fue refrendada con el rechazo a sus dos peticiones de reconsideraci\u00f3n, en las que de manera recurrente y expl\u00edcita niegan los hechos y circunstancias que eran de su pleno y absoluto conocimiento que demostraban que la renuncia no fue voluntaria sino bajo presi\u00f3n; lesionaron no solo su derecho subjetivo de la autoridad electa a permanecer en el ejercicio del poder pol\u00edtico previsto en el art\u00edculo 26 de la CPE, hasta tanto no se den los mecanismos institucionales para el cese de sus funciones o su renuncia sea una decisi\u00f3n libre de su voluntad; sino tambi\u00e9n desconocieron la voluntad del titular de la soberan\u00eda popular (Art. 7 de la CPE), ostentada por la voluntad del cuerpo electoral emanado del pueblo, quien a trav\u00e9s del ejercicio del derecho al sufragio expresa su voluntad pol\u00edtica en los procesos de conformaci\u00f3n de los \u00f3rganos del poder p\u00fablico.<\/p>\n<p>(\u2026) los Concejales demandados, tampoco consideraron en la Resoluci\u00f3n 353\/2013, que resolvi\u00f3 su reconsideraci\u00f3n \u2013en la que temporalmente ya era aplicable la Ley Contra el Acoso y Violencia Pol\u00edtica a las Mujeres\u2013, que las situaciones como las ahora analizadas deben ser analizadas a la luz de dicha norma, cuya finalidad es a partir de la despatriarcalizaci\u00f3n, esto es, de la desestructuraci\u00f3n del sistema patriarcal basado en la subordinaci\u00f3n, desvalorizaci\u00f3n y exclusi\u00f3n de las mujeres, garantizar el libre ejercicio de los derechos pol\u00edticos de las mujeres y erradicar el acoso y violencia pol\u00edtica, propiciando la amplia igualdad de oportunidades, la no violencia, no discriminaci\u00f3n, equidad, etc.; (\u2026)\u201d.<\/p>\n<\/div><\/div>\n<\/div>\n<\/div>\n<\/div>\n<\/div>\n<\/div>\n<\/div>\n<\/section><\/div>\n<\/div>\n<\/div>\n<\/div>\t\t<\/div>\n\t\t\t\t<\/article>\n\t\t\t\t<article class=\"elementor-post elementor-grid-item post-3546 post type-post status-publish format-standard hentry category-protocolo-sepmud\">\n\t\t\t\t<div class=\"elementor-post__text\">\n\t\t<div class=\"elementor-post__content\"><style>.elementor-3546 .elementor-element.elementor-element-a8eba5a .elementor-heading-title{color:#31B7BC;font-family:\"Viga\", Sans-serif;font-size:35px;font-weight:600;}.elementor-3546 .elementor-element.elementor-element-a8eba5a > .elementor-widget-container{margin:0% 5% 0% 0%;}.elementor-3546 .elementor-element.elementor-element-506934f .elementor-text-editor{text-align:justify;}.elementor-3546 .elementor-element.elementor-element-506934f{font-family:\"Ubuntu\", Sans-serif;font-weight:400;}.elementor-3546 .elementor-element.elementor-element-506934f > .elementor-widget-container{margin:0% 5% 0% 5%;}.elementor-3546 .elementor-element.elementor-element-a441ad4 .elementor-text-editor{text-align:justify;}.elementor-3546 .elementor-element.elementor-element-a441ad4{font-family:\"Ubuntu\", Sans-serif;font-weight:400;}.elementor-3546 .elementor-element.elementor-element-a441ad4 > .elementor-widget-container{margin:0% 5% 0% 5%;}.elementor-3546 .elementor-element.elementor-element-9de1a8d .elementor-text-editor{text-align:justify;}.elementor-3546 .elementor-element.elementor-element-9de1a8d{font-family:\"Ubuntu\", Sans-serif;font-weight:400;}.elementor-3546 .elementor-element.elementor-element-9de1a8d > .elementor-widget-container{margin:0% 5% 0% 5%;}.elementor-3546 .elementor-element.elementor-element-4303089 .elementor-text-editor{text-align:justify;}.elementor-3546 .elementor-element.elementor-element-4303089{font-family:\"Ubuntu\", Sans-serif;font-weight:400;}.elementor-3546 .elementor-element.elementor-element-4303089 > .elementor-widget-container{margin:0% 5% 0% 5%;}.elementor-3546 .elementor-element.elementor-element-50da7e1 .elementor-text-editor{text-align:justify;}.elementor-3546 .elementor-element.elementor-element-50da7e1{font-family:\"Ubuntu\", Sans-serif;font-weight:400;}.elementor-3546 .elementor-element.elementor-element-50da7e1 > .elementor-widget-container{margin:0% 5% 0% 5%;}.elementor-3546 .elementor-element.elementor-element-6711435 .elementor-text-editor{text-align:justify;}.elementor-3546 .elementor-element.elementor-element-6711435{font-family:\"Ubuntu\", Sans-serif;font-weight:400;}.elementor-3546 .elementor-element.elementor-element-6711435 > .elementor-widget-container{margin:0% 5% 0% 5%;}.elementor-3546 .elementor-element.elementor-element-d3de76a .elementor-text-editor{text-align:justify;}.elementor-3546 .elementor-element.elementor-element-d3de76a{font-family:\"Ubuntu\", Sans-serif;font-weight:400;}.elementor-3546 .elementor-element.elementor-element-d3de76a > .elementor-widget-container{margin:0% 5% 0% 5%;}.elementor-3546 .elementor-element.elementor-element-9fb5fc4 .elementor-text-editor{text-align:justify;}.elementor-3546 .elementor-element.elementor-element-9fb5fc4{font-family:\"Ubuntu\", Sans-serif;font-weight:400;}.elementor-3546 .elementor-element.elementor-element-9fb5fc4 > .elementor-widget-container{margin:0% 5% 0% 5%;}.elementor-3546 .elementor-element.elementor-element-79a16a2 .elementor-text-editor{text-align:justify;}.elementor-3546 .elementor-element.elementor-element-79a16a2{font-family:\"Ubuntu\", Sans-serif;font-weight:400;}.elementor-3546 .elementor-element.elementor-element-79a16a2 > .elementor-widget-container{margin:0% 5% 0% 5%;}.elementor-3546 .elementor-element.elementor-element-91a3d67 .elementor-text-editor{text-align:justify;}.elementor-3546 .elementor-element.elementor-element-91a3d67{font-family:\"Ubuntu\", Sans-serif;font-weight:400;}.elementor-3546 .elementor-element.elementor-element-91a3d67 > .elementor-widget-container{margin:0% 5% 0% 5%;}.elementor-3546 .elementor-element.elementor-element-4c2a090 .elementor-text-editor{text-align:justify;}.elementor-3546 .elementor-element.elementor-element-4c2a090{font-family:\"Ubuntu\", Sans-serif;font-weight:400;}.elementor-3546 .elementor-element.elementor-element-4c2a090 > .elementor-widget-container{margin:0% 5% 0% 5%;}.elementor-3546 .elementor-element.elementor-element-57f545c .elementor-text-editor{text-align:justify;}.elementor-3546 .elementor-element.elementor-element-57f545c{font-family:\"Ubuntu\", Sans-serif;font-weight:400;}.elementor-3546 .elementor-element.elementor-element-57f545c > .elementor-widget-container{margin:0% 5% 0% 5%;}.elementor-3546 .elementor-element.elementor-element-ca7948c .elementor-text-editor{text-align:justify;}.elementor-3546 .elementor-element.elementor-element-ca7948c{font-family:\"Ubuntu\", Sans-serif;font-weight:400;}.elementor-3546 .elementor-element.elementor-element-ca7948c > .elementor-widget-container{margin:0% 5% 0% 5%;}.elementor-3546 .elementor-element.elementor-element-7f86b99 .elementor-text-editor{text-align:justify;}.elementor-3546 .elementor-element.elementor-element-7f86b99{font-family:\"Ubuntu\", Sans-serif;font-weight:400;}.elementor-3546 .elementor-element.elementor-element-7f86b99 > .elementor-widget-container{margin:0% 5% 0% 5%;}.elementor-3546 .elementor-element.elementor-element-34f47e8 .elementor-text-editor{text-align:justify;}.elementor-3546 .elementor-element.elementor-element-34f47e8{font-family:\"Ubuntu\", Sans-serif;font-weight:400;}.elementor-3546 .elementor-element.elementor-element-34f47e8 > .elementor-widget-container{margin:0% 5% 0% 5%;}.elementor-3546 .elementor-element.elementor-element-83ee917 .elementor-text-editor{text-align:justify;}.elementor-3546 .elementor-element.elementor-element-83ee917{font-family:\"Ubuntu\", Sans-serif;font-weight:400;}.elementor-3546 .elementor-element.elementor-element-83ee917 > .elementor-widget-container{margin:0% 5% 0% 5%;}.elementor-3546 .elementor-element.elementor-element-e60da64 .elementor-text-editor{text-align:justify;}.elementor-3546 .elementor-element.elementor-element-e60da64{font-family:\"Ubuntu\", Sans-serif;font-weight:400;}.elementor-3546 .elementor-element.elementor-element-e60da64 > .elementor-widget-container{margin:0% 5% 0% 5%;}<\/style>\n<div data-elementor-type=\"wp-post\" data-elementor-id=\"3546\" class=\"elementor elementor-3546\" data-elementor-settings=\"[]\">\n<div class=\"elementor-inner\">\n<div class=\"elementor-section-wrap\">\n<section class=\"elementor-section elementor-top-section elementor-element elementor-element-7d3b6ce elementor-section-boxed elementor-section-height-default elementor-section-height-default\" data-id=\"7d3b6ce\" data-element_type=\"section\">\n<div class=\"elementor-container elementor-column-gap-default\">\n<div class=\"elementor-row\">\n<div class=\"elementor-column elementor-col-100 elementor-top-column elementor-element elementor-element-01bbc64\" data-id=\"01bbc64\" data-element_type=\"column\">\n<div class=\"elementor-column-wrap elementor-element-populated\">\n<div class=\"elementor-widget-wrap\">\n<div class=\"elementor-element elementor-element-a8eba5a elementor-widget elementor-widget-theme-post-title elementor-page-title elementor-widget-heading\" data-id=\"a8eba5a\" data-element_type=\"widget\" data-widget_type=\"theme-post-title.default\">\n<div class=\"elementor-widget-container\">\n<h1 class=\"elementor-heading-title elementor-size-default\">3. MARCO CONCEPTUAL<\/h1>\n<\/div>\n<\/div>\n<\/div>\n<\/div>\n<\/div>\n<\/div>\n<\/div>\n<\/section>\n<section class=\"elementor-section elementor-top-section elementor-element elementor-element-8eb6a83 elementor-section-boxed elementor-section-height-default elementor-section-height-default\" data-id=\"8eb6a83\" data-element_type=\"section\">\n<div class=\"elementor-container elementor-column-gap-default\">\n<div class=\"elementor-row\">\n<div class=\"elementor-column elementor-col-100 elementor-top-column elementor-element elementor-element-a37cd74\" data-id=\"a37cd74\" data-element_type=\"column\">\n<div class=\"elementor-column-wrap elementor-element-populated\">\n<div class=\"elementor-widget-wrap\">\n<div class=\"elementor-element elementor-element-506934f elementor-widget elementor-widget-text-editor\" data-id=\"506934f\" data-element_type=\"widget\" data-widget_type=\"text-editor.default\">\n<div class=\"elementor-widget-container\">\n<div class=\"elementor-text-editor elementor-clearfix\">\n<div class=\"page\" title=\"Page 15\">\n<div class=\"section\">\n<div class=\"layoutArea\">\n<div class=\"column\">\n<div class=\"page\" title=\"Page 24\">\n<div class=\"section\">\n<div class=\"layoutArea\">\n<div class=\"column\">\n<div class=\"page\" title=\"Page 24\">\n<div class=\"section\">\n<div class=\"layoutArea\">\n<div class=\"column\">\n<div class=\"page\" title=\"Page 24\">\n<div class=\"section\">\n<div class=\"layoutArea\">\n<div class=\"column\">\n<p>Para efectos de una mejor comprensi\u00f3n de los conceptos referidos a la atenci\u00f3n, protecci\u00f3n, sanci\u00f3n y reparaci\u00f3n en los casos de violencia contra ni\u00f1as, ni\u00f1os, adolescente y mujeres, y la consiguiente aplicaci\u00f3n efectiva de la presente herramienta, se utilizan diferentes t\u00e9rminos que son conceptualizados a continuaci\u00f3n:<\/p>\n<\/div>\n<\/div>\n<\/div>\n<\/div>\n<\/div>\n<\/div>\n<\/div>\n<\/div>\n<\/div>\n<\/div>\n<\/div>\n<\/div>\n<\/div>\n<\/div>\n<\/div>\n<\/div>\n<\/div><\/div>\n<\/div>\n<\/div>\n<\/div>\n<\/div>\n<\/div>\n<\/div>\n<\/section>\n<section class=\"elementor-section elementor-top-section elementor-element elementor-element-4d39616 elementor-section-boxed elementor-section-height-default elementor-section-height-default\" data-id=\"4d39616\" data-element_type=\"section\">\n<div class=\"elementor-container elementor-column-gap-default\">\n<div class=\"elementor-row\">\n<div class=\"elementor-column elementor-col-100 elementor-top-column elementor-element elementor-element-4a1cc75\" data-id=\"4a1cc75\" data-element_type=\"column\">\n<div class=\"elementor-column-wrap elementor-element-populated\">\n<div class=\"elementor-widget-wrap\">\n<div class=\"elementor-element elementor-element-a441ad4 elementor-widget elementor-widget-text-editor\" data-id=\"a441ad4\" data-element_type=\"widget\" data-widget_type=\"text-editor.default\">\n<div class=\"elementor-widget-container\">\n<div class=\"elementor-text-editor elementor-clearfix\">\n<div class=\"page\" title=\"Page 15\">\n<div class=\"section\">\n<div class=\"layoutArea\">\n<div class=\"column\">\n<div class=\"page\" title=\"Page 24\">\n<div class=\"section\">\n<div class=\"layoutArea\">\n<div class=\"column\">\n<div class=\"page\" title=\"Page 24\">\n<div class=\"section\">\n<div class=\"layoutArea\">\n<div class=\"column\">\n<div class=\"page\" title=\"Page 24\">\n<div class=\"section\">\n<div class=\"layoutArea\">\n<div class=\"column\">\n<p><b>Con relaci\u00f3n a la violencia en contra de ni\u00f1as, ni\u00f1os y adolescentes<\/b><\/p>\n<p>La Observaci\u00f3n General No. 13 del Comit\u00e9 de Derechos del Ni\u00f1o se\u00f1ala que se entiende por violencia \u201ctoda forma de perjuicio o abuso f\u00edsico o mental, descuido o trato negligente, malos tratos o explotaci\u00f3n, incluido el abuso sexual\u201d seg\u00fan se define en el art\u00edculo 19, p\u00e1rrafo 1, de la Convenci\u00f3n de Derechos del Ni\u00f1o.<\/p>\n<p>El C\u00f3digo Ni\u00f1a, Ni\u00f1o y Adolescente, Ley No. 548, en el art\u00edculo 147 se\u00f1ala que se constituye violencia, \u201cla acci\u00f3n u omisi\u00f3n, por cualquier medio que ocasione privaciones, lesiones, da\u00f1os, sufrimientos, perjuicios en la salud f\u00edsica, mental, afectiva, sexual, desarrollo deficiente e incluso la muerte de la ni\u00f1a, ni\u00f1o o adolescente\u201d.<\/p>\n<\/div>\n<\/div>\n<\/div>\n<\/div>\n<\/div>\n<\/div>\n<\/div>\n<\/div>\n<\/div>\n<\/div>\n<\/div>\n<\/div>\n<\/div>\n<\/div>\n<\/div>\n<\/div>\n<\/div><\/div>\n<\/div>\n<\/div>\n<\/div>\n<\/div>\n<\/div>\n<\/div>\n<\/section>\n<section class=\"elementor-section elementor-top-section elementor-element elementor-element-89a1b20 elementor-section-boxed elementor-section-height-default elementor-section-height-default\" data-id=\"89a1b20\" data-element_type=\"section\">\n<div class=\"elementor-container elementor-column-gap-default\">\n<div class=\"elementor-row\">\n<div class=\"elementor-column elementor-col-100 elementor-top-column elementor-element elementor-element-7a5071b\" data-id=\"7a5071b\" data-element_type=\"column\">\n<div class=\"elementor-column-wrap elementor-element-populated\">\n<div class=\"elementor-widget-wrap\">\n<div class=\"elementor-element elementor-element-9de1a8d elementor-widget elementor-widget-text-editor\" data-id=\"9de1a8d\" data-element_type=\"widget\" data-widget_type=\"text-editor.default\">\n<div class=\"elementor-widget-container\">\n<div class=\"elementor-text-editor elementor-clearfix\">\n<div class=\"page\" title=\"Page 15\">\n<div class=\"section\">\n<div class=\"layoutArea\">\n<div class=\"column\">\n<div class=\"page\" title=\"Page 24\">\n<div class=\"section\">\n<div class=\"layoutArea\">\n<div class=\"column\">\n<div class=\"page\" title=\"Page 24\">\n<div class=\"section\">\n<div class=\"layoutArea\">\n<div class=\"column\">\n<div class=\"page\" title=\"Page 24\">\n<div class=\"section\">\n<div class=\"layoutArea\">\n<div class=\"column\">\n<p><b>Con relaci\u00f3n a la violencia en raz\u00f3n de g\u00e9nero contra las mujeres<\/b><\/p>\n<ul>\n<li><b>Violencia en raz\u00f3n de g\u00e9nero contra las mujeres: <\/b>A nivel internacional, se reconoce que la violencia contra mujeres y ni\u00f1as en raz\u00f3n de g\u00e9nero tiene sus ra\u00edces en la desigualdad hist\u00f3rica y estructural que ha caracterizado las relaciones entre hombres y mujeres. La violencia por raz\u00f3n de g\u00e9nero es considerada por los organismos internacionales como una forma de discriminaci\u00f3n que viola y menoscaba gravemente o anula el goce de todos los derechos humanos y las libertades fundamentales de mujeres y ni\u00f1as. Se estima tambi\u00e9n que la violencia contra las mujeres y las ni\u00f1as se caracteriza por el uso y el abuso de poder y control en las esferas p\u00fablica y privada, y est\u00e1 intr\u00ednsecamente vinculada a los estereotipos de g\u00e9nero que son la causa subyacente de dicha violencia y la perpet\u00faan, as\u00ed como a otros factores que pueden aumentar la vulnerabilidad de las mujeres y ni\u00f1as a este tipo de violencia.<\/li>\n<\/ul>\n<p>En consecuencia, si bien la violencia es un problema social que afecta a todos\/as en las sociedades patriarcales, la violencia contra mujeres ejercida por hombres es frecuente por diversos motivos: cosificaci\u00f3n, posesi\u00f3n, celos, odio, placer, erotismo, etc. pero m\u00e1s all\u00e1 de estos m\u00f3viles, la violencia representa una expresi\u00f3n extrema de la fuerza patriarcal, una forma de manifestar la pol\u00edtica sexual y la dominaci\u00f3n masculina. Por tanto, no solo refiere a los m\u00f3viles del autor que ejerce la violencia sino como se\u00f1ala la CIDH est\u00e1 fundada en una cultura de violencia y discriminaci\u00f3n basada en el g\u00e9nero de las mujeres.<\/p>\n<p>Seg\u00fan la Convenci\u00f3n de Bel\u00e9m do Par\u00e1 debe entenderse por violencia contra la mujer cualquier acci\u00f3n o conducta, basada en su g\u00e9nero, que cause muerte, da\u00f1o o sufrimiento f\u00edsico, sexual o psicol\u00f3gico a la mujer, tanto en el \u00e1mbito p\u00fablico como en el privado.<\/p>\n<p>La Ley No. 348 establece que la violencia es \u201ccualquier acci\u00f3n u omisi\u00f3n, abierta o encubierta, que cause la muerte, sufrimiento o da\u00f1o f\u00edsico, sexual o psicol\u00f3gico a una mujer, le genere perjuicio en su patrimonio, en su econom\u00eda, en su fuente laboral o en otro \u00e1mbito cualquiera, por el solo hecho de ser mujer\u201d. Esta definici\u00f3n puede ser analizada en cada uno de sus elementos caracter\u00edsticos<a class=\"tooltips\" title=\"Bay\u00e1 M. (2013). Acceso A La Justicia Para Mujeres en Situaci\u00f3n de Violencia. Comunidad de\nDerechos Humanos. La Paz, Bolivia.\"><sup>67<\/sup><\/a>:<\/p>\n<\/div>\n<\/div>\n<\/div>\n<\/div>\n<\/div>\n<\/div>\n<\/div>\n<\/div>\n<\/div>\n<\/div>\n<\/div>\n<\/div>\n<\/div>\n<\/div>\n<\/div>\n<\/div>\n<\/div><\/div>\n<\/div>\n<\/div>\n<\/div>\n<\/div>\n<\/div>\n<\/div>\n<\/section>\n<section class=\"elementor-section elementor-top-section elementor-element elementor-element-7ba5b29 elementor-section-boxed elementor-section-height-default elementor-section-height-default\" data-id=\"7ba5b29\" data-element_type=\"section\">\n<div class=\"elementor-container elementor-column-gap-default\">\n<div class=\"elementor-row\">\n<div class=\"elementor-column elementor-col-100 elementor-top-column elementor-element elementor-element-74ca247\" data-id=\"74ca247\" data-element_type=\"column\">\n<div class=\"elementor-column-wrap elementor-element-populated\">\n<div class=\"elementor-widget-wrap\">\n<div class=\"elementor-element elementor-element-4303089 elementor-widget elementor-widget-text-editor\" data-id=\"4303089\" data-element_type=\"widget\" data-widget_type=\"text-editor.default\">\n<div class=\"elementor-widget-container\">\n<div class=\"elementor-text-editor elementor-clearfix\">\n<div class=\"page\" title=\"Page 15\">\n<div class=\"section\">\n<div class=\"layoutArea\">\n<div class=\"column\">\n<div class=\"page\" title=\"Page 24\">\n<div class=\"section\">\n<div class=\"layoutArea\">\n<div class=\"column\">\n<div class=\"page\" title=\"Page 24\">\n<div class=\"section\">\n<div class=\"layoutArea\">\n<div class=\"column\">\n<div class=\"page\" title=\"Page 24\">\n<div class=\"section\">\n<div class=\"layoutArea\">\n<div class=\"column\">\n<table cellspacing=\"0\" cellpadding=\"0\">\n<tbody>\n<tr>\n<td valign=\"top\">\n<p align=\"center\"><span style=\"color: #676767; font-family: Ubuntu; font-size: small;\"><b>Elementos caracter\u00edsticos <\/b><\/span><\/p>\n<\/td>\n<td valign=\"top\">\n<p align=\"center\"><span style=\"color: #676767; font-family: Ubuntu; font-size: small;\"><b>Descripci\u00f3n <\/b><\/span><\/p>\n<\/td>\n<\/tr>\n<tr>\n<td valign=\"top\">\n<p><span style=\"color: #676767; font-family: Ubuntu; font-size: small;\"><b>Cualquier acci\u00f3n <\/b><\/span><\/p>\n<\/td>\n<td valign=\"top\">\n<p><span style=\"color: #676767; font-family: Ubuntu; font-size: small;\">Implica un acto de violencia realizado por el agresor, tal como el golpear, humillar, ultrajar, etc. <\/span><\/p>\n<\/td>\n<\/tr>\n<tr>\n<td valign=\"top\">\n<p><span style=\"color: #676767; font-family: Ubuntu; font-size: small;\"><b>Cualquier omisi\u00f3n <\/b><\/span><\/p>\n<\/td>\n<td valign=\"top\">\n<p><span style=\"color: #676767; font-family: Ubuntu; font-size: small;\">Significa el dejar de hacer algo a lo que se est\u00e1 obligado que tiene una consecuencia negativa respecto a la v\u00edctima, tal como no denunciar el hecho de violencia o negar atenci\u00f3n m\u00e9dica <\/span><\/p>\n<\/td>\n<\/tr>\n<tr>\n<td valign=\"top\">\n<p><span style=\"color: #676767; font-family: Ubuntu; font-size: small;\"><b>Abierta <\/b><\/span><\/p>\n<\/td>\n<td valign=\"top\">\n<p><span style=\"color: #676767; font-family: Ubuntu; font-size: small;\">Es un comportamiento concreto deliberado de agresiones directas, visibles y evidentes contra la mujer. <\/span><\/p>\n<\/td>\n<\/tr>\n<tr>\n<td valign=\"top\">\n<p><span style=\"color: #676767; font-family: Ubuntu; font-size: small;\"><b>Encubierta <\/b><\/span><\/p>\n<\/td>\n<td valign=\"top\">\n<p><span style=\"color: #676767; font-family: Ubuntu; font-size: small;\">Se refiere a actitudes de invalidaci\u00f3n, cr\u00edticas, indirectas, juicios y descalificaci\u00f3n de la mujer o controles aparentemente para protegerla. <\/span><\/p>\n<\/td>\n<\/tr>\n<tr>\n<td valign=\"top\">\n<p><span style=\"color: #676767; font-family: Ubuntu; font-size: small;\"><b>Muerte, sufrimiento o da\u00f1o f\u00edsico <\/b><\/span><\/p>\n<\/td>\n<td valign=\"top\">\n<p><span style=\"color: #676767; font-family: Ubuntu; font-size: small;\">Las consecuencias pueden ser el quitar la vida a la mujer o producirle dolor o una lesi\u00f3n corporal o un da\u00f1o en la salud. <\/span><\/p>\n<\/td>\n<\/tr>\n<tr>\n<td valign=\"top\">\n<p><span style=\"color: #676767; font-family: Ubuntu; font-size: small;\"><b>Sufrimiento o da\u00f1o sexual <\/b><\/span><\/p>\n<\/td>\n<td valign=\"top\">\n<p><span style=\"color: #676767; font-family: Ubuntu; font-size: small;\">El acto produce un grave dolor o da\u00f1o f\u00edsico en los \u00f3rganos genitales u otras partes del cuerpo por actos sexuales. <\/span><\/p>\n<\/td>\n<\/tr>\n<tr>\n<td valign=\"top\">\n<p><span style=\"color: #676767; font-family: Ubuntu; font-size: small;\"><b>Sufrimiento o da\u00f1o psicol\u00f3gico <\/b><\/span><\/p>\n<\/td>\n<td valign=\"top\">\n<p><span style=\"color: #676767; font-family: Ubuntu; font-size: small;\">El acto produce una lesi\u00f3n psicol\u00f3gica o da\u00f1o emocional, baja autoestima, depresi\u00f3n, inestabilidad y desorientaci\u00f3n. <\/span><\/p>\n<\/td>\n<\/tr>\n<tr>\n<td valign=\"top\">\n<p><span style=\"color: #676767; font-family: Ubuntu; font-size: small;\"><b>Genere perjuicio en la econom\u00eda <\/b><\/span><\/p>\n<\/td>\n<td valign=\"top\">\n<p><span style=\"color: #676767; font-family: Ubuntu; font-size: small;\">Afecte injustamente sus ingresos econ\u00f3micos. <\/span><\/p>\n<\/td>\n<\/tr>\n<tr>\n<td valign=\"top\">\n<p><span style=\"color: #676767; font-family: Ubuntu; font-size: small;\"><b>Genere perjuicio <\/b><\/span><\/p>\n<\/td>\n<td valign=\"top\">\n<p><span style=\"color: #676767; font-family: Ubuntu; font-size: small;\">Ocasione alg\u00fan da\u00f1o o p\u00e9rdida de bienes o acciones que le pertenecen a la mujer <\/span><\/p>\n<\/td>\n<\/tr>\n<tr>\n<td valign=\"top\">\n<p><span style=\"color: #676767; font-family: Ubuntu; font-size: small;\"><b>Cualquier \u00e1mbito <\/b><\/span><\/p>\n<\/td>\n<td valign=\"top\">\n<p><span style=\"color: #676767; font-family: Ubuntu; font-size: small;\">La violencia puede ser ejercida en cualquier \u00e1mbito no solo el familiar, sino tambi\u00e9n en el p\u00fablico como el centro de trabajo, en la escuela, en los servicios de salud o cualquier otro <\/span><\/p>\n<\/td>\n<\/tr>\n<tr>\n<td valign=\"top\">\n<p><span style=\"color: #676767; font-family: Ubuntu; font-size: small;\"><b>Por el hecho de ser mujer <\/b><\/span><\/p>\n<\/td>\n<td valign=\"top\">\n<p><span style=\"color: #676767; font-family: Ubuntu; font-size: small;\">Las relaciones desiguales y asim\u00e9tricas entre hombres y mujeres ponen a \u00e9stas en una situaci\u00f3n de vulnerabilidad frente a los actos de violencia que no constituyen hechos naturales sino culturales que las sociedades han naturalizado y aceptado. Son relaciones de poder otorgadas por el sistema patriarcal a los hombres para controlar y someter a las mujeres. Por ello no se trata de una cuesti\u00f3n biol\u00f3gica sino social y cultural que considera las implicancias que tiene para las mujeres pertenecer al sexo femenino o tener identidad femenina en un sistema de dominaci\u00f3n en el que la violencia es utilizada como mecanismos de control, subordinaci\u00f3n y castigo hacia las mujeres. <\/span><\/p>\n<\/td>\n<\/tr>\n<\/tbody>\n<\/table>\n<\/div>\n<\/div>\n<\/div>\n<\/div>\n<\/div>\n<\/div>\n<\/div>\n<\/div>\n<\/div>\n<\/div>\n<\/div>\n<\/div>\n<\/div>\n<\/div>\n<\/div>\n<\/div>\n<\/div><\/div>\n<\/div>\n<\/div>\n<\/div>\n<\/div>\n<\/div>\n<\/div>\n<\/section>\n<section class=\"elementor-section elementor-top-section elementor-element elementor-element-1d392f2 elementor-section-boxed elementor-section-height-default elementor-section-height-default\" data-id=\"1d392f2\" data-element_type=\"section\">\n<div class=\"elementor-container elementor-column-gap-default\">\n<div class=\"elementor-row\">\n<div class=\"elementor-column elementor-col-100 elementor-top-column elementor-element elementor-element-4534e32\" data-id=\"4534e32\" data-element_type=\"column\">\n<div class=\"elementor-column-wrap elementor-element-populated\">\n<div class=\"elementor-widget-wrap\">\n<div class=\"elementor-element elementor-element-50da7e1 elementor-widget elementor-widget-text-editor\" data-id=\"50da7e1\" data-element_type=\"widget\" data-widget_type=\"text-editor.default\">\n<div class=\"elementor-widget-container\">\n<div class=\"elementor-text-editor elementor-clearfix\">\n<div class=\"page\" title=\"Page 15\">\n<div class=\"section\">\n<div class=\"layoutArea\">\n<div class=\"column\">\n<div class=\"page\" title=\"Page 24\">\n<div class=\"section\">\n<div class=\"layoutArea\">\n<div class=\"column\">\n<div class=\"page\" title=\"Page 24\">\n<div class=\"section\">\n<div class=\"layoutArea\">\n<div class=\"column\">\n<div class=\"page\" title=\"Page 24\">\n<div class=\"section\">\n<div class=\"layoutArea\">\n<div class=\"column\">\n<ul>\n<li><strong>Tipos de violencia. Para efectos de la Ley No. 348 seg\u00fan el art\u00edculo 7 se<\/strong><br \/><strong>reconocen diferentes formas de violencia:<\/strong><\/li>\n<\/ul>\n<p style=\"padding-left: 40px;\"><b>1. Violencia F\u00edsica. <\/b>Es toda acci\u00f3n que ocasiona lesiones y\/o da\u00f1o corporal, interno, externo o ambos, temporal o permanente, que se manifiesta de forma inmediata o en el largo plazo, empleando o no fuerza f\u00edsica, armas o cualquier otro medio.<\/p>\n<p style=\"padding-left: 40px;\"><b>2. Violencia Feminicida.<\/b> Es la acci\u00f3n de extrema violencia que viola el derecho fundamental a la vida y causa la muerte de la mujer por el hecho de serlo.<\/p>\n<p style=\"padding-left: 40px;\"><b>3. Violencia Psicol\u00f3gica. <\/b>Es el conjunto de acciones sistem\u00e1ticas de desvalorizaci\u00f3n, intimidaci\u00f3n y control del comportamiento y decisiones de las mujeres, que tienen como consecuencia la disminuci\u00f3n de su autoestima, depresi\u00f3n, inestabilidad psicol\u00f3gica, desorientaci\u00f3n e incluso el suicidio.<\/p>\n<p style=\"padding-left: 40px;\"><b>4. Violencia Medi\u00e1tica.<\/b> Es aquella producida por los medios masivos de comunicaci\u00f3n, a trav\u00e9s de publicaciones, difusi\u00f3n de mensajes e im\u00e1genes estereotipadas que promueven la sumisi\u00f3n y\/o explotaci\u00f3n de mujeres, que la injurian, difaman, discriminan, deshonran, humillan o que atentan contra su dignidad, su nombre y su imagen.<\/p>\n<p style=\"padding-left: 40px;\"><b>5. Violencia Simb\u00f3lica y\/o Encubierta. <\/b>Son los mensajes, valores, s\u00edmbolos, \u00edconos, signos e imposiciones sociales, econ\u00f3micas, pol\u00edticas, culturales y de creencias religiosas que transmiten, reproducen y consolidan relaciones de dominaci\u00f3n, exclusi\u00f3n, desigualdad y discriminaci\u00f3n, naturalizando la subordinaci\u00f3n de las mujeres.<\/p>\n<p style=\"padding-left: 40px;\"><b>6. Violencia Contra la Dignidad, la Honra y el Nombre.<\/b> Es toda expresi\u00f3n verbal o escrita de ofensa, insulto, difamaci\u00f3n, calumnia, amenaza u otras, tendenciosa o p\u00fablica, que desacredita, descalifica, desvaloriza, degrada o afecta el nombre, la dignidad, la honra y la reputaci\u00f3n de la mujer.<\/p>\n<p style=\"padding-left: 40px;\"><b>7. Violencia Sexual.<\/b> Es toda conducta que ponga en riesgo la autodeterminaci\u00f3n sexual, tanto en el acto sexual como en toda forma de contacto o acceso carnal, genital o no genital, que amenace, vulnere o restrinja el derecho al ejercicio a una vida sexual libre segura, efectiva y plena, con autonom\u00eda y libertad sexual de la mujer.<\/p>\n<p style=\"padding-left: 40px;\"><b>8. Violencia Contra los Derechos Reproductivos.<\/b> Es la acci\u00f3n u omisi\u00f3n que impide, limita o vulnera el derecho de las mujeres a la informaci\u00f3n, orientaci\u00f3n, atenci\u00f3n integral y tratamiento durante el embarazo o p\u00e9rdida, parto, puerperio y lactancia; a decidir libre y responsablemente el n\u00famero y espaciamiento de hijas e hijos; a ejercer su maternidad segura, y a elegir m\u00e9todos anticonceptivos seguros.<\/p>\n<p style=\"padding-left: 40px;\"><b>9. Violencia en Servicios de Salud. <\/b>Es toda acci\u00f3n discriminadora, humillante y deshumanizada y que omite, niega o restringe el acceso a la atenci\u00f3n eficaz e inmediata y a la informaci\u00f3n oportuna por parte del personal de salud, poniendo en riesgo la vida y la salud de las mujeres<a class=\"tooltips\" title=\"Dentro de esta forma de violencia se sit\u00faa la violencia gineco obst\u00e9trica.\"><sup>68<\/sup><\/a>.<br \/><b><br \/>10. Violencia Patrimonial y Econ\u00f3mica.<\/b> Es toda acci\u00f3n u omisi\u00f3n que al afectar los bienes propios y\/o gananciales de la mujer, ocasiona da\u00f1o o menoscabo de su patrimonio, valores o recursos; controla o limita sus ingresos econ\u00f3micos y la disposici\u00f3n de los mismos, o la priva de los medios indispensables para vivir.<br \/><b><br \/>11. Violencia Laboral.<\/b> Es toda acci\u00f3n que se produce en cualquier \u00e1mbito de trabajo por parte de cualquier persona de superior, igual o inferior jerarqu\u00eda, que discrimina, humilla, amenaza o intimida a las mujeres; que obstaculiza o supedita su acceso al empleo, permanencia o ascenso y que vulnera el ejercicio de sus derechos.<br \/><b><br \/>12. Violencia en el Sistema Educativo Plurinacional.<\/b> Es todo acto de agresi\u00f3n f\u00edsica, psicol\u00f3gica o sexual cometido contra las mujeres en el sistema educativo regular, alternativo, especial y superior.<\/p>\n<p style=\"padding-left: 40px;\"><b>13. Violencia en el Ejercicio Pol\u00edtico y de Liderazgo de la Mujer.<\/b> Enti\u00e9ndase lo establecido en el art\u00edculo 7 de la Ley No. 243, Contra el Acoso y la Violencia Pol\u00edtica hacia las Mujeres.<\/p>\n<p style=\"padding-left: 80px;\"><b>a) Acoso Pol\u00edtico.<\/b> Se entiende por acoso pol\u00edtico al acto o conjunto de actos de presi\u00f3n, persecuci\u00f3n, hostigamiento o amenazas, cometidos por una persona o grupo de personas, directamente o a trav\u00e9s de terceros, en contra de mujeres candidatas, electas, designadas o en ejercicio de la funci\u00f3n pol\u00edtico-p\u00fablica o en contra de sus familiares, con el prop\u00f3sito de acortar, suspender, impedir o restringir las funciones inherentes a su cargo, para inducirla u obligarla a que realice, en contra de su voluntad, una acci\u00f3n o incurra en una omisi\u00f3n, en el cumplimiento de sus funciones o en el ejercicio de sus derechos.<br \/><b>b) Violencia Pol\u00edtica.<\/b> Se entiende por violencia pol\u00edtica a las acciones, conductas y\/o agresiones f\u00edsicas, psicol\u00f3gicas, sexuales cometidas por una persona o grupo de personas, directamente a trav\u00e9s de terceros, en contra de las mujeres candidatas, electas, designadas o en ejercicio de la funci\u00f3n pol\u00edtico-p\u00fablica, o en su cargo o para inducirla u obligarla a que realice, en contra de su voluntad, una acci\u00f3n o incurra en una omisi\u00f3n, en el cumplimiento de sus funciones o en el ejercicio de sus derechos.<\/p>\n<p style=\"padding-left: 40px;\"><b>14. Violencia Institucional.<\/b> Es toda acci\u00f3n u omisi\u00f3n de servidoras o servidores p\u00fablicos o de personal de instituciones privadas, que implique una acci\u00f3n discriminatoria, prejuiciosa, humillante y deshumanizada que retarde, obstaculice, menoscabe o niegue a las mujeres el acceso y atenci\u00f3n al servicio requerido.<\/p>\n<p style=\"padding-left: 40px;\"><b>15. Violencia en la Familia. <\/b>Es toda agresi\u00f3n f\u00edsica, psicol\u00f3gica o sexual cometida hacia la mujer por el c\u00f3nyuge o ex-c\u00f3nyuge, conviviente o ex-conviviente, o su familia, ascendientes, descendientes, hermanas, hermanos, parientes civiles o afines en l\u00ednea directa y colateral, tutores o encargados de la custodia o cuidado.<\/p>\n<p style=\"padding-left: 40px;\"><b>16. Violencia Contra los Derechos y la Libertad Sexual. <\/b>Es toda acci\u00f3n u omisi\u00f3n, que impida o restrinja el ejercicio de los derechos de las mujeres a disfrutar de una vida sexual libre, segura, afectiva y plena o que vulnere su libertad de elecci\u00f3n sexual.<\/p>\n<p style=\"padding-left: 40px;\"><b>17. Cualquier otra forma de violencia que da\u00f1e la dignidad, integridad, libertad o que viole los derechos de las mujeres.<\/b><\/p>\n<\/div>\n<\/div>\n<\/div>\n<\/div>\n<\/div>\n<\/div>\n<\/div>\n<\/div>\n<\/div>\n<\/div>\n<\/div>\n<\/div>\n<\/div>\n<\/div>\n<\/div>\n<\/div>\n<\/div><\/div>\n<\/div>\n<\/div>\n<\/div>\n<\/div>\n<\/div>\n<\/div>\n<\/section>\n<section class=\"elementor-section elementor-top-section elementor-element elementor-element-e19b3c8 elementor-section-boxed elementor-section-height-default elementor-section-height-default\" data-id=\"e19b3c8\" data-element_type=\"section\">\n<div class=\"elementor-container elementor-column-gap-default\">\n<div class=\"elementor-row\">\n<div class=\"elementor-column elementor-col-100 elementor-top-column elementor-element elementor-element-2919e73\" data-id=\"2919e73\" data-element_type=\"column\">\n<div class=\"elementor-column-wrap elementor-element-populated\">\n<div class=\"elementor-widget-wrap\">\n<div class=\"elementor-element elementor-element-6711435 elementor-widget elementor-widget-text-editor\" data-id=\"6711435\" data-element_type=\"widget\" data-widget_type=\"text-editor.default\">\n<div class=\"elementor-widget-container\">\n<div class=\"elementor-text-editor elementor-clearfix\">\n<div class=\"page\" title=\"Page 15\">\n<div class=\"section\">\n<div class=\"layoutArea\">\n<div class=\"column\">\n<div class=\"page\" title=\"Page 24\">\n<div class=\"section\">\n<div class=\"layoutArea\">\n<div class=\"column\">\n<div class=\"page\" title=\"Page 24\">\n<div class=\"section\">\n<div class=\"layoutArea\">\n<div class=\"column\">\n<div class=\"page\" title=\"Page 24\">\n<div class=\"section\">\n<div class=\"layoutArea\">\n<div class=\"column\">\n<ul>\n<li><b>Delitos de violencia contra las mujeres.<\/b> La Ley No. 348 no crea una nueva clasificaci\u00f3n de delitos en el C\u00f3digo Penal, lo que hizo fue modificar algunos delitos, crear nuevas tipificaciones y derogar algunas figuras delictivas consideradas discriminatorias o atenuadas sobre presupuestos discriminatorios, en particular para las mujeres. Por tanto, cuando la Ley No. 348 se refiere a delitos de violencia contra las mujeres lo hace respecto a los delitos que derivan de las conductas descritas en las formas de violencia se\u00f1aladas en el Art. 7 de la Ley y a los delitos que ha modificado y creado en los Arts. 83, 84 y 85 cuando la v\u00edctima sea una mujer. \u201cEn consecuencia, debe tenerse en cuenta que los delitos de violencia contra las mujeres no son \u00fanicamente los delitos modificados o creados por la Ley No. 348 sino tambi\u00e9n otros que nacen de las formas de violencia descritos en la norma<a class=\"tooltips\" title=\"Bay\u00e1 M. (2015). Gu\u00eda de calificaci\u00f3n de hechos de violencia. FELCV \u2013 CDH. La Paz, Bolivia.\"><sup>69\u00a0<\/sup><\/a>(Ej. acoso y violencia pol\u00edtica hacia las mujeres, discriminaci\u00f3n, amenazas, coacci\u00f3n, injurias, calumnias, etc.), de ellos los delitos de acci\u00f3n p\u00fablica son los perseguibles de oficio\u201d<a class=\"tooltips\" title=\"Bay\u00e1 M. (2014). Preguntas frecuentes sobre la Ley Integral para Garantizar a las Mujeres una Vida Libre de Violencia. Comunidad de Derechos Humanos. La Paz, Bolivia.\"><sup>70<\/sup><\/a>.<\/li>\n<\/ul>\n<\/div>\n<\/div>\n<\/div>\n<\/div>\n<\/div>\n<\/div>\n<\/div>\n<\/div>\n<\/div>\n<\/div>\n<\/div>\n<\/div>\n<\/div>\n<\/div>\n<\/div>\n<\/div>\n<\/div><\/div>\n<\/div>\n<\/div>\n<\/div>\n<\/div>\n<\/div>\n<\/div>\n<\/section>\n<section class=\"elementor-section elementor-top-section elementor-element elementor-element-d387579 elementor-section-boxed elementor-section-height-default elementor-section-height-default\" data-id=\"d387579\" data-element_type=\"section\">\n<div class=\"elementor-container elementor-column-gap-default\">\n<div class=\"elementor-row\">\n<div class=\"elementor-column elementor-col-100 elementor-top-column elementor-element elementor-element-af64bad\" data-id=\"af64bad\" data-element_type=\"column\">\n<div class=\"elementor-column-wrap elementor-element-populated\">\n<div class=\"elementor-widget-wrap\">\n<div class=\"elementor-element elementor-element-d3de76a elementor-widget elementor-widget-text-editor\" data-id=\"d3de76a\" data-element_type=\"widget\" data-widget_type=\"text-editor.default\">\n<div class=\"elementor-widget-container\">\n<div class=\"elementor-text-editor elementor-clearfix\">\n<div class=\"page\" title=\"Page 15\">\n<div class=\"section\">\n<div class=\"layoutArea\">\n<div class=\"column\">\n<div class=\"page\" title=\"Page 24\">\n<div class=\"section\">\n<div class=\"layoutArea\">\n<div class=\"column\">\n<div class=\"page\" title=\"Page 24\">\n<div class=\"section\">\n<div class=\"layoutArea\">\n<div class=\"column\">\n<div class=\"page\" title=\"Page 24\">\n<div class=\"section\">\n<div class=\"layoutArea\">\n<div class=\"column\">\n<ul>\n<li><b>Ciclo de la violencia:<\/b> Fue desarrollado en la teor\u00eda<a class=\"tooltips\" title=\"Fiscal\u00eda General del Estado (2019). La entrevista a v\u00edctimas y\/o testigos en las \u00e1reas de Psicolog\u00eda\ny Trabajo Social de la Unidad de Protecci\u00f3n a V\u00edctimas y Testigos (UPAVT). Sucre, Bolivia.\"><sup>71<\/sup><\/a> planteada en el a\u00f1o 1979 por Lenore Walker quien identific\u00f3 un ciclo en que se repet\u00edan los casos de violencia familiar o dom\u00e9stica. A partir de los testimonios y vivencias de las mujeres a las que trataba, observ\u00f3 que las mismas no eran agredidas de la misma manera todo el tiempo en su relaci\u00f3n de convivencia, sino que exist\u00edan fases para que se d\u00e9 la agresi\u00f3n, y cada una de estas fases ten\u00eda una duraci\u00f3n diferente y que se manifestaba de distintas maneras. Seg\u00fan Walker (1979), se\u00f1ala que se tienen tres fases: la acumulaci\u00f3n de tensi\u00f3n, el incidente de maltrato grave y la fase de luna de miel o arrepentimiento cari\u00f1oso.<\/li>\n<\/ul>\n<\/div>\n<\/div>\n<\/div>\n<\/div>\n<\/div>\n<\/div>\n<\/div>\n<\/div>\n<\/div>\n<\/div>\n<\/div>\n<\/div>\n<\/div>\n<\/div>\n<\/div>\n<\/div>\n<\/div><\/div>\n<\/div>\n<\/div>\n<\/div>\n<\/div>\n<\/div>\n<\/div>\n<\/section>\n<section class=\"elementor-section elementor-top-section elementor-element elementor-element-5fb0d5d elementor-section-boxed elementor-section-height-default elementor-section-height-default\" data-id=\"5fb0d5d\" data-element_type=\"section\">\n<div class=\"elementor-container elementor-column-gap-default\">\n<div class=\"elementor-row\">\n<div class=\"elementor-column elementor-col-100 elementor-top-column elementor-element elementor-element-e7fec5b\" data-id=\"e7fec5b\" data-element_type=\"column\">\n<div class=\"elementor-column-wrap elementor-element-populated\">\n<div class=\"elementor-widget-wrap\">\n<div class=\"elementor-element elementor-element-9fb5fc4 elementor-widget elementor-widget-text-editor\" data-id=\"9fb5fc4\" data-element_type=\"widget\" data-widget_type=\"text-editor.default\">\n<div class=\"elementor-widget-container\">\n<div class=\"elementor-text-editor elementor-clearfix\">\n<div class=\"page\" title=\"Page 15\">\n<div class=\"section\">\n<div class=\"layoutArea\">\n<div class=\"column\">\n<div class=\"page\" title=\"Page 24\">\n<div class=\"section\">\n<div class=\"layoutArea\">\n<div class=\"column\">\n<div class=\"page\" title=\"Page 24\">\n<div class=\"section\">\n<div class=\"layoutArea\">\n<div class=\"column\">\n<div class=\"page\" title=\"Page 24\">\n<div class=\"section\">\n<div class=\"layoutArea\">\n<div class=\"column\">\n<ul>\n<li>Posteriormente, a los estudios realizados de Lenore Walker en el a\u00f1o 1979, estas tres fases fueron ampliadas por estudios posteriores, dando a conocer que entre las fases planteadas por Walker, se presentan dos m\u00e1s las cuales se detallan a continuaci\u00f3n:<\/li>\n<\/ul>\n<p style=\"padding-left: 80px;\"><b>&#8212; Fase I:<\/b> Fase de Inicio. Como hab\u00eda mencionado Walker se presenta una escalada gradual de tensi\u00f3n que se manifiesta en actos discretos que causan un incremento de la fricci\u00f3n, conductas desagradables y\/o abusos f\u00edsicos. El agresor expresa descontento, pero no de forma explosiva, sino m\u00e1s bien ejerce control sobre la v\u00edctima bajo signos de amor por ejemplo \u201chaz esto, es por tu bien\u201d \u201cno te pongas ropa provocativa\u201d, \u201cqu\u00e9date conmigo\u201d, mostrando m\u00e1s un papel protector, por lo que la mujer intenta sosegar al abusador haciendo lo necesario para complacerlo, tratando de calmarlo o que no se irrite m\u00e1s.<br \/><b>&#8212; Fase II:<\/b> Acumulaci\u00f3n de tensi\u00f3n. La tensi\u00f3n sigue en aumento, para evitar el peligro inminente la mujer permite el control, pero procura alejarse del agresor por temor a que explote inadvertidamente. El hombre est\u00e1 m\u00e1s agresivo sobre todo de palabra, al notarlo la mujer siente m\u00e1s miedo ante el peligro inminente.<br \/><b>&#8212; Fase III:<\/b> Explosi\u00f3n violenta. En esta fase, el incidente de maltrato grave se hace inevitable, sin necesidad de ninguna intervenci\u00f3n, se caracteriza por una descarga incontrolable de tensiones acumuladas, y se bombardea agresiones f\u00edsicas, verbales e incluso sexuales. En esta fase hay descontrol, puede romper objetos comunes o solo los de la mujer. En muchas ocasiones en esta fase puede intervenir la polic\u00eda ante el llamado de los\/as hijos\/as, de la propia mujer o de vecinos, pero la mujer al ver que el agresor se detiene la situaci\u00f3n cesa y puede volverse reconfortante.<br \/><b>&#8212; Fase IV: <\/b>Negaci\u00f3n. El agresor en muchas ocasiones niega que estos actos fueron realizados por voluntad propia, m\u00e1s al contrario culpabiliza que fueron realizados al no ser escuchado, o que la mujer lo llev\u00f3 a esto por no hacerle caso o por no cumplir lo que \u00e9l ped\u00eda, se\u00f1alando inclusive que fue por provocaci\u00f3n de la mujer, culpando al alcohol, al trabajo, los problemas econ\u00f3micos.<br \/><b>&#8212; Fase V:<\/b> Fase del arrepentimiento. Es una fase temporal, de aparente calma, arrepentimiento, con muestras de conductas de cari\u00f1o, de promesas e incluso regalos, muestra comportamiento de aparente cambio, se muestra cordial, amable y usualmente la mujer perdona la situaci\u00f3n vivenciada, teniendo la esperanza que la relaci\u00f3n va a mejorar, reforzando de manera positiva pero err\u00f3nea, ya que la mujer s\u00ed interpuso la denuncia, desiste del proceso.<\/p>\n<\/div>\n<\/div>\n<\/div>\n<\/div>\n<\/div>\n<\/div>\n<\/div>\n<\/div>\n<\/div>\n<\/div>\n<\/div>\n<\/div>\n<\/div>\n<\/div>\n<\/div>\n<\/div>\n<\/div><\/div>\n<\/div>\n<\/div>\n<\/div>\n<\/div>\n<\/div>\n<\/div>\n<\/section>\n<section class=\"elementor-section elementor-top-section elementor-element elementor-element-59bf0d1 elementor-section-boxed elementor-section-height-default elementor-section-height-default\" data-id=\"59bf0d1\" data-element_type=\"section\">\n<div class=\"elementor-container elementor-column-gap-default\">\n<div class=\"elementor-row\">\n<div class=\"elementor-column elementor-col-100 elementor-top-column elementor-element elementor-element-37d8a14\" data-id=\"37d8a14\" data-element_type=\"column\">\n<div class=\"elementor-column-wrap elementor-element-populated\">\n<div class=\"elementor-widget-wrap\">\n<div class=\"elementor-element elementor-element-79a16a2 elementor-widget elementor-widget-text-editor\" data-id=\"79a16a2\" data-element_type=\"widget\" data-widget_type=\"text-editor.default\">\n<div class=\"elementor-widget-container\">\n<div class=\"elementor-text-editor elementor-clearfix\">\n<div class=\"page\" title=\"Page 15\">\n<div class=\"section\">\n<div class=\"layoutArea\">\n<div class=\"column\">\n<div class=\"page\" title=\"Page 24\">\n<div class=\"section\">\n<div class=\"layoutArea\">\n<div class=\"column\">\n<div class=\"page\" title=\"Page 24\">\n<div class=\"section\">\n<div class=\"layoutArea\">\n<div class=\"column\">\n<div class=\"page\" title=\"Page 24\">\n<div class=\"section\">\n<div class=\"layoutArea\">\n<div class=\"column\">\n<ul>\n<li><b>Amenazas. <\/b>Seg\u00fan la Organizaci\u00f3n Mundial de la Salud, la violencia es entendida como \u201cEl uso intencional de la fuerza o el poder f\u00edsico de hecho o como amenaza, contra uno mismo, otra persona o un grupo o comunidad, que cause o tenga muchas probabilidades de causar lesiones, muertes, da\u00f1o psicol\u00f3gico, trastornos del desarrollo o privaciones\u201d. La Recomendaci\u00f3n General No. 35 del Comit\u00e9 para la Eliminaci\u00f3n de la Discriminaci\u00f3n de la Mujer establece que la violencia en raz\u00f3n de g\u00e9nero contra las mujeres \u201cadopta m\u00faltiples formas, a saber: actos u omisiones destinados a causar o provocar la muerte o un da\u00f1o o sufrimiento f\u00edsico, sexual, psicol\u00f3gico o econ\u00f3mico para las mujeres, amenazas de tales actos, acoso, coacci\u00f3n y privaci\u00f3n arbitraria de la libertad\u201d.<\/li>\n<\/ul>\n<p style=\"padding-left: 40px;\">El marco relacional de la violencia al interior de la familia o en relaciones de (ex) pareja favorece que amenazas proferidas por el agresor hacia la v\u00edctima contengan, en s\u00ed mismas, suficiente entidad como para consider\u00e1rselas veraces y serias, siempre y cuando el contexto de violencia presente una relaci\u00f3n de abuso habitual. Si bien las amenazas pueden llegar a considerarse como manifestaci\u00f3n de la violencia psicol\u00f3gica su consideraci\u00f3n no puede restringirse a la verificaci\u00f3n de las consecuencias emocionales para tomarse en cuenta.<\/p>\n<\/div>\n<\/div>\n<\/div>\n<\/div>\n<\/div>\n<\/div>\n<\/div>\n<\/div>\n<\/div>\n<\/div>\n<\/div>\n<\/div>\n<\/div>\n<\/div>\n<\/div>\n<\/div>\n<\/div><\/div>\n<\/div>\n<\/div>\n<\/div>\n<\/div>\n<\/div>\n<\/div>\n<\/section>\n<section class=\"elementor-section elementor-top-section elementor-element elementor-element-1713766 elementor-section-boxed elementor-section-height-default elementor-section-height-default\" data-id=\"1713766\" data-element_type=\"section\">\n<div class=\"elementor-container elementor-column-gap-default\">\n<div class=\"elementor-row\">\n<div class=\"elementor-column elementor-col-100 elementor-top-column elementor-element elementor-element-b954c41\" data-id=\"b954c41\" data-element_type=\"column\">\n<div class=\"elementor-column-wrap elementor-element-populated\">\n<div class=\"elementor-widget-wrap\">\n<div class=\"elementor-element elementor-element-91a3d67 elementor-widget elementor-widget-text-editor\" data-id=\"91a3d67\" data-element_type=\"widget\" data-widget_type=\"text-editor.default\">\n<div class=\"elementor-widget-container\">\n<div class=\"elementor-text-editor elementor-clearfix\">\n<div class=\"page\" title=\"Page 15\">\n<div class=\"section\">\n<div class=\"layoutArea\">\n<div class=\"column\">\n<div class=\"page\" title=\"Page 24\">\n<div class=\"section\">\n<div class=\"layoutArea\">\n<div class=\"column\">\n<div class=\"page\" title=\"Page 24\">\n<div class=\"section\">\n<div class=\"layoutArea\">\n<div class=\"column\">\n<div class=\"page\" title=\"Page 24\">\n<div class=\"section\">\n<div class=\"layoutArea\">\n<div class=\"column\">\n<p><b>Con relaci\u00f3n a la v\u00edctima y grupos vulnerables<br \/><\/b>Con relaci\u00f3n a v\u00edctimas y grupos vulnerables se consideran definiciones importantes las contenidas en las Reglas de Brasilia respecto al Acceso a la Justicia de las Personas en Condiciones de Vulnerabilidad:<\/p>\n<ul>\n<li><b>V\u00edctima.<\/b> A efectos de las Reglas de Brasilia, sobre el Acceso a la Justicia de las Personas en Condici\u00f3n de Vulnerabilidad, se considera v\u00edctima toda persona f\u00edsica que ha sufrido un da\u00f1o ocasionado por una infracci\u00f3n penal, incluida tanto la lesi\u00f3n f\u00edsica o ps\u00edquica, como el sufrimiento moral y el perjuicio econ\u00f3mico. El t\u00e9rmino v\u00edctima tambi\u00e9n podr\u00e1 incluir, en su caso, a la familia inmediata o las personas que est\u00e1n a cargo de la v\u00edctima directa. Asimismo, el art\u00edculo 76 del C\u00f3digo de Procedimiento Penal modificado por la Ley No. 1173 considera como v\u00edctimas personales a las siguientes:<\/li>\n<\/ul>\n<p style=\"padding-left: 80px;\">1. Las personas directamente ofendidas por el delito.<\/p>\n<p style=\"padding-left: 80px;\">2. Al c\u00f3nyuge o conviviente, a los parientes dentro del cuarto grado de<br \/>consanguinidad o segundo de afinidad, al hijo o padre adoptivo y al<br \/>heredero testamentario, en los delitos cuyo resultado sea la muerte<br \/>del ofendido.<\/p>\n<ul>\n<li><span style=\"font-size: 15px; color: var( --e-global-color-text );\"><b>Ni\u00f1as, ni\u00f1os y adolescentes v\u00edctimas y testigos. <\/b>Es toda persona menor de<\/span>18 a\u00f1os de edad que son v\u00edctimas o testigos de delitos, independiente de su rol en el delito o en la persecuci\u00f3n del posible delincuente o grupo de delincuentes.<\/li>\n<li><b>Persona en situaci\u00f3n de vulnerabilidad.<\/b> Es toda aquella persona que, por raz\u00f3n de su edad, g\u00e9nero, estado f\u00edsico o mental, o por circunstancias sociales, econ\u00f3micas, \u00e9tnicas y\/o culturales, encuentran especiales dificultades para ejercitar con plenitud ante el sistema de justicia los derechos reconocidos por el ordenamiento jur\u00eddico. Podr\u00e1n constituir causas de vulnerabilidad, entre otras, las siguientes: la edad, la discapacidad, la pertenencia a comunidades ind\u00edgenas o minor\u00edas, la victimizaci\u00f3n, la migraci\u00f3n y el desplazamiento interno, la pobreza, el g\u00e9nero y la privaci\u00f3n de libertad. La concreta determinaci\u00f3n de las personas en condici\u00f3n de vulnerabilidad en cada pa\u00eds depender\u00e1 de sus caracter\u00edsticas espec\u00edficas o incluso su nivel de desarrollo social y econ\u00f3mico.<br \/><b>\u2022 Situaci\u00f3n de Violencia.<\/b> Es el conjunto de circunstancias y condiciones de agresi\u00f3n en las que se encuentra una mujer, en un momento determinado de su vida.<\/li>\n<\/ul>\n<\/div>\n<\/div>\n<\/div>\n<\/div>\n<\/div>\n<\/div>\n<\/div>\n<\/div>\n<\/div>\n<\/div>\n<\/div>\n<\/div>\n<\/div>\n<\/div>\n<\/div>\n<\/div>\n<\/div><\/div>\n<\/div>\n<\/div>\n<\/div>\n<\/div>\n<\/div>\n<\/div>\n<\/section>\n<section class=\"elementor-section elementor-top-section elementor-element elementor-element-bf89abd elementor-section-boxed elementor-section-height-default elementor-section-height-default\" data-id=\"bf89abd\" data-element_type=\"section\">\n<div class=\"elementor-container elementor-column-gap-default\">\n<div class=\"elementor-row\">\n<div class=\"elementor-column elementor-col-100 elementor-top-column elementor-element elementor-element-74f982c\" data-id=\"74f982c\" data-element_type=\"column\">\n<div class=\"elementor-column-wrap elementor-element-populated\">\n<div class=\"elementor-widget-wrap\">\n<div class=\"elementor-element elementor-element-4c2a090 elementor-widget elementor-widget-text-editor\" data-id=\"4c2a090\" data-element_type=\"widget\" data-widget_type=\"text-editor.default\">\n<div class=\"elementor-widget-container\">\n<div class=\"elementor-text-editor elementor-clearfix\">\n<div class=\"page\" title=\"Page 15\">\n<div class=\"section\">\n<div class=\"layoutArea\">\n<div class=\"column\">\n<div class=\"page\" title=\"Page 24\">\n<div class=\"section\">\n<div class=\"layoutArea\">\n<div class=\"column\">\n<div class=\"page\" title=\"Page 24\">\n<div class=\"section\">\n<div class=\"layoutArea\">\n<div class=\"column\">\n<div class=\"page\" title=\"Page 24\">\n<div class=\"section\">\n<div class=\"layoutArea\">\n<div class=\"column\">\n<p><b>Con relaci\u00f3n a los derechos de las v\u00edctimas<\/b><\/p>\n<p>De los est\u00e1ndares internacionales descritos, as\u00ed como de la jurisprudencia y la doctrina internacionales, se desprenden como est\u00e1ndares generales sobre el tratamiento de las v\u00edctimas por parte de los servicios de atenci\u00f3n, los siguientes:<\/p>\n<p style=\"padding-left: 40px;\"><b>\u2022 Trato digno.<\/b> Todas las instancias de atenci\u00f3n y protecci\u00f3n a las v\u00edctimas deben respetar su dignidad y derechos en todas las etapas del proceso, garantiz\u00e1ndose su seguridad, privacidad, bienestar f\u00edsico y psicol\u00f3gico, as\u00ed como el de sus familias no debiendo ser objeto de malos tratos por parte del personal que las atienda.<\/p>\n<p style=\"padding-left: 40px;\"><b>\u2022 Participaci\u00f3n.<\/b> Toda v\u00edctima tiene derecho a participar activamente en todas las etapas del proceso y a expresar libremente su criterio y opini\u00f3n sobre cualquier asunto y con sus propias palabras; tambi\u00e9n a contribuir y participar, especialmente en las decisiones que afecten su vida, incluyendo aquellas que se den dentro del proceso judicial y que esos puntos de vista sean tomados en cuenta. Para ello, la v\u00edctima debe ser informada de manera comprensible sobre para lo que debe recibir informaci\u00f3n relevante sobre su caso y sobre sus derechos y las actividades que debe realizar para ejercerlos a lo largo del proceso judicial, de modo que cuente con la informaci\u00f3n necesaria para la toma de las decisiones garantizando el efectivo acceso a la justicia.<\/p>\n<p style=\"padding-left: 40px;\"><b>\u2022 Protecci\u00f3n y seguridad.<\/b> Las v\u00edctimas, sus familiares y testigos deben ser protegidas contra toda forma de intimidaci\u00f3n o represalia como consecuencia de sus denuncias, testimonios o participaci\u00f3n en procedimientos penales, antes, durante y despu\u00e9s del juicio. Deber\u00e1n adoptarse las medidas de protecci\u00f3n acorde a la especificidad de cada caso, el posible v\u00ednculo de la v\u00edctima con el agresor, la edad, sexo, cultura entre otras.<\/p>\n<p style=\"padding-left: 40px;\"><b>\u2022 Privacidad y confidencialidad. <\/b>Las autoridades judiciales, servidoras y servidores p\u00fablicos, y el personal de instituciones privadas tienen la obligaci\u00f3n de mantener reserva y resguardar la identidad e imagen de la v\u00edctima, que se vea involucrada en cualquier tipo de proceso y de restringir el acceso a la documentaci\u00f3n sobre los mismos, salvo autorizaci\u00f3n expresa de la autoridad competente o de la v\u00edctima en el caso de las mujeres. Deben tambi\u00e9n protegerla de todas las formas de publicidad que pudiera afectar indebidamente su vida privada, su dignidad o exponerla a una revictimizaci\u00f3n o actos de intimidaci\u00f3n.<\/p>\n<p style=\"padding-left: 40px;\"><b>\u2022 Derecho a un recurso efectivo.<\/b> Las v\u00edctimas y sus familiares tienen derecho a un recurso efectivo ante un tribunal competente, independiente e imparcial establecido por Ley, as\u00ed como a formular una denuncia penal, participar en los procedimientos penales y contar con la necesaria legitimidad procesal en los procedimientos penales.<\/p>\n<p style=\"padding-left: 40px;\"><b>\u2022 Derecho a una investigaci\u00f3n eficaz. <\/b>Las v\u00edctimas y\/o sus familiares tienen derecho a una investigaci\u00f3n eficaz orientada a identificar a los responsables, as\u00ed como a su persecuci\u00f3n, captura y enjuiciamiento. Este derecho incluye que las v\u00edctimas puedan presentar, solicitar la pr\u00e1ctica e impugnar testimonios y pruebas, as\u00ed como a ser informadas de la investigaci\u00f3n y sus resultados, y a tener legitimaci\u00f3n procesal dentro del litigio.<\/p>\n<p style=\"padding-left: 40px;\"><b>\u2022 Derecho al apoyo y asistencia.<\/b> Las v\u00edctimas y sus familiares tienen derecho a recibir el apoyo y la asistencia material, jur\u00eddica, m\u00e9dica, psicol\u00f3gica y social que sea necesaria, por conducto de los medios gubernamentales, comunitarios o sociales que los tengan disponibles. Estos servicios deber\u00e1n ser de f\u00e1cil acceso, competentes e id\u00f3neos, respetar la confidencialidad y ser pertinentes ling\u00fc\u00edstica y culturalmente.<\/p>\n<p style=\"padding-left: 40px;\"><b>\u2022 Derecho a la reparaci\u00f3n y a conocer la verdad. <\/b>Las v\u00edctimas y sus familiares as\u00ed como toda otra persona que haya sufrido da\u00f1os y perjuicios como consecuencia del delito, tiene derecho a recibir reparaci\u00f3n. Reparaci\u00f3n es un t\u00e9rmino general que incluye diferentes formas de resarcimiento del da\u00f1o, entre ellas: la restituci\u00f3n, la indemnizaci\u00f3n, la rehabilitaci\u00f3n y la satisfacci\u00f3n, todas ellas pueden ser acumulativas seg\u00fan las especificidades del caso.<\/p>\n<p style=\"padding-left: 40px;\"><b>\u2022 Derecho a la obtenci\u00f3n, en un plazo razonable, de una sentencia<\/b> que ordene la reparaci\u00f3n integral del da\u00f1o, material y moral, as\u00ed como que revele la verdad sobre el delito, los motivos y circunstancias en los que fue cometido y los perpetradores y su nivel de participaci\u00f3n. Derecho a impugnar la sentencia judicial ante un tribunal superior.<\/p>\n<\/div>\n<\/div>\n<\/div>\n<\/div>\n<\/div>\n<\/div>\n<\/div>\n<\/div>\n<\/div>\n<\/div>\n<\/div>\n<\/div>\n<\/div>\n<\/div>\n<\/div>\n<\/div>\n<\/div><\/div>\n<\/div>\n<\/div>\n<\/div>\n<\/div>\n<\/div>\n<\/div>\n<\/section>\n<section class=\"elementor-section elementor-top-section elementor-element elementor-element-9c5568b elementor-section-boxed elementor-section-height-default elementor-section-height-default\" data-id=\"9c5568b\" data-element_type=\"section\">\n<div class=\"elementor-container elementor-column-gap-default\">\n<div class=\"elementor-row\">\n<div class=\"elementor-column elementor-col-100 elementor-top-column elementor-element elementor-element-2a06469\" data-id=\"2a06469\" data-element_type=\"column\">\n<div class=\"elementor-column-wrap elementor-element-populated\">\n<div class=\"elementor-widget-wrap\">\n<div class=\"elementor-element elementor-element-57f545c elementor-widget elementor-widget-text-editor\" data-id=\"57f545c\" data-element_type=\"widget\" data-widget_type=\"text-editor.default\">\n<div class=\"elementor-widget-container\">\n<div class=\"elementor-text-editor elementor-clearfix\">\n<div class=\"page\" title=\"Page 15\">\n<div class=\"section\">\n<div class=\"layoutArea\">\n<div class=\"column\">\n<div class=\"page\" title=\"Page 24\">\n<div class=\"section\">\n<div class=\"layoutArea\">\n<div class=\"column\">\n<div class=\"page\" title=\"Page 24\">\n<div class=\"section\">\n<div class=\"layoutArea\">\n<div class=\"column\">\n<div class=\"page\" title=\"Page 24\">\n<div class=\"section\">\n<div class=\"layoutArea\">\n<div class=\"column\">\n<p><b>Con relaci\u00f3n a la discriminaci\u00f3n<\/b><\/p>\n<p>Se discrimina cuando, con base en alguna distinci\u00f3n injustificada y arbitraria, relacionada con las caracter\u00edsticas de una persona o su pertenencia a alg\u00fan grupo espec\u00edfico, se realizan actos o conductas que niegan a las personas la igualdad de trato, produci\u00e9ndoles un da\u00f1o que puede traducirse en la anulaci\u00f3n o restricci\u00f3n del goce de sus derechos humanos.<\/p>\n<p>La Ley No. 045 define la discriminaci\u00f3n como a \u201ctoda forma de distinci\u00f3n, exclusi\u00f3n, restricci\u00f3n o preferencia fundada en raz\u00f3n de sexo, color, edad, orientaci\u00f3n sexual e identidad de g\u00e9neros, origen, cultura, nacionalidad, ciudadan\u00eda, idioma, credo religioso, ideolog\u00eda, filiaci\u00f3n pol\u00edtica o filos\u00f3fica, estado civil, condici\u00f3n econ\u00f3mica, social o de salud, profesi\u00f3n, ocupaci\u00f3n u oficio, grado de instrucci\u00f3n, capacidades diferentes y\/o discapacidad f\u00edsica intelectual o sensorial, estado de embarazo, procedencia, apariencia f\u00edsica, vestimenta, apellido u otras que tengan por objetivo o resultado anular o menoscabar el reconocimiento, goce o ejercicio, en condiciones de igualdad, de derechos humanos y libertades fundamentales reconocidos por la Constituci\u00f3n Pol\u00edtica del Estado y el derecho internacional. No se considerar\u00e1 discriminaci\u00f3n a las medidas de acci\u00f3n afirmativa\u201d.<\/p>\n<p>Algunas conductas basadas en la discriminaci\u00f3n o que se expresan a trav\u00e9s de ella de acuerdo a la Ley No. 045 son:<\/p>\n<p style=\"padding-left: 80px;\"><b>&#8212; Misoginia.<\/b> Se entiende por misoginia cualquier conducta o comportamiento de odio manifiesto contra las mujeres o g\u00e9nero femenino, independientemente de la edad, origen y\/o grado de instrucci\u00f3n que logre o pretenda vulnerar directa o indirectamente los Derechos Humanos y los principios previsto en esta Ley.<\/p>\n<p style=\"padding-left: 80px;\"><b>&#8212; Homofobia. <\/b>Se refiere a la aversi\u00f3n, odio, prejuicio o discriminaci\u00f3n contra hombres o mujeres homosexuales, tambi\u00e9n se incluye a las dem\u00e1s personas que integran a la diversidad sexual.<\/p>\n<p style=\"padding-left: 80px;\"><b>&#8212; Transfobia. <\/b>Se entiende como la discriminaci\u00f3n hacia la transexualidad y las personas transexuales o transg\u00e9nero, basada en su identidad de g\u00e9nero.<\/p>\n<p style=\"padding-left: 80px;\"><b>&#8212; Xenofobia. <\/b>Se entiende como el odio y rechazo al extranjero o extranjera, con manifestaciones que van desde el rechazo m\u00e1s o menos manifiesto, el desprecio y las amenazas, hasta las agresiones y diversas formas de violencia.<\/p>\n<p>Respecto a la violencia contra ni\u00f1as, ni\u00f1as y adolescentes deben tomarse en cuenta las siguientes definiciones:<\/p>\n<p style=\"padding-left: 40px;\"><b>\u2022 Adultocentrismo. <\/b>Destaca la superioridad de los adultos por sobre las generaciones j\u00f3venes y se\u00f1ala el acceso a ciertos privilegios por el solo hecho de ser adultos. Ser adulto es el modelo ideal de persona por el cual el sujeto puede integrarse, ser productivo y alcanzar el respeto de la sociedad.<\/p>\n<p style=\"padding-left: 40px;\"><b>\u2022 Relaciones desiguales de poder entre las generaciones (entre adultos y ni\u00f1as, ni\u00f1os y adolescentes).<\/b> Las relaciones de poder entre los diferentes grupos de edad no son tradicionalmente igualitarias, est\u00e1n jerarquizadas. El adultocentrismo indica que existen relaciones de poder entre los diferentes grupos de edad que son asim\u00e9tricas en favor de los adultos, es decir, que estos se ubican en una posici\u00f3n de superioridad.<\/p>\n<p>Con relaci\u00f3n a la discriminaci\u00f3n de g\u00e9nero debe tomarse en cuenta las siguientes definiciones:<\/p>\n<p style=\"padding-left: 40px;\"><b>\u2022 Patriarcado: <\/b>Es la manifestaci\u00f3n y la institucionalizaci\u00f3n de dicho dominio sobre las mujeres y las hijas e hijos de \u00e9stas. Esto significa que son hombres los que detentan el poder en todas las instituciones de la sociedad, especialmente las regladas, aunque esto no implica que las mujeres carezcan de ning\u00fan poder o que est\u00e9n privadas totalmente de derechos, recursos e influencias. El patriarcado otorga un mayor acceso a los hombres que a las mujeres a los recursos de las estructuras de poder, tanto fuera como dentro de los hogares; en el \u00e1mbito p\u00fablico y en el privado.<\/p>\n<p style=\"padding-left: 40px;\"><b>\u2022 Estereotipo de g\u00e9nero: <\/b>Es una imagen o idea com\u00fanmente aceptada en la que se atribuyen caracter\u00edsticas determinadas a cierto grupo o tipo de personas, que lleva a considerar a todos sus integrantes o a todas ellas como portadoras del mismo tipo de caracter\u00edsticas, sin que dicha atribuci\u00f3n obedezca a un an\u00e1lisis objetivo y concreto de las caracter\u00edsticas espec\u00edficas de la persona de que se trate. Se forma al atribuir caracter\u00edsticas generales a las y los integrantes de un grupo, con lo que no se concibe a las personas en funci\u00f3n de sus propias caracter\u00edsticas, sino de ideas generales, a veces exageradas y frecuentemente falsas, que giran en torno a la creencia de que todos los miembros del grupo son de una forma determinada.<\/p>\n<p style=\"padding-left: 40px;\"><b>\u2022 Prejuicio de G\u00e9nero:<\/b> Se forma al juzgar a una persona con antelaci\u00f3n, es decir, prejuzgarla, emitir una opini\u00f3n o juicio \u2014generalmente desfavorable\u2014 sobre una persona a la que no se conoce, a partir de cualquier caracter\u00edstica o motivo superficial. Los prejuicios son una forma de juzgar lo distinto a nosotros sin conocerlo, considerando lo diferente como malo, err\u00f3neo, inaceptable o inadecuado.<\/p>\n<p style=\"padding-left: 40px;\"><b>\u2022 Norma y rol de g\u00e9nero:<\/b> Las normas de g\u00e9nero son expectativas de la sociedad con respecto a actitudes y comportamientos aceptables para los hombres y para las mujeres, ya sea en la infancia, la juventud, la edad adulta, o las personas adultas mayores.<\/p>\n<p style=\"padding-left: 40px;\"><b>\u2022 Relaciones desiguales de poder entre los g\u00e9neros: <\/b>La discriminaci\u00f3n contra la mujer, por el hecho de ser mujer se enmarca dentro de un sistema sociocultural de dominaci\u00f3n y subordinaci\u00f3n que se denomina patriarcado, sistema que se sustenta ideol\u00f3gicamente en preceptos androc\u00e9ntricos \u2013 mirada masculina del universo\u2013 que legitiman pr\u00e1cticas de discriminaci\u00f3n y de violencia, basada en los roles atribuidos como naturales y biol\u00f3gicos de unos y otros y en el discurso de superioridad de los masculino, sobre los femenino que busca, a su vez controlarlas y mantenerlas dentro del modelo que el patriarcado ha querido imponerles. Cuando se habla de una relaci\u00f3n de poder no, necesariamente, se hace referencia a una relaci\u00f3n pre existente al hecho violento entre v\u00edctima y agresor si no que \u00e9ste implica un hecho de ejercicio de poder que utiliza la violencia como instrumento de control, se manifiesta en conductas dirigidas a afectar, comprometer o limitar el libre desenvolvimiento de la personalidad de la mujer por razones de g\u00e9nero, como en los casos de violencia sexual por lo que ella puede ser ejercida por un desconocido.<\/p>\n<p style=\"padding-left: 40px;\"><b>\u2022 Subordinaci\u00f3n de la mujer: <\/b>Sometimiento de la mujer al control y dependencia del var\u00f3n. P\u00e9rdida del control de la mujer sobre diversos aspectos de su vida tales como: sexualidad, su capacidad reproductiva, su capacidad de trabajo, entre otros aspectos. La subordinaci\u00f3n de la mujer se evidencia en:<\/p>\n<p style=\"padding-left: 80px;\">a) Subordinaci\u00f3n econ\u00f3mica que se manifiesta como trabajo no remunerado, falta de acceso a capital y tecnolog\u00eda, desigualdades en materia salarial, discriminaci\u00f3n ocupacional;<\/p>\n<p style=\"padding-left: 80px;\">b) Subordinaci\u00f3n pol\u00edtica que se manifiesta como aislamiento f\u00edsico en la unidad dom\u00e9stica, falta de poder econ\u00f3mico, estructura familiar dictatorial, bajo grado de participaci\u00f3n en organizaciones de masa, falta de representaci\u00f3n en instancias pol\u00edticas, dependencia en \u00f3rganos pol\u00edticos;<\/p>\n<p style=\"padding-left: 80px;\">c) Subordinaci\u00f3n cultural que se experimenta en discriminaci\u00f3n educativa, desvalorizaci\u00f3n de la mujer, trato de la mujer como objeto sexual y unidimensional como madre, limitaciones para el control de la natalidad.<\/p>\n<p style=\"padding-left: 40px;\"><span style=\"color: var( --e-global-color-text ); font-size: 15px;\"><b>\u2022 Sexismo: <\/b>Conjunto de actitudes, comportamientos y valores que se\u00a0<\/span><span style=\"font-size: 15px; color: var( --e-global-color-text );\">fundamentan, m\u00e1s o menos inconscientemente, en una concepci\u00f3n de las\u00a0<\/span><span style=\"font-size: 15px; color: var( --e-global-color-text );\">mujeres como seres inferiores o subordinados. El sexismo es una actitud\u00a0<\/span><span style=\"font-size: 15px; color: var( --e-global-color-text );\">derivada de la supremac\u00eda masculina, se basa en la hegemon\u00eda de los\u00a0<\/span><span style=\"font-size: 15px; color: var( --e-global-color-text );\">hombres y en todas aquellas creencias que la respaldan y la legitiman.<\/span><\/p>\n<p style=\"padding-left: 40px;\"><span style=\"font-size: 15px; color: var( --e-global-color-text );\"><b>\u2022 Familismo:<\/b> Esta situaci\u00f3n es producto de las concepciones tradicionales,\u00a0<\/span><span style=\"font-size: 15px; color: var( --e-global-color-text );\">que ubican a la mujer como \u00fanica responsable del cuidado del hogar. De\u00a0<\/span><span style=\"font-size: 15px; color: var( --e-global-color-text );\">acuerdo a las costumbres predominantes en las sociedades tradicionales, el\u00a0<\/span><span style=\"font-size: 15px; color: var( --e-global-color-text );\">deber ser de la mujer era ser madre y dedicarse a la familia, el cumplimiento\u00a0<\/span><span style=\"font-size: 15px; color: var( --e-global-color-text );\">de estos roles suele utilizarse para justificar la violencia.<\/span><\/p>\n<p>Algunos hechos de violencia contra ni\u00f1as, ni\u00f1os, adolescentes y mujeres est\u00e1n dirigidos contra ellos por orientaci\u00f3n sexual e identidad de g\u00e9nero, algunas definiciones relevantes al respecto son las siguientes:<\/p>\n<p style=\"padding-left: 40px;\"><b>\u2022 Cr\u00edmenes de odio: <\/b>Los cr\u00edmenes de odio son aquellos actos criminales motivados por prejuicio basado en una caracter\u00edstica protegida, como raza, religi\u00f3n, etnicidad, origen nacional, orientaci\u00f3n sexual, g\u00e9nero,\u00a0<span style=\"font-size: 15px; color: var( --e-global-color-text );\">identidad de g\u00e9nero, discapacidad u otros estatus. Esta agresi\u00f3n tiene la\u00a0<\/span><span style=\"font-size: 15px; color: var( --e-global-color-text );\">intenci\u00f3n de causar da\u00f1os graves o muerte a la v\u00edctima, y est\u00e1 basada en el\u00a0<\/span><span style=\"font-size: 15px; color: var( --e-global-color-text );\">rechazo, desprecio, odio y\/o discriminaci\u00f3n hacia un colectivo de personas\u00a0<\/span><span style=\"font-size: 15px; color: var( --e-global-color-text );\">hist\u00f3ricamente vulneradas y\/o discriminadas, siendo en este caso nuestro\u00a0<\/span><span style=\"font-size: 15px; color: var( --e-global-color-text );\">objeto de relevamiento y observaci\u00f3n el colectivo de personas lesbianas,\u00a0<\/span><span style=\"font-size: 15px; color: var( --e-global-color-text );\">gay, bisexuales, transexuales e intersexuales (LGBTIQ+).<\/span><\/p>\n<p style=\"padding-left: 40px;\"><span style=\"font-size: 15px; color: var( --e-global-color-text );\"><b>\u2022 Diversidad sexual y de g\u00e9nero:<\/b> Es un t\u00e9rmino que se utiliza com\u00fanmente\u00a0<\/span><span style=\"font-size: 15px; color: var( --e-global-color-text );\">para referirse a todas aquellas personas que escapan al binarismo sexual\u00a0<\/span><span style=\"font-size: 15px; color: var( --e-global-color-text );\">(hombre\/mujer) y a la heteronormatividad; refleja la diversidad en\u00a0<\/span><span style=\"font-size: 15px; color: var( --e-global-color-text );\">t\u00e9rminos afectivos a partir de otros tipos de orientaci\u00f3n sexual diferentes al\u00a0<\/span><span style=\"font-size: 15px; color: var( --e-global-color-text );\">heterosexual, y tambi\u00e9n identidades de g\u00e9nero diversas que a veces no se\u00a0<\/span><span style=\"font-size: 15px; color: var( --e-global-color-text );\">adec\u00faan a lo que generalmente consideramos como femenino o masculino.\u00a0<\/span><span style=\"font-size: 15px; color: var( --e-global-color-text );\">Cada ser humano expresa y vive su sexualidad de manera personal e <\/span><span style=\"font-size: 15px; color: var( --e-global-color-text );\">individual.<\/span><\/p>\n<p style=\"padding-left: 40px;\"><span style=\"font-size: 15px; color: var( --e-global-color-text );\"><b>\u2022 Identidad de g\u00e9nero:<\/b> Es la vivencia interna y personal que cada uno tiene\u00a0<\/span><span style=\"font-size: 15px; color: var( --e-global-color-text );\">respecto a los roles de g\u00e9nero. La mayor\u00eda de las personas sienten que su\u00a0<\/span><span style=\"font-size: 15px; color: var( --e-global-color-text );\">identidad de g\u00e9nero se corresponde con su sexo de nacimiento; o sea que nacieron hombres y se perciben a s\u00ed mismos como tales o nacieron mujeres y se perciben a s\u00ed mismas como tales. Sin embargo, existen muchas otras personas que se identifican con el g\u00e9nero opuesto a su sexo de nacimiento. Este es el caso de personas transexuales y transg\u00e9nero, en las cuales la identidad de g\u00e9nero que asumen corresponde a su sexo psicol\u00f3gico y no a su sexo f\u00edsico, y desean ser respetados, nombrados y vistos seg\u00fan esa identidad de g\u00e9nero.<\/span><\/p>\n<p style=\"padding-left: 40px;\"><span style=\"font-size: 15px; color: var( --e-global-color-text );\"><b>\u2022 Orientaci\u00f3n sexual: <\/b>Es la atracci\u00f3n emocional, f\u00edsica, sexual y afectiva que una persona siente por otra. Esta atracci\u00f3n puede dirigirse a personas del sexo opuesto, a personas del mismo sexo o a personas de ambos sexos. La orientaci\u00f3n sexual no es una elecci\u00f3n personal; es algo que surge espont\u00e1neamente en cada persona como parte de su personalidad y sexualidad, y por lo tanto no puede ser cambiada por decisi\u00f3n ni por imposici\u00f3n. La orientaci\u00f3n sexual es solo una parte de la vida personal de cada ser humano y no determina sus capacidades, habilidades, etc. y no deber\u00eda ser un factor relevante en el reconocimiento de sus derechos humanos.<br \/>Algunas otras definiciones importantes se encuentran desarrolladas en la Ley de Identidad de G\u00e9nero.<\/span><\/p>\n<\/div>\n<\/div>\n<\/div>\n<\/div>\n<\/div>\n<\/div>\n<\/div>\n<\/div>\n<\/div>\n<\/div>\n<\/div>\n<\/div>\n<\/div>\n<\/div>\n<\/div>\n<\/div>\n<\/div><\/div>\n<\/div>\n<\/div>\n<\/div>\n<\/div>\n<\/div>\n<\/div>\n<\/section>\n<section class=\"elementor-section elementor-top-section elementor-element elementor-element-eee332f elementor-section-boxed elementor-section-height-default elementor-section-height-default\" data-id=\"eee332f\" data-element_type=\"section\">\n<div class=\"elementor-container elementor-column-gap-default\">\n<div class=\"elementor-row\">\n<div class=\"elementor-column elementor-col-100 elementor-top-column elementor-element elementor-element-4b52b6c\" data-id=\"4b52b6c\" data-element_type=\"column\">\n<div class=\"elementor-column-wrap elementor-element-populated\">\n<div class=\"elementor-widget-wrap\">\n<div class=\"elementor-element elementor-element-ca7948c elementor-widget elementor-widget-text-editor\" data-id=\"ca7948c\" data-element_type=\"widget\" data-widget_type=\"text-editor.default\">\n<div class=\"elementor-widget-container\">\n<div class=\"elementor-text-editor elementor-clearfix\">\n<div class=\"page\" title=\"Page 15\">\n<div class=\"section\">\n<div class=\"layoutArea\">\n<div class=\"column\">\n<div class=\"page\" title=\"Page 24\">\n<div class=\"section\">\n<div class=\"layoutArea\">\n<div class=\"column\">\n<div class=\"page\" title=\"Page 24\">\n<div class=\"section\">\n<div class=\"layoutArea\">\n<div class=\"column\">\n<div class=\"page\" title=\"Page 24\">\n<div class=\"section\">\n<div class=\"layoutArea\">\n<div class=\"column\">\n<p><b>Con relaci\u00f3n a la no revictimizaci\u00f3n<\/b><\/p>\n<p style=\"padding-left: 40px;\">\u2022 La revictimizaci\u00f3n es el conjunto de acciones u omisiones que generan en la v\u00edctima un recuerdo victimizante (recordar y revivir lo ocurrido en el momento del hecho delictivo) o que generen un da\u00f1o o un perjuicio adicional a los da\u00f1os derivados del momento de la comisi\u00f3n del delito. Es altamente ofensivo para la persona, pues se generan estados de ansiedad, estr\u00e9s o angustia que afectan a su vida cotidiana.<\/p>\n<p>Las siguientes conductas son ejemplos de acciones revictimizantes que no debieran producirse durante la atenci\u00f3n a las v\u00edctimas de violencia:<\/p>\n<p style=\"padding-left: 40px;\">\u2022 Brindarle una mala atenci\u00f3n o actuar negligentemente.<\/p>\n<p style=\"padding-left: 40px;\">\u2022 No priorizar la atenci\u00f3n a v\u00edctimas, especialmente, vulnerables por su condici\u00f3n de edad, discapacidad, estado de salud, etc.<\/p>\n<p style=\"padding-left: 40px;\">\u2022 Demorar injustificadamente la atenci\u00f3n a la v\u00edctima, negarle el servicio o derivarla a otra instancia indebidamente.<\/p>\n<p style=\"padding-left: 40px;\">\u2022 Realizar m\u00e1s de una entrevista o m\u00e1s de una declaraci\u00f3n.<\/p>\n<p style=\"padding-left: 40px;\">\u2022 Tomar fotograf\u00edas innecesarias o impertinentes de la v\u00edctima.<\/p>\n<p style=\"padding-left: 40px;\">\u2022 Emplear una actitud (verbal, no verbal y de comportamiento) acusadora o culpabilizante hacia la v\u00edctima.<\/p>\n<p style=\"padding-left: 40px;\">\u2022 Descalificar o restar cr\u00e9dito a su palabra, poniendo en duda su denuncia o declaraci\u00f3n.<\/p>\n<p style=\"padding-left: 40px;\">\u2022 Minimizar los hechos sucedidos, anticipar presunciones sobre las circunstancias, causas y consecuencias de la violencia.<\/p>\n<p style=\"padding-left: 40px;\">\u2022 Estigmatizar a la v\u00edctima de un delito.<\/p>\n<p style=\"padding-left: 40px;\">\u2022 No aplicar la escucha activa, al no prestarle atenci\u00f3n o interrumpiendo innecesariamente su relato.<\/p>\n<p style=\"padding-left: 40px;\">\u2022 Utilizar un vocabulario o lenguaje t\u00e9cnico con la v\u00edctima o esperar que ella lo utilice.<\/p>\n<p style=\"padding-left: 40px;\">\u2022 No brindar la atenci\u00f3n integral y el acompa\u00f1amiento que requiera durante todo el proceso.<\/p>\n<p style=\"padding-left: 40px;\">\u2022 Cuestionar o exponer la vida \u00edntima o sexual de la v\u00edctima.<\/p>\n<p style=\"padding-left: 40px;\">\u2022 No brindar informaci\u00f3n adecuada a la v\u00edctima directa o indirecta.<\/p>\n<p style=\"padding-left: 40px;\">\u2022 Solicitar a la v\u00edctima realizar notificaciones.<\/p>\n<p style=\"padding-left: 40px;\">\u2022 Exponer a la v\u00edctima a la escena de los hechos innecesariamente, cuando no se toman los recaudos necesarios para evitar su sufrimiento.<\/p>\n<p style=\"padding-left: 40px;\">\u2022 No tomar los recaudos necesarios para evitar el encuentro entre v\u00edctima y el agresor.<\/p>\n<p style=\"padding-left: 40px;\">\u2022 Transferir a la v\u00edctima los costos de investigaciones u otras actuaciones.<\/p>\n<p style=\"padding-left: 40px;\">\u2022 No respetar la reserva o confidencialidad sobre aspectos que hacen la privacidad o intimidad de la v\u00edctima probando su exposici\u00f3n p\u00fablica.<\/p>\n<p style=\"padding-left: 40px;\">\u2022 Tomar decisiones a nombre de la v\u00edctima o ignorar sus decisiones,\u00a0<span style=\"font-size: 15px; color: var( --e-global-color-text );\">independientemente de su edad.<\/span><\/p>\n<p style=\"padding-left: 40px;\"><span style=\"font-size: 15px; color: var( --e-global-color-text );\">\u2022 Incumplir, de cualquier manera, con el deber de debida diligencia.<\/span><\/p>\n<\/div>\n<\/div>\n<\/div>\n<\/div>\n<\/div>\n<\/div>\n<\/div>\n<\/div>\n<\/div>\n<\/div>\n<\/div>\n<\/div>\n<\/div>\n<\/div>\n<\/div>\n<\/div>\n<\/div><\/div>\n<\/div>\n<\/div>\n<\/div>\n<\/div>\n<\/div>\n<\/div>\n<\/section>\n<section class=\"elementor-section elementor-top-section elementor-element elementor-element-069edfc elementor-section-boxed elementor-section-height-default elementor-section-height-default\" data-id=\"069edfc\" data-element_type=\"section\">\n<div class=\"elementor-container elementor-column-gap-default\">\n<div class=\"elementor-row\">\n<div class=\"elementor-column elementor-col-100 elementor-top-column elementor-element elementor-element-b4e2946\" data-id=\"b4e2946\" data-element_type=\"column\">\n<div class=\"elementor-column-wrap elementor-element-populated\">\n<div class=\"elementor-widget-wrap\">\n<div class=\"elementor-element elementor-element-7f86b99 elementor-widget elementor-widget-text-editor\" data-id=\"7f86b99\" data-element_type=\"widget\" data-widget_type=\"text-editor.default\">\n<div class=\"elementor-widget-container\">\n<div class=\"elementor-text-editor elementor-clearfix\"><b>Con relaci\u00f3n a la atenci\u00f3n, protecci\u00f3n, sanci\u00f3n y reparaci\u00f3n del da\u00f1o<\/b>\n<p>En la atenci\u00f3n a v\u00edctimas se deber\u00e1 tener en cuenta los siguientes t\u00e9rminos:<\/p>\n<p style=\"padding-left: 40px;\"><b>\u2022 Asistencia.<\/b> Refiere principalmente a escuchar a la v\u00edctima y reconocer las necesidades prioridades requeridas, de \u00e9sta o de su entorno. Este proceso en un primer momento, no implica someter a la v\u00edctima a un interrogatorio o valoraci\u00f3n.<\/p>\n<p style=\"padding-left: 40px;\"><b>\u2022 Atenci\u00f3n Integral.<\/b> Es la acci\u00f3n coordinada de proporcionar medios para la satisfacci\u00f3n de las necesidades prioritarias de salud, seguridad, bienestar, psicol\u00f3gicas y legal de las v\u00edctimas. La integralidad de la atenci\u00f3n brindada est\u00e1 concebida como un todo sist\u00e9mico, es decir que, no consiste en la mera suma de los servicios a los que las mujeres pueden acceder, sino que asegura que para cada v\u00edctima de violencia, se determinaran los servicios y apoyos necesarios en funci\u00f3n de su caso espec\u00edfico y se ofrecer\u00e1n en forma coordinada e integral.<\/p>\n<p style=\"padding-left: 40px;\"><b>\u2022 Atenci\u00f3n terap\u00e9utica. <\/b>La atenci\u00f3n especializada por un profesional en psicolog\u00eda incluye un plan de sesiones terap\u00e9uticas destinadas a superar el hecho violento y promover la resiliencia y la reintegraci\u00f3n a la vida cotidiana, reduciendo al mismo el impacto del hecho traum\u00e1tico. Esta intervenci\u00f3n trat\u00e1ndose de NNA debe abarcar tanto a v\u00edctima como a su familia.<\/p>\n<p style=\"padding-left: 40px;\"><b>\u2022 Protecci\u00f3n. <\/b>Consiste en adoptar medidas mediatas e inmediatas para resguardar la integridad f\u00edsica, psicol\u00f3gica y emocional de la v\u00edctima, testigos y su entorno.<\/p>\n<p style=\"padding-left: 40px;\"><b>\u2022 Intervenci\u00f3n en crisis.<\/b> La intervenci\u00f3n en crisis es el proceso de ayuda dirigida a auxiliar a una persona para soportar un suceso traum\u00e1tico, de modo que la probabilidad de debilitar los efectos se aminore.<\/p>\n<p style=\"padding-left: 40px;\"><b>\u2022 Acompa\u00f1amiento.<\/b> Es el apoyo que se debe otorgar a las v\u00edctimas de violencia desde el momento que tienen contacto con las instituciones; para garantizar que la misma no se encuentre sola y desorientada en las diferentes actuaciones procesales.<\/p>\n<p style=\"padding-left: 40px;\"><b>\u2022 Valoraci\u00f3n de riesgo.<\/b> La valoraci\u00f3n del riesgo de violencia es un proceso de reuni\u00f3n de informaci\u00f3n sobre los antecedentes de la violencia, la v\u00edctima y el agresor, dirigido a la toma de decisiones en materia de seguridad, en funci\u00f3n del riesgo de que se vuelva a producir un acto violento. Es decir, es un proceso que debe contemplar como fin \u00faltimo la gesti\u00f3n y la prevenci\u00f3n de la conducta violenta.<\/p>\n<p style=\"padding-left: 40px;\"><b>\u2022 Medidas de protecci\u00f3n<a class=\"tooltips\" title=\"Revisar los dict\u00e1menes en los casos Caso \u015eahide Goekce (fallecida) vs. Austria, Caso Fatma Yildirim (fallecida) vs. Austria. Tambi\u00e9n el Caso Jessica Lenahan (Gonzales) y otros Vs. Estados Unidos de la CIDH y la SCP 033\/2013.\"><sup>72<\/sup><\/a>.<\/b> Las medidas de protecci\u00f3n son mecanismos que buscan brindar apoyo y protecci\u00f3n a las v\u00edctimas de las agresiones e impedir la continuaci\u00f3n de \u00e9stas. Asimismo, buscan que la v\u00edctima se sienta tranquila y pueda gradualmente volver a su vida normal.<\/p>\n<p style=\"padding-left: 40px;\">De acuerdo a la Ley No. 348 (Art. 32) las medidas de protecci\u00f3n tienen por objeto interrumpir e impedir un hecho de violencia contra las mujeres, o garantizar, en caso de que \u00e9ste se haya consumado, que se realice la investigaci\u00f3n, procesamiento y sanci\u00f3n correspondiente. La Ley No. 548 (Art. 168) establece que las medidas de protecci\u00f3n son \u00f3rdenes de cumplimiento obligatorio, emanadas de la Jueza o Juez P\u00fablico en materia de Ni\u00f1ez y Adolescencia, frente a una amenaza o vulneraci\u00f3n de los derechos de ni\u00f1as, ni\u00f1os o adolescentes.<\/p>\n<p style=\"padding-left: 40px;\">Por su parte, la Ley No. 1173 (Art. 14) establece que las medidas de protecci\u00f3n son aquellas que tienen por fin evitar que el hecho produzca mayores consecuencias, que se cometan nuevos hechos de violencia, reducir la situaci\u00f3n de vulnerabilidad de la v\u00edctima y otorgarle el auxilio y protecci\u00f3n indispensable en resguardo de su integridad, ellas pueden ser dispuestas con car\u00e1cter de urgencia habi\u00e9ndose establecido la situaci\u00f3n de riesgo en la que se encuentra la v\u00edctima y cuando las circunstancias del caso exijan la inmediata protecci\u00f3n a su integridad.<\/p>\n<p style=\"padding-left: 40px;\"><b>\u2022 Reparaci\u00f3n integral del da\u00f1o<a class=\"tooltips\" title=\"Revisar en jurisprudencia la SCP 0019\/2018-S2 y el Caso campo Algodonero.\"><sup>73<\/sup><\/a>.<\/b> Consiste en satisfacer los intereses y necesidades de la v\u00edctima, reparar el perjuicio que se le haya causado a trav\u00e9s de la violencia e impedir que se le siga haciendo da\u00f1o en el futuro. Los procesos reparadores deben tomar en consideraci\u00f3n las caracter\u00edsticas y necesidades particulares de las v\u00edctimas y las condiciones de vulnerabilidad adicionales que les afecten.<\/p>\n<\/div><\/div>\n<\/div>\n<\/div>\n<\/div>\n<\/div>\n<\/div>\n<\/div>\n<\/section>\n<section class=\"elementor-section elementor-top-section elementor-element elementor-element-113a3f0 elementor-section-boxed elementor-section-height-default elementor-section-height-default\" data-id=\"113a3f0\" data-element_type=\"section\">\n<div class=\"elementor-container elementor-column-gap-default\">\n<div class=\"elementor-row\">\n<div class=\"elementor-column elementor-col-100 elementor-top-column elementor-element elementor-element-65d8e86\" data-id=\"65d8e86\" data-element_type=\"column\">\n<div class=\"elementor-column-wrap elementor-element-populated\">\n<div class=\"elementor-widget-wrap\">\n<div class=\"elementor-element elementor-element-34f47e8 elementor-widget elementor-widget-text-editor\" data-id=\"34f47e8\" data-element_type=\"widget\" data-widget_type=\"text-editor.default\">\n<div class=\"elementor-widget-container\">\n<div class=\"elementor-text-editor elementor-clearfix\">\n<p><b>Con relaci\u00f3n a la impunidad y el incumplimiento de deberes<\/b><\/p>\n<p style=\"padding-left: 40px;\"><strong>\u2022 Impunidad.<\/strong> Se entiende la inexistencia de hecho o de derecho, de responsabilidad penal por parte de los autores de violaciones, as\u00ed como de responsabilidad civil, administrativa o disciplinaria, porque escapan a toda investigaci\u00f3n con miras a su inculpaci\u00f3n, detenci\u00f3n, procesamiento y, en caso de ser reconocidos culpables, condena a penas apropiadas, incluso a la indemnizaci\u00f3n del da\u00f1o causado a sus v\u00edctimas.<\/p>\n<p style=\"padding-left: 40px;\"><strong>\u2022 Incumplimiento de deberes de protecci\u00f3n. <\/strong>La Ley No.348 ha incorporado en el C\u00f3digo Penal el delito de Incumplimiento de Deberes de Protecci\u00f3n a Mujeres en situaci\u00f3n de Violencia por el que la servidora o servidor p\u00fablico que mediante acci\u00f3n u omisi\u00f3n en ejercicio de una funci\u00f3n p\u00fablica propicie la impunidad u obstaculice la investigaci\u00f3n de delitos de violencia contra las mujeres, recibir\u00e1 sanci\u00f3n alternativa de trabajos comunitarios de noventa (90) d\u00edas a ciento veinte (120) d\u00edas e inhabilitaci\u00f3n de uno (1) a cuatro (4) a\u00f1os para el ejercicio de la funci\u00f3n p\u00fablica.<\/p>\n<\/div><\/div>\n<\/div>\n<\/div>\n<\/div>\n<\/div>\n<\/div>\n<\/div>\n<\/section>\n<section class=\"elementor-section elementor-top-section elementor-element elementor-element-1af1474 elementor-section-boxed elementor-section-height-default elementor-section-height-default\" data-id=\"1af1474\" data-element_type=\"section\">\n<div class=\"elementor-container elementor-column-gap-default\">\n<div class=\"elementor-row\">\n<div class=\"elementor-column elementor-col-100 elementor-top-column elementor-element elementor-element-21bc196\" data-id=\"21bc196\" data-element_type=\"column\">\n<div class=\"elementor-column-wrap elementor-element-populated\">\n<div class=\"elementor-widget-wrap\">\n<div class=\"elementor-element elementor-element-83ee917 elementor-widget elementor-widget-text-editor\" data-id=\"83ee917\" data-element_type=\"widget\" data-widget_type=\"text-editor.default\">\n<div class=\"elementor-widget-container\">\n<div class=\"elementor-text-editor elementor-clearfix\">\n<p><b>Con relaci\u00f3n a la impunidad y el incumplimiento de deberes<\/b><\/p>\n<p style=\"padding-left: 40px;\"><strong>\u2022 Impunidad.<\/strong> Se entiende la inexistencia de hecho o de derecho, de responsabilidad penal por parte de los autores de violaciones, as\u00ed como de responsabilidad civil, administrativa o disciplinaria, porque escapan a toda investigaci\u00f3n con miras a su inculpaci\u00f3n, detenci\u00f3n, procesamiento y, en caso de ser reconocidos culpables, condena a penas apropiadas, incluso a la indemnizaci\u00f3n del da\u00f1o causado a sus v\u00edctimas.<\/p>\n<p style=\"padding-left: 40px;\"><strong>\u2022 Incumplimiento de deberes de protecci\u00f3n. <\/strong>La Ley No.348 ha incorporado en el C\u00f3digo Penal el delito de Incumplimiento de Deberes de Protecci\u00f3n a Mujeres en situaci\u00f3n de Violencia por el que la servidora o servidor p\u00fablico que mediante acci\u00f3n u omisi\u00f3n en ejercicio de una funci\u00f3n p\u00fablica propicie la impunidad u obstaculice la investigaci\u00f3n de delitos de violencia contra las mujeres, recibir\u00e1 sanci\u00f3n alternativa de trabajos comunitarios de noventa (90) d\u00edas a ciento veinte (120) d\u00edas e inhabilitaci\u00f3n de uno (1) a cuatro (4) a\u00f1os para el ejercicio de la funci\u00f3n p\u00fablica.<\/p>\n<\/div><\/div>\n<\/div>\n<\/div>\n<\/div>\n<\/div>\n<\/div>\n<\/div>\n<\/section>\n<section class=\"elementor-section elementor-top-section elementor-element elementor-element-f3b9315 elementor-section-boxed elementor-section-height-default elementor-section-height-default\" data-id=\"f3b9315\" data-element_type=\"section\">\n<div class=\"elementor-container elementor-column-gap-default\">\n<div class=\"elementor-row\">\n<div class=\"elementor-column elementor-col-100 elementor-top-column elementor-element elementor-element-3374bab\" data-id=\"3374bab\" data-element_type=\"column\">\n<div class=\"elementor-column-wrap elementor-element-populated\">\n<div class=\"elementor-widget-wrap\">\n<div class=\"elementor-element elementor-element-e60da64 elementor-widget elementor-widget-text-editor\" data-id=\"e60da64\" data-element_type=\"widget\" data-widget_type=\"text-editor.default\">\n<div class=\"elementor-widget-container\">\n<div class=\"elementor-text-editor elementor-clearfix\">\n<p><b>Tomando los est\u00e1ndares internacionales de acceso a la justicia<\/b><\/p>\n<p style=\"padding-left: 40px;\">Toda obstaculizaci\u00f3n a la labor de la justicia realizada por agentes del Estado o cuando medie su apoyo, tolerancia o aquiescencia, constituye una violaci\u00f3n del deber del Estado de garantizar los derechos humanos. En definitiva, la obstaculizaci\u00f3n a la labor de la justicia busca como resultado la impunidad, es decir, que la investigaci\u00f3n no d\u00e9 como resultado la sanci\u00f3n de los responsables y la consecuente reparaci\u00f3n de la v\u00edctima.<\/p>\n<p style=\"padding-left: 40px;\">Comete obstaculizaci\u00f3n a la labor de la justicia la instituci\u00f3n del Estado o sus agentes que, efectuando actos positivos u omisiones, interfiere, retarda u obstruye el normal accionar de la administraci\u00f3n de justicia, el curso del proceso, la investigaci\u00f3n en cualquiera de sus etapas y el desempe\u00f1o de cualquiera de sus operadores. La obstaculizaci\u00f3n consiste en actos intencionales, directos o indirectos, que tengan por objeto o resultado alterar el curso normal de las actuaciones judiciales, tales como:<\/p>\n<p style=\"padding-left: 80px;\"><b>a.<\/b> Retardo intencional en la sustanciaci\u00f3n procesal con perjuicio para alguna de las partes.<br \/><b>b.<\/b> Protecci\u00f3n indebida o encubrimiento por parte de agentes del Estado a quienes aparecen como responsables del hecho investigado.<br \/><b>c. <\/b>Ocultamiento de informaci\u00f3n o entrega de informaci\u00f3n err\u00f3nea relevante para el buen curso del proceso.<br \/><b>d.<\/b> Falsificaci\u00f3n o adulteraci\u00f3n de instrumentos probatorios.<br \/><b>e.<\/b> Alteraci\u00f3n maliciosa de informes periciales.<br \/><b>f.<\/b> Presiones o amenazas sobre testigos, familiares, funcionarios judiciales y policiales, entre otros; en definitiva, sobre cualquier persona vinculada al proceso que pueda hacer su aporte a la investigaci\u00f3n o terceras personas que influyan en los actores procesales.<br \/><b>g.<\/b> Negligencia en la actuaci\u00f3n de operadores de justicia de tal gravedad que haga presumir intenci\u00f3n de obstaculizar.<br \/><b>h.<\/b> Desacato de \u00f3rdenes emanadas de los tribunales o de la Fiscal\u00eda.<br \/><b>i.<\/b> Desobediencia, retardo u oposici\u00f3n a la resoluci\u00f3n judicial dictada.<br \/><b>j.<\/b> Falso testimonio de agentes estatales o auxiliares de la administraci\u00f3n<br \/>de justicia.<br \/><b>k. <\/b>Todo otro acto u omisi\u00f3n que perjudique, dificulte, obstaculice o<br \/>impida la investigaci\u00f3n judicial.<\/p>\n<\/div><\/div>\n<\/div>\n<\/div>\n<\/div>\n<\/div>\n<\/div>\n<\/div>\n<\/section><\/div>\n<\/div>\n<\/div>\n<\/div>\t\t<\/div>\n\t\t\t\t<\/article>\n\t\t\t\t<article class=\"elementor-post elementor-grid-item post-3783 post type-post status-publish format-standard hentry category-protocolo-sepmud\">\n\t\t\t\t<div class=\"elementor-post__text\">\n\t\t<div class=\"elementor-post__content\"><style>.elementor-3783 .elementor-element.elementor-element-e5fd14f .elementor-heading-title{color:#31B7BC;font-family:\"Viga\", Sans-serif;font-size:35px;font-weight:600;}.elementor-3783 .elementor-element.elementor-element-e5fd14f > .elementor-widget-container{margin:0% 5% 0% 0%;}<\/style>\n<div data-elementor-type=\"wp-post\" data-elementor-id=\"3783\" class=\"elementor elementor-3783\" data-elementor-settings=\"[]\">\n<div class=\"elementor-inner\">\n<div class=\"elementor-section-wrap\">\n<section class=\"elementor-section elementor-top-section elementor-element elementor-element-75d3ac9 elementor-section-boxed elementor-section-height-default elementor-section-height-default\" data-id=\"75d3ac9\" data-element_type=\"section\">\n<div class=\"elementor-container elementor-column-gap-default\">\n<div class=\"elementor-row\">\n<div class=\"elementor-column elementor-col-100 elementor-top-column elementor-element elementor-element-ee519c5\" data-id=\"ee519c5\" data-element_type=\"column\">\n<div class=\"elementor-column-wrap elementor-element-populated\">\n<div class=\"elementor-widget-wrap\">\n<div class=\"elementor-element elementor-element-e5fd14f elementor-widget elementor-widget-theme-post-title elementor-page-title elementor-widget-heading\" data-id=\"e5fd14f\" data-element_type=\"widget\" data-widget_type=\"theme-post-title.default\">\n<div class=\"elementor-widget-container\">\n<h1 class=\"elementor-heading-title elementor-size-default\">II. SEGUNDA PARTE &#8211; MARCO COMPETENCIAL DE LAS INSTITUCIONES INTERVINIENTES EN LA ATENCI\u00d3N Y PROTECCI\u00d3N A V\u00cdCTIMAS<\/h1>\n<\/div>\n<\/div>\n<\/div>\n<\/div>\n<\/div>\n<\/div>\n<\/div>\n<\/section><\/div>\n<\/div>\n<\/div>\n<\/div>\t\t<\/div>\n\t\t\t\t<\/article>\n\t\t\t\t<article class=\"elementor-post elementor-grid-item post-3792 post type-post status-publish format-standard hentry category-protocolo-sepmud\">\n\t\t\t\t<div class=\"elementor-post__text\">\n\t\t<div class=\"elementor-post__content\"><style>.elementor-3792 .elementor-element.elementor-element-a623e21 .elementor-heading-title{color:#31B7BC;font-family:\"Viga\", Sans-serif;font-size:35px;font-weight:600;}.elementor-3792 .elementor-element.elementor-element-a623e21 > .elementor-widget-container{margin:0% 5% 0% 0%;}.elementor-3792 .elementor-element.elementor-element-179cfdd .elementor-text-editor{text-align:justify;}.elementor-3792 .elementor-element.elementor-element-179cfdd{font-family:\"Ubuntu\", Sans-serif;font-weight:400;}.elementor-3792 .elementor-element.elementor-element-179cfdd > .elementor-widget-container{margin:0% 5% 0% 5%;}.elementor-3792 .elementor-element.elementor-element-fc3dc9c .elementor-text-editor{text-align:justify;}.elementor-3792 .elementor-element.elementor-element-fc3dc9c{font-family:\"Ubuntu\", Sans-serif;font-weight:400;}.elementor-3792 .elementor-element.elementor-element-fc3dc9c > .elementor-widget-container{margin:0% 5% 0% 5%;}<\/style>\n<div data-elementor-type=\"wp-post\" data-elementor-id=\"3792\" class=\"elementor elementor-3792\" data-elementor-settings=\"[]\">\n<div class=\"elementor-inner\">\n<div class=\"elementor-section-wrap\">\n<section class=\"elementor-section elementor-top-section elementor-element elementor-element-7f9b358 elementor-section-boxed elementor-section-height-default elementor-section-height-default\" data-id=\"7f9b358\" data-element_type=\"section\">\n<div class=\"elementor-container elementor-column-gap-default\">\n<div class=\"elementor-row\">\n<div class=\"elementor-column elementor-col-100 elementor-top-column elementor-element elementor-element-d15d7a8\" data-id=\"d15d7a8\" data-element_type=\"column\">\n<div class=\"elementor-column-wrap elementor-element-populated\">\n<div class=\"elementor-widget-wrap\">\n<div class=\"elementor-element elementor-element-a623e21 elementor-widget elementor-widget-theme-post-title elementor-page-title elementor-widget-heading\" data-id=\"a623e21\" data-element_type=\"widget\" data-widget_type=\"theme-post-title.default\">\n<div class=\"elementor-widget-container\">\n<h1 class=\"elementor-heading-title elementor-size-default\">2.1. \u00d3RGANO JUDICIAL<\/h1>\n<\/div>\n<\/div>\n<\/div>\n<\/div>\n<\/div>\n<\/div>\n<\/div>\n<\/section>\n<section class=\"elementor-section elementor-top-section elementor-element elementor-element-2c43e58 elementor-section-boxed elementor-section-height-default elementor-section-height-default\" data-id=\"2c43e58\" data-element_type=\"section\">\n<div class=\"elementor-container elementor-column-gap-default\">\n<div class=\"elementor-row\">\n<div class=\"elementor-column elementor-col-100 elementor-top-column elementor-element elementor-element-d01cde7\" data-id=\"d01cde7\" data-element_type=\"column\">\n<div class=\"elementor-column-wrap elementor-element-populated\">\n<div class=\"elementor-widget-wrap\">\n<div class=\"elementor-element elementor-element-179cfdd elementor-widget elementor-widget-text-editor\" data-id=\"179cfdd\" data-element_type=\"widget\" data-widget_type=\"text-editor.default\">\n<div class=\"elementor-widget-container\">\n<div class=\"elementor-text-editor elementor-clearfix\">\n<div class=\"page\" title=\"Page 127\">\n<div class=\"section\">\n<div class=\"layoutArea\">\n<div class=\"column\">\n<p>La Ley No. 348 y la Ley No. 548 establecen las siguientes competencias especi\u0301ficas en casos de violencia contra las mujeres y la nin\u0303ez:<\/p>\n<\/div>\n<table cellspacing=\"0\" cellpadding=\"0\">\n<tbody>\n<tr>\n<td valign=\"middle\">\n<p align=\"center\"><span style=\"color: #43358b; font-family: Ubuntu; font-size: small;\"><b>Juzgados y Tribunales<span class=\"Apple-converted-space\">\u00a0<\/span><\/b><\/span><\/p>\n<\/td>\n<td valign=\"middle\">\n<p align=\"center\"><span style=\"color: #43358b; font-family: Ubuntu; font-size: small;\"><b>Principales funciones<span class=\"Apple-converted-space\">\u00a0<\/span><\/b><\/span><\/p>\n<\/td>\n<\/tr>\n<tr>\n<td valign=\"middle\">\n<p><span style=\"color: #000000; font-family: Ubuntu; font-size: small;\"><b>Juzgados de Instrucci\u00f3n de Materia Contra la Violencia Hacia las Mujeres (Ley No. 348, Art. 72)<span class=\"Apple-converted-space\">\u00a0<\/span><\/b><\/span><\/p>\n<\/td>\n<td valign=\"middle\">\n<ul>\n<li><span style=\"color: #000000; font-family: Ubuntu; font-size: small;\">El control de la investigaci\u00f3n, conforme a las facultades y deberes previstos en la Ley;<span class=\"Apple-converted-space\">\u00a0<\/span><\/span><\/li>\n<li><span style=\"color: #000000; font-family: Ubuntu; font-size: small;\">Emitir las resoluciones jurisdiccionales y de protecci\u00f3n que correspondan durante la etapa preparatoria y de la aplicaci\u00f3n de criterios de oportunidad;<span class=\"Apple-converted-space\">\u00a0<\/span><\/span><\/li>\n<li><span style=\"color: #000000; font-family: Ubuntu; font-size: small;\">La sustanciaci\u00f3n y resoluci\u00f3n del proceso abreviado;<span class=\"Apple-converted-space\">\u00a0<\/span><\/span><\/li>\n<li><span style=\"color: #000000; font-family: Ubuntu; font-size: small;\">Resolver la aplicaci\u00f3n del proceso inmediato para delitos flagrantes;<span class=\"Apple-converted-space\">\u00a0<\/span><\/span><\/li>\n<li><span style=\"color: #000000; font-family: Ubuntu; font-size: small;\">Dirigir la audiencia de preparaci\u00f3n de juicio y resolver sobre las cuestiones e incidentes planteados en la misma;<span class=\"Apple-converted-space\">\u00a0<\/span><\/span><\/li>\n<li><span style=\"color: #000000; font-family: Ubuntu; font-size: small;\">Decidir la suspensi\u00f3n del proceso a prueba;<span class=\"Apple-converted-space\">\u00a0<\/span><\/span><\/li>\n<li><span style=\"color: #000000; font-family: Ubuntu; font-size: small;\">Decidir sobre las solicitudes de cooperaci\u00f3n judicial internacional;<span class=\"Apple-converted-space\">\u00a0<\/span><\/span><\/li>\n<li><span style=\"color: #000000; font-family: Ubuntu; font-size: small;\">Conocer y resolver sobre la incautaci\u00f3n de bienes y sus incidentes. <br \/><\/span><\/li>\n<\/ul>\n<\/td>\n<\/tr>\n<tr>\n<td valign=\"middle\">\n<p><span style=\"color: #000000; font-family: Ubuntu; font-size: small;\"><b>Juzgados de Sentencia en Materia de Violencia Contra las Mujeres (Ley No. 348, Art. 72 Bis<\/b>)<span class=\"Apple-converted-space\">\u00a0<\/span><\/span><\/p>\n<\/td>\n<td valign=\"middle\">\n<ul>\n<li><span style=\"color: #000000; font-family: Ubuntu; font-size: small;\">Conocer y resolver los juicios por delitos de acci\u00f3n p\u00fablica que constituyan violencia contra las mujeres, sancionados con pena privativa de libertad cuyo m\u00e1ximo legal sea de cuatro o menos a\u00f1os.<span class=\"Apple-converted-space\">\u00a0<\/span><\/span><\/li>\n<li><span style=\"color: #000000; font-family: Ubuntu; font-size: small;\">Aplicar medidas de restricci\u00f3n y provisionales al agresor, y de asistencia y protecci\u00f3n a la mujer en situaci\u00f3n de violencia, cuando el hecho no constituya delito.<span class=\"Apple-converted-space\">\u00a0<\/span><\/span><\/li>\n<li><span style=\"color: #000000; font-family: Ubuntu; font-size: small;\">El procedimiento para la reparaci\u00f3n del da\u00f1o, cuando se haya dictado sentencia condenatoria.<span class=\"Apple-converted-space\">\u00a0<\/span><\/span><\/li>\n<li><span style=\"color: #000000; font-family: Ubuntu; font-size: small;\">Imponer de oficio la aplicaci\u00f3n de medidas de protecci\u00f3n, que permitan a las mujeres en situaci\u00f3n de violencia su acceso a casas de acogida, separaci\u00f3n temporal de los c\u00f3nyuges y\/o convivientes y prevenci\u00f3n de nuevas agresiones y cualquier otra destinada a resguardar sus derechos.<span class=\"Apple-converted-space\">\u00a0<\/span><\/span><\/li>\n<li><span style=\"color: #000000; font-family: Ubuntu; font-size: small;\">Sancionar el incumplimiento de las \u00f3rdenes o resoluciones judiciales, emitidas por su juzgado.<span class=\"Apple-converted-space\">\u00a0<\/span><\/span><\/li>\n<li><span style=\"color: #000000; font-family: Ubuntu; font-size: small;\">Sancionar a las y los servidores de apoyo judicial que incurran en maltrato o revictimizaci\u00f3n a mujeres en situaci\u00f3n de violencia<span class=\"Apple-converted-space\">\u00a0<\/span><\/span><\/li>\n<\/ul>\n<\/td>\n<\/tr>\n<tr>\n<td valign=\"middle\">\n<p><span style=\"color: #000000; font-family: Ubuntu; font-size: small;\"><b>Tribunales de Sentencia en Materia de Violencia Contra la Mujer (Ley No. 348, Art. 72 Ter)<span class=\"Apple-converted-space\">\u00a0<\/span><\/b><\/span><\/p>\n<\/td>\n<td valign=\"middle\">\n<ul>\n<li><span style=\"color: #000000; font-family: Ubuntu; font-size: small;\">Conocer la substanciaci\u00f3n y resoluci\u00f3n del juicio penal en todos los delitos de acci\u00f3n p\u00fablica que constituyan violencia contra las mujeres, sancionados con pena privativa de libertad mayores a cuatro (4) a\u00f1os, con las excepciones establecidas en la Ley y;<span class=\"Apple-converted-space\">\u00a0<\/span><\/span><\/li>\n<\/ul>\n<\/td>\n<\/tr>\n<tr>\n<td valign=\"middle\">\n<p><span style=\"color: #000000; font-family: Ubuntu; font-size: small;\"><b>Juzgados P\u00fablicos en Materia de Ni\u00f1ez y Adolescencia (Ley No. 548, Art. 207)<span class=\"Apple-converted-space\">\u00a0<\/span><\/b><\/span><\/p>\n<\/td>\n<td valign=\"middle\">\n<ul>\n<li><span style=\"color: #000000; font-family: Ubuntu; font-size: small;\">Aplicar medidas cautelares, condicionales, de protecci\u00f3n y sanciones;<span class=\"Apple-converted-space\">\u00a0<\/span><\/span><\/li>\n<li><span style=\"color: #000000; font-family: Ubuntu; font-size: small;\">Conocer y resolver la filiaci\u00f3n judicial en el marco del art\u00edculo 111 del presente C\u00f3digo;<span class=\"Apple-converted-space\">\u00a0<\/span><\/span><\/li>\n<li><span style=\"color: #000000; font-family: Ubuntu; font-size: small;\">Conocer y resolver las solicitudes de restituci\u00f3n de la autoridad de la madre, del padre o de ambos;<span class=\"Apple-converted-space\">\u00a0<\/span><\/span><\/li>\n<li><span style=\"color: #000000; font-family: Ubuntu; font-size: small;\">Resolver la restituci\u00f3n de la ni\u00f1a, ni\u00f1o o adolescente a nivel nacional e internacional conforme a la Convenci\u00f3n Interamericana sobre Restituci\u00f3n Internacional de Menores;<span class=\"Apple-converted-space\">\u00a0<\/span><\/span><\/li>\n<li><span style=\"color: #000000; font-family: Ubuntu; font-size: small;\">Conocer y resolver procesos de tutela ordinaria y guarda.<span class=\"Apple-converted-space\">\u00a0<\/span><\/span><\/li>\n<\/ul>\n<\/td>\n<\/tr>\n<\/tbody>\n<\/table>\n<\/div>\n<\/div>\n<\/div>\n<\/div><\/div>\n<\/div>\n<\/div>\n<\/div>\n<\/div>\n<\/div>\n<\/div>\n<\/section>\n<section class=\"elementor-section elementor-top-section elementor-element elementor-element-1749e46 elementor-section-boxed elementor-section-height-default elementor-section-height-default\" data-id=\"1749e46\" data-element_type=\"section\">\n<div class=\"elementor-container elementor-column-gap-default\">\n<div class=\"elementor-row\">\n<div class=\"elementor-column elementor-col-100 elementor-top-column elementor-element elementor-element-091ed05\" data-id=\"091ed05\" data-element_type=\"column\">\n<div class=\"elementor-column-wrap elementor-element-populated\">\n<div class=\"elementor-widget-wrap\">\n<div class=\"elementor-element elementor-element-fc3dc9c elementor-widget elementor-widget-text-editor\" data-id=\"fc3dc9c\" data-element_type=\"widget\" data-widget_type=\"text-editor.default\">\n<div class=\"elementor-widget-container\">\n<div class=\"elementor-text-editor elementor-clearfix\">\n<div class=\"page\" title=\"Page 127\">\n<div class=\"section\">\n<div class=\"layoutArea\">\n<div class=\"column\">\n<div class=\"page\" title=\"Page 128\">\n<div class=\"section\">\n<div class=\"layoutArea\">\n<div class=\"column\">\n<p>La Ley No. 1173, Ley de Abreviacio\u0301n Procesal Penal y de Fortalecimiento de la Lucha Integral contra la Violencia a Nin\u0303as, Nin\u0303os, Adolescentes y Mujeres introduce entre las competencias los Jueces y juezas instructoras (Art. 54) y los Tribunales de Sentencia (Art. 52) la imposicio\u0301n, ratificacio\u0301n o modificacio\u0301n de medidas de <span style=\"font-size: 16px;\">proteccio\u0301n especial en favor de la vi\u0301ctima, asi\u0301 como la imposicio\u0301n de sanciones ante su incumplimiento. Tambie\u0301n define funciones del personal y oficinas de apoyo.<\/span><\/p>\n<table cellspacing=\"0\" cellpadding=\"0\">\n<tbody>\n<tr>\n<td valign=\"middle\">\n<p style=\"text-align: center;\" align=\"center\"><span style=\"color: #43358b; font-family: Ubuntu; font-size: small;\"><b>Juzgados y Tribunales<span class=\"Apple-converted-space\">\u00a0<\/span><\/b><\/span><\/p>\n<\/td>\n<td valign=\"middle\">\n<p style=\"text-align: center;\" align=\"center\"><span style=\"color: #43358b; font-family: Ubuntu; font-size: small;\"><b>Principales funciones<span class=\"Apple-converted-space\">\u00a0<\/span><\/b><\/span><\/p>\n<\/td>\n<\/tr>\n<tr>\n<td valign=\"middle\">\n<p><span style=\"color: #000000; font-family: Ubuntu; font-size: small;\"><b>Secretarios\/as (CPP, art. 56 modificado por la Ley No. 1173)<span class=\"Apple-converted-space\">\u00a0<\/span><\/b><\/span><\/p>\n<\/td>\n<td valign=\"middle\">\n<ul>\n<li><span style=\"color: #000000; font-family: Ubuntu; font-size: small;\">Asistir a la jueza, el juez o tribunal con la debida diligencia en el cumplimiento de sus actos jurisdiccionales.<span class=\"Apple-converted-space\">\u00a0<\/span><\/span><\/li>\n<li><span style=\"color: #000000; font-family: Ubuntu; font-size: small;\">Controlar, a trav\u00e9s del sistema inform\u00e1tico de gesti\u00f3n de causas, el cumplimiento de los plazos procesales.<span class=\"Apple-converted-space\">\u00a0<\/span><\/span><\/li>\n<li><span style=\"color: #000000; font-family: Ubuntu; font-size: small;\">Emitir las providencias de mero tr\u00e1mite que no sean pronunciadas en audiencia.<span class=\"Apple-converted-space\">\u00a0<\/span><\/span><\/li>\n<li><span style=\"color: #000000; font-family: Ubuntu; font-size: small;\">Custodiar los elementos de prueba para la realizaci\u00f3n de la audiencia, garantizando el orden de la codificaci\u00f3n y su inalterabilidad, quedando en resguardo de los objetos y documentos, bajo su exclusiva responsabilidad.<span class=\"Apple-converted-space\">\u00a0<\/span><\/span><\/li>\n<\/ul>\n<\/td>\n<\/tr>\n<tr>\n<td valign=\"middle\">\n<p><span style=\"color: #000000; font-family: Ubuntu; font-size: small;\"><b>Oficinas Gestoras (CPP, art. 56 Bis. modificado por la Ley No. 1173)<\/b><\/span><\/p>\n<\/td>\n<td valign=\"middle\">\n<p><span style=\"color: #010104; font-family: Ubuntu; font-size: small;\">Instancia administrativa de car\u00e1cter instrumental que dar\u00e1 soporte y apoyo t\u00e9cnico a la actividad jurisdiccional con la finalidad de optimizar la gesti\u00f3n judicial, el efectivo desarrollo de las audiencias y favorecer el acceso a la justicia.<span class=\"Apple-converted-space\">\u00a0<\/span><\/span><\/p>\n<\/td>\n<\/tr>\n<\/tbody>\n<\/table>\n<\/div>\n<\/div>\n<\/div>\n<\/div>\n<\/div>\n<\/div>\n<\/div>\n<\/div>\n<\/div><\/div>\n<\/div>\n<\/div>\n<\/div>\n<\/div>\n<\/div>\n<\/div>\n<\/section><\/div>\n<\/div>\n<\/div>\n<\/div>\t\t<\/div>\n\t\t\t\t<\/article>\n\t\t\t\t<article class=\"elementor-post elementor-grid-item post-3797 post type-post status-publish format-standard hentry category-protocolo-sepmud\">\n\t\t\t\t<div class=\"elementor-post__text\">\n\t\t<div class=\"elementor-post__content\"><style>.elementor-3797 .elementor-element.elementor-element-e4097a0 .elementor-heading-title{color:#31B7BC;font-family:\"Viga\", Sans-serif;font-size:35px;font-weight:600;}.elementor-3797 .elementor-element.elementor-element-e4097a0 > .elementor-widget-container{margin:0% 5% 0% 0%;}.elementor-3797 .elementor-element.elementor-element-3002586 .elementor-text-editor{text-align:justify;}.elementor-3797 .elementor-element.elementor-element-3002586{font-family:\"Ubuntu\", Sans-serif;font-weight:400;}.elementor-3797 .elementor-element.elementor-element-3002586 > .elementor-widget-container{margin:0% 5% 0% 5%;}.elementor-3797 .elementor-element.elementor-element-607bbd6 .elementor-text-editor{text-align:justify;}.elementor-3797 .elementor-element.elementor-element-607bbd6{font-family:\"Ubuntu\", Sans-serif;font-weight:400;}.elementor-3797 .elementor-element.elementor-element-607bbd6 > .elementor-widget-container{margin:0% 5% 0% 5%;}<\/style>\n<div data-elementor-type=\"wp-post\" data-elementor-id=\"3797\" class=\"elementor elementor-3797\" data-elementor-settings=\"[]\">\n<div class=\"elementor-inner\">\n<div class=\"elementor-section-wrap\">\n<section class=\"elementor-section elementor-top-section elementor-element elementor-element-000f64c elementor-section-boxed elementor-section-height-default elementor-section-height-default\" data-id=\"000f64c\" data-element_type=\"section\">\n<div class=\"elementor-container elementor-column-gap-default\">\n<div class=\"elementor-row\">\n<div class=\"elementor-column elementor-col-100 elementor-top-column elementor-element elementor-element-e4c13b0\" data-id=\"e4c13b0\" data-element_type=\"column\">\n<div class=\"elementor-column-wrap elementor-element-populated\">\n<div class=\"elementor-widget-wrap\">\n<div class=\"elementor-element elementor-element-e4097a0 elementor-widget elementor-widget-theme-post-title elementor-page-title elementor-widget-heading\" data-id=\"e4097a0\" data-element_type=\"widget\" data-widget_type=\"theme-post-title.default\">\n<div class=\"elementor-widget-container\">\n<h1 class=\"elementor-heading-title elementor-size-default\">2.2. MINISTERIO P\u00daBLICO<\/h1>\n<\/div>\n<\/div>\n<\/div>\n<\/div>\n<\/div>\n<\/div>\n<\/div>\n<\/section>\n<section class=\"elementor-section elementor-top-section elementor-element elementor-element-93eb6bb elementor-section-boxed elementor-section-height-default elementor-section-height-default\" data-id=\"93eb6bb\" data-element_type=\"section\">\n<div class=\"elementor-container elementor-column-gap-default\">\n<div class=\"elementor-row\">\n<div class=\"elementor-column elementor-col-100 elementor-top-column elementor-element elementor-element-917985c\" data-id=\"917985c\" data-element_type=\"column\">\n<div class=\"elementor-column-wrap elementor-element-populated\">\n<div class=\"elementor-widget-wrap\">\n<div class=\"elementor-element elementor-element-3002586 elementor-widget elementor-widget-text-editor\" data-id=\"3002586\" data-element_type=\"widget\" data-widget_type=\"text-editor.default\">\n<div class=\"elementor-widget-container\">\n<div class=\"elementor-text-editor elementor-clearfix\">\n<div class=\"page\" title=\"Page 130\">\n<div class=\"section\">\n<div class=\"layoutArea\">\n<div class=\"column\">\n<p>La Constitucio\u0301n Poli\u0301tica del Estado (art. 225) establece que el Ministerio Pu\u0301blico tiene la finalidad de defender la legalidad y los intereses generales de la sociedad, a trave\u0301s del ejercicio de la accio\u0301n penal pu\u0301blica en los te\u0301rminos establecidos en la Constitucio\u0301n Poli\u0301tica del Estado, las Convenciones y Tratados Internacionales vigentes y las leyes.<\/p>\n<p>La Ley Orga\u0301nica del Ministerio Pu\u0301blico (Ley No. 260, art. 2) sen\u0303ala que la institucio\u0301n representa a la sociedad ante los o\u0301rganos jurisdiccionales para velar por el respeto de los derechos y las garanti\u0301as constitucionales.<\/p>\n<p>Por su parte la Ley No. 348, \u201cLey Integral para Garantizar a las Mujeres una Vida Libre de Violencia\u201d, establece (art. 61) que el Ministerio Pu\u0301blico adema\u0301s de las atribuciones comunes que establece la Ley Orga\u0301nica del Ministerio Pu\u0301blico, las y los Fiscales de Materia ejercera\u0301n la accio\u0301n penal pu\u0301blica en casos de violencia hacia las mujeres.<\/p>\n<\/div>\n<\/div>\n<\/div>\n<\/div>\n<\/div><\/div>\n<\/div>\n<\/div>\n<\/div>\n<\/div>\n<\/div>\n<\/div>\n<\/section>\n<section class=\"elementor-section elementor-top-section elementor-element elementor-element-82bb99a elementor-section-boxed elementor-section-height-default elementor-section-height-default\" data-id=\"82bb99a\" data-element_type=\"section\">\n<div class=\"elementor-container elementor-column-gap-default\">\n<div class=\"elementor-row\">\n<div class=\"elementor-column elementor-col-100 elementor-top-column elementor-element elementor-element-528bfd6\" data-id=\"528bfd6\" data-element_type=\"column\">\n<div class=\"elementor-column-wrap elementor-element-populated\">\n<div class=\"elementor-widget-wrap\">\n<div class=\"elementor-element elementor-element-607bbd6 elementor-widget elementor-widget-text-editor\" data-id=\"607bbd6\" data-element_type=\"widget\" data-widget_type=\"text-editor.default\">\n<div class=\"elementor-widget-container\">\n<div class=\"elementor-text-editor elementor-clearfix\">\n<div class=\"page\" title=\"Page 130\">\n<div class=\"section\">\n<div class=\"layoutArea\">\n<div class=\"column\">\n<table cellspacing=\"0\" cellpadding=\"0\">\n<tbody>\n<tr>\n<td valign=\"middle\">\n<p align=\"center\"><span style=\"color: #43358b; font-family: Ubuntu; font-size: small;\"><b>Funcionarios\/as del Ministerio P\u00fablico<span class=\"Apple-converted-space\">\u00a0<\/span><\/b><\/span><\/p>\n<\/td>\n<td valign=\"middle\">\n<p align=\"center\"><span style=\"color: #43358b; font-family: Ubuntu; font-size: small;\"><b>Principales funciones en relaci\u00f3n a v\u00edctimas y hechos de violencia<\/b><\/span><\/p>\n<\/td>\n<\/tr>\n<tr>\n<td valign=\"middle\">\n<p><span style=\"color: #000000; font-family: Ubuntu; font-size: small;\"><b>Fiscales de Materia (Ley No. 260, art. 40 y C\u00f3digo Procedimiento Penal art. 389 ter., ambos modificados por la Ley No. 1173).<span class=\"Apple-converted-space\">\u00a0<\/span><\/b><\/span><\/p>\n<\/td>\n<td valign=\"middle\">\n<p><span style=\"color: #000000; font-family: Ubuntu; font-size: small;\">Las y los fiscales de materia, entre otras, cumplen las siguientes funciones:<span class=\"Apple-converted-space\">\u00a0<\/span><\/span><\/p>\n<ul>\n<li><span style=\"color: #000000; font-family: Ubuntu; font-size: small;\">Ejercer la acci\u00f3n penal p\u00fablica en las diferentes etapas del proceso penal, la direcci\u00f3n funcional de la investigaci\u00f3n y de la actuaci\u00f3n policial, en los casos que les sean asignados en la investigaci\u00f3n.<span class=\"Apple-converted-space\">\u00a0<\/span><\/span><\/li>\n<li><span style=\"color: #000000; font-family: Ubuntu; font-size: small;\">Atender las solicitudes de las v\u00edctimas e informarles acerca de sus derechos, asegur\u00e1ndose de que sean asistidas por una abogada o abogado particular o estatal; y en su caso se le nombre una traductora o un traductor o int\u00e9rprete, cuando as\u00ed lo solicite;<span class=\"Apple-converted-space\">\u00a0<\/span><\/span><\/li>\n<li><span style=\"color: #000000; font-family: Ubuntu; font-size: small;\">Requerir las medidas para que la v\u00edctima reciba atenci\u00f3n m\u00e9dica y psicol\u00f3gica de urgencia, evitar su revictimizaci\u00f3n, y que se ponga en peligro su integridad f\u00edsica y psicol\u00f3gica, as\u00ed como las medidas conducentes para que se haga extensiva a testigos y personas afectadas por el hecho delictivo;<span class=\"Apple-converted-space\">\u00a0<\/span><\/span><\/li>\n<li><span style=\"color: #000000; font-family: Ubuntu; font-size: small;\">Derivar, cuando corresponda, a las v\u00edctimas directas e indirectas a las instituciones de protecci\u00f3n a las v\u00edctimas y testigos;<span class=\"Apple-converted-space\">\u00a0<\/span><\/span><\/li>\n<li><span style=\"color: #000000; font-family: Ubuntu; font-size: small;\">Asegurarse que todos los indicios y elementos de prueba recolectados sean debidamente resguardados dentro de la cadena de custodia, en particular los recolectados de la v\u00edctima;<span class=\"Apple-converted-space\">\u00a0<\/span><\/span><\/li>\n<li><span style=\"color: #000000; font-family: Ubuntu; font-size: small;\">Resolver de manera fundamentada la imputaci\u00f3n formal, el rechazo, el sobreseimiento, acusaci\u00f3n formal en los plazos que establece la Ley;<span class=\"Apple-converted-space\">\u00a0<\/span><\/span><\/li>\n<li><span style=\"color: #000000; font-family: Ubuntu; font-size: small;\">Requerir fundadamente la adopci\u00f3n de medidas cautelares de car\u00e1cter personal y real.<span class=\"Apple-converted-space\">\u00a0<\/span><\/span><\/li>\n<li><span style=\"color: #000000; font-family: Ubuntu; font-size: small;\">Adoptar las medidas de protecci\u00f3n que sean necesarias, a fin de garantizar a la mujer en situaci\u00f3n de violencia la m\u00e1xima protecci\u00f3n y seguridad, as\u00ed como a sus hijas, hijos, pedir a la autoridad jurisdiccional su homologaci\u00f3n y las medidas cautelares previstas por Ley, cuando el hecho constituya delito. <br \/>Recolectar las pruebas necesarias, como responsable de la investigaci\u00f3n de delitos de violencia en raz\u00f3n de g\u00e9nero, sin someter a la mujer a pruebas m\u00e9dicas, interrogatorios, reconstrucciones o peritajes que no sean imprescindibles, debiendo recurrir a m\u00e9todos de investigaci\u00f3n alternativa, cient\u00edfica y con apoyo de la tecnolog\u00eda, a fin de averiguar la verdad.<span class=\"Apple-converted-space\">\u00a0<\/span><\/span><\/li>\n<li><span style=\"color: #000000; font-family: Ubuntu; font-size: small;\">En caso de urgencia o habi\u00e9ndose establecido la situaci\u00f3n de riesgo en la que se encuentra la v\u00edctima de violencia y cuando las circunstancias del caso exijan la inmediata protecci\u00f3n a su integridad las y los fiscales podr\u00e1n disponer las medidas de protecci\u00f3n indicadas en esta ley.<span class=\"Apple-converted-space\">\u00a0<\/span><\/span><\/li>\n<\/ul>\n<\/td>\n<\/tr>\n<tr>\n<td valign=\"middle\">\n<p><span style=\"color: #000000; font-family: Ubuntu; font-size: small;\"><b>Asistentes fiscales (Ley No. 260, art. 42)<span class=\"Apple-converted-space\">\u00a0<\/span><\/b><\/span><\/p>\n<\/td>\n<td valign=\"middle\">\n<ul>\n<li><span style=\"color: #000000; font-family: Ubuntu; font-size: small;\">Asistir a las y los Fiscales en el cumplimiento de sus funciones.<span class=\"Apple-converted-space\">\u00a0<\/span><\/span><\/li>\n<li><span style=\"color: #000000; font-family: Ubuntu; font-size: small;\">Actuar siempre bajo la supervisi\u00f3n y responsabilidad del superior jer\u00e1rquico a quien asistan, sin perjuicio de la responsabilidad que corresponda a cada servidora o servidor por sus propios actos.<span class=\"Apple-converted-space\">\u00a0<\/span><\/span><\/li>\n<li><span style=\"color: #000000; font-family: Ubuntu; font-size: small;\">Realizar las actuaciones que les delegue su superior jer\u00e1rquico, de conformidad a instructivos emanados de la Fiscal\u00eda General del Estado. Aquellos que cuenten con capacitaci\u00f3n y formaci\u00f3n en litigaci\u00f3n oral, podr\u00e1n intervenir en las audiencias \u00fanicamente durante la etapa preparatoria.<span class=\"Apple-converted-space\">\u00a0<\/span><\/span><\/li>\n<\/ul>\n<\/td>\n<\/tr>\n<tr>\n<td valign=\"middle\">\n<p><span style=\"color: #000000; font-family: Ubuntu; font-size: small;\"><b>Direcci\u00f3n de Protecci\u00f3n a las V\u00edctimas, Testigos y Miembros del Ministerio P\u00fablico (Ley No. 260, art. 88 y Ley No. 458, art. 7)<span class=\"Apple-converted-space\">\u00a0<\/span><\/b><\/span><\/p>\n<\/td>\n<td valign=\"middle\">\n<p><span style=\"color: #000000; font-family: Ubuntu; font-size: small;\">Encargada de promover la protecci\u00f3n y asistencia a las v\u00edctimas de delitos, testigos, personas que colaboran con la persecuci\u00f3n penal y servidoras y servidores del Ministerio P\u00fablico.<span class=\"Apple-converted-space\">\u00a0<\/span><\/span><\/p>\n<p><span style=\"color: #000000; font-family: Ubuntu; font-size: small;\">Algunas de las medidas que pueden disponer son las siguientes:<span class=\"Apple-converted-space\">\u00a0<\/span><\/span><\/p>\n<ol>\n<li><span style=\"color: #000000; font-family: Ubuntu; font-size: small;\">Preservaci\u00f3n de la identidad y la confidencialidad de los datos personales.<span class=\"Apple-converted-space\">\u00a0<\/span><\/span><\/li>\n<li><span style=\"color: #000000; font-family: Ubuntu; font-size: small;\">Preservaci\u00f3n de sus derechos laborales.<span class=\"Apple-converted-space\">\u00a0<\/span><\/span><\/li>\n<li><span style=\"color: #000000; font-family: Ubuntu; font-size: small;\">Protecci\u00f3n policial para el traslado a fin de cumplir diligencias administrativas y\/o judiciales.<span class=\"Apple-converted-space\">\u00a0<\/span><\/span><\/li>\n<li><span style=\"color: #000000; font-family: Ubuntu; font-size: small;\">Custodia policial en el domicilio de la persona.<span class=\"Apple-converted-space\">\u00a0<\/span><\/span><\/li>\n<li><span style=\"color: #000000; font-family: Ubuntu; font-size: small;\">Uso de sistemas tecnol\u00f3gicos que impidan que la identidad de la persona sea conocida.<span class=\"Apple-converted-space\">\u00a0<\/span><\/span><\/li>\n<li><span style=\"color: #000000; font-family: Ubuntu; font-size: small;\">M\u00e9todos de distorsi\u00f3n del aspecto f\u00edsico o de la voz.<span class=\"Apple-converted-space\">\u00a0<\/span><\/span><\/li>\n<li><span style=\"color: #000000; font-family: Ubuntu; font-size: small;\">Alojamiento temporal en albergues destinados a protecci\u00f3n de v\u00edctimas y testigos; cuya ubicaci\u00f3n debe ser reservada y con custodia policial.<span class=\"Apple-converted-space\">\u00a0<\/span><\/span><\/li>\n<li><span style=\"color: #000000; font-family: Ubuntu; font-size: small;\">Atenci\u00f3n psicol\u00f3gica.<span class=\"Apple-converted-space\">\u00a0<\/span><\/span><\/li>\n<\/ol>\n<\/td>\n<\/tr>\n<tr>\n<td valign=\"middle\">\n<p><span style=\"color: #000000; font-family: Ubuntu; font-size: small;\"><b>Unidad de Protecci\u00f3n a V\u00edctimas y Testigos \u2013 UPAVT<span class=\"Apple-converted-space\">\u00a0<\/span><\/b><\/span><\/p>\n<\/td>\n<td valign=\"middle\">\n<p><span style=\"color: #000000; font-family: Ubuntu; font-size: small;\">Las UPAVT son parte de la estructura organizacional de las Fiscal\u00edas Departamentales. Su finalidad es brindar protecci\u00f3n y asistencia a v\u00edctimas, testigos y miembros del Ministerio P\u00fablico, as\u00ed como el apoyo a la persecuci\u00f3n penal en cada Fiscal\u00eda Departamental. La Unidad cumple con las siguientes funciones:<span class=\"Apple-converted-space\">\u00a0<\/span><\/span><\/p>\n<ul>\n<li><span style=\"color: #000000; font-family: Ubuntu; font-size: small;\">Apoyo t\u00e9cnico al Fiscal en la investigaci\u00f3n.<span class=\"Apple-converted-space\">\u00a0<\/span><\/span><\/li>\n<li><span style=\"color: #000000; font-family: Ubuntu; font-size: small;\">Asesorar a los Fiscales de Materia y otros funcionarios del Ministerio P\u00fablico, en todos los temas relativos a la protecci\u00f3n y asistencia a v\u00edctimas y testigos.<span class=\"Apple-converted-space\">\u00a0<\/span><\/span><\/li>\n<li><span style=\"color: #000000; font-family: Ubuntu; font-size: small;\">El uso correcto de las herramientas tecnol\u00f3gicas destinadas al servicio de la unidad.<span class=\"Apple-converted-space\">\u00a0<\/span><\/span><\/li>\n<li><span style=\"color: #000000; font-family: Ubuntu; font-size: small;\">Recomendar al Fiscal de Materia, por medio de un informe, la pertinencia de las medidas de protecci\u00f3n por otorgar en caso de ser requerido.<span class=\"Apple-converted-space\">\u00a0<\/span><\/span><\/li>\n<li><span style=\"color: #000000; font-family: Ubuntu; font-size: small;\">Llevar un registro confidencial de las identidades protegidas bajo custodia y con estrictas medidas de seguridad.<span class=\"Apple-converted-space\">\u00a0<\/span><\/span><\/li>\n<li><span style=\"color: #000000; font-family: Ubuntu; font-size: small;\">Tener actualizados los sistemas inform\u00e1ticos.<span class=\"Apple-converted-space\">\u00a0<\/span><\/span><\/li>\n<li><span style=\"color: #000000; font-family: Ubuntu; font-size: small;\">Realizar informes de identificaci\u00f3n de factores de riesgo y necesidades de protecci\u00f3n.<span class=\"Apple-converted-space\">\u00a0<\/span><\/span><\/li>\n<li><span style=\"color: #000000; font-family: Ubuntu; font-size: small;\">Realizar la gesti\u00f3n y el seguimiento de las medidas de protecci\u00f3n emanadas desde la Direcci\u00f3n de Protecci\u00f3n a las V\u00edctimas, Testigos y Miembros del Ministerio P\u00fablico.<span class=\"Apple-converted-space\">\u00a0<\/span><\/span><\/li>\n<li><span style=\"color: #000000; font-family: Ubuntu; font-size: small;\">Otras que sean encomendadas expresamente por la o el Director de la DPVTMMP.<span class=\"Apple-converted-space\">\u00a0<\/span><\/span><\/li>\n<\/ul>\n<\/td>\n<\/tr>\n<tr>\n<td valign=\"middle\">\n<p><span style=\"color: #000000; font-family: Ubuntu; font-size: small;\"><b>Unidad de Protecci\u00f3n a V\u00edctimas y Testigos \u2013 UPAVT<span class=\"Apple-converted-space\">\u00a0<\/span><\/b><\/span><\/p>\n<\/td>\n<td valign=\"middle\">\n<p><span style=\"color: #000000; font-family: Ubuntu; font-size: small;\">Est\u00e1 integrada por las \u00e1reas de Psicolog\u00eda y Trabajo Social las que deben prestar atenci\u00f3n a las v\u00edctimas y cumplen las siguientes funciones:<span class=\"Apple-converted-space\">\u00a0<\/span><\/span><\/p>\n<p><span style=\"color: #000000; font-family: Ubuntu; font-size: small;\">\u00c1rea de Psicolog\u00eda de la UPAVT:<span class=\"Apple-converted-space\">\u00a0<\/span><\/span><\/p>\n<ul>\n<li><span style=\"color: #000000; font-family: Ubuntu; font-size: small;\">Contenci\u00f3n en crisis.<span class=\"Apple-converted-space\">\u00a0<\/span><\/span><\/li>\n<li><span style=\"color: #000000; font-family: Ubuntu; font-size: small;\">Entrevista psicol\u00f3gica informativa.<span class=\"Apple-converted-space\">\u00a0<\/span><\/span><\/li>\n<li><span style=\"color: #000000; font-family: Ubuntu; font-size: small;\">Entrevista psicol\u00f3gica en anticipo de prueba.<span class=\"Apple-converted-space\">\u00a0<\/span><\/span><\/li>\n<li><span style=\"color: #000000; font-family: Ubuntu; font-size: small;\">Entrevista estructurada en Juicio Oral.<span class=\"Apple-converted-space\">\u00a0<\/span><\/span><\/li>\n<li><span style=\"color: #000000; font-family: Ubuntu; font-size: small;\">Evaluaci\u00f3n psicol\u00f3gica actual del usuario, del estado cognitivo conductual y emocional con relaci\u00f3n al hecho denunciado.<span class=\"Apple-converted-space\">\u00a0<\/span><\/span><\/li>\n<li><span style=\"color: #000000; font-family: Ubuntu; font-size: small;\">Preparaci\u00f3n psicol\u00f3gica del usuario para participar en actos investigativos, en audiencia y en juicio oral.<span class=\"Apple-converted-space\">\u00a0<\/span><\/span><\/li>\n<li><span style=\"color: #000000; font-family: Ubuntu; font-size: small;\">Acompa\u00f1amiento psicol\u00f3gico.<span class=\"Apple-converted-space\">\u00a0<\/span><\/span><\/li>\n<li><span style=\"color: #000000; font-family: Ubuntu; font-size: small;\">Identificaci\u00f3n de factores de riesgo y necesidades de protecci\u00f3n, para medidas de protecci\u00f3n.<span class=\"Apple-converted-space\">\u00a0<\/span><\/span><\/li>\n<li><span style=\"color: #000000; font-family: Ubuntu; font-size: small;\">Coadyuvar con la caracterizaci\u00f3n de la v\u00edctima y\/o testigo para preservar su identidad, en resguardo de su seguridad.<span class=\"Apple-converted-space\">\u00a0<\/span><\/span><\/li>\n<li><span style=\"color: #000000; font-family: Ubuntu; font-size: small;\">Gesti\u00f3n y seguimiento al cumplimiento de las medidas de protecci\u00f3n emanadas desde la DPVTMMP.<span class=\"Apple-converted-space\">\u00a0<\/span><\/span><\/li>\n<li><span style=\"color: #000000; font-family: Ubuntu; font-size: small;\">Participaci\u00f3n como testigo en el juicio oral.<span class=\"Apple-converted-space\">\u00a0<\/span><\/span><\/li>\n<li><span style=\"color: #000000; font-family: Ubuntu; font-size: small;\">Brindar informaci\u00f3n a la v\u00edctima y\/o testigo.<span class=\"Apple-converted-space\">\u00a0<\/span><\/span><\/li>\n<li><span style=\"color: #000000; font-family: Ubuntu; font-size: small;\">Asesorar a los Fiscales y otros funcionarios del Ministerio P\u00fablico en todos los temas relativos a la protecci\u00f3n y asistencia a v\u00edctimas y testigos.<span class=\"Apple-converted-space\">\u00a0<\/span><\/span><\/li>\n<li><span style=\"color: #000000; font-family: Ubuntu; font-size: small;\">Responsable de la C\u00e1mara Gesell.<span class=\"Apple-converted-space\">\u00a0<\/span><\/span><\/li>\n<li><span style=\"color: #000000; font-family: Ubuntu; font-size: small;\">Actualizar el documento de redes de derivaci\u00f3n para la protecci\u00f3n integral a la v\u00edctima, en el primer trimestre y reportar a la DPVTMMP.<span class=\"Apple-converted-space\">\u00a0<\/span><\/span><\/li>\n<li><span style=\"color: #000000; font-family: Ubuntu; font-size: small;\">Cualquier otra funci\u00f3n encomendada por la o el Director de la Direcci\u00f3n de Protecci\u00f3n a las V\u00edctimas, Testigos y Miembros el Ministerio P\u00fablico.<span class=\"Apple-converted-space\">\u00a0<\/span><\/span><\/li>\n<\/ul>\n<p><span style=\"color: #000000; font-family: Ubuntu; font-size: small;\">\u00c1rea de Trabajo Social de la UPAVT<b>:<span class=\"Apple-converted-space\">\u00a0<\/span><\/b><\/span><\/p>\n<ul>\n<li><span style=\"color: #000000; font-family: Ubuntu; font-size: small;\">Evaluaci\u00f3n social.<span class=\"Apple-converted-space\">\u00a0<\/span><\/span><\/li>\n<li><span style=\"color: #000000; font-family: Ubuntu; font-size: small;\">Evaluaci\u00f3n socio-econ\u00f3mica.<span class=\"Apple-converted-space\">\u00a0<\/span><\/span><\/li>\n<li><span style=\"color: #000000; font-family: Ubuntu; font-size: small;\">Orientaci\u00f3n social.<span class=\"Apple-converted-space\">\u00a0<\/span><\/span><\/li>\n<li><span style=\"color: #000000; font-family: Ubuntu; font-size: small;\">Identificaci\u00f3n de necesidades de protecci\u00f3n y factores de riesgo, para medidas de protecci\u00f3n.<span class=\"Apple-converted-space\">\u00a0<\/span><\/span><\/li>\n<li><span style=\"color: #000000; font-family: Ubuntu; font-size: small;\">Coadyuvar con la caracterizaci\u00f3n de la v\u00edctima y\/o testigos para preservar su identidad en resguardo de su seguridad.<span class=\"Apple-converted-space\">\u00a0<\/span><\/span><\/li>\n<li><span style=\"color: #000000; font-family: Ubuntu; font-size: small;\">Gesti\u00f3n y Seguimiento al cumplimiento de medidas de protecci\u00f3n emanadas desde la DPVTMMP.<span class=\"Apple-converted-space\">\u00a0<\/span><\/span><\/li>\n<li><span style=\"color: #000000; font-family: Ubuntu; font-size: small;\">Acompa\u00f1amiento en casos de vulnerabilidad.<span class=\"Apple-converted-space\">\u00a0<\/span><\/span><\/li>\n<li><span style=\"color: #000000; font-family: Ubuntu; font-size: small;\">Participaci\u00f3n como testigo en juicio oral.<span class=\"Apple-converted-space\">\u00a0<\/span><\/span><\/li>\n<li><span style=\"color: #000000; font-family: Ubuntu; font-size: small;\">Asesoramiento a los Fiscales y otros funcionarios del Ministerio P\u00fablico en todos los temas relativos a la protecci\u00f3n y asistencia a v\u00edctimas y testigos.<span class=\"Apple-converted-space\">\u00a0<\/span><\/span><\/li>\n<li><span style=\"color: #000000; font-family: Ubuntu; font-size: small;\">Coordinaci\u00f3n interinstitucional para gestionar la atenci\u00f3n de necesidades inmediatas.<span class=\"Apple-converted-space\">\u00a0<\/span><\/span><\/li>\n<li><span style=\"color: #000000; font-family: Ubuntu; font-size: small;\">Actualizar el documento de redes de derivaci\u00f3n para la protecci\u00f3n integral a la v\u00edctima, en el primer trimestre y reportar a la DPVTMMP.<span class=\"Apple-converted-space\">\u00a0<\/span><\/span><\/li>\n<li><span style=\"color: #000000; font-family: Ubuntu; font-size: small;\">Cualquier otra funci\u00f3n encomendada por la o el Director de la Direcci\u00f3n de Protecci\u00f3n a las <\/span><span style=\"color: #010104; font-family: Ubuntu; font-size: small;\">V\u00edctimas, Testigos y Miembros del Ministerio P\u00fablico.<span class=\"Apple-converted-space\">\u00a0<\/span><\/span><\/li>\n<\/ul>\n<\/td>\n<\/tr>\n<\/tbody>\n<\/table>\n<\/div>\n<\/div>\n<\/div>\n<\/div>\n<\/div><\/div>\n<\/div>\n<\/div>\n<\/div>\n<\/div>\n<\/div>\n<\/div>\n<\/section><\/div>\n<\/div>\n<\/div>\n<\/div>\t\t<\/div>\n\t\t\t\t<\/article>\n\t\t\t\t<article class=\"elementor-post elementor-grid-item post-3802 post type-post status-publish format-standard hentry category-protocolo-sepmud\">\n\t\t\t\t<div class=\"elementor-post__text\">\n\t\t<div class=\"elementor-post__content\"><style>.elementor-3802 .elementor-element.elementor-element-ad6b4c5 .elementor-heading-title{color:#31B7BC;font-family:\"Viga\", Sans-serif;font-size:35px;font-weight:600;}.elementor-3802 .elementor-element.elementor-element-ad6b4c5 > .elementor-widget-container{margin:0% 5% 0% 0%;}.elementor-3802 .elementor-element.elementor-element-84c2f78 .elementor-text-editor{text-align:justify;}.elementor-3802 .elementor-element.elementor-element-84c2f78{font-family:\"Ubuntu\", Sans-serif;font-weight:400;}.elementor-3802 .elementor-element.elementor-element-84c2f78 > .elementor-widget-container{margin:0% 5% 0% 5%;}.elementor-3802 .elementor-element.elementor-element-0eabce5 .elementor-text-editor{text-align:justify;}.elementor-3802 .elementor-element.elementor-element-0eabce5{font-family:\"Ubuntu\", Sans-serif;font-weight:400;}.elementor-3802 .elementor-element.elementor-element-0eabce5 > .elementor-widget-container{margin:0% 5% 0% 5%;}.elementor-3802 .elementor-element.elementor-element-0a1a3e8 .elementor-text-editor{text-align:justify;}.elementor-3802 .elementor-element.elementor-element-0a1a3e8{font-family:\"Ubuntu\", Sans-serif;font-weight:400;}.elementor-3802 .elementor-element.elementor-element-0a1a3e8 > .elementor-widget-container{margin:0% 5% 0% 5%;}<\/style>\n<div data-elementor-type=\"wp-post\" data-elementor-id=\"3802\" class=\"elementor elementor-3802\" data-elementor-settings=\"[]\">\n<div class=\"elementor-inner\">\n<div class=\"elementor-section-wrap\">\n<section class=\"elementor-section elementor-top-section elementor-element elementor-element-bb2a975 elementor-section-boxed elementor-section-height-default elementor-section-height-default\" data-id=\"bb2a975\" data-element_type=\"section\">\n<div class=\"elementor-container elementor-column-gap-default\">\n<div class=\"elementor-row\">\n<div class=\"elementor-column elementor-col-100 elementor-top-column elementor-element elementor-element-3a6a153\" data-id=\"3a6a153\" data-element_type=\"column\">\n<div class=\"elementor-column-wrap elementor-element-populated\">\n<div class=\"elementor-widget-wrap\">\n<div class=\"elementor-element elementor-element-ad6b4c5 elementor-widget elementor-widget-theme-post-title elementor-page-title elementor-widget-heading\" data-id=\"ad6b4c5\" data-element_type=\"widget\" data-widget_type=\"theme-post-title.default\">\n<div class=\"elementor-widget-container\">\n<h1 class=\"elementor-heading-title elementor-size-default\">2.3. POLIC\u00cdA BOLIVIANA<\/h1>\n<\/div>\n<\/div>\n<\/div>\n<\/div>\n<\/div>\n<\/div>\n<\/div>\n<\/section>\n<section class=\"elementor-section elementor-top-section elementor-element elementor-element-c118b0f elementor-section-boxed elementor-section-height-default elementor-section-height-default\" data-id=\"c118b0f\" data-element_type=\"section\">\n<div class=\"elementor-container elementor-column-gap-default\">\n<div class=\"elementor-row\">\n<div class=\"elementor-column elementor-col-100 elementor-top-column elementor-element elementor-element-84f1f2a\" data-id=\"84f1f2a\" data-element_type=\"column\">\n<div class=\"elementor-column-wrap elementor-element-populated\">\n<div class=\"elementor-widget-wrap\">\n<div class=\"elementor-element elementor-element-84c2f78 elementor-widget elementor-widget-text-editor\" data-id=\"84c2f78\" data-element_type=\"widget\" data-widget_type=\"text-editor.default\">\n<div class=\"elementor-widget-container\">\n<div class=\"elementor-text-editor elementor-clearfix\">\n<div class=\"page\" title=\"Page 127\">\n<div class=\"section\">\n<div class=\"layoutArea\">\n<div class=\"column\">\n<div class=\"page\" title=\"Page 135\">\n<div class=\"section\">\n<div class=\"layoutArea\">\n<div class=\"column\">\n<p>La Constitucio\u0301n Poli\u0301tica del Estado determina (art. 251) que la Polici\u0301a Boliviana tiene la misio\u0301n especi\u0301fica de la defensa de la sociedad, la conservacio\u0301n del orden pu\u0301blico y el cumplimiento de las Leyes en todo el territorio boliviano. Ejercera\u0301 la funcio\u0301n policial de manera integral, indivisible y bajo mando u\u0301nico, en conformidad con la Ley Orga\u0301nica de la Polici\u0301a Boliviana y las dema\u0301s Leyes del Estado.<\/p>\n<p>La Ley No. 348 (art. 53) crea la Fuerza Especial de Lucha Contra la Violencia, como organismo especializado de la Polici\u0301a Boliviana encargado de la prevencio\u0301n, auxilio e investigacio\u0301n, identificacio\u0301n y aprehensio\u0301n de los presuntos responsables de hechos de violencia hacia las mujeres y la familia, bajo la direccio\u0301n funcional del Ministerio Pu\u0301blico, en coordinacio\u0301n con entidades pu\u0301blicas y privadas. Su estructura, organizacio\u0301n y procedimientos sera\u0301n establecidos de acuerdo a reglamento y contara\u0301n con cuatro niveles de actuacio\u0301n, sin perjuicio de ello, se determinan las medidas de actuacio\u0301n que debe cumplir la FELCV. La Ley No. 1173, \u201cLey de Abreviacio\u0301n Procesal Penal y de Fortalecimiento de la Lucha Integral contra la Violencia a Nin\u0303as, Nin\u0303os, Adolescentes y Mujeres\u201d ampli\u0301a las funciones de la FELCV en materia de proteccio\u0301n a las vi\u0301ctimas.<\/p>\n<\/div>\n<\/div>\n<\/div>\n<\/div>\n<\/div>\n<\/div>\n<\/div>\n<\/div>\n<\/div><\/div>\n<\/div>\n<\/div>\n<\/div>\n<\/div>\n<\/div>\n<\/div>\n<\/section>\n<section class=\"elementor-section elementor-top-section elementor-element elementor-element-6d5e729 elementor-section-boxed elementor-section-height-default elementor-section-height-default\" data-id=\"6d5e729\" data-element_type=\"section\">\n<div class=\"elementor-container elementor-column-gap-default\">\n<div class=\"elementor-row\">\n<div class=\"elementor-column elementor-col-100 elementor-top-column elementor-element elementor-element-49c0e10\" data-id=\"49c0e10\" data-element_type=\"column\">\n<div class=\"elementor-column-wrap elementor-element-populated\">\n<div class=\"elementor-widget-wrap\">\n<div class=\"elementor-element elementor-element-0eabce5 elementor-widget elementor-widget-text-editor\" data-id=\"0eabce5\" data-element_type=\"widget\" data-widget_type=\"text-editor.default\">\n<div class=\"elementor-widget-container\">\n<div class=\"elementor-text-editor elementor-clearfix\">\n<div class=\"page\" title=\"Page 127\">\n<div class=\"section\">\n<div class=\"layoutArea\">\n<div class=\"column\">\n<div class=\"page\" title=\"Page 135\">\n<div class=\"section\">\n<div class=\"layoutArea\">\n<div class=\"column\">\n<table cellspacing=\"0\" cellpadding=\"0\">\n<tbody>\n<tr>\n<td valign=\"middle\">\n<p align=\"center\"><span style=\"color: #43358b; font-family: Ubuntu; font-size: small;\"><b>Niveles de actuaci\u00f3n de la FELCV<span class=\"Apple-converted-space\">\u00a0<\/span><\/b><\/span><\/p>\n<\/td>\n<td valign=\"middle\">\n<p align=\"center\"><span style=\"color: #43358b; font-family: Ubuntu; font-size: small;\"><b>Principales atribuciones y funciones en casos de violencia<span class=\"Apple-converted-space\">\u00a0<\/span><\/b><\/span><\/p>\n<\/td>\n<\/tr>\n<tr>\n<td valign=\"middle\">\n<p><span style=\"color: #000000; font-family: Ubuntu; font-size: small;\"><b>Plataforma de Atenci\u00f3n y Recepci\u00f3n de Denuncias (Ley No. 348, art. 54).<span class=\"Apple-converted-space\">\u00a0<\/span><\/b><\/span><\/p>\n<\/td>\n<td valign=\"middle\">\n<ul>\n<li><span style=\"color: #000000; font-family: Ubuntu; font-size: small;\">Recibir denuncias de mujeres en situaci\u00f3n de violencia o de terceros que conozcan el hecho.<\/span><\/li>\n<li><span style=\"color: #000000; font-family: Ubuntu; font-size: small;\">Practicar las diligencias orientadas a la individualizaci\u00f3n de los autores y part\u00edcipes, asegurar su comparecencia, aprehenderlos de inmediato en caso de delito flagrante y ponerlos a disposici\u00f3n del Ministerio P\u00fablico, en el plazo m\u00e1ximo de ocho (8) horas.<\/span><\/li>\n<li><span style=\"color: #000000; font-family: Ubuntu; font-size: small;\">Reunir y asegurar todo elemento de prueba.<span class=\"Apple-converted-space\">\u00a0<\/span><\/span><\/li>\n<li><span style=\"color: #000000; font-family: Ubuntu; font-size: small;\">Orientar a las v\u00edctimas sobre los recursos que la Ley les confiere y los servicios de atenci\u00f3n y protecci\u00f3n existentes a su disposici\u00f3n.<span class=\"Apple-converted-space\">\u00a0<\/span><\/span><\/li>\n<li><span style=\"color: #000000; font-family: Ubuntu; font-size: small;\">Conducir a la persona agredida a los servicios de salud, promoviendo su atenci\u00f3n inmediata.<span class=\"Apple-converted-space\">\u00a0<\/span><\/span><\/li>\n<\/ul>\n<\/td>\n<\/tr>\n<tr>\n<td valign=\"middle\">\n<p><span style=\"color: #000000; font-family: Ubuntu; font-size: small;\"><b>Plataforma de Atenci\u00f3n y Recepci\u00f3n de Denuncias (Ley No. 348, art. 54).<span class=\"Apple-converted-space\">\u00a0<\/span><\/b><\/span><\/p>\n<\/td>\n<td valign=\"middle\">\n<ul>\n<li><span style=\"color: #010104; font-family: Ubuntu; font-size: small;\">Si la mujer en situaci\u00f3n de violencia lo solicita, acompa\u00f1arla y asistirla mientras retira sus pertenencias personales de su domicilio u otro lugar, evit\u00e1ndola retenci\u00f3n de cualquier efecto o documentos personales y llevarla donde ella indique o a una casa de acogida o refugio temporal.<span class=\"Apple-converted-space\">\u00a0<\/span><\/span><\/li>\n<li><span style=\"color: #010104; font-family: Ubuntu; font-size: small;\">Hacer seguimiento a la mujer por setenta y dos (72) horas, con el fin de garantizar la eficacia de la protecci\u00f3n brindada a la mujer en situaci\u00f3n de violencia y las otras personas que estuvieran en riesgo.<span class=\"Apple-converted-space\">\u00a0<\/span><\/span><\/li>\n<\/ul>\n<\/td>\n<\/tr>\n<tr>\n<td valign=\"middle\">\n<p><span style=\"color: #000000; font-family: Ubuntu; font-size: small;\"><b>Unidades M\u00f3viles (Ley No. 348, art. 55).<span class=\"Apple-converted-space\">\u00a0<\/span><\/b><\/span><\/p>\n<\/td>\n<td valign=\"middle\">\n<ul>\n<li><span style=\"color: #010104; font-family: Ubuntu; font-size: small;\">Contar con equipo y personal especializado para la recepci\u00f3n de denuncias y el auxilio inmediato, en coordinaci\u00f3n con las y los Fiscales de Materia, en el lugar donde se suscite el hecho, priorizando su acci\u00f3n en el \u00e1rea rural.<span class=\"Apple-converted-space\">\u00a0<\/span><\/span><\/li>\n<\/ul>\n<\/td>\n<\/tr>\n<tr>\n<td valign=\"middle\">\n<p><span style=\"color: #000000; font-family: Ubuntu; font-size: small;\"><b>Servicios Desconcentrados (Ley No. 348, art. 56)<\/b>.<span class=\"Apple-converted-space\">\u00a0<\/span><\/span><\/p>\n<\/td>\n<td valign=\"middle\">\n<ul>\n<li><span style=\"color: #010104; font-family: Ubuntu; font-size: small;\">En las Estaciones Policiales Integrales o lugares donde la Polic\u00eda Boliviana preste servicios, tendr\u00e1 personal especializado para atender denuncias de violencia, diligencias investigativas y otros bajo la direcci\u00f3n del Ministerio P\u00fablico.<span class=\"Apple-converted-space\">\u00a0<\/span><\/span><\/li>\n<\/ul>\n<\/td>\n<\/tr>\n<tr>\n<td valign=\"middle\">\n<p><span style=\"color: #000000; font-family: Ubuntu; font-size: small;\"><b>Divisi\u00f3n de Delitos de Violencia (Ley No. 348, art. 57).<span class=\"Apple-converted-space\">\u00a0<\/span><\/b><\/span><\/p>\n<\/td>\n<td valign=\"middle\">\n<ul>\n<li><span style=\"color: #010104; font-family: Ubuntu; font-size: small;\">Coordinar y ejecutar procedimientos operativos legales en vigencia y la investigaci\u00f3n de delitos contra la vida, contra la integridad corporal y la salud, contra la libertad sexual, de violencia econ\u00f3mica y patrimonial, y otros que constituyan violencias contra las mujeres.<span class=\"Apple-converted-space\">\u00a0<\/span><\/span><\/li>\n<li><span style=\"color: #010104; font-family: Ubuntu; font-size: small;\">Recibir las diligencias realizadas en intervenci\u00f3n policial preventiva, denuncias y querellas, a trav\u00e9s de la plataforma de atenci\u00f3n y recepci\u00f3n de denuncias, actos que tendr\u00e1n calidad de prueba.<span class=\"Apple-converted-space\">\u00a0<\/span><\/span><\/li>\n<\/ul>\n<\/td>\n<\/tr>\n<tr>\n<td valign=\"middle\">\n<p><span style=\"color: #000000; font-family: Ubuntu; font-size: small;\"><b>Medidas de Actuaci\u00f3n (Ley No. 348, art. 58 y Ley No. 1173 que modifica el art. 389 ter. del CPP).<span class=\"Apple-converted-space\">\u00a0<\/span><\/b><\/span><\/p>\n<\/td>\n<td valign=\"middle\">\n<p><span style=\"color: #000000; font-family: Ubuntu; font-size: small;\">La FELCV adoptar\u00e1, entre las principales, las siguientes medidas de actuaci\u00f3n:<span class=\"Apple-converted-space\">\u00a0<\/span><\/span><\/p>\n<ol>\n<li><span style=\"color: #000000; font-family: Ubuntu; font-size: small;\">Asistir, orientar y evaluar la atenci\u00f3n y protecci\u00f3n que deber\u00e1 prestarse a las mujeres en situaci\u00f3n de violencia, a trav\u00e9s de un equipo multidisciplinario.<span class=\"Apple-converted-space\">\u00a0<\/span><\/span><\/li>\n<li><span style=\"color: #000000; font-family: Ubuntu; font-size: small;\">Respetar y proteger la dignidad, la intimidad y los derechos de las mujeres en situaci\u00f3n de violencia.<span class=\"Apple-converted-space\">\u00a0<\/span><\/span><\/li>\n<li><span style=\"color: #000000; font-family: Ubuntu; font-size: small;\">Evitar el contacto, careo o cualquier tipo de proximidad de la mujer con su agresor.<span class=\"Apple-converted-space\">\u00a0<\/span><\/span><\/li>\n<li><span style=\"color: #000000; font-family: Ubuntu; font-size: small;\">Realizar acciones de coordinaci\u00f3n con todas las instancias del sistema integral de atenci\u00f3n a mujeres en situaci\u00f3n de violencia<span class=\"Apple-converted-space\">\u00a0<\/span><\/span><\/li>\n<li><span style=\"color: #000000; font-family: Ubuntu; font-size: small;\">Evitar toda acci\u00f3n que implique revictimizaci\u00f3n, bajo responsabilidad.<span class=\"Apple-converted-space\">\u00a0<\/span><\/span><\/li>\n<li><span style=\"color: #000000; font-family: Ubuntu; font-size: small;\">Organizar y dise\u00f1ar campa\u00f1as de prevenci\u00f3n y orientaci\u00f3n a la ciudadan\u00eda, a trav\u00e9s de las organizaciones de la sociedad civil con el fin de disminuir los \u00edndices de violencia contra las mujeres.<span class=\"Apple-converted-space\">\u00a0<\/span><\/span><\/li>\n<\/ol>\n<\/td>\n<\/tr>\n<tr>\n<td valign=\"middle\">\n<p><span style=\"color: #000000; font-family: Ubuntu; font-size: small;\"><b>Protecci\u00f3n a las denunciantes (Ley No. 1173 que modifica el art. 389 ter. del CPP).<span class=\"Apple-converted-space\">\u00a0<\/span><\/b><\/span><\/p>\n<\/td>\n<td valign=\"middle\">\n<p><span style=\"color: #010104; font-family: Ubuntu; font-size: small;\">En caso de urgencia o habi\u00e9ndose establecido la situaci\u00f3n de riesgo en la que se encuentra la v\u00edctima y cuando las circunstancias del caso exijan la inmediata protecci\u00f3n a la integridad de la v\u00edctima la polic\u00eda podr\u00e1 disponer las medidas de protecci\u00f3n indicadas en la Ley No. 1173.<span class=\"Apple-converted-space\">\u00a0<\/span><\/span><\/p>\n<\/td>\n<\/tr>\n<\/tbody>\n<\/table>\n<\/div>\n<\/div>\n<\/div>\n<\/div>\n<\/div>\n<\/div>\n<\/div>\n<\/div>\n<\/div><\/div>\n<\/div>\n<\/div>\n<\/div>\n<\/div>\n<\/div>\n<\/div>\n<\/section>\n<section class=\"elementor-section elementor-top-section elementor-element elementor-element-26f9acd elementor-section-boxed elementor-section-height-default elementor-section-height-default\" data-id=\"26f9acd\" data-element_type=\"section\">\n<div class=\"elementor-container elementor-column-gap-default\">\n<div class=\"elementor-row\">\n<div class=\"elementor-column elementor-col-100 elementor-top-column elementor-element elementor-element-6af8d41\" data-id=\"6af8d41\" data-element_type=\"column\">\n<div class=\"elementor-column-wrap elementor-element-populated\">\n<div class=\"elementor-widget-wrap\">\n<div class=\"elementor-element elementor-element-0a1a3e8 elementor-widget elementor-widget-text-editor\" data-id=\"0a1a3e8\" data-element_type=\"widget\" data-widget_type=\"text-editor.default\">\n<div class=\"elementor-widget-container\">\n<div class=\"elementor-text-editor elementor-clearfix\">\n<div class=\"page\" title=\"Page 127\">\n<div class=\"section\">\n<div class=\"layoutArea\">\n<div class=\"column\">\n<div class=\"page\" title=\"Page 135\">\n<div class=\"section\">\n<div class=\"layoutArea\">\n<div class=\"column\">\n<div class=\"page\" title=\"Page 137\">\n<div class=\"section\">\n<div class=\"layoutArea\">\n<div class=\"column\">\n<p>Por otro lado, los Decretos Supremos No. 2145 y 3834, en el marco de la Ley No. 260 determinan y ratifican la naturaleza exclusiva y permanente de las y los servidores policiales designados a la FELCV para el cumplimento de funciones investigativas.<\/p>\n<p>La Fuerza Especial de Lucha Contra el Crimen (FELCC) es creada mediante la Resolucio\u0301n Ministerial No. 4141 del 20 de abril del 2006, es el organismo especializado de la Polici\u0301a Boliviana, encargado de la prevencio\u0301n e investigacio\u0301n de delitos, bu\u0301squeda, estudio, recoleccio\u0301n y custodia de evidencias, identificacio\u0301n y aprehensio\u0301n de los presuntos responsables, respetando los derechos humanos y en cumplimiento de las normas legales vigentes. Es competente para la atencio\u0301n de algunos delitos que impliquen hechos de violencia, tales como el infanticidio o en ausencia de la FELCV es posible que el Ministerio Pu\u0301blico asigne la investigacio\u0301n de delitos de violencia contra las mujeres y la familia.<\/p>\n<table cellspacing=\"0\" cellpadding=\"0\">\n<tbody>\n<tr>\n<td valign=\"middle\">\n<p align=\"center\"><span style=\"color: #43358b; font-family: Ubuntu; font-size: small;\"><b>Niveles de atenci\u00f3n<span class=\"Apple-converted-space\">\u00a0<\/span><\/b><\/span><\/p>\n<\/td>\n<td valign=\"middle\">\n<p align=\"center\"><span style=\"color: #43358b; font-family: Ubuntu; font-size: small;\"><b>Principales funciones<span class=\"Apple-converted-space\">\u00a0<\/span><\/b><\/span><\/p>\n<\/td>\n<\/tr>\n<tr>\n<td valign=\"middle\">\n<p><span style=\"color: #000000; font-family: Ubuntu; font-size: small;\"><b>Divisi\u00f3n de Plataforma de Atenci\u00f3n al P\u00fablico<span class=\"Apple-converted-space\">\u00a0<\/span><\/b><\/span><\/p>\n<\/td>\n<td valign=\"middle\">\n<p><span style=\"color: #000000; font-family: Ubuntu; font-size: small;\">Brindar atenci\u00f3n al p\u00fablico, con informaci\u00f3n oportuna, recepci\u00f3n de denuncias, querellas, an\u00e1lisis y asignaci\u00f3n de casos a las Divisiones Investigativas<span class=\"Apple-converted-space\">\u00a0<\/span><\/span><\/p>\n<\/td>\n<\/tr>\n<tr>\n<td valign=\"middle\">\n<p><span style=\"color: #000000; font-family: Ubuntu; font-size: small;\"><b>Divisi\u00f3n Menores y Familia<span class=\"Apple-converted-space\">\u00a0<\/span><\/b><\/span><\/p>\n<\/td>\n<td valign=\"middle\">\n<p><span style=\"color: #000000; font-family: Ubuntu; font-size: small;\">Organizar, coordinar, ejecutar procedimientos operativos legales en vigencia, investigando delitos tipificados en el C\u00f3digo Penal.<span class=\"Apple-converted-space\">\u00a0<\/span><\/span><\/p>\n<\/td>\n<\/tr>\n<\/tbody>\n<\/table>\n<\/div>\n<\/div>\n<\/div>\n<\/div>\n<\/div>\n<\/div>\n<\/div>\n<\/div>\n<\/div>\n<\/div>\n<\/div>\n<\/div>\n<\/div><\/div>\n<\/div>\n<\/div>\n<\/div>\n<\/div>\n<\/div>\n<\/div>\n<\/section><\/div>\n<\/div>\n<\/div>\n<\/div>\t\t<\/div>\n\t\t\t\t<\/article>\n\t\t\t\t<article class=\"elementor-post elementor-grid-item post-3804 post type-post status-publish format-standard hentry category-protocolo-sepmud\">\n\t\t\t\t<div class=\"elementor-post__text\">\n\t\t<div class=\"elementor-post__content\"><style>.elementor-3804 .elementor-element.elementor-element-55c7989 .elementor-heading-title{color:#31B7BC;font-family:\"Viga\", Sans-serif;font-size:35px;font-weight:600;}.elementor-3804 .elementor-element.elementor-element-55c7989 > .elementor-widget-container{margin:0% 5% 0% 0%;}.elementor-3804 .elementor-element.elementor-element-0d8da17 .elementor-text-editor{text-align:justify;}.elementor-3804 .elementor-element.elementor-element-0d8da17{font-family:\"Ubuntu\", Sans-serif;font-weight:400;}.elementor-3804 .elementor-element.elementor-element-0d8da17 > .elementor-widget-container{margin:0% 5% 0% 5%;}<\/style>\n<div data-elementor-type=\"wp-post\" data-elementor-id=\"3804\" class=\"elementor elementor-3804\" data-elementor-settings=\"[]\">\n<div class=\"elementor-inner\">\n<div class=\"elementor-section-wrap\">\n<section class=\"elementor-section elementor-top-section elementor-element elementor-element-91f23c2 elementor-section-boxed elementor-section-height-default elementor-section-height-default\" data-id=\"91f23c2\" data-element_type=\"section\">\n<div class=\"elementor-container elementor-column-gap-default\">\n<div class=\"elementor-row\">\n<div class=\"elementor-column elementor-col-100 elementor-top-column elementor-element elementor-element-8a8617b\" data-id=\"8a8617b\" data-element_type=\"column\">\n<div class=\"elementor-column-wrap elementor-element-populated\">\n<div class=\"elementor-widget-wrap\">\n<div class=\"elementor-element elementor-element-55c7989 elementor-widget elementor-widget-theme-post-title elementor-page-title elementor-widget-heading\" data-id=\"55c7989\" data-element_type=\"widget\" data-widget_type=\"theme-post-title.default\">\n<div class=\"elementor-widget-container\">\n<h1 class=\"elementor-heading-title elementor-size-default\">2.4. INSTITUCIONES DE INVESTIGACI\u00d3N FORENSE<\/h1>\n<\/div>\n<\/div>\n<\/div>\n<\/div>\n<\/div>\n<\/div>\n<\/div>\n<\/section>\n<section class=\"elementor-section elementor-top-section elementor-element elementor-element-f6da45d elementor-section-boxed elementor-section-height-default elementor-section-height-default\" data-id=\"f6da45d\" data-element_type=\"section\">\n<div class=\"elementor-container elementor-column-gap-default\">\n<div class=\"elementor-row\">\n<div class=\"elementor-column elementor-col-100 elementor-top-column elementor-element elementor-element-4576942\" data-id=\"4576942\" data-element_type=\"column\">\n<div class=\"elementor-column-wrap elementor-element-populated\">\n<div class=\"elementor-widget-wrap\">\n<div class=\"elementor-element elementor-element-0d8da17 elementor-widget elementor-widget-text-editor\" data-id=\"0d8da17\" data-element_type=\"widget\" data-widget_type=\"text-editor.default\">\n<div class=\"elementor-widget-container\">\n<div class=\"elementor-text-editor elementor-clearfix\">\n<div class=\"page\" title=\"Page 139\">\n<div class=\"section\">\n<div class=\"layoutArea\">\n<div class=\"column\">\n<p>La Ley No. 1173, Ley de Abreviacio\u0301n Procesal Penal y de Fortalecimiento de la Lucha Integral contra la Violencia a Nin\u0303as, Nin\u0303os, Adolescentes y Mujeres (Art. 4), dispone la modificacio\u0301n del arti\u0301culo 75 del Ti\u0301tulo II del Libro Segundo de la primera parte del Co\u0301digo de Procedimiento Penal, mediante el cual se establece que el Instituto de Investigaciones Forenses \u2013 IDIF, es un o\u0301rgano dependiente de la Fiscali\u0301a General del Estado y el Instituto de Investigaciones Te\u0301cnico Cienti\u0301ficas de la Universidad Policial \u2013 IITCUP, de la Polici\u0301a Boliviana, en este sentido, el Ministerio Pu\u0301blico podra\u0301 requerir, indistintamente, la realizacio\u0301n de estudios cienti\u0301fico &#8211; te\u0301cnicos para la investigacio\u0301n de delitos o la comprobacio\u0301n de otros hechos mediante orden judicial.<\/p>\n<table cellspacing=\"0\" cellpadding=\"0\">\n<tbody>\n<tr>\n<td valign=\"middle\">\n<p align=\"center\"><span style=\"color: #43358b; font-family: Ubuntu; font-size: small;\"><b>Instituciones<span class=\"Apple-converted-space\">\u00a0<\/span><\/b><\/span><\/p>\n<\/td>\n<td valign=\"middle\">\n<p align=\"center\"><span style=\"color: #43358b; font-family: Ubuntu; font-size: small;\"><b>Principales funciones<span class=\"Apple-converted-space\">\u00a0<\/span><\/b><\/span><\/p>\n<\/td>\n<\/tr>\n<tr>\n<td valign=\"middle\">\n<p><span style=\"color: #000000; font-family: Ubuntu; font-size: small;\"><b>Instituto de Investigaciones Forenses \u2013 IDIF (Ley No. 260, art. 83).<span class=\"Apple-converted-space\">\u00a0<\/span><\/b><\/span><\/p>\n<\/td>\n<td valign=\"middle\">\n<p><span style=\"color: #000000; font-family: Ubuntu; font-size: small;\">Es la instituci\u00f3n encargada de realizar los estudios cient\u00edficos t\u00e9cnicos laboratoriales requeridos para la investigaci\u00f3n de los delitos por el Ministerio P\u00fablico. Igualmente, se encargar\u00e1 de los estudios cient\u00edficos t\u00e9cnicos para la comprobaci\u00f3n de otros hechos encomendados por orden judicial.<span class=\"Apple-converted-space\">\u00a0<\/span><\/span><\/p>\n<p><span style=\"color: #000000; font-family: Ubuntu; font-size: small;\">En sus funciones t\u00e9cnicas tiene car\u00e1cter independiente y emite informes y dict\u00e1menes conforme a las reglas de investigaci\u00f3n cient\u00edfica.<span class=\"Apple-converted-space\">\u00a0<\/span><\/span><\/p>\n<\/td>\n<\/tr>\n<tr>\n<td valign=\"middle\">\n<p><span style=\"color: #000000; font-family: Ubuntu; font-size: small;\"><b>Instituto de Investigaciones T\u00e9cnico Cient\u00edficas de la Universidad Policial \u2013 IITCUP (Resoluci\u00f3n Administrativa No 1526\/10 del Comando General de la Polic\u00eda Boliviana de fecha 28 de Diciembre de 2010)<\/b>.<span class=\"Apple-converted-space\">\u00a0<\/span><\/span><\/p>\n<\/td>\n<td valign=\"middle\">\n<p><span style=\"color: #000000; font-family: Ubuntu; font-size: small;\">El IITCUP es un organismo especializado de la Polic\u00eda Boliviana que tiene por finalidad desarrollar investigaci\u00f3n cient\u00edfica, realizar estudios t\u00e9cnico \u2013 cient\u00edficos y coadyuvar en la especializaci\u00f3n de recursos humanos, en busca de aportar soluciones y enfrentar los desaf\u00edos del progreso institucional y nacional.<span class=\"Apple-converted-space\">\u00a0<\/span><\/span><\/p>\n<p><span style=\"color: #000000; font-family: Ubuntu; font-size: small;\">Se constituye en el \u00fanico instituto dentro de la Polic\u00eda Boliviana que autoriza y valida la elaboraci\u00f3n de pericias debiendo regirse a las normas y lineamientos establecidos y normas vigentes.<span class=\"Apple-converted-space\">\u00a0<\/span><\/span><\/p>\n<\/td>\n<\/tr>\n<\/tbody>\n<\/table>\n<\/div>\n<\/div>\n<\/div>\n<\/div>\n<\/div><\/div>\n<\/div>\n<\/div>\n<\/div>\n<\/div>\n<\/div>\n<\/div>\n<\/section><\/div>\n<\/div>\n<\/div>\n<\/div>\t\t<\/div>\n\t\t\t\t<\/article>\n\t\t\t\t<article class=\"elementor-post elementor-grid-item post-3813 post type-post status-publish format-standard hentry category-protocolo-sepmud\">\n\t\t\t\t<div class=\"elementor-post__text\">\n\t\t<div class=\"elementor-post__content\"><style>.elementor-3813 .elementor-element.elementor-element-9678c0d .elementor-heading-title{color:#31B7BC;font-family:\"Viga\", Sans-serif;font-size:35px;font-weight:600;}.elementor-3813 .elementor-element.elementor-element-9678c0d > .elementor-widget-container{margin:0% 5% 0% 0%;}.elementor-3813 .elementor-element.elementor-element-85384fb .elementor-text-editor{text-align:justify;}.elementor-3813 .elementor-element.elementor-element-85384fb{font-family:\"Ubuntu\", Sans-serif;font-weight:400;}.elementor-3813 .elementor-element.elementor-element-85384fb > .elementor-widget-container{margin:0% 5% 0% 5%;}.elementor-3813 .elementor-element.elementor-element-235769d .elementor-text-editor{text-align:justify;}.elementor-3813 .elementor-element.elementor-element-235769d{font-family:\"Ubuntu\", Sans-serif;font-weight:400;}.elementor-3813 .elementor-element.elementor-element-235769d > .elementor-widget-container{margin:0% 5% 0% 5%;}<\/style>\n<div data-elementor-type=\"wp-post\" data-elementor-id=\"3813\" class=\"elementor elementor-3813\" data-elementor-settings=\"[]\">\n<div class=\"elementor-inner\">\n<div class=\"elementor-section-wrap\">\n<section class=\"elementor-section elementor-top-section elementor-element elementor-element-8c86456 elementor-section-boxed elementor-section-height-default elementor-section-height-default\" data-id=\"8c86456\" data-element_type=\"section\">\n<div class=\"elementor-container elementor-column-gap-default\">\n<div class=\"elementor-row\">\n<div class=\"elementor-column elementor-col-100 elementor-top-column elementor-element elementor-element-73fa1fb\" data-id=\"73fa1fb\" data-element_type=\"column\">\n<div class=\"elementor-column-wrap elementor-element-populated\">\n<div class=\"elementor-widget-wrap\">\n<div class=\"elementor-element elementor-element-9678c0d elementor-widget elementor-widget-theme-post-title elementor-page-title elementor-widget-heading\" data-id=\"9678c0d\" data-element_type=\"widget\" data-widget_type=\"theme-post-title.default\">\n<div class=\"elementor-widget-container\">\n<h1 class=\"elementor-heading-title elementor-size-default\">2.5. SERVICIOS DE ATENCI\u00d3N Y PROMOCI\u00d3N DE DENUNCIAS DEL MINISTERIO DE JUSTICIA Y TRANSPARENCIA INSTITUCIONAL<\/h1>\n<\/div>\n<\/div>\n<\/div>\n<\/div>\n<\/div>\n<\/div>\n<\/div>\n<\/section>\n<section class=\"elementor-section elementor-top-section elementor-element elementor-element-b1bbfff elementor-section-boxed elementor-section-height-default elementor-section-height-default\" data-id=\"b1bbfff\" data-element_type=\"section\">\n<div class=\"elementor-container elementor-column-gap-default\">\n<div class=\"elementor-row\">\n<div class=\"elementor-column elementor-col-100 elementor-top-column elementor-element elementor-element-eecef1a\" data-id=\"eecef1a\" data-element_type=\"column\">\n<div class=\"elementor-column-wrap elementor-element-populated\">\n<div class=\"elementor-widget-wrap\">\n<div class=\"elementor-element elementor-element-85384fb elementor-widget elementor-widget-text-editor\" data-id=\"85384fb\" data-element_type=\"widget\" data-widget_type=\"text-editor.default\">\n<div class=\"elementor-widget-container\">\n<div class=\"elementor-text-editor elementor-clearfix\">\n<div class=\"page\" title=\"Page 140\">\n<div class=\"section\">\n<div class=\"layoutArea\">\n<div class=\"column\">\n<p>El Ministerio de Justicia y Transparencia Institucional cuenta con Instituciones Promotoras de la Denuncia, estableciendo sus funciones especi\u0301ficas en casos de violencia.<\/p>\n<table cellspacing=\"0\" cellpadding=\"0\">\n<tbody>\n<tr>\n<td valign=\"middle\">\n<p align=\"center\"><span style=\"color: #43358b; font-family: Ubuntu; font-size: small;\"><b>Servicios disponibles<\/b><\/span><\/p>\n<\/td>\n<td valign=\"middle\">\n<p align=\"center\"><span style=\"color: #43358b; font-family: Ubuntu; font-size: small;\"><b>Principales funciones<span class=\"Apple-converted-space\">\u00a0<\/span><\/b><\/span><\/p>\n<\/td>\n<\/tr>\n<tr>\n<td valign=\"middle\">\n<p><span style=\"color: #000000; font-family: Ubuntu; font-size: small;\"><b>Servicios Integrados de Justicia Plurinacional &#8211; SIJPLU<br \/>(Ley No. 348, Art. 48)<span class=\"Apple-converted-space\">\u00a0<\/span><\/b><\/span><\/p>\n<\/td>\n<td valign=\"middle\">\n<p><span style=\"color: #000000; font-family: Ubuntu; font-size: small;\">Recibir denuncias y brindar orientaci\u00f3n y patrocinio legal gratuito, en distintas materias (penal, civil, familiar) as\u00ed como apoyo psicol\u00f3gico y social y deber\u00e1n aplicar un enfoque de derechos humanos a mujeres en situaci\u00f3n de violencia.<span class=\"Apple-converted-space\">\u00a0<\/span><\/span><\/p>\n<\/td>\n<\/tr>\n<tr>\n<td valign=\"middle\">\n<p><span style=\"color: #000000; font-family: Ubuntu; font-size: small;\"><b>Servicio Plurinacional de Asistencia a la V\u00edctima \u2013SEPDAV I- (Ley No.464, art. 3 y Ley No. 348, art. 49).<span class=\"Apple-converted-space\">\u00a0<\/span><\/b><\/span><\/p>\n<\/td>\n<td valign=\"middle\">\n<p><span style=\"color: #000000; font-family: Ubuntu; font-size: small;\">Es su funci\u00f3n general garantizar el acceso a la justicia a la persona de escasos recursos econ\u00f3micos que sea v\u00edctima de un delito, brind\u00e1ndole el patrocinio legal, asistencia social y psicol\u00f3gica durante los actos iniciales y el proceso penal hasta la ejecuci\u00f3n de la sentencia, promoviendo la reparaci\u00f3n del da\u00f1o y evitando fundamentalmente la revictimizaci\u00f3n.<span class=\"Apple-converted-space\">\u00a0<\/span><\/span><\/p>\n<p><span style=\"color: #000000; font-family: Ubuntu; font-size: small;\">En casos de violencia apoyar\u00e1 a mujeres en situaci\u00f3n de violencia carentes de recursos econ\u00f3micos, mediante patrocinio legal gratuito y apoyo psicol\u00f3gico para garantizar su acceso a la administraci\u00f3n de justicia y la sanci\u00f3n a los agresores. Para el cumplimiento de esta finalidad, este servicio ejercer\u00e1 sus funciones en atenci\u00f3n a lograr la soluci\u00f3n m\u00e1s favorable para la v\u00edctima.<span class=\"Apple-converted-space\">\u00a0<\/span><\/span><\/p>\n<\/td>\n<\/tr>\n<\/tbody>\n<\/table>\n<\/div>\n<\/div>\n<\/div>\n<\/div>\n<\/div><\/div>\n<\/div>\n<\/div>\n<\/div>\n<\/div>\n<\/div>\n<\/div>\n<\/section>\n<section class=\"elementor-section elementor-top-section elementor-element elementor-element-5cc00fd elementor-section-boxed elementor-section-height-default elementor-section-height-default\" data-id=\"5cc00fd\" data-element_type=\"section\">\n<div class=\"elementor-container elementor-column-gap-default\">\n<div class=\"elementor-row\">\n<div class=\"elementor-column elementor-col-100 elementor-top-column elementor-element elementor-element-97b473f\" data-id=\"97b473f\" data-element_type=\"column\">\n<div class=\"elementor-column-wrap elementor-element-populated\">\n<div class=\"elementor-widget-wrap\">\n<div class=\"elementor-element elementor-element-235769d elementor-widget elementor-widget-text-editor\" data-id=\"235769d\" data-element_type=\"widget\" data-widget_type=\"text-editor.default\">\n<div class=\"elementor-widget-container\">\n<div class=\"elementor-text-editor elementor-clearfix\">\n<div class=\"page\" title=\"Page 140\">\n<div class=\"section\">\n<div class=\"layoutArea\">\n<div class=\"column\">\n<div class=\"page\" title=\"Page 140\">\n<div class=\"section\">\n<div class=\"layoutArea\">\n<div class=\"column\">\n<ul>\n<li><span style=\"color: #43358b;\"><strong>MECANISMO DE PREVENCIO\u0301N Y ATENCIO\u0301N INMEDIATA EN CASOS DE ACOSO Y VIOLENCIA POLI\u0301TICA<\/strong><\/span><\/li>\n<\/ul>\n<p>El Decreto Supremo No. 2935, Reglamento a la Ley No. 243, contra el Acoso y Violencia Poli\u0301tica hacia las Mujeres (art. 5) crea este mecanismo para la coordinacio\u0301n, atencio\u0301n y articulacio\u0301n de acciones en casos que requieran su intervencio\u0301n.<\/p>\n<table cellspacing=\"0\" cellpadding=\"0\">\n<tbody>\n<tr>\n<td valign=\"middle\">\n<p align=\"center\"><span style=\"color: #43358b; font-family: Ubuntu; font-size: small;\"><b>Responsables<\/b><\/span><\/p>\n<\/td>\n<td valign=\"middle\">\n<p align=\"center\"><span style=\"color: #43358b; font-family: Ubuntu; font-size: small;\"><b>Principales funciones<span class=\"Apple-converted-space\">\u00a0<\/span><\/b><\/span><\/p>\n<\/td>\n<\/tr>\n<tr>\n<td valign=\"middle\">\n<p><span style=\"color: #000000; font-family: Ubuntu; font-size: small;\"><b>Representantes nombrados por la M\u00e1xima Autoridad Ejecutiva del Ministerio de Justicia y Transparencia Institucional, Ministerio de Gobierno, Polic\u00eda Boliviana, Ministerio de Autonom\u00edas, \u00d3rgano Electoral Plurinacional, Ministerio P\u00fablico y Defensor\u00eda del Pueblo y organizaciones representativas de autoridades electas a nivel nacional y de las entidades territoriales aut\u00f3nomas.<span class=\"Apple-converted-space\">\u00a0<\/span><\/b><\/span><\/p>\n<\/td>\n<td valign=\"middle\">\n<p><span style=\"color: #000000; font-family: Ubuntu; font-size: small;\">Activado ante casos de acoso o violencia pol\u00edtica hacia las mujeres de notoria gravedad y\/o riesgo que pongan en peligro inminente la vida o la integridad f\u00edsica de la afectada y que requieran acciones inmediatas, a trav\u00e9s de:<span class=\"Apple-converted-space\">\u00a0<\/span><\/span><\/p>\n<p><span style=\"color: #000000; font-family: Ubuntu; font-size: small;\">a) La intervenci\u00f3n en situaciones de conflicto que pudieran derivar o agravar la situaci\u00f3n de acoso y violencia pol\u00edtica, en el marco de sus atribuciones;<span class=\"Apple-converted-space\">\u00a0<\/span><\/span><\/p>\n<p><span style=\"color: #000000; font-family: Ubuntu; font-size: small;\">b) La intervenci\u00f3n de la fuerza p\u00fablica en los casos que requieran auxilio inmediato.<span class=\"Apple-converted-space\">\u00a0<\/span><\/span><\/p>\n<\/td>\n<\/tr>\n<\/tbody>\n<\/table>\n<div class=\"page\" title=\"Page 141\">\n<div class=\"section\">\n<div class=\"layoutArea\">\n<div class=\"column\">\n<ul>\n<li><span style=\"color: #43358b;\"><strong>SISTEMA INTEGRAL PLURINACIONAL DE PREVENCIO\u0301N, ATENCIO\u0301N, SANCIO\u0301N Y ERRADICACIO\u0301N DE LA VIOLENCIA EN RAZO\u0301N DE GE\u0301NERO (SIPPASE-VRG)<\/strong><\/span><\/li>\n<\/ul>\n<p>El SIPPASE dependiente de la Direccio\u0301n General de Prevencio\u0301n y Eliminacio\u0301n de toda Forma de Violencia en Razo\u0301n de Ge\u0301nero y Generacional fue creado mediante la Ley No. 348 (art. 11) que reorganiza todo el sistema de atencio\u0301n integral a las mujeres en situacio\u0301n de violencia y la informacio\u0301n de los servicios pu\u0301blicos y privados, que se inscribira\u0301 en un registro u\u0301nico sobre la violencia en razo\u0301n de ge\u0301nero. La informacio\u0301n de datos que este sistema genere sera\u0301 de cara\u0301cter reservado.<\/p>\n<\/div>\n<\/div>\n<\/div>\n<\/div>\n<\/div>\n<\/div>\n<\/div>\n<\/div>\n<\/div>\n<\/div>\n<\/div>\n<\/div>\n<\/div><\/div>\n<\/div>\n<\/div>\n<\/div>\n<\/div>\n<\/div>\n<\/div>\n<\/section><\/div>\n<\/div>\n<\/div>\n<\/div>\t\t<\/div>\n\t\t\t\t<\/article>\n\t\t\t\t<article class=\"elementor-post elementor-grid-item post-3818 post type-post status-publish format-standard hentry category-protocolo-sepmud\">\n\t\t\t\t<div class=\"elementor-post__text\">\n\t\t<div class=\"elementor-post__content\"><style>.elementor-3818 .elementor-element.elementor-element-12d224b .elementor-heading-title{color:#31B7BC;font-family:\"Viga\", Sans-serif;font-size:35px;font-weight:600;}.elementor-3818 .elementor-element.elementor-element-12d224b > .elementor-widget-container{margin:0% 5% 0% 0%;}.elementor-3818 .elementor-element.elementor-element-5967341 .elementor-text-editor{text-align:justify;}.elementor-3818 .elementor-element.elementor-element-5967341{font-family:\"Ubuntu\", Sans-serif;font-weight:400;}.elementor-3818 .elementor-element.elementor-element-5967341 > .elementor-widget-container{margin:0% 5% 0% 5%;}<\/style>\n<div data-elementor-type=\"wp-post\" data-elementor-id=\"3818\" class=\"elementor elementor-3818\" data-elementor-settings=\"[]\">\n<div class=\"elementor-inner\">\n<div class=\"elementor-section-wrap\">\n<section class=\"elementor-section elementor-top-section elementor-element elementor-element-035344b elementor-section-boxed elementor-section-height-default elementor-section-height-default\" data-id=\"035344b\" data-element_type=\"section\">\n<div class=\"elementor-container elementor-column-gap-default\">\n<div class=\"elementor-row\">\n<div class=\"elementor-column elementor-col-100 elementor-top-column elementor-element elementor-element-4a543a2\" data-id=\"4a543a2\" data-element_type=\"column\">\n<div class=\"elementor-column-wrap elementor-element-populated\">\n<div class=\"elementor-widget-wrap\">\n<div class=\"elementor-element elementor-element-12d224b elementor-widget elementor-widget-theme-post-title elementor-page-title elementor-widget-heading\" data-id=\"12d224b\" data-element_type=\"widget\" data-widget_type=\"theme-post-title.default\">\n<div class=\"elementor-widget-container\">\n<h1 class=\"elementor-heading-title elementor-size-default\">2.6. SERVICIOS MUNICIPALES<\/h1>\n<\/div>\n<\/div>\n<\/div>\n<\/div>\n<\/div>\n<\/div>\n<\/div>\n<\/section>\n<section class=\"elementor-section elementor-top-section elementor-element elementor-element-1516c3d elementor-section-boxed elementor-section-height-default elementor-section-height-default\" data-id=\"1516c3d\" data-element_type=\"section\">\n<div class=\"elementor-container elementor-column-gap-default\">\n<div class=\"elementor-row\">\n<div class=\"elementor-column elementor-col-100 elementor-top-column elementor-element elementor-element-4014731\" data-id=\"4014731\" data-element_type=\"column\">\n<div class=\"elementor-column-wrap elementor-element-populated\">\n<div class=\"elementor-widget-wrap\">\n<div class=\"elementor-element elementor-element-5967341 elementor-widget elementor-widget-text-editor\" data-id=\"5967341\" data-element_type=\"widget\" data-widget_type=\"text-editor.default\">\n<div class=\"elementor-widget-container\">\n<div class=\"elementor-text-editor elementor-clearfix\">\n<div class=\"page\" title=\"Page 142\">\n<div class=\"section\">\n<div class=\"layoutArea\">\n<div class=\"column\">\n<p><span style=\"color: #43358b;\"><strong>\u2022 SERVICIOS LEGALES INTEGRALES MUNICIPALES \u2013 SLIMs<\/strong><\/span><\/p>\n<p>Los Gobiernos Auto\u0301nomos Municipales tienen la obligacio\u0301n de organizar servicios o fortalecerlos si ya existen, con cara\u0301cter permanente y gratuitos, para la atencio\u0301n de mujeres, nin\u0303as, nin\u0303os o adolescentes, vi\u0301ctimas de hechos de violencia.<\/p>\n<table cellspacing=\"0\" cellpadding=\"0\">\n<tbody>\n<tr>\n<td valign=\"middle\">\n<p align=\"center\"><span style=\"color: #43358b; font-family: Ubuntu; font-size: small;\"><b>Servicios Municipales<\/b><\/span><\/p>\n<\/td>\n<td valign=\"middle\">\n<p align=\"center\"><span style=\"color: #43358b; font-family: Ubuntu; font-size: small;\"><b>Principales funciones<span class=\"Apple-converted-space\">&nbsp;<\/span><\/b><\/span><\/p>\n<\/td>\n<\/tr>\n<tr>\n<td valign=\"middle\">\n<p><span style=\"color: #000000; font-family: Times; font-size: large;\"><b>Servicios Legales Integrales Municipales<br \/>\u2013 SLIM (Ley No. 348, art. 50)<span class=\"Apple-converted-space\">&nbsp;<\/span><\/b><\/span><\/p>\n<\/td>\n<td valign=\"middle\">\n<p><span style=\"color: #000000; font-family: Times; font-size: large;\">Los SLIM \u0301s tienen las siguientes responsabilidades respecto a las mujeres en situaci\u00f3n de violencia:<span class=\"Apple-converted-space\">&nbsp;<\/span><\/span><\/p>\n<ul>\n<li><span style=\"color: #000000; font-family: Times; font-size: large;\">Prestar servicios de apoyo psicol\u00f3gico, social y legal.<\/span><\/li>\n<li><span style=\"color: #000000; font-family: Times; font-size: large;\">Brindar terapia psicol\u00f3gica especializada individual y grupal con enfoque de g\u00e9nero.<\/span><\/li>\n<li><span style=\"color: #000000; font-family: Times; font-size: large;\">Orientar respecto a los procedimientos para denunciar ante instancia administrativa, policial o judicial en materias penal, familiar, laboral, civil o cualquier otra en la que sus derechos sean menoscabados como consecuencia de hechos de violencia.<span class=\"Apple-converted-space\">&nbsp;<\/span><\/span><\/li>\n<li><span style=\"color: #000000; font-family: Times; font-size: large;\">Intervendr\u00e1 de manera inmediata ante la denuncia de un hecho de violencia contra una mujer.<span class=\"Apple-converted-space\">&nbsp;<\/span><\/span><\/li>\n<li><span style=\"color: #000000; font-family: Times; font-size: large;\">Brindar patrocinio legal gratuito en instancias administrativas, policiales y judiciales para la prosecuci\u00f3n de los procesos hasta conseguir una sentencia firme.<span class=\"Apple-converted-space\">&nbsp;<\/span><\/span><\/li>\n<li><span style=\"color: #000000; font-family: Times; font-size: large;\">Solicitar, a trav\u00e9s de la autoridad competente, la adopci\u00f3n judicial de medidas provisionales, medidas cautelares y medidas de protecci\u00f3n inmediata, coordinando su cumplimiento con las Casas de Acogida, instituciones de apoyo y de atenci\u00f3n en salud.<span class=\"Apple-converted-space\">&nbsp;<\/span><\/span><\/li>\n<li><span style=\"color: #000000; font-family: Times; font-size: large;\">Realizar visitas domiciliarias de apoyo y seguimiento e informes sociales.<span class=\"Apple-converted-space\">&nbsp;<\/span><\/span><\/li>\n<li><span style=\"color: #000000; font-family: Times; font-size: large;\">Derivar al Ministerio P\u00fablico, de forma inmediata, los casos que constituyan delito, con los informes correspondientes.<span class=\"Apple-converted-space\">&nbsp;<\/span><\/span><\/li>\n<li><span style=\"color: #000000; font-family: Times; font-size: large;\">Promover la suscripci\u00f3n de acuerdos de asistencia familiar y su homologaci\u00f3n por autoridad competente.<\/span><\/li>\n<li><span style=\"color: #000000; font-family: Times; font-size: large;\">Elaborar informes m\u00e9dicos, psicol\u00f3gicos, sociales y legales de oficio o a requerimiento de la interesada, del Ministerio P\u00fablico o de la autoridad judicial que conozca el hecho de violencia.<span class=\"Apple-converted-space\">&nbsp;<\/span><\/span><\/li>\n<\/ul>\n<\/td>\n<\/tr>\n<tr>\n<td valign=\"middle\">\n<p><span style=\"color: #000000; font-family: Times; font-size: large;\"><b>Defensor\u00eda de la Ni\u00f1ez y Adolescencia \u2013 DNA (Ley No. 548, art. 185 y sgtes, y Ley No. 348 )<span class=\"Apple-converted-space\">&nbsp;<\/span><\/b><\/span><\/p>\n<\/td>\n<td valign=\"middle\">\n<p><span style=\"color: #000000; font-family: Times; font-size: large;\">Las DNA\u2019s prestan servicios p\u00fablicos de defensa psico-socio-jur\u00eddica gratuitos a ni\u00f1as, ni\u00f1os o adolescente. Se constituye en una Instituci\u00f3n Promotora de la Denuncia ante hechos de violencia cuando la persona agredida es menor de 18 a\u00f1os. Tienen, entre las principales, las siguientes responsabilidades:<span class=\"Apple-converted-space\">&nbsp;<\/span><\/span><\/p>\n<ul>\n<li><span style=\"color: #000000; font-family: Times; font-size: large;\">Interponer demandas, solicitudes, denuncias y recursos ante las autoridades competentes por conductas y hechos de violencia, infracciones, o delitos cometidos en contra de la ni\u00f1a, ni\u00f1o o adolescente, para tal efecto no se exigir\u00e1 mandato expreso;<span class=\"Apple-converted-space\">&nbsp;<\/span><\/span><\/li>\n<li><span style=\"color: #000000; font-family: Times; font-size: large;\">Apersonarse de oficio e intervenir en defensa de la ni\u00f1a, ni\u00f1o o adolescente ante las instancias administrativas o judiciales, por cualquier causa o motivo y en cualquier estado de la causa, sin necesidad de mandato expreso;<span class=\"Apple-converted-space\">&nbsp;<\/span><\/span><\/li>\n<li><span style=\"color: #000000; font-family: Times; font-size: large;\">Remitir a conocimiento de la autoridad judicial, los casos que no son de su competencia o han dejado de serlo;<span class=\"Apple-converted-space\">&nbsp;<\/span><\/span><\/li>\n<li><span style=\"color: #000000; font-family: Times; font-size: large;\">Denunciar ante las autoridades competentes los casos en que no se otorgue prioridad en la atenci\u00f3n a la ni\u00f1a, ni\u00f1o o adolescente;<span class=\"Apple-converted-space\">&nbsp;<\/span><\/span><\/li>\n<li><span style=\"color: #000000; font-family: Times; font-size: large;\">Interponer de oficio acciones de defensa y otras acciones legales y administrativas necesarias para la restituci\u00f3n de derechos de la ni\u00f1a, ni\u00f1o o adolescente;<span class=\"Apple-converted-space\">&nbsp;<\/span><\/span><\/li>\n<li><span style=\"color: #000000; font-family: Times; font-size: large;\">Intervenir para que el da\u00f1o ocasionado a ni\u00f1as, ni\u00f1os o adolescentes sea reparado;<span class=\"Apple-converted-space\">&nbsp;<\/span><\/span><\/li>\n<li><span style=\"color: #000000; font-family: Times; font-size: large;\">Promover acuerdos de asistencia familiar para su homologaci\u00f3n, de oficio por autoridad competente;<span class=\"Apple-converted-space\">&nbsp;<\/span><\/span><\/li>\n<li><span style=\"color: #000000; font-family: Times; font-size: large;\">Derivar a la ni\u00f1a, ni\u00f1o o adolescente a atenci\u00f3n m\u00e9dica, psicol\u00f3gica o psiqui\u00e1trica en r\u00e9gimen hospitalario o ambulatorio, en los casos que corresponda;<span class=\"Apple-converted-space\">&nbsp;<\/span><\/span><\/li>\n<li><span style=\"color: #000000; font-family: Times; font-size: large;\">Acoger circunstancialmente a ni\u00f1as, ni\u00f1os y adolescentes, de acuerdo a lo previsto en el presente C\u00f3digo<span class=\"Apple-converted-space\">&nbsp;<\/span><\/span><\/li>\n<li><span style=\"color: #000000; font-family: Times; font-size: large;\">Verificar las denuncias de violencia con facultades de ingreso a lugares p\u00fablicos.<span class=\"Apple-converted-space\">&nbsp;<\/span><\/span><\/li>\n<\/ul>\n<\/td>\n<\/tr>\n<\/tbody>\n<\/table>\n<\/div>\n<\/div>\n<\/div>\n<\/div>\n<\/div><\/div>\n<\/div>\n<\/div>\n<\/div>\n<\/div>\n<\/div>\n<\/div>\n<\/section><\/div>\n<\/div>\n<\/div>\n<\/div>\t\t<\/div>\n\t\t\t\t<\/article>\n\t\t\t\t<article class=\"elementor-post elementor-grid-item post-3823 post type-post status-publish format-standard hentry category-protocolo-sepmud\">\n\t\t\t\t<div class=\"elementor-post__text\">\n\t\t<div class=\"elementor-post__content\"><style>.elementor-3823 .elementor-element.elementor-element-1525c49 .elementor-heading-title{color:#31B7BC;font-family:\"Viga\", Sans-serif;font-size:35px;font-weight:600;}.elementor-3823 .elementor-element.elementor-element-1525c49 > .elementor-widget-container{margin:0% 5% 0% 0%;}.elementor-3823 .elementor-element.elementor-element-ac88c1a .elementor-text-editor{text-align:justify;}.elementor-3823 .elementor-element.elementor-element-ac88c1a{font-family:\"Ubuntu\", Sans-serif;font-weight:400;}.elementor-3823 .elementor-element.elementor-element-ac88c1a > .elementor-widget-container{margin:0% 5% 0% 5%;}<\/style>\n<div data-elementor-type=\"wp-post\" data-elementor-id=\"3823\" class=\"elementor elementor-3823\" data-elementor-settings=\"[]\">\n<div class=\"elementor-inner\">\n<div class=\"elementor-section-wrap\">\n<section class=\"elementor-section elementor-top-section elementor-element elementor-element-761a92a elementor-section-boxed elementor-section-height-default elementor-section-height-default\" data-id=\"761a92a\" data-element_type=\"section\">\n<div class=\"elementor-container elementor-column-gap-default\">\n<div class=\"elementor-row\">\n<div class=\"elementor-column elementor-col-100 elementor-top-column elementor-element elementor-element-2ee855b\" data-id=\"2ee855b\" data-element_type=\"column\">\n<div class=\"elementor-column-wrap elementor-element-populated\">\n<div class=\"elementor-widget-wrap\">\n<div class=\"elementor-element elementor-element-1525c49 elementor-widget elementor-widget-theme-post-title elementor-page-title elementor-widget-heading\" data-id=\"1525c49\" data-element_type=\"widget\" data-widget_type=\"theme-post-title.default\">\n<div class=\"elementor-widget-container\">\n<h1 class=\"elementor-heading-title elementor-size-default\">2.7. SERVICIOS DEPARTAMENTALES<\/h1>\n<\/div>\n<\/div>\n<\/div>\n<\/div>\n<\/div>\n<\/div>\n<\/div>\n<\/section>\n<section class=\"elementor-section elementor-top-section elementor-element elementor-element-376094f elementor-section-boxed elementor-section-height-default elementor-section-height-default\" data-id=\"376094f\" data-element_type=\"section\">\n<div class=\"elementor-container elementor-column-gap-default\">\n<div class=\"elementor-row\">\n<div class=\"elementor-column elementor-col-100 elementor-top-column elementor-element elementor-element-4fb4903\" data-id=\"4fb4903\" data-element_type=\"column\">\n<div class=\"elementor-column-wrap elementor-element-populated\">\n<div class=\"elementor-widget-wrap\">\n<div class=\"elementor-element elementor-element-ac88c1a elementor-widget elementor-widget-text-editor\" data-id=\"ac88c1a\" data-element_type=\"widget\" data-widget_type=\"text-editor.default\">\n<div class=\"elementor-widget-container\">\n<div class=\"elementor-text-editor elementor-clearfix\">\n<div class=\"page\" title=\"Page 144\">\n<div class=\"section\">\n<div class=\"layoutArea\">\n<div class=\"column\">\n<p>Los Gobiernos Departamentales deben contar con servicios de atencio\u0301n a vi\u0301ctimas de violencia, descritos en la Ley No. 348 y la Ley No. 548.<\/p>\n<table cellspacing=\"0\" cellpadding=\"0\">\n<tbody>\n<tr>\n<td valign=\"middle\">\n<p align=\"center\"><span style=\"color: #43358b; font-family: Ubuntu; font-size: small;\"><b>Servicios disponibles<\/b><\/span><\/p>\n<\/td>\n<td valign=\"middle\">\n<p align=\"center\"><span style=\"color: #43358b; font-family: Ubuntu; font-size: small;\"><b>Principales funciones<span class=\"Apple-converted-space\">\u00a0<\/span><\/b><\/span><\/p>\n<\/td>\n<\/tr>\n<tr>\n<td valign=\"middle\">\n<p><span style=\"color: #000000; font-family: Ubuntu; font-size: small;\"><b>Instancia T\u00e9cnica Departamental de Pol\u00edtica Social (Ley No. 548, art. 183<\/b>)<span class=\"Apple-converted-space\">\u00a0<\/span><\/span><\/p>\n<\/td>\n<td valign=\"middle\">\n<ul>\n<li><span style=\"color: #000000; font-family: Ubuntu; font-size: small;\">Brindar servicios de orientaci\u00f3n y apoyo socio-familiar y educativo.<span class=\"Apple-converted-space\">\u00a0<\/span><\/span><\/li>\n<li><span style=\"color: #000000; font-family: Ubuntu; font-size: small;\">Brindar servicios de atenci\u00f3n jur\u00eddica y psico-social.<\/span><\/li>\n<li><span style=\"color: #000000; font-family: Ubuntu; font-size: small;\">Desarrollar programas de acogimiento temporal.<\/span><\/li>\n<li><span style=\"color: #000000; font-family: Ubuntu; font-size: small;\">Ejecutar programas de familia sustituta, bajo la modalidad de guarda, tutela y adopci\u00f3n nacional.<span class=\"Apple-converted-space\">\u00a0<\/span><\/span><\/li>\n<\/ul>\n<\/td>\n<\/tr>\n<tr>\n<td valign=\"middle\">\n<p><span style=\"color: #000000; font-family: Ubuntu; font-size: small;\"><b>Centro Especializado de Prevenci\u00f3n y Atenci\u00f3n Terap\u00e9utica (CEPAT<\/b>)<span class=\"Apple-converted-space\">\u00a0<\/span><\/span><\/p>\n<\/td>\n<td valign=\"middle\">\n<ul>\n<li><span style=\"color: #000000; font-family: Ubuntu; font-size: small;\">Es un servicio dependiente de la Instancia T\u00e9cnica Departamental de Pol\u00edticas Sociales.<span class=\"Apple-converted-space\">\u00a0<\/span><\/span><\/li>\n<li><span style=\"color: #000000; font-family: Ubuntu; font-size: small;\">Se enfoca en la prevenci\u00f3n y atenci\u00f3n terap\u00e9utica especializada ni\u00f1as, ni\u00f1os y adolescentes en situaci\u00f3n de violencia sexual, a trav\u00e9s de intervenciones con enfoque sist\u00e9mico para coadyuvar en la recuperaci\u00f3n psicosocial de ni\u00f1as, ni\u00f1os y adolescentes y tratar las secuelas de la violencia sexual.<span class=\"Apple-converted-space\">\u00a0<\/span><\/span><\/li>\n<li><span style=\"color: #000000; font-family: Ubuntu; font-size: small;\">Se caracteriza por ser un servicio ambulatorio alternativo al servicio residente para ni\u00f1as, ni\u00f1os y adolescentes y sus familias, fortaleciendo los v\u00ednculos afectivos y familiares.<span class=\"Apple-converted-space\">\u00a0<\/span><\/span><\/li>\n<\/ul>\n<\/td>\n<\/tr>\n<tr>\n<td valign=\"middle\">\n<p><span style=\"color: #000000; font-family: Ubuntu; font-size: small;\"><b>Casas de Acogida y Refugio Temporal (Ley No. 348, art. 25 y 26)<span class=\"Apple-converted-space\">\u00a0<\/span><\/b><\/span><\/p>\n<\/td>\n<td valign=\"middle\">\n<ul>\n<li><span style=\"color: #000000; font-family: Ubuntu; font-size: small;\">Deben acoger, proteger y atender de forma gratuita, a mujeres en situaci\u00f3n de violencia, a sus hijas e hijos y cualquier familiar que se encuentre bajo su dependencia y est\u00e9 en riesgo.<span class=\"Apple-converted-space\">\u00a0<\/span><\/span><\/li>\n<li><span style=\"color: #000000; font-family: Ubuntu; font-size: small;\">Estimular y promover el empoderamiento de las mujeres en situaci\u00f3n de violencia, facilitando su acceso a la educaci\u00f3n, capacitaci\u00f3n laboral y trabajo.<span class=\"Apple-converted-space\">\u00a0<\/span><\/span><\/li>\n<li><span style=\"color: #000000; font-family: Ubuntu; font-size: small;\">Coordinar con los servicios de atenci\u00f3n y los centros de salud p\u00fablica y privada, la atenci\u00f3n m\u00e9dica de las mujeres y sus familiares en situaci\u00f3n de violencia.<span class=\"Apple-converted-space\">\u00a0<\/span><\/span><\/li>\n<li><span style=\"color: #000000; font-family: Ubuntu; font-size: small;\">Proporcionar a las mujeres la atenci\u00f3n interdisciplinaria necesaria para su recuperaci\u00f3n f\u00edsica y psicol\u00f3gica, que les permita participar, de manera gradual, en la vida p\u00fablica, social y privado.<span class=\"Apple-converted-space\">\u00a0<\/span><\/span><\/li>\n<li><span style=\"color: #000000; font-family: Ubuntu; font-size: small;\">Dar informaci\u00f3n a las mujeres sobre los procedimientos legales, las instituciones que prestan los servicios interdisciplinarios gratuitos que requieran para su restablecimiento y cualquier tema de su inter\u00e9s, vinculado a su situaci\u00f3n.<span class=\"Apple-converted-space\">\u00a0<\/span><\/span><\/li>\n<\/ul>\n<\/td>\n<\/tr>\n<\/tbody>\n<\/table>\n<\/div>\n<\/div>\n<div class=\"page\" title=\"Page 144\">\n<div class=\"section\">\n<div class=\"layoutArea\">\n<div class=\"column\">\n<p>En su funcionamiento deben enmarcarse en la GUI\u0301A DE GESTIO\u0301N DE CASAS DE ACOGIDA Y REFUGIO TEMPORAL aprobada mediante Resolucio\u0301n Ministerial No. 024\/2016, de 22 de febrero de 2016 (Ver lista en el Anexo 8).<\/p>\n<\/div>\n<\/div>\n<\/div>\n<\/div>\n<\/div>\n<\/div>\n<\/div><\/div>\n<\/div>\n<\/div>\n<\/div>\n<\/div>\n<\/div>\n<\/div>\n<\/section><\/div>\n<\/div>\n<\/div>\n<\/div>\t\t<\/div>\n\t\t\t\t<\/article>\n\t\t\t\t<article class=\"elementor-post elementor-grid-item post-3828 post type-post status-publish format-standard hentry category-protocolo-sepmud\">\n\t\t\t\t<div class=\"elementor-post__text\">\n\t\t<div class=\"elementor-post__content\"><style>.elementor-3828 .elementor-element.elementor-element-8ecad5e .elementor-heading-title{color:#31B7BC;font-family:\"Viga\", Sans-serif;font-size:35px;font-weight:600;}.elementor-3828 .elementor-element.elementor-element-8ecad5e > .elementor-widget-container{margin:0% 5% 0% 0%;}.elementor-3828 .elementor-element.elementor-element-829431f .elementor-text-editor{text-align:justify;}.elementor-3828 .elementor-element.elementor-element-829431f{font-family:\"Ubuntu\", Sans-serif;font-weight:400;}.elementor-3828 .elementor-element.elementor-element-829431f > .elementor-widget-container{margin:0% 5% 0% 5%;}<\/style>\n<div data-elementor-type=\"wp-post\" data-elementor-id=\"3828\" class=\"elementor elementor-3828\" data-elementor-settings=\"[]\">\n<div class=\"elementor-inner\">\n<div class=\"elementor-section-wrap\">\n<section class=\"elementor-section elementor-top-section elementor-element elementor-element-42dde46 elementor-section-boxed elementor-section-height-default elementor-section-height-default\" data-id=\"42dde46\" data-element_type=\"section\">\n<div class=\"elementor-container elementor-column-gap-default\">\n<div class=\"elementor-row\">\n<div class=\"elementor-column elementor-col-100 elementor-top-column elementor-element elementor-element-3b1b350\" data-id=\"3b1b350\" data-element_type=\"column\">\n<div class=\"elementor-column-wrap elementor-element-populated\">\n<div class=\"elementor-widget-wrap\">\n<div class=\"elementor-element elementor-element-8ecad5e elementor-widget elementor-widget-theme-post-title elementor-page-title elementor-widget-heading\" data-id=\"8ecad5e\" data-element_type=\"widget\" data-widget_type=\"theme-post-title.default\">\n<div class=\"elementor-widget-container\">\n<h1 class=\"elementor-heading-title elementor-size-default\">2.8. SISTEMA EDUCATIVO<\/h1>\n<\/div>\n<\/div>\n<\/div>\n<\/div>\n<\/div>\n<\/div>\n<\/div>\n<\/section>\n<section class=\"elementor-section elementor-top-section elementor-element elementor-element-67a65c8 elementor-section-boxed elementor-section-height-default elementor-section-height-default\" data-id=\"67a65c8\" data-element_type=\"section\">\n<div class=\"elementor-container elementor-column-gap-default\">\n<div class=\"elementor-row\">\n<div class=\"elementor-column elementor-col-100 elementor-top-column elementor-element elementor-element-1d0627e\" data-id=\"1d0627e\" data-element_type=\"column\">\n<div class=\"elementor-column-wrap elementor-element-populated\">\n<div class=\"elementor-widget-wrap\">\n<div class=\"elementor-element elementor-element-829431f elementor-widget elementor-widget-text-editor\" data-id=\"829431f\" data-element_type=\"widget\" data-widget_type=\"text-editor.default\">\n<div class=\"elementor-widget-container\">\n<div class=\"elementor-text-editor elementor-clearfix\">\n<div class=\"page\" title=\"Page 145\">\n<div class=\"section\">\n<div class=\"layoutArea\">\n<div class=\"column\">\n<p>El Ministerio de Educacio\u0301n tiene atribuciones y funciones especi\u0301ficas relacionadas con las vi\u0301ctimas de violencia en el Sistema Educativo.<\/p>\n<table cellspacing=\"0\" cellpadding=\"0\">\n<tbody>\n<tr>\n<td valign=\"middle\">\n<p align=\"center\"><span style=\"color: #43358b; font-family: Ubuntu; font-size: small;\"><b>Responsables<\/b><\/span><\/p>\n<\/td>\n<td valign=\"middle\">\n<p align=\"center\"><span style=\"color: #43358b; font-family: Ubuntu; font-size: small;\"><b>Principales atribuciones y funciones<span class=\"Apple-converted-space\">\u00a0<\/span><\/b><\/span><\/p>\n<\/td>\n<\/tr>\n<tr>\n<td valign=\"middle\">\n<p><span style=\"color: #000000; font-family: Ubuntu; font-size: small;\"><b>Sistema Educativo (Ley No. 548, art. 150 y 152)<span class=\"Apple-converted-space\">\u00a0<\/span><\/b><\/span><\/p>\n<\/td>\n<td valign=\"middle\">\n<p><span style=\"color: #000000; font-family: Ubuntu; font-size: small;\">La Comunidad Educativa a fin de prevenir, detener y eliminar la violencia, agresi\u00f3n y\/o acoso en las unidades educativas y\/o centros pueden adoptar las siguientes medidas:<span class=\"Apple-converted-space\">\u00a0<\/span><\/span><\/p>\n<ul>\n<li><span style=\"color: #000000; font-family: Ubuntu; font-size: small;\">Romper la cultura del silencio y del miedo denunciando conductas y actos de cualquier tipo de violencia;<span class=\"Apple-converted-space\">\u00a0<\/span><\/span><\/li>\n<li><span style=\"color: #000000; font-family: Ubuntu; font-size: small;\">Elaborar un Plan de Convivencia pac\u00edfica y arm\u00f3nica, acorde a la realidad de cada unidad educativa y\/o centro;<span class=\"Apple-converted-space\">\u00a0<\/span><\/span><\/li>\n<li><span style=\"color: #000000; font-family: Ubuntu; font-size: small;\">Difundir y promover normas contra la violencia agresi\u00f3n y\/o acoso en las unidades educativas y\/o centros; y<span class=\"Apple-converted-space\">\u00a0<\/span><\/span><\/li>\n<li><span style=\"color: #000000; font-family: Ubuntu; font-size: small;\">Denunciar los casos que se consideren graves y las denuncias falsas.<span class=\"Apple-converted-space\">\u00a0<\/span><\/span><\/li>\n<\/ul>\n<\/td>\n<\/tr>\n<tr>\n<td valign=\"middle\">\n<p><span style=\"color: #000000; font-family: Ubuntu; font-size: small;\"><b>Ministerio de Educaci\u00f3n (Ley No. 348, art. 19<\/b>).<span class=\"Apple-converted-space\">\u00a0<\/span><\/span><\/p>\n<\/td>\n<td valign=\"middle\">\n<ul>\n<li><span style=\"color: #000000; font-family: Ubuntu; font-size: small;\">Incorporar estrategias y programas de prevenci\u00f3n e intervenci\u00f3n integral contra la violencia hacia las mujeres en las pol\u00edticas p\u00fablicas de educaci\u00f3n.<span class=\"Apple-converted-space\">\u00a0<\/span><\/span><\/li>\n<li><span style=\"color: #000000; font-family: Ubuntu; font-size: small;\">Crear en las unidades educativas un centro de atenci\u00f3n psicol\u00f3gica, con especialidad obligatoria en violencia, en convenio con universidades p\u00fablicas o privadas para la atenci\u00f3n psicol\u00f3gica de las y los estudiantes que viven en familias en situaci\u00f3n de violencia.<span class=\"Apple-converted-space\">\u00a0<\/span><\/span><\/li>\n<li><span style=\"color: #000000; font-family: Ubuntu; font-size: small;\">Garantizar el traspaso inmediato a las unidades educativas que correspondan, de las hijas o hijos de mujeres en situaci\u00f3n de violencia, si se produce un cambio de domicilio.<span class=\"Apple-converted-space\">\u00a0<\/span><\/span><\/li>\n<li><span style=\"color: #000000; font-family: Ubuntu; font-size: small;\">Formular y ejecutar una pol\u00edtica de prevenci\u00f3n del acoso sexual en el sistema educativo.<span class=\"Apple-converted-space\">\u00a0<\/span><\/span><\/li>\n<\/ul>\n<\/td>\n<\/tr>\n<tr>\n<td valign=\"middle\">\n<p><span style=\"color: #000000; font-family: Ubuntu; font-size: small;\"><b>Unidades Educativas (Ley No. 348, art. 19<\/b>).<span class=\"Apple-converted-space\">\u00a0<\/span><\/span><\/p>\n<\/td>\n<td valign=\"middle\">\n<p><span style=\"color: #000000; font-family: Ubuntu; font-size: small;\">El personal docente, administrativo o de apoyo, profesional que, habiendo detectado una situaci\u00f3n de violencia no la hubiere reportado, ser\u00e1 pasible a las acciones legales que correspondan.<span class=\"Apple-converted-space\">\u00a0<\/span><\/span><\/p>\n<\/td>\n<\/tr>\n<tr>\n<td valign=\"middle\">\n<p><span style=\"color: #000000; font-family: Ubuntu; font-size: small;\"><b>Universidades y centros de formaci\u00f3n superior p\u00fablicos (Ley No. 348, art. 24).<span class=\"Apple-converted-space\">\u00a0<\/span><\/b><\/span><\/p>\n<\/td>\n<td valign=\"middle\">\n<p><span style=\"color: #000000; font-family: Ubuntu; font-size: small;\">Crear programas y servicios gratuitos destinados a la prevenci\u00f3n de la violencia hacia las mujeres, la atenci\u00f3n y rehabilitaci\u00f3n de mujeres en situaci\u00f3n de violencia, asesor\u00eda profesional especializada e integral. Las universidades y centros de formaci\u00f3n incluir\u00e1n programas acad\u00e9micos adecuados para lograr estos prop\u00f3sitos.<span class=\"Apple-converted-space\">\u00a0<\/span><\/span><\/p>\n<\/td>\n<\/tr>\n<tr>\n<td valign=\"middle\">\n<p><span style=\"color: #000000; font-family: Ubuntu; font-size: small;\"><b>Directores Departamentales de Educaci\u00f3n y el Ministerio de Educaci\u00f3n (Decreto Supremo No. 1302 y 1320<\/b>)<span class=\"Apple-converted-space\">\u00a0<\/span><\/span><\/p>\n<\/td>\n<td valign=\"middle\">\n<p><span style=\"color: #000000; font-family: Ubuntu; font-size: small;\">Tienen la obligaci\u00f3n de denunciar y coadyuvar en la acci\u00f3n penal correspondiente hasta su conclusi\u00f3n, ante el Ministerio P\u00fablico de su Jurisdicci\u00f3n o autoridad competente, en contra de directores, docentes o administrativos del Sistema Educativo Plurinacional, que hubiesen sido sindicados de la comisi\u00f3n de delitos que atenten contra la vida, la integridad f\u00edsica, psicol\u00f3gica y\/o sexual de las ni\u00f1as, ni\u00f1os y adolescentes estudiantes.<span class=\"Apple-converted-space\">\u00a0<\/span><\/span><\/p>\n<\/td>\n<\/tr>\n<\/tbody>\n<\/table>\n<\/div>\n<\/div>\n<\/div>\n<\/div>\n<\/div><\/div>\n<\/div>\n<\/div>\n<\/div>\n<\/div>\n<\/div>\n<\/div>\n<\/section><\/div>\n<\/div>\n<\/div>\n<\/div>\t\t<\/div>\n\t\t\t\t<\/article>\n\t\t\t\t<article class=\"elementor-post elementor-grid-item post-3833 post type-post status-publish format-standard hentry category-protocolo-sepmud\">\n\t\t\t\t<div class=\"elementor-post__text\">\n\t\t<div class=\"elementor-post__content\"><style>.elementor-3833 .elementor-element.elementor-element-279ef59 .elementor-heading-title{color:#31B7BC;font-family:\"Viga\", Sans-serif;font-size:35px;font-weight:600;}.elementor-3833 .elementor-element.elementor-element-279ef59 > .elementor-widget-container{margin:0% 5% 0% 0%;}.elementor-3833 .elementor-element.elementor-element-299f267 .elementor-text-editor{text-align:justify;}.elementor-3833 .elementor-element.elementor-element-299f267{font-family:\"Ubuntu\", Sans-serif;font-weight:400;}.elementor-3833 .elementor-element.elementor-element-299f267 > .elementor-widget-container{margin:0% 5% 0% 5%;}.elementor-3833 .elementor-element.elementor-element-46da2e5 .elementor-text-editor{text-align:justify;}.elementor-3833 .elementor-element.elementor-element-46da2e5{font-family:\"Ubuntu\", Sans-serif;font-weight:400;}.elementor-3833 .elementor-element.elementor-element-46da2e5 > .elementor-widget-container{margin:0% 5% 0% 5%;}<\/style>\n<div data-elementor-type=\"wp-post\" data-elementor-id=\"3833\" class=\"elementor elementor-3833\" data-elementor-settings=\"[]\">\n<div class=\"elementor-inner\">\n<div class=\"elementor-section-wrap\">\n<section class=\"elementor-section elementor-top-section elementor-element elementor-element-63e2884 elementor-section-boxed elementor-section-height-default elementor-section-height-default\" data-id=\"63e2884\" data-element_type=\"section\">\n<div class=\"elementor-container elementor-column-gap-default\">\n<div class=\"elementor-row\">\n<div class=\"elementor-column elementor-col-100 elementor-top-column elementor-element elementor-element-8af9874\" data-id=\"8af9874\" data-element_type=\"column\">\n<div class=\"elementor-column-wrap elementor-element-populated\">\n<div class=\"elementor-widget-wrap\">\n<div class=\"elementor-element elementor-element-279ef59 elementor-widget elementor-widget-theme-post-title elementor-page-title elementor-widget-heading\" data-id=\"279ef59\" data-element_type=\"widget\" data-widget_type=\"theme-post-title.default\">\n<div class=\"elementor-widget-container\">\n<h1 class=\"elementor-heading-title elementor-size-default\">2.9. SERVICIOS DE SALUD<\/h1>\n<\/div>\n<\/div>\n<\/div>\n<\/div>\n<\/div>\n<\/div>\n<\/div>\n<\/section>\n<section class=\"elementor-section elementor-top-section elementor-element elementor-element-4f434b6 elementor-section-boxed elementor-section-height-default elementor-section-height-default\" data-id=\"4f434b6\" data-element_type=\"section\">\n<div class=\"elementor-container elementor-column-gap-default\">\n<div class=\"elementor-row\">\n<div class=\"elementor-column elementor-col-100 elementor-top-column elementor-element elementor-element-5d9543e\" data-id=\"5d9543e\" data-element_type=\"column\">\n<div class=\"elementor-column-wrap elementor-element-populated\">\n<div class=\"elementor-widget-wrap\">\n<div class=\"elementor-element elementor-element-299f267 elementor-widget elementor-widget-text-editor\" data-id=\"299f267\" data-element_type=\"widget\" data-widget_type=\"text-editor.default\">\n<div class=\"elementor-widget-container\">\n<div class=\"elementor-text-editor elementor-clearfix\">\n<div class=\"page\" title=\"Page 146\">\n<div class=\"section\">\n<div class=\"layoutArea\">\n<div class=\"column\">\n<p>La Ley No. 348 confiere al Ministerio de Salud y a los servicios atribuciones y funciones en relacio\u0301n a las vi\u0301ctimas de violencia.<\/p>\n<table cellspacing=\"0\" cellpadding=\"0\">\n<tbody>\n<tr>\n<td valign=\"middle\">\n<p align=\"center\"><span style=\"color: #43358b; font-family: Ubuntu; font-size: small;\"><b>Responsables<\/b><\/span><\/p>\n<\/td>\n<td valign=\"middle\">\n<p align=\"center\"><span style=\"color: #43358b; font-family: Ubuntu; font-size: small;\"><b>Principales atribuciones y funciones<span class=\"Apple-converted-space\">\u00a0<\/span><\/b><\/span><\/p>\n<\/td>\n<\/tr>\n<tr>\n<td valign=\"middle\">\n<p><span style=\"color: #000000; font-family: Ubuntu; font-size: small;\"><b>Ministerio de Salud y Deportes (Ley No. 348, art. 20)<span class=\"Apple-converted-space\">\u00a0<\/span><\/b><\/span><\/p>\n<\/td>\n<td valign=\"middle\">\n<ul>\n<li><span style=\"color: #000000; font-family: Ubuntu; font-size: small;\">Garantizar que el Sistema de Salud P\u00fablico, seguro social a corto plazo y privado, responda con atenci\u00f3n m\u00e9dica y psicol\u00f3gica de emergencia, tratamiento inmediato para el restablecimiento de la salud f\u00edsica y emocional de las mujeres que se encuentran en situaci\u00f3n de riesgo y\/o violencia, en la prestaci\u00f3n de salud gratuita para la atenci\u00f3n de mujeres v\u00edctimas de violencia al momento de la implementaci\u00f3n del Seguro Universal de Salud, quedando prohibida la negaci\u00f3n de atenci\u00f3n.<span class=\"Apple-converted-space\">\u00a0<\/span><\/span><\/li>\n<li><span style=\"color: #000000; font-family: Ubuntu; font-size: small;\">Elaborar e implementar mecanismos para la detecci\u00f3n y reporte de potenciales casos de violencia que pudieran sufrir mujeres que recurran a los servicios de salud p\u00fablicos, seguro social a corto plazo y servicios privados.<span class=\"Apple-converted-space\">\u00a0<\/span><\/span><\/li>\n<li><span style=\"color: #000000; font-family: Ubuntu; font-size: small;\">Referir o derivar a las mujeres en situaci\u00f3n de violencia o riesgo inminente a los servicios especializados de atenci\u00f3n m\u00e9dica, psicol\u00f3gica y de protecci\u00f3n.<span class=\"Apple-converted-space\">\u00a0<\/span><\/span><\/li>\n<\/ul>\n<\/td>\n<\/tr>\n<tr>\n<td valign=\"middle\">\n<p><span style=\"color: #000000; font-family: Ubuntu; font-size: small;\"><b>Personal m\u00e9dico del Sistema de Salud P\u00fablico, seguro social a corto plazo y servicios privados (Ley No. 348, art. 20).<span class=\"Apple-converted-space\">\u00a0<\/span><\/b><\/span><\/p>\n<\/td>\n<td valign=\"middle\">\n<p><span style=\"color: #000000; font-family: Ubuntu; font-size: small;\">Extender de oficio, de forma obligatoria, gratuita y en papel corriente, un certificado m\u00e9dico a mujeres que requieran atenci\u00f3n por da\u00f1o f\u00edsico o sexual emergente de actos de violencia, debiendo derivarse a las instancias competentes la respectiva valoraci\u00f3n del da\u00f1o psicol\u00f3gico.<span class=\"Apple-converted-space\">\u00a0<\/span><\/span><\/p>\n<\/td>\n<\/tr>\n<\/tbody>\n<\/table>\n<\/div>\n<\/div>\n<\/div>\n<\/div>\n<\/div><\/div>\n<\/div>\n<\/div>\n<\/div>\n<\/div>\n<\/div>\n<\/div>\n<\/section>\n<section class=\"elementor-section elementor-top-section elementor-element elementor-element-308fa2b elementor-section-boxed elementor-section-height-default elementor-section-height-default\" data-id=\"308fa2b\" data-element_type=\"section\">\n<div class=\"elementor-container elementor-column-gap-default\">\n<div class=\"elementor-row\">\n<div class=\"elementor-column elementor-col-100 elementor-top-column elementor-element elementor-element-5f2eda5\" data-id=\"5f2eda5\" data-element_type=\"column\">\n<div class=\"elementor-column-wrap elementor-element-populated\">\n<div class=\"elementor-widget-wrap\">\n<div class=\"elementor-element elementor-element-46da2e5 elementor-widget elementor-widget-text-editor\" data-id=\"46da2e5\" data-element_type=\"widget\" data-widget_type=\"text-editor.default\">\n<div class=\"elementor-widget-container\">\n<div class=\"elementor-text-editor elementor-clearfix\">\n<div class=\"page\" title=\"Page 146\">\n<div class=\"section\">\n<div class=\"layoutArea\">\n<div class=\"column\">\n<div class=\"page\" title=\"Page 146\">\n<div class=\"section\">\n<div class=\"layoutArea\">\n<div class=\"column\">\n<p>Otras normas establecen tambie\u0301n funciones de acuerdo a ciertos tipos de violencia en los que debe prestarse servicios de salud observando las disposiciones pertinentes para cada caso.<\/p>\n<table cellspacing=\"0\" cellpadding=\"0\">\n<tbody>\n<tr>\n<td valign=\"middle\">\n<p align=\"center\"><span style=\"color: #43358b; font-family: Ubuntu; font-size: small;\"><b>Normas<\/b><\/span><\/p>\n<\/td>\n<td valign=\"middle\">\n<p align=\"center\"><span style=\"color: #43358b; font-family: Ubuntu; font-size: small;\"><b>Descripci\u00f3n<\/b><\/span><\/p>\n<\/td>\n<\/tr>\n<tr>\n<td valign=\"middle\">\n<p><span style=\"color: #000000; font-family: Ubuntu; font-size: small;\"><b>C\u00f3digo Ni\u00f1a, Ni\u00f1o y Adolescente (Ley No. 548<\/b>)<span class=\"Apple-converted-space\">\u00a0<\/span><\/span><\/p>\n<\/td>\n<td valign=\"middle\">\n<p><span style=\"color: #000000; font-family: Ubuntu; font-size: small;\">Establece que las ni\u00f1as, ni\u00f1os y adolescentes tienen derecho a recibir atenci\u00f3n m\u00e9dica de emergencia. Los centros y servicios de salud p\u00fablica, est\u00e1n obligados al cumplimiento de esta norma de forma inmediata en casos de emergencia.<span class=\"Apple-converted-space\">\u00a0<\/span><\/span><\/p>\n<p><span style=\"color: #000000; font-family: Ubuntu; font-size: small;\">Los centros y servicios de salud privados, deben prestar atenci\u00f3n m\u00e9dica inmediata a las ni\u00f1as, ni\u00f1os y adolescentes, cuando la ausencia de atenci\u00f3n m\u00e9dica o derivaci\u00f3n de la o el afectado a otro centro o servicio de salud, implique peligro inminente de su vida o da\u00f1os graves a su salud.<span class=\"Apple-converted-space\">\u00a0<\/span><\/span><\/p>\n<\/td>\n<\/tr>\n<tr>\n<td valign=\"middle\">\n<p><span style=\"color: #000000; font-family: Ubuntu; font-size: small;\"><b>Modelo de Atenci\u00f3n Integral a V\u00edctimas De Violencia Sexual aprobado mediante Resoluci\u00f3n Ministerial 1508\/15<span class=\"Apple-converted-space\">\u00a0<\/span><\/b><\/span><\/p>\n<\/td>\n<td valign=\"middle\">\n<p><span style=\"color: #000000; font-family: Ubuntu; font-size: small;\">Tiene como objeto brindar atenci\u00f3n integral preventiva y curativa a las v\u00edctimas de violencia sexual.<span class=\"Apple-converted-space\">\u00a0<\/span><\/span><\/p>\n<\/td>\n<\/tr>\n<tr>\n<td valign=\"middle\">\n<p><span style=\"color: #000000; font-family: Ubuntu; font-size: small;\"><b>Procedimiento T\u00e9cnico para la Prestaci\u00f3n de Servicios de Salud en el Marco de la Sentencia Constitucional Plurinacional 0206\/2014 aprobado mediante Resoluci\u00f3n Ministerial No. 0027 de 29 de enero de 2019<span class=\"Apple-converted-space\">\u00a0<\/span><\/b><\/span><\/p>\n<\/td>\n<td valign=\"middle\">\n<p><span style=\"color: #000000; font-family: Ubuntu; font-size: small;\">Reglamenta la prestaci\u00f3n en los servicios de salud de la interrupci\u00f3n legal y segura del embarazo, de acuerdo a la Sentencia Constitucional No. 0206\/2014, para garantizar el derecho de las mujeres al acceso a servicios, oportunos y de calidad, disponiendo las siguientes obligaciones de las y los proveedores de servicios de salud.<span class=\"Apple-converted-space\">\u00a0<\/span><\/span><\/p>\n<\/td>\n<\/tr>\n<tr>\n<td valign=\"middle\">\n<p><span style=\"color: #000000; font-family: Ubuntu; font-size: small;\"><b>Decreto Supremo No. 0451 de 17 de marzo de 2010., reglamenta la Ley No. 3729<\/b>.<span class=\"Apple-converted-space\">\u00a0<\/span><\/span><\/p>\n<\/td>\n<td valign=\"middle\">\n<p><span style=\"color: #000000; font-family: Ubuntu; font-size: small;\">Establece que todas las personas v\u00edctimas de los delitos de violaci\u00f3n o estupro deber\u00e1n recibir de inmediato, en cualquiera de los componentes del Sistema Nacional de Salud, el tratamiento profil\u00e1ctico post exposici\u00f3n de acuerdo a normas y protocolos vigentes en el pa\u00eds.<span class=\"Apple-converted-space\">\u00a0<\/span><\/span><\/p>\n<\/td>\n<\/tr>\n<\/tbody>\n<\/table>\n<\/div>\n<\/div>\n<\/div>\n<\/div>\n<\/div>\n<\/div>\n<\/div>\n<\/div>\n<\/div><\/div>\n<\/div>\n<\/div>\n<\/div>\n<\/div>\n<\/div>\n<\/div>\n<\/section><\/div>\n<\/div>\n<\/div>\n<\/div>\t\t<\/div>\n\t\t\t\t<\/article>\n\t\t\t\t<article class=\"elementor-post elementor-grid-item post-3838 post type-post status-publish format-standard hentry category-protocolo-sepmud\">\n\t\t\t\t<div class=\"elementor-post__text\">\n\t\t<div class=\"elementor-post__content\"><style>.elementor-3838 .elementor-element.elementor-element-db558bf .elementor-heading-title{color:#31B7BC;font-family:\"Viga\", Sans-serif;font-size:35px;font-weight:600;}.elementor-3838 .elementor-element.elementor-element-db558bf > .elementor-widget-container{margin:0% 5% 0% 0%;}.elementor-3838 .elementor-element.elementor-element-a6f8e5c .elementor-text-editor{text-align:justify;}.elementor-3838 .elementor-element.elementor-element-a6f8e5c{font-family:\"Ubuntu\", Sans-serif;font-weight:400;}.elementor-3838 .elementor-element.elementor-element-a6f8e5c > .elementor-widget-container{margin:0% 5% 0% 5%;}<\/style>\n<div data-elementor-type=\"wp-post\" data-elementor-id=\"3838\" class=\"elementor elementor-3838\" data-elementor-settings=\"[]\">\n<div class=\"elementor-inner\">\n<div class=\"elementor-section-wrap\">\n<section class=\"elementor-section elementor-top-section elementor-element elementor-element-a5e2a48 elementor-section-boxed elementor-section-height-default elementor-section-height-default\" data-id=\"a5e2a48\" data-element_type=\"section\">\n<div class=\"elementor-container elementor-column-gap-default\">\n<div class=\"elementor-row\">\n<div class=\"elementor-column elementor-col-100 elementor-top-column elementor-element elementor-element-8307da0\" data-id=\"8307da0\" data-element_type=\"column\">\n<div class=\"elementor-column-wrap elementor-element-populated\">\n<div class=\"elementor-widget-wrap\">\n<div class=\"elementor-element elementor-element-db558bf elementor-widget elementor-widget-theme-post-title elementor-page-title elementor-widget-heading\" data-id=\"db558bf\" data-element_type=\"widget\" data-widget_type=\"theme-post-title.default\">\n<div class=\"elementor-widget-container\">\n<h1 class=\"elementor-heading-title elementor-size-default\">2.10. MINISTERIO DE TRABAJO, EMPLEO Y PREVISI\u00d3N SOCIAL<\/h1>\n<\/div>\n<\/div>\n<\/div>\n<\/div>\n<\/div>\n<\/div>\n<\/div>\n<\/section>\n<section class=\"elementor-section elementor-top-section elementor-element elementor-element-afac974 elementor-section-boxed elementor-section-height-default elementor-section-height-default\" data-id=\"afac974\" data-element_type=\"section\">\n<div class=\"elementor-container elementor-column-gap-default\">\n<div class=\"elementor-row\">\n<div class=\"elementor-column elementor-col-100 elementor-top-column elementor-element elementor-element-e848448\" data-id=\"e848448\" data-element_type=\"column\">\n<div class=\"elementor-column-wrap elementor-element-populated\">\n<div class=\"elementor-widget-wrap\">\n<div class=\"elementor-element elementor-element-a6f8e5c elementor-widget elementor-widget-text-editor\" data-id=\"a6f8e5c\" data-element_type=\"widget\" data-widget_type=\"text-editor.default\">\n<div class=\"elementor-widget-container\">\n<div class=\"elementor-text-editor elementor-clearfix\">\n<div class=\"page\" title=\"Page 148\">\n<div class=\"section\">\n<div class=\"layoutArea\">\n<div class=\"column\">\n<p>La Ley No. 348, confiere al Ministerio de Trabajo, Empleo y Previsio\u0301n Social atribuciones especi\u0301ficas en relacio\u0301n a vi\u0301ctimas de violencia.<\/p>\n<table cellspacing=\"0\" cellpadding=\"0\">\n<tbody>\n<tr>\n<td valign=\"middle\">\n<p align=\"center\"><span style=\"color: #43358b; font-family: Ubuntu; font-size: small;\"><b>Responsables<\/b><\/span><\/p>\n<\/td>\n<td valign=\"middle\">\n<p align=\"center\"><span style=\"color: #43358b; font-family: Ubuntu; font-size: small;\"><b>Principales atribuciones<\/b><\/span><\/p>\n<\/td>\n<\/tr>\n<tr>\n<td valign=\"middle\">\n<p><span style=\"color: #000000; font-family: Ubuntu; font-size: small;\"><b>Ministerio de Trabajo, Empleo y Previsi\u00f3n Social (Ley No. 348, art. 21)<span class=\"Apple-converted-space\">\u00a0<\/span><\/b><\/span><\/p>\n<\/td>\n<td valign=\"middle\">\n<ul>\n<li><span style=\"color: #000000; font-family: Ubuntu; font-size: small;\">Establecer mecanismos legales y administrativos, y pol\u00edticas p\u00fablicas que garanticen el ejercicio de los derechos laborales de las mujeres y el acceso al trato digno, libre de cualquier forma de violencia, asegurando la misma remuneraci\u00f3n que a los hombres por un trato de igual valor, tanto en el sector p\u00fablico como en el privado.<span class=\"Apple-converted-space\">\u00a0<\/span><\/span><\/li>\n<li><span style=\"color: #000000; font-family: Ubuntu; font-size: small;\">Regulaci\u00f3n y sanci\u00f3n del despido injustificado de las mujeres por su estado civil, embarazo, situaci\u00f3n de violencia, edad, condiciones f\u00edsicas, n\u00famero de hijas o hijos o cualquier forma que implique discriminaci\u00f3n laboral; debiendo garantizar la estabilidad laboral seg\u00fan normativa vigente<span class=\"Apple-converted-space\">\u00a0<\/span><\/span><\/li>\n<li><span style=\"color: #000000; font-family: Ubuntu; font-size: small;\">Protecci\u00f3n contra toda forma de acoso sexual o acoso laboral, y adopci\u00f3n de procedimientos internos y administrativos para su denuncia, investigaci\u00f3n, atenci\u00f3n, procesamiento y sanci\u00f3n.<span class=\"Apple-converted-space\">\u00a0<\/span><\/span><\/li>\n<li><span style=\"color: #000000; font-family: Ubuntu; font-size: small;\">Adopci\u00f3n de un sistema de flexibilidad y tolerancia en los centros de trabajo para mujeres que se encuentran en situaci\u00f3n de violencia, y garantizando sus derechos laborales, a sola presentaci\u00f3n de la resoluci\u00f3n de alguna medida de protecci\u00f3n.<span class=\"Apple-converted-space\">\u00a0<\/span><\/span><\/li>\n<\/ul>\n<\/td>\n<\/tr>\n<\/tbody>\n<\/table>\n<\/div>\n<\/div>\n<\/div>\n<\/div>\n<\/div><\/div>\n<\/div>\n<\/div>\n<\/div>\n<\/div>\n<\/div>\n<\/div>\n<\/section><\/div>\n<\/div>\n<\/div>\n<\/div>\t\t<\/div>\n\t\t\t\t<\/article>\n\t\t\t\t<article class=\"elementor-post elementor-grid-item post-3843 post type-post status-publish format-standard hentry category-protocolo-sepmud\">\n\t\t\t\t<div class=\"elementor-post__text\">\n\t\t<div class=\"elementor-post__content\"><style>.elementor-3843 .elementor-element.elementor-element-ebe5174 .elementor-heading-title{color:#31B7BC;font-family:\"Viga\", Sans-serif;font-size:35px;font-weight:600;}.elementor-3843 .elementor-element.elementor-element-ebe5174 > .elementor-widget-container{margin:0% 5% 0% 0%;}.elementor-3843 .elementor-element.elementor-element-5c4f5b6 .elementor-text-editor{text-align:justify;}.elementor-3843 .elementor-element.elementor-element-5c4f5b6{font-family:\"Ubuntu\", Sans-serif;font-weight:400;}.elementor-3843 .elementor-element.elementor-element-5c4f5b6 > .elementor-widget-container{margin:0% 5% 0% 5%;}<\/style>\n<div data-elementor-type=\"wp-post\" data-elementor-id=\"3843\" class=\"elementor elementor-3843\" data-elementor-settings=\"[]\">\n<div class=\"elementor-inner\">\n<div class=\"elementor-section-wrap\">\n<section class=\"elementor-section elementor-top-section elementor-element elementor-element-6234f47 elementor-section-boxed elementor-section-height-default elementor-section-height-default\" data-id=\"6234f47\" data-element_type=\"section\">\n<div class=\"elementor-container elementor-column-gap-default\">\n<div class=\"elementor-row\">\n<div class=\"elementor-column elementor-col-100 elementor-top-column elementor-element elementor-element-29e9b49\" data-id=\"29e9b49\" data-element_type=\"column\">\n<div class=\"elementor-column-wrap elementor-element-populated\">\n<div class=\"elementor-widget-wrap\">\n<div class=\"elementor-element elementor-element-ebe5174 elementor-widget elementor-widget-theme-post-title elementor-page-title elementor-widget-heading\" data-id=\"ebe5174\" data-element_type=\"widget\" data-widget_type=\"theme-post-title.default\">\n<div class=\"elementor-widget-container\">\n<h1 class=\"elementor-heading-title elementor-size-default\">2.11. \u00d3RGANO ELECTORAL PLURINACIONAL<\/h1>\n<\/div>\n<\/div>\n<\/div>\n<\/div>\n<\/div>\n<\/div>\n<\/div>\n<\/section>\n<section class=\"elementor-section elementor-top-section elementor-element elementor-element-8b6106a elementor-section-boxed elementor-section-height-default elementor-section-height-default\" data-id=\"8b6106a\" data-element_type=\"section\">\n<div class=\"elementor-container elementor-column-gap-default\">\n<div class=\"elementor-row\">\n<div class=\"elementor-column elementor-col-100 elementor-top-column elementor-element elementor-element-6015d9f\" data-id=\"6015d9f\" data-element_type=\"column\">\n<div class=\"elementor-column-wrap elementor-element-populated\">\n<div class=\"elementor-widget-wrap\">\n<div class=\"elementor-element elementor-element-5c4f5b6 elementor-widget elementor-widget-text-editor\" data-id=\"5c4f5b6\" data-element_type=\"widget\" data-widget_type=\"text-editor.default\">\n<div class=\"elementor-widget-container\">\n<div class=\"elementor-text-editor elementor-clearfix\">\n<div class=\"page\" title=\"Page 148\">\n<div class=\"section\">\n<div class=\"layoutArea\">\n<div class=\"column\">\n<p>La Ley No. 026 regula el Re\u0301gimen Electoral para el ejercicio de la Democracia Intercultural, basada en la complementariedad de la democracia directa y participativa, la democracia representativa y la democracia comunitaria en el Estado Plurinacional de Bolivia.<\/p>\n<p>La Ley No. 243 de 28 de mayo de 2012 con relacio\u0301n a los casos de acoso y violencia poli\u0301tica contra las mujeres sen\u0303ala que las candidatas electas y\/o en el ejercicio de la funcio\u0301n poli\u0301tico &#8211; pu\u0301blica debera\u0301n presentar renuncia a su candidatura o titularidad del cargo que ejercen en primera instancia al O\u0301rgano Electoral Plurinacional (art. <span style=\"font-size: 16px;\">24). Tambie\u0301n dispone que las autoridades y\/o servidores o servidoras pu\u0301blicas del O\u0301rgano Electoral que tengan conocimiento de la comisio\u0301n de actos de acoso y violencia poli\u0301tica, remitira\u0301n los antecedentes, bajo responsabilidad, al Ministerio Pu\u0301blico (art. 25).<\/span><\/p>\n<div class=\"page\" title=\"Page 149\">\n<div class=\"section\">\n<div class=\"layoutArea\">\n<div class=\"column\">\n<p>A efecto de dar cumplimiento a estas funciones el Tribunal Supremo Electoral aprobo\u0301 el Reglamento para el Tra\u0301mite de Recepcio\u0301n de Renuncias y Denuncias por Acoso y Violencia Poli\u0301tica de Mujeres Candidatas, Electas o en Funcio\u0301n Poli\u0301tico Pu\u0301blica, mediante Resolucio\u0301n 158\/2017 del O\u0301rgano Electoral Plurinacional, en el que se establece el procedimiento a seguir.<\/p>\n<\/div>\n<\/div>\n<\/div>\n<\/div>\n<\/div>\n<\/div>\n<\/div>\n<\/div>\n<\/div><\/div>\n<\/div>\n<\/div>\n<\/div>\n<\/div>\n<\/div>\n<\/div>\n<\/section><\/div>\n<\/div>\n<\/div>\n<\/div>\t\t<\/div>\n\t\t\t\t<\/article>\n\t\t\t\t<article class=\"elementor-post elementor-grid-item post-3848 post type-post status-publish format-standard hentry category-protocolo-sepmud\">\n\t\t\t\t<div class=\"elementor-post__text\">\n\t\t<div class=\"elementor-post__content\"><style>.elementor-3848 .elementor-element.elementor-element-069f09b .elementor-heading-title{color:#31B7BC;font-family:\"Viga\", Sans-serif;font-size:35px;font-weight:600;}.elementor-3848 .elementor-element.elementor-element-069f09b > .elementor-widget-container{margin:0% 5% 0% 0%;}.elementor-3848 .elementor-element.elementor-element-f664ffb .elementor-text-editor{text-align:justify;}.elementor-3848 .elementor-element.elementor-element-f664ffb{font-family:\"Ubuntu\", Sans-serif;font-weight:400;}.elementor-3848 .elementor-element.elementor-element-f664ffb > .elementor-widget-container{margin:0% 5% 0% 5%;}<\/style>\n<div data-elementor-type=\"wp-post\" data-elementor-id=\"3848\" class=\"elementor elementor-3848\" data-elementor-settings=\"[]\">\n<div class=\"elementor-inner\">\n<div class=\"elementor-section-wrap\">\n<section class=\"elementor-section elementor-top-section elementor-element elementor-element-1d0e210 elementor-section-boxed elementor-section-height-default elementor-section-height-default\" data-id=\"1d0e210\" data-element_type=\"section\">\n<div class=\"elementor-container elementor-column-gap-default\">\n<div class=\"elementor-row\">\n<div class=\"elementor-column elementor-col-100 elementor-top-column elementor-element elementor-element-c01b877\" data-id=\"c01b877\" data-element_type=\"column\">\n<div class=\"elementor-column-wrap elementor-element-populated\">\n<div class=\"elementor-widget-wrap\">\n<div class=\"elementor-element elementor-element-069f09b elementor-widget elementor-widget-theme-post-title elementor-page-title elementor-widget-heading\" data-id=\"069f09b\" data-element_type=\"widget\" data-widget_type=\"theme-post-title.default\">\n<div class=\"elementor-widget-container\">\n<h1 class=\"elementor-heading-title elementor-size-default\">2.12. DEFENSOR\u00cdA DEL PUEBLO<\/h1>\n<\/div>\n<\/div>\n<\/div>\n<\/div>\n<\/div>\n<\/div>\n<\/div>\n<\/section>\n<section class=\"elementor-section elementor-top-section elementor-element elementor-element-332fec0 elementor-section-boxed elementor-section-height-default elementor-section-height-default\" data-id=\"332fec0\" data-element_type=\"section\">\n<div class=\"elementor-container elementor-column-gap-default\">\n<div class=\"elementor-row\">\n<div class=\"elementor-column elementor-col-100 elementor-top-column elementor-element elementor-element-1ff46ba\" data-id=\"1ff46ba\" data-element_type=\"column\">\n<div class=\"elementor-column-wrap elementor-element-populated\">\n<div class=\"elementor-widget-wrap\">\n<div class=\"elementor-element elementor-element-f664ffb elementor-widget elementor-widget-text-editor\" data-id=\"f664ffb\" data-element_type=\"widget\" data-widget_type=\"text-editor.default\">\n<div class=\"elementor-widget-container\">\n<div class=\"elementor-text-editor elementor-clearfix\">\n<div class=\"page\" title=\"Page 149\">\n<div class=\"section\">\n<div class=\"layoutArea\">\n<div class=\"column\">\n<p>La Defensori\u0301a del Pueblo es la institucio\u0301n de derecho pu\u0301blico nacional, encargada de velar por la vigencia, promocio\u0301n, difusio\u0301n y cumplimiento de los derechos humanos individuales y colectivos reconocidos por la Constitucio\u0301n Poli\u0301tica del Estado, las Leyes y los Instrumentos Internacionales.<\/p>\n<p>La Ley No. 870, de 13 de diciembre de 2016, establece las atribuciones y funciones de esta institucio\u0301n (art 5) entre ellas: Investigar, de oficio o a solicitud de parte, los actos u omisiones que impliquen violacio\u0301n de los derechos, individuales y colectivos e instar al Ministerio Pu\u0301blico el inicio de las acciones legales que correspondan; formular recomendaciones, recordatorios de deberes legales, y sugerencias para la inmediata adopcio\u0301n de correctivos y medidas que aporten al cumplimiento, vigencia y promocio\u0301n de los derechos humanos, a todos los o\u0301rganos e instituciones del Estado, y emitir censura pu\u0301blica por actos o comportamientos contrarios a dichas formulaciones y asistir con prontitud y sin discriminacio\u0301n a las personas que soliciten sus servicios.<\/p>\n<\/div>\n<\/div>\n<\/div>\n<\/div>\n<\/div><\/div>\n<\/div>\n<\/div>\n<\/div>\n<\/div>\n<\/div>\n<\/div>\n<\/section><\/div>\n<\/div>\n<\/div>\n<\/div>\t\t<\/div>\n\t\t\t\t<\/article>\n\t\t\t\t<article class=\"elementor-post elementor-grid-item post-3853 post type-post status-publish format-standard hentry category-protocolo-sepmud\">\n\t\t\t\t<div class=\"elementor-post__text\">\n\t\t<div class=\"elementor-post__content\"><style>.elementor-3853 .elementor-element.elementor-element-244a0d9 .elementor-heading-title{color:#31B7BC;font-family:\"Viga\", Sans-serif;font-size:35px;font-weight:600;}.elementor-3853 .elementor-element.elementor-element-244a0d9 > .elementor-widget-container{margin:0% 5% 0% 0%;}.elementor-3853 .elementor-element.elementor-element-f4de652 .elementor-text-editor{text-align:justify;}.elementor-3853 .elementor-element.elementor-element-f4de652{font-family:\"Ubuntu\", Sans-serif;font-weight:400;}.elementor-3853 .elementor-element.elementor-element-f4de652 > .elementor-widget-container{margin:0% 5% 0% 5%;}<\/style>\n<div data-elementor-type=\"wp-post\" data-elementor-id=\"3853\" class=\"elementor elementor-3853\" data-elementor-settings=\"[]\">\n<div class=\"elementor-inner\">\n<div class=\"elementor-section-wrap\">\n<section class=\"elementor-section elementor-top-section elementor-element elementor-element-91f27ab elementor-section-boxed elementor-section-height-default elementor-section-height-default\" data-id=\"91f27ab\" data-element_type=\"section\">\n<div class=\"elementor-container elementor-column-gap-default\">\n<div class=\"elementor-row\">\n<div class=\"elementor-column elementor-col-100 elementor-top-column elementor-element elementor-element-7d67030\" data-id=\"7d67030\" data-element_type=\"column\">\n<div class=\"elementor-column-wrap elementor-element-populated\">\n<div class=\"elementor-widget-wrap\">\n<div class=\"elementor-element elementor-element-244a0d9 elementor-widget elementor-widget-theme-post-title elementor-page-title elementor-widget-heading\" data-id=\"244a0d9\" data-element_type=\"widget\" data-widget_type=\"theme-post-title.default\">\n<div class=\"elementor-widget-container\">\n<h1 class=\"elementor-heading-title elementor-size-default\">2.13. SERVICIO PLURINACIONAL DE LA MUJER Y DE LA DESPATRIARCALIZACI\u00d3N \u201cANA MAR\u00cdA ROMERO\u201d<\/h1>\n<\/div>\n<\/div>\n<\/div>\n<\/div>\n<\/div>\n<\/div>\n<\/div>\n<\/section>\n<section class=\"elementor-section elementor-top-section elementor-element elementor-element-c4de80f elementor-section-boxed elementor-section-height-default elementor-section-height-default\" data-id=\"c4de80f\" data-element_type=\"section\">\n<div class=\"elementor-container elementor-column-gap-default\">\n<div class=\"elementor-row\">\n<div class=\"elementor-column elementor-col-100 elementor-top-column elementor-element elementor-element-a4e8a23\" data-id=\"a4e8a23\" data-element_type=\"column\">\n<div class=\"elementor-column-wrap elementor-element-populated\">\n<div class=\"elementor-widget-wrap\">\n<div class=\"elementor-element elementor-element-f4de652 elementor-widget elementor-widget-text-editor\" data-id=\"f4de652\" data-element_type=\"widget\" data-widget_type=\"text-editor.default\">\n<div class=\"elementor-widget-container\">\n<div class=\"elementor-text-editor elementor-clearfix\">\n<div class=\"page\" title=\"Page 149\">\n<div class=\"section\">\n<div class=\"layoutArea\">\n<div class=\"column\">\n<p>El Servicio Plurinacional de la Mujer y de la Despatriarcalizacio\u0301n (SEPMUD) se crea mediante el DS No. 3774 de fecha 16 de enero de 2019 y tiene por finalidad monitorear, realizar seguimiento y evaluar el cumplimiento de las poli\u0301ticas pu\u0301blicas hacia la despatriarcalizacio\u0301n a favor del ejercicio efectivo de los derechos de las mujeres; promover la erradicacio\u0301n de todo tipo de violencia y formas de discriminacio\u0301n contra la mujer.<\/p>\n<div class=\"page\" title=\"Page 150\">\n<div class=\"section\">\n<div class=\"layoutArea\">\n<div class=\"column\">\n<p>Sus funciones comprenden el monitorear, realizar seguimiento y evaluar el cumplimiento de las normativas y poli\u0301ticas pu\u0301blicas, por tanto la Ley No. 348 y otras conexas, asi\u0301 como brindar apoyo en los casos de relevancia social de violencia contra las mujeres.<\/p>\n<\/div>\n<\/div>\n<\/div>\n<\/div>\n<\/div>\n<\/div>\n<\/div>\n<\/div>\n<\/div><\/div>\n<\/div>\n<\/div>\n<\/div>\n<\/div>\n<\/div>\n<\/div>\n<\/section><\/div>\n<\/div>\n<\/div>\n<\/div>\t\t<\/div>\n\t\t\t\t<\/article>\n\t\t\t\t<article class=\"elementor-post elementor-grid-item post-3858 post type-post status-publish format-standard hentry category-protocolo-sepmud\">\n\t\t\t\t<div class=\"elementor-post__text\">\n\t\t<div class=\"elementor-post__content\"><style>.elementor-3858 .elementor-element.elementor-element-70c34c4 .elementor-heading-title{color:#31B7BC;font-family:\"Viga\", Sans-serif;font-size:35px;font-weight:600;}.elementor-3858 .elementor-element.elementor-element-70c34c4 > .elementor-widget-container{margin:0% 5% 0% 0%;}.elementor-3858 .elementor-element.elementor-element-21a06e2 .elementor-text-editor{text-align:justify;}.elementor-3858 .elementor-element.elementor-element-21a06e2{font-family:\"Ubuntu\", Sans-serif;font-weight:400;}.elementor-3858 .elementor-element.elementor-element-21a06e2 > .elementor-widget-container{margin:0% 5% 0% 5%;}.elementor-3858 .elementor-element.elementor-element-9148e87 .elementor-text-editor{text-align:justify;}.elementor-3858 .elementor-element.elementor-element-9148e87{font-family:\"Ubuntu\", Sans-serif;font-weight:400;}.elementor-3858 .elementor-element.elementor-element-9148e87 > .elementor-widget-container{margin:0% 5% 0% 5%;}<\/style>\n<div data-elementor-type=\"wp-post\" data-elementor-id=\"3858\" class=\"elementor elementor-3858\" data-elementor-settings=\"[]\">\n<div class=\"elementor-inner\">\n<div class=\"elementor-section-wrap\">\n<section class=\"elementor-section elementor-top-section elementor-element elementor-element-c85b413 elementor-section-boxed elementor-section-height-default elementor-section-height-default\" data-id=\"c85b413\" data-element_type=\"section\">\n<div class=\"elementor-container elementor-column-gap-default\">\n<div class=\"elementor-row\">\n<div class=\"elementor-column elementor-col-100 elementor-top-column elementor-element elementor-element-9b52e4f\" data-id=\"9b52e4f\" data-element_type=\"column\">\n<div class=\"elementor-column-wrap elementor-element-populated\">\n<div class=\"elementor-widget-wrap\">\n<div class=\"elementor-element elementor-element-70c34c4 elementor-widget elementor-widget-theme-post-title elementor-page-title elementor-widget-heading\" data-id=\"70c34c4\" data-element_type=\"widget\" data-widget_type=\"theme-post-title.default\">\n<div class=\"elementor-widget-container\">\n<h1 class=\"elementor-heading-title elementor-size-default\">2.14. INSTITUCIONES DE LA SOCIEDAD CIVIL<\/h1>\n<\/div>\n<\/div>\n<\/div>\n<\/div>\n<\/div>\n<\/div>\n<\/div>\n<\/section>\n<section class=\"elementor-section elementor-top-section elementor-element elementor-element-6616472 elementor-section-boxed elementor-section-height-default elementor-section-height-default\" data-id=\"6616472\" data-element_type=\"section\">\n<div class=\"elementor-container elementor-column-gap-default\">\n<div class=\"elementor-row\">\n<div class=\"elementor-column elementor-col-100 elementor-top-column elementor-element elementor-element-50b6bd0\" data-id=\"50b6bd0\" data-element_type=\"column\">\n<div class=\"elementor-column-wrap elementor-element-populated\">\n<div class=\"elementor-widget-wrap\">\n<div class=\"elementor-element elementor-element-21a06e2 elementor-widget elementor-widget-text-editor\" data-id=\"21a06e2\" data-element_type=\"widget\" data-widget_type=\"text-editor.default\">\n<div class=\"elementor-widget-container\">\n<div class=\"elementor-text-editor elementor-clearfix\">\n<div class=\"page\" title=\"Page 150\">\n<div class=\"section\">\n<div class=\"layoutArea\">\n<div class=\"column\">\n<p>La Ley No. 348 y la Ley No. 1173 contemplan la participacio\u0301n de personas y organizaciones de la sociedad civil que pueden brindar servicios a las vi\u0301ctimas, asesora la labor de las instituciones y coadyuvar en el seguimiento al cumplimiento de las leyes que protegen a nin\u0303as, nin\u0303os, adolescentes y mujeres.<\/p>\n<table cellspacing=\"0\" cellpadding=\"0\">\n<tbody>\n<tr>\n<td valign=\"middle\">\n<p align=\"center\"><span style=\"color: #43358b; font-family: Ubuntu; font-size: small;\"><b>Funciones<\/b><\/span><\/p>\n<\/td>\n<td valign=\"middle\">\n<p align=\"center\"><span style=\"color: #43358b; font-family: Ubuntu; font-size: small;\"><b>Descripci\u00f3n<\/b><\/span><\/p>\n<\/td>\n<\/tr>\n<tr>\n<td valign=\"middle\">\n<p><span style=\"color: #000000; font-family: Ubuntu; font-size: small;\"><b>Tercero coadyuvante<span class=\"Apple-converted-space\">&nbsp;<\/span><\/b><\/span><\/p>\n<\/td>\n<td valign=\"middle\">\n<p><span style=\"color: #000000; font-family: Ubuntu; font-size: small;\">Dentro de un proceso penal personas individuales o jur\u00eddicas con reconocida experiencia o competencia sobre la cuesti\u00f3n debatida puedan dar opiniones especializadas en procesos por delitos de violencia. Su participaci\u00f3n puede ser planteada de oficio, la o el fiscal, por la mujer en situaci\u00f3n de violencia o solicitada por el o la experta.<span class=\"Apple-converted-space\">&nbsp;<\/span><\/span><\/p>\n<\/td>\n<\/tr>\n<tr>\n<td valign=\"middle\">\n<p><span style=\"color: #000000; font-family: Ubuntu; font-size: small;\"><b>Asesoramiento especializado (Ley No. 348, art. 63<\/b>)<span class=\"Apple-converted-space\">&nbsp;<\/span><\/span><\/p>\n<\/td>\n<td valign=\"middle\">\n<p><span style=\"color: #000000; font-family: Ubuntu; font-size: small;\">En cada Departamento el Ministerio P\u00fablico contar\u00e1 con al menos un equipo de asesoras y asesores profesionales especializados para la investigaci\u00f3n de casos de violencia hacia las mujeres, para lo cual podr\u00e1n tambi\u00e9n solicitar la colaboraci\u00f3n de organismos e instituciones de derechos humanos y de mujeres.<span class=\"Apple-converted-space\">&nbsp;<\/span><\/span><\/p>\n<\/td>\n<\/tr>\n<tr>\n<td valign=\"middle\">\n<p><span style=\"color: #000000; font-family: Ubuntu; font-size: small;\"><b>Participaci\u00f3n e intervenci\u00f3n en el proceso (Ley No. 1173, art.15 que modifica el art. 393 duoter en el C\u00f3digo Penal)<span class=\"Apple-converted-space\">&nbsp;<\/span><\/b><\/span><\/p>\n<\/td>\n<td valign=\"middle\">\n<p><span style=\"color: #000000; font-family: Ubuntu; font-size: small;\">A solicitud expresa de la v\u00edctima, las organizaciones de la sociedad civil especializadas en atenci\u00f3n y asesoramiento a casos de violencia a ni\u00f1as, ni\u00f1os, adolescentes o mujeres, podr\u00e1n apersonarse ante la Polic\u00eda Boliviana, Ministerio P\u00fablico o la autoridad judicial competente, participando e interviniendo en condici\u00f3n de coadyuvante en los actos procesales, en resguardo de los derechos de la v\u00edctima y del cumplimiento de la debida diligencia en los procesos penales por delitos de violencia, pudiendo participar en audiencias, incluso si \u00e9stas fueran declaradas en reserva y brindar cualquier tipo de apoyo a las v\u00edctimas.<span class=\"Apple-converted-space\">&nbsp;<\/span><\/span><\/p>\n<\/td>\n<\/tr>\n<tr>\n<td valign=\"middle\">\n<p><span style=\"color: #000000; font-family: Ubuntu; font-size: small;\"><b>Participaci\u00f3n y control social (Ley No. 348, art. 15)<\/b>.<span class=\"Apple-converted-space\">&nbsp;<\/span><\/span><\/p>\n<\/td>\n<td valign=\"middle\">\n<p><span style=\"color: #000000; font-family: Ubuntu; font-size: small;\">Las organizaciones sociales y de mujeres de la sociedad civil, ejercer\u00e1n la participaci\u00f3n y control social en el marco de la Ley correspondiente, participando en el dise\u00f1o, evaluaci\u00f3n y gesti\u00f3n de las pol\u00edticas p\u00fablicas de prevenci\u00f3n, atenci\u00f3n y protecci\u00f3n a las mujeres y la calidad de los servicios especializados, p\u00fablicos y a los privados que presten servicios b\u00e1sicos o que administren recursos fiscales en todos los niveles del Estado.<\/span><\/p>\n<\/td>\n<\/tr>\n<\/tbody>\n<\/table>\n<\/div>\n<\/div>\n<\/div>\n<\/div>\n<\/div><\/div>\n<\/div>\n<\/div>\n<\/div>\n<\/div>\n<\/div>\n<\/div>\n<\/section>\n<section class=\"elementor-section elementor-top-section elementor-element elementor-element-a38984e elementor-section-boxed elementor-section-height-default elementor-section-height-default\" data-id=\"a38984e\" data-element_type=\"section\">\n<div class=\"elementor-container elementor-column-gap-default\">\n<div class=\"elementor-row\">\n<div class=\"elementor-column elementor-col-100 elementor-top-column elementor-element elementor-element-0af168b\" data-id=\"0af168b\" data-element_type=\"column\">\n<div class=\"elementor-column-wrap elementor-element-populated\">\n<div class=\"elementor-widget-wrap\">\n<div class=\"elementor-element elementor-element-9148e87 elementor-widget elementor-widget-text-editor\" data-id=\"9148e87\" data-element_type=\"widget\" data-widget_type=\"text-editor.default\">\n<div class=\"elementor-widget-container\">\n<div class=\"elementor-text-editor elementor-clearfix\">\n<div class=\"page\" title=\"Page 150\">\n<div class=\"section\">\n<div class=\"layoutArea\">\n<div class=\"column\">\n<div class=\"page\" title=\"Page 151\">\n<div class=\"section\">\n<div class=\"layoutArea\">\n<div class=\"column\">\n<p>La Ley No. 348 tambie\u0301n contempla la actuacio\u0301n de mujeres organizadas en el a\u0301rea rural y la actuacio\u0301n de las promotoras comunitarias tanto en estas zonas como en las ciudades.<\/p>\n<table cellspacing=\"0\" cellpadding=\"0\">\n<tbody>\n<tr>\n<td valign=\"middle\">\n<p align=\"center\"><span style=\"color: #43358b; font-family: Ubuntu; font-size: small;\"><b>Mujeres rurales y urbanas<span class=\"Apple-converted-space\">\u00a0<\/span><\/b><\/span><\/p>\n<\/td>\n<td valign=\"middle\">\n<p align=\"center\"><span style=\"color: #43358b; font-family: Ubuntu; font-size: small;\"><b>Descripci\u00f3n<\/b><\/span><\/p>\n<\/td>\n<\/tr>\n<tr>\n<td valign=\"middle\">\n<p><span style=\"color: #000000; font-family: Ubuntu; font-size: small;\"><b>Mujeres organizadas en zonas rurales (Ley No. 348, art. 30).<span class=\"Apple-converted-space\">\u00a0<\/span><\/b><\/span><\/p>\n<\/td>\n<td valign=\"middle\">\n<p><span style=\"color: #000000; font-family: Ubuntu; font-size: small;\">En el \u00e1rea rural, las mujeres organizadas podr\u00e1n definir la creaci\u00f3n de Casas Comunitarias de la Mujer, para lo cual el Gobierno Aut\u00f3nomo Municipal dotar\u00e1 de la infraestructura necesaria. Las que est\u00e1n articuladas a la red de promotoras comunitarias en las distintas comunidades que atender\u00e1n y realizar\u00e1n las tareas de orientaci\u00f3n, prevenci\u00f3n y detecci\u00f3n de casos de violencia, podr\u00e1n suscribir convenios con autoridades p\u00fablicas o instituciones privadas.<span class=\"Apple-converted-space\">\u00a0<\/span><\/span><\/p>\n<\/td>\n<\/tr>\n<tr>\n<td valign=\"middle\">\n<p><span style=\"color: #000000; font-family: Ubuntu; font-size: small;\"><b>Promotoras Comunitarias (Ley No. 348, art. 29).<span class=\"Apple-converted-space\">\u00a0<\/span><\/b><\/span><\/p>\n<\/td>\n<td valign=\"middle\">\n<p><span style=\"color: #000000; font-family: Ubuntu; font-size: small;\">Las mujeres que hubieran superado su situaci\u00f3n de violencia, o aquellas que deseen asumir este compromiso, se podr\u00e1n constituir voluntariamente en redes promotoras de apoyo a mujeres que todav\u00eda se encuentran en tal situaci\u00f3n, generando grupos de solidaridad y protecci\u00f3n articulados a los servicios p\u00fablicos de atenci\u00f3n. La Entidad Territorial Aut\u00f3noma brindar\u00e1 a las promotoras capacitaci\u00f3n en resoluci\u00f3n pac\u00edfica de conflictos, nociones de psicolog\u00eda, consejer\u00eda y cualquier otro tema de inter\u00e9s para este fin.<span class=\"Apple-converted-space\">\u00a0<\/span><\/span><\/p>\n<\/td>\n<\/tr>\n<\/tbody>\n<\/table>\n<\/div>\n<\/div>\n<\/div>\n<\/div>\n<\/div>\n<\/div>\n<\/div>\n<\/div>\n<\/div><\/div>\n<\/div>\n<\/div>\n<\/div>\n<\/div>\n<\/div>\n<\/div>\n<\/section><\/div>\n<\/div>\n<\/div>\n<\/div>\t\t<\/div>\n\t\t\t\t<\/article>\n\t\t\t\t<article class=\"elementor-post elementor-grid-item post-3863 post type-post status-publish format-standard hentry category-protocolo-sepmud\">\n\t\t\t\t<div class=\"elementor-post__text\">\n\t\t<div class=\"elementor-post__content\"><style>.elementor-3863 .elementor-element.elementor-element-1c63ebb .elementor-heading-title{color:#31B7BC;font-family:\"Viga\", Sans-serif;font-size:35px;font-weight:600;}.elementor-3863 .elementor-element.elementor-element-1c63ebb > .elementor-widget-container{margin:0% 5% 0% 0%;}.elementor-3863 .elementor-element.elementor-element-120f3e9 .elementor-text-editor{text-align:justify;}.elementor-3863 .elementor-element.elementor-element-120f3e9{font-family:\"Ubuntu\", Sans-serif;font-weight:400;}.elementor-3863 .elementor-element.elementor-element-120f3e9 > .elementor-widget-container{margin:0% 5% 0% 5%;}<\/style>\n<div data-elementor-type=\"wp-post\" data-elementor-id=\"3863\" class=\"elementor elementor-3863\" data-elementor-settings=\"[]\">\n<div class=\"elementor-inner\">\n<div class=\"elementor-section-wrap\">\n<section class=\"elementor-section elementor-top-section elementor-element elementor-element-c95d47c elementor-section-boxed elementor-section-height-default elementor-section-height-default\" data-id=\"c95d47c\" data-element_type=\"section\">\n<div class=\"elementor-container elementor-column-gap-default\">\n<div class=\"elementor-row\">\n<div class=\"elementor-column elementor-col-100 elementor-top-column elementor-element elementor-element-0fb8add\" data-id=\"0fb8add\" data-element_type=\"column\">\n<div class=\"elementor-column-wrap elementor-element-populated\">\n<div class=\"elementor-widget-wrap\">\n<div class=\"elementor-element elementor-element-1c63ebb elementor-widget elementor-widget-theme-post-title elementor-page-title elementor-widget-heading\" data-id=\"1c63ebb\" data-element_type=\"widget\" data-widget_type=\"theme-post-title.default\">\n<div class=\"elementor-widget-container\">\n<h1 class=\"elementor-heading-title elementor-size-default\">III. TERCERA PARTE: PROCEDIMIENTO DE ATENCI\u00d3N, PROTECCI\u00d3N Y REPARACI\u00d3N A V\u00cdCTIMAS DE ACUERDO A LA RUTA CR\u00cdTICA INTERINSTITUCIONAL<\/h1>\n<\/div>\n<\/div>\n<\/div>\n<\/div>\n<\/div>\n<\/div>\n<\/div>\n<\/section>\n<section class=\"elementor-section elementor-top-section elementor-element elementor-element-9fe67a8 elementor-section-boxed elementor-section-height-default elementor-section-height-default\" data-id=\"9fe67a8\" data-element_type=\"section\">\n<div class=\"elementor-container elementor-column-gap-default\">\n<div class=\"elementor-row\">\n<div class=\"elementor-column elementor-col-100 elementor-top-column elementor-element elementor-element-c7324be\" data-id=\"c7324be\" data-element_type=\"column\">\n<div class=\"elementor-column-wrap elementor-element-populated\">\n<div class=\"elementor-widget-wrap\">\n<div class=\"elementor-element elementor-element-120f3e9 elementor-widget elementor-widget-text-editor\" data-id=\"120f3e9\" data-element_type=\"widget\" data-widget_type=\"text-editor.default\">\n<div class=\"elementor-widget-container\">\n<div class=\"elementor-text-editor elementor-clearfix\">\n<p>E<span style=\"font-size: 16px;\">l personal de atencio\u0301n, auxilio, proteccio\u0301n, investigacio\u0301n y sancio\u0301n en casos <\/span><span style=\"font-size: 16px;\">de violencia debe contar con los conocimientos necesarios para garantizar a las vi\u0301ctimas un trato respetuoso, digno y eficaz. La especialidad contempla tanto <\/span><span style=\"font-size: 16px;\">competencias te\u0301cnicas como aptitudes libres de sesgos de ge\u0301nero, generacionales y cualquier otra forma de discriminacio\u0301n, que se expresan en no culpabilizar a la vi\u0301ctima por los hechos de violencia, no desalentarla para continuar con la denuncia y el proceso, no promover la conciliacio\u0301n, tipificar adecuadamente el delito, realizar las investigaciones pertinentes y oportunas, elaborar adecuadamente los informes de la polici\u0301a y de las instituciones de atencio\u0301n, fundamentar adecuadamente las resoluciones fiscales y judiciales, debiendo las sentencias corresponder a hechos probados y aplicar esta\u0301ndares internacionales de derechos humanos en su argumentacio\u0301n garantizando siempre una reparacio\u0301n integral para la vi\u0301ctima.<\/span><\/p>\n<div class=\"page\" title=\"Page 155\">\n<div class=\"section\">\n<div class=\"layoutArea\">\n<div class=\"column\">\n<p>El sistema de justicia adaptado para las nin\u0303as, nin\u0303os y adolescentes requiere que exista una justicia accesible y apropiada a cada uno de ellos, que tome en consideracio\u0301n el principio del intere\u0301s superior como una garanti\u0301a constitucional, asi\u0301 tambie\u0301n su derecho a la participacio\u0301n con base en sus capacidades en constante evolucio\u0301n, conforme a su edad, grado de madurez y nivel de comprensio\u0301n, sin discriminacio\u0301n alguna.<\/p>\n<div class=\"page\" title=\"Page 155\">\n<div class=\"section\">\n<div class=\"layoutArea\">\n<div class=\"column\">\n<p>En definitiva, tal y como lo ha sostenido la Corte IDH, si bien el debido proceso y sus correlativas garanti\u0301as son aplicables a todas las personas, en el caso de las nin\u0303as, nin\u0303os y adolescentes, el ejercicio de aque\u0301llos supone, por las condiciones especiales en las que se encuentran, la adopcio\u0301n de ciertas medidas especi\u0301ficas con el propo\u0301sito de asegurar un acceso a la justicia en condiciones de igualdad, garantizar un efectivo debido proceso y velar porque el intere\u0301s superior se instituya en una consideracio\u0301n primordial en todas las decisiones administrativas o judiciales que se adopten.<\/p>\n<div class=\"page\" title=\"Page 156\">\n<div class=\"section\">\n<div class=\"layoutArea\">\n<div class=\"column\">\n<p>En relacio\u0301n a la violencia contra las mujeres en razo\u0301n de ge\u0301nero, debe ser una prioridad para el sistema de justicia garantizar el acceso a un servicio eficaz y eficiente, sin estereotipos de ge\u0301nero y basado en los esta\u0301ndares de la debida diligencia, con la finalidad de combatir la impunidad que facilita y promueve la repeticio\u0301n de los hechos de violencia en general, favorece su perpetuacio\u0301n y aceptacio\u0301n social, e incrementa el sentimiento y la sensacio\u0301n de inseguridad de las mujeres; el sistema de justicia debe enviar el mensaje que la violencia contra las mujeres no puede ser tolerada ni aceptada.<\/p>\n<\/div>\n<\/div>\n<\/div>\n<\/div>\n<\/div>\n<\/div>\n<\/div>\n<\/div>\n<\/div>\n<\/div>\n<\/div>\n<\/div>\n<\/div><\/div>\n<\/div>\n<\/div>\n<\/div>\n<\/div>\n<\/div>\n<\/div>\n<\/section><\/div>\n<\/div>\n<\/div>\n<\/div>\t\t<\/div>\n\t\t\t\t<\/article>\n\t\t\t\t<article class=\"elementor-post elementor-grid-item post-3868 post type-post status-publish format-standard hentry category-protocolo-sepmud\">\n\t\t\t\t<div class=\"elementor-post__text\">\n\t\t<div class=\"elementor-post__content\"><style>.elementor-3868 .elementor-element.elementor-element-3733d8a .elementor-heading-title{color:#31B7BC;font-family:\"Viga\", Sans-serif;font-size:35px;font-weight:600;}.elementor-3868 .elementor-element.elementor-element-3733d8a > .elementor-widget-container{margin:0% 5% 0% 0%;}.elementor-3868 .elementor-element.elementor-element-b0f7257 .elementor-text-editor{text-align:justify;}.elementor-3868 .elementor-element.elementor-element-b0f7257{font-family:\"Ubuntu\", Sans-serif;font-weight:400;}.elementor-3868 .elementor-element.elementor-element-b0f7257 > .elementor-widget-container{margin:0% 5% 0% 5%;}.elementor-3868 .elementor-element.elementor-element-527c447:not(.elementor-motion-effects-element-type-background), .elementor-3868 .elementor-element.elementor-element-527c447 > .elementor-motion-effects-container > .elementor-motion-effects-layer{background-color:#31B7BC;}.elementor-3868 .elementor-element.elementor-element-527c447{transition:background 0.3s, border 0.3s, border-radius 0.3s, box-shadow 0.3s;}.elementor-3868 .elementor-element.elementor-element-527c447 > .elementor-background-overlay{transition:background 0.3s, border-radius 0.3s, opacity 0.3s;}.elementor-3868 .elementor-element.elementor-element-cb8396e .elementor-text-editor{text-align:justify;}.elementor-3868 .elementor-element.elementor-element-cb8396e{color:#FFFFFF;font-family:\"Ubuntu\", Sans-serif;font-weight:400;}.elementor-3868 .elementor-element.elementor-element-cb8396e > .elementor-widget-container{margin:0% 5% 0% 5%;}.elementor-3868 .elementor-element.elementor-element-1abb6ad .elementor-text-editor{text-align:justify;}.elementor-3868 .elementor-element.elementor-element-1abb6ad{font-family:\"Ubuntu\", Sans-serif;font-weight:400;}.elementor-3868 .elementor-element.elementor-element-1abb6ad > .elementor-widget-container{margin:0% 5% 0% 5%;}.elementor-3868 .elementor-element.elementor-element-3cebb58 .elementor-heading-title{color:#31B7BC;font-family:\"Viga\", Sans-serif;font-size:25px;font-weight:600;}.elementor-3868 .elementor-element.elementor-element-3cebb58 > .elementor-widget-container{margin:0% 5% 0% 5%;}.elementor-3868 .elementor-element.elementor-element-87bb19b:not(.elementor-motion-effects-element-type-background), .elementor-3868 .elementor-element.elementor-element-87bb19b > .elementor-motion-effects-container > .elementor-motion-effects-layer{background-color:#31B7BC;}.elementor-3868 .elementor-element.elementor-element-87bb19b{transition:background 0.3s, border 0.3s, border-radius 0.3s, box-shadow 0.3s;}.elementor-3868 .elementor-element.elementor-element-87bb19b > .elementor-background-overlay{transition:background 0.3s, border-radius 0.3s, opacity 0.3s;}.elementor-3868 .elementor-element.elementor-element-6339133 .elementor-text-editor{text-align:justify;}.elementor-3868 .elementor-element.elementor-element-6339133{color:#FFFFFF;font-family:\"Ubuntu\", Sans-serif;font-weight:400;}.elementor-3868 .elementor-element.elementor-element-6339133 > .elementor-widget-container{margin:0% 5% 0% 5%;}.elementor-3868 .elementor-element.elementor-element-dc6a2b0 .elementor-text-editor{text-align:justify;}.elementor-3868 .elementor-element.elementor-element-dc6a2b0{font-family:\"Ubuntu\", Sans-serif;font-weight:400;}.elementor-3868 .elementor-element.elementor-element-dc6a2b0 > .elementor-widget-container{margin:0% 5% 0% 5%;}.elementor-3868 .elementor-element.elementor-element-d40b339:not(.elementor-motion-effects-element-type-background), .elementor-3868 .elementor-element.elementor-element-d40b339 > .elementor-motion-effects-container > .elementor-motion-effects-layer{background-color:#31B7BC;}.elementor-3868 .elementor-element.elementor-element-d40b339{transition:background 0.3s, border 0.3s, border-radius 0.3s, box-shadow 0.3s;}.elementor-3868 .elementor-element.elementor-element-d40b339 > .elementor-background-overlay{transition:background 0.3s, border-radius 0.3s, opacity 0.3s;}.elementor-3868 .elementor-element.elementor-element-072f438 .elementor-text-editor{text-align:justify;}.elementor-3868 .elementor-element.elementor-element-072f438{color:#FFFFFF;font-family:\"Ubuntu\", Sans-serif;font-weight:400;}.elementor-3868 .elementor-element.elementor-element-072f438 > .elementor-widget-container{margin:0% 5% 0% 5%;}.elementor-3868 .elementor-element.elementor-element-471a4d3 .elementor-text-editor{text-align:justify;}.elementor-3868 .elementor-element.elementor-element-471a4d3{font-family:\"Ubuntu\", Sans-serif;font-weight:400;}.elementor-3868 .elementor-element.elementor-element-471a4d3 > .elementor-widget-container{margin:0% 5% 0% 5%;}.elementor-3868 .elementor-element.elementor-element-f712dbc .elementor-text-editor{text-align:justify;}.elementor-3868 .elementor-element.elementor-element-f712dbc{font-family:\"Ubuntu\", Sans-serif;font-weight:400;}.elementor-3868 .elementor-element.elementor-element-f712dbc > .elementor-widget-container{margin:0% 5% 0% 5%;}.elementor-3868 .elementor-element.elementor-element-f7c44b4 .elementor-text-editor{text-align:justify;}.elementor-3868 .elementor-element.elementor-element-f7c44b4{font-family:\"Ubuntu\", Sans-serif;font-weight:400;}.elementor-3868 .elementor-element.elementor-element-f7c44b4 > .elementor-widget-container{margin:0% 5% 0% 5%;}.elementor-3868 .elementor-element.elementor-element-2fea523:not(.elementor-motion-effects-element-type-background), .elementor-3868 .elementor-element.elementor-element-2fea523 > .elementor-motion-effects-container > .elementor-motion-effects-layer{background-color:#31B7BC;}.elementor-3868 .elementor-element.elementor-element-2fea523{transition:background 0.3s, border 0.3s, border-radius 0.3s, box-shadow 0.3s;}.elementor-3868 .elementor-element.elementor-element-2fea523 > .elementor-background-overlay{transition:background 0.3s, border-radius 0.3s, opacity 0.3s;}.elementor-3868 .elementor-element.elementor-element-0c3f56b .elementor-text-editor{text-align:justify;}.elementor-3868 .elementor-element.elementor-element-0c3f56b{color:#FFFFFF;font-family:\"Ubuntu\", Sans-serif;font-weight:400;}.elementor-3868 .elementor-element.elementor-element-0c3f56b > .elementor-widget-container{margin:0% 5% 0% 5%;}.elementor-3868 .elementor-element.elementor-element-7352e57 .elementor-text-editor{text-align:justify;}.elementor-3868 .elementor-element.elementor-element-7352e57{font-family:\"Ubuntu\", Sans-serif;font-weight:400;}.elementor-3868 .elementor-element.elementor-element-7352e57 > .elementor-widget-container{margin:0% 5% 0% 5%;}.elementor-3868 .elementor-element.elementor-element-f4d0114:not(.elementor-motion-effects-element-type-background), .elementor-3868 .elementor-element.elementor-element-f4d0114 > .elementor-motion-effects-container > .elementor-motion-effects-layer{background-color:#31B7BC;}.elementor-3868 .elementor-element.elementor-element-f4d0114{transition:background 0.3s, border 0.3s, border-radius 0.3s, box-shadow 0.3s;}.elementor-3868 .elementor-element.elementor-element-f4d0114 > .elementor-background-overlay{transition:background 0.3s, border-radius 0.3s, opacity 0.3s;}.elementor-3868 .elementor-element.elementor-element-81803eb .elementor-text-editor{text-align:justify;}.elementor-3868 .elementor-element.elementor-element-81803eb{color:#FFFFFF;font-family:\"Ubuntu\", Sans-serif;font-weight:400;}.elementor-3868 .elementor-element.elementor-element-81803eb > .elementor-widget-container{margin:0% 5% 0% 5%;}.elementor-3868 .elementor-element.elementor-element-1aba8db .elementor-text-editor{text-align:justify;}.elementor-3868 .elementor-element.elementor-element-1aba8db{font-family:\"Ubuntu\", Sans-serif;font-weight:400;}.elementor-3868 .elementor-element.elementor-element-1aba8db > .elementor-widget-container{margin:0% 5% 0% 5%;}.elementor-3868 .elementor-element.elementor-element-423e0d9:not(.elementor-motion-effects-element-type-background), .elementor-3868 .elementor-element.elementor-element-423e0d9 > .elementor-motion-effects-container > .elementor-motion-effects-layer{background-color:#31B7BC;}.elementor-3868 .elementor-element.elementor-element-423e0d9{transition:background 0.3s, border 0.3s, border-radius 0.3s, box-shadow 0.3s;}.elementor-3868 .elementor-element.elementor-element-423e0d9 > .elementor-background-overlay{transition:background 0.3s, border-radius 0.3s, opacity 0.3s;}.elementor-3868 .elementor-element.elementor-element-f32fd2a .elementor-text-editor{text-align:justify;}.elementor-3868 .elementor-element.elementor-element-f32fd2a{color:#FFFFFF;font-family:\"Ubuntu\", Sans-serif;font-weight:400;}.elementor-3868 .elementor-element.elementor-element-f32fd2a > .elementor-widget-container{margin:0% 5% 0% 5%;}.elementor-3868 .elementor-element.elementor-element-246540a .elementor-text-editor{text-align:justify;}.elementor-3868 .elementor-element.elementor-element-246540a{font-family:\"Ubuntu\", Sans-serif;font-weight:400;}.elementor-3868 .elementor-element.elementor-element-246540a > .elementor-widget-container{margin:0% 5% 0% 5%;}.elementor-3868 .elementor-element.elementor-element-48f76b4:not(.elementor-motion-effects-element-type-background), .elementor-3868 .elementor-element.elementor-element-48f76b4 > .elementor-motion-effects-container > .elementor-motion-effects-layer{background-color:#31B7BC;}.elementor-3868 .elementor-element.elementor-element-48f76b4{transition:background 0.3s, border 0.3s, border-radius 0.3s, box-shadow 0.3s;}.elementor-3868 .elementor-element.elementor-element-48f76b4 > .elementor-background-overlay{transition:background 0.3s, border-radius 0.3s, opacity 0.3s;}.elementor-3868 .elementor-element.elementor-element-025eeeb .elementor-text-editor{text-align:justify;}.elementor-3868 .elementor-element.elementor-element-025eeeb{color:#FFFFFF;font-family:\"Ubuntu\", Sans-serif;font-weight:400;}.elementor-3868 .elementor-element.elementor-element-025eeeb > .elementor-widget-container{margin:0% 5% 0% 5%;}.elementor-3868 .elementor-element.elementor-element-e9bafd0 .elementor-text-editor{text-align:justify;}.elementor-3868 .elementor-element.elementor-element-e9bafd0{font-family:\"Ubuntu\", Sans-serif;font-weight:400;}.elementor-3868 .elementor-element.elementor-element-e9bafd0 > .elementor-widget-container{margin:0% 5% 0% 5%;}.elementor-3868 .elementor-element.elementor-element-06adffd:not(.elementor-motion-effects-element-type-background), .elementor-3868 .elementor-element.elementor-element-06adffd > .elementor-motion-effects-container > .elementor-motion-effects-layer{background-color:#31B7BC;}.elementor-3868 .elementor-element.elementor-element-06adffd{transition:background 0.3s, border 0.3s, border-radius 0.3s, box-shadow 0.3s;}.elementor-3868 .elementor-element.elementor-element-06adffd > .elementor-background-overlay{transition:background 0.3s, border-radius 0.3s, opacity 0.3s;}.elementor-3868 .elementor-element.elementor-element-97954f9 .elementor-text-editor{text-align:justify;}.elementor-3868 .elementor-element.elementor-element-97954f9{color:#FFFFFF;font-family:\"Ubuntu\", Sans-serif;font-weight:400;}.elementor-3868 .elementor-element.elementor-element-97954f9 > .elementor-widget-container{margin:0% 5% 0% 5%;}.elementor-3868 .elementor-element.elementor-element-fc19d0d .elementor-text-editor{text-align:justify;}.elementor-3868 .elementor-element.elementor-element-fc19d0d{font-family:\"Ubuntu\", Sans-serif;font-weight:400;}.elementor-3868 .elementor-element.elementor-element-fc19d0d > .elementor-widget-container{margin:0% 5% 0% 5%;}.elementor-3868 .elementor-element.elementor-element-bdf2ae4 .elementor-text-editor{text-align:justify;}.elementor-3868 .elementor-element.elementor-element-bdf2ae4{font-family:\"Ubuntu\", Sans-serif;font-weight:400;}.elementor-3868 .elementor-element.elementor-element-bdf2ae4 > .elementor-widget-container{margin:0% 5% 0% 5%;}.elementor-3868 .elementor-element.elementor-element-ba0f4ee .elementor-heading-title{color:#31B7BC;font-family:\"Viga\", Sans-serif;font-size:25px;font-weight:600;}.elementor-3868 .elementor-element.elementor-element-ba0f4ee > .elementor-widget-container{margin:0% 5% 0% 5%;}.elementor-3868 .elementor-element.elementor-element-91b85e7 .elementor-text-editor{text-align:justify;}.elementor-3868 .elementor-element.elementor-element-91b85e7{font-family:\"Ubuntu\", Sans-serif;font-weight:400;}.elementor-3868 .elementor-element.elementor-element-91b85e7 > .elementor-widget-container{margin:0% 5% 0% 5%;}.elementor-3868 .elementor-element.elementor-element-67174d2 .elementor-text-editor{text-align:justify;}.elementor-3868 .elementor-element.elementor-element-67174d2{font-family:\"Ubuntu\", Sans-serif;font-weight:400;}.elementor-3868 .elementor-element.elementor-element-67174d2 > .elementor-widget-container{margin:0% 5% 0% 5%;}.elementor-3868 .elementor-element.elementor-element-8af2a44 .elementor-text-editor{text-align:justify;}.elementor-3868 .elementor-element.elementor-element-8af2a44{font-family:\"Ubuntu\", Sans-serif;font-weight:400;}.elementor-3868 .elementor-element.elementor-element-8af2a44 > .elementor-widget-container{margin:0% 5% 0% 5%;}.elementor-3868 .elementor-element.elementor-element-0e5685f .elementor-text-editor{text-align:justify;}.elementor-3868 .elementor-element.elementor-element-0e5685f{font-family:\"Ubuntu\", Sans-serif;font-weight:400;}.elementor-3868 .elementor-element.elementor-element-0e5685f > .elementor-widget-container{margin:0% 5% 0% 5%;}.elementor-3868 .elementor-element.elementor-element-39adbbc .elementor-text-editor{text-align:justify;}.elementor-3868 .elementor-element.elementor-element-39adbbc{font-family:\"Ubuntu\", Sans-serif;font-weight:400;}.elementor-3868 .elementor-element.elementor-element-39adbbc > .elementor-widget-container{margin:0% 5% 0% 5%;}.elementor-3868 .elementor-element.elementor-element-906cd98 .elementor-text-editor{text-align:justify;}.elementor-3868 .elementor-element.elementor-element-906cd98{font-family:\"Ubuntu\", Sans-serif;font-weight:400;}.elementor-3868 .elementor-element.elementor-element-906cd98 > .elementor-widget-container{margin:0% 5% 0% 5%;}.elementor-3868 .elementor-element.elementor-element-b9c1c6c .elementor-text-editor{text-align:justify;}.elementor-3868 .elementor-element.elementor-element-b9c1c6c{font-family:\"Ubuntu\", Sans-serif;font-weight:400;}.elementor-3868 .elementor-element.elementor-element-b9c1c6c > .elementor-widget-container{margin:0% 5% 0% 5%;}.elementor-3868 .elementor-element.elementor-element-eaa491c .elementor-text-editor{text-align:justify;}.elementor-3868 .elementor-element.elementor-element-eaa491c{font-family:\"Ubuntu\", Sans-serif;font-weight:400;}.elementor-3868 .elementor-element.elementor-element-eaa491c > .elementor-widget-container{margin:0% 5% 0% 5%;}.elementor-3868 .elementor-element.elementor-element-d1a57d5 .elementor-text-editor{text-align:justify;}.elementor-3868 .elementor-element.elementor-element-d1a57d5{font-family:\"Ubuntu\", Sans-serif;font-weight:400;}.elementor-3868 .elementor-element.elementor-element-d1a57d5 > .elementor-widget-container{margin:0% 5% 0% 5%;}.elementor-3868 .elementor-element.elementor-element-dd055c0 .elementor-text-editor{text-align:justify;}.elementor-3868 .elementor-element.elementor-element-dd055c0{font-family:\"Ubuntu\", Sans-serif;font-weight:400;}.elementor-3868 .elementor-element.elementor-element-dd055c0 > .elementor-widget-container{margin:0% 5% 0% 5%;}.elementor-3868 .elementor-element.elementor-element-7e7ced4 .elementor-text-editor{text-align:justify;}.elementor-3868 .elementor-element.elementor-element-7e7ced4{font-family:\"Ubuntu\", Sans-serif;font-weight:400;}.elementor-3868 .elementor-element.elementor-element-7e7ced4 > .elementor-widget-container{margin:0% 5% 0% 5%;}.elementor-3868 .elementor-element.elementor-element-45aaed8 .elementor-text-editor{text-align:justify;}.elementor-3868 .elementor-element.elementor-element-45aaed8{font-family:\"Ubuntu\", Sans-serif;font-weight:400;}.elementor-3868 .elementor-element.elementor-element-45aaed8 > .elementor-widget-container{margin:0% 5% 0% 5%;}.elementor-3868 .elementor-element.elementor-element-ec22078 .elementor-text-editor{text-align:justify;}.elementor-3868 .elementor-element.elementor-element-ec22078{font-family:\"Ubuntu\", Sans-serif;font-weight:400;}.elementor-3868 .elementor-element.elementor-element-ec22078 > .elementor-widget-container{margin:0% 5% 0% 5%;}.elementor-3868 .elementor-element.elementor-element-5e619e2 .elementor-text-editor{text-align:justify;}.elementor-3868 .elementor-element.elementor-element-5e619e2{font-family:\"Ubuntu\", Sans-serif;font-weight:400;}.elementor-3868 .elementor-element.elementor-element-5e619e2 > .elementor-widget-container{margin:0% 5% 0% 5%;}<\/style>\n<div data-elementor-type=\"wp-post\" data-elementor-id=\"3868\" class=\"elementor elementor-3868\" data-elementor-settings=\"[]\">\n<div class=\"elementor-inner\">\n<div class=\"elementor-section-wrap\">\n<section class=\"elementor-section elementor-top-section elementor-element elementor-element-ad079b2 elementor-section-boxed elementor-section-height-default elementor-section-height-default\" data-id=\"ad079b2\" data-element_type=\"section\">\n<div class=\"elementor-container elementor-column-gap-default\">\n<div class=\"elementor-row\">\n<div class=\"elementor-column elementor-col-100 elementor-top-column elementor-element elementor-element-ca93cb5\" data-id=\"ca93cb5\" data-element_type=\"column\">\n<div class=\"elementor-column-wrap elementor-element-populated\">\n<div class=\"elementor-widget-wrap\">\n<div class=\"elementor-element elementor-element-3733d8a elementor-widget elementor-widget-theme-post-title elementor-page-title elementor-widget-heading\" data-id=\"3733d8a\" data-element_type=\"widget\" data-widget_type=\"theme-post-title.default\">\n<div class=\"elementor-widget-container\">\n<h1 class=\"elementor-heading-title elementor-size-default\">3.1. PRIMERA FASE: REFERENCIA Y PROMOCI\u00d3N DE LA DENUNCIA<\/h1>\n<\/div>\n<\/div>\n<\/div>\n<\/div>\n<\/div>\n<\/div>\n<\/div>\n<\/section>\n<section class=\"elementor-section elementor-top-section elementor-element elementor-element-ae53211 elementor-section-boxed elementor-section-height-default elementor-section-height-default\" data-id=\"ae53211\" data-element_type=\"section\">\n<div class=\"elementor-container elementor-column-gap-default\">\n<div class=\"elementor-row\">\n<div class=\"elementor-column elementor-col-100 elementor-top-column elementor-element elementor-element-a56cd9c\" data-id=\"a56cd9c\" data-element_type=\"column\">\n<div class=\"elementor-column-wrap elementor-element-populated\">\n<div class=\"elementor-widget-wrap\">\n<div class=\"elementor-element elementor-element-b0f7257 elementor-widget elementor-widget-text-editor\" data-id=\"b0f7257\" data-element_type=\"widget\" data-widget_type=\"text-editor.default\">\n<div class=\"elementor-widget-container\">\n<div class=\"elementor-text-editor elementor-clearfix\">\n<div class=\"page\" title=\"Page 157\">\n<div class=\"section\">\n<div class=\"layoutArea\">\n<div class=\"column\">\n<p>La primera fase consiste en brindar atencio\u0301n en el primer contacto, auxilio y proteccio\u0301n interdisciplinaria (legal, psicolo\u0301gica, social, me\u0301dica, etc.) a la vi\u0301ctima directa (persona directamente afectada por el delito), asi\u0301 como a las vi\u0301ctimas indirectas (familiares cercanos), que se encuentren afectadas por una situacio\u0301n de violencia y la promocio\u0301n de la denuncia.<\/p>\n<p>La atencio\u0301n a vi\u0301ctimas consiste en una serie de acciones relacionadas entre si\u0301, que se desarrollan secuencial o paralelamente, de manera integral y tiene por objetivo, contener los efectos de la victimizacio\u0301n, a trave\u0301s de: i) la atencio\u0301n oportuna de sus necesidades juri\u0301dicas, me\u0301dicas, psicolo\u0301gicas, sociales u otras, buscando su restablecimiento, ofrecie\u0301ndole seguridad, confianza y proteccio\u0301n; ii) la promocio\u0301n de la denuncia y iii) el acompan\u0303amiento y seguimiento efectivo a la vi\u0301ctima.<\/p>\n<p>En consecuencia, debe tomarse en cuenta que la atencio\u0301n a vi\u0301ctimas, en especial de las Instancias Promotoras de la Denuncia no se agota en esta fase, pues debe brindarse durante todas las etapas del proceso y momentos que e\u0301sta requiera.<\/p>\n<div class=\"page\" title=\"Page 157\">\n<div class=\"section\">\n<div class=\"layoutArea\">\n<div class=\"column\">\n<p><span style=\"color: #43358b;\"><strong>\u00bfQuie\u0301nes intervienen?<\/strong><\/span><\/p>\n<p>En el marco legal vigente, se distinguen tres instancias intervinientes:<\/p>\n<ol>\n<li>\n<p>Instituciones que deben referir\/denunciar casos de violencia.<\/p>\n<\/li>\n<li>\n<p>Instancias Promotoras de Denuncia, que deben brindar la atencio\u0301n en el primer contacto, presentar la denuncia y realizar el acompan\u0303amiento.<\/p>\n<\/li>\n<\/ol>\n<div class=\"page\" title=\"Page 157\">\n<div class=\"section\">\n<div class=\"layoutArea\">\n<div class=\"column\">\n<p>Instituciones que deben referir\/denunciar casos de violencia<\/p>\n<ul>\n<li>\n<p><strong>Servicios de Salud:<\/strong> realizan la atencio\u0301n de emergencia y refieren el caso al Ministerio Pu\u0301blico. El servicio de salud convoca a las instancias pertinentes para brindar auxilio, atencio\u0301n y proteccio\u0301n a la vi\u0301ctima de violencia.<\/p>\n<\/li>\n<li>\n<p><strong>Direcciones Departamentales de Educacio\u0301n:<\/strong> conocido el hecho lo denuncian al Ministerio Pu\u0301blico.<\/p>\n<\/li>\n<li>\n<p><strong>Tribunal Supremo Electoral y Tribunales Departamentales Electorales: <\/strong>conocido el hecho remiten antecedentes al Ministerio Pu\u0301blico en casos de acoso y violencia poli\u0301tica contra las mujeres.<\/p>\n<\/li>\n<li>\n<p><strong>Defensori\u0301a del Pueblo:<\/strong> ante un hecho de violencia pone el mismo en conocimiento del Ministerio Pu\u0301blico.<\/p>\n<\/li>\n<li>\n<p><strong style=\"font-size: 16px;\">Instancias de procesamiento administrativo o disciplinario:<\/strong><span style=\"font-size: 16px;\"> en conocimiento de delitos de violencia deben remitir antecedentes al Ministerio Pu\u0301blico.<\/span><\/p>\n<\/li>\n<\/ul>\n<div class=\"page\" title=\"Page 158\">\n<div class=\"section\">\n<div class=\"layoutArea\">\n<div class=\"column\">\n<p><span style=\"color: #43358b;\"><strong>Instancias promotoras de denuncia<\/strong><\/span><\/p>\n<p>A fin de promover la denuncia, la vi\u0301ctima directa o indirecta podra\u0301 acudir a las siguientes instituciones:<\/p>\n<ul>\n<li>\n<p>Defensori\u0301as de la Nin\u0303ez y Adolescencia (DNA), cuando la persona agredida tenga hasta los 18 an\u0303os cumplidos.<\/p>\n<\/li>\n<li>\n<p>Servicios Legales Integrales Municipales (SLIM), cuando la persona agredida sea mujer mayor de 18 an\u0303os.<\/p>\n<\/li>\n<li>\n<p>Servicios Integrados de Justicia Plurinacional (SIJPLU), cuando la persona agredida es vi\u0301ctima de violencia.<\/p>\n<\/li>\n<li>\n<p>Servicio Plurinacional de Defensa de la Vi\u0301ctima (SEPDAVI), cuando la persona agredida es vi\u0301ctima de violencia, de escasos recursos econo\u0301micos y que no cuente con patrocinio legal particular.<\/p>\n<\/li>\n<li>\n<p>Autoridades Indi\u0301gena Originario Campesinas, cuando la persona agredida es vi\u0301ctima de violencia dentro de su jurisdiccio\u0301n.<\/p>\n<p>\u00a0<\/p>\n<\/li>\n<\/ul>\n<p>Si bien la Ley No. 348 no incluye entre las Instancias Promotoras de Denuncia a las organizaciones de la sociedad civil y promotoras comunitarias al no tratarse de instituciones pu\u0301blicas, debe tomarse en cuenta que varias de ellas brindan apoyo psico-socio-legal a la vi\u0301ctima de violencia nin\u0303as, nin\u0303os, adolescentes y mujeres, por lo que, es indispensable establecer mecanismos de coordinacio\u0301n con ellas.<\/p>\n<p>Por su parte, la Ley No. 1173 ampli\u0301a los niveles de participacio\u0301n de la sociedad civil especializada, la cual a solicitud expresa de la vi\u0301ctima podra\u0301 apersonarse ante la Polici\u0301a Boliviana, Ministerio Pu\u0301blico o la autoridad judicial competente y coadyuvar en los actos procesales, en resguardo de los derechos de la vi\u0301ctima y del cumplimiento de la debida diligencia en los procesos penales por delitos de violencia, pudiendo participar en audiencias, incluso si e\u0301stas fueran declaradas en reserva y brindar cualquier tipo de apoyo a las vi\u0301ctimas.<\/p>\n<\/div>\n<\/div>\n<\/div>\n<\/div>\n<\/div>\n<\/div>\n<\/div>\n<\/div>\n<\/div>\n<\/div>\n<\/div>\n<\/div>\n<\/div>\n<\/div>\n<\/div>\n<\/div>\n<\/div><\/div>\n<\/div>\n<\/div>\n<\/div>\n<\/div>\n<\/div>\n<\/div>\n<\/section>\n<section class=\"elementor-section elementor-top-section elementor-element elementor-element-527c447 elementor-section-boxed elementor-section-height-default elementor-section-height-default\" data-id=\"527c447\" data-element_type=\"section\" data-settings=\"{&quot;background_background&quot;:&quot;classic&quot;}\">\n<div class=\"elementor-container elementor-column-gap-default\">\n<div class=\"elementor-row\">\n<div class=\"elementor-column elementor-col-100 elementor-top-column elementor-element elementor-element-eae46f3\" data-id=\"eae46f3\" data-element_type=\"column\">\n<div class=\"elementor-column-wrap elementor-element-populated\">\n<div class=\"elementor-widget-wrap\">\n<div class=\"elementor-element elementor-element-cb8396e elementor-widget elementor-widget-text-editor\" data-id=\"cb8396e\" data-element_type=\"widget\" data-widget_type=\"text-editor.default\">\n<div class=\"elementor-widget-container\">\n<div class=\"elementor-text-editor elementor-clearfix\">\n<div class=\"page\" title=\"Page 158\">\n<div class=\"section\">\n<div class=\"layoutArea\">\n<div class=\"column\">\n<p><strong>Primer contacto con la vi\u0301ctima<\/strong><\/p>\n<\/div>\n<\/div>\n<\/div>\n<\/div>\n<\/div><\/div>\n<\/div>\n<\/div>\n<\/div>\n<\/div>\n<\/div>\n<\/div>\n<\/section>\n<section class=\"elementor-section elementor-top-section elementor-element elementor-element-1481b9d elementor-section-boxed elementor-section-height-default elementor-section-height-default\" data-id=\"1481b9d\" data-element_type=\"section\">\n<div class=\"elementor-container elementor-column-gap-default\">\n<div class=\"elementor-row\">\n<div class=\"elementor-column elementor-col-100 elementor-top-column elementor-element elementor-element-6046d88\" data-id=\"6046d88\" data-element_type=\"column\">\n<div class=\"elementor-column-wrap elementor-element-populated\">\n<div class=\"elementor-widget-wrap\">\n<div class=\"elementor-element elementor-element-1abb6ad elementor-widget elementor-widget-text-editor\" data-id=\"1abb6ad\" data-element_type=\"widget\" data-widget_type=\"text-editor.default\">\n<div class=\"elementor-widget-container\">\n<div class=\"elementor-text-editor elementor-clearfix\">\n<div class=\"page\" title=\"Page 158\">\n<div class=\"section\">\n<div class=\"layoutArea\">\n<div class=\"column\">\n<p>De manera general, toda instancia que tuviera el primer contacto con la vi\u0301ctima debera\u0301 enmarcar sus acciones en la previsio\u0301n de lo establecido en el marco legal vigente, brindando apoyo, trato digno, sensible y respetuoso, acorde a su situacio\u0301n, facilitando al ma\u0301ximo, las gestiones que deban realizar, priorizando sus necesidades ma\u0301s apremiantes y sin incurrir en actos de revictimizacio\u0301n.<\/p>\n<\/div>\n<\/div>\n<\/div>\n<\/div>\n<\/div><\/div>\n<\/div>\n<\/div>\n<\/div>\n<\/div>\n<\/div>\n<\/div>\n<\/section>\n<section class=\"elementor-section elementor-top-section elementor-element elementor-element-ee7e4d5 elementor-section-boxed elementor-section-height-default elementor-section-height-default\" data-id=\"ee7e4d5\" data-element_type=\"section\">\n<div class=\"elementor-container elementor-column-gap-default\">\n<div class=\"elementor-row\">\n<div class=\"elementor-column elementor-col-100 elementor-top-column elementor-element elementor-element-142240b\" data-id=\"142240b\" data-element_type=\"column\">\n<div class=\"elementor-column-wrap elementor-element-populated\">\n<div class=\"elementor-widget-wrap\">\n<div class=\"elementor-element elementor-element-3cebb58 elementor-widget elementor-widget-heading\" data-id=\"3cebb58\" data-element_type=\"widget\" data-widget_type=\"heading.default\">\n<div class=\"elementor-widget-container\">\n<h2 class=\"elementor-heading-title elementor-size-default\">3.1.1 FUNCIONES DE LAS INSTITUCIONES QUE DEBEN REFERIR\/ DENUNCIAR HECHOS DE VIOLENCIA F\u00cdSICA, PSICOL\u00d3GICA O SEXUAL<\/h2>\n<\/div>\n<\/div>\n<\/div>\n<\/div>\n<\/div>\n<\/div>\n<\/div>\n<\/section>\n<section class=\"elementor-section elementor-top-section elementor-element elementor-element-87bb19b elementor-section-boxed elementor-section-height-default elementor-section-height-default\" data-id=\"87bb19b\" data-element_type=\"section\" data-settings=\"{&quot;background_background&quot;:&quot;classic&quot;}\">\n<div class=\"elementor-container elementor-column-gap-default\">\n<div class=\"elementor-row\">\n<div class=\"elementor-column elementor-col-100 elementor-top-column elementor-element elementor-element-79f58b3\" data-id=\"79f58b3\" data-element_type=\"column\">\n<div class=\"elementor-column-wrap elementor-element-populated\">\n<div class=\"elementor-widget-wrap\">\n<div class=\"elementor-element elementor-element-6339133 elementor-widget elementor-widget-text-editor\" data-id=\"6339133\" data-element_type=\"widget\" data-widget_type=\"text-editor.default\">\n<div class=\"elementor-widget-container\">\n<div class=\"elementor-text-editor elementor-clearfix\">\n<div class=\"page\" title=\"Page 158\">\n<div class=\"section\">\n<div class=\"layoutArea\">\n<div class=\"column\">\n<div class=\"page\" title=\"Page 159\">\n<div class=\"section\">\n<div class=\"layoutArea\">\n<div class=\"column\">\n<p><strong>Unidades educativas fiscales, privadas y de convenio<\/strong><\/p>\n<\/div>\n<\/div>\n<\/div>\n<\/div>\n<\/div>\n<\/div>\n<\/div>\n<\/div>\n<\/div><\/div>\n<\/div>\n<\/div>\n<\/div>\n<\/div>\n<\/div>\n<\/div>\n<\/section>\n<section class=\"elementor-section elementor-top-section elementor-element elementor-element-f0ac4f5 elementor-section-boxed elementor-section-height-default elementor-section-height-default\" data-id=\"f0ac4f5\" data-element_type=\"section\">\n<div class=\"elementor-container elementor-column-gap-default\">\n<div class=\"elementor-row\">\n<div class=\"elementor-column elementor-col-100 elementor-top-column elementor-element elementor-element-afdc9cc\" data-id=\"afdc9cc\" data-element_type=\"column\">\n<div class=\"elementor-column-wrap elementor-element-populated\">\n<div class=\"elementor-widget-wrap\">\n<div class=\"elementor-element elementor-element-dc6a2b0 elementor-widget elementor-widget-text-editor\" data-id=\"dc6a2b0\" data-element_type=\"widget\" data-widget_type=\"text-editor.default\">\n<div class=\"elementor-widget-container\">\n<div class=\"elementor-text-editor elementor-clearfix\">\n<div class=\"page\" title=\"Page 158\">\n<div class=\"section\">\n<div class=\"layoutArea\">\n<div class=\"column\">\n<div class=\"page\" title=\"Page 159\">\n<div class=\"section\">\n<div class=\"layoutArea\">\n<div class=\"column\">\n<p>Ante un hecho de violencia en unidades educativas fiscales, privadas y de convenio debe aplicarse el \u201cProtocolo de Prevencio\u0301n y Actuacio\u0301n y Denuncia por casos de Violencia Fi\u0301sica, Psicolo\u0301gica y Sexual en las Unidades Educativas\u201d, en el que se encuentran las directrices para la deteccio\u0301n, atencio\u0301n, contencio\u0301n, denuncia y proteccio\u0301n. (Ver lista en el Anexo 8), segu\u0301n el cual deben seguirse las siguientes directrices<\/p>\n<table cellspacing=\"0\" cellpadding=\"0\">\n<tbody>\n<tr>\n<td valign=\"middle\">\n<p><span style=\"color: #000000; font-family: Ubuntu; font-size: xx-large;\"><b>1<\/b><\/span><\/p>\n<\/td>\n<td valign=\"middle\">\n<p><span style=\"color: #000000; font-family: Ubuntu; font-size: small;\">El personal docente, administrativo o de apoyo profesional, habiendo detectado hechos de violencia contra la vida, la integridad f\u00edsica, psicol\u00f3gica y\/o sexual de ni\u00f1as, ni\u00f1os y adolescentes estudiantes, deben reportarlo inmediatamente a la autoridad del establecimiento para su comunicaci\u00f3n al Director o Directora Distrital, de lo contrario, ser\u00e1 pasible a sanciones legales conforme establece la Ley No. 348 (Art. 19. III) debiendo solicitar la intervenci\u00f3n de la DNA para que brinden el apoyo integral a la v\u00edctima.<span class=\"Apple-converted-space\">\u00a0<\/span><\/span><\/p>\n<\/td>\n<\/tr>\n<tr>\n<td valign=\"middle\">\n<p><span style=\"color: #000000; font-family: Ubuntu; font-size: xx-large;\"><b>2<\/b><\/span><\/p>\n<\/td>\n<td valign=\"middle\">\n<p><span style=\"color: #000000; font-family: Ubuntu; font-size: small;\">La o el Director Distrital deber\u00e1 poner en conocimiento de la o el Director Departamental, quien a trav\u00e9s de los\/as Abogados\/ as Defensores\/as deber\u00e1 presentar la denuncia ante el Ministerio P\u00fablico y\/o querellarse en todos aquellos procesos seguidos en contra de directoras\/directores, maestras\/ maestros o personal administrativo del Sistema Educativo Plurinacional que hubiesen sido sindicados de la comisi\u00f3n de estos delitos, debiendo proseguir las acciones penales hasta su conclusi\u00f3n.<span class=\"Apple-converted-space\">\u00a0<\/span><\/span><\/p>\n<\/td>\n<\/tr>\n<tr>\n<td valign=\"middle\">\n<p><span style=\"color: #000000; font-family: Ubuntu; font-size: xx-large;\"><b>3<\/b><\/span><\/p>\n<\/td>\n<td valign=\"middle\">\n<p><span style=\"color: #000000; font-family: Ubuntu; font-size: small;\">La o el director, docente o administrativo que fuera imputado formalmente por la comisi\u00f3n de delitos de agresi\u00f3n y violencia sexual en contra de las ni\u00f1as, ni\u00f1os y adolescentes estudiantes, ser\u00e1 suspendido de sus funciones sin goce de haberes, mientras dure el proceso penal correspondiente, como medida de seguridad y protecci\u00f3n del estudiante. Asimismo, aquellos que cuenten con Resoluci\u00f3n Sancionatoria o Sentencia Condenatoria Ejecutoriada ser\u00e1n destituidos y se incluir\u00e1 en su Registro Docente Administrativo. (Decreto Supremo No. 1320, Resoluci\u00f3n Ministerial 148\/2014).<\/span><\/p>\n<\/td>\n<\/tr>\n<tr>\n<td valign=\"middle\">\n<p><span style=\"color: #000000; font-family: Ubuntu; font-size: xx-large;\"><b>4<\/b><\/span><\/p>\n<\/td>\n<td valign=\"middle\">\n<p><span style=\"color: #000000; font-family: Ubuntu; font-size: small;\">Las y los Directores Distritales de Educaci\u00f3n de manera simult\u00e1nea tienen la obligaci\u00f3n de iniciar procesos administrativos en el marco del Reglamento de Faltas y Sanciones vigente. (Decreto Supremo No. 813, Resoluci\u00f3n Suprema No. 212414).<span class=\"Apple-converted-space\">\u00a0<\/span><\/span><\/p>\n<\/td>\n<\/tr>\n<\/tbody>\n<\/table>\n<\/div>\n<div class=\"page\" title=\"Page 160\">\n<div class=\"section\">\n<div class=\"layoutArea\">\n<div class=\"column\">\n<p>En caso de ausencia de estas instancias de denuncia en el municipio se podra\u0301 acudir a las autoridades ma\u0301s cercanas o recurrir a las autoridades administrativas, comunales o indi\u0301gena originario campesinas para que el hecho sea puesto en conocimiento de las autoridades fiscales o policiales ma\u0301s cercanas.<\/p>\n<\/div>\n<\/div>\n<\/div>\n<\/div>\n<\/div>\n<\/div>\n<\/div>\n<\/div>\n<\/div>\n<\/div>\n<\/div>\n<\/div><\/div>\n<\/div>\n<\/div>\n<\/div>\n<\/div>\n<\/div>\n<\/div>\n<\/section>\n<section class=\"elementor-section elementor-top-section elementor-element elementor-element-d40b339 elementor-section-boxed elementor-section-height-default elementor-section-height-default\" data-id=\"d40b339\" data-element_type=\"section\" data-settings=\"{&quot;background_background&quot;:&quot;classic&quot;}\">\n<div class=\"elementor-container elementor-column-gap-default\">\n<div class=\"elementor-row\">\n<div class=\"elementor-column elementor-col-100 elementor-top-column elementor-element elementor-element-1578795\" data-id=\"1578795\" data-element_type=\"column\">\n<div class=\"elementor-column-wrap elementor-element-populated\">\n<div class=\"elementor-widget-wrap\">\n<div class=\"elementor-element elementor-element-072f438 elementor-widget elementor-widget-text-editor\" data-id=\"072f438\" data-element_type=\"widget\" data-widget_type=\"text-editor.default\">\n<div class=\"elementor-widget-container\">\n<div class=\"elementor-text-editor elementor-clearfix\">\n<div class=\"page\" title=\"Page 158\">\n<div class=\"section\">\n<div class=\"layoutArea\">\n<div class=\"column\">\n<div class=\"page\" title=\"Page 159\">\n<div class=\"section\">\n<div class=\"layoutArea\">\n<div class=\"column\">\n<p><strong>Sistema de salud<\/strong><\/p>\n<\/div>\n<\/div>\n<\/div>\n<\/div>\n<\/div>\n<\/div>\n<\/div>\n<\/div>\n<\/div><\/div>\n<\/div>\n<\/div>\n<\/div>\n<\/div>\n<\/div>\n<\/div>\n<\/section>\n<section class=\"elementor-section elementor-top-section elementor-element elementor-element-0bab261 elementor-section-boxed elementor-section-height-default elementor-section-height-default\" data-id=\"0bab261\" data-element_type=\"section\">\n<div class=\"elementor-container elementor-column-gap-default\">\n<div class=\"elementor-row\">\n<div class=\"elementor-column elementor-col-100 elementor-top-column elementor-element elementor-element-d09c1bb\" data-id=\"d09c1bb\" data-element_type=\"column\">\n<div class=\"elementor-column-wrap elementor-element-populated\">\n<div class=\"elementor-widget-wrap\">\n<div class=\"elementor-element elementor-element-471a4d3 elementor-widget elementor-widget-text-editor\" data-id=\"471a4d3\" data-element_type=\"widget\" data-widget_type=\"text-editor.default\">\n<div class=\"elementor-widget-container\">\n<div class=\"elementor-text-editor elementor-clearfix\">\n<div class=\"page\" title=\"Page 158\">\n<div class=\"section\">\n<div class=\"layoutArea\">\n<div class=\"column\">\n<div class=\"page\" title=\"Page 159\">\n<div class=\"section\">\n<div class=\"layoutArea\">\n<div class=\"column\">\n<div class=\"page\" title=\"Page 160\">\n<div class=\"section\">\n<div class=\"layoutArea\">\n<div class=\"column\">\n<p>De acuerdo a la Ley No. 348 (Art. 20.4) el Sistema de Salud Pu\u0301blico, seguro social a corto plazo y privado, debe responder con atencio\u0301n me\u0301dica y psicolo\u0301gica de emergencia, tratamiento inmediato para el restablecimiento de la salud fi\u0301sica y emocional de las mujeres que se encuentran en situacio\u0301n de riesgo y\/o violencia; en la prestacio\u0301n de salud gratuita para la atencio\u0301n de mujeres vi\u0301ctimas de violencia al momento de la implementacio\u0301n del Seguro Universal de Salud, quedando prohibida la negacio\u0301n de atencio\u0301n. A continuacio\u0301n las directrices generales de actuacio\u0301n:<\/p>\n<table cellspacing=\"0\" cellpadding=\"0\">\n<tbody>\n<tr>\n<td valign=\"middle\">\n<p><span style=\"color: #000000; font-family: Ubuntu; font-size: xx-large;\"><b>1<\/b><\/span><\/p>\n<\/td>\n<td valign=\"middle\">\n<p><span style=\"color: #000000; font-family: Ubuntu; font-size: small;\">Cuando una v\u00edctima acuda directamente a un servicio del sistema de salud p\u00fablico o del seguro social a corto plazo, sin que se haya presentado la denuncia previamente, para ser atendida por haber sufrido una agresi\u00f3n f\u00edsica o sexual, el personal respectivo deber\u00e1 proceder a la atenci\u00f3n de la v\u00edctima de acuerdo a las normas de salud sin necesidad de ninguna formalidad. (Ver lista en el Anexo 8).<span class=\"Apple-converted-space\">\u00a0<\/span><\/span><\/p>\n<\/td>\n<\/tr>\n<tr>\n<td valign=\"middle\">\n<p><span style=\"color: #000000; font-family: Ubuntu; font-size: xx-large;\"><b>2<\/b><\/span><\/p>\n<\/td>\n<td valign=\"middle\">\n<p><span style=\"color: #000000; font-family: Ubuntu; font-size: small;\">Posteriormente, deber\u00e1n derivar a la v\u00edctima al Ministerio P\u00fablico, en su ausencia a la Polic\u00eda o a los servicios de atenci\u00f3n integral (SLIM, DNA, SIJPLU, SEPDAVI) existentes o a los m\u00e1s cercanos al lugar.<span class=\"Apple-converted-space\">\u00a0<\/span><\/span><\/p>\n<\/td>\n<\/tr>\n<tr>\n<td valign=\"middle\">\n<p><span style=\"color: #000000; font-family: Ubuntu; font-size: xx-large;\"><b>3<\/b><\/span><\/p>\n<\/td>\n<td valign=\"middle\">\n<p><span style=\"color: #000000; font-family: Ubuntu; font-size: small;\">Tambi\u00e9n es posible que una v\u00edctima llegue al servicio de salud despu\u00e9s de haber presentado la denuncia, mediante la referencia de una instituci\u00f3n promotora o receptora de la denuncia, en cuyo caso se proceder\u00e1 de la misma manera.<span class=\"Apple-converted-space\">\u00a0<\/span><\/span><\/p>\n<\/td>\n<\/tr>\n<tr>\n<td valign=\"middle\">\n<p><span style=\"color: #000000; font-family: Ubuntu; font-size: xx-large;\"><b>4<\/b><\/span><\/p>\n<\/td>\n<td valign=\"middle\">\n<p><span style=\"color: #000000; font-family: Ubuntu; font-size: small;\">En ambos casos, la o el profesional en salud <b>NO SOLICITAR\u00c1 REQUERIMIENTO FISCAL NI ORDEN JUDICIAL NI OTRO DOCUMENTO PARA BRINDAR ATENCI\u00d3N A LA V\u00cdCTIMA y EMITIR\u00c1 DE FORMA OBLIGATORIA E INMEDIATA EL CERTIFICADO M\u00c9DICO \u00daNICO DE VIOLENCIA (Art. 393 noveter del CPP)<\/b>.<span class=\"Apple-converted-space\">\u00a0<\/span><\/span><\/p>\n<\/td>\n<\/tr>\n<tr>\n<td valign=\"middle\">\n<p><span style=\"color: #000000; font-family: Ubuntu; font-size: xx-large;\"><b>5<\/b><\/span><\/p>\n<\/td>\n<td valign=\"middle\">\n<p><span style=\"color: #000000; font-family: Ubuntu; font-size: small;\">En caso de que la v\u00edctima de violencia acuda a un servicio de salud privado, requiriendo atenci\u00f3n de emergencia, se le deber\u00e1 brindar el mismo, anteponiendo la necesidad de salvaguardar la vida, integridad y salud de la v\u00edctima, sin perjuicio de que luego sea derivada a un servicio de salud p\u00fablico o seguro social a corto plazo, seg\u00fan corresponda, para su respectiva valoraci\u00f3n y certificaci\u00f3n.<span class=\"Apple-converted-space\">\u00a0<\/span><\/span><\/p>\n<\/td>\n<\/tr>\n<\/tbody>\n<\/table>\n<\/div>\n<\/div>\n<\/div>\n<\/div>\n<\/div>\n<\/div>\n<\/div>\n<\/div>\n<\/div>\n<\/div>\n<\/div>\n<\/div>\n<\/div><\/div>\n<\/div>\n<\/div>\n<\/div>\n<\/div>\n<\/div>\n<\/div>\n<\/section>\n<section class=\"elementor-section elementor-top-section elementor-element elementor-element-35de657 elementor-section-boxed elementor-section-height-default elementor-section-height-default\" data-id=\"35de657\" data-element_type=\"section\">\n<div class=\"elementor-container elementor-column-gap-default\">\n<div class=\"elementor-row\">\n<div class=\"elementor-column elementor-col-100 elementor-top-column elementor-element elementor-element-27b1761\" data-id=\"27b1761\" data-element_type=\"column\">\n<div class=\"elementor-column-wrap elementor-element-populated\">\n<div class=\"elementor-widget-wrap\">\n<div class=\"elementor-element elementor-element-f712dbc elementor-widget elementor-widget-text-editor\" data-id=\"f712dbc\" data-element_type=\"widget\" data-widget_type=\"text-editor.default\">\n<div class=\"elementor-widget-container\">\n<div class=\"elementor-text-editor elementor-clearfix\">\n<div class=\"page\" title=\"Page 157\">\n<div class=\"section\">\n<div class=\"layoutArea\">\n<div class=\"column\">\n<p><span style=\"color: #43358b;\"><strong>\u00bf<span style=\"font-size: 16px;\">Atencio\u0301n de casos de violencia f\u00edsica en el sistema de salud<\/span>?<\/strong><\/span><\/p>\n<div class=\"page\" title=\"Page 157\">\n<div class=\"section\">\n<div class=\"layoutArea\">\n<div class=\"column\">\n<div class=\"page\" title=\"Page 157\">\n<div class=\"section\">\n<div class=\"layoutArea\">\n<div class=\"column\">\n<div class=\"page\" title=\"Page 158\">\n<div class=\"section\">\n<div class=\"layoutArea\">\n<div class=\"column\">\n<div class=\"page\" title=\"Page 161\">\n<div class=\"section\">\n<div class=\"layoutArea\">\n<div class=\"column\">\n<p>La valoracio\u0301n me\u0301dica en casos de violencia fi\u0301sica constituye una sucesio\u0301n de procedimientos en la atencio\u0301n que debe brindarse a las vi\u0301ctimas para establecer el perfil lesionolo\u0301gico corporal emergente de la agresio\u0301n fi\u0301sica y otros aspectos me\u0301dicos relacionados con el hecho. Todo procedimiento debe realizarse respetando la dignidad de la vi\u0301ctima y de acuerdo al Protocolo de Atencio\u0301n vigente para servicios de salud, que sen\u0303ala en li\u0301neas generales las siguientes actuaciones:<\/p>\n<table cellspacing=\"0\" cellpadding=\"0\">\n<tbody>\n<tr>\n<td valign=\"middle\"><span style=\"color: #000000; font-family: Ubuntu; font-size: xx-large;\"><b>1<\/b><\/span><\/td>\n<td valign=\"middle\"><span style=\"color: #000000; font-family: Ubuntu; font-size: small;\">Debe procederse a la identificaci\u00f3n de la v\u00edctima mediante su documento de identidad, en caso de que no cuente con \u00e9l, debe registrarse este aspecto y tomar sus impresiones dactilares. E<b>N NUNG\u00daN CASO PODR\u00c1 DEJAR DE REALIZARSE LA VALORACI\u00d3N POR FALTA DEL DOCUMENTO DE IDENTIDAD.<span class=\"Apple-converted-space\">\u00a0<\/span><\/b><\/span><\/td>\n<\/tr>\n<tr>\n<td valign=\"middle\"><span style=\"color: #000000; font-family: Ubuntu; font-size: xx-large;\"><b>2<\/b><\/span><\/td>\n<td valign=\"middle\"><span style=\"color: #000000; font-family: Ubuntu; font-size: small;\">Se debe explicar a la v\u00edctima las actuaciones que se van a realizar y la utilidad de cada procedimiento, as\u00ed como su importancia para la investigaci\u00f3n y las consecuencias posibles en caso de no efectuarse, tambi\u00e9n deber\u00e1 inform\u00e1rsele que es necesario contar con su consentimiento, el cual deber\u00e1 ser firmado por ella. En caso de no estar de acuerdo con la valoraci\u00f3n, se deber\u00e1 hacer constar que la v\u00edctima no prest\u00f3 su consentimiento.<span class=\"Apple-converted-space\">\u00a0<\/span><\/span><\/td>\n<\/tr>\n<tr>\n<td valign=\"middle\"><span style=\"color: #000000; font-family: Ubuntu; font-size: xx-large;\"><b>3<\/b><\/span><\/td>\n<td valign=\"middle\"><span style=\"color: #000000; font-family: Ubuntu; font-size: small;\">Trat\u00e1ndose de ni\u00f1as, ni\u00f1os o adolescentes se requerir\u00e1 el consentimiento informado firmado por la madre, padre, otro familiar de confianza, tutor\/a o guardador\/a, en su ausencia puede ser el personal de la DNA, vel\u00e1ndose siempre por el inter\u00e9s superior de la ni\u00f1a, ni\u00f1o o adolescente y debiendo tomarse en cuenta la opini\u00f3n de la v\u00edctima de acuerdo a su edad, grado de madurez y nivel de comprensi\u00f3n<\/span><span style=\"color: #000000; font-family: Ubuntu; font-size: small;\"><a class=\"tooltips\" title=\"El art\u00edculo 12 de la Convenci\u00f3n sobre los Derechos del Ni\u00f1o establece el derecho del ni\u00f1o a expresar su opini\u00f3n libremente en \u201ctodos los asuntos que afectan al ni\u00f1o\u201d y a que se tengan debidamente en cuenta esas opiniones, teniendo en cuenta su edad y grado de madurez. Este criterio es recogido tambi\u00e9n en el Caso V.R.P., V.P.C. y otros Vs. Nicaragua en la jurisprudencia de la Corte IDH en la primera parte de este Protocolo.\"><sup>74<\/sup><\/a><\/span><span style=\"color: #000000; font-family: Ubuntu; font-size: small;\">.<span class=\"Apple-converted-space\">\u00a0<\/span><\/span><\/td>\n<\/tr>\n<tr>\n<td valign=\"middle\"><span style=\"color: #000000; font-family: Ubuntu; font-size: xx-large;\"><b>4<\/b><\/span><\/td>\n<td valign=\"middle\"><span style=\"color: #000000; font-family: Ubuntu; font-size: small;\">Trat\u00e1ndose de v\u00edctimas mayores de edad que presenten alg\u00fan grado de discapacidad que les impida comprender o dar su consentimiento libre e informado, se solicitar\u00e1 \u00e9ste a la madre, padre, otro familiar de confianza, tutor\/a o guardador\/a, en su ausencia puede ser el personal de la FELCV o cualquier instancia promotora.<span class=\"Apple-converted-space\">\u00a0<\/span><\/span><\/td>\n<\/tr>\n<tr>\n<td valign=\"middle\"><span style=\"color: #000000; font-family: Ubuntu; font-size: xx-large;\"><b>5<\/b><\/span><\/td>\n<td valign=\"middle\"><span style=\"color: #000000; font-family: Ubuntu; font-size: small;\">Es indispensable crear un clima de confianza y empat\u00eda, aplicando la escucha activa en todo momento, no debe incurrir en conductas revictimizantes como prejuzgar a la v\u00edctima, interrumpir su relato, cuestionar su vida \u00edntima o sexual, sobre exponerla o de cualquier forma afectar su intimidad o seguridad.<span class=\"Apple-converted-space\">\u00a0<\/span><\/span><\/td>\n<\/tr>\n<tr>\n<td valign=\"middle\"><span style=\"color: #000000; font-family: Ubuntu; font-size: xx-large;\"><b>6<\/b><\/span><\/td>\n<td valign=\"middle\"><span style=\"color: #000000; font-family: Ubuntu; font-size: small;\">En caso que la v\u00edctima no comprenda el idioma espa\u00f1ol deber\u00e1 procurase contar con un\/a int\u00e9rprete, de igual manera proporcionar asistencia individualizada para v\u00edctimas analfabetas y cuando use lengua de se\u00f1as, a fin de garantizar la plena comprensi\u00f3n de los procesos judiciales y cuasi judiciales<\/span><span style=\"color: #000000; font-family: Ubuntu; font-size: small;\"><a class=\"tooltips\" title=\"CEDAW. 2015. Recomendaci\u00f3n General 33. Recuperada en:\"><sup>75<\/sup><\/a><\/span><span style=\"color: #000000; font-family: Ubuntu; font-size: small;\">.<span class=\"Apple-converted-space\">\u00a0<\/span><\/span><\/td>\n<\/tr>\n<tr>\n<td valign=\"middle\"><span style=\"color: #000000; font-family: Ubuntu; font-size: xx-large;\"><b>7<\/b><\/span><\/td>\n<td valign=\"middle\"><span style=\"color: #000000; font-family: Ubuntu; font-size: small;\">Debe realizarse en un consultorio del servicio de salud bien iluminado y con ventilaci\u00f3n, adem\u00e1s de contar con los elementos b\u00e1sicos y dar privacidad a la v\u00edctima pudiendo ser acompa\u00f1ada por una persona de su confianza.<span class=\"Apple-converted-space\">\u00a0<\/span><\/span><\/td>\n<\/tr>\n<tr>\n<td valign=\"middle\"><span style=\"color: #000000; font-family: Ubuntu; font-size: xx-large;\"><b>8<\/b><\/span><\/td>\n<td valign=\"middle\"><span style=\"color: #000000; font-family: Ubuntu; font-size: small;\">Si la persona se encuentra en estado de crisis emocional que no permita realizar la valoraci\u00f3n, debe solicitarse apoyo psicol\u00f3gico; si no se cuenta con \u00e9ste, aplicar los procedimientos recomendados en este Protocolo.<span class=\"Apple-converted-space\">\u00a0<\/span><\/span><\/td>\n<\/tr>\n<tr>\n<td valign=\"middle\"><span style=\"color: #000000; font-family: Ubuntu; font-size: xx-large;\"><b>9<\/b><\/span><\/td>\n<td valign=\"middle\"><span style=\"color: #000000; font-family: Ubuntu; font-size: small;\">El examen m\u00e9dico se debe realizar previo consentimiento informado <\/span><span style=\"color: #000000; font-family: Ubuntu; font-size: small;\"><a class=\"tooltips\" title=\"Ver Caso I.V Vs. Bolivia en el marco normativo de este Protocolo.\"><sup>76<\/sup><\/a> <\/span><span style=\"color: #000000; font-family: Ubuntu; font-size: small;\">y de acuerdo al Protocolo de Atenci\u00f3n para Servicios de Salud (Ver lista del Anexo 8) y en el caso de hallazgos de lesiones estar\u00e1 centrado en establecer los siguientes aspectos:<span class=\"Apple-converted-space\">\u00a0<\/span><\/span>\n<p><span style=\"color: #000000; font-family: Ubuntu; font-size: small;\">a. Estudio y clasificaci\u00f3n o tipificaci\u00f3n de la lesi\u00f3n.<br \/>\nb. Toma de fotograf\u00edas con testigo m\u00e9trico.<br \/>\nc. Determinaci\u00f3n de los d\u00edas de incapacidad en funci\u00f3n de los Par\u00e1metros de Incapacidad M\u00e9dica.<span class=\"Apple-converted-space\">\u00a0<\/span><\/span><\/p><\/td>\n<\/tr>\n<tr>\n<td valign=\"middle\"><span style=\"color: #000000; font-family: Ubuntu; font-size: xx-large;\"><b>10<\/b><\/span><\/td>\n<td valign=\"middle\"><span style=\"color: #000000; font-family: Ubuntu; font-size: small;\">Al finalizar debe explicarse a la v\u00edctima o persona de su confianza la conclusi\u00f3n del examen, posibles interconsultas que requiera, seg\u00fan el caso y entregarle el Certificado M\u00e9dico \u00danico de Violencia. Sin perjuicio de ello, se podr\u00e1 entregar una copia del certificado a la instancia promotora, a la FELCV o al Ministerio P\u00fablico.<span class=\"Apple-converted-space\">\u00a0<\/span><\/span><\/td>\n<\/tr>\n<tr>\n<td valign=\"middle\"><span style=\"color: #000000; font-family: Ubuntu; font-size: xx-large;\"><b>11<\/b><\/span><\/td>\n<td valign=\"middle\"><span style=\"color: #000000; font-family: Ubuntu; font-size: small;\">Trat\u00e1ndose de ni\u00f1as, ni\u00f1os y adolescentes ser\u00e1n informados de acuerdo a su edad, grado de madurez y nivel de comprensi\u00f3n, de igual manera a la madre, padre, otro familiar de su confianza, tutor\/a o guardador\/a, en su ausencia puede ser el personal de la DNA.<span class=\"Apple-converted-space\">\u00a0<\/span><\/span><\/td>\n<\/tr>\n<tr>\n<td valign=\"middle\"><span style=\"color: #000000; font-family: Ubuntu; font-size: xx-large;\"><b>12<\/b><\/span><\/td>\n<td valign=\"middle\"><span style=\"color: #000000; font-family: Ubuntu; font-size: small;\">El Certificado M\u00e9dico \u00danico de Violencia, a trav\u00e9s de la interoperabilidad de sistemas, deber\u00e1 ser enviado de forma digital en el momento al Ministerio P\u00fablico y sin perjuicio alguno, se entregar\u00e1 un ejemplar a la v\u00edctima, de forma obligatoria y gratuita y sin necesidad de requerimiento fiscal.<span class=\"Apple-converted-space\">\u00a0<\/span><\/span><\/td>\n<\/tr>\n<tr>\n<td valign=\"middle\"><span style=\"color: #000000; font-family: Ubuntu; font-size: xx-large;\"><b>13<\/b><\/span><\/td>\n<td valign=\"middle\"><span style=\"color: #000000; font-family: Ubuntu; font-size: small;\">Las evidencias y muestras colectadas deben estar adecuadamente fijadas, embaladas y rotuladas antes de su entrega, adem\u00e1s de contar con el acta de toma de muestras y cadena de custodia, de acuerdo al Protocolo de Cadena de Custodia (Ver Lista del Anexo 8).<span class=\"Apple-converted-space\">\u00a0<\/span><\/span><\/td>\n<\/tr>\n<\/tbody>\n<\/table>\n<\/div>\n<\/div>\n<\/div>\n<\/div>\n<\/div>\n<\/div>\n<\/div>\n<\/div>\n<\/div>\n<\/div>\n<\/div>\n<\/div>\n<\/div>\n<\/div>\n<\/div>\n<\/div>\n<\/div>\n<\/div>\n<\/div>\n<\/div>\n<\/div><\/div>\n<\/div>\n<\/div>\n<\/div>\n<\/div>\n<\/div>\n<\/div>\n<\/section>\n<section class=\"elementor-section elementor-top-section elementor-element elementor-element-0690efa elementor-section-boxed elementor-section-height-default elementor-section-height-default\" data-id=\"0690efa\" data-element_type=\"section\">\n<div class=\"elementor-container elementor-column-gap-default\">\n<div class=\"elementor-row\">\n<div class=\"elementor-column elementor-col-100 elementor-top-column elementor-element elementor-element-572a0cf\" data-id=\"572a0cf\" data-element_type=\"column\">\n<div class=\"elementor-column-wrap elementor-element-populated\">\n<div class=\"elementor-widget-wrap\">\n<div class=\"elementor-element elementor-element-f7c44b4 elementor-widget elementor-widget-text-editor\" data-id=\"f7c44b4\" data-element_type=\"widget\" data-widget_type=\"text-editor.default\">\n<div class=\"elementor-widget-container\">\n<div class=\"elementor-text-editor elementor-clearfix\">\n<div class=\"page\" title=\"Page 157\">\n<div class=\"section\">\n<div class=\"layoutArea\">\n<div class=\"column\">\n<div class=\"page\" title=\"Page 164\">\n<div class=\"section\">\n<div class=\"layoutArea\">\n<div class=\"column\">\n<p><span style=\"color: #43358b;\"><strong>Atencio\u0301n me\u0301dica de casos de violencia sexual en el sistema de salud<\/strong><\/span><\/p>\n<\/div>\n<\/div>\n<\/div>\n<\/div>\n<div class=\"page\" title=\"Page 157\">\n<div class=\"section\">\n<div class=\"layoutArea\">\n<div class=\"column\">\n<div class=\"page\" title=\"Page 157\">\n<div class=\"section\">\n<div class=\"layoutArea\">\n<div class=\"column\">\n<div class=\"page\" title=\"Page 158\">\n<div class=\"section\">\n<div class=\"layoutArea\">\n<div class=\"column\">\n<div class=\"page\" title=\"Page 161\">\n<div class=\"section\">\n<div class=\"layoutArea\">\n<div class=\"column\">\n<table cellspacing=\"0\" cellpadding=\"0\">\n<tbody>\n<tr>\n<td valign=\"middle\">\n<p><span style=\"color: #000000; font-family: Ubuntu; font-size: xx-large;\"><b>1<\/b><\/span><\/p>\n<\/td>\n<td valign=\"middle\">\n<p><span style=\"color: #000000; font-family: Ubuntu; font-size: small;\"><b><i>Atenci\u00f3n m\u00e9dica de emergencia<span class=\"Apple-converted-space\">\u00a0<\/span><\/i><\/b><\/span><\/p>\n<p><span style=\"color: #000000; font-family: Ubuntu; font-size: small;\">Se brindar\u00e1 la atenci\u00f3n m\u00e9dica correspondiente, para atender las necesidades de la v\u00edctima, clasific\u00e1ndose como EMERGENCIA todos los casos de violencia sexual, priorizando la atenci\u00f3n por el personal m\u00e9dico, dentro o fuera de los establecimientos de salud. La atenci\u00f3n debe ser inmediata a efecto de la colecta de muestras biol\u00f3gicas.<span class=\"Apple-converted-space\">\u00a0<\/span><\/span><\/p>\n<\/td>\n<\/tr>\n<tr>\n<td valign=\"middle\">\n<p><span style=\"color: #000000; font-family: Ubuntu; font-size: xx-large;\"><b>2<\/b><\/span><\/p>\n<\/td>\n<td valign=\"middle\">\n<p><span style=\"color: #000000; font-family: Ubuntu; font-size: small;\"><b><i>Contenci\u00f3n emocional<span class=\"Apple-converted-space\">\u00a0<\/span><\/i><\/b><\/span><\/p>\n<p><span style=\"color: #000000; font-family: Ubuntu; font-size: small;\">El personal de salud que entre en contacto con la v\u00edctima podr\u00e1 proporcionar contenci\u00f3n emocional tanto a ella como a su familia, cuando se encuentre en estado de crisis. La contenci\u00f3n constituye tambi\u00e9n un momento de ESCUCHA, para que la v\u00edctima hable o exprese lo que siente o piensa, las personas que est\u00e1n en ese momento brindando contenci\u00f3n NO pueden juzgar, ni culpabilizar a la v\u00edctima por lo sucedido, se debe tener mucho respeto, paciencia y responsabilidad con lo que se escucha, en el marco de la confidencialidad.<span class=\"Apple-converted-space\">\u00a0<\/span><\/span><\/p>\n<\/td>\n<\/tr>\n<tr>\n<td valign=\"middle\">\n<p><span style=\"color: #000000; font-family: Ubuntu; font-size: xx-large;\"><b>3<\/b><\/span><\/p>\n<\/td>\n<td valign=\"middle\">\n<p><span style=\"color: #000000; font-family: Ubuntu; font-size: small;\"><b><i>Procedimiento de atenci\u00f3n<span class=\"Apple-converted-space\">\u00a0<\/span><\/i><\/b><\/span><\/p>\n<p><span style=\"color: #000000; font-family: Ubuntu; font-size: small;\">La valoraci\u00f3n m\u00e9dica de los delitos sexuales constituye una sucesi\u00f3n de procedimientos en la atenci\u00f3n que debe brindarse a las personas que han sido v\u00edctimas, precautelando la dignidad y privacidad de la v\u00edctima en todo momento.<span class=\"Apple-converted-space\">\u00a0<\/span><\/span><\/p>\n<p><span style=\"color: #000000; font-family: Ubuntu; font-size: small;\">Para tal efecto, la o el profesional en salud informar\u00e1 de manera emp\u00e1tica y amigable a la v\u00edctima los procedimientos m\u00e9dicos a realizarse y contar\u00e1 con el consentimiento informado de la v\u00edctima previa valoraci\u00f3n m\u00e9dica, el que deber\u00e1 ser firmado por ella o su representante cuando se trate de ni\u00f1a, ni\u00f1o o adolescente.<span class=\"Apple-converted-space\">\u00a0<\/span><\/span><\/p>\n<p><span style=\"color: #000000; font-family: Ubuntu; font-size: small;\">Se recomendar\u00e1 que se procure que la v\u00edctima pueda escoger el sexo de la o el profesional de salud que realizar\u00e1 la valoraci\u00f3n. Durante la atenci\u00f3n m\u00e9dica la v\u00edctima tiene derecho a ser acompa\u00f1ada por una persona de su confianza, si as\u00ed lo desea. En caso de que la v\u00edctima sea menor de edad, deber\u00e1 ser acompa\u00f1ada en todo momento por personal de la Defensor\u00eda de Ni\u00f1ez y Adolescencia u otro calificado para tal efecto.<span class=\"Apple-converted-space\">\u00a0<\/span><\/span><\/p>\n<p><span style=\"color: #000000; font-family: Ubuntu; font-size: small;\"><b>TODOS LOS PROCEDIMIENTOS DEBEN REALIZARSE SIN NECESIDAD DE REQUERIMIENTO FISCAL<span class=\"Apple-converted-space\">\u00a0<\/span><\/b><\/span><\/p>\n<p><span style=\"color: #000000; font-family: Ubuntu; font-size: small;\">Procedimientos generales:<span class=\"Apple-converted-space\">\u00a0<\/span><\/span><\/p>\n<ul>\n<li><span style=\"color: #000000; font-family: Ubuntu; font-size: small;\">a) \u00a0Anamnesis<span class=\"Apple-converted-space\">\u00a0<\/span><\/span><\/li>\n<li><span style=\"color: #000000; font-family: Ubuntu; font-size: small;\">b) \u00a0Examen f\u00edsico general<span class=\"Apple-converted-space\">\u00a0<\/span><\/span><\/li>\n<li><span style=\"color: #000000; font-family: Ubuntu; font-size: small;\">c) \u00a0Examen f\u00edsico segmentario<span class=\"Apple-converted-space\">\u00a0<\/span><\/span><\/li>\n<li><span style=\"color: #000000; font-family: Ubuntu; font-size: small;\">d) \u00a0Examen para genital<span class=\"Apple-converted-space\">\u00a0<\/span><\/span><\/li>\n<li><span style=\"color: #000000; font-family: Ubuntu; font-size: small;\">e) \u00a0Examen genital<span class=\"Apple-converted-space\">\u00a0<\/span><\/span><\/li>\n<li><span style=\"color: #000000; font-family: Ubuntu; font-size: small;\">f) \u00a0Examen anal<span class=\"Apple-converted-space\">\u00a0<\/span><\/span><\/li>\n<li><span style=\"color: #000000; font-family: Ubuntu; font-size: small;\">g) \u00a0Colecci\u00f3n de evidencias y muestras <br \/><\/span><\/li>\n<\/ul>\n<p><span style=\"color: #000000; font-family: Ubuntu; font-size: small;\">Si el hecho ocurri\u00f3 dentro de las 72 horas, el procedimiento a seguir ser\u00e1 el siguiente:<span class=\"Apple-converted-space\">\u00a0<\/span><\/span><\/p>\n<ul>\n<li><span style=\"color: #000000; font-family: Ubuntu; font-size: small;\">Realizar la colecci\u00f3n de evidencia y las muestras (biol\u00f3gicas y no biol\u00f3gicas).<span class=\"Apple-converted-space\">\u00a0<\/span><\/span><\/li>\n<li><span style=\"color: #000000; font-family: Ubuntu; font-size: small;\">Realizar pruebas de laboratorio: Test de embarazo, prueba r\u00e1pida para VIH.<span class=\"Apple-converted-space\">\u00a0<\/span><\/span><\/li>\n<li><span style=\"color: #000000; font-family: Ubuntu; font-size: small;\">Realizar pruebas de gabinete si el caso lo amerita.<span class=\"Apple-converted-space\">\u00a0<\/span><\/span><\/li>\n<li><span style=\"color: #000000; font-family: Ubuntu; font-size: small;\">Proceder a la prevenci\u00f3n de ITS\/VIH y Hepatitis B (profilaxis post exposici\u00f3n).<span class=\"Apple-converted-space\">\u00a0<\/span><\/span><\/li>\n<li><span style=\"color: #000000; font-family: Ubuntu; font-size: small;\">Realizar el tratamiento de traumatismos extragenitales, paragenitales y genitales.<span class=\"Apple-converted-space\">\u00a0<\/span><\/span><\/li>\n<li><span style=\"color: #000000; font-family: Ubuntu; font-size: small;\">Realizar anticoncepci\u00f3n de emergencia.<span class=\"Apple-converted-space\">\u00a0<\/span><\/span><\/li>\n<li><span style=\"color: #000000; font-family: Ubuntu; font-size: small;\">La o el profesional en salud deber\u00e1 <b>REALIZAR EL LLENADO DEL CERTIFICADO M\u00c9DICO \u00daNICO DE VIOLENCIA.<span class=\"Apple-converted-space\">\u00a0<\/span><\/b><\/span><\/li>\n<\/ul>\n<p><span style=\"color: #000000; font-family: Ubuntu; font-size: small;\"><br \/>Debe asegurarse la protecci\u00f3n f\u00edsica y emocional de la v\u00edctima, resguard\u00e1ndola de todo aquello que pudiese ponerla en peligro. Para ello, el personal de salud podr\u00e1 efectuar una valoraci\u00f3n de los riesgos y recomendar a la DNA, SLIM, Polic\u00eda Boliviana (FELCV), Ministerio P\u00fablico u otra autoridad competente la necesidad de disponer medidas de protecci\u00f3n a favor de la v\u00edctima. <br \/>Bajo ninguna circunstancia, los argumentos de la v\u00edctima deben ser cuestionados; por lo tanto, la o el profesional de salud estrictamente deber\u00e1 realizar preguntas abiertas, evitando juicios de valor, estereotipos, estigmatizaci\u00f3n o cualquier otra forma de violencia o discriminaci\u00f3n.<span class=\"Apple-converted-space\">\u00a0<\/span><\/span><\/p>\n<p><span style=\"color: #000000; font-family: Ubuntu; font-size: small;\"><b>Si el hecho ocurri\u00f3 despu\u00e9s de las 72 horas, el procedimiento a seguir ser\u00e1 el siguiente:<span class=\"Apple-converted-space\">\u00a0<\/span><\/b><\/span><\/p>\n<ul>\n<li><span style=\"color: #000000; font-family: Ubuntu; font-size: small;\">Realizar los laboratorios para VIH (conformar estado serol\u00f3gico), prueba r\u00e1pida y repetir a los tres meses.<span class=\"Apple-converted-space\">\u00a0<\/span><\/span><\/li>\n<li><span style=\"color: #000000; font-family: Ubuntu; font-size: small;\">Realizar el tratamiento de VIH, seg\u00fan norma del programa VIH.<span class=\"Apple-converted-space\">\u00a0<\/span><\/span><\/li>\n<li><span style=\"color: #000000; font-family: Ubuntu; font-size: small;\">Realizar la colecci\u00f3n de muestras y evidencias m\u00e9dico legales.<span class=\"Apple-converted-space\">\u00a0<\/span><\/span><\/li>\n<li><span style=\"color: #000000; font-family: Ubuntu; font-size: small;\">Realizar prueba de embarazo cualitativa y en lo posible cuantitativa.<span class=\"Apple-converted-space\">\u00a0<\/span><\/span><\/li>\n<\/ul>\n<p><span style=\"color: #000000; font-family: Ubuntu; font-size: small;\">En caso de establecerse positiva la prueba de embarazo, tambi\u00e9n deber\u00e1 informarse a la v\u00edctima sobre su derecho a recurrir al ILE, conforme a las normas de salud. <br \/><\/span><\/p>\n<ul>\n<li><span style=\"color: #000000; font-family: Ubuntu; font-size: small;\"> Despu\u00e9s de haber realizado el examen f\u00edsico, se anotar\u00e1 de manera clara y legible los diagn\u00f3sticos. <br \/><\/span>\n<ul>\n<li><span style=\"color: #000000; font-family: Ubuntu; font-size: small;\">El Certificado M\u00e9dico \u00danico de Violencia debe ser llenado \u00edntegramente, cuando sea llenado a mano debe hacerse de manera clara, legible y sin tachaduras.<span class=\"Apple-converted-space\">\u00a0<\/span><\/span><\/li>\n<li><span style=\"color: #000000; font-family: Ubuntu; font-size: small;\">La colecta y embalado de las muestras y\/o evidencias deben estar de acuerdo a los protocolos espec\u00edficos consensuados entre el IDIF y el Ministerio de Salud.<span class=\"Apple-converted-space\">\u00a0<\/span><\/span><\/li>\n<li><span style=\"color: #000000; font-family: Ubuntu; font-size: small;\">Es importante cuidar el acta de toma muestras, conservar las muestras o evidencias y mantener la cadena de custodia. <br \/><\/span><\/li>\n<\/ul>\n<\/li>\n<\/ul>\n<p><span style=\"color: #000000; font-family: Ubuntu; font-size: small;\"><b>El Certificado M\u00e9dico \u00danico de Violencia, a trav\u00e9s de la interoperabilidad de sistemas, deber\u00e1 ser enviado de manera digital inmediatamente al Ministerio P\u00fablico y adem\u00e1s se entregar\u00e1 un ejemplar a la v\u00edctima de forma obligatoria, gratuita y sin necesidad de requerimiento fiscal.<\/b><br \/><\/span><\/p>\n<p><span style=\"color: #000000; font-family: Ubuntu; font-size: small;\">Las evidencias y muestras colectadas deben estar adecuadamente fijadas, embaladas, rotuladas y deben ser resguardadas hasta su entrega al Ministerio P\u00fablico, adem\u00e1s de tener el acta de toma de muestras y cadena de custodia, de acuerdo al Protocolo de Cadena de Custodia (Ver lista del Anexo 8).<span class=\"Apple-converted-space\">\u00a0<\/span><\/span><\/p>\n<p><span style=\"color: #000000; font-family: Ubuntu; font-size: small;\">Es indispensable que el servicio de salud cuente siempre con los insumos y medicamentos necesarios para la atenci\u00f3n a v\u00edctimas de violencia y los procedimientos para profilaxis de ITS, VIH, Hepatitis B, anticoncepci\u00f3n de emergencia e interrupci\u00f3n legal del embarazo (ILE).<span class=\"Apple-converted-space\">\u00a0<\/span><\/span><\/p>\n<\/td>\n<\/tr>\n<tr>\n<td valign=\"middle\">\n<p><span style=\"color: #000000; font-family: Ubuntu; font-size: xx-large;\"><b>4<\/b><\/span><\/p>\n<\/td>\n<td valign=\"middle\">\n<p><span style=\"color: #000000; font-family: Ubuntu; font-size: small;\"><b><i>Cadena de custodia<span class=\"Apple-converted-space\">\u00a0<\/span><\/i><\/b><\/span><\/p>\n<p><span style=\"color: #000000; font-family: Ubuntu; font-size: small;\">En todos los formularios debe aparecer un apartado dedicado a la cadena de custodia donde debe constar: Servicio de Salud y direcci\u00f3n; nombre o identificaci\u00f3n y firma de la\/s persona\/s responsables del recojo de la caja de evidencias; lugar, fecha y hora del recojo; y condiciones de almacenaje de las muestras hasta su env\u00edo al laboratorio.<span class=\"Apple-converted-space\">\u00a0<\/span><\/span><\/p>\n<p><span style=\"color: #000000; font-family: Ubuntu; font-size: small;\">El responsable de recoger y transportar la caja de evidencias es el Ministerio P\u00fablico o la Polic\u00eda Boliviana, para la entrega al IDIF.<span class=\"Apple-converted-space\">\u00a0<\/span><\/span><\/p>\n<\/td>\n<\/tr>\n<tr>\n<td valign=\"middle\">\n<p><span style=\"color: #000000; font-family: Ubuntu; font-size: xx-large;\"><b>5<\/b><\/span><\/p>\n<\/td>\n<td valign=\"middle\">\n<p><span style=\"color: #000000; font-family: Ubuntu; font-size: small;\"><b><i>Interrupci\u00f3n legal del embarazo (ILE)<span class=\"Apple-converted-space\">\u00a0<\/span><\/i><\/b><\/span><\/p>\n<p><span style=\"color: #000000; font-family: Ubuntu; font-size: small;\">De acuerdo a la Ley No. 1173 en caso de violencia sexual, especialmente trat\u00e1ndose de la circunstancia contemplada en el inciso k) del art\u00edculo 310 del C\u00f3digo Penal, relativa a una v\u00edctima de violaci\u00f3n que queda embarazada a consecuencia de este delito, el personal de salud aplicar\u00e1 las normas y protocolos vigentes de atenci\u00f3n integral a v\u00edctimas de violencia sexual del Ministerio de Salud (Ver lista en el Anexo 8).<span class=\"Apple-converted-space\">\u00a0<\/span><\/span><\/p>\n<p><span style=\"color: #000000; font-family: Ubuntu; font-size: small;\">De conformidad al procedimiento establecido por el Ministerio de Salud, a sola presentaci\u00f3n de copia simple de la denuncia y previo consentimiento informado de la v\u00edctima, los servicios de salud p\u00fablicos o privados deber\u00e1n proceder a la ILE cuando la mujer, la ni\u00f1a o adolescente v\u00edctima de violaci\u00f3n sexual as\u00ed lo solicite. (Ver SCP2006\/2014).<\/span><\/p>\n<p><span style=\"color: #000000; font-family: Ubuntu; font-size: small;\">El procedimiento debe cumplirse de forma obligatoria con respeto y confidencialidad en todos los servicios del sistema de salud p\u00fablicos, seguros a corto plazo, privados y organizaciones no gubernamentales dentro del Estado Plurinacional de Bolivia.<span class=\"Apple-converted-space\">\u00a0<\/span><\/span><\/p>\n<p><span style=\"color: #000000; font-family: Ubuntu; font-size: small;\">En caso de que la v\u00edctima sea ni\u00f1a o adolescente, de igual manera deber\u00e1 ser atendida con la sola presentaci\u00f3n de la copia simple de la denuncia de violaci\u00f3n, pudiendo o no, ser acompa\u00f1ada por una persona mayor, debiendo ser atendida en aplicaci\u00f3n del principio del inter\u00e9s superior del ni\u00f1o. En caso de no estar acompa\u00f1ada o que la madre y\/o padre no est\u00e9n de acuerdo con la decisi\u00f3n que ella hubiere tomado, se podr\u00e1 solicitar la intervenci\u00f3n de la DNA para asistir o acompa\u00f1ar a la ni\u00f1a o adolescente durante y despu\u00e9s del procedimiento.<span class=\"Apple-converted-space\">\u00a0<\/span><\/span><\/p>\n<p><span style=\"color: #000000; font-family: Ubuntu; font-size: small;\">Si la v\u00edctima est\u00e1 imposibilitada de dar su consentimiento, deber\u00e1 ser atendida con la sola presentaci\u00f3n de la copia simple de la denuncia de violaci\u00f3n a solicitud de la madre, padre, otro familiar de confianza, tutor\/a o guardador\/a, o en ausencia de ellos, el personal de la DNA, la FELCV o cualquier instancia promotora.<span class=\"Apple-converted-space\">\u00a0<\/span><\/span><\/p>\n<\/td>\n<\/tr>\n<\/tbody>\n<\/table>\n<\/div>\n<\/div>\n<\/div>\n<\/div>\n<\/div>\n<\/div>\n<\/div>\n<\/div>\n<\/div>\n<\/div>\n<\/div>\n<\/div>\n<\/div>\n<\/div>\n<\/div>\n<\/div>\n<\/div>\n<\/div>\n<\/div>\n<\/div>\n<\/div><\/div>\n<\/div>\n<\/div>\n<\/div>\n<\/div>\n<\/div>\n<\/div>\n<\/section>\n<section class=\"elementor-section elementor-top-section elementor-element elementor-element-2fea523 elementor-section-boxed elementor-section-height-default elementor-section-height-default\" data-id=\"2fea523\" data-element_type=\"section\" data-settings=\"{&quot;background_background&quot;:&quot;classic&quot;}\">\n<div class=\"elementor-container elementor-column-gap-default\">\n<div class=\"elementor-row\">\n<div class=\"elementor-column elementor-col-100 elementor-top-column elementor-element elementor-element-7e6f986\" data-id=\"7e6f986\" data-element_type=\"column\">\n<div class=\"elementor-column-wrap elementor-element-populated\">\n<div class=\"elementor-widget-wrap\">\n<div class=\"elementor-element elementor-element-0c3f56b elementor-widget elementor-widget-text-editor\" data-id=\"0c3f56b\" data-element_type=\"widget\" data-widget_type=\"text-editor.default\">\n<div class=\"elementor-widget-container\">\n<div class=\"elementor-text-editor elementor-clearfix\">\n<div class=\"page\" title=\"Page 15\">\n<div class=\"section\">\n<div class=\"layoutArea\">\n<div class=\"column\">\n<div class=\"page\" title=\"Page 24\">\n<div class=\"section\">\n<div class=\"layoutArea\">\n<div class=\"column\">\n<div class=\"page\" title=\"Page 24\">\n<div class=\"section\">\n<div class=\"layoutArea\">\n<div class=\"column\">\n<div class=\"page\" title=\"Page 169\">\n<div class=\"section\">\n<div class=\"layoutArea\">\n<div class=\"column\">\n<p><strong>Recomendaciones:<\/strong><\/p>\n<ul>\n<li>\n<p>El personal de salud, que realice la ILE, segu\u0301n procedimientos normados, debe tener el cuidado en recolectar las muestras de restos corio\u0301nicos o fetales, debiendo garantizar su preservacio\u0301n hasta su entrega al Ministerio Pu\u0301blico para la prueba de ADN a realizarse en el IDIF.<\/p>\n<\/li>\n<li>\n<p>Es importante que el personal de salud realice las acciones necesarias para preservar los restos extrai\u0301dos de la ILE como parte de la evidencia en el juicio seguido al violador, conforme el Protocolo de Cadena de Custodia.<\/p>\n<\/li>\n<li>\n<p>Las atenciones de ILE, deben ser anotadas en el cuaderno de registro de ILE en el apartado diferenciado de las hemorragias de la primera mitad del embarazo y me\u0301todos anticonceptivos post aborto.<\/p>\n<\/li>\n<\/ul>\n<\/div>\n<\/div>\n<\/div>\n<\/div>\n<\/div>\n<\/div>\n<\/div>\n<\/div>\n<\/div>\n<\/div>\n<\/div>\n<\/div>\n<\/div>\n<\/div>\n<\/div>\n<\/div>\n<\/div><\/div>\n<\/div>\n<\/div>\n<\/div>\n<\/div>\n<\/div>\n<\/div>\n<\/section>\n<section class=\"elementor-section elementor-top-section elementor-element elementor-element-42e3674 elementor-section-boxed elementor-section-height-default elementor-section-height-default\" data-id=\"42e3674\" data-element_type=\"section\">\n<div class=\"elementor-container elementor-column-gap-default\">\n<div class=\"elementor-row\">\n<div class=\"elementor-column elementor-col-100 elementor-top-column elementor-element elementor-element-8ea8706\" data-id=\"8ea8706\" data-element_type=\"column\">\n<div class=\"elementor-column-wrap elementor-element-populated\">\n<div class=\"elementor-widget-wrap\">\n<div class=\"elementor-element elementor-element-7352e57 elementor-widget elementor-widget-text-editor\" data-id=\"7352e57\" data-element_type=\"widget\" data-widget_type=\"text-editor.default\">\n<div class=\"elementor-widget-container\">\n<div class=\"elementor-text-editor elementor-clearfix\"><\/div>\n<\/div>\n<\/div>\n<\/div>\n<\/div>\n<\/div>\n<\/div>\n<\/div>\n<\/section>\n<section class=\"elementor-section elementor-top-section elementor-element elementor-element-f4d0114 elementor-section-boxed elementor-section-height-default elementor-section-height-default\" data-id=\"f4d0114\" data-element_type=\"section\" data-settings=\"{&quot;background_background&quot;:&quot;classic&quot;}\">\n<div class=\"elementor-container elementor-column-gap-default\">\n<div class=\"elementor-row\">\n<div class=\"elementor-column elementor-col-100 elementor-top-column elementor-element elementor-element-2a07090\" data-id=\"2a07090\" data-element_type=\"column\">\n<div class=\"elementor-column-wrap elementor-element-populated\">\n<div class=\"elementor-widget-wrap\">\n<div class=\"elementor-element elementor-element-81803eb elementor-widget elementor-widget-text-editor\" data-id=\"81803eb\" data-element_type=\"widget\" data-widget_type=\"text-editor.default\">\n<div class=\"elementor-widget-container\">\n<div class=\"elementor-text-editor elementor-clearfix\">\n<div class=\"page\" title=\"Page 158\">\n<div class=\"section\">\n<div class=\"layoutArea\">\n<div class=\"column\">\n<div class=\"page\" title=\"Page 170\">\n<div class=\"section\">\n<div class=\"layoutArea\">\n<div class=\"column\">\n<p><strong>Tribunal Supremo Electoral y Tribunales Departamentales<\/strong><\/p>\n<\/div>\n<\/div>\n<\/div>\n<\/div>\n<\/div>\n<\/div>\n<\/div>\n<\/div>\n<\/div><\/div>\n<\/div>\n<\/div>\n<\/div>\n<\/div>\n<\/div>\n<\/div>\n<\/section>\n<section class=\"elementor-section elementor-top-section elementor-element elementor-element-b17d8b5 elementor-section-boxed elementor-section-height-default elementor-section-height-default\" data-id=\"b17d8b5\" data-element_type=\"section\">\n<div class=\"elementor-container elementor-column-gap-default\">\n<div class=\"elementor-row\">\n<div class=\"elementor-column elementor-col-100 elementor-top-column elementor-element elementor-element-76e460b\" data-id=\"76e460b\" data-element_type=\"column\">\n<div class=\"elementor-column-wrap elementor-element-populated\">\n<div class=\"elementor-widget-wrap\">\n<div class=\"elementor-element elementor-element-1aba8db elementor-widget elementor-widget-text-editor\" data-id=\"1aba8db\" data-element_type=\"widget\" data-widget_type=\"text-editor.default\">\n<div class=\"elementor-widget-container\">\n<div class=\"elementor-text-editor elementor-clearfix\">\n<div class=\"page\" title=\"Page 158\">\n<div class=\"section\">\n<div class=\"layoutArea\">\n<div class=\"column\">\n<div class=\"page\" title=\"Page 170\">\n<div class=\"section\">\n<div class=\"layoutArea\">\n<div class=\"column\">\n<p>Cuando el Tribunal Supremo Electoral o los Tribunales Departamentales tengan conocimiento de la existencia de un hecho de acoso o violencia poli\u0301tica hacia una mujer autoridad, candidata, electa o en ejercicio de la funcio\u0301n poli\u0301tico pu\u0301blica, se remitira\u0301 por instruccio\u0301n de Sala Plena los antecedentes a conocimiento del Ministerio Pu\u0301blico.<\/p>\n<p>Estos casos pueden ser conocidos al presentarse una renuncia durante el proceso de verificacio\u0301n de la voluntariedad del acto o por la denuncia presentada por la vi\u0301ctima por actos de acoso y violencia poli\u0301tica, procedie\u0301ndose en ambos casos de acuerdo al Reglamento para el Tra\u0301mite de Recepcio\u0301n de Renuncias y Denuncias por Acoso y Violencia Poli\u0301tica de Mujeres Candidatas, Electas o en Funcio\u0301n Poli\u0301tico Pu\u0301blica, aprobado mediante Resolucio\u0301n 158\/2017 del O\u0301rgano Electoral Plurinacional.<\/p>\n<\/div>\n<\/div>\n<\/div>\n<\/div>\n<\/div>\n<\/div>\n<\/div>\n<\/div>\n<\/div><\/div>\n<\/div>\n<\/div>\n<\/div>\n<\/div>\n<\/div>\n<\/div>\n<\/section>\n<section class=\"elementor-section elementor-top-section elementor-element elementor-element-423e0d9 elementor-section-boxed elementor-section-height-default elementor-section-height-default\" data-id=\"423e0d9\" data-element_type=\"section\" data-settings=\"{&quot;background_background&quot;:&quot;classic&quot;}\">\n<div class=\"elementor-container elementor-column-gap-default\">\n<div class=\"elementor-row\">\n<div class=\"elementor-column elementor-col-100 elementor-top-column elementor-element elementor-element-e380d5d\" data-id=\"e380d5d\" data-element_type=\"column\">\n<div class=\"elementor-column-wrap elementor-element-populated\">\n<div class=\"elementor-widget-wrap\">\n<div class=\"elementor-element elementor-element-f32fd2a elementor-widget elementor-widget-text-editor\" data-id=\"f32fd2a\" data-element_type=\"widget\" data-widget_type=\"text-editor.default\">\n<div class=\"elementor-widget-container\">\n<div class=\"elementor-text-editor elementor-clearfix\">\n<div class=\"page\" title=\"Page 158\">\n<div class=\"section\">\n<div class=\"layoutArea\">\n<div class=\"column\">\n<div class=\"page\" title=\"Page 170\">\n<div class=\"section\">\n<div class=\"layoutArea\">\n<div class=\"column\">\n<div class=\"page\" title=\"Page 170\">\n<div class=\"section\">\n<div class=\"layoutArea\">\n<div class=\"column\">\n<p><strong>Mecanismo de prevencio\u0301n y atencio\u0301n inmediata de defensa de los derechos de las mujeres en situacio\u0301n de acoso y\/o violencia poli\u0301tica<\/strong><\/p>\n<\/div>\n<\/div>\n<\/div>\n<\/div>\n<\/div>\n<\/div>\n<\/div>\n<\/div>\n<\/div>\n<\/div>\n<\/div>\n<\/div>\n<\/div><\/div>\n<\/div>\n<\/div>\n<\/div>\n<\/div>\n<\/div>\n<\/div>\n<\/section>\n<section class=\"elementor-section elementor-top-section elementor-element elementor-element-920a3c5 elementor-section-boxed elementor-section-height-default elementor-section-height-default\" data-id=\"920a3c5\" data-element_type=\"section\">\n<div class=\"elementor-container elementor-column-gap-default\">\n<div class=\"elementor-row\">\n<div class=\"elementor-column elementor-col-100 elementor-top-column elementor-element elementor-element-e2ac1e6\" data-id=\"e2ac1e6\" data-element_type=\"column\">\n<div class=\"elementor-column-wrap elementor-element-populated\">\n<div class=\"elementor-widget-wrap\">\n<div class=\"elementor-element elementor-element-246540a elementor-widget elementor-widget-text-editor\" data-id=\"246540a\" data-element_type=\"widget\" data-widget_type=\"text-editor.default\">\n<div class=\"elementor-widget-container\">\n<div class=\"elementor-text-editor elementor-clearfix\">\n<div class=\"page\" title=\"Page 158\">\n<div class=\"section\">\n<div class=\"layoutArea\">\n<div class=\"column\">\n<div class=\"page\" title=\"Page 170\">\n<div class=\"section\">\n<div class=\"layoutArea\">\n<div class=\"column\">\n<div class=\"page\" title=\"Page 170\">\n<div class=\"section\">\n<div class=\"layoutArea\">\n<div class=\"column\">\n<p>Ante el conocimiento de un hecho de acoso o violencia poli\u0301tica contra las mujeres que constituya delito debera\u0301 a trave\u0301s de los servicios dependientes del Ministerio de Justicia y Transparencia Institucional (SIJPLU o SEPDAVI) presentar la denuncia ante el Ministerio Pu\u0301blico.<\/p>\n<\/div>\n<\/div>\n<\/div>\n<\/div>\n<\/div>\n<\/div>\n<\/div>\n<\/div>\n<\/div>\n<\/div>\n<\/div>\n<\/div>\n<\/div><\/div>\n<\/div>\n<\/div>\n<\/div>\n<\/div>\n<\/div>\n<\/div>\n<\/section>\n<section class=\"elementor-section elementor-top-section elementor-element elementor-element-48f76b4 elementor-section-boxed elementor-section-height-default elementor-section-height-default\" data-id=\"48f76b4\" data-element_type=\"section\" data-settings=\"{&quot;background_background&quot;:&quot;classic&quot;}\">\n<div class=\"elementor-container elementor-column-gap-default\">\n<div class=\"elementor-row\">\n<div class=\"elementor-column elementor-col-100 elementor-top-column elementor-element elementor-element-162b257\" data-id=\"162b257\" data-element_type=\"column\">\n<div class=\"elementor-column-wrap elementor-element-populated\">\n<div class=\"elementor-widget-wrap\">\n<div class=\"elementor-element elementor-element-025eeeb elementor-widget elementor-widget-text-editor\" data-id=\"025eeeb\" data-element_type=\"widget\" data-widget_type=\"text-editor.default\">\n<div class=\"elementor-widget-container\">\n<div class=\"elementor-text-editor elementor-clearfix\">\n<div class=\"page\" title=\"Page 158\">\n<div class=\"section\">\n<div class=\"layoutArea\">\n<div class=\"column\">\n<div class=\"page\" title=\"Page 170\">\n<div class=\"section\">\n<div class=\"layoutArea\">\n<div class=\"column\">\n<div class=\"page\" title=\"Page 170\">\n<div class=\"section\">\n<div class=\"layoutArea\">\n<div class=\"column\">\n<div class=\"page\" title=\"Page 170\">\n<div class=\"section\">\n<div class=\"layoutArea\">\n<div class=\"column\">\n<p><strong>Defensori\u0301a del Pueblo<\/strong><\/p>\n<\/div>\n<\/div>\n<\/div>\n<\/div>\n<\/div>\n<\/div>\n<\/div>\n<\/div>\n<\/div>\n<\/div>\n<\/div>\n<\/div>\n<\/div>\n<\/div>\n<\/div>\n<\/div>\n<\/div><\/div>\n<\/div>\n<\/div>\n<\/div>\n<\/div>\n<\/div>\n<\/div>\n<\/section>\n<section class=\"elementor-section elementor-top-section elementor-element elementor-element-0032752 elementor-section-boxed elementor-section-height-default elementor-section-height-default\" data-id=\"0032752\" data-element_type=\"section\">\n<div class=\"elementor-container elementor-column-gap-default\">\n<div class=\"elementor-row\">\n<div class=\"elementor-column elementor-col-100 elementor-top-column elementor-element elementor-element-6fcb526\" data-id=\"6fcb526\" data-element_type=\"column\">\n<div class=\"elementor-column-wrap elementor-element-populated\">\n<div class=\"elementor-widget-wrap\">\n<div class=\"elementor-element elementor-element-e9bafd0 elementor-widget elementor-widget-text-editor\" data-id=\"e9bafd0\" data-element_type=\"widget\" data-widget_type=\"text-editor.default\">\n<div class=\"elementor-widget-container\">\n<div class=\"elementor-text-editor elementor-clearfix\">\n<div class=\"page\" title=\"Page 158\">\n<div class=\"section\">\n<div class=\"layoutArea\">\n<div class=\"column\">\n<div class=\"page\" title=\"Page 170\">\n<div class=\"section\">\n<div class=\"layoutArea\">\n<div class=\"column\">\n<div class=\"page\" title=\"Page 170\">\n<div class=\"section\">\n<div class=\"layoutArea\">\n<div class=\"column\">\n<div class=\"page\" title=\"Page 170\">\n<div class=\"section\">\n<div class=\"layoutArea\">\n<div class=\"column\">\n<p>Conocido un hecho de violencia, la vi\u0301ctima recibira\u0301 orientacio\u0301n legal y sera\u0301 referida al Ministerio Pu\u0301blico para la presentacio\u0301n de su denuncia. Trata\u0301ndose de nin\u0303as, nin\u0303os y adolescentes se solicitara\u0301 el acompan\u0303amiento de la DNA.<\/p>\n<p>La Defensori\u0301a del Pueblo puede intervenir si recibe una denuncia por vulneracio\u0301n de derechos en cualquiera de las instituciones de atencio\u0301n y proteccio\u0301n a las vi\u0301ctimas procedie\u0301ndose a abrir una investigacio\u0301n de acuerdo al procedimiento que establece la Ley No. 870, a cuya conclusio\u0301n y comprobada la vulneracio\u0301n de derechos podra\u0301 emitir una resolucio\u0301n fundamentada que contenga, segu\u0301n el caso, recomendaciones, recordatorios, sugerencias o correctivos y censura pu\u0301blica.<\/p>\n<\/div>\n<\/div>\n<\/div>\n<\/div>\n<\/div>\n<\/div>\n<\/div>\n<\/div>\n<\/div>\n<\/div>\n<\/div>\n<\/div>\n<\/div>\n<\/div>\n<\/div>\n<\/div>\n<\/div><\/div>\n<\/div>\n<\/div>\n<\/div>\n<\/div>\n<\/div>\n<\/div>\n<\/section>\n<section class=\"elementor-section elementor-top-section elementor-element elementor-element-06adffd elementor-section-boxed elementor-section-height-default elementor-section-height-default\" data-id=\"06adffd\" data-element_type=\"section\" data-settings=\"{&quot;background_background&quot;:&quot;classic&quot;}\">\n<div class=\"elementor-container elementor-column-gap-default\">\n<div class=\"elementor-row\">\n<div class=\"elementor-column elementor-col-100 elementor-top-column elementor-element elementor-element-59a2320\" data-id=\"59a2320\" data-element_type=\"column\">\n<div class=\"elementor-column-wrap elementor-element-populated\">\n<div class=\"elementor-widget-wrap\">\n<div class=\"elementor-element elementor-element-97954f9 elementor-widget elementor-widget-text-editor\" data-id=\"97954f9\" data-element_type=\"widget\" data-widget_type=\"text-editor.default\">\n<div class=\"elementor-widget-container\">\n<div class=\"elementor-text-editor elementor-clearfix\">\n<div class=\"page\" title=\"Page 158\">\n<div class=\"section\">\n<div class=\"layoutArea\">\n<div class=\"column\">\n<div class=\"page\" title=\"Page 170\">\n<div class=\"section\">\n<div class=\"layoutArea\">\n<div class=\"column\">\n<div class=\"page\" title=\"Page 170\">\n<div class=\"section\">\n<div class=\"layoutArea\">\n<div class=\"column\">\n<div class=\"page\" title=\"Page 170\">\n<div class=\"section\">\n<div class=\"layoutArea\">\n<div class=\"column\">\n<div class=\"page\" title=\"Page 170\">\n<div class=\"section\">\n<div class=\"layoutArea\">\n<div class=\"column\">\n<p><strong>Instituciones administrativas y disciplinarias<\/strong><\/p>\n<\/div>\n<\/div>\n<\/div>\n<\/div>\n<\/div>\n<\/div>\n<\/div>\n<\/div>\n<\/div>\n<\/div>\n<\/div>\n<\/div>\n<\/div>\n<\/div>\n<\/div>\n<\/div>\n<\/div>\n<\/div>\n<\/div>\n<\/div>\n<\/div><\/div>\n<\/div>\n<\/div>\n<\/div>\n<\/div>\n<\/div>\n<\/div>\n<\/section>\n<section class=\"elementor-section elementor-top-section elementor-element elementor-element-f0e3b8f elementor-section-boxed elementor-section-height-default elementor-section-height-default\" data-id=\"f0e3b8f\" data-element_type=\"section\">\n<div class=\"elementor-container elementor-column-gap-default\">\n<div class=\"elementor-row\">\n<div class=\"elementor-column elementor-col-100 elementor-top-column elementor-element elementor-element-61b0d1f\" data-id=\"61b0d1f\" data-element_type=\"column\">\n<div class=\"elementor-column-wrap elementor-element-populated\">\n<div class=\"elementor-widget-wrap\">\n<div class=\"elementor-element elementor-element-fc19d0d elementor-widget elementor-widget-text-editor\" data-id=\"fc19d0d\" data-element_type=\"widget\" data-widget_type=\"text-editor.default\">\n<div class=\"elementor-widget-container\">\n<div class=\"elementor-text-editor elementor-clearfix\">\n<div class=\"page\" title=\"Page 158\">\n<div class=\"section\">\n<div class=\"layoutArea\">\n<div class=\"column\">\n<div class=\"page\" title=\"Page 170\">\n<div class=\"section\">\n<div class=\"layoutArea\">\n<div class=\"column\">\n<div class=\"page\" title=\"Page 170\">\n<div class=\"section\">\n<div class=\"layoutArea\">\n<div class=\"column\">\n<div class=\"page\" title=\"Page 170\">\n<div class=\"section\">\n<div class=\"layoutArea\">\n<div class=\"column\">\n<div class=\"page\" title=\"Page 170\">\n<div class=\"section\">\n<div class=\"layoutArea\">\n<div class=\"column\">\n<p>Toda institucio\u0301n que en el marco de un proceso administrativo o disciplinario tenga conocimiento de un hecho de violencia, que constituya delito debe remitir antecedentes al Ministerio Pu\u0301blico.<\/p>\n<\/div>\n<\/div>\n<\/div>\n<\/div>\n<\/div>\n<\/div>\n<\/div>\n<\/div>\n<\/div>\n<\/div>\n<\/div>\n<\/div>\n<\/div>\n<\/div>\n<\/div>\n<\/div>\n<\/div>\n<\/div>\n<\/div>\n<\/div>\n<\/div><\/div>\n<\/div>\n<\/div>\n<\/div>\n<\/div>\n<\/div>\n<\/div>\n<\/section>\n<section class=\"elementor-section elementor-top-section elementor-element elementor-element-b3d7270 elementor-section-boxed elementor-section-height-default elementor-section-height-default\" data-id=\"b3d7270\" data-element_type=\"section\">\n<div class=\"elementor-container elementor-column-gap-default\">\n<div class=\"elementor-row\">\n<div class=\"elementor-column elementor-col-100 elementor-top-column elementor-element elementor-element-2fed1b7\" data-id=\"2fed1b7\" data-element_type=\"column\">\n<div class=\"elementor-column-wrap elementor-element-populated\">\n<div class=\"elementor-widget-wrap\">\n<div class=\"elementor-element elementor-element-bdf2ae4 elementor-widget elementor-widget-text-editor\" data-id=\"bdf2ae4\" data-element_type=\"widget\" data-widget_type=\"text-editor.default\">\n<div class=\"elementor-widget-container\">\n<div class=\"elementor-text-editor elementor-clearfix\">\n<div class=\"page\" title=\"Page 158\">\n<div class=\"section\">\n<div class=\"layoutArea\">\n<div class=\"column\">\n<div class=\"page\" title=\"Page 170\">\n<div class=\"section\">\n<div class=\"layoutArea\">\n<div class=\"column\">\n<div class=\"page\" title=\"Page 170\">\n<div class=\"section\">\n<div class=\"layoutArea\">\n<div class=\"column\">\n<div class=\"page\" title=\"Page 170\">\n<div class=\"section\">\n<div class=\"layoutArea\">\n<div class=\"column\">\n<div class=\"page\" title=\"Page 170\">\n<div class=\"section\">\n<div class=\"layoutArea\">\n<div class=\"column\">\n<p><span style=\"font-family: Ubuntu; font-size: small; color: #43358b;\">Si una mujer v\u00edctima acudiese a una instituci\u00f3n que no sea una Instancia Promotora de Denuncia, \u00e9sta tiene la obligaci\u00f3n de informar, referir o derivar donde le brinden la atenci\u00f3n requerida, tal como establece el art\u00edculo 20 en su numeral 6 de la Ley No. 348<span class=\"Apple-converted-space\">\u00a0<\/span><\/span><\/p>\n<p><span style=\"font-family: Ubuntu; font-size: small; color: #43358b;\">Si se tratase de una v\u00edctima que sea ni\u00f1a, ni\u00f1o o adolescente, toda persona particular o servidora o servidor p\u00fablico tiene la obligaci\u00f3n de denunciar ante la autoridad competente, tal cual refiere el art\u00edculo 155 del C\u00f3digo Ni\u00f1a, Ni\u00f1o y Adolescente.<span class=\"Apple-converted-space\">\u00a0<\/span><\/span><\/p>\n<\/div>\n<\/div>\n<\/div>\n<\/div>\n<\/div>\n<\/div>\n<\/div>\n<\/div>\n<\/div>\n<\/div>\n<\/div>\n<\/div>\n<\/div>\n<\/div>\n<\/div>\n<\/div>\n<\/div>\n<\/div>\n<\/div>\n<\/div>\n<\/div><\/div>\n<\/div>\n<\/div>\n<\/div>\n<\/div>\n<\/div>\n<\/div>\n<\/section>\n<section class=\"elementor-section elementor-top-section elementor-element elementor-element-9b73fcf elementor-section-boxed elementor-section-height-default elementor-section-height-default\" data-id=\"9b73fcf\" data-element_type=\"section\">\n<div class=\"elementor-container elementor-column-gap-default\">\n<div class=\"elementor-row\">\n<div class=\"elementor-column elementor-col-100 elementor-top-column elementor-element elementor-element-555ec3e\" data-id=\"555ec3e\" data-element_type=\"column\">\n<div class=\"elementor-column-wrap elementor-element-populated\">\n<div class=\"elementor-widget-wrap\">\n<div class=\"elementor-element elementor-element-ba0f4ee elementor-widget elementor-widget-heading\" data-id=\"ba0f4ee\" data-element_type=\"widget\" data-widget_type=\"heading.default\">\n<div class=\"elementor-widget-container\">\n<h2 class=\"elementor-heading-title elementor-size-default\">3.1.2 FUNCIONES DE INSTITUCIONES PROMOTORAS DE LA DENUNCIA EN EL PRIMER CONTACTO<\/h2>\n<\/div>\n<\/div>\n<\/div>\n<\/div>\n<\/div>\n<\/div>\n<\/div>\n<\/section>\n<section class=\"elementor-section elementor-top-section elementor-element elementor-element-018bf3f elementor-section-boxed elementor-section-height-default elementor-section-height-default\" data-id=\"018bf3f\" data-element_type=\"section\">\n<div class=\"elementor-container elementor-column-gap-default\">\n<div class=\"elementor-row\">\n<div class=\"elementor-column elementor-col-100 elementor-top-column elementor-element elementor-element-ac68afd\" data-id=\"ac68afd\" data-element_type=\"column\">\n<div class=\"elementor-column-wrap elementor-element-populated\">\n<div class=\"elementor-widget-wrap\">\n<div class=\"elementor-element elementor-element-91b85e7 elementor-widget elementor-widget-text-editor\" data-id=\"91b85e7\" data-element_type=\"widget\" data-widget_type=\"text-editor.default\">\n<div class=\"elementor-widget-container\">\n<div class=\"elementor-text-editor elementor-clearfix\">\n<div class=\"page\" title=\"Page 158\">\n<div class=\"section\">\n<div class=\"layoutArea\">\n<div class=\"column\">\n<div class=\"page\" title=\"Page 170\">\n<div class=\"section\">\n<div class=\"layoutArea\">\n<div class=\"column\">\n<div class=\"page\" title=\"Page 170\">\n<div class=\"section\">\n<div class=\"layoutArea\">\n<div class=\"column\">\n<div class=\"page\" title=\"Page 170\">\n<div class=\"section\">\n<div class=\"layoutArea\">\n<div class=\"column\">\n<div class=\"page\" title=\"Page 170\">\n<div class=\"section\">\n<div class=\"layoutArea\">\n<div class=\"column\">\n<div class=\"page\" title=\"Page 171\">\n<div class=\"section\">\n<div class=\"layoutArea\">\n<div class=\"column\">\n<p>Segu\u0301n lo dispuesto en el marco legal vigente, las denominadas \u201cInstancias Promotoras de Denuncia\u201d, deben cumplir funciones integrales vinculadas entre si\u0301, para atender las necesidades de asistencia y proteccio\u0301n, en las a\u0301reas legal, psicolo\u0301gica, social, de salud, etc., de las vi\u0301ctimas o personas que se encuentren en situacio\u0301n de violencia generando en este primer contacto confianza y empati\u0301a con la vi\u0301ctima.<\/p>\n<\/div>\n<\/div>\n<\/div>\n<\/div>\n<\/div>\n<\/div>\n<\/div>\n<\/div>\n<\/div>\n<\/div>\n<\/div>\n<\/div>\n<\/div>\n<\/div>\n<\/div>\n<\/div>\n<\/div>\n<\/div>\n<\/div>\n<\/div>\n<\/div>\n<\/div>\n<\/div>\n<\/div>\n<\/div><\/div>\n<\/div>\n<\/div>\n<\/div>\n<\/div>\n<\/div>\n<\/div>\n<\/section>\n<section class=\"elementor-section elementor-top-section elementor-element elementor-element-7666eff elementor-section-boxed elementor-section-height-default elementor-section-height-default\" data-id=\"7666eff\" data-element_type=\"section\">\n<div class=\"elementor-container elementor-column-gap-default\">\n<div class=\"elementor-row\">\n<div class=\"elementor-column elementor-col-100 elementor-top-column elementor-element elementor-element-878647d\" data-id=\"878647d\" data-element_type=\"column\">\n<div class=\"elementor-column-wrap elementor-element-populated\">\n<div class=\"elementor-widget-wrap\">\n<div class=\"elementor-element elementor-element-67174d2 elementor-widget elementor-widget-text-editor\" data-id=\"67174d2\" data-element_type=\"widget\" data-widget_type=\"text-editor.default\">\n<div class=\"elementor-widget-container\">\n<div class=\"elementor-text-editor elementor-clearfix\">\n<p><span style=\"color: #43358b; font-family: Ubuntu; font-size: small;\">LAS INSTANCIAS PROMOTORAS DE DENUNCIA NO PUEDEN REALIZAR ACTUACIONES INVESTIGATIVAS PROPIAS DE LA PERSECUCI\u00d3N PENAL QUE SON DE COMPETENCIA DE LA POLIC\u00cdA Y EL MINISTERIO P\u00daBLICO.<span class=\"Apple-converted-space\">\u00a0<\/span><\/span><\/p>\n<p><span style=\"color: #43358b; font-family: Ubuntu; font-size: small;\">NO TIENEN FACULTAD LEGAL DE PROMOVER O REALIZAR LA CONCILIACI\u00d3N SOBRE EL DELITO, BAJO RESPONSABILIDAD POR INCUMPLIMIENTO DE DEBERES DE ACUERDO A LOS ARTS. 154 Y 154 BIS. DEL C\u00d3DIGO PENAL.<span class=\"Apple-converted-space\">\u00a0<\/span><\/span><\/p>\n<\/div><\/div>\n<\/div>\n<\/div>\n<\/div>\n<\/div>\n<\/div>\n<\/div>\n<\/section>\n<section class=\"elementor-section elementor-top-section elementor-element elementor-element-a9f4da1 elementor-section-boxed elementor-section-height-default elementor-section-height-default\" data-id=\"a9f4da1\" data-element_type=\"section\">\n<div class=\"elementor-container elementor-column-gap-default\">\n<div class=\"elementor-row\">\n<div class=\"elementor-column elementor-col-100 elementor-top-column elementor-element elementor-element-ccb2173\" data-id=\"ccb2173\" data-element_type=\"column\">\n<div class=\"elementor-column-wrap elementor-element-populated\">\n<div class=\"elementor-widget-wrap\">\n<div class=\"elementor-element elementor-element-8af2a44 elementor-widget elementor-widget-text-editor\" data-id=\"8af2a44\" data-element_type=\"widget\" data-widget_type=\"text-editor.default\">\n<div class=\"elementor-widget-container\">\n<div class=\"elementor-text-editor elementor-clearfix\">\n<div class=\"page\" title=\"Page 158\">\n<div class=\"section\">\n<div class=\"layoutArea\">\n<div class=\"column\">\n<div class=\"page\" title=\"Page 170\">\n<div class=\"section\">\n<div class=\"layoutArea\">\n<div class=\"column\">\n<div class=\"page\" title=\"Page 170\">\n<div class=\"section\">\n<div class=\"layoutArea\">\n<div class=\"column\">\n<div class=\"page\" title=\"Page 170\">\n<div class=\"section\">\n<div class=\"layoutArea\">\n<div class=\"column\">\n<div class=\"page\" title=\"Page 170\">\n<div class=\"section\">\n<div class=\"layoutArea\">\n<div class=\"column\">\n<div class=\"page\" title=\"Page 171\">\n<div class=\"section\">\n<div class=\"layoutArea\">\n<div class=\"column\">\n<div class=\"page\" title=\"Page 171\">\n<div class=\"section\">\n<div class=\"layoutArea\">\n<div class=\"column\">\n<p>Debe tomarse en cuenta las funciones y atribuciones detalladas en el marco competencial en la Segunda Parte del presente Protocolo, por el cual las Instancias Promotoras de Denuncia, en el primer contacto debera\u0301n cumplir con las siguientes tareas:<\/p>\n<table cellspacing=\"0\" cellpadding=\"0\">\n<tbody>\n<tr>\n<td valign=\"middle\">\n<p><span style=\"color: #000000; font-family: Ubuntu; font-size: xx-large;\"><b>1<\/b><\/span><\/p>\n<\/td>\n<td valign=\"middle\">\n<p><span style=\"color: #000000; font-family: Ubuntu; font-size: small;\"><b><i>Identificarse<span class=\"Apple-converted-space\">\u00a0<\/span><\/i><\/b><\/span><\/p>\n<p><span style=\"color: #000000; font-family: Ubuntu; font-size: small;\">Identificar si la v\u00edctima requiere atenci\u00f3n m\u00e9dica o contenci\u00f3n en crisis previamente a la recepci\u00f3n de la denuncia, en cuyo <b><i>caso se seguir\u00e1 el procedimiento descrito para estos casos.<span class=\"Apple-converted-space\">\u00a0<\/span><\/i><\/b><\/span><\/p>\n<\/td>\n<\/tr>\n<tr>\n<td valign=\"middle\">\n<p><span style=\"color: #000000; font-family: Ubuntu; font-size: xx-large;\"><b>2<\/b><\/span><\/p>\n<\/td>\n<td valign=\"middle\">\n<p><span style=\"color: #000000; font-family: Ubuntu; font-size: small;\"><b><i>Priorizar a poblaci\u00f3n vulnerables<span class=\"Apple-converted-space\">\u00a0<\/span><\/i><\/b><\/span><\/p>\n<p><span style=\"color: #000000; font-family: Ubuntu; font-size: small;\">Priorizar la atenci\u00f3n a v\u00edctimas ni\u00f1as, ni\u00f1os y adolescente, v\u00edctimas de violaci\u00f3n, mujeres embarazadas, adultas mayores o con alg\u00fan tipo de discapacidad.<span class=\"Apple-converted-space\">\u00a0<\/span><\/span><\/p>\n<\/td>\n<\/tr>\n<tr>\n<td valign=\"middle\">\n<p><span style=\"color: #000000; font-family: Ubuntu; font-size: xx-large;\"><b>3<\/b><\/span><\/p>\n<\/td>\n<td valign=\"middle\">\n<p><span style=\"color: #000000; font-family: Ubuntu; font-size: small;\"><b><i>Informar sobre el servicio, derechos y garant\u00edas<span class=\"Apple-converted-space\">\u00a0<\/span><\/i><\/b><\/span><\/p>\n<p><span style=\"color: #000000; font-family: Ubuntu; font-size: small;\">Presentarse a la v\u00edctima, explicar las caracter\u00edsticas del servicio, informarle en lenguaje claro y sencillo, sobre sus derechos, garant\u00edas, medidas de protecci\u00f3n y acciones legales pertinentes, en funci\u00f3n al estado f\u00edsico y emocional en el que se encuentre; adem\u00e1s, se le informar\u00e1 sobre los riesgos que representa mantenerse en la situaci\u00f3n de violencia, para ella y su entorno familiar. Trat\u00e1ndose de ni\u00f1as, ni\u00f1os o adolescentes esta informaci\u00f3n deber\u00e1 brindarse conforme a su edad, grado de madurez y nivel de comprensi\u00f3n, tambi\u00e9n deber\u00e1 informarse a su madre, padre, familiar, tutor\/a, guardador\/a precautelando el inter\u00e9s superior de la ni\u00f1a, ni\u00f1o y adolescente.<span class=\"Apple-converted-space\">\u00a0<\/span><\/span><\/p>\n<\/td>\n<\/tr>\n<tr>\n<td valign=\"middle\">\n<p><span style=\"color: #000000; font-family: Ubuntu; font-size: xx-large;\"><b>4<\/b><\/span><\/p>\n<\/td>\n<td valign=\"middle\">\n<p><span style=\"color: #000000; font-family: Ubuntu; font-size: small;\"><b><i>Registrar el caso<span class=\"Apple-converted-space\">\u00a0<\/span><\/i><\/b><\/span><\/p>\n<p><span style=\"color: #000000; font-family: Ubuntu; font-size: small;\">Registrar en el RUV (Registro \u00danico de Violencia) los casos conocidos por hechos de violencia contra mujeres.<br \/>Registrar en el SINNA (Sistema de Informaci\u00f3n de Ni\u00f1a, Ni\u00f1o y Adolescente) los casos conocidos por hechos de violencia contra ni\u00f1as, ni\u00f1os y adolescentes.<span class=\"Apple-converted-space\">\u00a0<\/span><\/span><\/p>\n<p><span style=\"color: #000000; font-family: Ubuntu; font-size: small;\">En caso de no contar con acceso virtual llenar un formulario f\u00edsico.<span class=\"Apple-converted-space\">\u00a0<\/span><\/span><\/p>\n<\/td>\n<\/tr>\n<tr>\n<td valign=\"middle\">\n<p><span style=\"color: #000000; font-family: Ubuntu; font-size: xx-large;\"><b>5<\/b><\/span><\/p>\n<\/td>\n<td valign=\"middle\">\n<p><span style=\"color: #000000; font-family: Ubuntu; font-size: small;\"><b><i>Valorar el riesgo y disponer medidas de protecci\u00f3n<span class=\"Apple-converted-space\">\u00a0<\/span><\/i><\/b><\/span><\/p>\n<p><span style=\"color: #000000; font-family: Ubuntu; font-size: small;\">Disponer, en los casos de urgencia o habi\u00e9ndose establecido la situaci\u00f3n de riesgo de la v\u00edctima, las medidas de protecci\u00f3n especial y comunicar a la autoridad competente de acuerdo al procedimiento que se describe en este Protocolo.<span class=\"Apple-converted-space\">\u00a0<\/span><\/span><\/p>\n<\/td>\n<\/tr>\n<tr>\n<td valign=\"middle\">\n<p><span style=\"color: #000000; font-family: Ubuntu; font-size: xx-large;\"><b>6<\/b><\/span><\/p>\n<\/td>\n<td valign=\"middle\">\n<p><span style=\"color: #000000; font-family: Ubuntu; font-size: small;\"><b><i>Informar sobre otros servicios disponibles<span class=\"Apple-converted-space\">\u00a0<\/span><\/i><\/b><\/span><\/p>\n<p><span style=\"color: #000000; font-family: Ubuntu; font-size: small;\">Brindar informaci\u00f3n actualizada y precisa sobre los servicios gubernamentales y no gubernamentales disponibles para su atenci\u00f3n y tratamiento; para el efecto la Instancia Promotora de Denuncia deber\u00e1 contar con un directorio actualizado.<span class=\"Apple-converted-space\">\u00a0<\/span><\/span><\/p>\n<\/td>\n<\/tr>\n<tr>\n<td valign=\"middle\">\n<p><span style=\"color: #000000; font-family: Ubuntu; font-size: xx-large;\"><b>7<\/b><\/span><\/p>\n<\/td>\n<td valign=\"middle\">\n<p><span style=\"color: #000000; font-family: Ubuntu; font-size: small;\"><b><i>Absolver consultas<span class=\"Apple-converted-space\">\u00a0<\/span><\/i><\/b><\/span><\/p>\n<p><span style=\"color: #000000; font-family: Ubuntu; font-size: small;\">Absolver toda consulta, o duda que la v\u00edctima o sus familiares, tutores\/as, guardares\/as o personas de confianza requieran.<span class=\"Apple-converted-space\">\u00a0<\/span><\/span><\/p>\n<\/td>\n<\/tr>\n<tr>\n<td valign=\"middle\">\n<p><span style=\"color: #000000; font-family: Ubuntu; font-size: xx-large;\"><b>8<\/b><\/span><\/p>\n<\/td>\n<td valign=\"middle\">\n<p><span style=\"color: #000000; font-family: Ubuntu; font-size: small;\"><b><i>Brindar nformacion procesal<span class=\"Apple-converted-space\">\u00a0<\/span><\/i><\/b><\/span><\/p>\n<p><span style=\"color: #000000; font-family: Ubuntu; font-size: small;\">Informar y preparar a la v\u00edctima y a la persona que ella solicite sobre los actos investigativos previsibles de acuerdo a la naturaleza del delito y asesorarla sobre la importancia y la forma de preservar los indicios y su participaci\u00f3n.<span class=\"Apple-converted-space\">\u00a0<\/span><\/span><\/p>\n<\/td>\n<\/tr>\n<tr>\n<td valign=\"middle\">\n<p><span style=\"color: #000000; font-family: Ubuntu; font-size: xx-large;\"><b>9<\/b><\/span><\/p>\n<\/td>\n<td valign=\"middle\">\n<p><span style=\"color: #000000; font-family: Ubuntu; font-size: small;\"><b><i>Promover la participaci\u00f3n<span class=\"Apple-converted-space\">\u00a0<\/span><\/i><\/b><\/span><\/p>\n<p><span style=\"color: #000000; font-family: Ubuntu; font-size: small;\">Orientar y sensibilizar a la v\u00edctima y sus familiares, tutores\/ as, guardadores\/as seg\u00fan el caso; sobre la importancia de su participaci\u00f3n en el proceso, en funci\u00f3n a su estado f\u00edsico y psicol\u00f3gico. Se les informar\u00e1 que, de acuerdo a las competencias de las instituciones, recibir\u00e1n acompa\u00f1amiento legal y psicosocial de manera continua hasta la conclusi\u00f3n del proceso y reparaci\u00f3n del da\u00f1o.<span class=\"Apple-converted-space\">\u00a0<\/span><\/span><\/p>\n<\/td>\n<\/tr>\n<tr>\n<td valign=\"middle\">\n<p><span style=\"color: #000000; font-family: Ubuntu; font-size: xx-large;\"><b>10<\/b><\/span><\/p>\n<\/td>\n<td valign=\"middle\">\n<p><span style=\"color: #000000; font-family: Ubuntu; font-size: small;\"><b><i>Coordinar servicios espec\u00edficos<span class=\"Apple-converted-space\">\u00a0<\/span><\/i><\/b><\/span><\/p>\n<p><span style=\"color: #000000; font-family: Ubuntu; font-size: small;\">Coordinar con las instituciones que no son promotoras de denuncias (Instancia T\u00e9cnica Departamental de Pol\u00edtica Social, CEPAT, CODEPEDIS, UMADIS, Servicio Municipal del Adulto Mayor, Representaciones Consulares, instituciones de la sociedad civil y promotoras de las denuncias) para la atenci\u00f3n que la v\u00edctima requiera.<span class=\"Apple-converted-space\">\u00a0<\/span><\/span><\/p>\n<\/td>\n<\/tr>\n<tr>\n<td valign=\"middle\">\n<p><span style=\"color: #000000; font-family: Ubuntu; font-size: xx-large;\"><b>11<\/b><\/span><\/p>\n<\/td>\n<td valign=\"middle\">\n<p><span style=\"color: #000000; font-family: Ubuntu; font-size: small;\"><b><i>Presentar denuncia<span class=\"Apple-converted-space\">\u00a0<\/span><\/i><\/b><\/span><\/p>\n<p><span style=\"color: #000000; font-family: Ubuntu; font-size: small;\">Interponer la denuncia por delitos de violencia directamente ANTE EL MINISTERIO P\u00daBLICO para evitar la revictimizaci\u00f3n por derivarla a otras instancias.<span class=\"Apple-converted-space\">\u00a0<\/span><\/span><\/p>\n<\/td>\n<\/tr>\n<\/tbody>\n<\/table>\n<\/div>\n<\/div>\n<\/div>\n<\/div>\n<\/div>\n<\/div>\n<\/div>\n<\/div>\n<\/div>\n<\/div>\n<\/div>\n<\/div>\n<\/div>\n<\/div>\n<\/div>\n<\/div>\n<\/div>\n<\/div>\n<\/div>\n<\/div>\n<\/div>\n<\/div>\n<\/div>\n<\/div>\n<\/div>\n<\/div>\n<\/div>\n<\/div>\n<\/div><\/div>\n<\/div>\n<\/div>\n<\/div>\n<\/div>\n<\/div>\n<\/div>\n<\/section>\n<section class=\"elementor-section elementor-top-section elementor-element elementor-element-26add03 elementor-section-boxed elementor-section-height-default elementor-section-height-default\" data-id=\"26add03\" data-element_type=\"section\">\n<div class=\"elementor-container elementor-column-gap-default\">\n<div class=\"elementor-row\">\n<div class=\"elementor-column elementor-col-100 elementor-top-column elementor-element elementor-element-d0d2056\" data-id=\"d0d2056\" data-element_type=\"column\">\n<div class=\"elementor-column-wrap elementor-element-populated\">\n<div class=\"elementor-widget-wrap\">\n<div class=\"elementor-element elementor-element-0e5685f elementor-widget elementor-widget-text-editor\" data-id=\"0e5685f\" data-element_type=\"widget\" data-widget_type=\"text-editor.default\">\n<div class=\"elementor-widget-container\">\n<div class=\"elementor-text-editor elementor-clearfix\"><span style=\"color: #43358b; font-family: Ubuntu; font-size: small;\">Cumplir con la obligaci\u00f3n de mantener reserva y resguardar la identidad de la ni\u00f1a, ni\u00f1o, adolescente y mujer v\u00edctima de violencia y de restringir el acceso a la documentaci\u00f3n sobre los mismos, salvo autorizaci\u00f3n expresa de la autoridad competente.<span class=\"Apple-converted-space\">\u00a0<\/span><\/span><\/div>\n<\/div>\n<\/div>\n<\/div>\n<\/div>\n<\/div>\n<\/div>\n<\/div>\n<\/section>\n<section class=\"elementor-section elementor-top-section elementor-element elementor-element-a935cdf elementor-section-boxed elementor-section-height-default elementor-section-height-default\" data-id=\"a935cdf\" data-element_type=\"section\">\n<div class=\"elementor-container elementor-column-gap-default\">\n<div class=\"elementor-row\">\n<div class=\"elementor-column elementor-col-100 elementor-top-column elementor-element elementor-element-7453fec\" data-id=\"7453fec\" data-element_type=\"column\">\n<div class=\"elementor-column-wrap elementor-element-populated\">\n<div class=\"elementor-widget-wrap\">\n<div class=\"elementor-element elementor-element-39adbbc elementor-widget elementor-widget-text-editor\" data-id=\"39adbbc\" data-element_type=\"widget\" data-widget_type=\"text-editor.default\">\n<div class=\"elementor-widget-container\">\n<div class=\"elementor-text-editor elementor-clearfix\">\n<div class=\"page\" title=\"Page 157\">\n<div class=\"section\">\n<div class=\"layoutArea\">\n<div class=\"column\">\n<p><span style=\"color: #43358b;\"><strong>\u00bf<span style=\"font-size: 16px;\">Cu\u00e1les son las acciones a seguirse en casos en los que las v\u00edctimas requieren atenci\u00f3n m\u00e9dica o contenci\u00f3n emocional<\/span>?<\/strong><\/span><\/p>\n<div class=\"page\" title=\"Page 157\">\n<div class=\"section\">\n<div class=\"layoutArea\">\n<div class=\"column\">\n<div class=\"page\" title=\"Page 157\">\n<div class=\"section\">\n<div class=\"layoutArea\">\n<div class=\"column\">\n<div class=\"page\" title=\"Page 158\">\n<div class=\"section\">\n<div class=\"layoutArea\">\n<div class=\"column\">\n<div class=\"page\" title=\"Page 161\">\n<div class=\"section\">\n<div class=\"layoutArea\">\n<div class=\"column\">\n<div class=\"page\" title=\"Page 175\">\n<div class=\"section\">\n<div class=\"layoutArea\">\n<div class=\"column\">\n<p>Para una efectiva, adecuada y oportuna atencio\u0301n es preciso identificar las circunstancias en las que se encuentra la vi\u0301ctima, lo que determinara\u0301 el tipo de respuesta, siendo las situaciones ma\u0301s frecuentes las que se describen a continuacio\u0301n:<\/p>\n<table cellspacing=\"0\" cellpadding=\"0\">\n<tbody>\n<tr>\n<td valign=\"middle\">\n<p><span style=\"color: #000000; font-family: Ubuntu; font-size: small;\">La v\u00edctima se encuentra en estado de crisis, con o sin lesiones, con necesidad urgente de intervenci\u00f3n psicol\u00f3gica.<span class=\"Apple-converted-space\">\u00a0<\/span><\/span><\/p>\n<\/td>\n<td valign=\"middle\">\n<ul>\n<li><span style=\"color: #000000; font-family: Ubuntu; font-size: small;\">Llanto, gritos, desesperaci\u00f3n, aflicci\u00f3n, irritabilidad, nerviosismo, agresividad.<span class=\"Apple-converted-space\">\u00a0<\/span><\/span><\/li>\n<li><span style=\"color: #000000; font-family: Ubuntu; font-size: small;\">Temor hacia su agresor y\/o familiares.<span class=\"Apple-converted-space\">\u00a0<\/span><\/span><\/li>\n<li><span style=\"color: #000000; font-family: Ubuntu; font-size: small;\">Indecisi\u00f3n, confusi\u00f3n e impotencia ante su situaci\u00f3n de violencia.<span class=\"Apple-converted-space\">\u00a0<\/span><\/span><\/li>\n<li><span style=\"color: #000000; font-family: Ubuntu; font-size: small;\">Culpabilizaci\u00f3n y verg\u00fcenza.<span class=\"Apple-converted-space\">\u00a0<\/span><\/span><\/li>\n<li><span style=\"color: #000000; font-family: Ubuntu; font-size: small;\">Incapacidad de reacci\u00f3n y sensaci\u00f3n de estar paralizada y sin salida ante su situaci\u00f3n de violencia.<span class=\"Apple-converted-space\">\u00a0<\/span><\/span><\/li>\n<li><span style=\"color: #000000; font-family: Ubuntu; font-size: small;\">Agitaci\u00f3n y temblor descontrolado, mareos, n\u00e1useas, estado de shock, falta de aire, sensaci\u00f3n de ahogo.<span class=\"Apple-converted-space\">\u00a0<\/span><\/span><\/li>\n<li><span style=\"color: #000000; font-family: Ubuntu; font-size: small;\">Imposibilidad para hablar y organizar sus ideas.<span class=\"Apple-converted-space\">\u00a0<\/span><\/span><\/li>\n<li><span style=\"color: #000000; font-family: Ubuntu; font-size: small;\">La v\u00edctima ha verbalizado su intenci\u00f3n de quitarse la vida.<span class=\"Apple-converted-space\">\u00a0<\/span><\/span><\/li>\n<\/ul>\n<\/td>\n<\/tr>\n<tr>\n<td valign=\"middle\">\n<p><span style=\"color: #000000; font-family: Ubuntu; font-size: small;\">La v\u00edctima se presenta sin lesiones visibles con capacidad para expresar lo sucedido y puede movilizarse por s\u00ed misma.<span class=\"Apple-converted-space\">\u00a0<\/span><\/span><\/p>\n<\/td>\n<td valign=\"middle\">\n<ul>\n<li><span style=\"color: #000000; font-family: Ubuntu; font-size: small;\">No presenta da\u00f1o f\u00edsico visible.<span class=\"Apple-converted-space\">\u00a0<\/span><\/span><\/li>\n<li><span style=\"color: #000000; font-family: Ubuntu; font-size: small;\">No presenta afectaci\u00f3n emocional visible al momento de presentar la denuncia.<span class=\"Apple-converted-space\">\u00a0<\/span><\/span><\/li>\n<li><span style=\"color: #000000; font-family: Ubuntu; font-size: small;\">Se encuentra en posibilidades de relatar lo sucedido sin dificultades.<span class=\"Apple-converted-space\">\u00a0<\/span><\/span><\/li>\n<li><span style=\"color: #000000; font-family: Ubuntu; font-size: small;\">Tiene la capacidad de movilizarse por s\u00ed misma.<span class=\"Apple-converted-space\">\u00a0<\/span><\/span><\/li>\n<\/ul>\n<\/td>\n<\/tr>\n<tr>\n<td valign=\"middle\">\n<p><span style=\"color: #000000; font-family: Ubuntu; font-size: small;\">La v\u00edctima refiere o se observa<br \/>un da\u00f1o f\u00edsico severo o agresi\u00f3n sexual reciente y\/o se encuentra comprometida su vida.<span class=\"Apple-converted-space\">\u00a0<\/span><\/span><\/p>\n<\/td>\n<td valign=\"middle\">\n<ul>\n<li><span style=\"color: #000000; font-family: Ubuntu; font-size: small;\">Dificultad o incapacidad f\u00edsica para movilizarse.<span class=\"Apple-converted-space\">\u00a0<\/span><\/span><\/li>\n<li><span style=\"color: #000000; font-family: Ubuntu; font-size: small;\">Presenta lesiones f\u00edsicas visibles.<span class=\"Apple-converted-space\">\u00a0<\/span><\/span><\/li>\n<li><span style=\"color: #000000; font-family: Ubuntu; font-size: small;\">La vida de la v\u00edctima corre peligro a causa de la agresi\u00f3n f\u00edsica.<span class=\"Apple-converted-space\">\u00a0<\/span><\/span><\/li>\n<li><span style=\"color: #000000; font-family: Ubuntu; font-size: small;\">Se encuentra en riesgo la vida de uno de los miembros del entorno familiar.<span class=\"Apple-converted-space\">\u00a0<\/span><\/span><\/li>\n<li><span style=\"color: #000000; font-family: Ubuntu; font-size: small;\">Presenta signos de haber sufrido una agresi\u00f3n sexual o refiere haberlo sido.<span class=\"Apple-converted-space\">\u00a0<\/span><\/span><\/li>\n<li><span style=\"color: #000000; font-family: Ubuntu; font-size: small;\">La v\u00edctima se encuentra embarazada.<span class=\"Apple-converted-space\">\u00a0<\/span><\/span><\/li>\n<li><span style=\"color: #000000; font-family: Ubuntu; font-size: small;\">La v\u00edctima se presenta, acompa\u00f1ada o se conoce que est\u00e1 con sus hijos\/as menores de edad.<span class=\"Apple-converted-space\">\u00a0<\/span><\/span><\/li>\n<li><span style=\"color: #000000; font-family: Ubuntu; font-size: small;\">La v\u00edctima presenta signos de haber intentado quitarse la vida.<span class=\"Apple-converted-space\">\u00a0<\/span><\/span><\/li>\n<\/ul>\n<\/td>\n<\/tr>\n<\/tbody>\n<\/table>\n<\/div>\n<\/div>\n<\/div>\n<\/div>\n<\/div>\n<\/div>\n<\/div>\n<\/div>\n<\/div>\n<\/div>\n<\/div>\n<\/div>\n<\/div>\n<\/div>\n<\/div>\n<\/div>\n<\/div>\n<\/div>\n<\/div>\n<\/div>\n<\/div>\n<\/div>\n<\/div>\n<\/div>\n<\/div><\/div>\n<\/div>\n<\/div>\n<\/div>\n<\/div>\n<\/div>\n<\/div>\n<\/section>\n<section class=\"elementor-section elementor-top-section elementor-element elementor-element-2f68e7b elementor-section-boxed elementor-section-height-default elementor-section-height-default\" data-id=\"2f68e7b\" data-element_type=\"section\">\n<div class=\"elementor-container elementor-column-gap-default\">\n<div class=\"elementor-row\">\n<div class=\"elementor-column elementor-col-100 elementor-top-column elementor-element elementor-element-7efc85c\" data-id=\"7efc85c\" data-element_type=\"column\">\n<div class=\"elementor-column-wrap elementor-element-populated\">\n<div class=\"elementor-widget-wrap\">\n<div class=\"elementor-element elementor-element-906cd98 elementor-widget elementor-widget-text-editor\" data-id=\"906cd98\" data-element_type=\"widget\" data-widget_type=\"text-editor.default\">\n<div class=\"elementor-widget-container\">\n<div class=\"elementor-text-editor elementor-clearfix\">\n<div class=\"page\" title=\"Page 157\">\n<div class=\"section\">\n<div class=\"layoutArea\">\n<div class=\"column\">\n<p><span style=\"color: #43358b;\"><strong><span style=\"font-size: 16px;\">LINEAMIENTOS PARA CASOS EN LOS QUE SE OBSERVA QUE LA V\u00cdCTIMA PRESENTA O INDICA TENER UN DA\u00d1O F\u00cdSICO SEVERO, AGRESI\u00d3N SEXUAL Y\/O SE ENCUENTRA COMPROMETIDA SU VIDA<\/span><\/strong><\/span><\/p>\n<div class=\"page\" title=\"Page 157\">\n<div class=\"section\">\n<div class=\"layoutArea\">\n<div class=\"column\">\n<div class=\"page\" title=\"Page 157\">\n<div class=\"section\">\n<div class=\"layoutArea\">\n<div class=\"column\">\n<div class=\"page\" title=\"Page 158\">\n<div class=\"section\">\n<div class=\"layoutArea\">\n<div class=\"column\">\n<div class=\"page\" title=\"Page 161\">\n<div class=\"section\">\n<div class=\"layoutArea\">\n<div class=\"column\">\n<div class=\"page\" title=\"Page 175\">\n<div class=\"section\">\n<div class=\"layoutArea\">\n<div class=\"column\">\n<div class=\"page\" title=\"Page 176\">\n<div class=\"section\">\n<div class=\"layoutArea\">\n<div class=\"column\">\n<p>Con la finalidad de precautelar la integridad fi\u0301sica y emocional de la vi\u0301ctima y su entorno familiar, se establecen dos li\u0301neas de accio\u0301n:<\/p>\n<p><strong>Con relacio\u0301n a la vi\u0301ctima<\/strong><\/p>\n<table cellspacing=\"0\" cellpadding=\"0\">\n<tbody>\n<tr>\n<td valign=\"middle\">\n<p><span style=\"color: #000000; font-family: Ubuntu; font-size: xx-large;\"><b>1<\/b><\/span><\/p>\n<\/td>\n<td valign=\"middle\">\n<p><span style=\"color: #000000; font-family: Ubuntu; font-size: small;\"><b><i>Establecer el estado de la v\u00edctima<span class=\"Apple-converted-space\">\u00a0<\/span><\/i><\/b><\/span><\/p>\n<p><span style=\"color: #000000; font-family: Ubuntu; font-size: small;\">La primera acci\u00f3n a realizar por las Instancias Promotoras de Denuncia, es observar y preguntar a la v\u00edctima sobre su estado f\u00edsico y tomar atenci\u00f3n de las molestias o dolores que podr\u00eda presentar; priorizando su atenci\u00f3n m\u00e9dica, para tal efecto deber\u00e1 ser acompa\u00f1ada inmediatamente, a un servicio de salud, para que reciba la asistencia m\u00e9dica necesaria de acuerdo a los procedimientos establecidos.<span class=\"Apple-converted-space\">\u00a0<\/span><\/span><\/p>\n<\/td>\n<\/tr>\n<tr>\n<td valign=\"middle\">\n<p><span style=\"color: #000000; font-family: Ubuntu; font-size: xx-large;\"><b>2<\/b><\/span><\/p>\n<\/td>\n<td valign=\"middle\">\n<p><span style=\"color: #000000; font-family: Ubuntu; font-size: small;\"><b><i>Valoraci\u00f3n m\u00e9dica<span class=\"Apple-converted-space\">\u00a0<\/span><\/i><\/b><\/span><\/p>\n<p><span style=\"color: #000000; font-family: Ubuntu; font-size: small;\">La Instancia Promotora de Denuncia en relaci\u00f3n a la valoraci\u00f3n m\u00e9dica debe precautelar que se respeten los derechos de la v\u00edctima, en especial, a un trato respetuoso, la utilizaci\u00f3n del consentimiento informado y la entrega del Certificado M\u00e9dico \u00danico de Violencia.<span class=\"Apple-converted-space\">\u00a0<\/span><\/span><\/p>\n<p><span style=\"color: #000000; font-family: Ubuntu; font-size: small;\">Sus tareas son:<span class=\"Apple-converted-space\">\u00a0<\/span><\/span><\/p>\n<ul>\n<li><span style=\"color: #000000; font-family: Ubuntu; font-size: small;\">Explicar a la v\u00edctima la finalidad del examen a ser realizado y la importancia del mismo para el proceso penal, en t\u00e9rminos claros y sencillos.<span class=\"Apple-converted-space\">\u00a0<\/span><\/span><\/li>\n<li><span style=\"color: #000000; font-family: Ubuntu; font-size: small;\">Informarle en compa\u00f1\u00eda de la o el m\u00e9dico, los procedimientos que se aplicar\u00e1n para su revisi\u00f3n, de igual manera, recordarle que no debe sentirse pre- juzgada o culpable.<span class=\"Apple-converted-space\">\u00a0<\/span><\/span><\/li>\n<li><span style=\"color: #000000; font-family: Ubuntu; font-size: small;\">Recordarle que, durante la evaluaci\u00f3n m\u00e9dica, la o el funcionario\/a de la Instancia Promotora de Denuncia la acompa\u00f1ar\u00e1, si lo desea, en la revisi\u00f3n m\u00e9dica, la que debe realizarse de acuerdo a los procedimientos establecidos.<span class=\"Apple-converted-space\">\u00a0<\/span><\/span><\/li>\n<li><span style=\"color: #000000; font-family: Ubuntu; font-size: small;\">En casos de violencia sexual debe precautelar adem\u00e1s de lo ya indicado, que la v\u00edctima reciba la profilaxis de ITS, VIH, Hepatitis B, anticoncepci\u00f3n de emergencia. Se le informar\u00e1 de su derecho a la interrupci\u00f3n legal del embarazo.<span class=\"Apple-converted-space\">\u00a0<\/span><\/span><\/li>\n<\/ul>\n<\/td>\n<\/tr>\n<tr>\n<td valign=\"middle\">\n<p><span style=\"color: #000000; font-family: Ubuntu; font-size: xx-large;\"><b>3<\/b><\/span><\/p>\n<\/td>\n<td valign=\"middle\">\n<p><span style=\"color: #000000; font-family: Ubuntu; font-size: small;\"><b><i>Presentaci\u00f3n de la denuncia<span class=\"Apple-converted-space\">\u00a0<\/span><\/i><\/b><\/span><\/p>\n<p><span style=\"color: #000000; font-family: Ubuntu; font-size: small;\">Una vez atendida la v\u00edctima y asegurada su integridad f\u00edsica y emocional se presentar\u00e1 la denuncia al Ministerio P\u00fablico. Tambi\u00e9n es posible que este acompa\u00f1amiento sea requerido por la o el Fiscal de Materia en caso de no haberse realizado la atenci\u00f3n m\u00e9dica previamente.<span class=\"Apple-converted-space\">\u00a0<\/span><\/span><\/p>\n<\/td>\n<\/tr>\n<tr>\n<td valign=\"middle\">\n<p><span style=\"color: #000000; font-family: Ubuntu; font-size: xx-large;\"><b>4<\/b><\/span><\/p>\n<\/td>\n<td valign=\"middle\">\n<p><span style=\"color: #000000; font-family: Ubuntu; font-size: small;\"><b><i>Apoyo terap\u00e9utico<span class=\"Apple-converted-space\">\u00a0<\/span><\/i><\/b><\/span><\/p>\n<p><span style=\"color: #000000; font-family: Ubuntu; font-size: small;\">En estos casos es fundamental brindar el apoyo terap\u00e9utico que deber\u00e1 realizarse por la Instituci\u00f3n Promotora de la Denuncia o coordinarse con instituciones p\u00fablicas o de la sociedad civil que brinden este servicio. Trat\u00e1ndose de ni\u00f1as, ni\u00f1os y adolescentes es posible recurrir a los Centros Especializados de Prevenci\u00f3n y Atenci\u00f3n Terap\u00e9utica.<span class=\"Apple-converted-space\">\u00a0<\/span><\/span><\/p>\n<\/td>\n<\/tr>\n<tr>\n<td valign=\"middle\">\n<p><span style=\"color: #000000; font-family: Ubuntu; font-size: xx-large;\"><b>5<\/b><\/span><\/p>\n<\/td>\n<td valign=\"middle\">\n<p><span style=\"color: #000000; font-family: Ubuntu; font-size: small;\"><b><i>Valoraci\u00f3n de riesgo<span class=\"Apple-converted-space\">\u00a0<\/span><\/i><\/b><\/span><\/p>\n<p><span style=\"color: #000000; font-family: Ubuntu; font-size: small;\">El personal t\u00e9cnico de la Instituci\u00f3n Promotora de Denuncia tomar\u00e1 en cuenta estos elementos para efectuar una valoraci\u00f3n inicial de riesgos de la v\u00edctima a fin de disponer las medidas de protecci\u00f3n especial que corresponda conforme se establece m\u00e1s adelante.<span class=\"Apple-converted-space\">\u00a0<\/span><\/span><\/p>\n<\/td>\n<\/tr>\n<\/tbody>\n<\/table>\n<p><strong>Con relacio\u0301n al hecho<\/strong><\/p>\n<table cellspacing=\"0\" cellpadding=\"0\">\n<tbody>\n<tr>\n<td valign=\"middle\">\n<p><span style=\"color: #000000; font-family: Ubuntu; font-size: xx-large;\"><b>1<\/b><\/span><\/p>\n<\/td>\n<td valign=\"middle\">\n<p><span style=\"color: #000000; font-family: Ubuntu; font-size: small;\"><b><i>Presentar denuncia<span class=\"Apple-converted-space\">\u00a0<\/span><\/i><\/b><\/span><\/p>\n<p><span style=\"color: #000000; font-family: Ubuntu; font-size: small;\">Para casos de agresi\u00f3n f\u00edsica y sexual de forma paralela y mientras la v\u00edctima se encuentra recibiendo la atenci\u00f3n m\u00e9dica o psicol\u00f3gica; el o la abogado\/a de la Instancia Promotora de Denuncia, denunciar\u00e1 el hecho ante el Ministerio P\u00fablico, de forma verbal o por escrito debiendo describir los siguientes elementos:<span class=\"Apple-converted-space\">\u00a0<\/span><\/span><\/p>\n<ol>\n<li><i><\/i><span style=\"color: #000000; font-family: Ubuntu; font-size: small;\"><i>Datos de identificaci\u00f3n de la o las v\u00edctimas.<span class=\"Apple-converted-space\">\u00a0<\/span><\/i><\/span><\/li>\n<li><i><\/i><span style=\"color: #000000; font-family: Ubuntu; font-size: small;\"><i>Domicilio real y procesal de la v\u00edctima.<span class=\"Apple-converted-space\">\u00a0<\/span><\/i><\/span><\/li>\n<li><i><\/i><span style=\"color: #000000; font-family: Ubuntu; font-size: small;\"><i>Datos de identificaci\u00f3n del denunciado, en caso de conocerlo.<span class=\"Apple-converted-space\">\u00a0<\/span><\/i><\/span><\/li>\n<li><i><\/i><span style=\"color: #000000; font-family: Ubuntu; font-size: small;\"><i>La relaci\u00f3n circunstanciada del hecho que deber\u00e1 contener informaci\u00f3n sobre \u00bfCu\u00e1ndo? (elementos de tiempo, fecha del hecho), \u00bfD\u00f3nde? (elementos de localizaci\u00f3n, lugar del hecho), \u00bfQui\u00e9n hizo? (protagonista del hecho, denunciado\/a), \u00bfQu\u00e9 hizo? (conducta, actos en los que incurri\u00f3) \u00bfA qui\u00e9n se lo hizo? (v\u00edctima), \u00bfC\u00f3mo lo hizo?, (circunstancias de modo, instrumentos, etc.) \u00bfCu\u00e1l fue el resultado?, (resultado del hecho, da\u00f1o o lesiones provocadas).<span class=\"Apple-converted-space\">\u00a0<\/span><\/i><\/span><\/li>\n<li><i><\/i><span style=\"color: #000000; font-family: Ubuntu; font-size: small;\"><i>Circunstancias y condiciones de la o las v\u00edctimas.<span class=\"Apple-converted-space\">\u00a0<\/span><\/i><\/span><\/li>\n<li><i><\/i><span style=\"color: #000000; font-family: Ubuntu; font-size: small;\"><i>Indicaci\u00f3n del servicio de salud donde se encuentre la o las v\u00edctimas.<span class=\"Apple-converted-space\">\u00a0<\/span><\/i><\/span><\/li>\n<li><i><\/i><span style=\"color: #000000; font-family: Ubuntu; font-size: small;\"><i>Medidas de protecci\u00f3n dispuestas, en caso que se hubiera determinado la urgencia o se hubiese establecido situaci\u00f3n de riesgo para la v\u00edctima.<span class=\"Apple-converted-space\">\u00a0<\/span><\/i><\/span><\/li>\n<\/ol>\n<\/td>\n<\/tr>\n<tr>\n<td valign=\"middle\">\n<p><span style=\"color: #000000; font-family: Ubuntu; font-size: xx-large;\"><b>2<\/b><\/span><\/p>\n<\/td>\n<td valign=\"middle\">\n<p><span style=\"color: #000000; font-family: Ubuntu; font-size: small;\"><b><i>Asesoramiento a la v\u00edctima<span class=\"Apple-converted-space\">\u00a0<\/span><\/i><\/b><\/span><\/p>\n<p><span style=\"color: #000000; font-family: Ubuntu; font-size: small;\">Se debe asesorar a la v\u00edctima y\/o familiares sobre la importancia y la forma de preservar las pruebas. Si el hecho ocurri\u00f3 dentro de las 72 horas debe aconsejarse a la v\u00edctima o a su familia que \u00e9sta no se ba\u00f1e, ni que se la lave o bote su ropa. Debe cuidarse que el lugar de los hechos quede intacto para la recolecci\u00f3n de indicios.<span class=\"Apple-converted-space\">\u00a0<\/span><\/span><\/p>\n<\/td>\n<\/tr>\n<\/tbody>\n<\/table>\n<p>\u00a0<\/p>\n<\/div>\n<\/div>\n<\/div>\n<\/div>\n<\/div>\n<\/div>\n<\/div>\n<\/div>\n<\/div>\n<\/div>\n<\/div>\n<\/div>\n<\/div>\n<\/div>\n<\/div>\n<\/div>\n<\/div>\n<\/div>\n<\/div>\n<\/div>\n<\/div>\n<\/div>\n<\/div>\n<\/div>\n<\/div>\n<\/div>\n<\/div>\n<\/div>\n<\/div><\/div>\n<\/div>\n<\/div>\n<\/div>\n<\/div>\n<\/div>\n<\/div>\n<\/section>\n<section class=\"elementor-section elementor-top-section elementor-element elementor-element-e26993c elementor-section-boxed elementor-section-height-default elementor-section-height-default\" data-id=\"e26993c\" data-element_type=\"section\">\n<div class=\"elementor-container elementor-column-gap-default\">\n<div class=\"elementor-row\">\n<div class=\"elementor-column elementor-col-100 elementor-top-column elementor-element elementor-element-3c3c5ee\" data-id=\"3c3c5ee\" data-element_type=\"column\">\n<div class=\"elementor-column-wrap elementor-element-populated\">\n<div class=\"elementor-widget-wrap\">\n<div class=\"elementor-element elementor-element-b9c1c6c elementor-widget elementor-widget-text-editor\" data-id=\"b9c1c6c\" data-element_type=\"widget\" data-widget_type=\"text-editor.default\">\n<div class=\"elementor-widget-container\">\n<div class=\"elementor-text-editor elementor-clearfix\">\n<div class=\"page\" title=\"Page 157\">\n<div class=\"section\">\n<div class=\"layoutArea\">\n<div class=\"column\">\n<p><span style=\"color: #43358b;\"><strong><span style=\"font-size: 16px;\">LINEAMIENTOS PARA CASOS EN LOS QUE LA V\u00cdCTIMA SE ENCUENTRA EN ESTADO DE CRISIS CON NECESIDAD URGENTE DE INTERVENCI\u00d3N PSICOL\u00d3GICA<\/span><\/strong><\/span><\/p>\n<div class=\"page\" title=\"Page 157\">\n<div class=\"section\">\n<div class=\"layoutArea\">\n<div class=\"column\">\n<div class=\"page\" title=\"Page 157\">\n<div class=\"section\">\n<div class=\"layoutArea\">\n<div class=\"column\">\n<div class=\"page\" title=\"Page 158\">\n<div class=\"section\">\n<div class=\"layoutArea\">\n<div class=\"column\">\n<div class=\"page\" title=\"Page 161\">\n<div class=\"section\">\n<div class=\"layoutArea\">\n<div class=\"column\">\n<div class=\"page\" title=\"Page 175\">\n<div class=\"section\">\n<div class=\"layoutArea\">\n<div class=\"column\">\n<div class=\"page\" title=\"Page 176\">\n<div class=\"section\">\n<div class=\"layoutArea\">\n<div class=\"column\">\n<div class=\"page\" title=\"Page 179\">\n<div class=\"section\">\n<div class=\"layoutArea\">\n<div class=\"column\">\n<p><strong>\u00bfQue\u0301 es el estado de crisis?<\/strong><\/p>\n<p>El estado de crisis es una reaccio\u0301n conductual, emocional y cognitiva de una persona ante un evento precipitante, que se constituye en un estado temporal de trastorno, desorganizacio\u0301n y necesidad de ayuda.<\/p>\n<p>Quien experimenta una crisis indica no saber que\u0301 hacer, se encuentra como paralizada e incluso sorprendida, porque no logra afrontar la situacio\u0301n, se percibe a merced de las circunstancias, posiblemente, experimentando emociones que no conoci\u0301a y percibiendo una gran necesidad de ayuda. La crisis se experimenta de manera diversa segu\u0301n el hecho, la edad, el sexo, condicio\u0301n de discapacidad y otros aspectos socioculturales; es decir, genera impactos diferenciales y por ello debe abordarse tomando en cuenta las caracteri\u0301sticas particulares de la vi\u0301ctima.<\/p>\n<p><strong>\u00bfCua\u0301l es el procedimiento en estados de crisis?<\/strong><\/p>\n<p>La Instancia Promotora de Denuncia, intervendra\u0301 en el primer contacto de la siguiente manera:<\/p>\n<\/div>\n<\/div>\n<\/div>\n<\/div>\n<\/div>\n<div>\n<table cellspacing=\"0\" cellpadding=\"0\">\n<tbody>\n<tr>\n<td valign=\"middle\">\n<p><span style=\"color: #000000; font-family: Ubuntu; font-size: xx-large;\"><b>1<\/b><\/span><\/p>\n<\/td>\n<td valign=\"middle\">\n<p><span style=\"color: #000000; font-family: Ubuntu; font-size: small;\"><b><i>Contenci\u00f3n<span class=\"Apple-converted-space\">\u00a0<\/span><\/i><\/b><\/span><\/p>\n<p><span style=\"color: #000000; font-family: Ubuntu; font-size: small;\">Realizar\u00e1 con prioridad la intervenci\u00f3n en crisis, para estabilizar a la v\u00edctima propiciando la escucha activa y contenci\u00f3n emocional.<span class=\"Apple-converted-space\">\u00a0<\/span><\/span><\/p>\n<\/td>\n<\/tr>\n<tr>\n<td valign=\"middle\">\n<p><span style=\"color: #000000; font-family: Ubuntu; font-size: xx-large;\"><b>2<\/b><\/span><\/p>\n<\/td>\n<td valign=\"middle\">\n<p><span style=\"color: #000000; font-family: Ubuntu; font-size: small;\"><b><i>Elaboraci\u00f3n de informe<span class=\"Apple-converted-space\">\u00a0<\/span><\/i><\/b><\/span><\/p>\n<p><span style=\"color: #000000; font-family: Ubuntu; font-size: small;\">Elaborar\u00e1 un informe breve sobre la intervenci\u00f3n efectuada describiendo \u00fanicamente el estado en el que se recibi\u00f3 a la v\u00edctima, incluyendo las recomendaciones urgentes de intervenci\u00f3n inmediata que se requiera. Informe que deber\u00e1 ser adjuntado a la denuncia. (Ver Anexo 6).<span class=\"Apple-converted-space\">\u00a0<\/span><\/span><\/p>\n<\/td>\n<\/tr>\n<tr>\n<td valign=\"middle\">\n<p><span style=\"color: #000000; font-family: Ubuntu; font-size: xx-large;\"><b>3<\/b><\/span><\/p>\n<\/td>\n<td valign=\"middle\">\n<p><span style=\"color: #000000; font-family: Ubuntu; font-size: small;\"><b><i>Derivaci\u00f3n a otros servicios<span class=\"Apple-converted-space\">\u00a0<\/span><\/i><\/b><\/span><\/p>\n<p><span style=\"color: #000000; font-family: Ubuntu; font-size: small;\">Derivar\u00e1 seg\u00fan las necesidades de la v\u00edctima, en coordinaci\u00f3n interinstitucional, a un servicio especializado para su protecci\u00f3n, recuperaci\u00f3n y\/o tratamiento.<span class=\"Apple-converted-space\">\u00a0<\/span><\/span><\/p>\n<\/td>\n<\/tr>\n<\/tbody>\n<\/table>\n<\/div>\n<\/div>\n<\/div>\n<\/div>\n<\/div>\n<\/div>\n<\/div>\n<\/div>\n<\/div>\n<\/div>\n<\/div>\n<\/div>\n<\/div>\n<\/div>\n<\/div>\n<\/div>\n<\/div>\n<\/div>\n<\/div>\n<\/div>\n<\/div>\n<\/div>\n<\/div>\n<\/div>\n<\/div>\n<\/div>\n<\/div>\n<\/div>\n<\/div><\/div>\n<\/div>\n<\/div>\n<\/div>\n<\/div>\n<\/div>\n<\/div>\n<\/section>\n<section class=\"elementor-section elementor-top-section elementor-element elementor-element-3aebc09 elementor-section-boxed elementor-section-height-default elementor-section-height-default\" data-id=\"3aebc09\" data-element_type=\"section\">\n<div class=\"elementor-container elementor-column-gap-default\">\n<div class=\"elementor-row\">\n<div class=\"elementor-column elementor-col-100 elementor-top-column elementor-element elementor-element-330f3ef\" data-id=\"330f3ef\" data-element_type=\"column\">\n<div class=\"elementor-column-wrap elementor-element-populated\">\n<div class=\"elementor-widget-wrap\">\n<div class=\"elementor-element elementor-element-eaa491c elementor-widget elementor-widget-text-editor\" data-id=\"eaa491c\" data-element_type=\"widget\" data-widget_type=\"text-editor.default\">\n<div class=\"elementor-widget-container\">\n<div class=\"elementor-text-editor elementor-clearfix\"><span style=\"color: #43358b; font-family: Ubuntu; font-size: small;\">La contenci\u00f3n tiene la \u00fanica finalidad de superar moment\u00e1neamente el estado emocional presentado por la v\u00edctima, posteriormente se aplicar\u00e1 la intervenci\u00f3n psicoterap\u00e9utica necesaria.<span class=\"Apple-converted-space\">\u00a0<\/span><\/span><\/div>\n<\/div>\n<\/div>\n<\/div>\n<\/div>\n<\/div>\n<\/div>\n<\/div>\n<\/section>\n<section class=\"elementor-section elementor-top-section elementor-element elementor-element-dd883cc elementor-section-boxed elementor-section-height-default elementor-section-height-default\" data-id=\"dd883cc\" data-element_type=\"section\">\n<div class=\"elementor-container elementor-column-gap-default\">\n<div class=\"elementor-row\">\n<div class=\"elementor-column elementor-col-100 elementor-top-column elementor-element elementor-element-a5441c5\" data-id=\"a5441c5\" data-element_type=\"column\">\n<div class=\"elementor-column-wrap elementor-element-populated\">\n<div class=\"elementor-widget-wrap\">\n<div class=\"elementor-element elementor-element-d1a57d5 elementor-widget elementor-widget-text-editor\" data-id=\"d1a57d5\" data-element_type=\"widget\" data-widget_type=\"text-editor.default\">\n<div class=\"elementor-widget-container\">\n<div class=\"elementor-text-editor elementor-clearfix\">\n<div class=\"page\" title=\"Page 180\">\n<div class=\"section\">\n<div class=\"layoutArea\">\n<div class=\"column\">\n<p><strong>\u00bfQuie\u0301n puede realizar la intervencio\u0301n en crisis?<\/strong><\/p>\n<p>Si bien el o la profesional psico\u0301loga esta\u0301 preparado para la atencio\u0301n de una persona que se encuentra en estado de crisis, ante su ausencia, cualquier profesional del equipo interdisciplinario podra\u0301 realizar la contencio\u0301n a la persona para estabilizarla.<\/p>\n<p>La contencio\u0301n tiene la u\u0301nica finalidad de superar momenta\u0301neamente la intensidad del estado emocional presentado por la vi\u0301ctima, a fin de que ella pueda interponer su denuncia y relatar los hechos ante el Ministerio Pu\u0301blico.<\/p>\n<p><strong>\u00bfCo\u0301mo intervenir ante un estado de crisis?<\/strong><\/p>\n<p>Esta intervencio\u0301n se debe realizar considerando los siguientes pasos:<\/p>\n<ul>\n<li>Reducir rasgos de estados de ansiedad: A trave\u0301s de la utilizacio\u0301n de las diversas te\u0301cnicas cognitivo-conductuales de relajacio\u0301n y respiracio\u0301n que son u\u0301tiles en el manejo de Trastornos de Ansiedad. (Ejemplo: brindar un vaso de agua, pedir a la vi\u0301ctima que realice inhalaciones y exhalaciones de manera lenta, y otras).<\/li>\n<li>Establecer empat\u00eda con la vi\u0301ctima: Consiste en proporcionar apoyo y brindar una comprensio\u0301n empa\u0301tica de la situacio\u0301n de la vi\u0301ctima y de su estado emocional, supone la aceptacio\u0301n incondicional de su relato sin emitir juicios de valor, respetando a la vi\u0301ctima por encima de su comportamiento, aunque este no se considere va\u0301lido o correcto.<\/li>\n<li>Escucha activa: Consiste en escuchar hechos y sentimientos con atencio\u0301n, intere\u0301s y motivacio\u0301n. La escucha activa facilitara\u0301 a la vi\u0301ctima verbalizar sus sentimientos y dudas e ir avanzando en el proceso de estabilizacio\u0301n emocional de la nin\u0303a, nin\u0303o o adolescente, como de conocimiento de informacio\u0301n respecto al hecho, que el o ella pueda manifestar. Esto permite dar apoyo emocional a la vi\u0301ctima, a trave\u0301s de la atencio\u0301n plena de todo lo expresado, sin interrupciones, respetando sus ideas y sus silencios. De igual manera debe haber una atencio\u0301n detallista de su aspecto f\u00edsico, lenguaje corporal, tono de voz, manifestaciones de dolor, nerviosismo y preocupacio\u0301n, asumiendo una actitud confiable, comprensiva e interesada.<\/li>\n<li>Examinar las dimensiones del problema: El objetivo es reducir las situaciones que pongan en riesgo la vida de la vi\u0301ctima (Ej. ideas suicidas).<\/li>\n<li>Ordenamiento del grado de las necesidades: Jerarquizar los problemas que deban tratarse inmediatamente.<\/li>\n<li>Exploracio\u0301n de posibles soluciones inmediatas: Identificar soluciones para necesidades inmediatas y establecer enlaces sociales adecuados (familiares, amigos\/as, vecinos, entre otros).<\/li>\n<li>Ayuda a tomar una accio\u0301n concreta: Facilitar la toma de decisiones, establecer metas especi\u0301ficas de corto plazo, mantener una actitud facilitadora o adoptar una actitud directiva.<\/li>\n<\/ul>\n<div class=\"page\" title=\"Page 181\">\n<div class=\"section\">\n<div class=\"layoutArea\">\n<div class=\"column\">\u00a0<\/div>\n<\/div>\n<\/div>\n<\/div>\n<\/div>\n<\/div>\n<\/div>\n<\/div>\n<\/div><\/div>\n<\/div>\n<\/div>\n<\/div>\n<\/div>\n<\/div>\n<\/div>\n<\/section>\n<section class=\"elementor-section elementor-top-section elementor-element elementor-element-c77387f elementor-section-boxed elementor-section-height-default elementor-section-height-default\" data-id=\"c77387f\" data-element_type=\"section\">\n<div class=\"elementor-container elementor-column-gap-default\">\n<div class=\"elementor-row\">\n<div class=\"elementor-column elementor-col-100 elementor-top-column elementor-element elementor-element-c297bc5\" data-id=\"c297bc5\" data-element_type=\"column\">\n<div class=\"elementor-column-wrap elementor-element-populated\">\n<div class=\"elementor-widget-wrap\">\n<div class=\"elementor-element elementor-element-dd055c0 elementor-widget elementor-widget-text-editor\" data-id=\"dd055c0\" data-element_type=\"widget\" data-widget_type=\"text-editor.default\">\n<div class=\"elementor-widget-container\">\n<div class=\"elementor-text-editor elementor-clearfix\">\n<div class=\"page\" title=\"Page 157\">\n<div class=\"section\">\n<div class=\"layoutArea\">\n<div class=\"column\">\n<p><span style=\"color: #43358b;\"><strong><span style=\"font-size: 16px;\">ACCIONES A REALIZAR CUANDO LA V\u00cdCTIMA SE PRESENTA SIN LESIONES VISIBLES CON CAPACIDAD PARA EXPRESAR LO SUCEDIDO Y PUEDE MOVILIZARSE POR S\u00cd MISMA<\/span><\/strong><\/span><\/p>\n<div class=\"page\" title=\"Page 157\">\n<div class=\"section\">\n<div class=\"layoutArea\">\n<div class=\"column\">\n<div class=\"page\" title=\"Page 157\">\n<div class=\"section\">\n<div class=\"layoutArea\">\n<div class=\"column\">\n<div class=\"page\" title=\"Page 158\">\n<div class=\"section\">\n<div class=\"layoutArea\">\n<div class=\"column\">\n<div class=\"page\" title=\"Page 161\">\n<div class=\"section\">\n<div class=\"layoutArea\">\n<div class=\"column\">\n<div class=\"page\" title=\"Page 175\">\n<div class=\"section\">\n<div class=\"layoutArea\">\n<div class=\"column\">\n<div class=\"page\" title=\"Page 176\">\n<div class=\"section\">\n<div class=\"layoutArea\">\n<div class=\"column\">\n<div class=\"page\" title=\"Page 179\">\n<div class=\"section\">\n<div class=\"layoutArea\">\n<div class=\"column\"><span style=\"font-size: 16px;\">La Instancia Promotora de Denuncia, realizara\u0301:<\/span><\/div>\n<div>\n<table cellspacing=\"0\" cellpadding=\"0\">\n<tbody>\n<tr>\n<td valign=\"middle\">\n<p><span style=\"color: #000000; font-family: Ubuntu; font-size: xx-large;\"><b>1<\/b><\/span><\/p>\n<\/td>\n<td valign=\"middle\">\n<p><span style=\"color: #000000; font-family: Ubuntu; font-size: small;\"><b><i>Registro<span class=\"Apple-converted-space\">\u00a0<\/span><\/i><\/b><\/span><\/p>\n<p><span style=\"color: #000000; font-family: Ubuntu; font-size: small;\">El registro de los hechos de violencia referidos por la v\u00edctima en el formulario correspondiente a cada instituci\u00f3n.<span class=\"Apple-converted-space\">\u00a0<\/span><\/span><\/p>\n<\/td>\n<\/tr>\n<tr>\n<td valign=\"middle\">\n<p><span style=\"color: #000000; font-family: Ubuntu; font-size: xx-large;\"><b>2<\/b><\/span><\/p>\n<\/td>\n<td valign=\"middle\">\n<p><span style=\"color: #000000; font-family: Ubuntu; font-size: small;\"><b><i>Presentaci\u00f3n denuncia<span class=\"Apple-converted-space\">\u00a0<\/span><\/i><\/b><\/span><\/p>\n<p><span style=\"color: #000000; font-family: Ubuntu; font-size: small;\">La presentaci\u00f3n inmediata de la denuncia verbal o escrita al Ministerio P\u00fablico, adjuntando los informes elaborados por el equipo interdisciplinario e indicios si es que se contase con ellos.<span class=\"Apple-converted-space\">\u00a0<\/span><\/span><\/p>\n<\/td>\n<\/tr>\n<\/tbody>\n<\/table>\n<\/div>\n<\/div>\n<\/div>\n<\/div>\n<\/div>\n<\/div>\n<\/div>\n<\/div>\n<\/div>\n<\/div>\n<\/div>\n<\/div>\n<\/div>\n<\/div>\n<\/div>\n<\/div>\n<\/div>\n<\/div>\n<\/div>\n<\/div>\n<\/div>\n<\/div>\n<\/div>\n<\/div>\n<\/div>\n<\/div>\n<\/div>\n<\/div>\n<\/div>\n<\/div>\n<\/div>\n<\/div>\n<\/div><\/div>\n<\/div>\n<\/div>\n<\/div>\n<\/div>\n<\/div>\n<\/div>\n<\/section>\n<section class=\"elementor-section elementor-top-section elementor-element elementor-element-6924670 elementor-section-boxed elementor-section-height-default elementor-section-height-default\" data-id=\"6924670\" data-element_type=\"section\">\n<div class=\"elementor-container elementor-column-gap-default\">\n<div class=\"elementor-row\">\n<div class=\"elementor-column elementor-col-100 elementor-top-column elementor-element elementor-element-b4b9b01\" data-id=\"b4b9b01\" data-element_type=\"column\">\n<div class=\"elementor-column-wrap elementor-element-populated\">\n<div class=\"elementor-widget-wrap\">\n<div class=\"elementor-element elementor-element-7e7ced4 elementor-widget elementor-widget-text-editor\" data-id=\"7e7ced4\" data-element_type=\"widget\" data-widget_type=\"text-editor.default\">\n<div class=\"elementor-widget-container\">\n<div class=\"elementor-text-editor elementor-clearfix\">\n<p><span style=\"color: #43358b; font-family: Ubuntu; font-size: small;\"> Las instancias promotoras de denuncia, una vez conocido<br \/>el hecho delictivo, deber\u00e1n presentar inmediatamente la denuncia al ministerio p\u00fablico y cumplir diligentemente con la funciones que la ley establece.<br \/>En los lugares donde no exista fiscal de materia, se presentar\u00e1 al o la fiscal m\u00e1s pr\u00f3ximo.<span class=\"Apple-converted-space\">\u00a0<\/span><\/span><\/p>\n<\/div><\/div>\n<\/div>\n<\/div>\n<\/div>\n<\/div>\n<\/div>\n<\/div>\n<\/section>\n<section class=\"elementor-section elementor-top-section elementor-element elementor-element-28fc12c elementor-section-boxed elementor-section-height-default elementor-section-height-default\" data-id=\"28fc12c\" data-element_type=\"section\">\n<div class=\"elementor-container elementor-column-gap-default\">\n<div class=\"elementor-row\">\n<div class=\"elementor-column elementor-col-100 elementor-top-column elementor-element elementor-element-a8f74d3\" data-id=\"a8f74d3\" data-element_type=\"column\">\n<div class=\"elementor-column-wrap elementor-element-populated\">\n<div class=\"elementor-widget-wrap\">\n<div class=\"elementor-element elementor-element-45aaed8 elementor-widget elementor-widget-text-editor\" data-id=\"45aaed8\" data-element_type=\"widget\" data-widget_type=\"text-editor.default\">\n<div class=\"elementor-widget-container\">\n<div class=\"elementor-text-editor elementor-clearfix\">\n<div class=\"page\" title=\"Page 157\">\n<div class=\"section\">\n<div class=\"layoutArea\">\n<div class=\"column\">\n<p><span style=\"color: #43358b;\"><strong><span style=\"font-size: 16px;\">LINEAMIENTOS PARA OTRAS SITUACIONES ESPEC\u00cdFICAS<\/span><\/strong><\/span><\/p>\n<div class=\"page\" title=\"Page 157\">\n<div class=\"section\">\n<div class=\"layoutArea\">\n<div class=\"column\">\n<div class=\"page\" title=\"Page 157\">\n<div class=\"section\">\n<div class=\"layoutArea\">\n<div class=\"column\">\n<div class=\"page\" title=\"Page 158\">\n<div class=\"section\">\n<div class=\"layoutArea\">\n<div class=\"column\">\n<div class=\"page\" title=\"Page 161\">\n<div class=\"section\">\n<div class=\"layoutArea\">\n<div class=\"column\">\n<div class=\"page\" title=\"Page 175\">\n<div class=\"section\">\n<div class=\"layoutArea\">\n<div class=\"column\">\n<div class=\"page\" title=\"Page 176\">\n<div class=\"section\">\n<div class=\"layoutArea\">\n<div class=\"page\" title=\"Page 182\">\n<div class=\"section\">\n<div class=\"layoutArea\">\n<div class=\"column\">\n<ul>\n<li><strong>Mujeres acompan\u0303adas con NNA&nbsp;<\/strong><\/li>\n<\/ul>\n<p style=\"padding-left: 40px;\">Si hubiese nin\u0303as, nin\u0303os y adolescentes que dependieran de la vi\u0301ctima de violencia y por las circunstancias de los hechos, e\u0301sta no pudiera hacerse cargo de los mismos, se requerira\u0301 la presencia de la DNA y debera\u0301 localizar a la familia ampliada o gestionar el refugio circunstancial en una casa de acogida, para hacerse cargo de ellos o ellas durante las primeras diligencias, al objeto de que provisionalmente, se de\u0301 una respuesta a la necesidad, debiendo informarse al Ministerio Pu\u0301blico. De igual manera, se procedera\u0301 en caso de otras personas cuidado- dependientes de la vi\u0301ctima.<\/p>\n<ul>\n<li><strong>Personas con discapacidad&nbsp;<\/strong><\/li>\n<\/ul>\n<p style=\"padding-left: 40px;\">Cuando se trate de vi\u0301ctimas con cualquier tipo de discapacidad se entendera\u0301 que son personas que requieren atencio\u0301n prioritaria, en caso de ser necesario podra\u0301 solicitarse el apoyo de UMADIS, pues es posible que en algunos casos se requiera personal capacitado para su atencio\u0301n, en especial cuando se trate de vi\u0301ctimas con discapacidad intelectual u otra que lo haga necesario, como por ejemplo cuando se trate de una persona con discapacidad auditiva. En especial adema\u0301s de brindar una atencio\u0301n con respeto a la dignidad inherente debe garantizarse el respeto a la autonomi\u0301a individual, incluida la libertad de tomar las propias decisiones, y la independencia de las personas con discapacidad.<\/p>\n<p style=\"padding-left: 40px;\">Por otra parte, se deben realizar adaptaciones necesarias a los procedimientos y recursos institucionales para responder a las diferentes formas de discapacidad. Asi\u0301 tambie\u0301n se debe procurar que los ambientes y espacios sean accesibles<a class=\"tooltips\" title=\"De acuerdo a la Convenci\u00f3n sobre los Derechos de las Personas con Discapacidad a fin de que las personas con discapacidad puedan vivir en forma independiente y participar plenamente en todos los aspectos de la vida, los Estados Partes adoptar\u00e1n medidas pertinentes para asegurar el acceso de las personas con discapacidad, en igualdad de condiciones con las dem\u00e1s, al entorno f\u00edsico, el transporte, la informaci\u00f3n y las comunicaciones, incluidos los sistemas y las tecnolog\u00edas de la informaci\u00f3n y las comunicaciones, y a otros servicios e instalaciones abiertos al p\u00fablico o de uso p\u00fablico, tanto en zonas urbanas como rurales.\"><sup>78<\/sup><\/a> y preferentemente respondan al disen\u0303o universal<a class=\"tooltips\" title=\"Se entender\u00e1 el dise\u00f1o de productos, entornos, programas y servicios que puedan utilizar todas las personas, en la mayor medida posible, sin necesidad de adaptaci\u00f3n ni dise\u00f1o especializado. El \u201cdise\u00f1o universal\u201d no excluir\u00e1 las ayudas t\u00e9cnicas para grupos particulares de personas con discapacidad, cuando se necesiten.\"><sup>79<\/sup><\/a>.<\/p>\n<div class=\"page\" title=\"Page 183\">\n<div class=\"section\">\n<div class=\"layoutArea\">\n<div class=\"column\">\n<p style=\"padding-left: 40px;\">Para efectos de la valoracio\u0301n de riesgo debe tomarse en cuenta la situacio\u0301n de vulnerabilidad de las personas con discapacidad de sufrir nuevos hechos de violencia y las posibles barreras que le impidan solicitar auxilio.<\/p>\n<ul>\n<li><strong>Personas adultas mayores<\/strong>\n<p>Cuando la vi\u0301ctima sea una persona mayor de 60 an\u0303os se podra\u0301 pedir el apoyo del Servicio Municipal del Adulto Mayor a fin de realizar una intervencio\u0301n integral.<\/p>\n<\/li>\n<li><strong>Persona LGBTIQ+<\/strong>\n<p>En caso de que se trate de una vi\u0301ctima nin\u0303a, nin\u0303o, adolescente o mujer LGBTIQ+ sera\u0301 importante tomar en cuenta los lineamientos de actuacio\u0301n establecidos en la \u201cGui\u0301a de Atencio\u0301n a Personas LGBTIQ+ dirigida a Servidoras y Servidores de Justicia para Procesos no Discriminatorios\u201d<a class=\"tooltips\" title=\"Disponible en: https:\/\/www.comunidad.org.bo\/assets\/archivos\/publicacion\/e2fa9b2edb7b- 66705d6e410cdd8a4c83.pdf\"><sup>80<\/sup><\/a> (Ver lista en el Anexo 8), en especial asegurando que el trato que se les brinde, en general, sea el mismo respecto de cualquier otra persona, sin que esto implique desconocer un trato diferenciado cuando sea requerido para proteger sus derechos.<\/p>\n<p>Es importante, incorporar en todas las instancias de registro, manuales o informa\u0301ticos, no solo el sexo de las personas sino el ge\u0301nero de e\u0301stas y su identificacio\u0301n como persona LGBTIQ+. Tanto la orientacio\u0301n sexual como la identidad de ge\u0301nero constituyen elementos i\u0301ntimos de cada persona, por lo tanto, deben ser respetados bajo el principio de confidencialidad. Las denuncias y querellas de violencia entre parejas del mismo sexo, deben considerarse en esos te\u0301rminos y no ignorar este contexto.<\/p>\n<p>En relacio\u0301n a las personas transge\u0301nero y transexuales, cuando su documento de identificacio\u0301n no concuerde con la identidad de ge\u0301nero asumida por ella externamente, se le pedira\u0301 respetuosamente que indique la identidad de ge\u0301nero que elije para que tambie\u0301n sea registrada. Debe tomarse en cuenta que las mujeres y hombres transge\u0301nero y transexuales, en la mayori\u0301a de los casos utilizan nombres conforme a su identidad de ge\u0301nero, debiendo respetarse su identificacio\u0301n social sin que esto afecte su identificacio\u0301n legal en los registros correspondientes.<\/p>\n<\/li>\n<\/ul>\n<div class=\"page\" title=\"Page 184\">\n<div class=\"section\">\n<div class=\"layoutArea\">\n<div class=\"column\">\n<p style=\"padding-left: 40px;\">En otros casos la persona transge\u0301nero y transexuales puede haber procedido al cambio de nombre, dato del sexo e imagen a trave\u0301s de la vi\u0301a administrativa en el Servicio de Registro Ci\u0301vico, previsto en la Ley No. 807 de Identidad de Ge\u0301nero, por lo que con mayor razo\u0301n debera\u0301 ser tratada e identificada conforme los datos que figuren en su ce\u0301dula de identidad. En relacio\u0301n a la identidad de ge\u0301nero de los nin\u0303os, nin\u0303as y adolescentes, se recomienda que se aplique en todo el momento del proceso, el derecho de los nin\u0303os y nin\u0303as a ser escuchados y el principio del intere\u0301s superior del nin\u0303o.<\/p>\n<ul>\n<li><strong>Personas extranjeras<\/strong><\/li>\n<\/ul>\n<p style=\"padding-left: 40px;\">Finalmente, otro caso a tomar en cuenta es el de vi\u0301ctimas de nacionalidad distinta a la boliviana, en cuyo caso quien conozca del caso debera\u0301 comunicar esta situacio\u0301n al Ministerio Pu\u0301blico.<\/p>\n<p><span style=\"color: #43358b;\"><strong><span style=\"font-size: 16px;\">LINEAMIENTOS PARA <\/span><span style=\"font-size: 16px;\">LA VALORACIO\u0301N DE RIESGO Y LA DISPOSICIO\u0301N DE MEDIDAS DE PROTECCIO\u0301N URGENTE<\/span><\/strong><\/span><\/p>\n<div class=\"page\" title=\"Page 157\">\n<div class=\"section\">\n<div class=\"layoutArea\">\n<div class=\"column\">\n<div class=\"page\" title=\"Page 157\">\n<div class=\"section\">\n<div class=\"layoutArea\">\n<div class=\"column\">\n<div class=\"page\" title=\"Page 158\">\n<div class=\"section\">\n<div class=\"layoutArea\">\n<div class=\"column\">\n<div class=\"page\" title=\"Page 161\">\n<div class=\"section\">\n<div class=\"layoutArea\">\n<div class=\"column\">\n<div class=\"page\" title=\"Page 175\">\n<div class=\"section\">\n<div class=\"layoutArea\">\n<div class=\"column\">\n<div class=\"page\" title=\"Page 176\">\n<div class=\"section\">\n<div class=\"layoutArea\">\n<div class=\"page\" title=\"Page 182\">\n<div class=\"section\">\n<div class=\"layoutArea\">\n<div class=\"column\">\n<div class=\"page\" title=\"Page 184\">\n<div class=\"section\">\n<div class=\"layoutArea\">\n<div class=\"column\">\n<p>Cuando la vi\u0301ctima se encuentre en situacio\u0301n de riesgo y las circunstancias del caso exijan la inmediata proteccio\u0301n a su vida e integridad, la o el fiscal, la servidora o el servidor policial o cualquier otra autoridad responsable de la atencio\u0301n a mujeres en situacio\u0301n de violencia y de la defensa de los derechos de la nin\u0303ez y adolescencia (SLIM y DNA), que tomen conocimiento del hecho podra\u0301n disponer las medidas de proteccio\u0301n especial, de cara\u0301cter urgente, conforme al arti\u0301culo 389 Ter. del Co\u0301digo de Procedimiento Penal, modificado por la Ley No. 1173.<\/p>\n<p>Las medidas de proteccio\u0301n a favor de nin\u0303as, nin\u0303os y adolescentes que puede disponerse conforme el arti\u0301culo 393 Ter. incorporado al CPP por la Ley No. 1173, son las previstas en los siguientes numerales:<\/p>\n<ol>\n<li>\n<p>Salida o desocupacio\u0301n del domicilio donde habita la vi\u0301ctima, independientemente de la titularidad del bien inmueble;<\/p>\n<\/li>\n<li>\n<p>Prohibicio\u0301n de ingreso al domicilio de la vi\u0301ctima, aunque se trate del domicilio familiar;<\/p>\n<\/li>\n<li>\n<p>Prohibicio\u0301n de comunicarse directa o indirectamente y por cualquier medio con la vi\u0301ctima;<\/p>\n<\/li>\n<li>\n<p>Prohibicio\u0301n de intimidar por cualquier medio o a trave\u0301s de terceras personas a la vi\u0301ctima, asi\u0301 como a cualquier integrante de su familia;<\/p>\n<\/li>\n<\/ol>\n<ol start=\"7\">\n<li>\n<p>Devolucio\u0301n inmediata de objetos y documentos personales de la vi\u0301ctima;<\/p>\n<\/li>\n<li>\n<p>Prohibicio\u0301n de acercarse, en el radio de distancia que determine la jueza o el juez, al lugar de residencia, trabajo, estudio, esparcimiento o a los lugares de habitual concurrencia de la vi\u0301ctima;<\/p>\n<\/li>\n<li>\n<p>Prohibicio\u0301n de transitar por los lugares de recorrido frecuente de la vi\u0301ctima;<\/p>\n<\/li>\n<li>\n<p><span style=\"font-size: 16px;\">Prohibicio\u0301n de concurrir o frecuentar lugares de custodia, albergue, estudio <\/span><span style=\"font-size: 16px;\">o esparcimiento a los que concurra la vi\u0301ctima.<\/span><\/p>\n<\/li>\n<\/ol>\n<div class=\"page\" title=\"Page 185\">\n<div class=\"section\">\n<div class=\"layoutArea\">\n<div class=\"column\">\n<p>Debe tomarse en cuenta tambie\u0301n que la Ley No. 548 contempla la posibilidad del acogimiento circunstancial como medida excepcional y provisional, efectuada en situaciones de extrema urgencia o necesidad en favor de una nin\u0303a, nin\u0303o y adolescente, <strong>cuando no exista otro medio para la proteccio\u0301n inmediata de sus derechos y garanti\u0301as vulnerados o amenazados que pudiera ser dispuesto por la DNA<\/strong>, debiendo poner esta situacio\u0301n en conocimiento de la autoridad judicial en materia de Nin\u0303ez y Adolescencia o autoridad judicial de turno, dentro de las veinticuatro (24) horas de conocido el hecho.<\/p>\n<p>Trata\u0301ndose de medidas previstas en favor de las Mujeres, puede disponerse conforme el arti\u0301culo 393 Ter. incorporado al CPP por la Ley No. 1173, las siguientes medidas de proteccio\u0301n:<\/p>\n<ol>\n<li>Ordenar la salida, desocupacio\u0301n, restriccio\u0301n al agresor del domicilio conyugal o donde habite la mujer en situacio\u0301n de violencia, independientemente de la acreditacio\u0301n de propiedad o posesio\u0301n del inmueble, y ordenar que el agresor se someta a una terapia psicolo\u0301gica en un servicio de rehabilitacio\u0301n;<\/li>\n<li>Prohibir al agresor acercarse, concurrir o ingresar al domicilio, lugar de trabajo o de estudios, domicilio de las y los ascendientes o descendientes, o a cualquier otro espacio que frecuente la mujer que se encuentra en situacio\u0301n de violencia;<\/li>\n<li>Prohibir al agresor comunicarse, intimidar o molestar por cualquier medio o a trave\u0301s de terceras personas, a la mujer que se encuentra en situacio\u0301n de violencia, asi\u0301 como a cualquier integrante de su familia;<\/li>\n<li>Prohibir acciones de intimidacio\u0301n, amenazas o coaccio\u0301n a los testigos de los hechos de violencia;<\/li>\n<li>Realizar el inventario de los bienes muebles e inmuebles de propiedad comu\u0301n o de posesio\u0301n legi\u0301tima;<\/li>\n<li>Disponer la entrega inmediata de objetos y documentos personales de la mujer y de sus hijas e hijos o dependientes;<\/li>\n<li>La retencio\u0301n de documentos de propiedad de bienes muebles o inmuebles, mientras se decide la reparacio\u0301n del dan\u0303o;<\/li>\n<li>Restringir, en caso de acoso sexual, todo contacto del agresor con la mujer, sin que se vean afectados los derechos laborales de la mujer;<\/li>\n<li>Prohibicio\u0301n de transitar por los lugares de recorrido frecuente de la vi\u0301ctima.<\/li>\n<\/ol>\n<\/div>\n<\/div>\n<\/div>\n<\/div>\n<\/div>\n<\/div>\n<\/div>\n<\/div>\n<\/div>\n<\/div>\n<\/div>\n<\/div>\n<\/div>\n<\/div>\n<\/div>\n<\/div>\n<\/div>\n<\/div>\n<\/div>\n<\/div>\n<\/div>\n<\/div>\n<\/div>\n<\/div>\n<\/div>\n<\/div>\n<\/div>\n<\/div>\n<\/div>\n<\/div>\n<\/div>\n<\/div>\n<\/div>\n<\/div>\n<\/div>\n<\/div>\n<\/div>\n<\/div>\n<\/div>\n<\/div>\n<\/div>\n<\/div>\n<\/div>\n<\/div>\n<\/div>\n<\/div>\n<\/div>\n<\/div>\n<\/div>\n<\/div>\n<\/div>\n<\/div>\n<\/div>\n<\/div>\n<\/div>\n<\/div>\n<\/div>\n<\/div>\n<\/div>\n<\/div>\n<\/div>\n<\/div>\n<\/div>\n<\/div>\n<\/div>\n<\/div>\n<\/div>\n<\/div>\n<\/div>\n<\/div>\n<\/div>\n<\/div>\n<\/div>\n<\/div>\n<\/div><\/div>\n<\/div>\n<\/div>\n<\/div>\n<\/div>\n<\/div>\n<\/div>\n<\/section>\n<section class=\"elementor-section elementor-top-section elementor-element elementor-element-da0748c elementor-section-boxed elementor-section-height-default elementor-section-height-default\" data-id=\"da0748c\" data-element_type=\"section\">\n<div class=\"elementor-container elementor-column-gap-default\">\n<div class=\"elementor-row\">\n<div class=\"elementor-column elementor-col-100 elementor-top-column elementor-element elementor-element-f20899c\" data-id=\"f20899c\" data-element_type=\"column\">\n<div class=\"elementor-column-wrap elementor-element-populated\">\n<div class=\"elementor-widget-wrap\">\n<div class=\"elementor-element elementor-element-ec22078 elementor-widget elementor-widget-text-editor\" data-id=\"ec22078\" data-element_type=\"widget\" data-widget_type=\"text-editor.default\">\n<div class=\"elementor-widget-container\">\n<div class=\"elementor-text-editor elementor-clearfix\"><span style=\"color: #43358b; font-family: Ubuntu; font-size: small;\">  De conformidad a la Ley No. 348 (Art. 25 y 26) puede solicitarse el ingreso de la v\u00edctima en una Casa de Acogida o Refugio Temporal pero debe tenerse presente que el hecho de salir del domicilio tiene que ser, siempre, el \u00faltimo y m\u00e1s extremo recurso. Por el contrario, la medida de protecci\u00f3n que debe constituir la regla en supuestos de riesgo para la v\u00edctima, debe ser que el agresor sea quien abandone la vivienda familiar, independientemente, de la acreditaci\u00f3n de propiedad o posesi\u00f3n del bien inmueble.<span class=\"Apple-converted-space\">\u00a0<\/span><\/span><\/div>\n<\/div>\n<\/div>\n<\/div>\n<\/div>\n<\/div>\n<\/div>\n<\/div>\n<\/section>\n<section class=\"elementor-section elementor-top-section elementor-element elementor-element-cb2c79c elementor-section-boxed elementor-section-height-default elementor-section-height-default\" data-id=\"cb2c79c\" data-element_type=\"section\">\n<div class=\"elementor-container elementor-column-gap-default\">\n<div class=\"elementor-row\">\n<div class=\"elementor-column elementor-col-100 elementor-top-column elementor-element elementor-element-8238571\" data-id=\"8238571\" data-element_type=\"column\">\n<div class=\"elementor-column-wrap elementor-element-populated\">\n<div class=\"elementor-widget-wrap\">\n<div class=\"elementor-element elementor-element-5e619e2 elementor-widget elementor-widget-text-editor\" data-id=\"5e619e2\" data-element_type=\"widget\" data-widget_type=\"text-editor.default\">\n<div class=\"elementor-widget-container\">\n<div class=\"elementor-text-editor elementor-clearfix\">\n<div class=\"page\" title=\"Page 157\">\n<div class=\"section\">\n<div class=\"layoutArea\">\n<div class=\"column\">\n<div class=\"page\" title=\"Page 186\">\n<div class=\"section\">\n<div class=\"layoutArea\">\n<div class=\"column\">\n<p>El procedimiento a seguirse para disponer las medidas de proteccio\u0301n de cara\u0301cter urgente cuando se tiene conocimiento del hecho en una Instancia Promotora de la Denuncia es el siguiente:<\/p>\n<table cellspacing=\"0\" cellpadding=\"0\">\n<tbody>\n<tr>\n<td valign=\"middle\"><span style=\"color: #000000; font-family: Ubuntu; font-size: xx-large;\"><b>1<\/b><\/span><\/td>\n<td valign=\"middle\"><span style=\"color: #000000; font-family: Ubuntu; font-size: small;\"><b><i>Valoraci\u00f3n de riesgo de acuerdo al caso<span class=\"Apple-converted-space\">\u00a0<\/span><\/i><\/b><\/span>\n<p><span style=\"color: #000000; font-family: Ubuntu; font-size: small;\">Una vez recepcionado un caso por hechos de violencia con identidad penal, y siempre que la v\u00edctima no requiera previamente atenci\u00f3n m\u00e9dica inmediata o contenci\u00f3n en estado de crisis, deber\u00e1 realizarse la valoraci\u00f3n de la situaci\u00f3n de riesgo de la v\u00edctima, y en caso de ser necesario imponerse las medidas de protecci\u00f3n especial de car\u00e1cter urgente previstas en la Ley No. 1173 a favor de la misma. De lo contrario, ser\u00e1 una vez atendida la emergencia de salud y contenida emocionalmente, que deber\u00e1 procederse a la respectiva valoraci\u00f3n.<span class=\"Apple-converted-space\">\u00a0<\/span><\/span><\/p>\n<p><span style=\"color: #000000; font-family: Ubuntu; font-size: small;\">Para ello, la v\u00edctima deber\u00e1 sentirse c\u00f3moda y entender el prop\u00f3sito de la valoraci\u00f3n de riesgo, se explicar\u00e1 la finalidad de las preguntas sobre los hechos vividos y los antecedentes, lo cual es importante para ganar su confianza y que la v\u00edctima comparta la informaci\u00f3n solicitada.<span class=\"Apple-converted-space\">\u00a0<\/span><\/span><\/p>\n<p><span style=\"color: #000000; font-family: Ubuntu; font-size: small;\">Estimar el riesgo es necesario para adecuar no solo las medidas de protecci\u00f3n y de seguridad que se dispondr\u00e1n para resguardar<span class=\"Apple-converted-space\">\u00a0<\/span><\/span><\/p>\n<p><span style=\"color: #000000; font-family: Ubuntu; font-size: small;\">su integridad f\u00edsica y ps\u00edquica sino tambi\u00e9n para construir con la v\u00edctima medidas de autoprotecci\u00f3n y una estrategia de acompa\u00f1amiento y asistencia desde el primer momento.<\/span><\/p>\n<p><span style=\"color: #000000; font-family: Ubuntu; font-size: small;\">Debido a que la determinaci\u00f3n del nivel de riesgo permitir\u00e1 adoptar medidas tendientes a lograr una mejor protecci\u00f3n a la v\u00edctima, su celeridad resulta de vital importancia. En consecuencia, cualquier demora podr\u00eda poner a la v\u00edctima en una nueva situaci\u00f3n de peligro, hacer reaparecer el temor o debilitar aquella decisi\u00f3n de haber realizado la denuncia.<span class=\"Apple-converted-space\">\u00a0<\/span><\/span><\/p>\n<p><span style=\"color: #000000; font-family: Ubuntu; font-size: small;\">La forma de realizaci\u00f3n de la valoraci\u00f3n depender\u00e1 del tipo de violencia y la edad de la v\u00edctima, debiendo observarse los siguientes lineamientos:<span class=\"Apple-converted-space\">\u00a0<\/span><\/span><\/p>\n<p><span style=\"color: #000000; font-family: Ubuntu; font-size: small;\"><b>Casos de violencia en relaciones de (ex)pareja<span class=\"Apple-converted-space\">\u00a0<\/span><\/b><\/span><\/p>\n<p><span style=\"color: #000000; font-family: Ubuntu; font-size: small;\"><b><i>Llenado de formulario<span class=\"Apple-converted-space\">\u00a0<\/span><\/i><\/b><\/span><\/p>\n<p><span style=\"color: #000000; font-family: Ubuntu; font-size: small;\">Trat\u00e1ndose de violencia contra las mujeres en relaciones de (ex)pareja (c\u00f3nyuges, convivientes, novios, enamorados, etc.) la valoraci\u00f3n debe realizarse llen\u00e1ndose el Formulario de Valoraci\u00f3n de Riesgo en Relaciones de Pareja conforme al instructivo (Ver Anexo 2).<span class=\"Apple-converted-space\">\u00a0<\/span><\/span><\/p>\n<p><span style=\"color: #000000; font-family: Ubuntu; font-size: small;\">En caso de contarse con el formulario se valorar\u00e1 el riesgo tomando en cuenta m\u00ednimamente las siguientes circunstancias: <b>LA RELACI\u00d3N V\u00cdCTIMA \u2013 AGRESOR, LA SITUACI\u00d3N DE VULNERABILIDAD DE LA V\u00cdCTIMA, LA COHABITACI\u00d3N CON EL DENUNCIADO, LA EXISTENCIA DE VIOLENCIA ANTERIOR, TIPOS DE VIOLENCIA EJERCIDA, LA EXISTENCIA DE AMENAZAS CONTRA LA VIDA O LA INTEGRIDAD, EL INCREMENTO DE LA FRECUENCIA Y GRAVEDAD DE LAS MISMAS, LA EXISTENCIA DE ANTECEDENTES PENALES DEL DENUNCIADO, LA CONDUCTA VIOLENTA CUANDO SE CONSUME ALCOHOL O DROGAS Y LA PERCEPCI\u00d3N DE SITUACI\u00d3N DE RIESGO DE LA V\u00cdCTIMA <\/b>para disponer las medidas de protecci\u00f3n especial de car\u00e1cter urgentes.<span class=\"Apple-converted-space\">\u00a0<\/span><\/span><\/p>\n<p><span style=\"color: #000000; font-family: Ubuntu; font-size: small;\">Debe tomarse en cuenta que \u00e9sta valoraci\u00f3n de riesgo tiene car\u00e1cter inicial a afecto de determinar la necesidad de imponer medidas de protecci\u00f3n urgentes, lo que no quiere decir que esta situaci\u00f3n sea est\u00e1tica es posible que en una caso donde inicialmente no se determine la existencia de riesgo o \u00e9ste sea leve m\u00e1s adelante el riesgo pueda incrementarse o peor a\u00fan se produzcan nuevos hechos de violencia, por ello la importancia del seguimiento y acompa\u00f1amiento a la v\u00edctima durante todo el proceso.<span class=\"Apple-converted-space\">\u00a0<\/span><\/span><\/p>\n<p><span style=\"color: #000000; font-family: Ubuntu; font-size: small;\"><b><i>Excepciones al uso del formulario<span class=\"Apple-converted-space\">\u00a0<\/span><\/i><\/b><\/span><\/p>\n<p><span style=\"color: #000000; font-family: Ubuntu; font-size: small;\">Trat\u00e1ndose de hechos de violencia flagrantes contra mujeres o en aquellos casos en los que la gravedad de los hechos o de las amenazas contra la vida o la integridad de la v\u00edctima o en los que la situaci\u00f3n de vulnerabilidad de la v\u00edctima fuesen determinantes, se impondr\u00e1n las medidas de protecci\u00f3n especial que correspondan por su car\u00e1cter de urgencia, excepcionalmente, sin necesidad de llenar el formulario de valoraci\u00f3n de riesgo. Con mayor raz\u00f3n si la v\u00edctima compartiese domicilio con el denunciado.<span class=\"Apple-converted-space\">\u00a0<\/span><\/span><\/p>\n<p><span style=\"color: #000000; font-family: Ubuntu; font-size: small;\"><b>Casos en los que el denunciado no es la (ex) pareja<span class=\"Apple-converted-space\">\u00a0<\/span><\/b><\/span><\/p>\n<p><span style=\"color: #000000; font-family: Ubuntu; font-size: small;\">Debe tomarse en cuenta que \u00e9sta valoraci\u00f3n de riesgo tiene car\u00e1cter inicial a afecto de determinar la necesidad de imponer medidas de protecci\u00f3n urgentes, lo que no quiere decir que esta situaci\u00f3n sea est\u00e1tica es posible que en una caso donde inicialmente no se determine la existencia de riesgo o \u00e9ste sea leve m\u00e1s adelante el riesgo pueda incrementarse o peor a\u00fan se produzcan nuevos hechos de violencia, por ello la importancia del seguimiento y acompa\u00f1amiento a la v\u00edctima durante todo el proceso.<span class=\"Apple-converted-space\">\u00a0<\/span><\/span><\/p>\n<p><span style=\"color: #000000; font-family: Ubuntu; font-size: small;\"><b><i>Excepciones al uso del formulario<span class=\"Apple-converted-space\">\u00a0<\/span><\/i><\/b><\/span><\/p>\n<p><span style=\"color: #000000; font-family: Ubuntu; font-size: small;\">Trat\u00e1ndose de hechos de violencia flagrantes contra mujeres o en aquellos casos en los que la gravedad de los hechos o de las amenazas contra la vida o la integridad de la v\u00edctima o en los que la situaci\u00f3n de vulnerabilidad de la v\u00edctima fuesen determinantes, se impondr\u00e1n las medidas de protecci\u00f3n especial que correspondan por su car\u00e1cter de urgencia, excepcionalmente, sin necesidad de llenar el formulario de valoraci\u00f3n de riesgo. Con mayor raz\u00f3n si la v\u00edctima compartiese domicilio con el denunciado.<span class=\"Apple-converted-space\">\u00a0<\/span><\/span><\/p>\n<p><span style=\"color: #000000; font-family: Ubuntu; font-size: small;\"><b>Trat\u00e1ndose de otras formas de violencia, en las que no se aplica el formu<\/b>lario de valoraci\u00f3n de riego, por no tratarse de relaciones de pareja y siempre que la v\u00edctima requiera protecci\u00f3n inmediata, por tratarse de un hecho flagrante o considerarse que existe riesgo para su vida o integridad, se impondr\u00e1n las medidas que correspondan con el \u00fanico fin de prevenir un nuevo hecho de violencia.<span class=\"Apple-converted-space\">\u00a0<\/span><\/span><\/p>\n<p><span style=\"color: #000000; font-family: Ubuntu; font-size: small;\">Para lo cual, quien atienda a la v\u00edctima tomar\u00e1 en cuenta la relaci\u00f3n v\u00edctima \u2013 agresor, la situaci\u00f3n de vulnerabilidad de la v\u00edctima, los antecedentes de violencia previa, la existencia de amenazas contra la vida o la integridad y el incremento de la frecuencia y gravedad de las mismas, la existencia de flagrancia y de antecedentes penales del denunciado, entre otros. Estos casos podr\u00e1n darse en el \u00e1mbito familiar, laboral, educativo, etc.<span class=\"Apple-converted-space\">\u00a0<\/span><\/span><\/p>\n<p><span style=\"color: #000000; font-family: Ubuntu; font-size: small;\"><b>Casos en los que la v\u00edctima sea ni\u00f1a, ni\u00f1o o adolescente<span class=\"Apple-converted-space\">\u00a0<\/span><\/b><\/span><\/p>\n<p><span style=\"color: #000000; font-family: Ubuntu; font-size: small;\">Si la v\u00edctima se tratase de una ni\u00f1a, ni\u00f1o o adolescente, su situaci\u00f3n de vulnerabilidad<\/span><span style=\"color: #000000; font-family: Ubuntu; font-size: small;\"><a class=\"tooltips\" title=\"Ver el Caso V.R.P., V.P.C. y otros Vs. Nicaragua en la jurisprudencia de la Corte IDH en la primera parte de este Protocolo y la Observaci\u00f3n General No.13 del Comit\u00e9 de los Derechos del Ni\u00f1o que ha se\u00f1alado que \u201ca nivel universal, se consideran vulnerables todos los ni\u00f1os hasta los 18 a\u00f1os de edad, porque no ha concluido a\u00fan su crecimiento y desarrollo neurol\u00f3gico, psicol\u00f3gico, social y f\u00edsico\u201d.\"><sup>81<\/sup><\/a> <\/span><span style=\"color: #000000; font-family: Ubuntu; font-size: small;\">es constante, por lo que, en aplicaci\u00f3n del principio de protecci\u00f3n reforzada siempre deber\u00e1n disponerse las medidas de protecci\u00f3n especial de car\u00e1cter urgente pertinentes al caso cuando el posible agresor sea de su entorno familiar o social, debiendo primar el inter\u00e9s superior del ni\u00f1o por encima de cualquier otra circunstancia.<span class=\"Apple-converted-space\">\u00a0<\/span><\/span><\/p>\n<p><span style=\"color: #000000; font-family: Ubuntu; font-size: small;\">Es importante que las instituciones que tienen contacto permanente con la v\u00edctima, como las unidades educativas, puedan apoyar en el cumplimiento de las medidas de protecci\u00f3n por lo que tambi\u00e9n deber\u00e1n ser informadas al respecto.<span class=\"Apple-converted-space\">\u00a0<\/span><\/span><\/p><\/td>\n<\/tr>\n<tr>\n<td valign=\"middle\"><span style=\"color: #000000; font-family: Ubuntu; font-size: xx-large;\"><b>2<\/b><\/span><\/td>\n<td valign=\"middle\"><span style=\"color: #000000; font-family: Ubuntu; font-size: small;\"><b><i>Disposici\u00f3n de las medidas de protecci\u00f3n especial pertinentes al caso<br \/>\n<\/i><\/b>Una vez determinada la existencia de riesgo y el grado de la misma, se deber\u00e1 disponer las medidas de protecci\u00f3n especial que se consideren pertinentes al caso, explicando cada una de ellas a la v\u00edctima.<span class=\"Apple-converted-space\">\u00a0<\/span><\/span>\n<p><span style=\"color: #000000; font-family: Ubuntu; font-size: small;\">Las medidas de protecci\u00f3n a disponerse deben ser las adecuadas e id\u00f3neas para proteger a la v\u00edctima. Si el denunciado fuese un familiar de la v\u00edctima (padre, hermanos, t\u00edos, primos) ser\u00e1 importante conocer si ambos viven en el mismo domicilio para ordenar la salida del denunciado (num.1 Art. 393 ter. CPP), o si m\u00e1s bien corresponden las medidas de alejamiento y prohibiciones de contacto y otras previstas en los n\u00fam. 4, 5, 6, y 14 del Art. 393 ter CPP.<span class=\"Apple-converted-space\">\u00a0<\/span><\/span><\/p>\n<p><span style=\"color: #000000; font-family: Ubuntu; font-size: small;\">Mientras que, si se tratase de casos en los que el posible agresor es un compa\u00f1ero de trabajo como en la violencia pol\u00edtica o laboral, o trat\u00e1ndose de un compa\u00f1ero de estudios, las medidas de alejamiento y prohibiciones previstas en los n\u00fam. 4, 5, 6, 12 y 14 del Art. 393 ter., ser\u00edan las m\u00e1s adecuadas:<span class=\"Apple-converted-space\">\u00a0<\/span><\/span><\/p>\n<ol start=\"4\">\n<li><i><\/i><span style=\"color: #000000; font-family: Ubuntu; font-size: small;\"><i>Prohibir al agresor acercarse, concurrir o ingresar al domicilio, lugar de trabajo o de estudios, domicilio de las y los ascendientes o descendientes, o a cualquier otro espacio que frecuente la mujer que se encuentra en situaci\u00f3n de violencia;<span class=\"Apple-converted-space\">\u00a0<\/span><\/i><\/span><\/li>\n<li><i><\/i><span style=\"color: #000000; font-family: Ubuntu; font-size: small;\"><i>Prohibir al agresor comunicarse, intimidar o molestar por cualquier medio o a trav\u00e9s de terceras personas, a la mujer que se encuentra en situaci\u00f3n de violencia, as\u00ed como a cualquier integrante de su familia;<span class=\"Apple-converted-space\">\u00a0<\/span><\/i><\/span><\/li>\n<li><i><\/i><span style=\"color: #000000; font-family: Ubuntu; font-size: small;\"><i>Prohibir acciones de intimidaci\u00f3n, amenazas o coacci\u00f3n a los testigos de los hechos de violencia;<span class=\"Apple-converted-space\">\u00a0<\/span><\/i><\/span><\/li>\n<li><i><\/i><span style=\"color: #000000; font-family: Ubuntu; font-size: small;\"><i>Restringir, en caso de acoso sexual, todo contacto del agresor con la mujer, sin que se vean afectados los derechos laborales de la mujer;<span class=\"Apple-converted-space\">\u00a0<\/span><\/i><\/span><\/li>\n<li><i><\/i><span style=\"color: #000000; font-family: Ubuntu; font-size: small;\"><i>Prohibici\u00f3n de transitar por los lugares de recorrido frecuente de la v\u00edctima.<span class=\"Apple-converted-space\">\u00a0<\/span><\/i><\/span><\/li>\n<\/ol>\n<p><span style=\"color: #000000; font-family: Ubuntu; font-size: small;\">No obstante, en cada caso deber\u00e1 analizarse la pertinencia de las medidas, siendo la regla aplicable que sean las id\u00f3neas para garantizar los derechos a la vida y la integridad de la v\u00edctima y sus dependientes en aplicaci\u00f3n del deber de protecci\u00f3n reforzada a la v\u00edctima, considerando que esa obligaci\u00f3n est\u00e1 por encima de cualquier otro aspecto y derecho (SCP 033\/2013) y que se desprende del deber de actuar con la debida diligencia.<span class=\"Apple-converted-space\">\u00a0<\/span><\/span><\/p>\n<p><span style=\"color: #000000; font-family: Ubuntu; font-size: small;\">La decisi\u00f3n de la disposici\u00f3n de medidas de protecci\u00f3n especiales dispuestas se realizar\u00e1, trat\u00e1ndose de NNA, empleando el Formulario de Constancia de Disposici\u00f3n y Notificaci\u00f3n de Medidas de Protecci\u00f3n para Ni\u00f1as, Ni\u00f1os y Adolescentes \u2013 Urgentes (Anexo 3), en cuyo caso una copia deber\u00e1 ser entregada a su representante legal, en el caso de las mujeres se llenar\u00e1 el Formulario de Constancia de Disposici\u00f3n y Notificaci\u00f3n de Medidas de Protecci\u00f3n para Mujeres \u2013 Urgentes (Anexo 4) o el Formulario de Constancia de Disposici\u00f3n y Notificaci\u00f3n de Medidas de Protecci\u00f3n para Mujeres V\u00edctimas de Acoso o Violencia Pol\u00edtica\u2013 Urgentes (Anexo 5), cuya copia ser\u00e1 entregada a la v\u00edctima.<span class=\"Apple-converted-space\">\u00a0<\/span><\/span><\/p><\/td>\n<\/tr>\n<tr>\n<td valign=\"middle\"><span style=\"color: #000000; font-family: Ubuntu; font-size: xx-large;\"><b>3<\/b><\/span><\/td>\n<td valign=\"middle\"><span style=\"color: #000000; font-family: Ubuntu; font-size: small;\"><b><i>Notificaci\u00f3n al denunciado<span class=\"Apple-converted-space\">\u00a0<\/span><\/i><\/b><\/span>\n<p><span style=\"color: #000000; font-family: Ubuntu; font-size: small;\">Las medidas de protecci\u00f3n especial en todos los casos (ni\u00f1as, ni\u00f1os, adolescentes y mujeres) deber\u00e1n ser comunicadas al denunciado de violencia personalmente, debiendo entregarle copia del formulario de imposici\u00f3n de las medidas advirti\u00e9ndole las consecuencias en caso de incumplimiento, la notificaci\u00f3n no incluir\u00e1 copia del formulario de valoraci\u00f3n de riesgo. Al efecto, se utilizar\u00e1 el Formulario de Constancia de Disposici\u00f3n y Notificaci\u00f3n de Medidas de Protecci\u00f3n para Ni\u00f1as, Ni\u00f1os y Adolescentes \u2013 Urgentes, el Formulario de Constancia de Disposici\u00f3n y Notificaci\u00f3n de Medidas de Protecci\u00f3n para Mujeres \u2013 Urgentes, o el Formulario de Constancia de Disposici\u00f3n y Notificaci\u00f3n de Medidas de Protecci\u00f3n para Mujeres V\u00edctimas de Acoso o Violencia Pol\u00edtica\u2013 Urgentes, seg\u00fan corresponda.<span class=\"Apple-converted-space\">\u00a0<\/span><\/span><\/p><\/td>\n<\/tr>\n<tr>\n<td valign=\"middle\"><span style=\"color: #000000; font-family: Ubuntu; font-size: xx-large;\"><b>4<\/b><\/span><\/td>\n<td valign=\"middle\"><span style=\"color: #000000; font-family: Ubuntu; font-size: small;\"><b><i>Cumplimiento inmediato<span class=\"Apple-converted-space\">\u00a0<\/span><\/i><\/b><\/span>\n<p><span style=\"color: #000000; font-family: Ubuntu; font-size: small;\">Las medidas de protecci\u00f3n especial una vez dispuestas deben cumplirse inmediatamente, independientemente, del control de legalidad y continuar\u00e1n vigentes mientras sean necesarias salvo que la autoridad jurisdiccional las revoque o modifique, para ello se recurrida a la Polic\u00eda Boliviana a efecto de su ejecuci\u00f3n, no siendo necesario requerimiento fiscal.<span class=\"Apple-converted-space\">\u00a0<\/span><\/span><\/p>\n<p><span style=\"color: #000000; font-family: Ubuntu; font-size: small;\">CON MAYOR RAZ\u00d3N SI LA V\u00cdCTIMA COMPARTIESE DOMICILIO CON EL DENUNCIADO, LAS MEDIDAS DEBEN IMPONERSE<br \/>\nY EJECUTARSE DE MANERA INMEDIATA POR PARTE DE LA POLIC\u00cdA.<span class=\"Apple-converted-space\">\u00a0<\/span><\/span><\/p><\/td>\n<\/tr>\n<tr>\n<td valign=\"middle\"><span style=\"color: #000000; font-family: Ubuntu; font-size: xx-large;\"><b>5<\/b><\/span><\/td>\n<td valign=\"middle\"><span style=\"color: #000000; font-family: Ubuntu; font-size: small;\"><b><i>Comunicaci\u00f3n al Ministerio P\u00fablico<span class=\"Apple-converted-space\">\u00a0<\/span><\/i><\/b><\/span>\n<p><span style=\"color: #000000; font-family: Ubuntu; font-size: small;\">Dispuestas las medidas de protecci\u00f3n, inmediatamente, deber\u00e1n ser presentadas al Ministerio P\u00fablico, juntamente con la denuncia v\u00eda sistema inform\u00e1tico o en forma f\u00edsica cuando no se tenga acceso a \u00e9ste.<span class=\"Apple-converted-space\">\u00a0<\/span><\/span><\/p>\n<p><span style=\"color: #000000; font-family: Ubuntu; font-size: small;\">El Ministerio P\u00fablico, analizada que sea la denuncia, dispondr\u00e1 el inicio de la investigaci\u00f3n o su desestimaci\u00f3n conforme el art\u00edculo 55 par\u00e1grafo II de la Ley No. 260. A momento de efectuar el an\u00e1lisis de la denuncia se tomar\u00e1 en cuenta el principio de informalidad previsto en el art\u00edculo 4 n\u00fam. 11 de la Ley No. 348, el de desformalizaci\u00f3n previsto en el art\u00edculo 193 b) del C\u00f3digo Ni\u00f1a, Ni\u00f1os, Adolescente y finalmente el art\u00edculo 285 del C\u00f3digo de Procedimiento Penal modificado por la Ley No. 1173.<span class=\"Apple-converted-space\">\u00a0<\/span><\/span><\/p>\n<p><span style=\"color: #000000; font-family: Ubuntu; font-size: small;\">Dentro de las veinticuatro (24) horas siguientes de impuestas las medidas de protecci\u00f3n especial de car\u00e1cter urgente, la o el fiscal comunicar\u00e1, v\u00eda sistema inform\u00e1tico o en forma f\u00edsica cuando no se tenga acceso a \u00e9ste, a la jueza o juez las medidas que hubiesen sido dispuestas a objeto del control de legalidad; a su vez se comunicar\u00e1 el inicio de la investigaci\u00f3n, o en su caso, la desestimaci\u00f3n.<span class=\"Apple-converted-space\">\u00a0<\/span><\/span><\/p>\n<p><span style=\"color: #000000; font-family: Ubuntu; font-size: small;\">En caso de subsanarse una denuncia que hubiera sido inicialmente desestimada, y que contar\u00e1 con medidas de protecci\u00f3n especial de car\u00e1cter urgente, dispuestas por autoridad administrativa (DNA, SLIM y\/o Polic\u00eda Boliviana), el Ministerio P\u00fablico informar\u00e1 a la autoridad jurisdiccional esta circunstancia a los efectos de su consideraci\u00f3n.<span class=\"Apple-converted-space\">\u00a0<\/span><\/span><\/p>\n<p><span style=\"color: #000000; font-family: Ubuntu; font-size: small;\">En los casos en los que realizada la valoraci\u00f3n de riesgo se considere que ella no requiere una medida urgente, deber\u00e1 igualmente adjuntarse a la denuncia el formulario de valoraci\u00f3n de riesgo para que la autoridad judicial disponga las medidas que correspondan de oficio o a pedido de parte, de la v\u00edctima o de su representante.<span class=\"Apple-converted-space\">\u00a0<\/span><\/span><\/p><\/td>\n<\/tr>\n<tr>\n<td valign=\"middle\"><span style=\"color: #000000; font-family: Ubuntu; font-size: xx-large;\"><b>6<\/b><\/span><\/td>\n<td valign=\"middle\"><span style=\"color: #000000; font-family: Ubuntu; font-size: small;\"><b><i>Control de legalidad<span class=\"Apple-converted-space\">\u00a0<\/span><\/i><\/b><\/span>\n<p><span style=\"color: #000000; font-family: Ubuntu; font-size: small;\">La jueza o el juez, atendiendo a las circunstancias del caso, podr\u00e1 resolver la cuesti\u00f3n en audiencia p\u00fablica siguiendo el procedimiento para la aplicaci\u00f3n de medidas cautelares, o podr\u00e1 resolverla sin audiencia sobre la base de los antecedentes,<span class=\"Apple-converted-space\">\u00a0<\/span><\/span><\/p>\n<p><span style=\"color: #000000; font-family: Ubuntu; font-size: small;\">en cuyo caso dictar\u00e1 la resoluci\u00f3n dentro de las setenta y dos (72) horas siguientes a la comunicaci\u00f3n y su consiguiente ratificaci\u00f3n, modificaci\u00f3n o revocatoria de las medidas adoptadas.<span class=\"Apple-converted-space\">\u00a0<\/span><\/span><\/p><\/td>\n<\/tr>\n<tr>\n<td valign=\"middle\"><span style=\"color: #000000; font-family: Ubuntu; font-size: xx-large;\"><b>7<\/b><\/span><\/td>\n<td valign=\"middle\"><span style=\"color: #000000; font-family: Ubuntu; font-size: small;\"><b><i>Seguimiento y acciones en caso de incumplimiento<span class=\"Apple-converted-space\">\u00a0<\/span><\/i><\/b><\/span>\n<p><span style=\"color: #000000; font-family: Ubuntu; font-size: small;\">La Instituci\u00f3n Promotora de Denuncia debe realizar el seguimiento a la situaci\u00f3n de la v\u00edctima. La permanencia de una medida est\u00e1 sujeta a la situaci\u00f3n de riesgo en la que se encuentra la v\u00edctima o sus familiares. Por tales motivos, es importante el seguimiento peri\u00f3dico que se hace del caso para evaluar si ese nivel de riesgo se ha visto modificado, empeorando la situaci\u00f3n o viceversa. Ese seguimiento estar\u00e1 a cargo del equipo interdisciplinario, el que tendr\u00e1 contacto habitual con la v\u00edctima y mantendr\u00e1 un conocimiento sobre la situaci\u00f3n actual. En este sentido, la valoraci\u00f3n del riesgo es un proceso continuo que exige la realizaci\u00f3n de una nueva apreciaci\u00f3n cada vez que se tiene conocimiento de datos nuevos que permitan identificar otros indicadores o desechar algunos tenidos en cuenta con anterioridad<\/span><span style=\"color: #000000; font-family: Ubuntu; font-size: small;\"><a class=\"tooltips\" title=\"Echebur\u00faa E, Fern\u00e1ndez-Montalvo J.y De Corral P. 2009. Medidas policiales de protecci\u00f3n a las v\u00edctimas de violencia de g\u00e9nero. Espa\u00f1a.\"><sup>82<\/sup><\/a><\/span><span style=\"color: #000000; font-family: Ubuntu; font-size: small;\">.<span class=\"Apple-converted-space\">\u00a0<\/span><\/span><\/p>\n<p><span style=\"color: #000000; font-family: Ubuntu; font-size: small;\">En caso de tener conocimiento del incumplimiento de las medidas de protecci\u00f3n deber\u00e1 solicitar auxilio inmediato a la Polic\u00eda Boliviana, instancia que a su vez deber\u00e1 intervenir para proteger a la v\u00edctima, sin ser excusable esta obligaci\u00f3n por no ser miembro de la FELCV. Asimismo, deber\u00e1 informar de inmediato al Ministerio P\u00fablico del presunto incumplimiento para que esta instancia solicite a la autoridad jurisdiccional la determinaci\u00f3n de las medidas que corresponda en el marco de la Ley No. 1173.<span class=\"Apple-converted-space\">\u00a0<\/span><\/span><\/p>\n<p><span style=\"color: #000000; font-family: Ubuntu; font-size: small;\">El incumplimiento de las medidas de protecci\u00f3n especial no conlleva, necesariamente, un nuevo hecho de violencia, basta con que la restricci\u00f3n impuesta haya sido inobservada por el denunciado para que se informe inmediatamente al Ministerio<span class=\"Apple-converted-space\">\u00a0<\/span><\/span><\/p>\n<p><span style=\"color: #000000; font-family: Ubuntu; font-size: small;\">P\u00fablico. En estos casos, y siempre que no se hubiese dispuesto anteriormente, podr\u00e1 ordenarse que el posible autor, independientemente de las medidas que se asuman ante el incumplimiento, tambi\u00e9n se someta a terapia psicol\u00f3gica.<span class=\"Apple-converted-space\">\u00a0<\/span><\/span><\/p><\/td>\n<\/tr>\n<tr>\n<td valign=\"middle\"><span style=\"color: #000000; font-family: Ubuntu; font-size: xx-large;\"><b>8<\/b><\/span><\/td>\n<td valign=\"middle\"><span style=\"color: #000000; font-family: Ubuntu; font-size: small;\"><b><i>Situaciones de urgencia posteriores a la denuncia<span class=\"Apple-converted-space\">\u00a0<\/span><\/i><\/b><\/span>\n<p><span style=\"color: #000000; font-family: Ubuntu; font-size: small;\">Si luego de haberse presentado una denuncia, se produjere una situaci\u00f3n que requiera la disposici\u00f3n de medidas de protecci\u00f3n especial, ellas deber\u00e1n ser solicitadas directamente a la autoridad jurisdiccional que estuviera conociendo el caso. Ello no excluye la posibilidad de solicitar auxilio inmediato a la Polic\u00eda Boliviano en caso de una amenaza inminente.<span class=\"Apple-converted-space\">\u00a0<\/span><\/span><\/p><\/td>\n<\/tr>\n<\/tbody>\n<\/table>\n<\/div>\n<\/div>\n<\/div>\n<\/div>\n<\/div>\n<\/div>\n<\/div>\n<\/div>\n<\/div><\/div>\n<\/div>\n<\/div>\n<\/div>\n<\/div>\n<\/div>\n<\/div>\n<\/section><\/div>\n<\/div>\n<\/div>\n<\/div>\t\t<\/div>\n\t\t\t\t<\/article>\n\t\t\t\t<article class=\"elementor-post elementor-grid-item post-3873 post type-post status-publish format-standard hentry category-protocolo-sepmud\">\n\t\t\t\t<div class=\"elementor-post__text\">\n\t\t<div class=\"elementor-post__content\"><style>.elementor-3873 .elementor-element.elementor-element-266ac64 .elementor-heading-title{color:#31B7BC;font-family:\"Viga\", Sans-serif;font-size:35px;font-weight:600;}.elementor-3873 .elementor-element.elementor-element-266ac64 > .elementor-widget-container{margin:0% 5% 0% 0%;}.elementor-3873 .elementor-element.elementor-element-76c2f82 .elementor-text-editor{text-align:justify;}.elementor-3873 .elementor-element.elementor-element-76c2f82{font-family:\"Ubuntu\", Sans-serif;font-weight:400;}.elementor-3873 .elementor-element.elementor-element-76c2f82 > .elementor-widget-container{margin:0% 5% 0% 5%;}.elementor-3873 .elementor-element.elementor-element-1acb89d:not(.elementor-motion-effects-element-type-background), .elementor-3873 .elementor-element.elementor-element-1acb89d > .elementor-motion-effects-container > .elementor-motion-effects-layer{background-color:#31B7BC;}.elementor-3873 .elementor-element.elementor-element-1acb89d{transition:background 0.3s, border 0.3s, border-radius 0.3s, box-shadow 0.3s;}.elementor-3873 .elementor-element.elementor-element-1acb89d > .elementor-background-overlay{transition:background 0.3s, border-radius 0.3s, opacity 0.3s;}.elementor-3873 .elementor-element.elementor-element-13eccad .elementor-text-editor{text-align:justify;}.elementor-3873 .elementor-element.elementor-element-13eccad{color:#FFFFFF;font-family:\"Ubuntu\", Sans-serif;font-weight:400;}.elementor-3873 .elementor-element.elementor-element-13eccad > .elementor-widget-container{margin:0% 5% 0% 5%;}.elementor-3873 .elementor-element.elementor-element-9b4263b .elementor-text-editor{text-align:justify;}.elementor-3873 .elementor-element.elementor-element-9b4263b{font-family:\"Ubuntu\", Sans-serif;font-weight:400;}.elementor-3873 .elementor-element.elementor-element-9b4263b > .elementor-widget-container{margin:0% 5% 0% 5%;}.elementor-3873 .elementor-element.elementor-element-2abaa39 .elementor-heading-title{color:#31B7BC;font-family:\"Viga\", Sans-serif;font-size:25px;font-weight:600;}.elementor-3873 .elementor-element.elementor-element-2abaa39 > .elementor-widget-container{margin:0% 5% 0% 5%;}.elementor-3873 .elementor-element.elementor-element-c3c900d .elementor-text-editor{text-align:justify;}.elementor-3873 .elementor-element.elementor-element-c3c900d{font-family:\"Ubuntu\", Sans-serif;font-weight:400;}.elementor-3873 .elementor-element.elementor-element-c3c900d > .elementor-widget-container{margin:0% 5% 0% 5%;}.elementor-3873 .elementor-element.elementor-element-ab9d2c1 .elementor-text-editor{text-align:justify;}.elementor-3873 .elementor-element.elementor-element-ab9d2c1{font-family:\"Ubuntu\", Sans-serif;font-weight:400;}.elementor-3873 .elementor-element.elementor-element-ab9d2c1 > .elementor-widget-container{margin:0% 5% 0% 5%;}.elementor-3873 .elementor-element.elementor-element-b23451e:not(.elementor-motion-effects-element-type-background), .elementor-3873 .elementor-element.elementor-element-b23451e > .elementor-motion-effects-container > .elementor-motion-effects-layer{background-color:#31B7BC;}.elementor-3873 .elementor-element.elementor-element-b23451e{transition:background 0.3s, border 0.3s, border-radius 0.3s, box-shadow 0.3s;}.elementor-3873 .elementor-element.elementor-element-b23451e > .elementor-background-overlay{transition:background 0.3s, border-radius 0.3s, opacity 0.3s;}.elementor-3873 .elementor-element.elementor-element-59ff5dc .elementor-text-editor{text-align:justify;}.elementor-3873 .elementor-element.elementor-element-59ff5dc{color:#FFFFFF;font-family:\"Ubuntu\", Sans-serif;font-weight:400;}.elementor-3873 .elementor-element.elementor-element-59ff5dc > .elementor-widget-container{margin:0% 5% 0% 5%;}.elementor-3873 .elementor-element.elementor-element-53b03cc .elementor-text-editor{text-align:justify;}.elementor-3873 .elementor-element.elementor-element-53b03cc{font-family:\"Ubuntu\", Sans-serif;font-weight:400;}.elementor-3873 .elementor-element.elementor-element-53b03cc > .elementor-widget-container{margin:0% 5% 0% 5%;}.elementor-3873 .elementor-element.elementor-element-f71a14f .elementor-text-editor{text-align:justify;}.elementor-3873 .elementor-element.elementor-element-f71a14f{font-family:\"Ubuntu\", Sans-serif;font-weight:400;}.elementor-3873 .elementor-element.elementor-element-f71a14f > .elementor-widget-container{margin:0% 5% 0% 5%;}.elementor-3873 .elementor-element.elementor-element-7cbf6ea .elementor-text-editor{text-align:justify;}.elementor-3873 .elementor-element.elementor-element-7cbf6ea{font-family:\"Ubuntu\", Sans-serif;font-weight:400;}.elementor-3873 .elementor-element.elementor-element-7cbf6ea > .elementor-widget-container{margin:0% 5% 0% 5%;}.elementor-3873 .elementor-element.elementor-element-f6c899b:not(.elementor-motion-effects-element-type-background), .elementor-3873 .elementor-element.elementor-element-f6c899b > .elementor-motion-effects-container > .elementor-motion-effects-layer{background-color:#31B7BC;}.elementor-3873 .elementor-element.elementor-element-f6c899b{transition:background 0.3s, border 0.3s, border-radius 0.3s, box-shadow 0.3s;}.elementor-3873 .elementor-element.elementor-element-f6c899b > .elementor-background-overlay{transition:background 0.3s, border-radius 0.3s, opacity 0.3s;}.elementor-3873 .elementor-element.elementor-element-d4f6568 .elementor-text-editor{text-align:justify;}.elementor-3873 .elementor-element.elementor-element-d4f6568{color:#FFFFFF;font-family:\"Ubuntu\", Sans-serif;font-weight:400;}.elementor-3873 .elementor-element.elementor-element-d4f6568 > .elementor-widget-container{margin:0% 5% 0% 5%;}.elementor-3873 .elementor-element.elementor-element-8ef6618 .elementor-text-editor{text-align:justify;}.elementor-3873 .elementor-element.elementor-element-8ef6618{font-family:\"Ubuntu\", Sans-serif;font-weight:400;}.elementor-3873 .elementor-element.elementor-element-8ef6618 > .elementor-widget-container{margin:0% 5% 0% 5%;}.elementor-3873 .elementor-element.elementor-element-0f8ce41 .elementor-text-editor{text-align:justify;}.elementor-3873 .elementor-element.elementor-element-0f8ce41{font-family:\"Ubuntu\", Sans-serif;font-weight:400;}.elementor-3873 .elementor-element.elementor-element-0f8ce41 > .elementor-widget-container{margin:0% 5% 0% 5%;}.elementor-3873 .elementor-element.elementor-element-3bde619 .elementor-text-editor{text-align:justify;}.elementor-3873 .elementor-element.elementor-element-3bde619{font-family:\"Ubuntu\", Sans-serif;font-weight:400;}.elementor-3873 .elementor-element.elementor-element-3bde619 > .elementor-widget-container{margin:0% 5% 0% 5%;}.elementor-3873 .elementor-element.elementor-element-76c546d .elementor-heading-title{color:#31B7BC;font-family:\"Viga\", Sans-serif;font-size:25px;font-weight:600;}.elementor-3873 .elementor-element.elementor-element-76c546d > .elementor-widget-container{margin:0% 5% 0% 5%;}.elementor-3873 .elementor-element.elementor-element-b47592b .elementor-text-editor{text-align:justify;}.elementor-3873 .elementor-element.elementor-element-b47592b{font-family:\"Ubuntu\", Sans-serif;font-weight:400;}.elementor-3873 .elementor-element.elementor-element-b47592b > .elementor-widget-container{margin:0% 5% 0% 5%;}.elementor-3873 .elementor-element.elementor-element-3c4bc06 .elementor-heading-title{color:#31B7BC;font-family:\"Viga\", Sans-serif;font-size:25px;font-weight:600;}.elementor-3873 .elementor-element.elementor-element-3c4bc06 > .elementor-widget-container{margin:0% 5% 0% 5%;}.elementor-3873 .elementor-element.elementor-element-51c9d98 .elementor-text-editor{text-align:justify;}.elementor-3873 .elementor-element.elementor-element-51c9d98{font-family:\"Ubuntu\", Sans-serif;font-weight:400;}.elementor-3873 .elementor-element.elementor-element-51c9d98 > .elementor-widget-container{margin:0% 5% 0% 5%;}.elementor-3873 .elementor-element.elementor-element-a2c1932 .elementor-text-editor{text-align:justify;}.elementor-3873 .elementor-element.elementor-element-a2c1932{font-family:\"Ubuntu\", Sans-serif;font-weight:400;}.elementor-3873 .elementor-element.elementor-element-a2c1932 > .elementor-widget-container{margin:0% 5% 0% 5%;}.elementor-3873 .elementor-element.elementor-element-05568ff .elementor-text-editor{text-align:justify;}.elementor-3873 .elementor-element.elementor-element-05568ff{font-family:\"Ubuntu\", Sans-serif;font-weight:400;}.elementor-3873 .elementor-element.elementor-element-05568ff > .elementor-widget-container{margin:0% 5% 0% 5%;}.elementor-3873 .elementor-element.elementor-element-9456690 .elementor-text-editor{text-align:justify;}.elementor-3873 .elementor-element.elementor-element-9456690{font-family:\"Ubuntu\", Sans-serif;font-weight:400;}.elementor-3873 .elementor-element.elementor-element-9456690 > .elementor-widget-container{margin:0% 5% 0% 5%;}.elementor-3873 .elementor-element.elementor-element-86f1a1f:not(.elementor-motion-effects-element-type-background), .elementor-3873 .elementor-element.elementor-element-86f1a1f > .elementor-motion-effects-container > .elementor-motion-effects-layer{background-color:#31B7BC;}.elementor-3873 .elementor-element.elementor-element-86f1a1f{transition:background 0.3s, border 0.3s, border-radius 0.3s, box-shadow 0.3s;}.elementor-3873 .elementor-element.elementor-element-86f1a1f > .elementor-background-overlay{transition:background 0.3s, border-radius 0.3s, opacity 0.3s;}.elementor-3873 .elementor-element.elementor-element-85b0278 .elementor-text-editor{text-align:justify;}.elementor-3873 .elementor-element.elementor-element-85b0278{color:#FFFFFF;font-family:\"Ubuntu\", Sans-serif;font-weight:400;}.elementor-3873 .elementor-element.elementor-element-85b0278 > .elementor-widget-container{margin:0% 5% 0% 5%;}.elementor-3873 .elementor-element.elementor-element-c39e313 .elementor-text-editor{text-align:justify;}.elementor-3873 .elementor-element.elementor-element-c39e313{font-family:\"Ubuntu\", Sans-serif;font-weight:400;}.elementor-3873 .elementor-element.elementor-element-c39e313 > .elementor-widget-container{margin:0% 5% 0% 5%;}.elementor-3873 .elementor-element.elementor-element-0082802 .elementor-text-editor{text-align:justify;}.elementor-3873 .elementor-element.elementor-element-0082802{font-family:\"Ubuntu\", Sans-serif;font-weight:400;}.elementor-3873 .elementor-element.elementor-element-0082802 > .elementor-widget-container{margin:0% 5% 0% 5%;}.elementor-3873 .elementor-element.elementor-element-a5a83f5 .elementor-text-editor{text-align:justify;}.elementor-3873 .elementor-element.elementor-element-a5a83f5{font-family:\"Ubuntu\", Sans-serif;font-weight:400;}.elementor-3873 .elementor-element.elementor-element-a5a83f5 > .elementor-widget-container{margin:0% 5% 0% 5%;}.elementor-3873 .elementor-element.elementor-element-4c15034 .elementor-heading-title{color:#31B7BC;font-family:\"Viga\", Sans-serif;font-size:25px;font-weight:600;}.elementor-3873 .elementor-element.elementor-element-4c15034 > .elementor-widget-container{margin:0% 5% 0% 5%;}.elementor-3873 .elementor-element.elementor-element-975d7c4 .elementor-text-editor{text-align:justify;}.elementor-3873 .elementor-element.elementor-element-975d7c4{font-family:\"Ubuntu\", Sans-serif;font-weight:400;}.elementor-3873 .elementor-element.elementor-element-975d7c4 > .elementor-widget-container{margin:0% 5% 0% 5%;}.elementor-3873 .elementor-element.elementor-element-af7400c .elementor-heading-title{color:#31B7BC;font-family:\"Viga\", Sans-serif;font-size:25px;font-weight:600;}.elementor-3873 .elementor-element.elementor-element-af7400c > .elementor-widget-container{margin:0% 5% 0% 5%;}.elementor-3873 .elementor-element.elementor-element-50040a4 .elementor-text-editor{text-align:justify;}.elementor-3873 .elementor-element.elementor-element-50040a4{font-family:\"Ubuntu\", Sans-serif;font-weight:400;}.elementor-3873 .elementor-element.elementor-element-50040a4 > .elementor-widget-container{margin:0% 5% 0% 5%;}.elementor-3873 .elementor-element.elementor-element-72cea5b .elementor-text-editor{text-align:justify;}.elementor-3873 .elementor-element.elementor-element-72cea5b{font-family:\"Ubuntu\", Sans-serif;font-weight:400;}.elementor-3873 .elementor-element.elementor-element-72cea5b > .elementor-widget-container{margin:0% 5% 0% 5%;}<\/style>\n<div data-elementor-type=\"wp-post\" data-elementor-id=\"3873\" class=\"elementor elementor-3873\" data-elementor-settings=\"[]\">\n<div class=\"elementor-inner\">\n<div class=\"elementor-section-wrap\">\n<section class=\"elementor-section elementor-top-section elementor-element elementor-element-34798ed elementor-section-boxed elementor-section-height-default elementor-section-height-default\" data-id=\"34798ed\" data-element_type=\"section\">\n<div class=\"elementor-container elementor-column-gap-default\">\n<div class=\"elementor-row\">\n<div class=\"elementor-column elementor-col-100 elementor-top-column elementor-element elementor-element-33b11ae\" data-id=\"33b11ae\" data-element_type=\"column\">\n<div class=\"elementor-column-wrap elementor-element-populated\">\n<div class=\"elementor-widget-wrap\">\n<div class=\"elementor-element elementor-element-266ac64 elementor-widget elementor-widget-theme-post-title elementor-page-title elementor-widget-heading\" data-id=\"266ac64\" data-element_type=\"widget\" data-widget_type=\"theme-post-title.default\">\n<div class=\"elementor-widget-container\">\n<h1 class=\"elementor-heading-title elementor-size-default\">3.2. SEGUNDA FASE: PROCESAMIENTO DE LA DENUNCIA DE VIOLENCIA<\/h1>\n<\/div>\n<\/div>\n<\/div>\n<\/div>\n<\/div>\n<\/div>\n<\/div>\n<\/section>\n<section class=\"elementor-section elementor-top-section elementor-element elementor-element-68a216f elementor-section-boxed elementor-section-height-default elementor-section-height-default\" data-id=\"68a216f\" data-element_type=\"section\">\n<div class=\"elementor-container elementor-column-gap-default\">\n<div class=\"elementor-row\">\n<div class=\"elementor-column elementor-col-100 elementor-top-column elementor-element elementor-element-0c90fb6\" data-id=\"0c90fb6\" data-element_type=\"column\">\n<div class=\"elementor-column-wrap elementor-element-populated\">\n<div class=\"elementor-widget-wrap\">\n<div class=\"elementor-element elementor-element-76c2f82 elementor-widget elementor-widget-text-editor\" data-id=\"76c2f82\" data-element_type=\"widget\" data-widget_type=\"text-editor.default\">\n<div class=\"elementor-widget-container\">\n<div class=\"elementor-text-editor elementor-clearfix\">\n<div class=\"page\" title=\"Page 157\">\n<div class=\"section\">\n<div class=\"layoutArea\">\n<div class=\"column\">\n<p>Todo hecho de violencia contra ni\u00f1as, ni\u00f1os, adolescentes y mujeres podr\u00e1 ser denunciado por la v\u00edctima o cualquier persona que conozca del hecho delictivo.<\/p>\n<div class=\"page\" title=\"Page 157\">\n<div class=\"section\">\n<div class=\"layoutArea\">\n<div class=\"column\">\n<p><span style=\"color: #43358b;\"><strong>\u00bfCu\u00e1les son las instancias receptoras de denuncia?<\/strong><\/span><\/p>\n<div class=\"page\" title=\"Page 157\">\n<div class=\"section\">\n<div class=\"layoutArea\">\n<div class=\"column\">\n<div class=\"page\" title=\"Page 158\">\n<div class=\"section\">\n<div class=\"layoutArea\">\n<div class=\"column\">Las \u00fanicas instancias encargadas de recepcionar la denuncia, para su posterior investigaci\u00f3n son:<\/div>\n<ul>\n<li>El Ministerio P\u00fablico del lugar donde se produjo el hecho o si no tuviera presencia, el m\u00e1s pr\u00f3ximo.<\/li>\n<li>La Polic\u00eda Boliviana a trav\u00e9s de la Fuerza Especial de Lucha contra la Violencia (FELCV) u otros funcionarios policiales donde no exista presencia de este organismo.<\/li>\n<\/ul>\n<p>Estas instancias son las encargadas de recepcionar la denuncia, sea verbal o escrita, ejecutar la investigaci\u00f3n y procesamiento de la misma conforme las previsiones del C\u00f3digo de Procedimiento Penal (CPP). La denuncia v\u00eda una Instancia Promotora debe ser presentada al Ministerio P\u00fablico.<br \/>\nLa calificaci\u00f3n jur\u00eddica de los hechos que pueda utilizar la v\u00edctima en sus declaraciones tiene que ser valorada tomando en cuenta el significado com\u00fanmente dado a las palabras utilizadas, el cual no necesariamente corresponde a su definici\u00f3n jur\u00eddica<a class=\"tooltips\" title=\"Corte IDH, Caso J. vs. Per\u00fa. Excepci\u00f3n preliminar, fondo, reparaciones y costas. Sentencia del 27\nde noviembre 2013, p\u00e1rr. 324.\"><sup>83<\/sup><\/a>.<\/p>\n<\/div>\n<\/div>\n<\/div>\n<\/div>\n<\/div>\n<\/div>\n<\/div>\n<\/div>\n<\/div>\n<\/div>\n<\/div>\n<\/div>\n<\/div>\n<\/div>\n<\/div>\n<\/div><\/div>\n<\/div>\n<\/div>\n<\/div>\n<\/div>\n<\/div>\n<\/div>\n<\/section>\n<section class=\"elementor-section elementor-top-section elementor-element elementor-element-1acb89d elementor-section-boxed elementor-section-height-default elementor-section-height-default\" data-id=\"1acb89d\" data-element_type=\"section\" data-settings=\"{&quot;background_background&quot;:&quot;classic&quot;}\">\n<div class=\"elementor-container elementor-column-gap-default\">\n<div class=\"elementor-row\">\n<div class=\"elementor-column elementor-col-100 elementor-top-column elementor-element elementor-element-62b9801\" data-id=\"62b9801\" data-element_type=\"column\">\n<div class=\"elementor-column-wrap elementor-element-populated\">\n<div class=\"elementor-widget-wrap\">\n<div class=\"elementor-element elementor-element-13eccad elementor-widget elementor-widget-text-editor\" data-id=\"13eccad\" data-element_type=\"widget\" data-widget_type=\"text-editor.default\">\n<div class=\"elementor-widget-container\">\n<div class=\"elementor-text-editor elementor-clearfix\">\n<div class=\"page\" title=\"Page 15\">\n<div class=\"section\">\n<div class=\"layoutArea\">\n<div class=\"column\">\n<div class=\"page\" title=\"Page 24\">\n<div class=\"section\">\n<div class=\"layoutArea\">\n<div class=\"column\">\n<div class=\"page\" title=\"Page 24\">\n<div class=\"section\">\n<div class=\"layoutArea\">\n<div class=\"column\">\n<div class=\"page\" title=\"Page 169\">\n<div class=\"section\">\n<div class=\"layoutArea\">\n<div class=\"column\">\n<p style=\"text-align: center;\">EN LOS LUGARES DONDE NO EXISTAN DEPENDENCIAS DEL MINISTERIO<br \/>P\u00daBLICO, FELCV, DNA, SLIM U OTRA INSTITUCI\u00d3N, FRENTE A LA COMISI\u00d3N<br \/>DE UN HECHO DELICTIVO, LA DENUNCIA DEBER\u00c1 REALIZARSE EN LA POLIC\u00cdA<br \/>O ANTE UN EFECTIVO POLICIAL QUE SE ENCUENTRE EN LA POBLACI\u00d3N O<br \/>COMUNIDAD; EN AUSENCIA DE \u00c9STE, TENDR\u00c1 QUE REALIZARSE ANTE UNA<br \/>AUTORIDAD ADMINISTRATIVA, DIRIGENTE COMUNAL Y\/O AUTORIDAD<br \/>IND\u00cdGENA ORIGINARIO CAMPESINA, Y \u00c9STOS INMEDIATAMENTE DEBER\u00c1N<br \/>DAR A CONOCER DEL HECHO AL FISCAL DE MATERIA M\u00c1S PR\u00d3XIMO.<\/p>\n<\/div>\n<\/div>\n<\/div>\n<\/div>\n<\/div>\n<\/div>\n<\/div>\n<\/div>\n<\/div>\n<\/div>\n<\/div>\n<\/div>\n<\/div>\n<\/div>\n<\/div>\n<\/div>\n<\/div><\/div>\n<\/div>\n<\/div>\n<\/div>\n<\/div>\n<\/div>\n<\/div>\n<\/section>\n<section class=\"elementor-section elementor-top-section elementor-element elementor-element-7121166 elementor-section-boxed elementor-section-height-default elementor-section-height-default\" data-id=\"7121166\" data-element_type=\"section\">\n<div class=\"elementor-container elementor-column-gap-default\">\n<div class=\"elementor-row\">\n<div class=\"elementor-column elementor-col-100 elementor-top-column elementor-element elementor-element-353ffc2\" data-id=\"353ffc2\" data-element_type=\"column\">\n<div class=\"elementor-column-wrap elementor-element-populated\">\n<div class=\"elementor-widget-wrap\">\n<div class=\"elementor-element elementor-element-9b4263b elementor-widget elementor-widget-text-editor\" data-id=\"9b4263b\" data-element_type=\"widget\" data-widget_type=\"text-editor.default\">\n<div class=\"elementor-widget-container\">\n<div class=\"elementor-text-editor elementor-clearfix\">\n<div class=\"page\" title=\"Page 158\">\n<div class=\"section\">\n<div class=\"layoutArea\">\n<div class=\"column\">\n<div class=\"page\" title=\"Page 170\">\n<div class=\"section\">\n<div class=\"layoutArea\">\n<div class=\"column\">\n<p>En ning\u00fan caso podr\u00e1 sugerirse a la v\u00edctima no presentar la denuncia o desistir de continuar con el proceso BAJO RESPONSABILIDAD POR EL DELITO DE INCUMPLIMIENTO DE DEBERES ART\u00cdCULOS 154 y 154 BIS, LEY No. 348.<\/p>\n<p>La denuncia no puede dejar de ser recepcionada bajo el justificativo de que el domicilio de la v\u00edctima o el hecho de violencia se haya cometido en otra zona o distrito distinto al lugar donde se presenta la denuncia, debiendo registrarse en el formulario \u00fanico, realizar las diligencias preliminares, imponer en los casos necesarios las medidas de protecci\u00f3n de car\u00e1cter urgente previa valoraci\u00f3n de riesgo y luego derivar el caso a la oficina que corresponda.<\/p>\n<\/div>\n<\/div>\n<\/div>\n<\/div>\n<\/div>\n<\/div>\n<\/div>\n<\/div>\n<\/div><\/div>\n<\/div>\n<\/div>\n<\/div>\n<\/div>\n<\/div>\n<\/div>\n<\/section>\n<section class=\"elementor-section elementor-top-section elementor-element elementor-element-38c2ed4 elementor-section-boxed elementor-section-height-default elementor-section-height-default\" data-id=\"38c2ed4\" data-element_type=\"section\">\n<div class=\"elementor-container elementor-column-gap-default\">\n<div class=\"elementor-row\">\n<div class=\"elementor-column elementor-col-100 elementor-top-column elementor-element elementor-element-d888231\" data-id=\"d888231\" data-element_type=\"column\">\n<div class=\"elementor-column-wrap elementor-element-populated\">\n<div class=\"elementor-widget-wrap\">\n<div class=\"elementor-element elementor-element-2abaa39 elementor-widget elementor-widget-heading\" data-id=\"2abaa39\" data-element_type=\"widget\" data-widget_type=\"heading.default\">\n<div class=\"elementor-widget-container\">\n<h2 class=\"elementor-heading-title elementor-size-default\">3.2.1 RECEPCI\u00d3N DE LA DENUNCIA EN LA POLIC\u00cdA<\/h2>\n<\/div>\n<\/div>\n<\/div>\n<\/div>\n<\/div>\n<\/div>\n<\/div>\n<\/section>\n<section class=\"elementor-section elementor-top-section elementor-element elementor-element-64eb474 elementor-section-boxed elementor-section-height-default elementor-section-height-default\" data-id=\"64eb474\" data-element_type=\"section\">\n<div class=\"elementor-container elementor-column-gap-default\">\n<div class=\"elementor-row\">\n<div class=\"elementor-column elementor-col-100 elementor-top-column elementor-element elementor-element-c8812e8\" data-id=\"c8812e8\" data-element_type=\"column\">\n<div class=\"elementor-column-wrap elementor-element-populated\">\n<div class=\"elementor-widget-wrap\">\n<div class=\"elementor-element elementor-element-c3c900d elementor-widget elementor-widget-text-editor\" data-id=\"c3c900d\" data-element_type=\"widget\" data-widget_type=\"text-editor.default\">\n<div class=\"elementor-widget-container\">\n<div class=\"elementor-text-editor elementor-clearfix\">\n<div title=\"Page 158\">\n<div>\n<div>\n<div>\n<div title=\"Page 170\">\n<div>\n<div>\n<div>\n<p>La Polic\u00eda Boliviana puede tener conocimiento del caso a trav\u00e9s de tres v\u00edas:<\/p>\n<ul>\n<li>Presentaci\u00f3n directa de la denuncia por parte de la v\u00edctima.<\/li>\n<li>Derivaci\u00f3n por instituciones p\u00fablicas (Instancias Promotoras de la Denuncia), privadas o denuncia de personas particulares.<\/li>\n<li>Intervenci\u00f3n policial preventiva o acci\u00f3n directa del primer efectivo policial que tuvo conocimiento del hecho.<\/li>\n<\/ul>\n<\/div>\n<\/div>\n<\/div>\n<\/div>\n<\/div>\n<\/div>\n<\/div>\n<\/div>\n<\/div><\/div>\n<\/div>\n<\/div>\n<\/div>\n<\/div>\n<\/div>\n<\/div>\n<\/section>\n<section class=\"elementor-section elementor-top-section elementor-element elementor-element-757150e elementor-section-boxed elementor-section-height-default elementor-section-height-default\" data-id=\"757150e\" data-element_type=\"section\">\n<div class=\"elementor-container elementor-column-gap-default\">\n<div class=\"elementor-row\">\n<div class=\"elementor-column elementor-col-100 elementor-top-column elementor-element elementor-element-d528552\" data-id=\"d528552\" data-element_type=\"column\">\n<div class=\"elementor-column-wrap elementor-element-populated\">\n<div class=\"elementor-widget-wrap\">\n<div class=\"elementor-element elementor-element-ab9d2c1 elementor-widget elementor-widget-text-editor\" data-id=\"ab9d2c1\" data-element_type=\"widget\" data-widget_type=\"text-editor.default\">\n<div class=\"elementor-widget-container\">\n<div class=\"elementor-text-editor elementor-clearfix\">\n<div class=\"page\" title=\"Page 158\">\n<div class=\"section\">\n<div class=\"layoutArea\">\n<div class=\"column\">\n<div class=\"page\" title=\"Page 170\">\n<div class=\"section\">\n<div class=\"layoutArea\">\n<div class=\"column\">\n<p>La Polic\u00eda Boliviana suele ser la primera instituci\u00f3n a la que acuden las v\u00edctimas, realizando un papel fundamental en la recepci\u00f3n de la denuncia, en la valoraci\u00f3n del riesgo, disposici\u00f3n de medidas de protecci\u00f3n urgentes y las primeras actuaciones, as\u00ed como las investigaciones bajo la direcci\u00f3n funcional del Ministerio P\u00fablico.<\/p>\n<\/div>\n<\/div>\n<\/div>\n<\/div>\n<\/div>\n<\/div>\n<\/div>\n<\/div>\n<\/div><\/div>\n<\/div>\n<\/div>\n<\/div>\n<\/div>\n<\/div>\n<\/div>\n<\/section>\n<section class=\"elementor-section elementor-top-section elementor-element elementor-element-b23451e elementor-section-boxed elementor-section-height-default elementor-section-height-default\" data-id=\"b23451e\" data-element_type=\"section\" data-settings=\"{&quot;background_background&quot;:&quot;classic&quot;}\">\n<div class=\"elementor-container elementor-column-gap-default\">\n<div class=\"elementor-row\">\n<div class=\"elementor-column elementor-col-100 elementor-top-column elementor-element elementor-element-09f628a\" data-id=\"09f628a\" data-element_type=\"column\">\n<div class=\"elementor-column-wrap elementor-element-populated\">\n<div class=\"elementor-widget-wrap\">\n<div class=\"elementor-element elementor-element-59ff5dc elementor-widget elementor-widget-text-editor\" data-id=\"59ff5dc\" data-element_type=\"widget\" data-widget_type=\"text-editor.default\">\n<div class=\"elementor-widget-container\">\n<div class=\"elementor-text-editor elementor-clearfix\">\n<div class=\"page\" title=\"Page 15\">\n<div class=\"section\">\n<div class=\"layoutArea\">\n<div class=\"column\">\n<div class=\"page\" title=\"Page 24\">\n<div class=\"section\">\n<div class=\"layoutArea\">\n<div class=\"column\">\n<div class=\"page\" title=\"Page 24\">\n<div class=\"section\">\n<div class=\"layoutArea\">\n<div class=\"column\">\n<div class=\"page\" title=\"Page 169\">\n<div class=\"section\">\n<div class=\"layoutArea\">\n<div class=\"column\">\n<p style=\"text-align: center;\">LA POLIC\u00cdA BOLIVIANA DEBER\u00c1 REGIRSE EN SUS ACTUACIONES AL<br \/>MOMENTO DE LA RECEPCI\u00d3N DE LA DENUNCIA BAJO EL PRINCIPIO DE<br \/>INFORMALIDAD PREVISTO EN EL ART. 4 N\u00daM. 11 DE LA LEY No. 348, EL DE<br \/>DESFORMALIZACI\u00d3N DEL ART. 193 B) DE LA LEY No. 548 Y EL ART. 285 DEL<br \/>C\u00d3DIGO DE PROCEDIMIENTO PENAL<\/p>\n<\/div>\n<\/div>\n<\/div>\n<\/div>\n<\/div>\n<\/div>\n<\/div>\n<\/div>\n<\/div>\n<\/div>\n<\/div>\n<\/div>\n<\/div>\n<\/div>\n<\/div>\n<\/div>\n<\/div><\/div>\n<\/div>\n<\/div>\n<\/div>\n<\/div>\n<\/div>\n<\/div>\n<\/section>\n<section class=\"elementor-section elementor-top-section elementor-element elementor-element-5de810b elementor-section-boxed elementor-section-height-default elementor-section-height-default\" data-id=\"5de810b\" data-element_type=\"section\">\n<div class=\"elementor-container elementor-column-gap-default\">\n<div class=\"elementor-row\">\n<div class=\"elementor-column elementor-col-100 elementor-top-column elementor-element elementor-element-697b2ad\" data-id=\"697b2ad\" data-element_type=\"column\">\n<div class=\"elementor-column-wrap elementor-element-populated\">\n<div class=\"elementor-widget-wrap\">\n<div class=\"elementor-element elementor-element-53b03cc elementor-widget elementor-widget-text-editor\" data-id=\"53b03cc\" data-element_type=\"widget\" data-widget_type=\"text-editor.default\">\n<div class=\"elementor-widget-container\">\n<div class=\"elementor-text-editor elementor-clearfix\">\n<div class=\"page\" title=\"Page 158\">\n<div class=\"section\">\n<div class=\"layoutArea\">\n<div class=\"column\">\n<div class=\"page\" title=\"Page 170\">\n<div class=\"section\">\n<div class=\"layoutArea\">\n<div class=\"column\">\n<p><strong>A. RECEPCI\u00d3N DE DENUNCIAS DIRECTAS Y POR DERIVACI\u00d3N<\/strong><\/p>\n<p>El personal policial debe actuar con la debida diligencia a la hora de recibir una denuncia, atendiendo a las especificidades propias de la cuesti\u00f3n que es puesta a su conocimiento para que la respuesta que se brinde sea eficaz.<\/p>\n<\/div>\n<\/div>\n<\/div>\n<\/div>\n<\/div>\n<\/div>\n<\/div>\n<\/div>\n<\/div><\/div>\n<\/div>\n<\/div>\n<\/div>\n<\/div>\n<\/div>\n<\/div>\n<\/section>\n<section class=\"elementor-section elementor-top-section elementor-element elementor-element-312da09 elementor-section-boxed elementor-section-height-default elementor-section-height-default\" data-id=\"312da09\" data-element_type=\"section\">\n<div class=\"elementor-container elementor-column-gap-default\">\n<div class=\"elementor-row\">\n<div class=\"elementor-column elementor-col-100 elementor-top-column elementor-element elementor-element-b900324\" data-id=\"b900324\" data-element_type=\"column\">\n<div class=\"elementor-column-wrap elementor-element-populated\">\n<div class=\"elementor-widget-wrap\">\n<div class=\"elementor-element elementor-element-f71a14f elementor-widget elementor-widget-text-editor\" data-id=\"f71a14f\" data-element_type=\"widget\" data-widget_type=\"text-editor.default\">\n<div class=\"elementor-widget-container\">\n<div class=\"elementor-text-editor elementor-clearfix\">\n<div title=\"Page 158\">\n<div title=\"Page 170\">\n<div title=\"Page 170\">\n<div title=\"Page 170\">\n<div title=\"Page 170\">\n<div title=\"Page 171\">\n<div title=\"Page 171\">\n<p>La recepci\u00f3n de la denuncia deber\u00e1 tomar en cuenta las siguientes directrices:<\/p>\n<table cellspacing=\"0\" cellpadding=\"0\">\n<tbody>\n<tr>\n<td valign=\"middle\"><span style=\"color: #000000; font-family: Ubuntu; font-size: xx-large;\"><b>1<\/b><\/span><\/td>\n<td valign=\"middle\"><strong>Registro obligatorio<\/strong>\n<p>La autoridad policial recepcionar\u00e1 la denuncia en el Formulario \u00danico de Denuncia de acuerdo a lo dispuesto en la Ley No. 1173, en el sistema de registro de denuncias.Cuando no se tenga acceso al sistema inform\u00e1tico la denuncia deber\u00e1 ser llenada en el Formulario \u00danico de Denuncia (Ver Anexo 1) de forma digital o f\u00edsica y puesta en conocimiento del Ministerio P\u00fablico inmediatamente y m\u00e1ximo dentro del plazo de 8 horas, en caso de existir personas arrestadas o aprehendidas, tal situaci\u00f3n debe hacerse constar tambi\u00e9n y remitirse al Ministerio P\u00fablico. (Art. 227 CPP).En el llenado de la denuncia debe incluirse toda la informaci\u00f3n posible solicitada en los campos abiertos, en especial el relato de los hechos debe recoger informaci\u00f3n sobre \u00bfCU\u00c1NDO? (elementos de tiempo, fecha del hecho), \u00bfD\u00d3NDE? (elementos de localizaci\u00f3n, lugar del hecho), \u00bfQUI\u00c9N HIZO? (protagonista, denunciado), \u00bfQU\u00c9 HIZO? (conducta, agresiones) \u00bfA QUI\u00c9N SE LO HIZO? (v\u00edctima), \u00bfC\u00d3MO LO HIZO? (circunstancias de modo, instrumentos, etc., descripci\u00f3n de la conducta) y \u00bfCU\u00c1L FUE EL RESULTADO? (resultados del hecho, da\u00f1o, lesiones) sin que ello implique efectuar, necesariamente, un interrogatorio exhaustivo a la v\u00edctima, respetando el formato del Formulario \u00danico de Denuncia. Deben describirse los hechos utilizando los t\u00e9rminos empleados por la denunciante.<\/p>\n<p>Una de las expresiones m\u00e1s extendidas de la violencia de g\u00e9nero es la violencia dom\u00e9stica por lo que en estos casos, debe comprenderse que si bien se est\u00e1 denunciando un hecho puntual constitutivo de un delito, dicho suceso transcurre en el marco de una relaci\u00f3n afectiva y\/o de intimidad, presente o pasada, generalmente en el \u00e1mbito de una esfera privada, donde la presencia de testigos es nula o escasa y en las que incluso, a veces, seg\u00fan el tipo de delito la evidencia f\u00edsica no siempre estar\u00e1 presente. Es por esta raz\u00f3n que el tipo de v\u00ednculo y el contexto, son de vital importancia pues ella m\u00e1s adelante contribuir\u00e1n a generar en la autoridad jurisdiccional convicci\u00f3n sobre la veracidad del relato de la v\u00edctima.<\/p>\n<p style=\"text-align: center;\"><strong>EL EFECTIVO POLICIAL NO DEBER\u00c1 EXIGIR A LA<\/strong><br \/>\n<strong>V\u00cdCTIMA LA PRESENTACI\u00d3N DE CERTIFICADOS<\/strong><br \/>\n<strong>M\u00c9DICOS, INFORMES PSICOL\u00d3GICOS O CUALQUIER<\/strong><br \/>\n<strong>OTRA FORMALIDAD PARA RECIBIR LA DENUNCIA.<\/strong><br \/>\n<strong>(ART. 86, NUMERAL 9<\/strong><br \/>\n<strong>Y ART. 92 DE LA LEY No. 348, ART. 285 DE LA LEY No.<\/strong><br \/>\n<strong>1173 Y ART. 193 INC. B. DE LA LEY No. 548).<\/strong><\/p>\n<p>Una vez que el caso sea de conocimiento de la FELCV (Plataforma de Atenci\u00f3n) y el hecho constituya delito, deber\u00e1 realizarse la valoraci\u00f3n de riesgo y en su caso disponer las medidas de protecci\u00f3n especial de car\u00e1cter urgente que correspondan, luego se asignar\u00e1 de FORMA INMEDIATA y por orden correlativo de la denuncia, a una investigadora o investigador asignado al caso.<\/p><\/td>\n<\/tr>\n<tr>\n<td valign=\"middle\"><span style=\"color: #000000; font-family: Ubuntu; font-size: xx-large;\"><b>2<\/b><\/span><\/td>\n<td valign=\"middle\"><strong>Proporcionar int\u00e9rpretes<\/strong>\n<p>Se deber\u00e1 tener identificado al personal que hable idiomas distintos al espa\u00f1ol, en caso de requerirlo la v\u00edctima adem\u00e1s de contar con una lista de int\u00e9rpretes e instituciones que puedan brindar este apoyo.<\/p><\/td>\n<\/tr>\n<tr>\n<td valign=\"middle\"><span style=\"color: #000000; font-family: Ubuntu; font-size: xx-large;\"><b>3<\/b><\/span><\/td>\n<td valign=\"middle\"><strong>Apoyo para personas con discapacidad<\/strong>\n<p>Si la v\u00edctima presentase alguna discapacidad deber\u00e1n tomarse en cuenta las directrices de este Protocolo para el primer contacto de las Instituciones Promotoras de la Denuncia, debiendo tomar en cuenta las circunstancias de la v\u00edctima seg\u00fan su tipo de discapacidad no pudiendo dejar de recibir su denuncia. Podr\u00e1 solicitarse apoyo a UMADIS incluido int\u00e9rpretes de lengua de se\u00f1as.<\/p><\/td>\n<\/tr>\n<tr>\n<td valign=\"middle\"><span style=\"color: #000000; font-family: Ubuntu; font-size: xx-large;\"><b>4<\/b><\/span><\/td>\n<td valign=\"middle\">En caso de que la v\u00edctima o testigo sea ni\u00f1a, ni\u00f1o o adolescentes se requerir\u00e1 la presencia de su madre, padre, familiar, tutor\/a, guardador\/a salvo que \u00e9stos fueren sindicados o c\u00f3mplices probables, autores o part\u00edcipes del hecho. En todos los casos se requerir\u00e1 la intervenci\u00f3n de la DNA.<\/td>\n<\/tr>\n<tr>\n<td valign=\"middle\"><span style=\"color: #000000; font-family: Ubuntu; font-size: xx-large;\"><b>5<\/b><\/span><\/td>\n<td valign=\"middle\"><strong>Priorizar los servicios de salud y contenci\u00f3n<\/strong>\n<p>Debe tomarse en cuenta, los lineamientos previstos en este Protocolo para los casos de violencia f\u00edsica y sexual que requieran atenci\u00f3n inmediata o se encuentren en estado de crisis. En caso de que la persona requiera atenci\u00f3n m\u00e9dica, deber\u00e1 ser acompa\u00f1ada o referida, si se encuentra con una persona de su confianza, a un servicio de salud. El equipo interdisciplinario debe hacerse cargo de la contenci\u00f3n cuando la v\u00edctima se encuentre en estado de crisis, de no contarse con el mismo se debe aplicar las recomendaciones descritas en este Protocolo para estos casos.<\/p>\n<p>Tambi\u00e9n debe extenderse la ayuda psicol\u00f3gica a las ni\u00f1as, ni\u00f1os y adolescentes que hayan sido testigos de situaciones de violencia o que est\u00e9n en cualquier otra situaci\u00f3n de riesgo relacionada con este hecho. Para ello, se derivar\u00e1 lo antes posible a los servicios de ayuda psicol\u00f3gica disponibles, en este caso a la DNA, en el marco de la Ley No. 548 C\u00f3digo Ni\u00f1a, Ni\u00f1o y Adolescente.<\/p>\n<p style=\"text-align: center;\"><strong>El o la servidora p\u00fablica policial por ning\u00fan motivo<\/strong><br \/>\n<strong>negar\u00e1 el auxilio y apoyo a la v\u00edctima, alegando falta<\/strong><br \/>\n<strong>de competencia por no ser parte de la FELCV, bajo<\/strong><br \/>\n<strong>responsabilidad penal.<\/strong><\/p>\n<\/td>\n<\/tr>\n<tr>\n<td valign=\"middle\"><span style=\"color: #000000; font-family: Ubuntu; font-size: xx-large;\"><b>6<\/b><\/span><\/td>\n<td valign=\"middle\"><strong>No ingnorar las denuncias por amenazas<\/strong>\n<p>Muchas veces se relativizan las amenazas cuando no existe una agresi\u00f3n f\u00edsica actual de por medio, ello es un grave error y conducta injustificable, menos puede exigirse previamente una valoraci\u00f3n psicol\u00f3gica para atender el caso pues si bien las amenazas constituyen una expresi\u00f3n de esta forma de violencia, para efectos investigativos podr\u00e1 requerirse que la v\u00edctima sea entrevistada por un\/a profesional psic\u00f3logo, la prioridad al recibir la denuncia es EVITAR QUE LA AMENAZA SE MATERIALICE<a class=\"tooltips\" title=\"Debe recordarse que de acuerdo a la Recomendaci\u00f3n General No. 35 del Comit\u00e9 para la Eliminaci\u00f3n de la Discriminaci\u00f3n de la Mujer la violencia en raz\u00f3n de g\u00e9nero contra las mujeres \u201cadopta m\u00faltiples formas, a saber: actos u omisiones destinados a causar o provocar la muerte o un da\u00f1o o sufrimiento f\u00edsico, sexual, psicol\u00f3gico o econ\u00f3mico para las mujeres, amenazas de tales actos, acoso, coacci\u00f3n y privaci\u00f3n arbitraria de la libertad\u201d.\"><sup>84<\/sup><\/a>.<\/p>\n<p>Si no se recepciona la denuncia y se disponen las medidas de protecci\u00f3n especial de car\u00e1cter urgente, de forma<br \/>\noportunamente y, se difiere para despu\u00e9s del informe psicol\u00f3gico se estar\u00e1 dejando en desprotecci\u00f3n a la v\u00edctima y la violencia resultante de la falta de una oportuna protecci\u00f3n, ser\u00e1 responsabilidad de la Polic\u00eda<a class=\"tooltips\" title=\"Revisar los est\u00e1ndares internacionales sobre protecci\u00f3n reforzada de los \u00f3rganos de supervisi\u00f3n de los tratados de la ONU en el marco normativo.\"><sup>85<\/sup><\/a>.<\/p><\/td>\n<\/tr>\n<tr>\n<td valign=\"middle\"><span style=\"color: #000000; font-family: Ubuntu; font-size: xx-large;\"><b>7<\/b><\/span><\/td>\n<td valign=\"middle\"><strong>No revictimizar<\/strong>\n<p>El personal policial no debe incurrir en las conductas revictimizantes descritas en el marco conceptual de este Protocolo (primer parte). Adem\u00e1s, deber\u00e1 observar las directrices establecidas en sus protocolos espec\u00edficos (Ver lista en el Anexo 8).<\/p>\n<p>Deber\u00e1:<\/p>\n<ul>\n<li>Brindar a las v\u00edctimas apoyo, trato digno y respetuoso acorde a su situaci\u00f3n, precautelando por su integridad f\u00edsica y emocional.<\/li>\n<li>Reducir en la medida de lo posible los tiempos de espera, otorg\u00e1ndole las mayores facilidades para presentar la denuncia, as\u00ed como un trato preferente a ni\u00f1as, ni\u00f1os y adolescentes.<\/li>\n<li>Dispensarle una atenci\u00f3n personalizada debiendo ser atendida en lo posible, por polic\u00edas con formaci\u00f3n espec\u00edfica y actualizada, propendiendo a contar en cada dependencia con un m\u00ednimo de personal capacitado.<\/li>\n<li>Evitar que durante el tiempo de su permanencia en dependencias policiales comparta espacio f\u00edsico con otros comparecientes y en especial con el posible agresor, dado que su presencia, adem\u00e1s de suponer un riesgo de nuevos ataques verbales o f\u00edsicos, puede ser una oportunidad para ejercer intimidaci\u00f3n o amenazas, representando un elemento de inquietud y temor que en nada facilitar\u00e1 la presentaci\u00f3n de la denuncia o una declaraci\u00f3n adecuada.<\/li>\n<li>Procurar en lo posible, sea recibida en un lugar c\u00f3modo y seguro, manteniendo cierta privacidad y generando un espacio de confianza, donde la v\u00edctima pueda sentirse contenida, y que no comparta espacios con otras personas que tambi\u00e9n est\u00e1n en situaci\u00f3n de violencia.<\/li>\n<li>Evitar actuaciones o comentarios que la disuadan de presentar la denuncia.<\/li>\n<li>No cuestionar ni poner en duda la palabra de la v\u00edctima ni prejuzgarla por su apariencia, forma de vestir, etc.<\/li>\n<li>Tener una actitud receptiva y emp\u00e1tica hacia la v\u00edctima, sin que sean minimizados los hechos relatados, ni<br \/>\njuzgadas las acciones y registrando la mayor cantidad de informaci\u00f3n aunque, en apariencia, mucha de ella resulte intrascendente.<\/li>\n<li>No recriminarle si habiendo existido anteriores situaciones de violencia dom\u00e9stica no las denunci\u00f3 o habi\u00e9ndolo hecho, las dej\u00f3 sin efecto.<\/li>\n<li>Evitar realizar m\u00e1s de una entrevistas o toma de declaraci\u00f3n por lo que deben ser lo m\u00e1s completas posibles.<\/li>\n<li>Cumplir con los principios con la obligaci\u00f3n de mantener reserva y resguardar la identidad de la ni\u00f1a, ni\u00f1o,<br \/>\nadolescente y mujer v\u00edctima de violencia.<\/li>\n<\/ul>\n<\/td>\n<\/tr>\n<\/tbody>\n<\/table>\n<\/div>\n<\/div>\n<\/div>\n<\/div>\n<\/div>\n<\/div>\n<\/div>\n<\/div><\/div>\n<\/div>\n<\/div>\n<\/div>\n<\/div>\n<\/div>\n<\/div>\n<\/section>\n<section class=\"elementor-section elementor-top-section elementor-element elementor-element-a81de52 elementor-section-boxed elementor-section-height-default elementor-section-height-default\" data-id=\"a81de52\" data-element_type=\"section\">\n<div class=\"elementor-container elementor-column-gap-default\">\n<div class=\"elementor-row\">\n<div class=\"elementor-column elementor-col-100 elementor-top-column elementor-element elementor-element-80730fd\" data-id=\"80730fd\" data-element_type=\"column\">\n<div class=\"elementor-column-wrap elementor-element-populated\">\n<div class=\"elementor-widget-wrap\">\n<div class=\"elementor-element elementor-element-7cbf6ea elementor-widget elementor-widget-text-editor\" data-id=\"7cbf6ea\" data-element_type=\"widget\" data-widget_type=\"text-editor.default\">\n<div class=\"elementor-widget-container\">\n<div class=\"elementor-text-editor elementor-clearfix\">\n<div class=\"page\" title=\"Page 158\">\n<div class=\"section\">\n<div class=\"layoutArea\">\n<div class=\"column\">\n<div class=\"page\" title=\"Page 170\">\n<div class=\"section\">\n<div class=\"layoutArea\">\n<div class=\"column\">\n<p><strong>B. INTERVENCI\u00d3N POLICIAL PREVENTIVA<\/strong><\/p>\n<p>Cuando la Polic\u00eda tiene noticia fehaciente de la comisi\u00f3n de un hecho supuestamente delictivo e interviene a trav\u00e9s de sus \u00f3rganos de prevenci\u00f3n policial, los que tienen la obligaci\u00f3n de realizar el primer paso procedimental se denomina policialmente \u201cAcci\u00f3n Directa\u201d y legalmente \u201cIntervenci\u00f3n Policial Preventiva\u201d, la cual debe ser plasmada en el Informe de Intervenci\u00f3n Policial Preventiva o de Acci\u00f3n Directa, debiendo seguirse los procedimiento previstos en la \u201cGu\u00eda de Acci\u00f3n Directa de la FELCV\u201d<a class=\"tooltips\" title=\"Disponible en: https:\/\/www.comunidad.org.bo\/assets\/archivos\/publicacion\/39ae558376204bc83b- 3578dee8b02e9c.pdf\"><sup>86<\/sup><\/a> (Ver lista en el Anexo 8).<\/p>\n<\/div>\n<\/div>\n<\/div>\n<\/div>\n<\/div>\n<\/div>\n<\/div>\n<\/div>\n<\/div><\/div>\n<\/div>\n<\/div>\n<\/div>\n<\/div>\n<\/div>\n<\/div>\n<\/section>\n<section class=\"elementor-section elementor-top-section elementor-element elementor-element-f6c899b elementor-section-boxed elementor-section-height-default elementor-section-height-default\" data-id=\"f6c899b\" data-element_type=\"section\" data-settings=\"{&quot;background_background&quot;:&quot;classic&quot;}\">\n<div class=\"elementor-container elementor-column-gap-default\">\n<div class=\"elementor-row\">\n<div class=\"elementor-column elementor-col-100 elementor-top-column elementor-element elementor-element-6732bc6\" data-id=\"6732bc6\" data-element_type=\"column\">\n<div class=\"elementor-column-wrap elementor-element-populated\">\n<div class=\"elementor-widget-wrap\">\n<div class=\"elementor-element elementor-element-d4f6568 elementor-widget elementor-widget-text-editor\" data-id=\"d4f6568\" data-element_type=\"widget\" data-widget_type=\"text-editor.default\">\n<div class=\"elementor-widget-container\">\n<div class=\"elementor-text-editor elementor-clearfix\">\n<p><span style=\"font-size: 16px;\">Esta accio\u0301n policial debe ser efectuada por todo\/a servidor\/a policial que se anoticia, recibe la solicitud de intervencio\u0301n o es enviado por la central y que llega primero al lugar del hecho, este de servicio o descanso, de uniforme o de civil, sin distincio\u0301n de grado y lugar de trabajo.<\/span><\/p>\n<div class=\"page\" title=\"Page 202\">\n<div class=\"section\">\n<div class=\"layoutArea\">\n<div class=\"column\">\n<p>La finalidad de la intervencio\u0301n policial de accio\u0301n directa, en los casos de violencia es de:<\/p>\n<p>a) Prevenir la comisio\u0301n de delitos de violencia y una vez consumados, coadyuvar en la investigacio\u0301n;<\/p>\n<p>b) Auxiliar a la vi\u0301ctima y otras involucradas (hijos\/as, familiares);<\/p>\n<p>c) Conservar el lugar del hecho; e,<\/p>\n<p>d) Identificar y arrestar al posible autor, parti\u0301cipes o posibles testigos del hecho. Todo esto hasta el arribo del personal especializado de acuerdo a la naturaleza del hecho, el que debera\u0301 ser convocado por quien llega al lugar de los hechos, para la intervencio\u0301n policial preventiva (accio\u0301n directa).<\/p>\n<p>Recomendaciones para las actuaciones con vi\u0301ctimas.<\/p>\n<ul>\n<li>Dar contencio\u0301n emocional a la vi\u0301ctima. En caso de nin\u0303as, nin\u0303os y\/o adolescentes, incluso, solicitar el apoyo de personal especializado.<\/li>\n<li>La entrevista a la vi\u0301ctima debe realizarla un\/a solo\/a polici\u0301a.<\/li>\n<li>Preguntar a la vi\u0301ctima sobre lo sucedido en un lugar donde se sienta con libertad para contar su versio\u0301n de lo sucedido.<\/li>\n<li>Mantener la objetividad sin dejarse llevar por lasapariencias y prejuicios.<\/li>\n<li>En todo momento los\/as polici\u0301as deben dirigirse a la vi\u0301ctima de violencia con una actitud de ma\u0301ximo respeto y comprensio\u0301n a su situacio\u0301n personal y\/o a los hechos expuestos, manteniendo al agresor alejado de la misma, y atendie\u0301ndola de forma que e\u0301sta se sienta segura y protegida, evitando cualquier trato que pueda culpabilizarla por lo ocurrido.<\/li>\n<li>Otorgar valor a las palabras de la vi\u0301ctima, sin emitir juicios de valor, generar un clima de seguridad y un vi\u0301nculo de confianza, que posibilite avanzar en el abordaje de la situacio\u0301n.<\/li>\n<li>Hacer constar en el Formulario de Intervencio\u0301n Policial Preventiva o Accio\u0301n Directa todos los datos precisos de identificacio\u0301n de la vi\u0301ctima, asi\u0301 como de las lesiones que se aprecien.<\/li>\n<li>En la medida de lo posible se intentara\u0301 tomar la denuncia de la vi\u0301ctima u otra persona denunciante en las dependencias policiales, para lo que se ofrecera\u0301 el acompan\u0303amiento oportuno y traslado si fuera necesario, despue\u0301s de efectuadas las diligencias.<\/li>\n<li>Informar a la vi\u0301ctima que en caso de no hacerlo se presentara\u0301 denuncia de oficio si los\/as polici\u0301as han presenciado los hechos, que constituyen delito.<\/li>\n<li>Informar sobre los recursos y servicios sociales existentes de atencio\u0301n inmediata a vi\u0301ctimas de violencia. La informacio\u0301n es indispensable para que la vi\u0301ctima pueda tomar decisiones en ese momento o en cualquier otro para salir de la situacio\u0301n de violencia por lo que requiere contar con un directorio actualizado.<\/li>\n<\/ul>\n<div class=\"page\" title=\"Page 203\">\n<div class=\"section\">\n<div class=\"layoutArea\">\n<div class=\"column\">\n<p><strong>C. Disposicio\u0301n de medidas de proteccio\u0301n de cara\u0301cter urgente por parte de la polici\u0301a<\/strong><\/p>\n<p>La valoracio\u0301n del riesgo, es una herramienta crucial para ayudar a la Polici\u0301a a determinar la existencia de riesgo para la vi\u0301ctima de sufrir ma\u0301s violencia en el futuro, y asi\u0301 asegurar que reciba la proteccio\u0301n adecuada mediante la disposicio\u0301n de medidas de proteccio\u0301n que respondan a sus circunstancias particulares. La valoracio\u0301n de riesgo tambie\u0301n servira\u0301 para desarrollar con la vi\u0301ctima, recomendaciones para preservar su seguridad y la de sus hijos e hijas.<\/p>\n<\/div>\n<\/div>\n<\/div>\n<\/div>\n<\/div>\n<\/div>\n<\/div>\n<\/div>\n<\/div><\/div>\n<\/div>\n<\/div>\n<\/div>\n<\/div>\n<\/div>\n<\/div>\n<\/section>\n<section class=\"elementor-section elementor-top-section elementor-element elementor-element-7660082 elementor-section-boxed elementor-section-height-default elementor-section-height-default\" data-id=\"7660082\" data-element_type=\"section\">\n<div class=\"elementor-container elementor-column-gap-default\">\n<div class=\"elementor-row\">\n<div class=\"elementor-column elementor-col-100 elementor-top-column elementor-element elementor-element-3b8445b\" data-id=\"3b8445b\" data-element_type=\"column\">\n<div class=\"elementor-column-wrap elementor-element-populated\">\n<div class=\"elementor-widget-wrap\">\n<div class=\"elementor-element elementor-element-8ef6618 elementor-widget elementor-widget-text-editor\" data-id=\"8ef6618\" data-element_type=\"widget\" data-widget_type=\"text-editor.default\">\n<div class=\"elementor-widget-container\">\n<div class=\"elementor-text-editor elementor-clearfix\">\n<div class=\"page\" title=\"Page 158\">\n<div class=\"section\">\n<div class=\"layoutArea\">\n<div class=\"column\">\n<div class=\"page\" title=\"Page 170\">\n<div class=\"section\">\n<div class=\"layoutArea\">\n<div class=\"column\">\n<div class=\"page\" title=\"Page 204\">\n<div class=\"section\">\n<div class=\"layoutArea\">\n<div class=\"column\">\n<p>El procedimiento a seguirse para la valoracio\u0301n de riesgo e imposicio\u0301n de medidas de proteccio\u0301n es el mismo que fue descrito para las Instituciones Promotoras de Denuncia. Adicionalmente, la o el polici\u0301a debera\u0301:<\/p>\n<\/div>\n<\/div>\n<\/div>\n<\/div>\n<\/div>\n<\/div>\n<\/div>\n<\/div>\n<\/div>\n<\/div>\n<\/div>\n<\/div>\n<\/div><\/div>\n<\/div>\n<\/div>\n<\/div>\n<\/div>\n<\/div>\n<\/div>\n<\/section>\n<section class=\"elementor-section elementor-top-section elementor-element elementor-element-b202067 elementor-section-boxed elementor-section-height-default elementor-section-height-default\" data-id=\"b202067\" data-element_type=\"section\">\n<div class=\"elementor-container elementor-column-gap-default\">\n<div class=\"elementor-row\">\n<div class=\"elementor-column elementor-col-100 elementor-top-column elementor-element elementor-element-b2c5a08\" data-id=\"b2c5a08\" data-element_type=\"column\">\n<div class=\"elementor-column-wrap elementor-element-populated\">\n<div class=\"elementor-widget-wrap\">\n<div class=\"elementor-element elementor-element-0f8ce41 elementor-widget elementor-widget-text-editor\" data-id=\"0f8ce41\" data-element_type=\"widget\" data-widget_type=\"text-editor.default\">\n<div class=\"elementor-widget-container\">\n<div class=\"elementor-text-editor elementor-clearfix\">\n<table cellspacing=\"0\" cellpadding=\"0\">\n<tbody>\n<tr>\n<td valign=\"middle\"><span style=\"color: #000000; font-family: Ubuntu; font-size: xx-large;\"><b>1<\/b><\/span><\/td>\n<td valign=\"middle\">\n<p align=\"justify\"><span style=\"color: #000000; font-family: Ubuntu; font-size: small;\"><b><i>Realizar la valoraci\u00f3n de riesgo en el sistema Adela Zamudio<span class=\"Apple-converted-space\">\u00a0<\/span><\/i><\/b><\/span><\/p>\n<p align=\"justify\"><span style=\"color: #000000; font-family: Ubuntu; font-size: small;\">Registrada la denuncia debe realizarse la valoraci\u00f3n de la situaci\u00f3n de riesgo de la v\u00edctima, y en caso de ser necesario imponerse las medidas de protecci\u00f3n especial de car\u00e1cter urgente previstas en la Ley No. 1173. Para ello como se ha se\u00f1alado trat\u00e1ndose de violencia contra las mujeres en relaciones de (ex)pareja (c\u00f3nyuges, convivientes, novios, enamorados, etc.) la valoraci\u00f3n debe realizarse llen\u00e1ndose el <b>FORMULARIO DE VALORACI\u00d3N DE RIESGO EN RELACIONES DE PAREJA <\/b>que en el caso de la FELCV est\u00e1 disponible en el \u201cSistema Adela Zamudio\u201d. Tambi\u00e9n podr\u00e1n llenar el formulario f\u00edsico quienes no tienen acceso a este sistema para lo cual, deber\u00e1 imprimirse el mismo. En caso de no contar con ninguno de estos dos recursos, realizar\u00e1 las preguntas del formulario y registrar\u00e1 los aspectos que considere que evidencian la situaci\u00f3n de riesgo a efecto de incluirlos en el informe de inicio de denuncia.<span class=\"Apple-converted-space\">\u00a0<\/span><\/span><\/p>\n<p align=\"justify\"><span style=\"color: #000000; font-family: Ubuntu; font-size: small;\">Si no pudiera accederse por ning\u00fan medio al contenido del formulario, valorar\u00e1 el riesgo tomando en cuenta m\u00ednimamente: <b>La relaci\u00f3n v\u00edctima \u2013 agresor, la situaci\u00f3n de vulnerabilidad de la v\u00edctima, la cohabitaci\u00f3n con el denunciado, la existencia de hechos de violencia anteriores, tipos de violencia ejercida, la existencia de amenazas contra la vida o la integridad, el incremento de la frecuencia y gravedad de las mismas, existencia de antecedentes penales del denunciado, la conducta violenta cuando se consume alcohol o drogas y la percepci\u00f3n de situaci\u00f3n de riesgo de la v\u00edctima, <\/b>para ello, igual que en el caso anterior registrar\u00e1 los aspectos que considere que evidencian la situaci\u00f3n de riesgo a efecto de incluirlos en el informe de inicio de denuncia.<span class=\"Apple-converted-space\">\u00a0<\/span><\/span><\/p>\n<p align=\"justify\"><span style=\"color: #000000; font-family: Ubuntu; font-size: small;\">Trat\u00e1ndose <b>de hechos de violencia flagrantes contra mujeres o en aquellos casos en los que la gravedad de los hechos o de las amenazas contra la vida o la integridad de la v\u00edctima o en los que la situaci\u00f3n de vulnerabilidad de la v\u00edctima fuesen evidentes, se impondr\u00e1n las medidas de protecci\u00f3n especial que correspondan por su car\u00e1cter de urgencia, excepcionalmente, sin necesidad de llenar el formulario de valoraci\u00f3n de riesgo, con mayor raz\u00f3n si la v\u00edctima compartiese domicilio con el denunciado, las medidas deben imponerse y ejecutarse de manera inmediata por la polic\u00eda.<span class=\"Apple-converted-space\">\u00a0<\/span><\/b><\/span><\/p>\n<p align=\"justify\"><span style=\"color: #000000; font-family: Ubuntu; font-size: small;\">En casos de denuncias por amenazas debe recordarse que una de las funciones de la Polic\u00eda es la prevenci\u00f3n de los hechos de violencia, por lo que para valorar el riesgo en los casos de amenazas debe tomarse en cuenta, entre otros factores, los siguientes: <b>la existencia de hechos de violencia anteriores, la gravedad de la amenaza, la situaci\u00f3n de vulnerabilidad de la v\u00edctima, el acceso a armas u otros medios con los que cuente el agresor y su acceso a la v\u00edctima, en especial si cohabitan para disponer las medidas de protecci\u00f3n especial con car\u00e1cter de urgencia, en especial las de alejamiento del posible agresor.<span class=\"Apple-converted-space\">\u00a0<\/span><\/b><\/span><\/p>\n<\/td>\n<\/tr>\n<tr>\n<td valign=\"middle\"><span style=\"color: #000000; font-family: Ubuntu; font-size: xx-large;\"><b>2<\/b><\/span><\/td>\n<td valign=\"middle\">\n<p align=\"justify\"><span style=\"color: #000000; font-family: Ubuntu; font-size: small;\"><b><i>Diponer las medidas de protecci\u00f3n urgentes<span class=\"Apple-converted-space\">\u00a0<\/span><\/i><\/b><\/span><\/p>\n<p align=\"justify\"><span style=\"color: #000000; font-family: Ubuntu; font-size: small;\">La decisi\u00f3n de la disposici\u00f3n de medidas de protecci\u00f3n especiales dispuestas se realizar\u00e1, trat\u00e1ndose de NNA, empleando el Formulario de Constancia de Disposici\u00f3n y Notificaci\u00f3n de Medidas de Protecci\u00f3n para Ni\u00f1as, Ni\u00f1os y Adolescentes \u2013 Urgentes (Anexo 3), en cuyo caso una copia deber\u00e1 ser entregada a su representante legal, en el caso de las mujeres se llenar\u00e1 el Formulario de Constancia de Disposici\u00f3n y Notificaci\u00f3n de Medidas de Protecci\u00f3n para Mujeres \u2013 Urgentes (Anexo 4) o el Formulario de Constancia de Disposici\u00f3n y Notificaci\u00f3n de Medidas de Protecci\u00f3n para Mujeres V\u00edctimas de Acoso o Violencia Pol\u00edtica\u2013 Urgentes (<b><i>Anexo 5), con cuya copia se notificar\u00e1 a la v\u00edctima. Estos form<\/i><\/b>ularios est\u00e1n disponibles en el Sistema Adela Zamudio (on line y offline) en casos de no acceder al sistema se llenar\u00e1 el formulario en f\u00edsico.<span class=\"Apple-converted-space\">\u00a0<\/span><\/span><\/p>\n<\/td>\n<\/tr>\n<tr>\n<td valign=\"middle\"><span style=\"color: #000000; font-family: Ubuntu; font-size: xx-large;\"><b>3<\/b><\/span><\/td>\n<td valign=\"middle\">\n<p align=\"justify\"><span style=\"color: #000000; font-family: Ubuntu; font-size: small;\"><b><i>Informar al ministerio p\u00fablico y notificar al denunciado<span class=\"Apple-converted-space\">\u00a0<\/span><\/i><\/b><\/span><\/p>\n<p align=\"justify\"><span style=\"color: #000000; font-family: Ubuntu; font-size: small;\">Debe informar inmediatamente, al Ministerio P\u00fablico, juntamente con la denuncia, mediante el sistema inform\u00e1tico o en forma f\u00edsica cuando no se tenga acceso a \u00e9ste y proceder con la notificaci\u00f3n personal al denunciado entreg\u00e1ndole copia del Formulario de Constancia de Disposici\u00f3n y Notificaci\u00f3n de Medidas de Protecci\u00f3n Urgentes advirti\u00e9ndole las consecuencias en caso de incumplimiento. La notificaci\u00f3n no incluir\u00e1 copia del formulario de valoraci\u00f3n de riesgo.<span class=\"Apple-converted-space\">\u00a0<\/span><\/span><\/p>\n<\/td>\n<\/tr>\n<tr>\n<td valign=\"middle\"><span style=\"color: #000000; font-family: Ubuntu; font-size: xx-large;\"><b>4<\/b><\/span><\/td>\n<td valign=\"middle\">\n<p align=\"justify\"><span style=\"color: #000000; font-family: Ubuntu; font-size: small;\"><b><i>Ejecutar las medidas de protecci\u00f3n<span class=\"Apple-converted-space\">\u00a0<\/span><\/i><\/b><\/span><\/p>\n<p align=\"justify\"><span style=\"color: #000000; font-family: Ubuntu; font-size: small;\">Ejecutar, inmediatamente, las medidas de protecci\u00f3n especial de car\u00e1cter urgente que hubieran dispuesto la Polic\u00eda, el Ministerio P\u00fablico o una Instancia Promotora de la Denuncia.<span class=\"Apple-converted-space\">\u00a0<\/span><\/span><\/p>\n<\/td>\n<\/tr>\n<tr>\n<td valign=\"middle\"><span style=\"color: #000000; font-family: Ubuntu; font-size: xx-large;\"><b>5<\/b><\/span><\/td>\n<td valign=\"middle\">\n<p align=\"justify\"><span style=\"color: #000000; font-family: Ubuntu; font-size: small;\"><b><i>Realizar el seguimiento<span class=\"Apple-converted-space\">\u00a0<\/span><\/i><\/b><\/span><\/p>\n<p align=\"justify\"><span style=\"color: #000000; font-family: Ubuntu; font-size: small;\">Realizar el seguimiento a la situaci\u00f3n de la v\u00edctima por setenta y dos (72) horas, con el fin de garantizar la eficacia de la protecci\u00f3n brindada a la v\u00edctima en situaci\u00f3n de violencia y las otras personas que estuvieran en riesgo, a trav\u00e9s de visitas al domicilio de la v\u00edctima o mediante comunicaciones telef\u00f3nicas. Los resultados de este seguimiento deben reportarse en el informe preliminar; en caso de tener conocimiento del incumplimiento de las medidas de protecci\u00f3n se debe comunicar esta situaci\u00f3n de inmediato al Ministerio P\u00fablico para que act\u00fae conforme dispone la Ley No. 1173.<span class=\"Apple-converted-space\">\u00a0<\/span><\/span><\/p>\n<p align=\"justify\"><span style=\"color: #000000; font-family: Ubuntu; font-size: small;\">Trat\u00e1ndose de ni\u00f1as, ni\u00f1os y adolescentes es importante que las instituciones que tienen contacto permanente con la v\u00edctima, como las unidades educativas, puedan apoyar en el cumplimiento de las medidas de protecci\u00f3n por lo que tambi\u00e9n deber\u00e1n ser informadas.<span class=\"Apple-converted-space\">\u00a0<\/span><\/span><\/p>\n<p align=\"justify\"><span style=\"color: #000000; font-family: Ubuntu; font-size: small;\">El seguimiento posterior a las 72 horas se realizar\u00e1 en coordinaci\u00f3n con las Instituciones Promotoras de Denuncia, la periodicidad se sujetar\u00e1 a la previa determinaci\u00f3n del riesgo.<span class=\"Apple-converted-space\">\u00a0<\/span><\/span><\/p>\n<p align=\"justify\"><span style=\"color: #000000; font-family: Ubuntu; font-size: small;\">Cuando la v\u00edctima solicite el auxilio policial deber\u00e1 procederse de inmediato a la intervenci\u00f3n, en particular cuando se hayan dipuesto medidas de protecci\u00f3n el pedido de auxilio deber\u00e1 ser tratado como un caso de emergencia<\/span><span style=\"color: #000000; font-family: Ubuntu; font-size: small;\"><a class=\"tooltips\" title=\"Seg\u00fan se\u00f1ala el Comit\u00e9 para la Eliminaci\u00f3n de la Discriminaci\u00f3n contra la Mujer en su dictamen dentro del Caso \u015eahide Goekce Vs Austria, descrito en el marco normativo.\"><sup>87<\/sup><\/a><\/span><span style=\"color: #000000; font-family: Ubuntu; font-size: small;\">.<span class=\"Apple-converted-space\">\u00a0<\/span><\/span><\/p>\n<\/td>\n<\/tr>\n<tr>\n<td valign=\"middle\"><span style=\"color: #000000; font-family: Ubuntu; font-size: xx-large;\"><b>6<\/b><\/span><\/td>\n<td valign=\"middle\">\n<p align=\"justify\"><span style=\"color: #000000; font-family: Ubuntu; font-size: small;\"><b><i>Elaborar planes de seguridad con la v\u00edctima<span class=\"Apple-converted-space\">\u00a0<\/span><\/i><\/b><\/span><\/p>\n<p align=\"justify\"><span style=\"color: #000000; font-family: Ubuntu; font-size: small;\">Estimar el riesgo es necesario para adecuar no solo las medidas de protecci\u00f3n especial que se dispondr\u00e1n para resguardar la integridad f\u00edsica y ps\u00edquica de la v\u00edctima, sino tambi\u00e9n para construir con la v\u00edctima medidas de autoprotecci\u00f3n.<span class=\"Apple-converted-space\">\u00a0<\/span><\/span><\/p>\n<p align=\"justify\"><span style=\"color: #000000; font-family: Ubuntu; font-size: small;\">Por tanto, independientemente, de la imposici\u00f3n de medidas de protecci\u00f3n, se debe realizar recomendaciones a la v\u00edctima para su seguridad de manera que est\u00e9 preparada y act\u00fae con rapidez ante una nueva posible agresi\u00f3n, tales como:<span class=\"Apple-converted-space\">\u00a0<\/span><\/span><\/p>\n<ul>\n<li><span style=\"color: #000000; font-family: Ubuntu; font-size: small;\">Identificar salidas de escape de la casa.<\/span><\/li>\n<li><span style=\"color: #000000; font-family: Ubuntu; font-size: small;\">Reunir y mantener en un lugar seguro o con alguna persona de confianza, objetos, prendas y documentaci\u00f3n personal importante (incluida la de hijas e hijos as\u00ed como aquella que se relacione con agresiones anteriores), duplicado de las llaves del domicilio y veh\u00edculo; dinero y medicamentos si se requiere.<span class=\"Apple-converted-space\">\u00a0<\/span><\/span><\/li>\n<li><span style=\"color: #000000; font-family: Ubuntu; font-size: small;\">Si tienen una cuenta bancaria compartida, considere la posibilidad de retirar el dinero que le corresponda.<span class=\"Apple-converted-space\">\u00a0<\/span><\/span><\/li>\n<li><span style=\"color: #000000; font-family: Ubuntu; font-size: small;\">Hable anticipadamente con quien la pueda ayudar.<span class=\"Apple-converted-space\">\u00a0<\/span><\/span><\/li>\n<li><span style=\"color: #000000; font-family: Ubuntu; font-size: small;\">Establezca una se\u00f1al con sus hijos y vecinos, que les permita identificar que en ese momento se encuentra en riesgo latente y que se requiere pedir ayuda.<span class=\"Apple-converted-space\">\u00a0<\/span><\/span><\/li>\n<li><span style=\"color: #000000; font-family: Ubuntu; font-size: small;\">Re\u00fana todos los n\u00fameros telef\u00f3nicos importantes, incluyendo del o la polic\u00eda.<span class=\"Apple-converted-space\">\u00a0<\/span><\/span><\/li>\n<li><span style=\"color: #000000; font-family: Ubuntu; font-size: small;\">Hable con sus hijos\/as mayores sobre la situaci\u00f3n.<span class=\"Apple-converted-space\">\u00a0<\/span><\/span><\/li>\n<li><span style=\"color: #000000; font-family: Ubuntu; font-size: small;\">Si trabaja, informe la situaci\u00f3n a su jefe y al personal de seguridad del centro laboral.<span class=\"Apple-converted-space\">\u00a0<\/span><\/span><\/li>\n<li><span style=\"color: #000000; font-family: Ubuntu; font-size: small;\">Utilice v\u00edas diferentes para llegar, ingresar o salir del centro de trabajo.<span class=\"Apple-converted-space\">\u00a0<\/span><\/span><\/li>\n<li><span style=\"color: #000000; font-family: Ubuntu; font-size: small;\">Procure ser acompa\u00f1ada por otras personas en sus recorridos.<span class=\"Apple-converted-space\">\u00a0<\/span><\/span><\/li>\n<li><span style=\"color: #000000; font-family: Ubuntu; font-size: small;\">Evite encontrarse sola en lugares poco concurridos.<span class=\"Apple-converted-space\">\u00a0<\/span><\/span><\/li>\n<li><span style=\"color: #000000; font-family: Ubuntu; font-size: small;\">No acuda a los lugares que acostumbra (servicios, recreativos, religiosos, entre otros), c\u00e1mbielos por opciones que no conozca su agresor.<span class=\"Apple-converted-space\">\u00a0<\/span><\/span><\/li>\n<li><span style=\"color: #000000; font-family: Ubuntu; font-size: small;\">Comunique a los dem\u00e1s a donde ir\u00e1.<span class=\"Apple-converted-space\">\u00a0<\/span><\/span><\/li>\n<li><span style=\"color: #000000; font-family: Ubuntu; font-size: small;\">Tenga cerca su celular para poder hacer uso del bot\u00f3n de p\u00e1nico en caso de que se le haya asignado.<\/span><\/li>\n<\/ul>\n<\/td>\n<\/tr>\n<\/tbody>\n<\/table>\n<\/div><\/div>\n<\/div>\n<\/div>\n<\/div>\n<\/div>\n<\/div>\n<\/div>\n<\/section>\n<section class=\"elementor-section elementor-top-section elementor-element elementor-element-3353816 elementor-section-boxed elementor-section-height-default elementor-section-height-default\" data-id=\"3353816\" data-element_type=\"section\">\n<div class=\"elementor-container elementor-column-gap-default\">\n<div class=\"elementor-row\">\n<div class=\"elementor-column elementor-col-100 elementor-top-column elementor-element elementor-element-c6a5b2f\" data-id=\"c6a5b2f\" data-element_type=\"column\">\n<div class=\"elementor-column-wrap elementor-element-populated\">\n<div class=\"elementor-widget-wrap\">\n<div class=\"elementor-element elementor-element-3bde619 elementor-widget elementor-widget-text-editor\" data-id=\"3bde619\" data-element_type=\"widget\" data-widget_type=\"text-editor.default\">\n<div class=\"elementor-widget-container\">\n<div class=\"elementor-text-editor elementor-clearfix\">\n<div class=\"page\" title=\"Page 208\">\n<div class=\"section\">\n<div class=\"layoutArea\">\n<div class=\"column\">\n<p>Las precauciones enumeradas no son u\u0301nicas ni limitativas, tienen que servir de orientacio\u0301n en la determinacio\u0301n de las que puedan resultar ma\u0301s u\u0301tiles para la mujer y su familia, en cada caso. Se procurara\u0301 entregar estas recomendaciones por escrito.<\/p>\n<\/div>\n<\/div>\n<\/div>\n<\/div>\n<\/div><\/div>\n<\/div>\n<\/div>\n<\/div>\n<\/div>\n<\/div>\n<\/div>\n<\/section>\n<section class=\"elementor-section elementor-top-section elementor-element elementor-element-0352fec elementor-section-boxed elementor-section-height-default elementor-section-height-default\" data-id=\"0352fec\" data-element_type=\"section\">\n<div class=\"elementor-container elementor-column-gap-default\">\n<div class=\"elementor-row\">\n<div class=\"elementor-column elementor-col-100 elementor-top-column elementor-element elementor-element-1fb9e85\" data-id=\"1fb9e85\" data-element_type=\"column\">\n<div class=\"elementor-column-wrap elementor-element-populated\">\n<div class=\"elementor-widget-wrap\">\n<div class=\"elementor-element elementor-element-76c546d elementor-widget elementor-widget-heading\" data-id=\"76c546d\" data-element_type=\"widget\" data-widget_type=\"heading.default\">\n<div class=\"elementor-widget-container\">\n<h2 class=\"elementor-heading-title elementor-size-default\">3.2.2 RECEPCI\u00d3N DE LA DENUNCIA EN EL MINISTERIO P\u00daBLICO<\/h2>\n<\/div>\n<\/div>\n<\/div>\n<\/div>\n<\/div>\n<\/div>\n<\/div>\n<\/section>\n<section class=\"elementor-section elementor-top-section elementor-element elementor-element-445132c elementor-section-boxed elementor-section-height-default elementor-section-height-default\" data-id=\"445132c\" data-element_type=\"section\">\n<div class=\"elementor-container elementor-column-gap-default\">\n<div class=\"elementor-row\">\n<div class=\"elementor-column elementor-col-100 elementor-top-column elementor-element elementor-element-ae10b76\" data-id=\"ae10b76\" data-element_type=\"column\">\n<div class=\"elementor-column-wrap elementor-element-populated\">\n<div class=\"elementor-widget-wrap\">\n<div class=\"elementor-element elementor-element-b47592b elementor-widget elementor-widget-text-editor\" data-id=\"b47592b\" data-element_type=\"widget\" data-widget_type=\"text-editor.default\">\n<div class=\"elementor-widget-container\">\n<div class=\"elementor-text-editor elementor-clearfix\">\n<div class=\"page\" title=\"Page 208\">\n<div class=\"section\">\n<div class=\"layoutArea\">\n<div class=\"column\">\n<table cellspacing=\"0\" cellpadding=\"0\">\n<tbody>\n<tr>\n<td valign=\"middle\">\n<p><span style=\"color: #000000; font-family: Ubuntu; font-size: xx-large;\"><b>1<\/b><\/span><\/p>\n<\/td>\n<td valign=\"middle\">\n<p align=\"justify\"><span style=\"color: #000000; font-family: Ubuntu; font-size: small;\"><b><i>Atenci\u00f3n de acuerdo al estado f\u00edsico y psicol\u00f3gico de la v\u00edctima<span class=\"Apple-converted-space\">\u00a0<\/span><\/i><\/b><\/span><\/p>\n<p align=\"justify\"><span style=\"color: #000000; font-family: Ubuntu; font-size: small;\">El Ministerio P\u00fablico recibe la noticia sobre la probable comisi\u00f3n de un hecho il\u00edcito a trav\u00e9s de:<span class=\"Apple-converted-space\">\u00a0<\/span><\/span><\/p>\n<ol>\n<li><span style=\"color: #000000; font-family: Ubuntu; font-size: small;\">Denuncia verbal o escrita, o querella.<span class=\"Apple-converted-space\">\u00a0<\/span><\/span><\/li>\n<li><span style=\"color: #000000; font-family: Ubuntu; font-size: small;\">FELCV u otras instancias policiales.<span class=\"Apple-converted-space\">\u00a0<\/span><\/span><\/li>\n<li><span style=\"color: #000000; font-family: Ubuntu; font-size: small;\">Instancias Promotoras de la Denuncia.<span class=\"Apple-converted-space\">\u00a0<\/span><\/span><\/li>\n<li><span style=\"color: #000000; font-family: Ubuntu; font-size: small;\">Instituciones p\u00fablicas o privadas.<span class=\"Apple-converted-space\">\u00a0<\/span><\/span><\/li>\n<\/ol>\n<p align=\"justify\"><span style=\"color: #000000; font-family: Ubuntu; font-size: small;\">Tomando en cuenta las circunstancias en las que puede presentarse la v\u00edctima al Ministerio P\u00fablico:<span class=\"Apple-converted-space\">\u00a0<\/span><\/span><\/p>\n<p align=\"justify\"><span style=\"color: #000000; font-family: Ubuntu; font-size: small;\"><b><i>La v\u00edctima se encuentra en estado de crisis con necesidad urgente de intervenci\u00f3n psicol\u00f3gica<span class=\"Apple-converted-space\">\u00a0<\/span><\/i><\/b><\/span><\/p>\n<ul>\n<li><span style=\"color: #000000; font-family: Ubuntu; font-size: small;\">a) La o el Fiscal de Materia convocar\u00e1 a la Unidad de Protecci\u00f3n a V\u00edctimas y Testigos (UPAVT) o Instancia Promotora de Denuncia para la atenci\u00f3n inmediata de la v\u00edctima.<\/span><\/li>\n<li><span style=\"color: #000000; font-family: Ubuntu; font-size: small;\">b) La UPAVT u otra Instancia Promotora (SLIM, DNA, SIJPLU, SEPDAVI), realizar\u00e1 la contenci\u00f3n en crisis a efecto de estabilizar a la v\u00edctima para que pueda interponer su denuncia, de manera inmediata y oportuna.<span class=\"Apple-converted-space\">\u00a0<\/span><\/span><\/li>\n<li><span style=\"color: #000000; font-family: Ubuntu; font-size: small;\">c) Seguidamente, en la Plataforma de Atenci\u00f3n Integral al P\u00fablico y Orientaci\u00f3n al P\u00fablico o el Fiscal de turno registrar\u00e1 el caso en el FORMULARIO \u00daNICO DE DENUNCIA en el sistema inform\u00e1tico.<span class=\"Apple-converted-space\">\u00a0<\/span><\/span><\/li>\n<li><span style=\"color: #000000; font-family: Ubuntu; font-size: small;\">d) Se le informar\u00e1 sobre el derecho a estar acompa\u00f1ada de una persona de su confianza.<span class=\"Apple-converted-space\">\u00a0<\/span><\/span><\/li>\n<li><span style=\"color: #000000; font-family: Ubuntu; font-size: small;\">e) En caso de que la v\u00edctima sea ni\u00f1a, ni\u00f1o o adolescente se requerir\u00e1 la presencia de su madre, padre, familiar de confianza, tutor\/a, guardador\/a salvo que \u00e9ste fuera sindicado o c\u00f3mplice probable, autor o part\u00edcipe del hecho. En todos los casos se requerir\u00e1 la intervenci\u00f3n de la DNA.<span class=\"Apple-converted-space\">\u00a0<\/span><\/span><\/li>\n<li><span style=\"color: #000000; font-family: Ubuntu; font-size: small;\">f) Si la v\u00edctima hablase un idioma diferente al espa\u00f1ol o lengua de se\u00f1as la o el Fiscal de Materia requerir\u00e1 la presencia de un\/a int\u00e9rprete.<span class=\"Apple-converted-space\">\u00a0<\/span><\/span><\/li>\n<li><span style=\"color: #000000; font-family: Ubuntu; font-size: small;\">g) Concluida la recepci\u00f3n de la denuncia, la o el Fiscal de Materia requerir\u00e1 al personal de la UPAVT o Instancia Promotora de Denuncia, el apoyo interinstitucional para la atenci\u00f3n prioritaria de la v\u00edctima.<span class=\"Apple-converted-space\">\u00a0<\/span><\/span><\/li>\n<li><span style=\"color: #000000; font-family: Ubuntu; font-size: small;\">h) La o el Fiscal de Materia deber\u00e1 informar a la v\u00edctima en lenguaje claro y sencillo sobre sus derechos, garant\u00edas, medidas de protecci\u00f3n y ex\u00e1menes o pruebas que fueran pertinentes al caso y la importancia de su participaci\u00f3n durante todo el proceso.<span class=\"Apple-converted-space\">\u00a0<\/span><\/span><\/li>\n<li><span style=\"color: #000000; font-family: Ubuntu; font-size: small;\">i) La o el Fiscal de Materia, dispondr\u00e1 la realizaci\u00f3n de actos de investigaci\u00f3n posibles emitiendo los requerimientos correspondientes.<span class=\"Apple-converted-space\">\u00a0<\/span><\/span><\/li>\n<\/ul>\n<p align=\"justify\"><span style=\"color: #000000; font-family: Ubuntu; font-size: small;\"><b><i>V\u00edctima que no se encuentra con lesiones o en estado de crisis<span class=\"Apple-converted-space\">\u00a0<\/span><\/i><\/b><\/span><\/p>\n<p align=\"justify\"><span style=\"color: #000000; font-family: Ubuntu; font-size: small;\">En estos casos se proceder\u00e1 a la recepci\u00f3n de la denuncia y se continuar\u00e1 con las actuaciones descritas en el punto anterior.<span class=\"Apple-converted-space\">\u00a0<\/span><\/span><\/p>\n<p style=\"text-align: center;\" align=\"justify\"><span style=\"color: #43358b; font-family: Ubuntu; font-size: small;\"><b>PARA LA ADMISI\u00d3N DE LA DENUNCIA, DE CUALQUIER HECHO DE VIOLENCIA NO SE REQUERIR\u00c1 VALORACI\u00d3N M\u00c9DICA NI PSICOL\u00d3GICA PREVIAS, NO PUDIENDO SER MOTIVO DE DESESTIMACI\u00d3N SU NO PRESENTACI\u00d3N.<span class=\"Apple-converted-space\">\u00a0<\/span><\/b><\/span><\/p>\n<\/td>\n<\/tr>\n<tr>\n<td valign=\"middle\">\n<p><span style=\"color: #000000; font-family: Ubuntu; font-size: xx-large;\"><b>2<\/b><\/span><\/p>\n<\/td>\n<td valign=\"middle\">\n<p align=\"justify\"><span style=\"color: #000000; font-family: Ubuntu; font-size: small;\"><b><i>Denuncia acompa\u00f1ada por medidas de protecci\u00f3n<span class=\"Apple-converted-space\">\u00a0<\/span><\/i><\/b><\/span><\/p>\n<p align=\"justify\"><span style=\"color: #000000; font-family: Ubuntu; font-size: small;\">Si la denuncia por un delito de violencia fuese remitida por la FELCV, otra instancia policial o una Instancia Promotora de Denuncia al Ministerio P\u00fablico habi\u00e9ndose dispuesto medidas de protecci\u00f3n especial de car\u00e1cter urgente que den cuenta de la situaci\u00f3n de riesgo para la vida o la integridad de la v\u00edctima, deber\u00e1 ponerse en conocimiento de la autoridad judicial dentro de las 24 horas de haber sido dispuestas para el control de legalidad respectivo.<span class=\"Apple-converted-space\">\u00a0<\/span><\/span><\/p>\n<p align=\"justify\"><span style=\"color: #000000; font-family: Ubuntu; font-size: small;\">Si la denuncia ingresa directamente al Ministerio P\u00fablico, ser\u00e1 \u00e9ste el responsable de realizar la valoraci\u00f3n de riesgo y si corresponde disponer las medidas de protecci\u00f3n especial de car\u00e1cter urgente, debiendo poner en conocimiento de la autoridad jurisdiccional la imposici\u00f3n de las mismas dentro de las 24 horas siguientes, a los fines del control de legalidad.<span class=\"Apple-converted-space\">\u00a0<\/span><\/span><\/p>\n<p align=\"justify\"><span style=\"color: #000000; font-family: Ubuntu; font-size: small;\">El deber de las y los fiscales de otorgar protecci\u00f3n a las v\u00edctimas de violencia no es potestativo sino u deber que se desprende de la gravedad y circunstancias del propio caso, ello porque por la posici\u00f3n de garantes respecto a las v\u00edctimas, por ello mismo, la adopci\u00f3n de medidas preventivas y de protecci\u00f3n, deben ser de oficio, en este sentido, la falta de adopci\u00f3n de medidas preventivas y de celeridad en la investigaci\u00f3n de casos de violencia en raz\u00f3n de g\u00e9nero y en relaci\u00f3n a ni\u00f1as, ni\u00f1os y adolescentes no solo puede pesar en el \u00e9xito de la investigaci\u00f3n sino provoca desconfianza y descr\u00e9dito en la justicia, pudiendo incluso significar un mensaje inequ\u00edvoco a los agresores de continuar la escalada de violencia (SCP. 033\/2013).<span class=\"Apple-converted-space\">\u00a0<\/span><\/span><\/p>\n<p align=\"justify\"><span style=\"color: #000000; font-family: Ubuntu; font-size: small;\">En ambos casos, se comunicar\u00e1 al mismo tiempo el informe de inicio de investigaci\u00f3n, o en su defecto la desestimaci\u00f3n,<span class=\"Apple-converted-space\">\u00a0<\/span><\/span><\/p>\n<p align=\"justify\"><span style=\"color: #000000; font-family: Ubuntu; font-size: small;\">\u00fanicamente a fines de que la autoridad jurisdiccional efect\u00fae el control de legalidad sobre las medidas de protecci\u00f3n especiales de car\u00e1cter urgente que hubieran sido dispuestas.<span class=\"Apple-converted-space\">\u00a0<\/span><\/span><\/p>\n<p align=\"justify\"><span style=\"color: #000000; font-family: Ubuntu; font-size: small;\">Las medidas de protecci\u00f3n especial son independientes y tienen finalidad distinta que las medidas cautelares personales previstas en el CPP, puede disponerse una o varias de ellas seg\u00fan demande la situaci\u00f3n, son de cumplimiento obligatorio e inmediato desde el momento en que son dispuestas pudiendo recurrirse a la fuerza p\u00fablica para su cumplimiento.<span class=\"Apple-converted-space\">\u00a0<\/span><\/span><\/p>\n<p align=\"justify\"><span style=\"color: #000000; font-family: Ubuntu; font-size: small;\">Tal como se\u00f1ala la Ley No. 1173 las medidas de protecci\u00f3n durar\u00e1n en tanto subsistan los motivos que fundaron su aplicaci\u00f3n independientemente de la etapa del proceso, por lo que tambi\u00e9n se entiende que seg\u00fan las necesidades sobrevinientes podr\u00e1n ser modificadas.<span class=\"Apple-converted-space\">\u00a0<\/span><\/span><\/p>\n<p align=\"justify\"><span style=\"color: #000000; font-family: Ubuntu; font-size: small;\">En caso de incumplimiento de las medidas de protecci\u00f3n especial de oficio o a solicitud del fiscal, la v\u00edctima, representante legal, querellante o la INSTANCIA PROMOTORAS DE LA DENUNCIA (SLIM y DNA), la autoridad jurisdiccional, en audiencia, deber\u00e1 disponer las medidas previstas en la Ley No. 1173 para el caso concreto.<span class=\"Apple-converted-space\">\u00a0<\/span><\/span><\/p>\n<\/td>\n<\/tr>\n<tr>\n<td valign=\"middle\">\n<p><span style=\"color: #000000; font-family: Ubuntu; font-size: xx-large;\"><b>3<\/b><\/span><\/p>\n<\/td>\n<td valign=\"middle\">\n<p align=\"justify\"><span style=\"color: #000000; font-family: Ubuntu; font-size: small;\"><b><i>Desestimaci\u00f3n de la denuncia<span class=\"Apple-converted-space\">\u00a0<\/span><\/i><\/b><\/span><\/p>\n<p align=\"justify\"><span style=\"color: #000000; font-family: Ubuntu; font-size: small;\">El o la Fiscal de Materia analizar\u00e1 la denuncia para la apertura del proceso y el inicio de la investigaci\u00f3n cuando corresponda o en su defecto, cuando el hecho no constituya delito o sea de acci\u00f3n privada se aplicar\u00e1 el art\u00edculo 55 de la Ley No. 260, respecto a la desestimaci\u00f3n. Asimismo, cuando no exista relaci\u00f3n f\u00e1ctica clara o no existan los elementos necesarios para tomar una decisi\u00f3n, en aplicaci\u00f3n del par\u00e1grafo II del art\u00edculo citado se otorgar\u00e1 el plazo de 24 horas para subsanar la denuncia.<span class=\"Apple-converted-space\">\u00a0<\/span><\/span><\/p>\n<p align=\"justify\"><span style=\"color: #000000; font-family: Ubuntu; font-size: small;\">A este efecto se deber\u00e1 tener en cuenta el principio de informalidad, establecido en el art\u00edculo 4 num.11 de la Ley No.348, que a la letra dice: <i>\u201cEn todos los niveles de la<span class=\"Apple-converted-space\">\u00a0<\/span><\/i><\/span><\/p>\n<p align=\"justify\"><span style=\"color: #000000; font-family: Ubuntu; font-size: small;\"><i>administraci\u00f3n p\u00fablica destinada a prevenir, atender, detectar, procesar y sancionar cualquier forma de violencia hacia las mujeres, no se exigir\u00e1 el cumplimiento de requisitos formales o materiales que entorpezcan el proceso de restablecimiento de los derechos vulnerados y la sanci\u00f3n a los responsables\u201d<\/i>.<span class=\"Apple-converted-space\">\u00a0<\/span><\/span><\/p>\n<p align=\"justify\"><span style=\"color: #000000; font-family: Ubuntu; font-size: small;\">As\u00ed tambi\u00e9n se observar\u00e1 lo se\u00f1alado en el art\u00edculo 86 num.9 de la Ley No. 348 que establece: <i>\u201cAccesibilidad. La falta de requisitos formales o materiales en el procedimiento no deber\u00e1 retrasar, entorpecer ni impedir la restituci\u00f3n de los derechos vulnerados y la sanci\u00f3n a los responsables\u201d<\/i>.<span class=\"Apple-converted-space\">\u00a0<\/span><\/span><\/p>\n<p align=\"justify\"><span style=\"color: #000000; font-family: Ubuntu; font-size: small;\">De igual manera, de conformidad al art\u00edculo 193 inc. b) de la Ley No. 548 se debe flexibilizar el procedimiento, evitando toda ritualidad o formalidad en el acceso a la justicia para ni\u00f1as, ni\u00f1os y adolescentes.<span class=\"Apple-converted-space\">\u00a0<\/span><\/span><\/p>\n<p align=\"justify\"><span style=\"color: #000000; font-family: Ubuntu; font-size: small;\"><i>Finalmente, se deber\u00e1 considerar las previsiones del art\u00edculo 285 del C\u00f3digo de Procedimiento Penal cuando se\u00f1ala: \u201cTrat\u00e1ndose de denuncias verbales por delitos de violencia contra ni\u00f1as, ni\u00f1os, adolescentes y mujeres, se recibir\u00e1 la denuncia sin mayores exigencias formales\u201d.<span class=\"Apple-converted-space\">\u00a0<\/span><\/i><\/span><\/p>\n<p align=\"justify\"><span style=\"color: #000000; font-family: Ubuntu; font-size: small;\"><i>En todas las actuaciones a realizar deben tenerse presente los principios rectores y los enfoques adoptados en el presente protocolo.<span class=\"Apple-converted-space\">\u00a0<\/span><\/i><\/span><\/p>\n<p style=\"text-align: center;\" align=\"justify\"><span style=\"color: #43358b; font-family: Ubuntu; font-size: small;\"><b>EL MINISTERIO P\u00daBLICO DEBE PROPORCIONAR A LA V\u00cdCTIMA INFORMACI\u00d3N EN TODO MOMENTO, SOBRE EL ESTADO Y AVANCE DE SU PROCESO AS\u00cd COMO SOBRE LAS FUNCIONES Y EL ROL QUE TIENE EL MINISTERIO P\u00daBLICO Y OTRAS INSTANCIAS QUE INTERVIENEN EN LA INVESTIGACI\u00d3N.<\/b><\/span><\/p>\n<\/td>\n<\/tr>\n<\/tbody>\n<\/table>\n<\/div>\n<\/div>\n<\/div>\n<\/div>\n<\/div><\/div>\n<\/div>\n<\/div>\n<\/div>\n<\/div>\n<\/div>\n<\/div>\n<\/section>\n<section class=\"elementor-section elementor-top-section elementor-element elementor-element-f36c2b8 elementor-section-boxed elementor-section-height-default elementor-section-height-default\" data-id=\"f36c2b8\" data-element_type=\"section\">\n<div class=\"elementor-container elementor-column-gap-default\">\n<div class=\"elementor-row\">\n<div class=\"elementor-column elementor-col-100 elementor-top-column elementor-element elementor-element-ff2bff3\" data-id=\"ff2bff3\" data-element_type=\"column\">\n<div class=\"elementor-column-wrap elementor-element-populated\">\n<div class=\"elementor-widget-wrap\">\n<div class=\"elementor-element elementor-element-3c4bc06 elementor-widget elementor-widget-heading\" data-id=\"3c4bc06\" data-element_type=\"widget\" data-widget_type=\"heading.default\">\n<div class=\"elementor-widget-container\">\n<h2 class=\"elementor-heading-title elementor-size-default\">3.2.3 INICIO DE INVESTIGACIONES E INVESTIGACI\u00d3N PRELIMINAR<\/h2>\n<\/div>\n<\/div>\n<\/div>\n<\/div>\n<\/div>\n<\/div>\n<\/div>\n<\/section>\n<section class=\"elementor-section elementor-top-section elementor-element elementor-element-1c09114 elementor-section-boxed elementor-section-height-default elementor-section-height-default\" data-id=\"1c09114\" data-element_type=\"section\">\n<div class=\"elementor-container elementor-column-gap-default\">\n<div class=\"elementor-row\">\n<div class=\"elementor-column elementor-col-100 elementor-top-column elementor-element elementor-element-8b9f013\" data-id=\"8b9f013\" data-element_type=\"column\">\n<div class=\"elementor-column-wrap elementor-element-populated\">\n<div class=\"elementor-widget-wrap\">\n<div class=\"elementor-element elementor-element-51c9d98 elementor-widget elementor-widget-text-editor\" data-id=\"51c9d98\" data-element_type=\"widget\" data-widget_type=\"text-editor.default\">\n<div class=\"elementor-widget-container\">\n<div class=\"elementor-text-editor elementor-clearfix\">\n<div class=\"page\" title=\"Page 208\">\n<div class=\"section\">\n<div class=\"layoutArea\">\n<div class=\"column\">\n<div class=\"page\" title=\"Page 212\">\n<div class=\"section\">\n<div class=\"layoutArea\">\n<div class=\"column\">\n<p>La o el Fiscal Analista de la Plataforma de Atencio\u0301n Integral al Pu\u0301blico o el Fiscal de turno, al recibir una denuncia, o informacio\u0301n fehaciente sobre la comisio\u0301n de un delito, apertura el proceso penal e informara\u0301 al\/la Juez\/a de la Instruccio\u0301n, vi\u0301a <span style=\"font-size: 16px;\">sistema informa\u0301tico, el inicio de las investigaciones dentro de las 24 horas y se realizara\u0301n las siguientes actuaciones de primera instancia:<\/span><\/p>\n<div class=\"page\" title=\"Page 213\">\n<div class=\"section\">\n<div class=\"layoutArea\">\n<div class=\"column\">\n<ul>\n<li>Se efectuara\u0301 la valoracio\u0301n de riesgo para determinar la necesidad de disponer medidas de proteccio\u0301n especial de cara\u0301cter urgente, las que tambie\u0301n podra\u0301n disponerse en consideracio\u0301n a la gravedad del hecho, las circunstancias en las que se encuentra la vi\u0301ctima y la situacio\u0301n de vulnerabilidad. Si la valoracio\u0301n de riesgo ya hubiese sido realizada por la FELCV o una Instancia Promotora de la Denuncia no debera\u0301 volver a realizarse.<\/li>\n<li>Se debera\u0301 evaluar las circunstancias de la vi\u0301ctima y el tipo de violencia denunciada para la calificacio\u0301n del tipo penal.<\/li>\n<li>Se requerira\u0301, vi\u0301a sistema informa\u0301tico la designacio\u0301n de un\/a investigador\/a policial, impartiendo las directrices de la investigacio\u0301n para el desarrollo de sus labores investigativas de conformidad al art\u00edculo 295 del C.P.P. incluidos los respectivos requerimientos fiscales.<\/li>\n<li>Se dara\u0301 a conocer a la autoridad jurisdiccional competente el inicio de investigaciones y sometera\u0301 al control jurisdiccional las medidas de proteccio\u0301n especial de cara\u0301cter urgente que se hayan dispuesto a favor de la vi\u0301ctima.<\/li>\n<li>En caso de violencia sexual se solicitara\u0301 el anticipo de prueba y el acompan\u0303amiento de una psico\u0301loga de la DNA o SLIM.<\/li>\n<\/ul>\n<p>En caso de que concurran ante un\/a mismo\/a fiscal de turno, dos personas con denuncias reci\u0301procas se tomara\u0301n las medidas de proteccio\u0301n necesarias previo un ana\u0301lisis integral del problema considerando la vulnerabilidad de la vi\u0301ctima y la presencia de nin\u0303as, nin\u0303os y adolescentes priorizando su intere\u0301s superior. (SCP 0725\/2018-S2).<\/p>\n<div class=\"page\" title=\"Page 213\">\n<div class=\"section\">\n<div class=\"layoutArea\">\n<div class=\"column\">\n<p style=\"text-align: center;\"><span style=\"color: #43358b;\">La derivacio\u0301n de denuncias por delitos de violencia a instancias administrativas para la suscripcio\u0301n de garanti\u0301as NO ES ADMISIBLE por ser revictimizante y desnaturalizar la proteccio\u0301n que debe brindar el Estado a la vi\u0301ctima. (SCP 0394\/2018-S2)<a class=\"tooltips\" title=\"Ver la SCP 0394\/2018-S2 en la jurisprudencia nacional descrita en la primera parte de este Protocolo.\"><sup>88<\/sup><\/a>.<\/span><\/p>\n<\/div>\n<\/div>\n<\/div>\n<\/div>\n<\/div>\n<\/div>\n<\/div>\n<\/div>\n<\/div>\n<\/div>\n<\/div>\n<\/div>\n<\/div>\n<\/div>\n<\/div>\n<\/div>\n<\/div><\/div>\n<\/div>\n<\/div>\n<\/div>\n<\/div>\n<\/div>\n<\/div>\n<\/section>\n<section class=\"elementor-section elementor-top-section elementor-element elementor-element-844a931 elementor-section-boxed elementor-section-height-default elementor-section-height-default\" data-id=\"844a931\" data-element_type=\"section\">\n<div class=\"elementor-container elementor-column-gap-default\">\n<div class=\"elementor-row\">\n<div class=\"elementor-column elementor-col-100 elementor-top-column elementor-element elementor-element-b2142e9\" data-id=\"b2142e9\" data-element_type=\"column\">\n<div class=\"elementor-column-wrap elementor-element-populated\">\n<div class=\"elementor-widget-wrap\">\n<div class=\"elementor-element elementor-element-a2c1932 elementor-widget elementor-widget-text-editor\" data-id=\"a2c1932\" data-element_type=\"widget\" data-widget_type=\"text-editor.default\">\n<div class=\"elementor-widget-container\">\n<div class=\"elementor-text-editor elementor-clearfix\">\n<div class=\"page\" title=\"Page 208\">\n<div class=\"section\">\n<div class=\"layoutArea\">\n<div class=\"column\">\n<table cellspacing=\"0\" cellpadding=\"0\">\n<tbody>\n<tr>\n<td valign=\"middle\">\n<p><span style=\"color: #000000; font-family: Ubuntu; font-size: xx-large;\"><b>1<\/b><\/span><\/p>\n<\/td>\n<td valign=\"middle\">\n<p align=\"justify\"><span style=\"color: #000000; font-family: Ubuntu; font-size: small;\"><b><i>Actos preliminares de la investigaci\u00f3n<span class=\"Apple-converted-space\">\u00a0<\/span><\/i><\/b><\/span><\/p>\n<p align=\"justify\"><span style=\"color: #000000; font-family: Ubuntu; font-size: small;\">De conformidad a lo dispuesto en el art\u00edculo del 297 del C\u00f3digo de Procedimiento Penal, el Ministerio P\u00fablico ejerce la direcci\u00f3n funcional de la investigaci\u00f3n de los delitos respetando los derechos de la v\u00edctima y evitando su revictimizaci\u00f3n.<span class=\"Apple-converted-space\">\u00a0<\/span><\/span><\/p>\n<p align=\"justify\"><span style=\"color: #000000; font-family: Ubuntu; font-size: small;\">En este marco, las notificaciones que deba realizar el Ministerio P\u00fablico se procesar\u00e1n de acuerdo a lo establecido en el art\u00edculo 58 de la Ley Org\u00e1nica del Ministerio P\u00fablico y lo dispuesto en los art\u00edculos 160 al 165 del C\u00f3digo de Procedimiento Penal, modificados por el art\u00edculo 9 de la Ley No. 1173. En ning\u00fan caso se solicitar\u00e1 a la v\u00edctima realizar notificaciones o citaciones.<span class=\"Apple-converted-space\">\u00a0<\/span><\/span><\/p>\n<p align=\"justify\"><span style=\"color: #000000; font-family: Ubuntu; font-size: small;\">De acuerdo a lo dispuesto en el art\u00edculo 94 de la Ley No. 348, la o el investigador\/a deber\u00e1 remitir el informe preliminar en el plazo de 8 d\u00edas de recibido el requerimiento de direcci\u00f3n funcional, adjuntando los elementos de prueba recolectados en la investigaci\u00f3n hasta ese momento, para que la o el Fiscal de Materia una vez recibidas las actuaciones policiales, analice su contenido y emita la Resoluci\u00f3n Fiscal que corresponda de acuerdo a lo establecido en el art\u00edculo 301 CPP. El informe deber\u00e1 elaborarse siguiendo las directrices descritas en la \u201cGu\u00eda Pr\u00e1ctica para la Realizaci\u00f3n de Entrevistas y Elaboraci\u00f3n de Informes Policiales\u201d de la FELCV. (Ver lista en el Anexo 8).<span class=\"Apple-converted-space\">\u00a0<\/span><\/span><\/p>\n<\/td>\n<\/tr>\n<tr>\n<td valign=\"middle\">\n<p><span style=\"color: #000000; font-family: Ubuntu; font-size: xx-large;\"><b>2<\/b><\/span><\/p>\n<\/td>\n<td valign=\"middle\">\n<p align=\"justify\"><span style=\"color: #000000; font-family: Ubuntu; font-size: small;\"><b><i>Requerimientos de atenci\u00f3n integral para la v\u00edctima<span class=\"Apple-converted-space\">\u00a0<\/span><\/i><\/b><\/span><\/p>\n<ol>\n<li><i><\/i><span style=\"color: #000000; font-family: Ubuntu; font-size: small;\"><i>En caso que la v\u00edctima no cuente con patrocinio legal ni otros servicios de atenci\u00f3n integral, el o la Fiscal de Materia requerir\u00e1 a la Instancia Promotora de Denuncia u otras organizaciones especializadas proporcione a la v\u00edctima la atenci\u00f3n multidisciplinaria.<span class=\"Apple-converted-space\">\u00a0<\/span><\/i><\/span><\/li>\n<li><i><\/i><span style=\"color: #000000; font-family: Ubuntu; font-size: small;\"><i>La o el Fiscal de Materia, en caso que la v\u00edctima sea persona menor de edad y no cuente con familia de origen o ampliada para su cuidado y protecci\u00f3n, velar\u00e1 por el inter\u00e9s superior de la ni\u00f1a, ni\u00f1o y adolescente y dispondr\u00e1 con la DNA el acogimiento circunstancial del mismo en un centro de acogida, siendo la DNA la responsable de regularizar su acogimiento circunstancial ante la autoridad jurisdiccional competente.<span class=\"Apple-converted-space\">\u00a0<\/span><\/i><\/span><\/li>\n<li><i><\/i><span style=\"color: #000000; font-family: Ubuntu; font-size: small;\"><i>Es fundamental tener en cuenta que la recuperaci\u00f3n terap\u00e9utica de la v\u00edctima es transversal desde el inicio de la investigaci\u00f3n y concluye con la estabilizaci\u00f3n psico-emocional de la v\u00edctima, por lo tanto, no debe esperarse a la conclusi\u00f3n del proceso para disponer esta medida; en caso de que la v\u00edctima no est\u00e9 recibiendo este apoyo, ser\u00e1 necesario que sea derivada para su atenci\u00f3n en la DNA, SLIM, CEPAT, organizaciones de la sociedad civil u otros servicios disponibles.<span class=\"Apple-converted-space\">\u00a0<\/span><\/i><\/span><\/li>\n<\/ol>\n<ol start=\"4\">\n<li><i><\/i><span style=\"color: #000000; font-family: Ubuntu; font-size: small;\"><i>La o el Fiscal de Materia, en caso que la v\u00edctima sea mujer adulta mayor, puede disponer en coordinaci\u00f3n con la Instancia Promotora de Denuncia el acogimiento de la misma en un centro de acogida, para precautelar su integridad f\u00edsica y psicol\u00f3gica.<span class=\"Apple-converted-space\">\u00a0<\/span><\/i><\/span><\/li>\n<li><i><\/i><span style=\"color: #000000; font-family: Ubuntu; font-size: small;\"><i>La o el Fiscal de Materia, en caso que la v\u00edctima sea persona extranjera, en cumplimiento de la Convenci\u00f3n de Viena sobre Relaciones Consulares, debe informar a la persona sobre su derecho a recibir asistencia consular, debiendo en ese efecto, comunicar su situaci\u00f3n procesal a la representaci\u00f3n diplom\u00e1tica o consular acreditada en el Estado Plurinacional de Bolivia.<span class=\"Apple-converted-space\">\u00a0<\/span><\/i><\/span><\/li>\n<\/ol>\n<\/td>\n<\/tr>\n<tr>\n<td valign=\"middle\">\n<p><span style=\"color: #000000; font-family: Ubuntu; font-size: xx-large;\"><b>3<\/b><\/span><\/p>\n<\/td>\n<td valign=\"middle\">\n<p align=\"justify\"><span style=\"color: #000000; font-family: Ubuntu; font-size: small;\"><b><i>Atenci\u00f3n integral durante las diligencias investigativas<span class=\"Apple-converted-space\">\u00a0<\/span><\/i><\/b><\/span><\/p>\n<p align=\"justify\"><span style=\"color: #000000; font-family: Ubuntu; font-size: small;\">Las funciones de contenci\u00f3n, preparaci\u00f3n, y acompa\u00f1amiento deben ser llevadas de forma continua y transversal durante todo el proceso.<span class=\"Apple-converted-space\">\u00a0<\/span><\/span><\/p>\n<p align=\"justify\"><span style=\"color: #000000; font-family: Ubuntu; font-size: small;\">Las Instancias Promotoras de Denuncia, la Unidad de Protecci\u00f3n a V\u00edctimas y Testigos del Ministerio P\u00fablico y\/o las organizaciones de la sociedad civil, deben de manera activa acompa\u00f1ar a la v\u00edctima, en todos los actos procesales requeridos por el Ministerio P\u00fablico o la autoridad jurisdiccional, ofreci\u00e9ndole seguridad y confianza para sobrellevar la situaci\u00f3n atravesada, constituy\u00e9ndose como un medio de protecci\u00f3n a la misma y su entorno familiar.<span class=\"Apple-converted-space\">\u00a0<\/span><\/span><\/p>\n<p align=\"justify\"><span style=\"color: #000000; font-family: Ubuntu; font-size: small;\">Asimismo, y de acuerdo a sus competencias, estas instancias deben efectuar el seguimiento que consiste en la verificaci\u00f3n de la situaci\u00f3n de la v\u00edctima y \/o su entorno familiar, respecto a:<span class=\"Apple-converted-space\">\u00a0<\/span><\/span><\/p>\n<ul>\n<li><span style=\"color: #000000; font-family: Ubuntu; font-size: small;\">La efectiva aplicaci\u00f3n de las medidas de protecci\u00f3n y la identificaci\u00f3n de nuevas medidas que se consideren necesarias o urgentes por las circunstancias del caso, informando al Ministerio P\u00fablico.<span class=\"Apple-converted-space\">\u00a0<\/span><\/span><\/li>\n<li><span style=\"color: #000000; font-family: Ubuntu; font-size: small;\">Asistencia a las terapias psicol\u00f3gicas.<\/span><\/li>\n<li><span style=\"color: #000000; font-family: Ubuntu; font-size: small;\">Estado de salud y continuidad de tratamiento m\u00e9dico, si corresponde.<\/span><\/li>\n<li><span style=\"color: #000000; font-family: Ubuntu; font-size: small;\">Advertir sobre la posibilidad de abandono del proceso penal y en su caso informar, previa entrevista con la v\u00edctima sobre las causas del abandono, de igual manera, si se presentar\u00e1 un desistimiento o pedido de retiro de denuncia, aunque ellas no tendr\u00e1n efectos sobre el deber de perseguir de oficio estos delitos debe establecerse las razones que las origina. Debe tenerse pesente que aunque la v\u00edctima realice estos pedidos, ello no debe interpretarse como expresi\u00f3n de que el hecho de violencia no haya ocurrido.<span class=\"Apple-converted-space\">\u00a0<\/span><\/span><\/li>\n<li><span style=\"color: #000000; font-family: Ubuntu; font-size: small;\">Evaluar la situaci\u00f3n de la v\u00edctima ante la posible conciliaci\u00f3n en el proceso penal.<span class=\"Apple-converted-space\">\u00a0<\/span><\/span><\/li>\n<li><span style=\"color: #000000; font-family: Ubuntu; font-size: small;\">Continuidad del asesoramiento o patrocinio legal. <\/span><span style=\"color: #000000; font-family: Kailasa; font-size: small;\">\u0f5f<\/span><span style=\"color: #000000; font-family: Ubuntu; font-size: small;\">Verificaci\u00f3n del cambio de domicilio y o fuente laboral.<\/span><\/li>\n<li><span style=\"color: #000000; font-family: Ubuntu; font-size: small;\">El acogimiento en un centro especializado.<span class=\"Apple-converted-space\">\u00a0<\/span><\/span><\/li>\n<\/ul>\n<\/td>\n<\/tr>\n<\/tbody>\n<\/table>\n<\/div>\n<\/div>\n<\/div>\n<\/div>\n<\/div><\/div>\n<\/div>\n<\/div>\n<\/div>\n<\/div>\n<\/div>\n<\/div>\n<\/section>\n<section class=\"elementor-section elementor-top-section elementor-element elementor-element-213741f elementor-section-boxed elementor-section-height-default elementor-section-height-default\" data-id=\"213741f\" data-element_type=\"section\">\n<div class=\"elementor-container elementor-column-gap-default\">\n<div class=\"elementor-row\">\n<div class=\"elementor-column elementor-col-100 elementor-top-column elementor-element elementor-element-ded74f6\" data-id=\"ded74f6\" data-element_type=\"column\">\n<div class=\"elementor-column-wrap elementor-element-populated\">\n<div class=\"elementor-widget-wrap\">\n<div class=\"elementor-element elementor-element-05568ff elementor-widget elementor-widget-text-editor\" data-id=\"05568ff\" data-element_type=\"widget\" data-widget_type=\"text-editor.default\">\n<div class=\"elementor-widget-container\">\n<div class=\"elementor-text-editor elementor-clearfix\">\n<div class=\"page\" title=\"Page 208\">\n<div class=\"section\">\n<div class=\"layoutArea\">\n<div class=\"column\">\n<div class=\"page\" title=\"Page 216\">\n<div class=\"section\">\n<div class=\"layoutArea\">\n<div class=\"column\">\n<p>El acompan\u0303amiento y seguimiento a la vi\u0301ctima deben realizarse en los siguientes actuados procesales:<\/p>\n<p><span style=\"color: #43358b;\"><strong>\u2022 Valoracio\u0301n me\u0301dica a realizarse por el o la Me\u0301dico Forense o en el sistema de salud<\/strong><\/span><\/p>\n<p>El acompan\u0303amiento y preparacio\u0301n de la vi\u0301ctima por parte de la Instancia Promotora de la Denuncia u organizacio\u0301n de la sociedad civil que brinde este apoyo, es fundamental para una o\u0301ptima valoracio\u0301n me\u0301dica, para lo cual, se debera\u0301n realizar las acciones descritas para el caso de vi\u0301ctimas que refieren o se observa presentan un dan\u0303o fi\u0301sico severo o agresio\u0301n sexual reciente y\/o se encuentra comprometida su vida.<\/p>\n<div class=\"page\" title=\"Page 217\">\n<div class=\"section\">\n<div class=\"layoutArea\">\n<div class=\"column\">\n<p><span style=\"color: #43358b;\"><strong>\u2022 Entrevista Informativa<\/strong><\/span><\/p>\n<p>La entrevista informativa prestada por la vi\u0301ctima, debe precautelar los derechos de la misma como ser: el derecho a la intimidad y la reduccio\u0301n de niveles de revictimizacio\u0301n; se recomienda procurar realizarla en Ca\u0301mara Gesell o un medio ana\u0301logo, como se explica en la Gui\u0301a de Uso de la Ca\u0301mara.<\/p>\n<p>El anticipo de prueba al ser un mecanismo para evitar la revictimizacio\u0301n, es especialmente aplicable cuando se trate de vi\u0301ctimas de violencia sexual<a class=\"tooltips\" title=\"Ver la sentencia de las Corte IDH en el Caso V.R.P., V.P.C. y otros Vs. Nicaragua en la parte de normativa internacional.\"><sup>89<\/sup><\/a>, procura\u0301ndose realizar en todos los casos en Ca\u0301mara Gesell.<\/p>\n<p>En consideracio\u0301n a la disposicio\u0301n abierta del Art. 35 de la Ley No. 348 sobre el tipo de medidas de proteccio\u0301n a las vi\u0301ctimas de violencia el uso de la Ca\u0301mara Gesell puede ser entendida como una medida de proteccio\u0301n<a class=\"tooltips\" title=\"Fiscal\u00eda General del Estado. 2012. Gu\u00eda del uso de C\u00e1mara Gesell. Sucre, Bolivia. Recuperado en: https:\/\/www.comunidad.org.bo\/assets\/archivos\/herramienta\/a8ef800edc2fe1919545c7b72b41f5e9.pdf\"><sup>90<\/sup><\/a> de acuerdo a las siguientes consideraciones:<\/p>\n<ul>\n<li>Se precautela la integridad de la vi\u0301ctima como persona.<\/li>\n<li>Se garantiza la privacidad y el resguardo de la vi\u0301ctima durante laentrevista.<\/li>\n<li>Se evita la duplicidad o variedad de entrevistas y declaraciones quedebe emitir la vi\u0301ctima.<\/li>\n<li>Se resguarda a la vi\u0301ctima de un posible contacto con el o los sospechosos.<\/li>\n<\/ul>\n<p><strong><span style=\"color: #43358b;\">\u2022 Reconocimiento de personas<\/span><\/strong><\/p>\n<p>Las Instancias Promotoras de Denuncia, el personal de la Unidad de Proteccio\u0301n a Vi\u0301ctimas y Testigos del Ministerio Pu\u0301blico o de las organizaciones de la sociedad civil deben:<\/p>\n<ul>\n<li>Brindar a la vi\u0301ctima informacio\u0301n respecto al procedimiento en el cual debera\u0301 participar y la importancia de la misma.<\/li>\n<li>De ser necesario aplicar te\u0301cnicas de relajacio\u0301n y respiracio\u0301n para disminuir la ansiedad de la vi\u0301ctima.<\/li>\n<li>Asegurarse que por ningu\u0301n motivo la vi\u0301ctima sea expuesta o sometida a un encuentro directo con el agresor; para lo cual puede utilizarse la ca\u0301mara Gesell o medio ana\u0301logo conforme se explica en la Gui\u0301a de Uso de la Ca\u0301mara Gesell de la Fiscali\u0301a General del Estado.<\/li>\n<li>Coordinar y garantizar que la vi\u0301ctima llegue con la debida anticipacio\u0301n al acto investigativo, y a la conclusio\u0301n de este acto se resguardara\u0301 a la misma hasta que abandone el lugar.<\/li>\n<li>Concluido el acto de reconocimiento de persona, la o el investigador\/a debera\u0301 elaborar el acta correspondiente de conformidad al arti\u0301culo 219 de CPP.<\/li>\n<\/ul>\n<p>En ausencia de Instancias Promotoras de Denuncia u organizaciones de la sociedad civil, el Ministerio Pu\u0301blico y\/o la Polici\u0301a debe resguardar a la vi\u0301ctima en el desarrollo de las actividades propias de la investigacio\u0301n.<\/p>\n<p><span style=\"color: #43358b;\"><strong>\u2022 Conclusio\u0301n de la etapa preliminar<\/strong><\/span><\/p>\n<p>La etapa preliminar concluira\u0301 de acuerdo al arti\u0301culo 301 del CPP con el requerimiento fiscal de complementacio\u0301n de diligencias, la imputacio\u0301n formal, el rechazo de la denuncia o salidas alternativas, el que debera\u0301 ser notificado a las partes.<\/p>\n<p>La Instancia Promotora de Denuncia o la organizacio\u0301n de la sociedad civil que brinda el patrocinio legal a la vi\u0301ctima, debera\u0301 explicarle de forma clara los efectos legales del requerimiento y las acciones posibles en caso de no estar de acuerdo con el rechazo o la aplicacio\u0301n de una salida alternativa. Sin perjuicio de que la\/el Fiscal de Materia, en el marco de la debida diligencia deba brindar esta informacio\u0301n a la vi\u0301ctima.<\/p>\n<\/div>\n<\/div>\n<\/div>\n<\/div>\n<\/div>\n<\/div>\n<\/div>\n<\/div>\n<\/div>\n<\/div>\n<\/div>\n<\/div>\n<\/div><\/div>\n<\/div>\n<\/div>\n<\/div>\n<\/div>\n<\/div>\n<\/div>\n<\/section>\n<section class=\"elementor-section elementor-top-section elementor-element elementor-element-a78ec03 elementor-section-boxed elementor-section-height-default elementor-section-height-default\" data-id=\"a78ec03\" data-element_type=\"section\">\n<div class=\"elementor-container elementor-column-gap-default\">\n<div class=\"elementor-row\">\n<div class=\"elementor-column elementor-col-100 elementor-top-column elementor-element elementor-element-b7e1035\" data-id=\"b7e1035\" data-element_type=\"column\">\n<div class=\"elementor-column-wrap elementor-element-populated\">\n<div class=\"elementor-widget-wrap\">\n<div class=\"elementor-element elementor-element-9456690 elementor-widget elementor-widget-text-editor\" data-id=\"9456690\" data-element_type=\"widget\" data-widget_type=\"text-editor.default\">\n<div class=\"elementor-widget-container\">\n<div class=\"elementor-text-editor elementor-clearfix\">\n<div class=\"page\" title=\"Page 208\">\n<div class=\"section\">\n<div class=\"layoutArea\">\n<div class=\"column\">\n<div class=\"page\" title=\"Page 218\">\n<div class=\"section\">\n<div class=\"layoutArea\">\n<div class=\"column\">\n<p><strong><span style=\"color: #43358b;\">Reglas para la suspensio\u0301n condicional del proceso<\/span><\/strong><\/p>\n<ol>\n<li>Segu\u0301n lo dispuesto por la Ley No. 1173 que modifica los arti\u0301culos 23 y 24 del Co\u0301digo de Procedimiento Penal, la suspensio\u0301n condicional del proceso no sera\u0301 procedente cuando se trate de delitos contra la libertad sexual cuyas vi\u0301ctimas sean nin\u0303as, nin\u0303os o adolescentes, cuando el delito tenga un ma\u0301ximo legal superior a los seis (6) an\u0303os de privacio\u0301n de libertad, cuando el imputado sea reincidente o se le hubiera aplicado alguna salida alternativa por delito doloso. En este caso tampoco procedera\u0301n los criterios de oportunidad.<\/li>\n<li>En los casos que sea procedente legalmente la suspensio\u0301n condicional del proceso, el imputado debe haber cumplido satisfactoriamente las medidas de proteccio\u0301n impuestas durante el proceso en favor de la vi\u0301ctima, por lo que la o el Fiscal de Materia solicitara\u0301 informe a la Instancia Promotora de la Denuncia al respecto, debiendo informar a la vi\u0301ctima sobre la necesidad de comunicar al Ministerio Pu\u0301blico y\/o a la autoridad jurisdiccional sobre el incumplimiento de las medidas (Art. 23 CPP modificado por la Ley No. 1173).<\/li>\n<li>Esta suspensio\u0301n procedera\u0301 en la etapa preparatoria cuando haya reparado el dan\u0303o ocasionado, firmado un acuerdo con la vi\u0301ctima en ese sentido o afianzado suficientemente esa reparacio\u0301n. Excepcionalmente, podra\u0301 ser planteada durante el juicio, siempre y cuando se haya reparado integralmente el dan\u0303o causado a la vi\u0301ctima y no exista de parte de e\u0301sta ningu\u0301n reclamo pendiente (Art. 23 CPP modificado por la Ley No. 1173).<\/li>\n<li>La o el Fiscal de Materia debe tener presente que, en los procesos por delitos de violencia una suspensio\u0301n condicional, puede poner en mayor riesgo a la vi\u0301ctima e incrementar su vulnerabilidad por lo que plantear esta salida alternativa no es un ejercicio meca\u0301nico de aplicacio\u0301n de la ley debe tomarse en consideracio\u0301n las circunstancias del delito, la existencia de violencia habitual, el dan\u0303o provocado a la vi\u0301ctima, entre otros factores todos analizados a la luz del deber de proteccio\u0301n reforzada.<\/li>\n<li>La o el Fiscal de Materia adema\u0301s solicitara\u0301 a la Instancia Promotora de la Denuncia informe psicolo\u0301gico tanto del imputado como de la vi\u0301ctima, si este hubiese cumplido con el tratamiento psicolo\u0301gico en caso de haberse determinado.<\/li>\n<\/ol>\n<p><span style=\"color: #43358b;\"><strong>Reglas sobre la conciliacio\u0301n<\/strong><\/span><\/p>\n<ol>\n<li>Respecto a la conciliacio\u0301n, en aplicacio\u0301n del principio del intere\u0301s superior del nin\u0303o, en los casos de violencia con vi\u0301ctimas NNA esta\u0301 prohibida toda forma de conciliacio\u0301n o transaccio\u0301n (Art. 157 de la Ley No. 548), por lo que aun cuando la vi\u0301ctima, sus familiares o representantes lo soliciten no podra\u0301 darse curso a las mismas debiendo explicarse las razones legales.<\/li>\n<li>De conformidad al Art. 23 de la Ley No. 243, Ley Contra el Acoso y la Violencia Poli\u0301tica Hacia las Mujeres estos delitos no son conciliables.<\/li>\n<li>En casos de violencia contra las mujeres, la Ley No. 348 en su arti\u0301culo 46 prohi\u0301be esta salida alternativa, en cualquier hecho de violencia contra las mujeres, que comprometa su vida e integridad sexual.<\/li>\n<\/ol>\n<div class=\"page\" title=\"Page 220\">\n<div class=\"section\">\n<div class=\"layoutArea\">\n<div class=\"column\">\n<p style=\"padding-left: 40px;\">A saber los siguientes<a class=\"tooltips\" title=\"Ministerio de Justicia y Fiscal\u00eda General del Estado, 2014.Protocolo y ruta critica interinstitucionales para la atenci\u00f3n y protecci\u00f3n a las v\u00edctimas, en el marco de la Ley No.348. Bolivia. Recuperado en: https:\/\/www.comunidad.org.bo\/assets\/archivos\/herramienta\/f0da117d5444b7fcf32a3196ca9324b1.pdf\"><sup>92<\/sup><\/a>:<\/p>\n<ul>\n<li style=\"list-style-type: none;\">\n<ul>\n<li>Feminicidio (Art. 252 bis Co\u0301digo Penal)<\/li>\n<li>Homicidio por emocio\u0301n violenta (Art. 254 Co\u0301digo Penal)<\/li>\n<li>Homicidio suicidio (Art. 256 Co\u0301digo Penal)<\/li>\n<li>Aborto Forzado (Art. 267 bis Co\u0301digo Penal)<\/li>\n<li>Lesiones gravi\u0301simas (Art. 270 Co\u0301digo Penal)<\/li>\n<li>Violencia Familiar o Dome\u0301stica (Art. 272 bis Co\u0301digo Penal) de acuerdo a la valoracio\u0301n de riesgo en sus elementos configurativos de agresio\u0301n fi\u0301sica.<\/li>\n<li>Violacio\u0301n (Art. 308 Co\u0301digo Penal)<\/li>\n<li>Abuso sexual (Art. 312 Co\u0301digo Penal)<\/li>\n<li>Acoso sexual (Art. 312 quater Co\u0301digo Penal)<\/li>\n<li>Actos sexuales abusivos (Art. 312 Bis Co\u0301digo penal)<\/li>\n<li>Padecimientos sexuales (Art. 313 Ter. Co\u0301digo Penal)<\/li>\n<li>Incumplimiento de deberes de proteccio\u0301n a mujeres en situacio\u0301n de violencia (Art. 154 bis Co\u0301digo Penal).<\/li>\n<\/ul>\n<\/li>\n<\/ul>\n<ol start=\"4\">\n<li>Ninguna institucio\u0301n receptora de denuncias ni su personal, podra\u0301 promover la conciliacio\u0301n ni suscripcio\u0301n de ningu\u0301n tipo de acuerdo entre la mujer y su agresor, bajo responsabilidad. No se reconoce la conciliacio\u0301n bajo presio\u0301n a la vi\u0301ctima o para evitar carga procesal, bajo responsabilidad funcionaria. (Art. 46 de la Ley No. 348)<\/li>\n<li>La regla establecida en el Art. 326 del CPP (modificado por la Ley No. 1173) de promover la conciliacio\u0301n no se aplica a los casos de violencia contra las mujeres en virtud a la prohibicio\u0301n expresa establecida en el Art. 46 parr. I de la Ley No. 348 (ley especial), tal como sen\u0303ala el Arti\u0301culo 327 del CPP (modificado por la Ley No. 1173) la conciliacio\u0301n solo sera\u0301 promovida siempre que ella sea previsible de acuerdo a normativa especial y vigente.<\/li>\n<li>Otros criterios a tomar en cuenta sobre la conciliacio\u0301n son los establecidos en el Art. 64 de la Ley No. 260 modificado por la Ley No. 1173, el que dispone la promocio\u0301n de la conciliacio\u0301n por parte de la o el fiscal de oficio o a pedido de las partes, desde el primer momento, cuando se trate de delitos patrimoniales o culposos, exceptuando los casos en los que el hecho tenga por resultado la muerte, exista un intere\u0301s pu\u0301blico gravemente comprometido, vulneren derechos constitucionales, y\/o se trate de reincidentes o delincuentes habituales. Es de comprender que si estos criterios son valederos trata\u0301ndose de delitos patrimoniales, que incluiri\u0301a los delitos de violencia econo\u0301mica patrimonial, con mayor razo\u0301n debera\u0301n ser orientadores en otros casos de violencia. Se entendera\u0301 por \u201cintere\u0301s pu\u0301blico\u201d una afectacio\u0301n a derechos y a\u0301mbitos protectivos considerados superiores o primordiales.<\/li>\n<li>Excepcionalmente, la conciliacio\u0301n podra\u0301 ser promovida u\u0301nicamente por la vi\u0301ctima, en los casos no prohibidos por el Art. 46 parr. I de la Ley No, 348<a class=\"tooltips\" title=\"El apartado IV no se refiere a los casos prohibidos por el apartado I (hecho de violencia que hubiera comprometido la vida e integridad sexual de la mujer), sino a los hechos de violencia que no tienen esta caracter\u00edstica, y que por tanto son conciliables pero con una condici\u00f3n: que sea promovida por la v\u00edctima, por una sola vez y no se admite en casos de reincidencia.\"><sup>93<\/sup><\/a>, solo por u\u0301nica vez y no siendo posible admitirla en casos de reincidencia. A la luz del Art. 64 de la Ley No. 260 deberi\u0301a considerarse tambie\u0301n la habitualidad de la violencia o violencia reiterada y no solo la reincidencia a efecto de no admitir la conciliacio\u0301n cuando la denuncia refiera la existencia de hechos de violencia anteriores.<\/li>\n<li>Las causas por delitos de violencia no se remitira\u0301n, obligatoriamente a ningu\u0301n tipo de procedimiento alternativo de arreglo de controversias, como la conciliacio\u0301n o mediacio\u0301n, bajo responsabilidad por incumplimiento de deberes de proteccio\u0301n.\n<div class=\"section\">\u00a0<\/div>\n<div class=\"section\">\n<div class=\"layoutArea\">\n<div class=\"column\">\u00a0<\/div>\n<\/div>\n<\/div>\n<\/li>\n<\/ol>\n<\/div>\n<\/div>\n<\/div>\n<\/div>\n<\/div>\n<\/div>\n<\/div>\n<\/div>\n<\/div>\n<\/div>\n<\/div>\n<\/div>\n<\/div><\/div>\n<\/div>\n<\/div>\n<\/div>\n<\/div>\n<\/div>\n<\/div>\n<\/section>\n<section class=\"elementor-section elementor-top-section elementor-element elementor-element-86f1a1f elementor-section-boxed elementor-section-height-default elementor-section-height-default\" data-id=\"86f1a1f\" data-element_type=\"section\" data-settings=\"{&quot;background_background&quot;:&quot;classic&quot;}\">\n<div class=\"elementor-container elementor-column-gap-default\">\n<div class=\"elementor-row\">\n<div class=\"elementor-column elementor-col-100 elementor-top-column elementor-element elementor-element-c567cd8\" data-id=\"c567cd8\" data-element_type=\"column\">\n<div class=\"elementor-column-wrap elementor-element-populated\">\n<div class=\"elementor-widget-wrap\">\n<div class=\"elementor-element elementor-element-85b0278 elementor-widget elementor-widget-text-editor\" data-id=\"85b0278\" data-element_type=\"widget\" data-widget_type=\"text-editor.default\">\n<div class=\"elementor-widget-container\">\n<div class=\"elementor-text-editor elementor-clearfix\">\n<div class=\"page\" title=\"Page 15\">\n<div class=\"section\">\n<div class=\"layoutArea\">\n<div class=\"column\">\n<div class=\"page\" title=\"Page 24\">\n<div class=\"section\">\n<div class=\"layoutArea\">\n<div class=\"column\">\n<div class=\"page\" title=\"Page 24\">\n<div class=\"section\">\n<div class=\"layoutArea\">\n<div class=\"column\">\n<div class=\"page\" title=\"Page 169\">\n<div class=\"section\">\n<div class=\"layoutArea\">\n<div class=\"column\">\n<div class=\"page\" title=\"Page 221\">\n<div class=\"section\">\n<div class=\"layoutArea\">\n<div class=\"column\">\n<p style=\"text-align: center;\">La promocio\u0301n de la conciliacio\u0301n en casos de violencia contra las mujeres no es admisible legalmente y contradice los esta\u0301ndares internacionales de derechos humanos que forman parte del bloque de constitucionalidad.<br \/>Debe tenerse en cuenta que en los casos de violencia, en especial familiar o dome\u0301stica, se producen en el marco de relaciones de poder que pone a la vi\u0301ctima en una situacio\u0301n de vulnerabilidad y desigualdad frente a su agresor.<\/p>\n<\/div>\n<\/div>\n<\/div>\n<\/div>\n<\/div>\n<\/div>\n<\/div>\n<\/div>\n<\/div>\n<\/div>\n<\/div>\n<\/div>\n<\/div>\n<\/div>\n<\/div>\n<\/div>\n<\/div>\n<\/div>\n<\/div>\n<\/div>\n<\/div><\/div>\n<\/div>\n<\/div>\n<\/div>\n<\/div>\n<\/div>\n<\/div>\n<\/section>\n<section class=\"elementor-section elementor-top-section elementor-element elementor-element-1670e3e elementor-section-boxed elementor-section-height-default elementor-section-height-default\" data-id=\"1670e3e\" data-element_type=\"section\">\n<div class=\"elementor-container elementor-column-gap-default\">\n<div class=\"elementor-row\">\n<div class=\"elementor-column elementor-col-100 elementor-top-column elementor-element elementor-element-48087f0\" data-id=\"48087f0\" data-element_type=\"column\">\n<div class=\"elementor-column-wrap elementor-element-populated\">\n<div class=\"elementor-widget-wrap\">\n<div class=\"elementor-element elementor-element-c39e313 elementor-widget elementor-widget-text-editor\" data-id=\"c39e313\" data-element_type=\"widget\" data-widget_type=\"text-editor.default\">\n<div class=\"elementor-widget-container\">\n<div class=\"elementor-text-editor elementor-clearfix\">\n<div class=\"page\" title=\"Page 208\">\n<div class=\"section\">\n<div class=\"layoutArea\">\n<div class=\"column\">\n<div class=\"page\" title=\"Page 222\">\n<div class=\"section\">\n<div class=\"layoutArea\">\n<div class=\"column\">\n<p>Para admitir, excepcionalmente, la conciliacio\u0301n se debera\u0301n observar las siguientes reglas94:<\/p>\n<ol>\n<li>\n<p>En aplicacio\u0301n del principio de informalidad dispuesto en la Ley No. 348, las solicitudes de conciliacio\u0301n de la vi\u0301ctima podra\u0301n recibirse por escrito o de forma oral, en este u\u0301ltimo caso se levantara\u0301 un acta de la solicitud efectuada por la vi\u0301ctima que debera\u0301 ser suscrita por ella, debiendo informarle sobre los efectos de la misma. Los acuerdos transaccionales u otros similares que fuesen presentados por la vi\u0301ctima sera\u0301n tenidos solo como solicitudes para iniciar la conciliacio\u0301n.<\/p>\n<\/li>\n<li>\n<p>El procedimiento de conciliacio\u0301n debera\u0301 realizarse por personal especializado en el Ministerio Pu\u0301blico o a requerimiento por un centro de conciliacio\u0301n con profesionales especialmente capacitados para comprender e intervenir debidamente en los casos de violencia por razo\u0301n de ge\u0301nero contra la mujer, garantizando la proteccio\u0301n adecuada de los derechos de las mujeres y sus hijos e hijas y que dichas intervenciones se realicen sin una fijacio\u0301n de estereotipos ni revictimizacio\u0301n de las mujeres.<\/p>\n<\/li>\n<li>\n<p>Se debera\u0301 exigir un informe del perfil psicolo\u0301gico del agresor y las recomendaciones terape\u0301uticas. En caso que se recomiende una terapia se desestimara\u0301 esta salida alternativa, pudiendo optarse por la suspensio\u0301n condicional del proceso, debiendo establecerse entre las condiciones el tratamiento psicolo\u0301gico que deba cumplir el sindicado; con la obligatoriedad de informe de evolucio\u0301n psicolo\u0301gica de las instituciones tratantes y el cumplimiento de medidas de proteccio\u0301n, segu\u0301n dispone el Art. 23 CPP modificado por la Ley No. 1173.<\/p>\n<\/li>\n<li>\n<p>A efecto de dar curso a la conciliacio\u0301n, el o la Fiscal de Materia requerira\u0301 a la Instancia Promotora de Denuncia, informe con relacio\u0301n al cumplimiento de las medidas de proteccio\u0301n, la actual situacio\u0301n de la vi\u0301ctima y si los hechos de violencia contra la vi\u0301ctima y o su entorno familiar han cesado.<\/p>\n<\/li>\n<li>\n<p>En aplicacio\u0301n del para\u0301grafo 3 del arti\u0301culo 46 de la Ley No. 348, con la finalidad de verificar si la vi\u0301ctima no ha sido presionada para la suscripcio\u0301n de acuerdos conciliatorios presentados al o la Fiscal, se requerira\u0301 a la Instancia Promotora el informe correspondiente.<\/p>\n<\/li>\n<li>\n<p>En el caso de vi\u0301ctimas, cuya lengua materna sea diferente al espan\u0303ol, o que sean procedentes de pueblos indi\u0301genas originarios o que tuvieran alguna discapacidad en el lenguaje, necesariamente, debera\u0301 nombrarse traductor y\/o inte\u0301rprete a trave\u0301s del cual se explicara\u0301 a la vi\u0301ctima las consecuencias y efectos de la conciliacio\u0301n solicitada, salvo en el caso que la o el Fiscal de Materia conozca el idioma o lengua materna de la vi\u0301ctima o lengua de sen\u0303as, quien apoyara\u0301 el proceso conciliatorio y el contenido del Acta de Conciliacio\u0301n.<\/p>\n<\/li>\n<li>\n<p>El o la Fiscal de Materia debera\u0301 imponer las medidas de proteccio\u0301n que sean necesarias a fin de preservar la integridad fi\u0301sica, psicolo\u0301gica y sexual de la vi\u0301ctima. Debe tomarse en cuenta que el Art. 46 apartado II de la Ley No. 348 menciona la adopcio\u0301n de medidas de seguridad, pero estas medidas de acuerdo al CPP tienen por objeto rehabilitar al delincuente y readaptarlo para la vida en sociedad; en cambio las medidas de proteccio\u0301n buscan la preservacio\u0301n de la integridad fi\u0301sica, psicolo\u0301gica y sexual de las mujeres en situacio\u0301n de violencia, tal como lo sen\u0303ala expresamente el Art. 35 de la Ley No.348. Por lo que se entendera\u0301 que son las medidas de proteccio\u0301n las que deben disponerse en aplicacio\u0301n de los Arts. 389 Bis. y 389 quater del CPP modificado por la Ley No. 1173.<\/p>\n<\/li>\n<li>\n<p>La extincio\u0301n procedera\u0301 solo una vez que haya sido verificado el cumplido el Acuerdo Conciliatorio, en caso de su incumplimiento la o el Fiscal, el querellante o la vi\u0301ctima podra\u0301n solicitar la reanudacio\u0301n del proceso. (Art. 327 num. 5 y 6 del CPP modificado por la Ley No. 1173).<\/p>\n<\/li>\n<li>\n<p>El Acuerdo Conciliatorio debe contemplar las medidas de reparacio\u0301n del dan\u0303o provocado a la vi\u0301ctima.<\/p>\n<\/li>\n<li>\n<p><span style=\"font-size: 16px;\">El convocar a una audiencia para acordar el requerimiento conclusivo, de ninguna manera puede constituirse en un medio para buscar una conciliacio\u0301n en instancia fiscal. El o la funcionario\/a que convoque o presione a la vi\u0301ctima para promover la conciliacio\u0301n estara\u0301 sujeto a responsabilidad funcional.<\/span><\/p>\n<div class=\"page\" title=\"Page 223\">\n<div class=\"section\">\n<div class=\"layoutArea\">\n<div class=\"column\">\u00a0<\/div>\n<\/div>\n<\/div>\n<\/div>\n<\/li>\n<\/ol>\n<\/div>\n<\/div>\n<\/div>\n<\/div>\n<\/div>\n<\/div>\n<\/div>\n<\/div>\n<\/div><\/div>\n<\/div>\n<\/div>\n<\/div>\n<\/div>\n<\/div>\n<\/div>\n<\/section>\n<section class=\"elementor-section elementor-top-section elementor-element elementor-element-8ae3e91 elementor-section-boxed elementor-section-height-default elementor-section-height-default\" data-id=\"8ae3e91\" data-element_type=\"section\">\n<div class=\"elementor-container elementor-column-gap-default\">\n<div class=\"elementor-row\">\n<div class=\"elementor-column elementor-col-100 elementor-top-column elementor-element elementor-element-5cdfdb2\" data-id=\"5cdfdb2\" data-element_type=\"column\">\n<div class=\"elementor-column-wrap elementor-element-populated\">\n<div class=\"elementor-widget-wrap\">\n<div class=\"elementor-element elementor-element-0082802 elementor-widget elementor-widget-text-editor\" data-id=\"0082802\" data-element_type=\"widget\" data-widget_type=\"text-editor.default\">\n<div class=\"elementor-widget-container\">\n<div class=\"elementor-text-editor elementor-clearfix\">\n<div class=\"page\" title=\"Page 208\">\n<div class=\"section\">\n<div class=\"layoutArea\">\n<div class=\"column\">\n<div class=\"page\" title=\"Page 224\">\n<div class=\"section\">\n<div class=\"layoutArea\">\n<div class=\"column\">\n<p><span style=\"color: #43358b;\"><strong>Reglas sobre los criterios de oportunidad<\/strong><\/span><\/p>\n<ol>\n<li>En general, el Ministerio Pu\u0301blico esta\u0301 facultado para aplicar los criterios de oportunidad reglada<a class=\"tooltips\" title=\"Los criterios de oportunidad tienen su fundamento doctrinal directamente en el principio de oportunidad, que es la contrapartida del principio de legalidad procesal, llamado tambi\u00e9n de dis- ponibilidad de la acci\u00f3n penal, que permite al Ministerio P\u00fablico elegir en qu\u00e9 casos impulsar\u00e1 la actividad represiva y persecutora del Estado y en qu\u00e9 casos no lo har\u00e1, porque no est\u00e1 en condicio- nes de hacerlo o porque existen mejores opciones para resolver el conflicto.\"><sup>95<\/sup><\/a> en aquellos casos, que, existiendo antecedentes para su investigacio\u0301n y juzgamiento, decide cerrarlos por alguna de las siguientes razones: 1. La escasa relevancia social (insignificancia del hecho) o su gravedad mi\u0301nima en comparacio\u0301n a otros casos (delitos de bagatela); 2. La carencia de sentido de la imposicio\u0301n de una sancio\u0301n frente a la pena natural que ha sufrido el imputado como consecuencia del hecho; 3. La saturacio\u0301n de la pena por sanciones ya impuestas por otros delitos; 4. La previsibilidad de la aplicacio\u0301n del perdo\u0301n judicial en el supuesto de que el caso fuese a juicio; y 5) La aplicacio\u0301n previsible de penas en el extranjero (Art. 21 CPP).<\/li>\n<\/ol>\n<p style=\"padding-left: 40px;\">En relacio\u0301n a los casos de violencia debera\u0301n considerarse los siguientes criterios:<\/p>\n<p style=\"padding-left: 40px;\"><strong>Causal 1:<\/strong> No resulta admisible considerar estos delitos de escasa relevancia social ya que la violencia en razo\u0301n de ge\u0301nero contra las mujeres estari\u0301a siendo relativizada y seria contraria al objeto de la Ley No. 348 (Art.2) y a la declaracio\u0301n en su Art. 3 donde el Estado boliviano, asume \u201ccomo prioridad\u201d la erradicacio\u0301n de la violencia hacia las mujeres, por constituirse en una de las formas ma\u0301s extremas de discriminacio\u0301n de ge\u0301nero<a class=\"tooltips\" title=\"Comunidad de Derechos Humanos. 2014. Gu\u00eda de Preguntas frecuentes sobre la Ley Integral para Garantizar a las Mujeres una Vida Libre de Violencia. La Paz, Bolivia.\"><sup>96<\/sup><\/a>, asi\u0301 como un incumplimiento al esta\u0301ndar de la debida diligencia.<\/p>\n<p style=\"padding-left: 40px;\"><strong style=\"font-size: 16px;\">Causal 2:<\/strong><span style=\"font-size: 16px;\"> Trata\u0301ndose de una pena natural, debe sopesarse que ello no implique dejar en la impunidad el delito ni dejar sin reparacio\u0301n los dan\u0303os directos causados a la vi\u0301ctima, tanto f\u00edsicos como psicolo\u0301gicos.<\/span><\/p>\n<p style=\"padding-left: 40px;\"><strong style=\"font-size: 16px;\">Causal 3 y 5:<\/strong><span style=\"font-size: 16px;\"> Debe tomarse en cuenta que doctrinalmente, un caso es menos importante respecto a otros casos de acuerdo a los criterios y decisiones de poli\u0301tica criminal preestablecidos y no se vincula necesariamente con la gravedad del hecho o a la pena. En este contexto, la poli\u0301tica estari\u0301a determinada por el Art. 15 de la CPE, el Art. 3 de la Ley No. 348 y la primaci\u0301a constitucional del intere\u0301s superior del nin\u0303o en relacio\u0301n a delitos que afecten a nin\u0303as, nin\u0303os y adolescentes.<\/span><\/p>\n<p style=\"padding-left: 40px;\"><strong style=\"font-size: 16px;\">Causal 4:<\/strong><span style=\"font-size: 16px;\"> En los casos de violencia en razo\u0301n de ge\u0301nero contra las mujeres el TCP en la SCP 0721\/2018-S2 ha establecido que no es aplicable el perdo\u0301n judicial debiendo imponerse las sanciones alternativas previstas en la Ley No. 348 a fin de no dejar en la impunidad ningu\u0301n hecho de violencia, por lo que no podri\u0301a aplicarse este presupuesto.<\/span><\/p>\n<ol start=\"2\">\n<li>Considera\u0301ndose que, aunque la Ley No. 348 no contiene una prohibicio\u0301n expresa, como en el caso de la conciliacio\u0301n, deben quedar fuera de la aplicacio\u0301n de los criterios de oportunidad reglada, aquellos delitos que contienen hechos de violencia que comprometan o afecten el derecho a la vida y a la integridad sexual de las mujeres en situacio\u0301n de violencia, bajo el entendido que de ninguna manera estos delitos podri\u0301an considerarse de escasa relevancia social<a class=\"tooltips\" title=\"Comunidad de Derechos Humanos. 2014. Gu\u00eda de Preguntas frecuentes sobre la Ley Integral para Garantizar a las Mujeres una Vida Libre de Violencia. La Paz, Bolivia.\"><sup>97<\/sup><\/a>, tanto trata\u0301ndose de los delitos consumados como en grado de tentativa.<\/li>\n<li>En ningu\u0301n delito de violencia contra nin\u0303as, nin\u0303os y adolescentes resultari\u0301an aplicables, pues como establece el Art. 157 del CNNA la preeminencia de los derechos de la nin\u0303a, nin\u0303o y adolescente, implica tambie\u0301n, la garanti\u0301a del Estado de procurar la restitucio\u0301n y restauracio\u0301n del derecho a su integridad fi\u0301sica, psicolo\u0301gica y sexual prohibie\u0301ndose toda forma de conciliacio\u0301n o transaccio\u0301n en casos de nin\u0303as, nin\u0303os o adolescentes vi\u0301ctimas de violencia.<\/li>\n<li>Se considera que los criterios de oportunidad podra\u0301n aplicarse en los delitos de violencia patrimonial (Art. 250 ter. CP) y sustraccio\u0301n de utilidades de actividades econo\u0301micas familiares (Art. 250 quater CP),siempre que se haya reparado el dan\u0303o<a class=\"tooltips\" title=\"Revisar la Sentencia de la Corte IDH en el Caso Gonz\u00e1les Vs. M\u00e9xico.\"><sup>98<\/sup><\/a>.<\/li>\n<\/ol>\n<\/div>\n<\/div>\n<\/div>\n<\/div>\n<\/div>\n<\/div>\n<\/div>\n<\/div>\n<\/div><\/div>\n<\/div>\n<\/div>\n<\/div>\n<\/div>\n<\/div>\n<\/div>\n<\/section>\n<section class=\"elementor-section elementor-top-section elementor-element elementor-element-b330880 elementor-section-boxed elementor-section-height-default elementor-section-height-default\" data-id=\"b330880\" data-element_type=\"section\">\n<div class=\"elementor-container elementor-column-gap-default\">\n<div class=\"elementor-row\">\n<div class=\"elementor-column elementor-col-100 elementor-top-column elementor-element elementor-element-bade097\" data-id=\"bade097\" data-element_type=\"column\">\n<div class=\"elementor-column-wrap elementor-element-populated\">\n<div class=\"elementor-widget-wrap\">\n<div class=\"elementor-element elementor-element-a5a83f5 elementor-widget elementor-widget-text-editor\" data-id=\"a5a83f5\" data-element_type=\"widget\" data-widget_type=\"text-editor.default\">\n<div class=\"elementor-widget-container\">\n<div class=\"elementor-text-editor elementor-clearfix\">\n<div class=\"page\" title=\"Page 208\">\n<div class=\"section\">\n<div class=\"layoutArea\">\n<div class=\"column\">\n<div class=\"page\" title=\"Page 226\">\n<div class=\"section\">\n<div class=\"layoutArea\">\n<div class=\"column\">\n<p><span style=\"color: #43358b;\"><strong>Reglas aplicables para los rechazos<\/strong><\/span><\/p>\n<p>El rechazo de la denuncia debera\u0301 fundarse u\u0301nicamente en las causas previstas en el Art. 304 CPP no pudiendo atribuirse la misma al abandono por parte de la vi\u0301ctima o por no haber coadyuvado en la investigacio\u0301n<a class=\"tooltips\" title=\"De conformidad a la.\"><sup>99<\/sup><\/a>, debiendo demostrarse que se realizaron de oficio todas las actividades investigativas pertinentes y adecuadas, conforme al esta\u0301ndar de la debida diligencia.<\/p>\n<p>En consecuencia, se tendra\u0301 presente que las figuras de abandono y desistimiento con efectos en la accio\u0301n penal relativos a su extincio\u0301n, corresponden solo a los delitos de accio\u0301n privada de conformidad a los Arts. 376 y 380 del CPP. En los dema\u0301s delitos el abandono y desistimiento solo tiene efectos respecto a la querella, conforme el Art. 292 del CPP, teniendo en cuenta que, al ser los delitos de violencia perseguibles de oficio corresponde al Ministerio Pu\u0301blico la carga de la prueba, siendo esta\u0301 una garant\u00eda para la vi\u0301ctima por la que no se les exigira\u0301 que coadyuve en la investigacio\u0301n y en caso de un eventual desistimiento de denuncia, persiste la obligacio\u0301n de continuar con la accio\u0301n penal siendo que la exigencia de su presencia puede resultar revictimizante. (SCP 0017\/2019-S2).<\/p>\n<p><strong>EL O LA FISCAL NO PODRA\u0301 FUNDAMENTAR SUS RESOLUCIONES EN EL ABANDONO DEL PROCESO POR PARTE DE LA VI\u0301CTIMA O POR NO COADYUVAR EN LAS INVESTIGACIONES, NI BUSCAR SU ADECUACIO\u0301N A OTRAS FIGURAS JURI\u0301DICAS, EN ESPECIAL TRATA\u0301NDOSE DE NIN\u0303AS, NIN\u0303OS Y ADOLESCENTES, DEBIENDO CUMPLIR CON SU OBLIGACIO\u0301N DE EJERCER LA PERSECUCIO\u0301N PENAL DE OFICIO.<\/strong><\/p>\n<\/div>\n<\/div>\n<\/div>\n<\/div>\n<\/div>\n<\/div>\n<\/div>\n<\/div>\n<\/div><\/div>\n<\/div>\n<\/div>\n<\/div>\n<\/div>\n<\/div>\n<\/div>\n<\/section>\n<section class=\"elementor-section elementor-top-section elementor-element elementor-element-5803375 elementor-section-boxed elementor-section-height-default elementor-section-height-default\" data-id=\"5803375\" data-element_type=\"section\">\n<div class=\"elementor-container elementor-column-gap-default\">\n<div class=\"elementor-row\">\n<div class=\"elementor-column elementor-col-100 elementor-top-column elementor-element elementor-element-b457fc9\" data-id=\"b457fc9\" data-element_type=\"column\">\n<div class=\"elementor-column-wrap elementor-element-populated\">\n<div class=\"elementor-widget-wrap\">\n<div class=\"elementor-element elementor-element-4c15034 elementor-widget elementor-widget-heading\" data-id=\"4c15034\" data-element_type=\"widget\" data-widget_type=\"heading.default\">\n<div class=\"elementor-widget-container\">\n<h2 class=\"elementor-heading-title elementor-size-default\">3.2.4 ETAPA PREPARATORIA DE LA INVESTIGACI\u00d3N<\/h2>\n<\/div>\n<\/div>\n<\/div>\n<\/div>\n<\/div>\n<\/div>\n<\/div>\n<\/section>\n<section class=\"elementor-section elementor-top-section elementor-element elementor-element-345639f elementor-section-boxed elementor-section-height-default elementor-section-height-default\" data-id=\"345639f\" data-element_type=\"section\">\n<div class=\"elementor-container elementor-column-gap-default\">\n<div class=\"elementor-row\">\n<div class=\"elementor-column elementor-col-100 elementor-top-column elementor-element elementor-element-847862a\" data-id=\"847862a\" data-element_type=\"column\">\n<div class=\"elementor-column-wrap elementor-element-populated\">\n<div class=\"elementor-widget-wrap\">\n<div class=\"elementor-element elementor-element-975d7c4 elementor-widget elementor-widget-text-editor\" data-id=\"975d7c4\" data-element_type=\"widget\" data-widget_type=\"text-editor.default\">\n<div class=\"elementor-widget-container\">\n<div class=\"elementor-text-editor elementor-clearfix\">\n<div class=\"page\" title=\"Page 208\">\n<div class=\"section\">\n<div class=\"layoutArea\">\n<div class=\"column\">\n<table cellspacing=\"0\" cellpadding=\"0\">\n<tbody>\n<tr>\n<td valign=\"middle\"><span style=\"color: #000000; font-family: Ubuntu; font-size: xx-large;\"><b>1<\/b><\/span><\/td>\n<td valign=\"middle\">\n<p align=\"justify\"><span style=\"color: #000000; font-family: Ubuntu; font-size: small;\"><b><i>Actuaciones investigativas<span class=\"Apple-converted-space\">\u00a0<\/span><\/i><\/b><\/span><\/p>\n<p align=\"justify\"><span style=\"color: #000000; font-family: Ubuntu; font-size: small;\">El Ministerio P\u00fablico como director funcional de la investigaci\u00f3n con apoyo de la Polic\u00eda realizar\u00e1 todas las actividades investigativas de acuerdo al caso cumpliendo con los est\u00e1ndares de la debida diligencia. Deber\u00e1n observarse las actuaciones m\u00ednimas previstas en los manuales de actuaci\u00f3n del Ministerio P\u00fablico y la FELCV.<span class=\"Apple-converted-space\">\u00a0<\/span><\/span><\/p>\n<p align=\"justify\"><span style=\"color: #000000; font-family: Ubuntu; font-size: small;\">La obligaci\u00f3n de investigar en los casos de violencia debe cumplirse diligentemente para evitar la impunidad y con ciertas especificidades; resulta particularmente importante que la investigaci\u00f3n sea realizada con vigor e imparcialidad y que se desarrolle de modo oportuno. Esto significa que debe iniciarse de manera inmediata, para asegurar la mayor eficiencia en la producci\u00f3n y la preservaci\u00f3n de la prueba para impedir la p\u00e9rdida que pueden resultar fundamentales para la determinaci\u00f3n de responsabilidades, deben realizarse en un plazo razonable y deben ser propositivas, por lo que se observar\u00e1n las siguientes directrices<\/span><span style=\"color: #000000; font-family: Ubuntu; font-size: small;\"><a class=\"tooltips\" title=\"Ver la sentencia de la Corte IDH en el Caso Gonz\u00e1les Vs. M\u00e9xico en el marco normativo internacional.\"><sup>100<\/sup><\/a><\/span><span style=\"color: #000000; font-family: Ubuntu; font-size: small;\">:<span class=\"Apple-converted-space\">\u00a0<\/span><\/span><\/p>\n<ol>\n<li><i><\/i><span style=\"color: #000000; font-family: Ubuntu; font-size: small;\"><i>Una vez que se tenga conocimiento del hecho, debe iniciarse de oficio y sin dilaci\u00f3n, una investigaci\u00f3n seria, imparcial y efectiva por todos los medios legales disponibles, y orientada a la determinaci\u00f3n de la verdad y a la persecuci\u00f3n, captura, enjuiciamiento y eventual sanci\u00f3n del o los autores de los hechos.<span class=\"Apple-converted-space\">\u00a0<\/span><\/i><\/span><\/li>\n<li><i><\/i><span style=\"color: #000000; font-family: Ubuntu; font-size: small;\"><i>Se debe documentar y coordinar todos los actos investigativos y manejar diligentemente la prueba, tomando muestras suficientes, realizando estudios para determinar la posible autor\u00eda del hecho, asegurando todos los indicios y evidencias, investigando de forma inmediata el lugar, los hechos y garantizando la correcta cadena de custodia.<span class=\"Apple-converted-space\">\u00a0<\/span><\/i><\/span><\/li>\n<\/ol>\n<\/td>\n<\/tr>\n<tr>\n<td valign=\"middle\"><span style=\"color: #000000; font-family: Ubuntu; font-size: xx-large;\"><b>2<\/b><\/span><\/td>\n<td valign=\"middle\">\n<p align=\"justify\"><span style=\"color: #000000; font-family: Ubuntu; font-size: small;\"><b><i>Acompa\u00f1amiento y seguimiento a la v\u00edctima en la etapa preparatoria de la investigaci\u00f3n<span class=\"Apple-converted-space\">\u00a0<\/span><\/i><\/b><\/span><\/p>\n<p align=\"justify\"><span style=\"color: #000000; font-family: Ubuntu; font-size: small;\">Las Instancias Promotoras de la Denuncia deben tener presente que el objetivo principal del seguimiento, consiste en la verificaci\u00f3n de la situaci\u00f3n de la v\u00edctima y o dependientes, por lo que al igual que en la etapa preliminar deben verificar:<span class=\"Apple-converted-space\">\u00a0<\/span><\/span><\/p>\n<ul>\n<li><span style=\"color: #000000; font-family: Ubuntu; font-size: small;\">La efectiva aplicaci\u00f3n de las medidas de protecci\u00f3n y la identificaci\u00f3n de nuevas medidas,<span class=\"Apple-converted-space\">\u00a0<\/span><\/span><\/li>\n<li><span style=\"color: #000000; font-family: Ubuntu; font-size: small;\">La asistencia a las terapias psicol\u00f3gicas tanto de la v\u00edctima como del imputado;<span class=\"Apple-converted-space\">\u00a0<\/span><\/span><\/li>\n<li><span style=\"color: #000000; font-family: Ubuntu; font-size: small;\">El estado de salud y continuidad de tratamiento m\u00e9dico, si corresponde;<span class=\"Apple-converted-space\">\u00a0<\/span><\/span><\/li>\n<li><span style=\"color: #000000; font-family: Ubuntu; font-size: small;\">El cambio de domicilio y o fuente laboral;<span class=\"Apple-converted-space\">\u00a0<\/span><\/span><\/li>\n<li><span style=\"color: #000000; font-family: Ubuntu; font-size: small;\">Situaci\u00f3n en caso de haber ingresado a una casa de acogida;<span class=\"Apple-converted-space\">\u00a0<\/span><\/span><\/li>\n<li><span style=\"color: #000000; font-family: Ubuntu; font-size: small;\">Posibles causas del abandono, solicitudes de desistimiento o pedidos de retiro de la denuncia ya aunque al tratarse de delitos de acci\u00f3n p\u00fablica la persecuci\u00f3n penal continuar\u00e1, es necesario conocer las razones que originan estas decisiones.<span class=\"Apple-converted-space\">\u00a0<\/span><\/span><\/li>\n<\/ul>\n<p align=\"justify\"><span style=\"color: #000000; font-family: Ubuntu; font-size: small;\">En caso de requerir la UPAVT, la Instancia Promotora de Denuncia o el acompa\u00f1amiento de organizaciones de la sociedad civil deber\u00e1n realizar las siguientes acciones, en especial trat\u00e1ndose de la audiencia de medidas cautelares, pericias, inspecci\u00f3n t\u00e9cnica ocular y otras:<span class=\"Apple-converted-space\">\u00a0<\/span><\/span><\/p>\n<ul>\n<li><span style=\"color: #000000; font-family: Ubuntu; font-size: small;\">Informar a la v\u00edctima respecto al procedimiento a realizarse, su intervenci\u00f3n en la misma y cu\u00e1l la finalidad de su participaci\u00f3n.<span class=\"Apple-converted-space\">\u00a0<\/span><\/span><\/li>\n<li><span style=\"color: #000000; font-family: Ubuntu; font-size: small;\">Preparaci\u00f3n de la v\u00edctima por medio de estrategias de afrontamiento ante un posible encuentro con su agresor.<span class=\"Apple-converted-space\">\u00a0<\/span><\/span><\/li>\n<li><span style=\"color: #000000; font-family: Ubuntu; font-size: small;\">En caso de ser necesario, deber\u00e1 adoptar t\u00e9cnicas de caracterizaci\u00f3n para salvaguardar la identidad de la v\u00edctima al ingreso y salida de estrados judiciales (Ver Anexo 7).<span class=\"Apple-converted-space\">\u00a0<\/span><\/span><\/li>\n<li><span style=\"color: #000000; font-family: Ubuntu; font-size: small;\">La presencia de ni\u00f1as, ni\u00f1os y adolescente v\u00edctima o testigo en audiencia cautelar NO es necesaria; sin embargo, cuando sea inevitable, se tomar\u00e1n todas las medidas pertinentes para evitar el contacto con el agresor y la revictimizaci\u00f3n, siendo imprescindible el acompa\u00f1amiento psicol\u00f3gico.<span class=\"Apple-converted-space\">\u00a0<\/span><\/span><\/li>\n<\/ul>\n<\/td>\n<\/tr>\n<tr>\n<td valign=\"middle\"><span style=\"color: #000000; font-family: Ubuntu; font-size: xx-large;\"><b>3<\/b><\/span><\/td>\n<td valign=\"middle\">\n<p align=\"justify\"><span style=\"color: #000000; font-family: Ubuntu; font-size: small;\"><b><i>Actuaciones judiciales durante la etapa preliminar y preparatoria<span class=\"Apple-converted-space\">\u00a0<\/span><\/i><\/b><\/span><\/p>\n<p align=\"justify\"><span style=\"color: #000000; font-family: Ubuntu; font-size: small;\"><b>Buen trato y no revictimizaci\u00f3n<span class=\"Apple-converted-space\">\u00a0<\/span><\/b><\/span><\/p>\n<p align=\"justify\"><span style=\"color: #000000; font-family: Ubuntu; font-size: small;\">En relaci\u00f3n con la actuaci\u00f3n de los Juzgados de Instrucci\u00f3n, debe asegurarse que las pr\u00e1cticas habituales cotidianas, especialmente, en relaci\u00f3n con la comunicaci\u00f3n, informaci\u00f3n y atenci\u00f3n a las v\u00edctimas, se realice garantizando sus derechos y respetando su dignidad en consideraci\u00f3n a su situaci\u00f3n, por lo que la autoridad jurisdiccional y el personal de apoyo deben cuidar no incurrir en mal trato o conductas revictimizantes o discriminatorias.<span class=\"Apple-converted-space\">\u00a0<\/span><\/span><\/p>\n<p align=\"justify\"><span style=\"color: #000000; font-family: Ubuntu; font-size: small;\">En especial trat\u00e1ndose de las ni\u00f1as, ni\u00f1os y adolescentes gozan de los derechos a un trato digno y compasivo: \u201cLos ni\u00f1os\/as v\u00edctimas y testigos deber\u00edan ser tratados con tacto y sensibilidad a lo largo de todo el proceso de justicia, tomando en consideraci\u00f3n su situaci\u00f3n personal, su necesidad inmediata, edad, sexo, impedimento f\u00edsico, nivel de madurez y respetando plenamente su integridad f\u00edsica, mental y moral\u201d<\/span><span style=\"color: #000000; font-family: Ubuntu; font-size: small;\"><a class=\"tooltips\" title=\"ONU. 2005. Directrices de las Naciones Unidas sobre la justicia en asuntos concernientes a los ni\u00f1os v\u00edctimas y testigos de delitos.\"><sup>101<\/sup><\/a><\/span><span style=\"color: #000000; font-family: Ubuntu; font-size: small;\">.<span class=\"Apple-converted-space\">\u00a0<\/span><\/span><\/p>\n<p align=\"justify\"><span style=\"color: #000000; font-family: Ubuntu; font-size: small;\">En ese sentido deben observarse las siguientes reglas:<span class=\"Apple-converted-space\">\u00a0<\/span><\/span><\/p>\n<ul>\n<li><span style=\"color: #000000; font-family: Ubuntu; font-size: small;\">La jueza, el juez o fiscal dispondr\u00e1 que los testimonios o declaraciones que deba prestar la v\u00edctima, sean realizados por una sola vez y con car\u00e1cter privado, con el auxilio de familiares o peritos especializados, utilizando medios especiales y tecnol\u00f3gicos apropiados para garantizar que la declaraci\u00f3n sea v\u00e1lida en todas las etapas del proceso, en el marco del respeto a las condiciones inherentes al declarante o evitar su revictimizaci\u00f3n, cobrando especial importancia el anticipo de prueba. (Art. 393 octer del CPP modificado por la Ley No. 1173).<span class=\"Apple-converted-space\">\u00a0<\/span><\/span><\/li>\n<li><span style=\"color: #000000; font-family: Ubuntu; font-size: small;\">Cuando deba realizarse diferentes pruebas periciales a la v\u00edctima, se concentrar\u00e1 la actividad de los peritos ordenando que act\u00faen conjunta e interdisciplinariamente observando con rigor las reglas especiales de protecci\u00f3n, preservando la salud y la intimidad de la v\u00edctima y evitar su revictimizaci\u00f3n. Al acto podr\u00e1 asistir una persona de confianza de la persona examinada. (Art. 393 octer del CPP modificado por la Ley No. 1173).<span class=\"Apple-converted-space\">\u00a0<\/span><\/span><\/li>\n<\/ul>\n<p align=\"justify\"><span style=\"color: #000000; font-family: Ubuntu; font-size: small;\"><b>Soluci\u00f3n integral<span class=\"Apple-converted-space\">\u00a0<\/span><\/b><\/span><\/p>\n<p align=\"justify\"><span style=\"color: #000000; font-family: Ubuntu; font-size: small;\">Como parte de la soluci\u00f3n integral de los casos de violencia, adem\u00e1s de todo lo relacionado con la investigaci\u00f3n, sanci\u00f3n y reparaci\u00f3n del delito cometido, es posible que dentro del mismo proceso la v\u00edctima solicite al juez o jueza, resuelva de manera provisional o definitiva otros temas que tienen que ver con tu v\u00ednculo con el agresor o el sustento para tus hijos e hijas, su cuidado y otros temas que necesitas sean resueltos prontamente, para ello se tomar\u00e1 en cuenta que:<span class=\"Apple-converted-space\">\u00a0<\/span><\/span><\/p>\n<ul>\n<li><span style=\"color: #000000; font-family: Ubuntu; font-size: small;\">En esta etapa o cualquier otra del proceso por delitos de violencia f\u00edsica o sexual contra las mujeres con pena igual o superior a cuatro (4) a\u00f1os, la v\u00edctima o su representante podr\u00e1 solicitar a la autoridad jurisdiccional el divorcio o desvinculaci\u00f3n de la uni\u00f3n libre por ruptura del proyecto de vida en com\u00fan, con el \u00fanico efecto de la disoluci\u00f3n del v\u00ednculo conyugal o de uni\u00f3n libre de hecho, para que resuelva conforme establece el procedimiento previsto en la Ley No. 603 de 19 de noviembre de 2014, \u201cC\u00f3digo de las Familias y del Proceso Familiar\u201d. (Art\u00edculo 393 deciter del CPP modificado por la Ley No. 1173).<span class=\"Apple-converted-space\">\u00a0<\/span><\/span><\/li>\n<li><span style=\"color: #000000; font-family: Ubuntu; font-size: small;\">Tambi\u00e9n podr\u00e1 resolver la asistencia familiar, la guarda y la custodia de los hijos o hijas hasta tanto sea planteada y resuelta por la v\u00eda familiar. Posteriores modificaciones a la asistencia familiar, guarda y custodia, ser\u00e1n tramitadas en la jurisdicci\u00f3n correspondiente. (Art\u00edculo 393 deciter del CPP modificado por la Ley No. 1173).<span class=\"Apple-converted-space\">\u00a0<\/span><\/span><\/li>\n<\/ul>\n<p align=\"justify\"><span style=\"color: #000000; font-family: Ubuntu; font-size: small;\"><b>Disposici\u00f3n de medidas de protecci\u00f3n y control de legalidad<span class=\"Apple-converted-space\">\u00a0<\/span><\/b><\/span><\/p>\n<p align=\"justify\"><span style=\"color: #000000; font-family: Ubuntu; font-size: small;\">Respecto a las medidas de protecci\u00f3n debe observarse las siguientes directrices:<span class=\"Apple-converted-space\">\u00a0<\/span><\/span><\/p>\n<ul>\n<li><span style=\"color: #000000; font-family: Ubuntu; font-size: small;\">Es competencia jurisdiccional disponer, ratificar, modificar o revocar las medidas de protecci\u00f3n en favor de la v\u00edctima precautelando su vida e integridad. (Arts. 52 y 54 del CPPP modificado por la Ley No. 1173).<span class=\"Apple-converted-space\">\u00a0<\/span><\/span><\/li>\n<li><span style=\"color: #000000; font-family: Ubuntu; font-size: small;\">La jueza o el juez atendiendo a las circunstancias del caso, en conocimiento de que las medidas de protecci\u00f3n hayan sido dispuestas anteriormente por la Instancia Promotora de Denuncia, la Polic\u00eda o el Ministerio P\u00fablico con car\u00e1cter de urgencia podr\u00e1 resolver la cuesti\u00f3n en audiencia p\u00fablica cuando necesite escuchar a las partes siguiendo el procedimiento para la aplicaci\u00f3n de medidas cautelares, cuidando siempre de no incurrir en actos de revictimizaci\u00f3n ni propiciar el encuentro o careo entre las partes. Tambi\u00e9n podr\u00e1 resolverlas sin audiencia, en cuyo caso dictar\u00e1 la resoluci\u00f3n dentro de las setenta y dos (72) horas siguientes de su comunicaci\u00f3n, basado en la denuncia, la valoraci\u00f3n de riesgo realizada por la Instancia Promotora o Receptora de la denuncia, informes y otros que considere necesarios para su fundamentaci\u00f3n. (Art. 389 ter. del CPP modificado por la Ley No. 1173).<br \/>\nA efecto de definir la ratificaci\u00f3n, modificaci\u00f3n o revocatoria de las medidas de protecci\u00f3n, la autoridad judicial deber\u00e1 aplicar el principio de protecci\u00f3n reforzada hacia las v\u00edctimas de violencia. Trat\u00e1ndose de ni\u00f1as, ni\u00f1os y adolescentes aplicar\u00e1 el principio de inter\u00e9s superior previsto en el C\u00f3digo Ni\u00f1a, Ni\u00f1o y Adolescente, por el cual su situaci\u00f3n de vulnerabilidad debe anteponerse a cualquier otro criterio.<span class=\"Apple-converted-space\">\u00a0<\/span><\/span><\/li>\n<li><span style=\"color: #000000; font-family: Ubuntu; font-size: small;\">Para determinar la idoneidad de las medidas deber\u00e1 aplicar los principios de proporcionalidad, necesidad y razonabilidad de las mismas basado en la valoraci\u00f3n de riesgo.<span class=\"Apple-converted-space\">\u00a0<\/span><\/span><\/li>\n<li><span style=\"color: #000000; font-family: Ubuntu; font-size: small;\">La ratificaci\u00f3n, modificaci\u00f3n o revocatoria deber\u00e1 ser notificada al procesado de manera personal, a la v\u00edctima, Fiscal y a la Polic\u00eda.<span class=\"Apple-converted-space\">\u00a0<\/span><\/span><\/li>\n<li><span style=\"color: #000000; font-family: Ubuntu; font-size: small;\">En los dem\u00e1s casos la autoridad judicial podr\u00e1 DISPONER las medidas de protecci\u00f3n especial previstas en la Ley No. 1173 y otras previstas en el C\u00f3digo Ni\u00f1a, Ni\u00f1o y Adolescente y la Ley No. 348, de oficio o a pedido de parte, de la v\u00edctima o de su representante, sin necesidad de que se constituya en querellante, incluso podr\u00e1 disponerse otras medidas de protecci\u00f3n no mencionadas y que a su criterio sean las adecuadas para garantizar la vida<\/span><span style=\"color: #000000; font-family: Ubuntu; font-size: small;\"><a class=\"tooltips\" title=\"Al referirnos al derecho a la vida debe tenerse presente los est\u00e1ndares constitucionales e internacionales sobre su contenido, que no se reducen a la existencia biol\u00f3gica. La Corte IDH establece que en raz\u00f3n del car\u00e1cter fundamental del derecho a la vida, no son admisibles enfoques restrictivos del mismo. En esencia, el derecho fundamental a la vida comprende, no solo el derecho de todo ser humano de no ser privado de la vida arbitrariamente, sino tambi\u00e9n el derecho a que no se le impida el acceso a las condiciones que le garanticen una existencia digna.\"><sup>102<\/sup><\/a> <\/span><span style=\"color: #000000; font-family: Ubuntu; font-size: small;\">e integridad de la v\u00edctima, tal como prev\u00e9 el num. 19 del Art. 35 de la Ley No. 348 y la SCP 033\/2013.<span class=\"Apple-converted-space\">\u00a0<\/span><\/span><\/li>\n<li><span style=\"color: #000000; font-family: Ubuntu; font-size: small;\">Debe tomarse en cuenta que el cat\u00e1logo de medidas de protecci\u00f3n previsto en estas leyes no es restrictivo, as\u00ed la Ley No. 348 establece que deben adoptarse todas las que garanticen la integridad de las mujeres que se encuentran en situaci\u00f3n de violencia. De igual manera, en relaci\u00f3n a ni\u00f1as, ni\u00f1os y adolescentes en aplicaci\u00f3n del principio de inter\u00e9s superior, la autoridad judicial podr\u00e1 disponer cualquier medida que resulte la m\u00e1s id\u00f3nea para proteger la vida e integridad de la v\u00edctima.<span class=\"Apple-converted-space\">\u00a0<\/span><\/span><\/li>\n<li><span style=\"color: #000000; font-family: Ubuntu; font-size: small;\">Toda decisi\u00f3n siempre deber\u00e1 compulsar dos principios esenciales, que son: i) el principio de primac\u00eda de protecci\u00f3n del derecho a la vida; y, ii) El principio de duda favorable de la protecci\u00f3n exhaustiva del derecho a la vida. (SCP 033\/2013).<span class=\"Apple-converted-space\">\u00a0<\/span><\/span><\/li>\n<li><span style=\"color: #000000; font-family: Ubuntu; font-size: small;\">En los casos de acoso y violencia pol\u00edtica contra las mujeres podr\u00e1 tomarse como referencia, tambi\u00e9n las medidas de protecci\u00f3n descritas en el Reglamento de la Ley No. 243 y cualquier otra que la autoridad judicial considere pertinente seg\u00fan la naturaleza del hecho y los factores de riesgo identificados.<span class=\"Apple-converted-space\">\u00a0<\/span><\/span><\/li>\n<li><span style=\"color: #000000; font-family: Ubuntu; font-size: small;\">Si la autoridad jurisdiccional opta por disponer las medidas de protecci\u00f3n de oficio, tomar\u00e1 en consideraci\u00f3n la valoraci\u00f3n de riesgo realizada durante la recepci\u00f3n de la denuncia, los antecedentes y circunstancias del caso, as\u00ed como los hechos sobrevinientes posteriores a la denuncia, pudiendo convocar a una audiencia o no. En caso de no contarse con la valoraci\u00f3n de riesgo instruir\u00e1 que ella sea practicada por una Instancia Promotora o Receptora de la Denuncia.<span class=\"Apple-converted-space\">\u00a0<\/span><\/span><\/li>\n<li><span style=\"color: #000000; font-family: Ubuntu; font-size: small;\">Si a consecuencia de un delito de feminicidio cometido por el c\u00f3nyuge o conviviente, quedaran hijas e hijos menores de edad hu\u00e9rfanos, \u00e9stos ser\u00e1n puestos de inmediato bajo custodia de los abuelos u otro familiar cercano por l\u00ednea materna, con el acompa\u00f1amiento de la Defensor\u00eda de la Ni\u00f1ez y Adolescencia, en tanto se establezca la guarda legal, debiendo acceder toda la familia al sistema de protecci\u00f3n de v\u00edctimas y testigos del Ministerio P\u00fablico y al sistema de atenci\u00f3n que esta Ley prev\u00e9. (Art. 26 de la Ley No. 348). La jueza, el juez o tribunal podr\u00e1 adem\u00e1s prohibir al imputado comunicarse, intimidar o molestar por cualquier medio, por s\u00ed o mediante terceras personas, a la familia de la v\u00edctima (Art. 389 Bis. III. CP).<br \/>\n<\/span><\/li>\n<\/ul>\n<p align=\"justify\"><span style=\"color: #000000; font-family: Ubuntu; font-size: small;\"><b>Salidas alternativas<span class=\"Apple-converted-space\">\u00a0<\/span><\/b><\/span><\/p>\n<ul>\n<li><span style=\"color: #000000; font-family: Ubuntu; font-size: small;\">En relaci\u00f3n a la suspensi\u00f3n condicional del proceso deben tomarse en cuenta las reglas descritas en relaci\u00f3n a las consideraciones aplicables a las y los Fiscales de Materia en relaci\u00f3n a la valoraci\u00f3n sobre la pertinencia de su aplicaci\u00f3n a cada caso. De igual manera cuando se trate de solicitudes de conciliaci\u00f3n.<span class=\"Apple-converted-space\">\u00a0<\/span><\/span><\/li>\n<\/ul>\n<p align=\"justify\"><span style=\"color: #000000; font-family: Ubuntu; font-size: small;\">Al resolver la suspensi\u00f3n condicional del proceso, la o el juez fijar\u00e1 un per\u00edodo de prueba, que no podr\u00e1 ser inferior a un (1) a\u00f1o ni superior a tres (3) y en ning\u00fan caso exceder\u00e1 el m\u00e1ximo de la pena prevista; determinar\u00e1 las condiciones y reglas que deber\u00e1 cumplir el imputado en ese plazo de acuerdo con la naturaleza del hecho entre ellas, trat\u00e1ndose de casos de violencia no puede omitirse el cumplir con las medidas de protecci\u00f3n especial que se dispongan en favor de la v\u00edctima, el incumplimiento de ellas o de cualquier otra instrucci\u00f3n dar\u00e1 lugar a reactivar la causa. (Art. 24 CPP modificado por la Ley No. 1173).<span class=\"Apple-converted-space\">\u00a0<\/span><\/span><\/p>\n<ul>\n<li><span style=\"color: #000000; font-family: Ubuntu; font-size: small;\">Con relaci\u00f3n a la conciliaci\u00f3n adem\u00e1s de aplicar las reglas para su admisi\u00f3n excepcional indicadas anteriormente, en caso de que el imputado interponga la excepci\u00f3n de extinci\u00f3n de la acci\u00f3n por conciliaci\u00f3n, no ser\u00eda posible admitirla, en virtud a que el juez o la jueza deber\u00e1 aceptar la conciliaci\u00f3n previamente, y como contralor de la legalidad deber\u00e1 verificar la existencia de la voluntad de la v\u00edctima y las condiciones esgrimidas anteriormente en este Protocolo.<span class=\"Apple-converted-space\">\u00a0<\/span><\/span><\/li>\n<\/ul>\n<p align=\"justify\"><span style=\"color: #000000; font-family: Ubuntu; font-size: small;\"><b>Participaci\u00f3n de la v\u00edctima<span class=\"Apple-converted-space\">\u00a0<\/span><\/b><\/span><\/p>\n<p align=\"justify\"><span style=\"color: #000000; font-family: Ubuntu; font-size: small;\">La participaci\u00f3n y opini\u00f3n de la v\u00edctima en todas las decisiones que adopte la autoridad jurisdiccional deben ser garantizadas.<span class=\"Apple-converted-space\">\u00a0<\/span><\/span><\/p>\n<p align=\"justify\"><span style=\"color: #000000; font-family: Ubuntu; font-size: small;\">En particular con relaci\u00f3n a la participaci\u00f3n de ni\u00f1as, ni\u00f1os o adolescentes conforme establece la Ley No. 548 se le debe garantizar participar en todo proceso en el que sean parte debiendo ser o\u00eddos por la autoridad judicial, que siempre tomar\u00e1 en cuenta su edad y las caracter\u00edsticas en su etapa de desarrollo (Art. 195).<span class=\"Apple-converted-space\">\u00a0<\/span><\/span><\/p>\n<p align=\"justify\"><span style=\"color: #000000; font-family: Ubuntu; font-size: small;\">Para ello, deber\u00e1 seguirse los siguientes lineamientos de actuaci\u00f3n:<span class=\"Apple-converted-space\">\u00a0<\/span><\/span><\/p>\n<p align=\"justify\"><span style=\"color: #000000; font-family: Ubuntu; font-size: small;\"><i>a) Se garantizar\u00e1 que las medidas adoptadas sean proporcionales a la necesidad de la ni\u00f1a, ni\u00f1o y adolescente, considerando su desarrollo f\u00edsico, mental, emocional, espiritual, moral y social.<span class=\"Apple-converted-space\">\u00a0<\/span><\/i><\/span><\/p>\n<p align=\"justify\"><span style=\"color: #000000; font-family: Ubuntu; font-size: small;\"><i>b) Se asegurar\u00e1 que las etapas procesales se desarrollen de acuerdo a las caracter\u00edsticas y necesidades de la ni\u00f1a, ni\u00f1o y adolescente.<span class=\"Apple-converted-space\">\u00a0<\/span><\/i><\/span><\/p>\n<p align=\"justify\"><span style=\"color: #000000; font-family: Ubuntu; font-size: small;\"><i>c) Se tomar\u00e1n las medidas necesarias para facilitar el desenvolvimiento natural de la ni\u00f1a, ni\u00f1o o adolescente durante su declaraci\u00f3n o testificaci\u00f3n, para este efecto la autoridad judicial debe permitir que est\u00e9 acompa\u00f1ado de personal de asistencia y de los familiares apropiados, siempre que estos \u00faltimos no tengan intereses contrarios durante el proceso.<span class=\"Apple-converted-space\">\u00a0<\/span><\/i><\/span><\/p>\n<p align=\"justify\"><span style=\"color: #000000; font-family: Ubuntu; font-size: small;\"><i>d) Se hablar\u00e1 con un lenguaje claro y sencillo, sin usar tecnicismos, todo de acuerdo al desarrollo y car\u00e1cter de la ni\u00f1a, ni\u00f1o o adolescente, en toda actuaci\u00f3n procesal que participe, m\u00e1s a\u00fan cuando sea su testimonio.<span class=\"Apple-converted-space\">\u00a0<\/span><\/i><\/span><\/p>\n<p align=\"justify\"><span style=\"color: #000000; font-family: Ubuntu; font-size: small;\"><i>e) Todas las preguntas que se le quieran plantear a la ni\u00f1a, ni\u00f1o o adolescente ser\u00e1n revisadas y aprobadas por la autoridad judicial, previo informe del Equipo Profesional Interdisciplinario.<span class=\"Apple-converted-space\">\u00a0<\/span><\/i><\/span><\/p>\n<p align=\"justify\"><span style=\"color: #000000; font-family: Ubuntu; font-size: small;\"><i>f) Las salas de los juzgados contar\u00e1n con los elementos materiales especiales y necesarios para que la ni\u00f1a, ni\u00f1o y adolescente pueda sentirse c\u00f3moda\/do durante la diligencia en que participa.<span class=\"Apple-converted-space\">\u00a0<\/span><\/i><\/span><\/p>\n<p align=\"justify\"><span style=\"color: #000000; font-family: Ubuntu; font-size: small;\"><i>g) Durante la participaci\u00f3n de la ni\u00f1a, ni\u00f1o o adolescente se retirar\u00e1n de los juzgados todos los elementos visuales o auditivos que puedan perturbarla\/lo.<span class=\"Apple-converted-space\">\u00a0<\/span><\/i><\/span><\/p>\n<p align=\"justify\"><span style=\"color: #000000; font-family: Ubuntu; font-size: small;\"><i>h) Durante el ingreso al juzgado, la autoridad judicial adoptar\u00e1 las medidas necesarias para que \u00e9ste ingrese desapercibida\/do, ya sea utilizando entradas especiales u otras medidas que vea conveniente.<span class=\"Apple-converted-space\">\u00a0<\/span><\/i><\/span><\/p>\n<p align=\"justify\"><span style=\"color: #000000; font-family: Ubuntu; font-size: small;\"><i>i) En lo posible se habilitar\u00e1n salas especiales de espera para ni\u00f1os, ni\u00f1as y adolescentes, para evitar cualquier contacto con terceras personas y el denunciado durante el proceso.<span class=\"Apple-converted-space\">\u00a0<\/span><\/i><\/span><\/p>\n<\/td>\n<\/tr>\n<tr>\n<td valign=\"middle\"><span style=\"color: #000000; font-family: Ubuntu; font-size: xx-large;\"><b>4<\/b><\/span><\/td>\n<td valign=\"middle\">\n<p align=\"justify\"><span style=\"color: #000000; font-family: Ubuntu; font-size: small;\"><b><i>Conclusi\u00f3n de la etapa preparatoria<span class=\"Apple-converted-space\">\u00a0<\/span><\/i><\/b><\/span><\/p>\n<p align=\"justify\"><span style=\"color: #000000; font-family: Ubuntu; font-size: small;\">De conformidad al art\u00edculo 323 del C\u00f3digo de Procedimiento Penal, la o el Fiscal de Materia a la conclusi\u00f3n de la etapa preparatoria pronunciar\u00e1 el requerimiento conclusivo correspondiente.<span class=\"Apple-converted-space\">\u00a0<\/span><\/span><\/p>\n<p align=\"justify\"><span style=\"color: #000000; font-family: Ubuntu; font-size: small;\">Las formas de requerimiento conclusivo pueden ser:<span class=\"Apple-converted-space\">\u00a0<\/span><\/span><\/p>\n<ol>\n<li><b><i><\/i><\/b><span style=\"color: #000000; font-family: Ubuntu; font-size: small;\"><b><i>Acusaci\u00f3n<\/i><\/b><\/span><\/li>\n<li><b><i><\/i><\/b><span style=\"color: #000000; font-family: Ubuntu; font-size: small;\"><b><i>Salidas alternativas<span class=\"Apple-converted-space\">\u00a0<\/span><\/i><\/b><\/span><\/li>\n<li><b><i><\/i><\/b><span style=\"color: #000000; font-family: Ubuntu; font-size: small;\"><b><i>Sobreseimiento<span class=\"Apple-converted-space\">\u00a0<\/span><\/i><\/b><\/span><\/li>\n<\/ol>\n<p align=\"justify\"><span style=\"color: #000000; font-family: Ubuntu; font-size: small;\">La Instituci\u00f3n Promotora de Denuncia o la organizaci\u00f3n de la sociedad civil que brinda servicios a la v\u00edctima, deber\u00e1 explicar a la v\u00edctima los efectos jur\u00eddicos del requerimiento conclusivo. En caso de haberse requerido el sobreseimiento puede ser impugnado dentro de los cinco d\u00edas siguientes a su notificaci\u00f3n brind\u00e1ndole la asistencia legal en caso de que la v\u00edctima desee presentarla. Sin perjuicio de que la\/el Fiscal de Materia, en el marco de la debida diligencia deba brindar esta informaci\u00f3n a la v\u00edctima.<span class=\"Apple-converted-space\">\u00a0<\/span><\/span><\/p>\n<p align=\"justify\"><span style=\"color: #000000; font-family: Ubuntu; font-size: small;\">Presentada la acusaci\u00f3n ante la autoridad jurisdiccional competente, dependiendo del delito, pasar\u00e1 a conocimiento del Tribunal de Sentencia o Juzgado de Sentencia, para dar inicio a la apertura de juicio oral.<span class=\"Apple-converted-space\">\u00a0<\/span><\/span><\/p>\n<p align=\"justify\"><span style=\"color: #000000; font-family: Ubuntu; font-size: small;\"><b>EL CUMPLIMIENTO O NO DE LAS MEDIDAS DE PROTECCI\u00d3N DEBER\u00c1 SER CONSIDERADAS DURANTE EL PROCESO PARA TODA DETERMINACI\u00d3N A TOMAR.<span class=\"Apple-converted-space\">\u00a0<\/span><\/b><\/span><\/p>\n<\/td>\n<\/tr>\n<\/tbody>\n<\/table>\n<\/div>\n<\/div>\n<\/div>\n<\/div>\n<\/div><\/div>\n<\/div>\n<\/div>\n<\/div>\n<\/div>\n<\/div>\n<\/div>\n<\/section>\n<section class=\"elementor-section elementor-top-section elementor-element elementor-element-99aa0c3 elementor-section-boxed elementor-section-height-default elementor-section-height-default\" data-id=\"99aa0c3\" data-element_type=\"section\">\n<div class=\"elementor-container elementor-column-gap-default\">\n<div class=\"elementor-row\">\n<div class=\"elementor-column elementor-col-100 elementor-top-column elementor-element elementor-element-5477cd7\" data-id=\"5477cd7\" data-element_type=\"column\">\n<div class=\"elementor-column-wrap elementor-element-populated\">\n<div class=\"elementor-widget-wrap\">\n<div class=\"elementor-element elementor-element-af7400c elementor-widget elementor-widget-heading\" data-id=\"af7400c\" data-element_type=\"widget\" data-widget_type=\"heading.default\">\n<div class=\"elementor-widget-container\">\n<h2 class=\"elementor-heading-title elementor-size-default\">3.2.5 JUICIO ORAL<\/h2>\n<\/div>\n<\/div>\n<\/div>\n<\/div>\n<\/div>\n<\/div>\n<\/div>\n<\/section>\n<section class=\"elementor-section elementor-top-section elementor-element elementor-element-b6bafeb elementor-section-boxed elementor-section-height-default elementor-section-height-default\" data-id=\"b6bafeb\" data-element_type=\"section\">\n<div class=\"elementor-container elementor-column-gap-default\">\n<div class=\"elementor-row\">\n<div class=\"elementor-column elementor-col-100 elementor-top-column elementor-element elementor-element-c6670be\" data-id=\"c6670be\" data-element_type=\"column\">\n<div class=\"elementor-column-wrap elementor-element-populated\">\n<div class=\"elementor-widget-wrap\">\n<div class=\"elementor-element elementor-element-50040a4 elementor-widget elementor-widget-text-editor\" data-id=\"50040a4\" data-element_type=\"widget\" data-widget_type=\"text-editor.default\">\n<div class=\"elementor-widget-container\">\n<div class=\"elementor-text-editor elementor-clearfix\">\n<div class=\"page\" title=\"Page 208\">\n<div class=\"section\">\n<div class=\"layoutArea\">\n<div class=\"column\">\n<table cellspacing=\"0\" cellpadding=\"0\">\n<tbody>\n<tr>\n<td valign=\"middle\"><span style=\"color: #000000; font-family: Ubuntu; font-size: xx-large;\"><b>1<\/b><\/span><\/td>\n<td valign=\"middle\">\n<p align=\"justify\"><span style=\"color: #000000; font-family: Ubuntu; font-size: small;\"><b><i>Atenci\u00f3n integral en el juicio oral<span class=\"Apple-converted-space\">\u00a0<\/span><\/i><\/b><\/span><\/p>\n<p align=\"justify\"><span style=\"color: #000000; font-family: Ubuntu; font-size: small;\">Al igual que en las anteriores actuaciones, el personal interdisciplinario de las Instancias Promotoras de Denuncia y\/o de la sociedad civil, deben continuar brindando la asistencia necesaria a la v\u00edctima y\/ entorno familiar, para la prosecuci\u00f3n del proceso penal.<span class=\"Apple-converted-space\">\u00a0<\/span><\/span><\/p>\n<p align=\"justify\"><span style=\"color: #000000; font-family: Ubuntu; font-size: small;\">Durante el periodo del juicio oral el o la trabajadora social es un nexo para ubicar a la v\u00edctima y de esa manera coordinar con<span class=\"Apple-converted-space\">\u00a0<\/span><\/span><\/p>\n<p align=\"justify\"><span style=\"color: #000000; font-family: Ubuntu; font-size: small;\">el \u00e1rea de psicolog\u00eda para su preparaci\u00f3n y comparecencia ante estrados judiciales, actividad que se realizar\u00e1 en estrecha coordinaci\u00f3n con la o el Fiscal de Materia, siempre y cuando sea estrictamente necesario y no se hubiese desarrollado un anticipo jurisdiccional de prueba.<span class=\"Apple-converted-space\">\u00a0<\/span><\/span><\/p>\n<p align=\"justify\"><span style=\"color: #000000; font-family: Ubuntu; font-size: small;\">As\u00ed tambi\u00e9n, a convocatoria de la autoridad competente se presentar\u00e1n en audiencia de juicio en calidad de testigo, para la defensa de informes psicol\u00f3gicos y sociales, elaborados con relaci\u00f3n a la v\u00edctima y\/o su entorno.<span class=\"Apple-converted-space\">\u00a0<\/span><\/span><\/p>\n<p align=\"justify\"><span style=\"color: #000000; font-family: Ubuntu; font-size: small;\">Debe extremarse el cuidado para evitar un contacto directo de la v\u00edctima con el agresor, procurando que por ning\u00fan motivo la v\u00edctima sea expuesta a estar sola con el agresor o que se encuentre en cualesquiera de las dependencias del tribunal, precautelando su integridad al ingreso antes y despu\u00e9s de las celebraciones de audiencias y al momento de abandonar los estrados judiciales; en consecuencia, cuando la v\u00edctima lo precise, se le caracterizar\u00e1 para su participaci\u00f3n en este actuado (Ver Anexo 7).<span class=\"Apple-converted-space\">\u00a0<\/span><\/span><\/p>\n<p align=\"justify\"><span style=\"color: #000000; font-family: Ubuntu; font-size: small;\">En todas las audiencias del juicio oral, la o el abogado\/a de la Instancia Promotora de Denuncia o la organizaci\u00f3n de la sociedad civil, deber\u00e1 participar activamente en las audiencias del juicio oral, para asumir defensa y coadyuvar con el Ministerio P\u00fablico en todo cuanto se requiera.<span class=\"Apple-converted-space\">\u00a0<\/span><\/span><\/p>\n<p align=\"justify\"><span style=\"color: #000000; font-family: Ubuntu; font-size: small;\">Trat\u00e1ndose de una v\u00edctima ni\u00f1a, ni\u00f1o o adolescente ella estar\u00e1 representada por sus familiares y\/o tutores, guardadores, DNA, pero en ning\u00fan caso ser\u00e1 obligada a enfrentarse al agresor.<span class=\"Apple-converted-space\">\u00a0<\/span><\/span><\/p>\n<p align=\"justify\"><span style=\"color: #000000; font-family: Ubuntu; font-size: small;\">El acompa\u00f1amiento debe efectivizarse a trav\u00e9s de la preparaci\u00f3n a la v\u00edctima, con t\u00e9cnicas de afrontamiento a la situaci\u00f3n a la cual ser\u00e1 expuesta, si ameritar\u00eda contar con la presencia de la ni\u00f1a, ni\u00f1o y adolescente en el Juicio Oral. El personal multidisciplinario de la DNA deber\u00e1 evaluar los requerimientos y necesidades especiales de la v\u00edctima, para reunir su declaraci\u00f3n.<span class=\"Apple-converted-space\">\u00a0<\/span><\/span><\/p>\n<p align=\"justify\"><span style=\"color: #000000; font-family: Ubuntu; font-size: small;\">Para la participaci\u00f3n, declaraci\u00f3n o testimonio de NNA se tomar\u00e1 en cuenta las directrices detalladas anteriormente en este Protocolo (3.2.4).<span class=\"Apple-converted-space\">\u00a0<\/span><\/span><\/p>\n<\/td>\n<\/tr>\n<tr>\n<td valign=\"middle\"><span style=\"color: #000000; font-family: Ubuntu; font-size: xx-large;\"><b>2<\/b><\/span><\/td>\n<td valign=\"middle\">\n<p align=\"justify\"><span style=\"color: #000000; font-family: Ubuntu; font-size: small;\"><b><i>Directrices para juzgar con perspectiva de g\u00e9nero y generacional<span class=\"Apple-converted-space\">\u00a0<\/span><\/i><\/b><\/span><\/p>\n<p align=\"justify\"><span style=\"color: #000000; font-family: Ubuntu; font-size: small;\">La Constituci\u00f3n Pol\u00edtica del Estado, adem\u00e1s de contener un amplio cat\u00e1logo de derechos fundamentales, consagra el bloque de constitucionalidad y establece criterios constitucionalizados de interpretaci\u00f3n de derechos humanos, que deben ser aplicados por las autoridades jurisdiccionales, lo que da cuenta de su preponderancia en nuestro sistema constitucional.<span class=\"Apple-converted-space\">\u00a0<\/span><\/span><\/p>\n<p align=\"justify\"><span style=\"color: #000000; font-family: Ubuntu; font-size: small;\">Quienes imparten justicia tienen en sus manos la responsabilidad de hacer realidad el derecho a la igualdad, que todas las ciudadanas y ciudadanos tienen. Para ello deben evitar que en el proceso de interpretaci\u00f3n y aplicaci\u00f3n del Derecho intervengan concepciones prejuiciadas de c\u00f3mo son y c\u00f3mo deben comportarse las personas por pertenecer a un sexo o g\u00e9nero determinado, por su orientaci\u00f3n sexual e identidad de g\u00e9nero o por su edad en especial trat\u00e1ndose de ni\u00f1as, ni\u00f1os y adolescentes.<span class=\"Apple-converted-space\">\u00a0<\/span><\/span><\/p>\n<p align=\"justify\"><span style=\"color: #000000; font-family: Ubuntu; font-size: small;\">Las y los jueces del \u00d3rgano Judicial, en el marco del Acuerdo No.193\/2016 del Consejo de la Magistratura, deben aplicar obligatoriamente el PROTOCOLO PARA JUZGAR CON PERSPECTIVA DE G\u00e9nero. (Ver lista en el Anexo 8).<span class=\"Apple-converted-space\">\u00a0<\/span><\/span><\/p>\n<p align=\"justify\"><span style=\"color: #000000; font-family: Ubuntu; font-size: small;\">El citado Protocolo, aprobado tambi\u00e9n por el Tribunal Supremo de Justicia y Tribunal Agroambiental, plantea los siguientes 4 pasos para el proceso argumentativo desarrollado para incorporar la perspectiva de g\u00e9nero, no obstante es aplicable en todo proceso que involucre a poblaci\u00f3n vulnerable:<span class=\"Apple-converted-space\">\u00a0<\/span><\/span><\/p>\n<p align=\"justify\"><span style=\"color: #43358b; font-family: Ubuntu; font-size: small;\"><b>Primer paso: Determinaci\u00f3n de la existencia de personas pertenecientes a poblaciones o grupos de atenci\u00f3n prioritaria, identificaci\u00f3n del problema jur\u00eddico, y an\u00e1lisis del contexto.<span class=\"Apple-converted-space\">\u00a0<\/span><\/b><\/span><\/p>\n<p align=\"justify\"><span style=\"color: #000000; font-family: Ubuntu; font-size: small;\">Debe identificarse a las personas que intervienen en el proceso para determinar si pertenecen a poblaciones o grupos de atenci\u00f3n prioritaria. Cabe se\u00f1alar que en los aspectos vinculados a cuestiones procesales tambi\u00e9n es aplicable la perspectiva de g\u00e9nero y la protecci\u00f3n reforzada a personas de poblaciones o grupos hist\u00f3ricamente subordinados. Luego se debe analizar el contexto del conflicto, con la finalidad de identificar relaciones asim\u00e9tricas de poder, que generen desigualdad, discriminaci\u00f3n y violencia.<span class=\"Apple-converted-space\">\u00a0<\/span><\/span><\/p>\n<p align=\"justify\"><span style=\"color: #000000; font-family: Ubuntu; font-size: small;\">Es tambi\u00e9n necesario realizar una apropiada identificaci\u00f3n y construcci\u00f3n del problema jur\u00eddico que se va a resolver, en un caso concreto pueden identificarse: a) Uno o varios problemas jur\u00eddicos materiales, vinculados al fondo del conflicto que se pretende resolver; b) Problemas jur\u00eddicos subordinados, y c) Problemas jur\u00eddicos procesales que est\u00e1n referidos a cuestiones incidentales. Ellos podr\u00e1n ser resueltos en la misma Sentencia.<span class=\"Apple-converted-space\">\u00a0<\/span><\/span><\/p>\n<p align=\"justify\"><span style=\"color: #43358b; font-family: Ubuntu; font-size: small;\"><b>Segundo Paso: Identificaci\u00f3n de la norma o normas jur\u00eddicas aplicables y an\u00e1lisis.<span class=\"Apple-converted-space\">\u00a0<\/span><\/b><\/span><\/p>\n<p align=\"justify\"><span style=\"color: #000000; font-family: Ubuntu; font-size: small;\">Determinar el derecho aplicable al caso concreto e identificar posibles problemas que pueden surgir vinculados para tal determinaci\u00f3n. Analizar la normativa interna o la jurisprudencia aplicable al caso y su contraste con la Constituci\u00f3n y las normas del bloque de constitucionalidad, para as\u00ed ejercer el control de constitucionalidad y de convencionalidad. De igual manera, debe analizar si la norma aplicable pasa el test de igualdad y no discriminaci\u00f3n denominado tambi\u00e9n, en la jurisprudencia comparada, test de razonabilidad. No obstante, debe tomarse en cuenta que no toda diferencia de tratamiento es discriminatoria; dado que existen diferencias que son razonables y objetivas, lo que no acontece con las discriminaciones que son diferencias arbitrarias.<span class=\"Apple-converted-space\">\u00a0<\/span><\/span><\/p>\n<p align=\"justify\"><span style=\"color: #000000; font-family: Ubuntu; font-size: small;\">Considerar si es necesario efectuar una ponderaci\u00f3n ante la existencia de normas-principios (principios, valores, derechos o garant\u00edas) contrapuestos y si debe considerarse la discriminaci\u00f3n estructural e interseccional que podr\u00eda presentarse en el caso concreto.<span class=\"Apple-converted-space\">\u00a0<\/span><\/span><\/p>\n<p align=\"justify\"><span style=\"color: #43358b; font-family: Ubuntu; font-size: small;\"><b>Tercer Paso: Determinaci\u00f3n de los hechos.<span class=\"Apple-converted-space\">\u00a0<\/span><\/b><\/span><\/p>\n<p align=\"justify\"><span style=\"color: #000000; font-family: Ubuntu; font-size: small;\">Puede significar resolver si un hecho, efectivamente, ha tenido lugar y su calificaci\u00f3n jur\u00eddica, tema que se vincula inmediatamente a la prueba y su valoraci\u00f3n.<span class=\"Apple-converted-space\">\u00a0<\/span><\/span><\/p>\n<p align=\"justify\"><span style=\"color: #000000; font-family: Ubuntu; font-size: small;\">Analizar y valorar la prueba, incluida su admisi\u00f3n y producci\u00f3n, de acuerdo a los principios constitucionales y a los est\u00e1ndares internacionales. La valoraci\u00f3n de la prueba debe ser en base al principio de verdad material buscando la verdad de los hechos, por encima de mecanismos formales o procesales (SCP 1662\/2012) y el sistema de la sana cr\u00edtica, por el que intervienen en la apreciaci\u00f3n de la prueba, las reglas de la l\u00f3gica y la experiencia del juzgador o juzgadora y, en ese sentido, la actuaci\u00f3n del juez o jueza no es discrecional o arbitraria; prima la razonabilidad de la valoraci\u00f3n de la prueba siendo posible su an\u00e1lisis a trav\u00e9s de la justicia constitucional cuando se haya omitido arbitrariamente valorar la prueba. (SC 129\/2004-R).<span class=\"Apple-converted-space\">\u00a0<\/span><\/span><\/p>\n<p align=\"justify\"><span style=\"color: #000000; font-family: Ubuntu; font-size: small;\">Analizar la existencia de estereotipos y relaciones de subordinaci\u00f3n o desigualdad estructural y determinaci\u00f3n si ello influye en la valoraci\u00f3n de las pruebas, en especial respecto al comportamiento de las partes y si \u00e9ste obedece a estereotipos.<span class=\"Apple-converted-space\">\u00a0<\/span><\/span><\/p>\n<p align=\"justify\"><span style=\"color: #000000; font-family: Ubuntu; font-size: small;\">Es importante considerar la prueba en su conjunto evitando la fragmentaci\u00f3n de la misma. En palabras de la Corte IDH \u201clas evidencias deben ser apreciadas en su integralidad, es decir, teniendo en cuenta sus relaciones mutuas, y la forma como se prestan soporte unas a otras o dejan de hacerlo\u201d, considerando adem\u00e1s el contexto en el que ocurri\u00f3 el hecho de violencia.<span class=\"Apple-converted-space\">\u00a0<\/span><\/span><\/p>\n<p align=\"justify\"><span style=\"color: #43358b; font-family: Ubuntu; font-size: small;\"><b>Cuarto Paso: Decisi\u00f3n.<span class=\"Apple-converted-space\">\u00a0<\/span><\/b><\/span><\/p>\n<p align=\"justify\"><span style=\"color: #000000; font-family: Ubuntu; font-size: small;\">Pronunciar la decisi\u00f3n de la resoluci\u00f3n, efectuando una definici\u00f3n precisa de la forma en que se resuelve el caso, declarando probada o improbada la demanda, fundado o infundado el recurso, concediendo o denegando la tutela, etc., dependiendo del tipo de resoluci\u00f3n, de la materia o de la instancia.<span class=\"Apple-converted-space\">\u00a0<\/span><\/span><\/p>\n<p align=\"justify\"><span style=\"color: #000000; font-family: Ubuntu; font-size: small;\">En el marco de una interpretaci\u00f3n previsora y consecuencialista, deber\u00e1 analizar el impacto de su resoluci\u00f3n y si la misma es valiosa desde la perspectiva de g\u00e9nero y de los derechos humanos, lo que pasa por analizar si con dicha resoluci\u00f3n se promueve la eliminaci\u00f3n de estereotipos y es valiosa en el marco de la igualdad y no discriminaci\u00f3n; pero deber\u00e1 existir un pronunciamiento expreso sobre las medidas de reparaci\u00f3n que pueden efectuarse.<span class=\"Apple-converted-space\">\u00a0<\/span><\/span><\/p>\n<p align=\"justify\"><span style=\"color: #000000; font-family: Ubuntu; font-size: small;\">Resolver cada una de las pretensiones de las partes, disponiendo la aplicaci\u00f3n concreta de la consecuencia jur\u00eddica prevista en la disposici\u00f3n legal, pero adem\u00e1s, constat\u00e1ndose la existencia de discriminaci\u00f3n y lesi\u00f3n al derecho a la igualdad.<span class=\"Apple-converted-space\">\u00a0<\/span><\/span><\/p>\n<\/td>\n<\/tr>\n<tr>\n<td valign=\"middle\"><span style=\"color: #000000; font-family: Ubuntu; font-size: xx-large;\"><b>3<\/b><\/span><\/td>\n<td valign=\"middle\">\n<p align=\"justify\"><span style=\"color: #000000; font-family: Ubuntu; font-size: small;\"><b><i>Sesgos de g\u00e9nero frecuentes<span class=\"Apple-converted-space\">\u00a0<\/span><\/i><\/b><\/span><\/p>\n<p align=\"justify\"><span style=\"color: #000000; font-family: Ubuntu; font-size: small;\">Como se establece en el punto anterior la valoraci\u00f3n de las pruebas y decisiones judiciales deben estar libre de sesgos de g\u00e9nero.<span class=\"Apple-converted-space\">\u00a0<\/span><\/span><\/p>\n<p align=\"justify\"><span style=\"color: #000000; font-family: Ubuntu; font-size: small;\">Algunos de ellos se pueden constatar cuando solo se considera sancionable la violencia f\u00edsica y no as\u00ed otro tipo de violencias, se minimiza la gravedad de la violencia f\u00edsica en funci\u00f3n a los d\u00edas de impedimento, no se da credibilidad al testimonio de la v\u00edctima por falta de testigos, se considera que la violencia est\u00e1 justificada o fue provocada por la conducta de la v\u00edctima, se<span class=\"Apple-converted-space\">\u00a0<\/span><\/span><span style=\"color: #000000; font-family: Ubuntu; font-size: small;\">descalifica el testimonio de la v\u00edctima por su comportamiento anterior o posterior al hecho, se considera que no existi\u00f3 el delito de violaci\u00f3n porque la v\u00edctima no opuso resistencia o se presuma su consentimiento por existir una relaci\u00f3n previa con el agresor.<span class=\"Apple-converted-space\">\u00a0<\/span><\/span><\/p>\n<p align=\"justify\"><span style=\"color: #000000; font-family: Ubuntu; font-size: small;\">Es importante prestar especial atenci\u00f3n a las siguientes situaciones:<span class=\"Apple-converted-space\">\u00a0<\/span><\/span><\/p>\n<p align=\"justify\"><span style=\"color: #43358b; font-family: Ubuntu; font-size: small;\"><b>Retraso en la denuncia<span class=\"Apple-converted-space\">\u00a0<\/span><\/b><\/span><\/p>\n<p align=\"justify\"><span style=\"color: #000000; font-family: Ubuntu; font-size: small;\">El retraso en denunciar y ser valorada por una o un m\u00e9dico o psic\u00f3logo, no debe ser una raz\u00f3n para cuestionar la credibilidad de la v\u00edctima, sin embargo sucede muchas veces pues esta demora conlleva la duda acerca de la credibilidad de la v\u00edctima, sin tomar en cuenta que la denuncia implica supuestos con unas connotaciones especiales en donde generalmente, y en muchos casos, la denuncia se dirige contra quien es su (ex)pareja y el padre de sus hijos, que, adem\u00e1s, posiblemente hasta puede ser quien brinda el sustento econ\u00f3mico, lo que conlleva a que las v\u00edctimas de violencia en raz\u00f3n de g\u00e9nero valoren todas estas circunstancias a la hora de decidirse sobre si denuncian, o no. Y ello, no se les puede volver en su contra cuando tardan en denunciar, porque hasta se sienten estigmatizadas por hacerlo, y, en muchos casos, hasta culpables, obviando que son v\u00edctimas, esperando la conducta de la v\u00edctima ideal.<span class=\"Apple-converted-space\">\u00a0<\/span><\/span><\/p>\n<p align=\"justify\"><span style=\"color: #000000; font-family: Ubuntu; font-size: small;\">Adem\u00e1s del retraso en la denuncia, el que hayan sido terceros los denunciantes, se haya actuado de oficio o existan antecedentes de que la v\u00edctima haya querido retirar o desistir la denuncia, muchas veces lleva a las autoridades a asumir que el hecho no haya ocurrido. Este tipo de presunci\u00f3n y conclusi\u00f3n desconoce los motivos m\u00faltiples que pueden llevar a una v\u00edctima de violencia a no denunciar el delito del que ha sido v\u00edctima, incluyendo la desconfianza en el sistema de administraci\u00f3n de justicia, la posible estigmatizaci\u00f3n por parte de su familia y comunidad y el temor a represalias de parte del agresor hacia ella o su familia.<span class=\"Apple-converted-space\">\u00a0<\/span><\/span><\/p>\n<p align=\"justify\"><span style=\"color: #000000; font-family: Ubuntu; font-size: small;\">Esta situaci\u00f3n trat\u00e1ndose de las ni\u00f1as, ni\u00f1os y adolescentes, es mucho m\u00e1s cr\u00edtica pues su vulnerabilidad hace que, adem\u00e1s del v\u00ednculo afectivo con su agresor, com\u00fan en la mayor\u00eda de los casos, se ejerza coacci\u00f3n y amenazas sobre ellos, en especial en los casos de agresi\u00f3n sexual donde las denuncias suelen ser con posterioridad incluso de a\u00f1os.<span class=\"Apple-converted-space\">\u00a0<\/span><\/span><\/p>\n<p align=\"justify\"><span style=\"color: #43358b; font-family: Ubuntu; font-size: small;\"><b>Perfil y conducta de la v\u00edctima<span class=\"Apple-converted-space\">\u00a0<\/span><\/b><\/span><\/p>\n<p align=\"justify\"><span style=\"color: #000000; font-family: Ubuntu; font-size: small;\">En muchos casos la veracidad de la declaraci\u00f3n de la v\u00edctima se ve cuestionada y disminuida por la aplicaci\u00f3n de estereotipos originados en la estructura social de g\u00e9nero. Algunos de esos estereotipos se relacionan con: la exigencia de un perfil determinado de la v\u00edctima, la edad de la v\u00edctima a\u00f1ade o resta credibilidad a la acusaci\u00f3n, recuperarse del trauma de las agresiones (sean f\u00edsicas, verbales, econ\u00f3micas, sexuales, estructurales o ps\u00edquicas, siendo el objetivo de todas ellas el sometimiento al control por parte del agresor) o haber iniciado una nueva relaci\u00f3n de pareja tambi\u00e9n disminuye la veracidad de la declaraci\u00f3n de la v\u00edctima-testigo; y otros presupuestos que, no son ni requieren ser corroborados, careciendo consecuentemente del rigor y la imparcialidad con que debe decir la causa una autoridad judicial.<span class=\"Apple-converted-space\">\u00a0<\/span><\/span><\/p>\n<p align=\"justify\"><span style=\"color: #000000; font-family: Ubuntu; font-size: small;\">Es usual que en juicio, sobre todo en delitos sexuales, la defensa pretenda afectar la credibilidad de la v\u00edctima a partir de afectar su \u201chonra\u201d, concepto absolutamente patriarcal y colonial pero que persiste y que busca influir en la valoraci\u00f3n de su testimonio en juicio, incluyo de forma irrespetuosa, conducta que no debe ser permita por la autoridad judicial lo que de ninguna manera podr\u00e1 interpretarse como restricciones a la libertad probatoria.<span class=\"Apple-converted-space\">\u00a0<\/span><\/span><\/p>\n<p align=\"justify\"><span style=\"color: #000000; font-family: Ubuntu; font-size: small;\">Seg\u00fan determinadas pautas internacionales en materia de violencia en raz\u00f3n de g\u00e9nero contra la mujer y violencia sexual, las pruebas relativas a los antecedentes sexuales de la v\u00edctima son en principio inadmisibles, por lo que la apertura de l\u00edneas de investigaci\u00f3n y las \u201cpruebas\u201d sobre el comportamiento social o sexual previo de las v\u00edctimas en casos de violencia de g\u00e9nero no es m\u00e1s que la manifestaci\u00f3n de pol\u00edticas o actitudes basadas en estereotipos de g\u00e9nero<\/span><span style=\"color: #000000; font-family: Ubuntu; font-size: small;\"><a class=\"tooltips\" title=\"Ver sentencia de la Corte IDH en el Caso Veliz Franco y Otros Vs. Guatemala.\"><sup>103<\/sup><\/a><\/span><span style=\"color: #000000; font-family: Ubuntu; font-size: small;\">.<span class=\"Apple-converted-space\">\u00a0<\/span><\/span><\/p>\n<p align=\"justify\"><span style=\"color: #43358b; font-family: Ubuntu; font-size: small;\"><b>Testimonio \u00fanico<span class=\"Apple-converted-space\">\u00a0<\/span><\/b><\/span><\/p>\n<p align=\"justify\"><span style=\"color: #000000; font-family: Ubuntu; font-size: small;\">Se debe recordar con relaci\u00f3n a los casos de violencia sexual, como ha se\u00f1alado la Corte IDH que este es un tipo particular de agresi\u00f3n que, en general, se caracteriza por producirse en ausencia de otras personas m\u00e1s all\u00e1 de la v\u00edctima y el agresor o los agresores. Dada la naturaleza de esta forma de violencia, no se puede esperar la existencia de pruebas gr\u00e1ficas o documentales y, por ello, la declaraci\u00f3n de la v\u00edctima constituye una prueba fundamental sobre el hecho<\/span><span style=\"color: #000000; font-family: Ubuntu; font-size: small;\"><a class=\"tooltips\" title=\"Ver sentencia de la Corte IDH en el Caso Rosendo Cant\u00fa y otra Vs. M\u00e9xico.\"><sup>104<\/sup><\/a><\/span><span style=\"color: #000000; font-family: Ubuntu; font-size: small;\">.<span class=\"Apple-converted-space\">\u00a0<\/span><\/span><\/p>\n<p align=\"justify\"><span style=\"color: #43358b; font-family: Ubuntu; font-size: small;\"><b>Motivaci\u00f3n de la v\u00edctima<span class=\"Apple-converted-space\">\u00a0<\/span><\/b><\/span><\/p>\n<p align=\"justify\"><span style=\"color: #000000; font-family: Ubuntu; font-size: small;\">Cuando una relaci\u00f3n de pareja se rompe es muy dif\u00edcil que las relaciones entre estas dos personas sean buenas m\u00e1s a\u00fan si ha existido violencia pero no debiera implicar poner en duda la declaraci\u00f3n de la v\u00edctima basada en un supuesto resentimiento, deseo de venganza o intereses espurios, lo relevante en el juicio son los hechos y la necesidad de determinar si existi\u00f3 o no violencia.<span class=\"Apple-converted-space\">\u00a0<\/span><\/span><\/p>\n<p align=\"justify\"><span style=\"color: #43358b; font-family: Ubuntu; font-size: small;\"><b>Justificativos del agresor<span class=\"Apple-converted-space\">\u00a0<\/span><\/b><\/span><\/p>\n<p align=\"justify\"><span style=\"color: #000000; font-family: Ubuntu; font-size: small;\">Muchas veces los hechos de violencia se relativizan y no se investigan adecuada y oportunamente ni son sancionados conforme una correcta valoraci\u00f3n de las pruebas, tom\u00e1ndose en consideraci\u00f3n los m\u00f3viles de g\u00e9nero que utiliza el agresor para justificar sus actos<\/span><span style=\"color: #000000; font-family: Ubuntu; font-size: small;\"><a class=\"tooltips\" title=\"Bay\u00e1 M. 2015. Feminicidio en Bolivia. Acceso a la Justicia y Desafios del Estado en Bolivia. Alianza por la Solidaridad. La Paz, Bolivia.\"><sup>105<\/sup><\/a> <\/span><span style=\"color: #000000; font-family: Ubuntu; font-size: small;\">y que no podr\u00edan considerarse atenuantes de ninguna manera, ellos son:<span class=\"Apple-converted-space\">\u00a0<\/span><\/span><\/p>\n<p align=\"justify\"><span style=\"color: #000000; font-family: Ubuntu; font-size: small;\"><i>a) La \u201cdivisi\u00f3n sexual del trabajo\u201d, al no cumplir la mujer la funci\u00f3n o roles de g\u00e9nero en el hogar por lo que la v\u00edctima es objeto de castigos.<span class=\"Apple-converted-space\">\u00a0<\/span><\/i><\/span><\/p>\n<p align=\"justify\"><span style=\"color: #000000; font-family: Ubuntu; font-size: small;\"><i>b) La \u201cno subordinaci\u00f3n de la mujer\u201d al no obedecer a su pareja y que busca doblegar su voluntad y autonom\u00eda hasta el punto de quitarle la vida.<span class=\"Apple-converted-space\">\u00a0<\/span><\/i><\/span><\/p>\n<p align=\"justify\"><span style=\"color: #000000; font-family: Ubuntu; font-size: small;\"><i>c) El \u201chonor mancillado\u201d en los casos de infidelidad en los que la agresi\u00f3n se justifica con el ejercicio de la violencia como forma de salvar p\u00fablicamente la ofensa.<span class=\"Apple-converted-space\">\u00a0<\/span><\/i><\/span><\/p>\n<p align=\"justify\"><span style=\"color: #000000; font-family: Ubuntu; font-size: small;\"><i>d) La \u201cvenganza o resentimiento\u201d por parte del agresor, ante la denuncia realizada por la v\u00edctima, por el rechazo frente al acoso sexual o por haber ganado un proceso judicial en contra del mismo.<span class=\"Apple-converted-space\">\u00a0<\/span><\/i><\/span><\/p>\n<p align=\"justify\"><span style=\"color: #000000; font-family: Ubuntu; font-size: small;\"><i>e) El \u201csentimiento de rechazo\u201d, cuando las v\u00edctimas se niegan a entablar, reiniciar o continuar una relaci\u00f3n afectiva, sentimental o \u00edntima; o a satisfacer sexualmente al agresor.<span class=\"Apple-converted-space\">\u00a0<\/span><\/i><\/span><\/p>\n<p align=\"justify\"><span style=\"color: #000000; font-family: Ubuntu; font-size: small;\"><i>f) El \u201csentido de propiedad\u201d, ante la p\u00e9rdida del control sobre la libertad y autonom\u00eda de la mujer y ante la posibilidad de que establezca una nueva relaci\u00f3n con otra pareja se ejerce la violencia y que se vincula muchas veces a los celos.<span class=\"Apple-converted-space\">\u00a0<\/span><\/i><\/span><\/p>\n<p align=\"justify\"><span style=\"color: #43358b; font-family: Ubuntu; font-size: small;\"><b>Argumentos que refuerzan los sesgos de g\u00e9nero<span class=\"Apple-converted-space\">\u00a0<\/span><\/b><\/span><\/p>\n<p align=\"justify\"><span style=\"color: #000000; font-family: Ubuntu; font-size: small;\">Las juezas y jueces deben tener cuidado con no incluir en sus resoluciones y sentencias criterios que respondan de forma expresa o t\u00e1cita a sesgos de g\u00e9nero<\/span><span style=\"color: #000000; font-family: Ubuntu; font-size: small;\"><a class=\"tooltips\" title=\"Alianza Libres sin Violencia y Comunidad de Derechos Humanos. 2018. Formulario de evaluaci\u00f3n de sentencias\"><sup>106<\/sup><\/a> <\/span><span style=\"color: #000000; font-family: Ubuntu; font-size: small;\">y que refuercen estos presupuestos con declaraciones o argumentos que no podr\u00edan ser empleados por una autoridad judicial, tales como:<span class=\"Apple-converted-space\">\u00a0<\/span><\/span><\/p>\n<p align=\"justify\"><span style=\"color: #000000; font-family: Ubuntu; font-size: small;\"><i>a. El androcentrismo (aceptaci\u00f3n de la dominaci\u00f3n masculina como natural).<span class=\"Apple-converted-space\">\u00a0<\/span><\/i><\/span><\/p>\n<p align=\"justify\"><span style=\"color: #000000; font-family: Ubuntu; font-size: small;\"><i>b. La sobrespec\u00edficaci\u00f3n (presenta como espec\u00edfico de un sexo, ciertas necesidades, actitudes e intereses que en realidad son de ambos).<span class=\"Apple-converted-space\">\u00a0<\/span><\/i><\/span><\/p>\n<p align=\"justify\"><span style=\"color: #000000; font-family: Ubuntu; font-size: small;\"><i>c. La sobregeneralizaci\u00f3n (analiza la conducta del sexo masculino y presenta los resultados como v\u00e1lidos para ambos sexos).<span class=\"Apple-converted-space\">\u00a0<\/span><\/i><\/span><\/p>\n<p align=\"justify\"><span style=\"color: #000000; font-family: Ubuntu; font-size: small;\"><i>d. El doble par\u00e1metro (una misma conducta, una situaci\u00f3n id\u00e9ntica y\/o caracter\u00edsticas humanas, son valoradas o evaluadas con distintos par\u00e1metros o distintos instrumentos para uno y otro sexo).<span class=\"Apple-converted-space\">\u00a0<\/span><\/i><\/span><\/p>\n<p align=\"justify\"><span style=\"color: #000000; font-family: Ubuntu; font-size: small;\"><i>e. El deber ser de cada sexo (considera que hay conductas o caracter\u00edsticas humanas que son m\u00e1s apropiadas para un sexo que para el otro).<span class=\"Apple-converted-space\">\u00a0<\/span><\/i><\/span><\/p>\n<p align=\"justify\"><span style=\"color: #000000; font-family: Ubuntu; font-size: small;\"><i>g. Dicotomismo sexual (tratar a mujeres y hombres como si fueran absolutamente diferentes).<span class=\"Apple-converted-space\">\u00a0<\/span><\/i><\/span><\/p>\n<p align=\"justify\"><span style=\"color: #000000; font-family: Ubuntu; font-size: small;\"><i>h. Familismo (identificaci\u00f3n de la mujer con la familia, como si su papel dentro del n\u00facleo familiar fuera lo que determina su existencia y por ende sus necesidades, anteponer a la vida e integridad la supuesta unidad familiar como un valor supremo en un contexto de violencia).<span class=\"Apple-converted-space\">\u00a0<\/span><\/i><\/span><\/p>\n<p align=\"justify\"><span style=\"color: #43358b; font-family: Ubuntu; font-size: small;\"><b>Decisiones con sesgos de g\u00e9nero amparados en la sana cr\u00edtica<span class=\"Apple-converted-space\">\u00a0<\/span><\/b><\/span><\/p>\n<p align=\"justify\"><span style=\"color: #000000; font-family: Ubuntu; font-size: small;\">Los sesgos de g\u00e9nero, en especial en la valoraci\u00f3n de la prueba muchas veces se encubren bajo el argumento de la sana cr\u00edtica o libre convicci\u00f3n que rige en materia penal. Sin embargo, debe tenerse en cuenta que la autoridad jurisdiccional en la apreciaci\u00f3n de todos los medios de prueba, tiene libertad de convencimiento, empero, como se ha mencionado no es discrecional, est\u00e1 limitada por las reglas de la l\u00f3gica psicol\u00f3gica y experiencia com\u00fan, as\u00ed como la obligaci\u00f3n de motivar las razones de su convencimiento, adem\u00e1s, y esto es fundamental, es indispensable que las autoridades judiciales presten atenci\u00f3n a los principios constitucionales que sustentan la prueba, como es el principio de verdad material, que se encuentra previsto en el art. 180 de la CPE; en virtud al cual, debe encontrar la paz social, la aplicaci\u00f3n de la justicia y el respeto a los derechos humanos, buscando la verdad de los hechos, por encima de mecanismos formales o procesales, con la finalidad que<span class=\"Apple-converted-space\">\u00a0<\/span><\/span><\/p>\n<p align=\"justify\"><span style=\"color: #000000; font-family: Ubuntu; font-size: small;\">las partes accedan a una justicia material, eficaz y eficiente, procurando que el derecho sustantivo prevalezca sobre el formal (SCP 1662\/2012).<span class=\"Apple-converted-space\">\u00a0<\/span><\/span><\/p>\n<p align=\"justify\"><span style=\"color: #000000; font-family: Ubuntu; font-size: small;\">Debe tomarse en cuenta adem\u00e1s que la justicia constitucional puede revisar la valoraci\u00f3n de la prueba<\/span><span style=\"color: #000000; font-family: Ubuntu; font-size: small;\"><a class=\"tooltips\" title=\"Este entendimiento tambi\u00e9n fue asumido en las Sentencias Constitucionales Plurinacionales 0238\/2018-S2, 0014\/2018-S2 y 0025\/2018-S2.\"><sup>107<\/sup><\/a> <\/span><span style=\"color: #000000; font-family: Ubuntu; font-size: small;\">cuando:<span class=\"Apple-converted-space\">\u00a0<\/span><\/span><\/p>\n<p align=\"justify\"><span style=\"color: #000000; font-family: Ubuntu; font-size: small;\"><b>i) Las autoridades se apartaron de los marcos legales de razonabilidad y equidad;<span class=\"Apple-converted-space\">\u00a0<\/span><\/b><\/span><\/p>\n<p align=\"justify\"><span style=\"color: #000000; font-family: Ubuntu; font-size: small;\"><b>ii) Omitieron de manera arbitraria la consideraci\u00f3n de las pruebas, ya sea parcial o totalmente; y,<span class=\"Apple-converted-space\">\u00a0<\/span><\/b><\/span><\/p>\n<p align=\"justify\"><span style=\"color: #000000; font-family: Ubuntu; font-size: small;\"><b>iii) Basaron su decisi\u00f3n en una prueba inexistente o que refleje un hecho diferente al utilizado en la argumentaci\u00f3n.<span class=\"Apple-converted-space\">\u00a0<\/span><\/b><\/span><\/p>\n<\/td>\n<\/tr>\n<tr>\n<td valign=\"middle\"><span style=\"color: #000000; font-family: Ubuntu; font-size: xx-large;\"><b>4<\/b><\/span><\/td>\n<td valign=\"middle\">\n<p align=\"justify\"><span style=\"color: #000000; font-family: Ubuntu; font-size: small;\"><b><i>La prescripci\u00f3n<span class=\"Apple-converted-space\">\u00a0<\/span><\/i><\/b><\/span><\/p>\n<p align=\"justify\"><span style=\"color: #000000; font-family: Ubuntu; font-size: small;\">El tratamiento de la prescripci\u00f3n no se exclusiva de esta etapa, por lo que las reglas desarrolladas a continuaci\u00f3n deben tomarse en cuenta tambi\u00e9n en las otras si es que fuese planteada.<span class=\"Apple-converted-space\">\u00a0<\/span><\/span><\/p>\n<p align=\"justify\"><span style=\"color: #000000; font-family: Ubuntu; font-size: small;\">De acuerdo al Art. 101 del CPP modificado por la Ley No. 1173 la acci\u00f3n penal prescribe en: a) En ocho a\u00f1os, para los delitos que tengan se\u00f1alada una pena privativa de libertad de seis o m\u00e1s de seis a\u00f1os; b) En cinco a\u00f1os, para los que tengan se\u00f1aladas penas privativas de libertad menores de seis y mayores de dos a\u00f1os; y c) En tres a\u00f1os, para los dem\u00e1s delitos. En los delitos sancionados con penas indeterminadas, el juez tomar\u00e1 siempre en cuenta el m\u00e1ximum de la pena se\u00f1alada.<span class=\"Apple-converted-space\">\u00a0<\/span><\/span><\/p>\n<p align=\"justify\"><span style=\"color: #000000; font-family: Ubuntu; font-size: small;\">En los delitos de violaci\u00f3n, abuso y explotaci\u00f3n sexual, de los cuales las v\u00edctimas hayan sido personas menores de catorce a\u00f1os de edad, excepcionalmente, no prescribe la acci\u00f3n<span class=\"Apple-converted-space\">\u00a0<\/span><\/span><\/p>\n<p align=\"justify\"><span style=\"color: #000000; font-family: Ubuntu; font-size: small;\">hasta cuatro a\u00f1os despu\u00e9s que la v\u00edctima haya alcanzado la mayor\u00eda de edad.<span class=\"Apple-converted-space\">\u00a0<\/span><\/span><\/p>\n<p align=\"justify\"><span style=\"color: #000000; font-family: Ubuntu; font-size: small;\">No obstante, el Comit\u00e9 para la Eliminaci\u00f3n de la Discriminaci\u00f3n Contra la Mujer ha establecido<\/span><span style=\"color: #000000; font-family: Ubuntu; font-size: small;\"><a class=\"tooltips\" title=\"Comit\u00e9 CEDAW, Recomendaci\u00f3n General n\u00fam. 33, sobre el acceso de las mujeres a la justicia, CEDAW\/C\/GC\/33, 03\/08\/2015, p\u00e1rr. 51.\"><sup>108<\/sup><\/a> <\/span><span style=\"color: #000000; font-family: Ubuntu; font-size: small;\">que los Estados deben: \u201cb) Garantizar que la prescripci\u00f3n se ajuste a los intereses de las v\u00edctimas\u201d. Este aspecto debe ser analizado en relaci\u00f3n a lo descrito en el punto sobre los factores que influyen en la demora de la denuncia.<span class=\"Apple-converted-space\">\u00a0<\/span><\/span><\/p>\n<\/td>\n<\/tr>\n<tr>\n<td valign=\"middle\"><span style=\"color: #000000; font-family: Ubuntu; font-size: xx-large;\"><b>5<\/b><\/span><\/td>\n<td valign=\"middle\">\n<p align=\"justify\"><span style=\"color: #000000; font-family: Ubuntu; font-size: small;\"><b><i>Imposici\u00f3n de sanciones alternativas<span class=\"Apple-converted-space\">\u00a0<\/span><\/i><\/b><\/span><\/p>\n<p align=\"justify\"><span style=\"color: #000000; font-family: Ubuntu; font-size: small;\">La Ley No. 348, a partir del art\u00edculo 76, establece las sanciones alternativas, siempre y cuando el autor no sea reincidente y la autoridad judicial aplique una sanci\u00f3n alternativa junto a otras, cuando sea necesario para proteger a la mujer, hijos e hijas o el n\u00facleo familiar en situaci\u00f3n de violencia.<span class=\"Apple-converted-space\">\u00a0<\/span><\/span><\/p>\n<p align=\"justify\"><span style=\"color: #000000; font-family: Ubuntu; font-size: small;\">Respecto a la multa la Ley determina como sanci\u00f3n alternativa o accesoria que no sustituye la reparaci\u00f3n a la mujer por el da\u00f1o causado.<span class=\"Apple-converted-space\">\u00a0<\/span><\/span><\/p>\n<\/td>\n<\/tr>\n<tr>\n<td valign=\"middle\"><span style=\"color: #000000; font-family: Ubuntu; font-size: xx-large;\"><b>6<\/b><\/span><\/td>\n<td valign=\"middle\">\n<p align=\"justify\"><span style=\"color: #000000; font-family: Ubuntu; font-size: small;\"><b><i>Inaplicabilidad de la suspensi\u00f3n condicional de la pena y del perd\u00f3n judicial de la pena<span class=\"Apple-converted-space\">\u00a0<\/span><\/i><\/b><\/span><\/p>\n<p align=\"justify\"><span style=\"color: #000000; font-family: Ubuntu; font-size: small;\">La Ley No. 348 no contempla la posibilidad de otorgar al agresor la suspensi\u00f3n condicional de la pena ni el perd\u00f3n judicial de la pena; m\u00e1s bien, establece que cuando la pena impuesta no sea mayor a tres a\u00f1os, \u201c<b>ser\u00e1 remplazada por una sanci\u00f3n alternativa\u201d. <\/b>La Ley No. 348 estableci\u00f3 la sanciones alternativas como una opci\u00f3n frente a la prisi\u00f3n pero con el fin de que ning\u00fan caso quede en la impunidad, por eso estableci\u00f3 los mismos presupuestos en relaci\u00f3n al m\u00e1ximo de la pena para su aplicaci\u00f3n a fin de que los hechos de violencia no dejasen de ser sancionados (Arts. 77 al 82).<span class=\"Apple-converted-space\">\u00a0<\/span><\/span><\/p>\n<p align=\"justify\"><span style=\"color: #000000; font-family: Ubuntu; font-size: small;\">Tal como se se\u00f1ala en el Estudio Poner fin a la violencia contra la mujer (ONU, \u201cla impunidad de la violencia contra la mujer agrava los efectos de dicha violencia como mecanismo de control de los hombres sobre las mujeres. Cuando el Estado no responsabiliza a los autores de actos de violencia y la sociedad tolera expresa o t\u00e1citamente a dicha violencia, la impunidad no solo alienta nuevos abusos, sino que tambi\u00e9n transmite el mensaje de que la violencia masculina contra la mujer es aceptable o normal. El resultado de esa impunidad no consiste \u00fanicamente en la denegaci\u00f3n de justicia a las distintas v\u00edctimas\/sobrevivientes, sino tambi\u00e9n en el refuerzo de las relaciones de g\u00e9nero reinantes y asimismo reproduce las desigualdades que afectan a las dem\u00e1s mujeres y ni\u00f1as\u201d<\/span><span style=\"color: #000000; font-family: Ubuntu; font-size: small;\"><a class=\"tooltips\" title=\"Citado por la Comunidad de Derechos Humanos en la Gu\u00eda de preguntas frecuentes sobre la Ley Integral para Garantizar a las Mujeres una Vida Libre de Violencia. 2014.\"><sup>109<\/sup><\/a><\/span><span style=\"color: #000000; font-family: Ubuntu; font-size: small;\">.<span class=\"Apple-converted-space\">\u00a0<\/span><\/span><\/p>\n<p align=\"justify\"><span style=\"color: #000000; font-family: Ubuntu; font-size: small;\">Este razonamiento ha sido adoptado por el Tribunal Constitucional Plurinacional al establecer que <i>\u201cla obligaci\u00f3n de sancionar a los culpables por delitos de violencia debe ser cumplida indefectiblemente, no existiendo posibilidad de perdonar el cumplimiento de la pena o suspender de modo condicional su cumplimiento; pues lo contrario, implicar\u00eda incumplir con las obligaciones internacionales del Estado; m\u00e1s a\u00fan, cuando al nivel interno existe una norma que expresamente prev\u00e9 la aplicaci\u00f3n de sanciones alternativas a la privaci\u00f3n de libertad <\/i><b>cuando la pena impuesta no sea mayor a tres a\u00f1os<\/b><i>; sanciones que de acuerdo a la Ley No. 348, deben ir acompa\u00f1adas de las medidas de seguridad necesarias para proteger a la mujer que se encuentra en situaci\u00f3n de violencia, a sus hijas e hijos o su n\u00facleo familiar; medida que cumple con el objeto y la finalidad de la Ley No. 348, que es erradicar la violencia y no permitir la impunidad<\/i>\u201d. (SCP 0721\/2018-S2).<span class=\"Apple-converted-space\">\u00a0<\/span><\/span><\/p>\n<\/td>\n<\/tr>\n<\/tbody>\n<\/table>\n<\/div>\n<\/div>\n<\/div>\n<\/div>\n<\/div><\/div>\n<\/div>\n<\/div>\n<\/div>\n<\/div>\n<\/div>\n<\/div>\n<\/section>\n<section class=\"elementor-section elementor-top-section elementor-element elementor-element-3988ddc elementor-section-boxed elementor-section-height-default elementor-section-height-default\" data-id=\"3988ddc\" data-element_type=\"section\">\n<div class=\"elementor-container elementor-column-gap-default\">\n<div class=\"elementor-row\">\n<div class=\"elementor-column elementor-col-100 elementor-top-column elementor-element elementor-element-963528b\" data-id=\"963528b\" data-element_type=\"column\">\n<div class=\"elementor-column-wrap elementor-element-populated\">\n<div class=\"elementor-widget-wrap\">\n<div class=\"elementor-element elementor-element-72cea5b elementor-widget elementor-widget-text-editor\" data-id=\"72cea5b\" data-element_type=\"widget\" data-widget_type=\"text-editor.default\">\n<div class=\"elementor-widget-container\">\n<div class=\"elementor-text-editor elementor-clearfix\">\n<div class=\"page\" title=\"Page 208\">\n<div class=\"section\">\n<div class=\"layoutArea\">\n<div class=\"column\">\n<p>Las precauciones enumeradas no son u\u0301nicas ni limitativas, tienen que servir de orientacio\u0301n en la determinacio\u0301n de las que puedan resultar ma\u0301s u\u0301tiles para la mujer y su familia, en cada caso. Se procurara\u0301 entregar estas recomendaciones por escrito.<\/p>\n<\/div>\n<\/div>\n<\/div>\n<\/div>\n<\/div><\/div>\n<\/div>\n<\/div>\n<\/div>\n<\/div>\n<\/div>\n<\/div>\n<\/section><\/div>\n<\/div>\n<\/div>\n<\/div>\t\t<\/div>\n\t\t\t\t<\/article>\n\t\t\t\t<article class=\"elementor-post elementor-grid-item post-3879 post type-post status-publish format-standard hentry category-protocolo-sepmud\">\n\t\t\t\t<div class=\"elementor-post__text\">\n\t\t<div class=\"elementor-post__content\"><style>.elementor-3879 .elementor-element.elementor-element-f470893 .elementor-heading-title{color:#31B7BC;font-family:\"Viga\", Sans-serif;font-size:35px;font-weight:600;}.elementor-3879 .elementor-element.elementor-element-f470893 > .elementor-widget-container{margin:0% 5% 0% 0%;}.elementor-3879 .elementor-element.elementor-element-975edcc .elementor-text-editor{text-align:justify;}.elementor-3879 .elementor-element.elementor-element-975edcc{font-family:\"Ubuntu\", Sans-serif;font-weight:400;}.elementor-3879 .elementor-element.elementor-element-975edcc > .elementor-widget-container{margin:0% 5% 0% 5%;}<\/style>\n<div data-elementor-type=\"wp-post\" data-elementor-id=\"3879\" class=\"elementor elementor-3879\" data-elementor-settings=\"[]\">\n<div class=\"elementor-inner\">\n<div class=\"elementor-section-wrap\">\n<section class=\"elementor-section elementor-top-section elementor-element elementor-element-df7c79f elementor-section-boxed elementor-section-height-default elementor-section-height-default\" data-id=\"df7c79f\" data-element_type=\"section\">\n<div class=\"elementor-container elementor-column-gap-default\">\n<div class=\"elementor-row\">\n<div class=\"elementor-column elementor-col-100 elementor-top-column elementor-element elementor-element-b1e4fe4\" data-id=\"b1e4fe4\" data-element_type=\"column\">\n<div class=\"elementor-column-wrap elementor-element-populated\">\n<div class=\"elementor-widget-wrap\">\n<div class=\"elementor-element elementor-element-f470893 elementor-widget elementor-widget-theme-post-title elementor-page-title elementor-widget-heading\" data-id=\"f470893\" data-element_type=\"widget\" data-widget_type=\"theme-post-title.default\">\n<div class=\"elementor-widget-container\">\n<h1 class=\"elementor-heading-title elementor-size-default\">3.3. TERCERA FASE: REPARACI\u00d3N INTEGRAL<\/h1>\n<\/div>\n<\/div>\n<\/div>\n<\/div>\n<\/div>\n<\/div>\n<\/div>\n<\/section>\n<section class=\"elementor-section elementor-top-section elementor-element elementor-element-bb1abfa elementor-section-boxed elementor-section-height-default elementor-section-height-default\" data-id=\"bb1abfa\" data-element_type=\"section\">\n<div class=\"elementor-container elementor-column-gap-default\">\n<div class=\"elementor-row\">\n<div class=\"elementor-column elementor-col-100 elementor-top-column elementor-element elementor-element-4c3bae9\" data-id=\"4c3bae9\" data-element_type=\"column\">\n<div class=\"elementor-column-wrap elementor-element-populated\">\n<div class=\"elementor-widget-wrap\">\n<div class=\"elementor-element elementor-element-975edcc elementor-widget elementor-widget-text-editor\" data-id=\"975edcc\" data-element_type=\"widget\" data-widget_type=\"text-editor.default\">\n<div class=\"elementor-widget-container\">\n<div class=\"elementor-text-editor elementor-clearfix\">\n<div class=\"page\" title=\"Page 250\">\n<div class=\"section\">\n<div class=\"layoutArea\">\n<div class=\"column\">\n<p>El derecho a la reparacio\u0301n, en el caso boliviano, esta\u0301 constitucionalmente reconocido en el art\u00edculo 113.I, que establece las medidas tendientes a mitigar los dan\u0303os ocasionados por la vulneracio\u0301n de derechos cuando sen\u0303ala que: \u201cLa vulneracio\u0301n de los derechos concede a las vi\u0301ctimas el derecho a la indemnizacio\u0301n, reparacio\u0301n y resarcimiento de dan\u0303os y perjuicios en forma oportuna\u201d. En tal sentido, el texto constitucional establece que, como consecuencia de la vulneracio\u0301n de derechos, deriva uno nuevo que le corresponde a la vi\u0301ctima, el derecho a la reparacio\u0301n.<\/p>\n<p>El Co\u0301digo Nin\u0303a, Nin\u0303o y Adolescente, en su art\u00edculo 157 para\u0301grafo I establece que las nin\u0303as, nin\u0303os y adolescentes, tienen el derecho a solicitar la proteccio\u0301n y restitucio\u0301n de sus derechos, a trave\u0301s de procedimientos a\u0301giles y oportunos, y que la preeminencia de los derechos de la nin\u0303a, nin\u0303o y adolescente, implica tambie\u0301n, la garant\u00eda del Estado de procurar la restitucio\u0301n y restauracio\u0301n del derecho a su integridad f\u00edsica, psicolo\u0301gica y sexual.<\/p>\n<p>Una vez ejecutoriada la sentencia de acuerdo a las atribuciones que determina la Ley No. 1173 a los juzgados y tribunales de sentencia, la autoridad jurisdiccional debera\u0301 disponer de oficio la reparacio\u0301n integral del dan\u0303o; en caso de no haberse dispuesto, la vi\u0301ctima tiene el derecho de solicitarla.<\/p>\n<p>La reparacio\u0301n es una obligacio\u0301n internacional que implica diversas medidas, tales como la indemnizacio\u0301n monetaria, la prestacio\u0301n de servicios juri\u0301dicos, sociales y de salud, incluidos servicios de la salud sexual, reproductiva y mental para una recuperacio\u0301n completa, y la satisfaccio\u0301n y garant\u00edas de no repeticio\u0301n, tales reparaciones deben ser adecuadas, atribuidas con prontitud, holi\u0301sticas y proporcionales a la gravedad del dan\u0303o sufrido<a class=\"tooltips\" title=\"De conformidad con la Recomendaci\u00f3n General n\u00fam. 28, la Recomendaci\u00f3n General n\u00fam. 30 y la Recomendaci\u00f3n General n\u00fam. 33 del Comit\u00e9 para la Eliminaci\u00f3n de la Discriminaci\u00f3n contra la Mujer. Disponibles en: https:\/\/www.ohchr.org\/SP\/HRBodies\/CEDAW\/Pages\/Recommenda- tions.aspx\"><sup>110<\/sup><\/a>.<\/p>\n<p>La reparacio\u0301n integral de acuerdo a la jurisprudencia de la Corte IDH y la desarrollada por el Tribunal Constitucional Plurinacional implica:<\/p>\n<div class=\"page\" title=\"Page 250\">\n<div class=\"section\">\n<div class=\"layoutArea\">\n<div class=\"column\">\n<p style=\"padding-left: 40px;\">1) La restitucio\u0301n; esta medida resulta ser la que deberi\u0301a devolver a la vi\u0301ctima a una situacio\u0301n ide\u0301ntica a la que se encontraba antes de sufrir alguna vulneracio\u0301n a sus derechos;<\/p>\n<div class=\"page\" title=\"Page 251\">\n<div class=\"section\">\n<div class=\"layoutArea\">\n<div class=\"column\">\n<p style=\"padding-left: 40px;\">2) La indemnizacio\u0301n; esta medida de reparacio\u0301n es una de las ma\u0301s comunes, se refiere a una compensacio\u0301n econo\u0301mica tanto por los dan\u0303os materiales como por los inmateriales que haya sufrido la vi\u0301ctima, como consecuencia de la vulneracio\u0301n sufrida;<\/p>\n<p style=\"padding-left: 40px;\">3) La rehabilitacio\u0301n; en casos en los que sea necesaria una atencio\u0301n adecuada a los padecimientos f\u00edsicos y psicolo\u0301gicos sufridos por las vi\u0301ctimas, por ende, las medidas de reparacio\u0301n sera\u0301n destinadas a los dan\u0303os inmateriales, principalmente a los morales y f\u00edsicos que vaya a sufrir la vi\u0301ctima como consecuencia de la violencia sufrida.<\/p>\n<p style=\"padding-left: 40px;\">4) La satisfaccio\u0301n; esta medida tiende a generar en la vi\u0301ctima un sentimiento de reconocimiento positivo como consecuencia de los dan\u0303os que pudiere haber sufrido por la violacio\u0301n de sus derechos humanos.<\/p>\n<p style=\"padding-left: 40px;\">5) La garant\u00eda de no repeticio\u0301n; esta medida, principalmente, esta\u0301 dirigida a mitigar los dan\u0303os colectivos, prevenir nuevos hechos o similares.<\/p>\n<div class=\"page\" title=\"Page 251\">\n<div class=\"section\">\n<div class=\"layoutArea\">\n<div class=\"column\">\n<p>Si bien la o el juzgador es quien en definitiva determina las medidas de reparacio\u0301n, ella tomara\u0301 en cuenta las opiniones de las Instancias Promotoras de Denuncia y las que desarrollan la investigacio\u0301n, incluyendo a especialistas si fuera necesario para establecer claramente el dan\u0303o material e inmaterial causado por los hechos de violencia.<\/p>\n<p>La Instancia Promotora de Denuncia, a partir del a\u0301rea de legal, psicologi\u0301a y social, o en su caso, la organizacio\u0301n de la sociedad civil debe apoyar la tramitacio\u0301n de la reparacio\u0301n integral del dan\u0303o ocasionado a la vi\u0301ctima y brindarle acompan\u0303amiento y seguimiento. Es importante contar con el informe socioecono\u0301mico y psicolo\u0301gico para respaldar la solicitud de reparacio\u0301n integral del dan\u0303o.<\/p>\n<p><strong>Resarcimiento a la vi\u0301ctima por parte del agresor:<\/strong><\/p>\n<p>En aplicacio\u0301n del art\u00edculo 98 de la Ley No. 348, ejecutoriada la sentencia, la autoridad judicial procedera\u0301 a la calificacio\u0301n y reparacio\u0301n del dan\u0303o civil; en su defecto, en aplicacio\u0301n del art\u00edculo 382 del C.P.P. la o el Fiscal de Materia podra\u0301 solicitar a la autoridad jurisdiccional competente que ordene la reparacio\u0301n del dan\u0303o causado o la indemnizacio\u0301n correspondiente. En caso que la vi\u0301ctima no se haya constituido en querellante, e\u0301sta podra\u0301 solicitar la reparacio\u0301n del dan\u0303o a trave\u0301s del Instancias promotoras de Denuncia.<\/p>\n<p>Para el resarcimiento del dan\u0303o ocasionado a la vi\u0301ctima por parte del agresor, se debera\u0301 considerar toda disminucio\u0301n, afectacio\u0301n y menoscabo, a su estado f\u00edsico,<\/p>\n<div class=\"page\" title=\"Page 252\">\n<div class=\"section\">\n<div class=\"layoutArea\">\n<div class=\"column\">\n<p>psicolo\u0301gico, material y\/o patrimonial como consecuencia de la violencia o del hecho delictivo cometido contra su persona; en consecuencia, debera\u0301 contar con el informe socioecono\u0301mico considerando para ello los gastos realizados emergentes del delito.<\/p>\n<p><strong>a) Gastos<\/strong><\/p>\n<p>Dan\u0303o primario: Comprende los gastos efectuados en la recuperacio\u0301n y tratamientos aplicados para la misma; referidos principalmente a la asistencia me\u0301dica, psicolo\u0301gica y otros en los que se hayan incurrido para el tratamiento o asesoramiento de la vi\u0301ctima durante todo el proceso penal. A efectos de determinar el dan\u0303o econo\u0301mico debera\u0301n considerarse todos aquellos elementos que permitan demostrar los gastos incurridos por la vi\u0301ctima como ser; facturas, recibos, recetas y otros.<\/p>\n<p>Lucro cesante y dan\u0303o emergente: La vi\u0301ctima, a trave\u0301s de los agentes promotores de la denuncia, podra\u0301 solicitar el resarcimiento del dan\u0303o surgido a consecuencia del hecho, asi\u0301 como la indemnizacio\u0301n por las pe\u0301rdidas de beneficios mientras la vi\u0301ctima se encontraba inhabilitada por su propia recuperacio\u0301n y el periodo de duracio\u0301n del proceso penal, asi\u0301 como la incapacidad sobreviniente al hecho.<\/p>\n<p>Dan\u0303o secundario: Gastos producidos durante el proceso judicial (perdida del an\u0303o escolar, o pe\u0301rdida de otros estudios en institutos, cambio de unidad educativa, costos).<\/p>\n<p><strong>b) Dan\u0303o moral y social<\/strong><\/p>\n<p>Dan\u0303o terciario: Se debera\u0301 realizar un informe del dan\u0303o social. En esta valoracio\u0301n se tiene que ver co\u0301mo la vi\u0301ctima ha sido perjudicada\/o, comparando la situacio\u0301n anterior y actual de la vi\u0301ctima; co\u0301mo el desarrollo del proceso penal ha trastornado su desarrollo educativo, su relacionamiento familiar y su situacio\u0301n personal. Un Ejemplo claro es co\u0301mo la vi\u0301ctima ha sufrido estigmatizacio\u0301n por sus pares en la unidad educativa o provocada por los medios de comunicacio\u0301n, razo\u0301n por la cual la familia decide cambiarla\/o de unidad educativa, cambiarse de vivienda, etc.<\/p>\n<p><strong>c) Aspectos necesarios para cuantificar los dan\u0303os<\/strong><\/p>\n<p>Se requerira\u0301 una valoracio\u0301n psicolo\u0301gica que pueda determinar: La repercusio\u0301n y consecuencias del hecho en todas las a\u0301reas de la vida de la vi\u0301ctima, asi\u0301 como determinar el tipo y consecuente periodo de tratamiento aproximado. Tambie\u0301n se solicitara\u0301 una pericia social para la valoracio\u0301n del dan\u0303o de la vi\u0301ctima y su entorno.<\/p>\n<div class=\"page\" title=\"Page 253\">\n<div class=\"section\">\n<div class=\"layoutArea\">\n<div class=\"column\">\n<p><strong>Reparacio\u0301n en caso de salidas alternativas<\/strong><\/p>\n<p>Para la viabilidad de las salidas alternativas, la o el Fiscal de Materia debera\u0301 exigir:<\/p>\n<ul>\n<li>\n<p>En la suspensio\u0301n condicional del proceso, la reparacio\u0301n integral del dan\u0303o y garantizar el cumplimiento de la derivacio\u0301n terape\u0301utica y dema\u0301s condiciones y reglas que establece el CPP.<\/p>\n<\/li>\n<li>\n<p><span style=\"font-size: 16px;\">En los casos de aplicacio\u0301n excepcional de la conciliacio\u0301n, de igual manera debe consignarse la reparacio\u0301n del dan\u0303o integral a la vi\u0301ctima en el acuerdo conciliatorio y co\u0301mo se alcanzara\u0301 e\u0301ste y los plazos. Esta determinacio\u0301n no rige para nin\u0303as, nin\u0303os y adolescentes, en los cuales esta\u0301 prohibida toda forma de conciliacio\u0301n.<\/span><\/p>\n<\/li>\n<\/ul>\n<p><strong>Restitucio\u0301n<\/strong><\/p>\n<p>Desde el enfoque terape\u0301utico, se entendera\u0301 como reparacio\u0301n integral del dan\u0303o al proceso concluido de las etapas o sesiones que la vi\u0301ctima recibio\u0301 durante el proceso penal o despue\u0301s del mismo. En algunas entidades se marcara\u0301 una ruta clara para llegar a la restitucio\u0301n psicoemocional bajo los enfoques psicoterape\u0301uticos que gui\u0301en las intervenciones o que proponga el equipo de profesionales de las instituciones establecidas para este trabajo. Se reconoce, bajo los criterios psicolo\u0301gicos, que la violencia, en especial sexual, deja huellas significativas, por esta razo\u0301n cada institucio\u0301n abordara\u0301 el trabajo psicoterape\u0301utico con la vi\u0301ctima y con su entorno familiar, para que el efecto de reelaboracio\u0301n de la situacio\u0301n vivida, la eleccio\u0301n de nuevas habilidades sociales o fortalecimiento de las mismas, apoyen de gran manera a su relacionamiento cotidiano con todo su entorno durante su vida.<\/p>\n<p>La restitucio\u0301n del dan\u0303o integral representa entonces la culminacio\u0301n del proceso legal con una sentencia condenatoria y con todo un camino psicolo\u0301gico terape\u0301utico recorrido por la vi\u0301ctima.<\/p>\n<p><strong>Reincorporacio\u0301n de la vi\u0301ctima<\/strong><\/p>\n<p>Trata\u0301ndose de nin\u0303as, nin\u0303os y adolescentes el objetivo de la reincorporacio\u0301n de la vi\u0301ctima a todos los espacios de su entorno familiar y social, es para fortalecer su autonomi\u0301a a partir de condiciones ba\u0301sicas necesarias que haya logrado en las sesiones que el\/la terapeuta haya previsto. Se buscara\u0301 la reincorporacio\u0301n psicoafectiva en los primeros espacios donde la vi\u0301ctima se desarrolla o vive (familia, unidad educativa y otros). La reinsercio\u0301n a su cotidianidad debera\u0301 contemplar el respeto, dignidad, equidad, confianza y comprensio\u0301n de la vi\u0301ctima para su autoafirmacio\u0301n personal en sus dimensiones social, cognitiva, vocacional, sexual y espiritual.<\/p>\n<\/div>\n<\/div>\n<\/div>\n<\/div>\n<\/div>\n<\/div>\n<\/div>\n<\/div>\n<\/div>\n<\/div>\n<\/div>\n<\/div>\n<\/div>\n<\/div>\n<\/div>\n<\/div>\n<\/div>\n<\/div>\n<\/div>\n<\/div>\n<\/div>\n<\/div>\n<\/div>\n<\/div>\n<\/div><\/div>\n<\/div>\n<\/div>\n<\/div>\n<\/div>\n<\/div>\n<\/div>\n<\/section><\/div>\n<\/div>\n<\/div>\n<\/div>\t\t<\/div>\n\t\t\t\t<\/article>\n\t\t\t\t<article class=\"elementor-post elementor-grid-item post-3884 post type-post status-publish format-standard hentry category-protocolo-sepmud\">\n\t\t\t\t<div class=\"elementor-post__text\">\n\t\t<div class=\"elementor-post__content\"><style>.elementor-3884 .elementor-element.elementor-element-a91743b .elementor-heading-title{color:#31B7BC;font-family:\"Viga\", Sans-serif;font-size:35px;font-weight:600;}.elementor-3884 .elementor-element.elementor-element-a91743b > .elementor-widget-container{margin:0% 5% 0% 0%;}.elementor-3884 .elementor-element.elementor-element-ecd733a .elementor-heading-title{color:#31B7BC;font-family:\"Viga\", Sans-serif;font-size:25px;font-weight:600;}.elementor-3884 .elementor-element.elementor-element-ecd733a > .elementor-widget-container{margin:0% 5% 0% 5%;}.elementor-3884 .elementor-element.elementor-element-fccb0f6 .elementor-text-editor{text-align:justify;}.elementor-3884 .elementor-element.elementor-element-fccb0f6{font-family:\"Ubuntu\", Sans-serif;font-weight:400;}.elementor-3884 .elementor-element.elementor-element-fccb0f6 > .elementor-widget-container{margin:0% 5% 0% 5%;}.elementor-3884 .elementor-element.elementor-element-2d2caba .elementor-heading-title{color:#31B7BC;font-family:\"Viga\", Sans-serif;font-size:25px;font-weight:600;}.elementor-3884 .elementor-element.elementor-element-2d2caba > .elementor-widget-container{margin:0% 5% 0% 5%;}.elementor-3884 .elementor-element.elementor-element-6d0444c .elementor-text-editor{text-align:justify;}.elementor-3884 .elementor-element.elementor-element-6d0444c{font-family:\"Ubuntu\", Sans-serif;font-weight:400;}.elementor-3884 .elementor-element.elementor-element-6d0444c > .elementor-widget-container{margin:0% 5% 0% 5%;}.elementor-3884 .elementor-element.elementor-element-bad2f13 .elementor-heading-title{color:#31B7BC;font-family:\"Viga\", Sans-serif;font-size:25px;font-weight:600;}.elementor-3884 .elementor-element.elementor-element-bad2f13 > .elementor-widget-container{margin:0% 5% 0% 5%;}.elementor-3884 .elementor-element.elementor-element-138c05d .elementor-text-editor{text-align:justify;}.elementor-3884 .elementor-element.elementor-element-138c05d{font-family:\"Ubuntu\", Sans-serif;font-weight:400;}.elementor-3884 .elementor-element.elementor-element-138c05d > .elementor-widget-container{margin:0% 5% 0% 5%;}.elementor-3884 .elementor-element.elementor-element-001f2c3 .elementor-heading-title{color:#31B7BC;font-family:\"Viga\", Sans-serif;font-size:25px;font-weight:600;}.elementor-3884 .elementor-element.elementor-element-001f2c3 > .elementor-widget-container{margin:0% 5% 0% 5%;}.elementor-3884 .elementor-element.elementor-element-674d894 .elementor-text-editor{text-align:justify;}.elementor-3884 .elementor-element.elementor-element-674d894{font-family:\"Ubuntu\", Sans-serif;font-weight:400;}.elementor-3884 .elementor-element.elementor-element-674d894 > .elementor-widget-container{margin:0% 5% 0% 5%;}.elementor-3884 .elementor-element.elementor-element-1ad3931 .elementor-heading-title{color:#31B7BC;font-family:\"Viga\", Sans-serif;font-size:25px;font-weight:600;}.elementor-3884 .elementor-element.elementor-element-1ad3931 > .elementor-widget-container{margin:0% 5% 0% 5%;}.elementor-3884 .elementor-element.elementor-element-75d9de8 .elementor-text-editor{text-align:justify;}.elementor-3884 .elementor-element.elementor-element-75d9de8{font-family:\"Ubuntu\", Sans-serif;font-weight:400;}.elementor-3884 .elementor-element.elementor-element-75d9de8 > .elementor-widget-container{margin:0% 5% 0% 5%;}.elementor-3884 .elementor-element.elementor-element-9ebf85c .elementor-heading-title{color:#31B7BC;font-family:\"Viga\", Sans-serif;font-size:25px;font-weight:600;}.elementor-3884 .elementor-element.elementor-element-9ebf85c > .elementor-widget-container{margin:0% 5% 0% 5%;}.elementor-3884 .elementor-element.elementor-element-02afc82 .elementor-text-editor{text-align:justify;}.elementor-3884 .elementor-element.elementor-element-02afc82{font-family:\"Ubuntu\", Sans-serif;font-weight:400;}.elementor-3884 .elementor-element.elementor-element-02afc82 > .elementor-widget-container{margin:0% 5% 0% 5%;}<\/style>\n<div data-elementor-type=\"wp-post\" data-elementor-id=\"3884\" class=\"elementor elementor-3884\" data-elementor-settings=\"[]\">\n<div class=\"elementor-inner\">\n<div class=\"elementor-section-wrap\">\n<section class=\"elementor-section elementor-top-section elementor-element elementor-element-96813e5 elementor-section-boxed elementor-section-height-default elementor-section-height-default\" data-id=\"96813e5\" data-element_type=\"section\">\n<div class=\"elementor-container elementor-column-gap-default\">\n<div class=\"elementor-row\">\n<div class=\"elementor-column elementor-col-100 elementor-top-column elementor-element elementor-element-e6ca073\" data-id=\"e6ca073\" data-element_type=\"column\">\n<div class=\"elementor-column-wrap elementor-element-populated\">\n<div class=\"elementor-widget-wrap\">\n<div class=\"elementor-element elementor-element-a91743b elementor-widget elementor-widget-theme-post-title elementor-page-title elementor-widget-heading\" data-id=\"a91743b\" data-element_type=\"widget\" data-widget_type=\"theme-post-title.default\">\n<div class=\"elementor-widget-container\">\n<h1 class=\"elementor-heading-title elementor-size-default\">REFERENCIAS BIBLIOGR\u00c1FICAS<\/h1>\n<\/div>\n<\/div>\n<\/div>\n<\/div>\n<\/div>\n<\/div>\n<\/div>\n<\/section>\n<section class=\"elementor-section elementor-top-section elementor-element elementor-element-283a3d4 elementor-section-boxed elementor-section-height-default elementor-section-height-default\" data-id=\"283a3d4\" data-element_type=\"section\">\n<div class=\"elementor-container elementor-column-gap-default\">\n<div class=\"elementor-row\">\n<div class=\"elementor-column elementor-col-100 elementor-top-column elementor-element elementor-element-13696ae\" data-id=\"13696ae\" data-element_type=\"column\">\n<div class=\"elementor-column-wrap elementor-element-populated\">\n<div class=\"elementor-widget-wrap\">\n<div class=\"elementor-element elementor-element-ecd733a elementor-widget elementor-widget-heading\" data-id=\"ecd733a\" data-element_type=\"widget\" data-widget_type=\"heading.default\">\n<div class=\"elementor-widget-container\">\n<h2 class=\"elementor-heading-title elementor-size-default\">LEGISLACI\u00d3N NACIONAL<\/h2>\n<\/div>\n<\/div>\n<\/div>\n<\/div>\n<\/div>\n<\/div>\n<\/div>\n<\/section>\n<section class=\"elementor-section elementor-top-section elementor-element elementor-element-d3473b6 elementor-section-boxed elementor-section-height-default elementor-section-height-default\" data-id=\"d3473b6\" data-element_type=\"section\">\n<div class=\"elementor-container elementor-column-gap-default\">\n<div class=\"elementor-row\">\n<div class=\"elementor-column elementor-col-100 elementor-top-column elementor-element elementor-element-9da6938\" data-id=\"9da6938\" data-element_type=\"column\">\n<div class=\"elementor-column-wrap elementor-element-populated\">\n<div class=\"elementor-widget-wrap\">\n<div class=\"elementor-element elementor-element-fccb0f6 elementor-widget elementor-widget-text-editor\" data-id=\"fccb0f6\" data-element_type=\"widget\" data-widget_type=\"text-editor.default\">\n<div class=\"elementor-widget-container\">\n<div class=\"elementor-text-editor elementor-clearfix\">\n<div class=\"page\" title=\"Page 254\">\n<div class=\"section\">\n<div class=\"layoutArea\">\n<div class=\"column\">\n<ul>\n<li>\n<p>Constitucio\u0301n Poli\u0301tica del Estado<\/p>\n<\/li>\n<li>\n<p>Co\u0301digo Penal, de 10 de marzo de 1997, Ley No. 1768<\/p>\n<\/li>\n<li>\n<p>Co\u0301digo de Procedimiento Penal, de 25 de marzo de 1999, Ley No. 1970<\/p>\n<\/li>\n<li>\n<p>Ley del O\u0301rgano Judicial, de 24 de junio de 2010, Ley No. 025<\/p>\n<\/li>\n<li>\n<p>Ley Contra el Racismo y Toda Forma de Discriminacio\u0301n, de 8 de octubre de 2010, Ley No. 045<\/p>\n<\/li>\n<li>\n<p>Ley Marco de Autonomi\u0301as y Descentralizacio\u0301n \u201cAndre\u0301s Iba\u0301n\u0303ez\u201d, de 19 de julio de 2010, Ley No. 031<\/p>\n<\/li>\n<li>\n<p>Ley de Proteccio\u0301n Legal de Nin\u0303as, Nin\u0303os y Adolescentes, de 08 de noviembre de 2010, Ley No. 054<\/p>\n<\/li>\n<li>\n<p>Ley de Educacio\u0301n Avelino Sin\u0303ani &#8211; Elizardo Pe\u0301rez, de 20 de diciembre de 2010, Ley No. 070<\/p>\n<\/li>\n<li>\n<p>Ley de Deslinde Jurisdiccional, de 29 de diciembre de 2010, Ley No. 073<\/p>\n<\/li>\n<li>\n<p>Ley Orga\u0301nica del Ministerio Pu\u0301blico de 11 de Julio de 2012, Ley No. 260<\/p>\n<\/li>\n<li>\n<p>Ley Contra el Acoso y Violencia Poli\u0301tica Hacia las Mujeres, de 28 de mayo de 2012, Ley No. 243<\/p>\n<\/li>\n<li>\n<p>Ley del Sistema Nacional de Seguridad Ciudadana \u201cPara una Vida Segura\u201d, de 31 de julio de 2012, Ley No. 264<\/p>\n<\/li>\n<li>\n<p>Ley Integral Contra la Trata y Tra\u0301fico de Personas, de 31 de julio de 2012, Ley No. 263<\/p>\n<\/li>\n<li>\n<p>Ley Integral para Garantizar a las Mujeres una Vida Libre de Violencia, de 09 de marzo de 2013, Ley No. 348<\/p>\n<\/li>\n<li>\n<p>Co\u0301digo Nin\u0303a, Nin\u0303o y Adolescente, de 17 de julio de 2014, Ley No. 548<\/p>\n<\/li>\n<li>\n<p>Ley de Identidad de Ge\u0301nero, de 21 de Mayo de 2016, Ley No. 807.<\/p>\n<\/li>\n<li>\n<p>Ley de Organizaciones Poli\u0301ticas, de 1 de septiembre de 2018, Ley No. 1096<\/p>\n<\/li>\n<li>\n<p>Ley No. 1152 de 20 de febrero de 2019, Ley modificatoria a la Ley No. 475, de 30 de diciembre de 2013, de prestaciones de servicios de salud integral del Estado Plurinacional de Bolivia, modificada por Ley No. 1069, de 28 de mayo de 2018.<\/p>\n<\/li>\n<li>\n<p>Ley de Abreviacio\u0301n Procesal Penal y de Fortalecimiento de la Lucha Integral contra la Violencia a Nin\u0303a, Nin\u0303os, Adolescentes y Mujeres, de 08 de mayo de 2019, Ley No. 1173.<\/p>\n<\/li>\n<li>\n<p>Decreto Supremo No. 1302, de 1 de agosto de 2012<\/p>\n<\/li>\n<li>\n<p>Decreto Supremo No. 2145 de 14 de octubre de 2014<\/p>\n<\/li>\n<li>\n<p>Decreto Supremo No. 2377, de 27 de mayo de 2015<\/p>\n<\/li>\n<li>\n<p>Decreto Supremo No. 2610 de 25 de noviembre de 2015<\/p>\n<\/li>\n<li>\n<p>Decreto Supremo No. 2935 de 5 de octubre de 2016<\/p>\n<\/li>\n<li>\n<p>Resolucio\u0301n 158\/2017 del O\u0301rgano Electoral Plurinacional<\/p>\n<\/li>\n<li>\n<p>Decreto Supremo No. 3106 de 8 de marzo de 2017.<\/p>\n<\/li>\n<li>\n<p>Decreto Supremo No. 3774 de 16 de enero de 2019<\/p>\n<\/li>\n<li>\n<p>Decreto Supremo No. 3834 de 13 de marzo de 2019<\/p>\n<\/li>\n<li>\n<p>Decreto Supremo No. 4012 de 14 de agosto de 2019<\/p>\n<div class=\"page\" title=\"Page 255\">\n<div class=\"section\">\u00a0<\/div>\n<\/div>\n<\/li>\n<\/ul>\n<\/div>\n<\/div>\n<\/div>\n<\/div>\n<\/div><\/div>\n<\/div>\n<\/div>\n<\/div>\n<\/div>\n<\/div>\n<\/div>\n<\/section>\n<section class=\"elementor-section elementor-top-section elementor-element elementor-element-690bab3 elementor-section-boxed elementor-section-height-default elementor-section-height-default\" data-id=\"690bab3\" data-element_type=\"section\">\n<div class=\"elementor-container elementor-column-gap-default\">\n<div class=\"elementor-row\">\n<div class=\"elementor-column elementor-col-100 elementor-top-column elementor-element elementor-element-91fcc1e\" data-id=\"91fcc1e\" data-element_type=\"column\">\n<div class=\"elementor-column-wrap elementor-element-populated\">\n<div class=\"elementor-widget-wrap\">\n<div class=\"elementor-element elementor-element-2d2caba elementor-widget elementor-widget-heading\" data-id=\"2d2caba\" data-element_type=\"widget\" data-widget_type=\"heading.default\">\n<div class=\"elementor-widget-container\">\n<h2 class=\"elementor-heading-title elementor-size-default\">JURISPRUDENCIA NACIONAL<\/h2>\n<\/div>\n<\/div>\n<\/div>\n<\/div>\n<\/div>\n<\/div>\n<\/div>\n<\/section>\n<section class=\"elementor-section elementor-top-section elementor-element elementor-element-180447b elementor-section-boxed elementor-section-height-default elementor-section-height-default\" data-id=\"180447b\" data-element_type=\"section\">\n<div class=\"elementor-container elementor-column-gap-default\">\n<div class=\"elementor-row\">\n<div class=\"elementor-column elementor-col-100 elementor-top-column elementor-element elementor-element-12f5bfc\" data-id=\"12f5bfc\" data-element_type=\"column\">\n<div class=\"elementor-column-wrap elementor-element-populated\">\n<div class=\"elementor-widget-wrap\">\n<div class=\"elementor-element elementor-element-6d0444c elementor-widget elementor-widget-text-editor\" data-id=\"6d0444c\" data-element_type=\"widget\" data-widget_type=\"text-editor.default\">\n<div class=\"elementor-widget-container\">\n<div class=\"elementor-text-editor elementor-clearfix\">\n<div class=\"page\" title=\"Page 255\">\n<div class=\"section\">\n<div class=\"layoutArea\">\n<div class=\"column\">\n<ul>\n<li>\n<p>SCP 1015\/2004 R de 02 de julio de 2004<\/p>\n<\/li>\n<li>\n<p>SCP 0993\/2010-R de 23 de agosto de 2010<\/p>\n<\/li>\n<li>\n<p>SCP 033\/2013 de 4 de enero de 2013<\/p>\n<\/li>\n<li>\n<p>SCP 0725\/2018-S2 de 31 octubre de 2018<\/p>\n<\/li>\n<li>\n<p>SCP 0019\/2018-S2 de 28 de febrero de 2018<\/p>\n<\/li>\n<li>\n<p>SCP 206\/2014 de 05 de febrero de 2014<\/p>\n<\/li>\n<li>\n<p>SCP 0721\/2018-S2 de 31 de octubre de 2018<\/p>\n<\/li>\n<li>\n<p>SCP 0394\/2018-S2 de 3 de agosto de 2018<\/p>\n<\/li>\n<li>\n<p>SCP 0876\/2004-R de 8 de junio de 2004<\/p>\n<\/li>\n<li>\n<p>SCP 1356\/2012 de 19 de septiembre de 2012<\/p>\n<\/li>\n<li>\n<p>SCP 0149\/2014-S3 de 20 de noviembre de 2014<\/p>\n<\/li>\n<li>\n<p>SCP \/2018-S2 de 11 de junio de 2018<\/p>\n<\/li>\n<li>\n<p>SCP 0014\/2018-S2 de 28 de febrero de 2018<\/p>\n<\/li>\n<li>\n<p>SCP 0025\/2018-S2 de 28 de febrero de 2018<\/p>\n<\/li>\n<\/ul>\n<\/div>\n<\/div>\n<\/div>\n<\/div>\n<\/div><\/div>\n<\/div>\n<\/div>\n<\/div>\n<\/div>\n<\/div>\n<\/div>\n<\/section>\n<section class=\"elementor-section elementor-top-section elementor-element elementor-element-dd26a09 elementor-section-boxed elementor-section-height-default elementor-section-height-default\" data-id=\"dd26a09\" data-element_type=\"section\">\n<div class=\"elementor-container elementor-column-gap-default\">\n<div class=\"elementor-row\">\n<div class=\"elementor-column elementor-col-100 elementor-top-column elementor-element elementor-element-f813e3b\" data-id=\"f813e3b\" data-element_type=\"column\">\n<div class=\"elementor-column-wrap elementor-element-populated\">\n<div class=\"elementor-widget-wrap\">\n<div class=\"elementor-element elementor-element-bad2f13 elementor-widget elementor-widget-heading\" data-id=\"bad2f13\" data-element_type=\"widget\" data-widget_type=\"heading.default\">\n<div class=\"elementor-widget-container\">\n<h2 class=\"elementor-heading-title elementor-size-default\">PROTOCOLOS, GU\u00cdAS Y MANUALES<\/h2>\n<\/div>\n<\/div>\n<\/div>\n<\/div>\n<\/div>\n<\/div>\n<\/div>\n<\/section>\n<section class=\"elementor-section elementor-top-section elementor-element elementor-element-9385bde elementor-section-boxed elementor-section-height-default elementor-section-height-default\" data-id=\"9385bde\" data-element_type=\"section\">\n<div class=\"elementor-container elementor-column-gap-default\">\n<div class=\"elementor-row\">\n<div class=\"elementor-column elementor-col-100 elementor-top-column elementor-element elementor-element-6bd8204\" data-id=\"6bd8204\" data-element_type=\"column\">\n<div class=\"elementor-column-wrap elementor-element-populated\">\n<div class=\"elementor-widget-wrap\">\n<div class=\"elementor-element elementor-element-138c05d elementor-widget elementor-widget-text-editor\" data-id=\"138c05d\" data-element_type=\"widget\" data-widget_type=\"text-editor.default\">\n<div class=\"elementor-widget-container\">\n<div class=\"elementor-text-editor elementor-clearfix\">\n<div class=\"page\" title=\"Page 255\">\n<div class=\"section\">\n<div class=\"layoutArea\">\n<div class=\"column\">\n<ul>\n<li>\n<p>Gui\u0301a de Accio\u0301n Directa de la FELCV<\/p>\n<\/li>\n<li>\n<p>Gui\u0301a del Uso de la Ca\u0301mara Gesell<\/p>\n<\/li>\n<li>\n<p>Gui\u0301a para la Gestio\u0301n de Casas de Acogida y Refugios Temporales<\/p>\n<\/li>\n<li>\n<p>Gui\u0301a pra\u0301ctica para la realizacio\u0301n de entrevistas y elaboracio\u0301n de informes policiales en casos de violencia contra las mujeres<\/p>\n<\/li>\n<li>\n<p>Procedimiento Te\u0301cnico para la Prestacio\u0301n de Servicios de salud en el Marco de la Sentencia Constitucional Plurinacional 0206\/2014.<\/p>\n<\/li>\n<li>\n<p>Protocolo de Atencio\u0301n para servicios de salud<\/p>\n<\/li>\n<li>\n<p>Protocolo de Cadena de Custodia<\/p>\n<\/li>\n<li>\n<p>Protocolo de la Fuerza Especial de lucha Contra la Violencia \u2018Genoveva Ri\u0301os\u2019 para la Atencio\u0301n de Casos en el marco de la Ley No. 348<\/p>\n<\/li>\n<li>\n<p>Protocolo de Participacio\u0301n de Nin\u0303as, Nin\u0303os y Adolescentes en Procesos Judiciales y de Intervencio\u0301n del Equipo Profesional Interdisciplinario<\/p>\n<\/li>\n<li>\n<p>Protocolo de Prevencio\u0301n y Atencio\u0301n de Denuncias por casos de Violencia Fi\u0301sica Psicolo\u0301gica y Sexual<\/p>\n<\/li>\n<li>\n<p>Protocolo y ruta cri\u0301tica interinstitucionales para la atencio\u0301n y proteccio\u0301n a las <span style=\"font-size: 16px;\">vi\u0301ctimas, en el marco de la Ley No.348. Bolivia.<\/span><\/p>\n<\/li>\n<li>\n<p>Protocolo para Juzgar con Perspectiva de Ge\u0301nero.<\/p>\n<\/li>\n<li>\n<p><span style=\"font-size: 16px;\">Reglamento para el tra\u0301mite de recepcio\u0301n de renuncias y denuncias por acoso y <\/span><span style=\"font-size: 16px;\">violencia poli\u0301tica de mujeres candidatas, electas o en funcio\u0301n poli\u0301tico pu\u0301blica.<\/span><\/p>\n<div class=\"page\" title=\"Page 256\">\n<div class=\"section\">\u00a0<\/div>\n<\/div>\n<\/li>\n<\/ul>\n<\/div>\n<\/div>\n<\/div>\n<\/div>\n<\/div><\/div>\n<\/div>\n<\/div>\n<\/div>\n<\/div>\n<\/div>\n<\/div>\n<\/section>\n<section class=\"elementor-section elementor-top-section elementor-element elementor-element-8160399 elementor-section-boxed elementor-section-height-default elementor-section-height-default\" data-id=\"8160399\" data-element_type=\"section\">\n<div class=\"elementor-container elementor-column-gap-default\">\n<div class=\"elementor-row\">\n<div class=\"elementor-column elementor-col-100 elementor-top-column elementor-element elementor-element-9b98368\" data-id=\"9b98368\" data-element_type=\"column\">\n<div class=\"elementor-column-wrap elementor-element-populated\">\n<div class=\"elementor-widget-wrap\">\n<div class=\"elementor-element elementor-element-001f2c3 elementor-widget elementor-widget-heading\" data-id=\"001f2c3\" data-element_type=\"widget\" data-widget_type=\"heading.default\">\n<div class=\"elementor-widget-container\">\n<h2 class=\"elementor-heading-title elementor-size-default\">NORMATIVA INTERNACIONAL<\/h2>\n<\/div>\n<\/div>\n<\/div>\n<\/div>\n<\/div>\n<\/div>\n<\/div>\n<\/section>\n<section class=\"elementor-section elementor-top-section elementor-element elementor-element-619d9a5 elementor-section-boxed elementor-section-height-default elementor-section-height-default\" data-id=\"619d9a5\" data-element_type=\"section\">\n<div class=\"elementor-container elementor-column-gap-default\">\n<div class=\"elementor-row\">\n<div class=\"elementor-column elementor-col-100 elementor-top-column elementor-element elementor-element-a4e0d71\" data-id=\"a4e0d71\" data-element_type=\"column\">\n<div class=\"elementor-column-wrap elementor-element-populated\">\n<div class=\"elementor-widget-wrap\">\n<div class=\"elementor-element elementor-element-674d894 elementor-widget elementor-widget-text-editor\" data-id=\"674d894\" data-element_type=\"widget\" data-widget_type=\"text-editor.default\">\n<div class=\"elementor-widget-container\">\n<div class=\"elementor-text-editor elementor-clearfix\">\n<div class=\"page\" title=\"Page 256\">\n<div class=\"section\">\n<div class=\"layoutArea\">\n<div class=\"column\">\n<ul>\n<li>\n<p>Convencio\u0301n Americana sobre Derechos Humanos \u201cPacto de San Jose\u0301 de Costa Rica\u201d (1969).<\/p>\n<\/li>\n<li>\n<p>Convencio\u0301n de los Derechos Poli\u0301ticos de la Mujer (1952).<\/p>\n<\/li>\n<li>\n<p>Convencio\u0301n Interamericana para Prevenir, Sancionar y Erradicar la Violencia contra las Mujeres, Convencio\u0301n de \u201cBele\u0301m do Para\u0301\u201d (1994).<\/p>\n<\/li>\n<li>\n<p>Convencio\u0301n Internacional sobre los Derechos del Nin\u0303o (1989).<\/p>\n<\/li>\n<li>\n<p>Convencio\u0301n sobre la Eliminacio\u0301n de todas las Formas de Discriminacio\u0301n contra la Mujer-CEDAW (1979).<\/p>\n<\/li>\n<li>\n<p>Declaracio\u0301n sobre la Eliminacio\u0301n de la Discriminacio\u0301n contra la Mujer (1967).<\/p>\n<\/li>\n<li>\n<p>Declaracio\u0301n sobre la Eliminacio\u0301n de la Violencia contra la Mujer (1993).<\/p>\n<\/li>\n<li>\n<p>Declaracio\u0301n sobre los Principios Fundamentales de Justicia para Vi\u0301ctimas de Delitos y Abuso de Poder (1985).<\/p>\n<\/li>\n<li>\n<p>Declaracio\u0301n sobre Orientacio\u0301n Sexual e Identidad de Ge\u0301nero de la ONU (2008).<\/p>\n<\/li>\n<li>\n<p>Declaracio\u0301n Universal de los Derechos Humanos (1948).<\/p>\n<\/li>\n<li>\n<p>Declaracio\u0301n y Plataforma de Accio\u0301n de Beijing (1995).<\/p>\n<\/li>\n<li>\n<p>Declaracio\u0301n y Programa de Accio\u0301n de Viena (1993).<\/p>\n<\/li>\n<li>\n<p>Directrices sobre la Justicia en Asuntos Concernientes a los Nin\u0303os Vi\u0301ctimas y Testigos de Delitos (2005).<\/p>\n<\/li>\n<li>\n<p>Estatuto de Roma (1998).<\/p>\n<\/li>\n<li>\n<p>Gui\u0301as de Santiago sobre Proteccio\u0301n de Vi\u0301ctimas y Testigos (2008).<\/p>\n<\/li>\n<li>\n<p>Observacio\u0301n General No.13 Derecho del Nin\u0303o a no ser Objeto de Ninguna Forma de Violencia (2011).<\/p>\n<\/li>\n<li>\n<p>Pacto Internacional de Derechos Civiles y Poli\u0301ticos (1966).<\/p>\n<\/li>\n<li>\n<p>Pacto Internacional de Derechos Econo\u0301micos, Sociales y Culturales (1966).<\/p>\n<\/li>\n<li>\n<p>Principios de Yogyakarta (2006).<\/p>\n<\/li>\n<li>\n<p>Principios y Directrices de las Naciones Unidas sobre el Acceso a la Asistencia Juri\u0301dica en los Sistemas de Justicia Penal (2012).<\/p>\n<\/li>\n<li>\n<p>Protocolo Facultativo de la Convencio\u0301n sobre la Eliminacio\u0301n de Todas Formas de Discriminacio\u0301n Contra la Mujer (1999).<\/p>\n<\/li>\n<li>\n<p>Recomendacio\u0301n General No. 31 del Comite\u0301 para la Eliminacio\u0301n de la Discriminacio\u0301n contra la Mujer y observacio\u0301n general nu\u0301m. 18 del Comite\u0301 de los Derechos del Nin\u0303o sobre las pra\u0301cticas nocivas, adoptadas de manera conjunta (2014).<\/p>\n<\/li>\n<li>\n<p>Recomendacio\u0301n General No. 33 del Comite\u0301 para la Eliminacio\u0301n de la Discriminacio\u0301n <span style=\"font-size: 16px;\">Contra la Mujer sobre el acceso de las mujeres a la justicia (2015).<\/span><\/p>\n<\/li>\n<li>\n<p><span style=\"font-size: 16px;\">Recomendacio\u0301n General No. 35 del Comite\u0301 para la Eliminacio\u0301n de la Discriminacio\u0301n Contra la Mujer sobre la violencia por razo\u0301n de ge\u0301nero contra la mujer, por la que <\/span><span style=\"font-size: 16px;\">se actualiza la Recomendacio\u0301n General No. 19 (2017).<\/span><\/p>\n<\/li>\n<li>\n<p><span style=\"font-size: 16px;\">Reglas de Bangkok para el tratamiento de las reclusas y medidas no privativas de <\/span><span style=\"font-size: 16px;\">libertad para las mujeres delincuentes (2011).<\/span><\/p>\n<\/li>\n<li>\n<p><span style=\"font-size: 16px;\">Reglas de Brasilia sobre Acceso a la Justicia de las Personas en Condicio\u0301n de <\/span><span style=\"font-size: 16px;\">Vulnerabilidad (2008).<\/span><\/p>\n<\/li>\n<\/ul>\n<\/div>\n<\/div>\n<\/div>\n<\/div>\n<\/div><\/div>\n<\/div>\n<\/div>\n<\/div>\n<\/div>\n<\/div>\n<\/div>\n<\/section>\n<section class=\"elementor-section elementor-top-section elementor-element elementor-element-6ef045d elementor-section-boxed elementor-section-height-default elementor-section-height-default\" data-id=\"6ef045d\" data-element_type=\"section\">\n<div class=\"elementor-container elementor-column-gap-default\">\n<div class=\"elementor-row\">\n<div class=\"elementor-column elementor-col-100 elementor-top-column elementor-element elementor-element-b211b2c\" data-id=\"b211b2c\" data-element_type=\"column\">\n<div class=\"elementor-column-wrap elementor-element-populated\">\n<div class=\"elementor-widget-wrap\">\n<div class=\"elementor-element elementor-element-1ad3931 elementor-widget elementor-widget-heading\" data-id=\"1ad3931\" data-element_type=\"widget\" data-widget_type=\"heading.default\">\n<div class=\"elementor-widget-container\">\n<h2 class=\"elementor-heading-title elementor-size-default\">JURISPRUDENCIA INTERNACIONAL<\/h2>\n<\/div>\n<\/div>\n<\/div>\n<\/div>\n<\/div>\n<\/div>\n<\/div>\n<\/section>\n<section class=\"elementor-section elementor-top-section elementor-element elementor-element-f4d3ee0 elementor-section-boxed elementor-section-height-default elementor-section-height-default\" data-id=\"f4d3ee0\" data-element_type=\"section\">\n<div class=\"elementor-container elementor-column-gap-default\">\n<div class=\"elementor-row\">\n<div class=\"elementor-column elementor-col-100 elementor-top-column elementor-element elementor-element-c30aa5b\" data-id=\"c30aa5b\" data-element_type=\"column\">\n<div class=\"elementor-column-wrap elementor-element-populated\">\n<div class=\"elementor-widget-wrap\">\n<div class=\"elementor-element elementor-element-75d9de8 elementor-widget elementor-widget-text-editor\" data-id=\"75d9de8\" data-element_type=\"widget\" data-widget_type=\"text-editor.default\">\n<div class=\"elementor-widget-container\">\n<div class=\"elementor-text-editor elementor-clearfix\">\n<div class=\"page\" title=\"Page 257\">\n<div class=\"section\">\n<div class=\"layoutArea\">\n<div class=\"column\">\n<ul>\n<li>\n<p>Solucio\u0301n Amistosa MZ Bolivia (2008).<\/p>\n<\/li>\n<li>\n<p>Caso IV Vs. Bolivia (2018).<\/p>\n<\/li>\n<li>\n<p>Caso \u201cCampo Algodonero\u201d Gonza\u0301les Vs. Me\u0301xico (2009).<\/p>\n<\/li>\n<li>\n<p>Caso Rosendo Cantu\u0301 y otra Vs. Me\u0301xico (2015).<\/p>\n<\/li>\n<li>\n<p>Caso V.R.P., V.P.C. y otros Vs. Nicaragua (2018).<\/p>\n<\/li>\n<li>\n<p>Caso Ferna\u0301ndez Ortega y otros Vs. Me\u0301xico (2019).<\/p>\n<\/li>\n<li>\n<p>Caso Jessica Lenahan (Gonzales) y otros Vs. Estados Unidos (2011).<\/p>\n<\/li>\n<li>\n<p>Caso S\u0327ahide Goekce (fallecida) vs. Austria (2007).<\/p>\n<\/li>\n<li>\n<p>Caso V.K. vs. Bulgaria (2011).<\/p>\n<\/li>\n<li>\n<p>Caso L.C. Vs. Peru\u0301 (2011).<\/p>\n<\/li>\n<li>\n<p>Caso L.N.P. Vs. Argentina (2011).<\/p>\n<\/li>\n<li>\n<p>Caso de los \u201cNin\u0303os de la Calle\u201d (Villagra\u0301n Morales y otros) Vs. Guatemala.<\/p>\n<\/li>\n<\/ul>\n<\/div>\n<\/div>\n<\/div>\n<\/div>\n<\/div><\/div>\n<\/div>\n<\/div>\n<\/div>\n<\/div>\n<\/div>\n<\/div>\n<\/section>\n<section class=\"elementor-section elementor-top-section elementor-element elementor-element-0ce319f elementor-section-boxed elementor-section-height-default elementor-section-height-default\" data-id=\"0ce319f\" data-element_type=\"section\">\n<div class=\"elementor-container elementor-column-gap-default\">\n<div class=\"elementor-row\">\n<div class=\"elementor-column elementor-col-100 elementor-top-column elementor-element elementor-element-73f53bf\" data-id=\"73f53bf\" data-element_type=\"column\">\n<div class=\"elementor-column-wrap elementor-element-populated\">\n<div class=\"elementor-widget-wrap\">\n<div class=\"elementor-element elementor-element-9ebf85c elementor-widget elementor-widget-heading\" data-id=\"9ebf85c\" data-element_type=\"widget\" data-widget_type=\"heading.default\">\n<div class=\"elementor-widget-container\">\n<h2 class=\"elementor-heading-title elementor-size-default\">LIBROS<\/h2>\n<\/div>\n<\/div>\n<\/div>\n<\/div>\n<\/div>\n<\/div>\n<\/div>\n<\/section>\n<section class=\"elementor-section elementor-top-section elementor-element elementor-element-98275e7 elementor-section-boxed elementor-section-height-default elementor-section-height-default\" data-id=\"98275e7\" data-element_type=\"section\">\n<div class=\"elementor-container elementor-column-gap-default\">\n<div class=\"elementor-row\">\n<div class=\"elementor-column elementor-col-100 elementor-top-column elementor-element elementor-element-8a08f65\" data-id=\"8a08f65\" data-element_type=\"column\">\n<div class=\"elementor-column-wrap elementor-element-populated\">\n<div class=\"elementor-widget-wrap\">\n<div class=\"elementor-element elementor-element-02afc82 elementor-widget elementor-widget-text-editor\" data-id=\"02afc82\" data-element_type=\"widget\" data-widget_type=\"text-editor.default\">\n<div class=\"elementor-widget-container\">\n<div class=\"elementor-text-editor elementor-clearfix\">\n<div class=\"page\" title=\"Page 257\">\n<div class=\"section\">\n<div class=\"layoutArea\">\n<div class=\"column\">\n<ul>\n<li>\n<p>Alianza Libres sin Violencia. 2018. Informe de Cumplimiento del Esta\u0301ndar de la Debida Diligencia en la Atencio\u0301n a Mujeres en Situacio\u0301n de Violencia. La Paz, Bolivia.<\/p>\n<\/li>\n<li>\n<p>Baya\u0301 M. 2013. Acceso a la Justicia para Mujeres en Situacio\u0301n de Violencia. CDH. La Paz, Bolivia.<\/p>\n<\/li>\n<li>\n<p>Baya\u0301 M. Claros M, Zambrana F. 2014. Gui\u0301a de Preguntas Frecuentes sobre la Ley Integral para Garantizar a las Mujeres una Vida Libre de Violencia. CDH. La Paz, Bolivia.<\/p>\n<\/li>\n<li>\n<p>Baya\u0301 M. 2015. Feminicidio en Bolivia. Acceso a la Justicia y Desafios del Estado en Bolivia. Alianza por la Solidaridad. La Paz, Bolivia.<\/p>\n<\/li>\n<li>\n<p>CEJIL y Ministerio Pu\u0301blico Fiscal de la CABA. 2013. La debida diligencia en la actuacio\u0301n del Ministerio Pu\u0301blico Fiscal en casos de violencia de ge\u0301nero. Bs. As. Argentina.<\/p>\n<\/li>\n<li>\n<p>DPLF. 2014. Digesto de jurisprudencia latinoamericana sobre derechos de las vi\u0301ctimas. Washinton DC.<\/p>\n<\/li>\n<li>\n<p>Oficina del Alto Comisionado de las Naciones Unidas para los Derechos Humanos en Guatemala \u2013OACNUDH. 2015. Herramienta para la incorporacio\u0301n del enfoque de derechos humanos y la perspectiva de ge\u0301nero en la elaboracio\u0301n de sentencias relativas a delitos de feminicido y otras formas de violencia contra las mujeres.<\/p>\n<div class=\"page\" title=\"Page 258\">\n<div class=\"section\">\n<div class=\"layoutArea\">\n<div class=\"column\">\u00a0<\/div>\n<\/div>\n<\/div>\n<\/div>\n<\/li>\n<\/ul>\n<\/div>\n<\/div>\n<\/div>\n<\/div>\n<\/div><\/div>\n<\/div>\n<\/div>\n<\/div>\n<\/div>\n<\/div>\n<\/div>\n<\/section><\/div>\n<\/div>\n<\/div>\n<\/div>\t\t<\/div>\n\t\t\t\t<\/article>\n\t\t\t\t<article class=\"elementor-post elementor-grid-item post-4126 post type-post status-publish format-standard hentry category-protocolo-sepmud\">\n\t\t\t\t<div class=\"elementor-post__text\">\n\t\t<div class=\"elementor-post__content\"><style>.elementor-4126 .elementor-element.elementor-element-a91743b .elementor-heading-title{color:#31B7BC;font-family:\"Viga\", Sans-serif;font-size:35px;font-weight:600;}.elementor-4126 .elementor-element.elementor-element-a91743b > .elementor-widget-container{margin:0% 5% 0% 0%;}<\/style>\n<div data-elementor-type=\"wp-post\" data-elementor-id=\"4126\" class=\"elementor elementor-4126\" data-elementor-settings=\"[]\">\n<div class=\"elementor-inner\">\n<div class=\"elementor-section-wrap\">\n<section class=\"elementor-section elementor-top-section elementor-element elementor-element-96813e5 elementor-section-boxed elementor-section-height-default elementor-section-height-default\" data-id=\"96813e5\" data-element_type=\"section\">\n<div class=\"elementor-container elementor-column-gap-default\">\n<div class=\"elementor-row\">\n<div class=\"elementor-column elementor-col-100 elementor-top-column elementor-element elementor-element-e6ca073\" data-id=\"e6ca073\" data-element_type=\"column\">\n<div class=\"elementor-column-wrap elementor-element-populated\">\n<div class=\"elementor-widget-wrap\">\n<div class=\"elementor-element elementor-element-a91743b elementor-widget elementor-widget-theme-post-title elementor-page-title elementor-widget-heading\" data-id=\"a91743b\" data-element_type=\"widget\" data-widget_type=\"theme-post-title.default\">\n<div class=\"elementor-widget-container\">\n<h1 class=\"elementor-heading-title elementor-size-default\">ANEXOS<\/h1>\n<\/div>\n<\/div>\n<\/div>\n<\/div>\n<\/div>\n<\/div>\n<\/div>\n<\/section>\n<section class=\"elementor-section elementor-top-section elementor-element elementor-element-d84cc32 elementor-section-boxed elementor-section-height-default elementor-section-height-default\" data-id=\"d84cc32\" data-element_type=\"section\">\n<div class=\"elementor-container elementor-column-gap-default\">\n<div class=\"elementor-row\">\n<div class=\"elementor-column elementor-col-100 elementor-top-column elementor-element elementor-element-32e07d8\" data-id=\"32e07d8\" data-element_type=\"column\">\n<div class=\"elementor-column-wrap elementor-element-populated\">\n<div class=\"elementor-widget-wrap\">\n<div class=\"elementor-element elementor-element-2998ff8 elementor-widget elementor-widget-pdf_viewer\" data-id=\"2998ff8\" data-element_type=\"widget\" data-widget_type=\"pdf_viewer.default\">\n<div class=\"elementor-widget-container\">\n\t\t\t<iframe src=\"https:\/\/docs.google.com\/viewer?url=http:\/\/alvi.centrojuanaazurduy.org\/wp-content\/uploads\/2021\/05\/Anexos_PROTOCOLO-2020-SEPMUD.pdf&amp;embedded=true\" style=\"display: block; margin-left: auto; margin-right: auto; width: 640px; height: 795px;\" frameborder=\"1\" marginheight=\"0px\" marginwidth=\"0px\" allowfullscreen><\/iframe>\t\t<\/div>\n<\/div>\n<\/div>\n<\/div>\n<\/div>\n<\/div>\n<\/div>\n<\/section><\/div>\n<\/div>\n<\/div>\n<\/div>\t\t<\/div>\n\t\t\t\t<\/article>\n\t\t\t\t<\/div>\n\t\t\t\t<\/div>\n\t\t\t\t<\/div>\n\t\t\t\t\t\t<\/div>\n\t\t\t\t\t<\/div>\n\t\t<\/div>\n\t\t\t\t\t\t\t\t<\/div>\n\t\t\t\t\t<\/div>\n\t\t<\/section>\n\t\t\t\t\t\t<\/div>\n\t\t\t\t\t\t<\/div>\n\t\t\t\t\t<\/div>\n\t\t","protected":false},"excerpt":{"rendered":"<p>Protocolo Interinstitucional para la Atenci\u00f3n y Protecci\u00f3n a Ni\u00f1as, Ni\u00f1os, Adolescentes y Mujeres V\u00edctimas de Violencia. Contenido<\/p>\n","protected":false},"author":1,"featured_media":0,"parent":0,"menu_order":0,"comment_status":"closed","ping_status":"closed","template":"","meta":{"footnotes":""},"class_list":["post-3285","page","type-page","status-publish","hentry"],"_links":{"self":[{"href":"https:\/\/alvi.centrojuanaazurduy.org\/index.php\/wp-json\/wp\/v2\/pages\/3285","targetHints":{"allow":["GET"]}}],"collection":[{"href":"https:\/\/alvi.centrojuanaazurduy.org\/index.php\/wp-json\/wp\/v2\/pages"}],"about":[{"href":"https:\/\/alvi.centrojuanaazurduy.org\/index.php\/wp-json\/wp\/v2\/types\/page"}],"author":[{"embeddable":true,"href":"https:\/\/alvi.centrojuanaazurduy.org\/index.php\/wp-json\/wp\/v2\/users\/1"}],"replies":[{"embeddable":true,"href":"https:\/\/alvi.centrojuanaazurduy.org\/index.php\/wp-json\/wp\/v2\/comments?post=3285"}],"version-history":[{"count":3,"href":"https:\/\/alvi.centrojuanaazurduy.org\/index.php\/wp-json\/wp\/v2\/pages\/3285\/revisions"}],"predecessor-version":[{"id":3938,"href":"https:\/\/alvi.centrojuanaazurduy.org\/index.php\/wp-json\/wp\/v2\/pages\/3285\/revisions\/3938"}],"wp:attachment":[{"href":"https:\/\/alvi.centrojuanaazurduy.org\/index.php\/wp-json\/wp\/v2\/media?parent=3285"}],"curies":[{"name":"wp","href":"https:\/\/api.w.org\/{rel}","templated":true}]}}